{"id":408,"date":"2025-11-05T11:35:27","date_gmt":"2025-11-05T10:35:27","guid":{"rendered":"https:\/\/www.abf.se\/aros\/?page_id=408"},"modified":"2025-11-07T11:18:04","modified_gmt":"2025-11-07T10:18:04","slug":"kurser-annat-kul","status":"publish","type":"page","link":"https:\/\/www.abf.se\/aros\/kurser-annat-kul\/","title":{"rendered":"Kurser: Annat kul"},"content":{"rendered":"<div\n    class=\"acf-plain-heading-block container my-16\"\n    data-block=\"plain-heading-block\"\n>\n    <div class=\"max-w-[658px] mx-auto\">\n                <h1 class=\"hero-heading\"><span>Kurser: Annat kul!<\/span><\/h1>\n                    <\/div>\n<\/div>\n<form id=\"CourseSearch\" action=\"https:\/\/www.abf.se\/aros\/kurs-sok\/\" hx-boost=\"true\" hx-target=\"#search-results\" hx-replace-url=\"false\" hx-headers='{\"HX-Action\": \"render_search\"}'>\n    \n            <div class=\"container mb-8\">\n            <div id=\"search-results\">\n                <div class=\"mb-6\">\n    \n    <div class=\"flex flex-col gap-4 md:gap-0 md:flex-row\">\n        <div class=\"inline-flex justify-between md:justify-start items-start gap-2\">\n            <input type=\"hidden\" id=\"type\" name=\"type\" value=\"course\">\n            <a href=\"\/aros\/wp-json\/wp\/v2\/pages\/408?type=course&#038;history%5B0%5D=1&#038;category%5B0%5D=10&#038;category%5B1%5D=11&#038;category%5B2%5D=6&#038;category%5B3%5D=12&#038;category%5B4%5D=15\" class=\"py-3 px-[26px] rounded-3xl border border-red-dark font-medium text-white bg-red-dark\" href=\"\">Kurser (6)<\/a>\n            <a href=\"\/aros\/wp-json\/wp\/v2\/pages\/408?type=event&#038;history%5B0%5D=1&#038;category%5B0%5D=10&#038;category%5B1%5D=11&#038;category%5B2%5D=6&#038;category%5B3%5D=12&#038;category%5B4%5D=15\" class=\"py-3 px-[26px] rounded-3xl border border-red-dark font-medium text-red-dark bg-white\" href=\"\">Evenemang (13)<\/a>\n        <\/div>\n        <div class=\"inline-flex items-center align-center justify-end self-center ml-auto gap-7\">\n            <input type=\"hidden\" name=\"lat\" value=\"\" disabled>\n            <input type=\"hidden\" name=\"lon\" value=\"\" disabled>\n            <div>\n                <select name=\"sort\" class=\"InputField-minimal-select\" data-sort-dropdown aria-label=\"V\u00e4lj sortering f\u00f6r resultaten\">\n                    <option value=\"\"  selected  disabled>Sortera efter<\/option>\n                                    <\/select>\n            <\/div>\n\n                        <div class=\"hidden md:flex flex-row items-center gap-2\">\n                <a href=\"\/aros\/wp-json\/wp\/v2\/pages\/408?type%5B0%5D=course&amp;history%5B0%5D=1&amp;category%5B0%5D=10&amp;category%5B1%5D=11&amp;category%5B2%5D=6&amp;category%5B3%5D=12&amp;category%5B4%5D=15&amp;display=grid\" class=\"[&#038;_svg]:fill-red-dark\">\n                    <span class=\"sr-only\">\n                        Visa resultaten i ett rutn\u00e4t\n                    <\/span>\n                    <svg width=\"18\" height=\"18\" viewBox=\"0 0 18 18\" fill=\"none\" xmlns=\"http:\/\/www.w3.org\/2000\/svg\">\n<rect x=\"11\" width=\"7\" height=\"7\" rx=\"2\" fill=\"\"\/>\n<rect width=\"7\" height=\"7\" rx=\"2\" fill=\"\"\/>\n<rect x=\"11\" y=\"11\" width=\"7\" height=\"7\" rx=\"2\" fill=\"\"\/>\n<rect y=\"11\" width=\"7\" height=\"7\" rx=\"2\" fill=\"\"\/>\n<\/svg>\n<\/a>\n                <a href=\"\/aros\/wp-json\/wp\/v2\/pages\/408?type%5B0%5D=course&amp;history%5B0%5D=1&amp;category%5B0%5D=10&amp;category%5B1%5D=11&amp;category%5B2%5D=6&amp;category%5B3%5D=12&amp;category%5B4%5D=15&amp;display=list\" class=\"[&#038;_svg]:stroke-gray\">\n                    <span class=\"sr-only\">\n                        Visa resultaten som en lista\n                    <\/span>\n                    <svg width=\"32\" height=\"32\" viewBox=\"0 0 32 32\" fill=\"none\" xmlns=\"http:\/\/www.w3.org\/2000\/svg\">\n<path d=\"M12 8.5H27\" stroke-width=\"3\" stroke-linecap=\"round\" stroke-linejoin=\"round\"\/>\n<path d=\"M12 16H26.9992\" stroke-width=\"3\" stroke-linecap=\"round\" stroke-linejoin=\"round\"\/>\n<path d=\"M12 23.5H26.9992\" stroke-width=\"3\" stroke-linecap=\"round\" stroke-linejoin=\"round\"\/>\n<path d=\"M5 8.5H7\" stroke-width=\"3\" stroke-linecap=\"round\" stroke-linejoin=\"round\"\/>\n<path d=\"M5 16H6.99923\" stroke-width=\"3\" stroke-linecap=\"round\" stroke-linejoin=\"round\"\/>\n<path d=\"M5 23.5H6.99923\" stroke-width=\"3\" stroke-linecap=\"round\" stroke-linejoin=\"round\"\/>\n<\/svg>\n<\/a>\n            <\/div>\n        <\/div>\n    <\/div>\n<\/div>\n<div>\n    <div hx-boost=\"false\">\n        <div class=\"grid grid-cols-1 gap-x-4 gap-y-8 sm:grid-cols-2 md:grid-cols-3 mb-8\">\n            \n        <article class=\"CourseCard realtive group\">\n            <div\n            class=\"label-md border-teal bg-teal text-white absolute right-[-7px] top-[-10px] rounded-[44px] border px-[6px] py-[3px]\">\n            Fullbokad &#8211; st\u00e4ll dig i k\u00f6\n        <\/div>\n    \n    <div class=\"CourseCard-container\">\n                    <figure class=\"CourseCard-image\">\n                                <picture><img decoding=\"async\" src=\"https:\/\/www.abf.se\/aros\/resized\/?url=https%3A%2F%2Fwww.abf.se%2Fwp-content%2Fuploads%2Fsites%2F71%2F2026%2F02%2Ffonster.jpg&#038;fit=crop&#038;w=368&#038;s=d0cd25eeb5cebef0b1b3221f1475ab2b\" srcset=\"https:\/\/www.abf.se\/aros\/resized\/?url=https%3A%2F%2Fwww.abf.se%2Fwp-content%2Fuploads%2Fsites%2F71%2F2026%2F02%2Ffonster.jpg&#038;fit=crop&#038;w=48&#038;h=180&#038;s=a19f047165d492ee9606a988e4aef206 48w, https:\/\/www.abf.se\/aros\/resized\/?url=https%3A%2F%2Fwww.abf.se%2Fwp-content%2Fuploads%2Fsites%2F71%2F2026%2F02%2Ffonster.jpg&#038;fit=crop&#038;w=72&#038;h=180&#038;s=9cc52a74b7d01b70a58fe30dba645baf 72w, https:\/\/www.abf.se\/aros\/resized\/?url=https%3A%2F%2Fwww.abf.se%2Fwp-content%2Fuploads%2Fsites%2F71%2F2026%2F02%2Ffonster.jpg&#038;fit=crop&#038;w=96&#038;h=180&#038;s=57477f3dd481de2bd662d2973a3d050a 96w, https:\/\/www.abf.se\/aros\/resized\/?url=https%3A%2F%2Fwww.abf.se%2Fwp-content%2Fuploads%2Fsites%2F71%2F2026%2F02%2Ffonster.jpg&#038;fit=crop&#038;w=120&#038;h=180&#038;s=db4f3415f56b1e95c794df22baa65083 120w, https:\/\/www.abf.se\/aros\/resized\/?url=https%3A%2F%2Fwww.abf.se%2Fwp-content%2Fuploads%2Fsites%2F71%2F2026%2F02%2Ffonster.jpg&#038;fit=crop&#038;w=144&#038;h=180&#038;s=66229c02e0e227b9133ebdf203dcffd3 144w, https:\/\/www.abf.se\/aros\/resized\/?url=https%3A%2F%2Fwww.abf.se%2Fwp-content%2Fuploads%2Fsites%2F71%2F2026%2F02%2Ffonster.jpg&#038;fit=crop&#038;w=168&#038;h=180&#038;s=c3ea65fd3531b813fa50f8704f6f3026 168w, https:\/\/www.abf.se\/aros\/resized\/?url=https%3A%2F%2Fwww.abf.se%2Fwp-content%2Fuploads%2Fsites%2F71%2F2026%2F02%2Ffonster.jpg&#038;fit=crop&#038;w=192&#038;h=180&#038;s=4b7900dbc857bcf1b17bb1e5f23ca2f1 192w, https:\/\/www.abf.se\/aros\/resized\/?url=https%3A%2F%2Fwww.abf.se%2Fwp-content%2Fuploads%2Fsites%2F71%2F2026%2F02%2Ffonster.jpg&#038;fit=crop&#038;w=216&#038;h=180&#038;s=8a2521f63dd006c7e5678b6e9b6b31cc 216w, https:\/\/www.abf.se\/aros\/resized\/?url=https%3A%2F%2Fwww.abf.se%2Fwp-content%2Fuploads%2Fsites%2F71%2F2026%2F02%2Ffonster.jpg&#038;fit=crop&#038;w=240&#038;h=180&#038;s=7b099db5fdd1640cc4d4097ecf294485 240w, https:\/\/www.abf.se\/aros\/resized\/?url=https%3A%2F%2Fwww.abf.se%2Fwp-content%2Fuploads%2Fsites%2F71%2F2026%2F02%2Ffonster.jpg&#038;fit=crop&#038;w=264&#038;h=180&#038;s=688de442a432d5247bd44331b654cf2b 264w, https:\/\/www.abf.se\/aros\/resized\/?url=https%3A%2F%2Fwww.abf.se%2Fwp-content%2Fuploads%2Fsites%2F71%2F2026%2F02%2Ffonster.jpg&#038;fit=crop&#038;w=288&#038;h=180&#038;s=52b7bd4720aaf4cd17e866238108aed8 288w, https:\/\/www.abf.se\/aros\/resized\/?url=https%3A%2F%2Fwww.abf.se%2Fwp-content%2Fuploads%2Fsites%2F71%2F2026%2F02%2Ffonster.jpg&#038;fit=crop&#038;w=312&#038;h=180&#038;s=89dac99d0439437ff5cf8042b7dd99bf 312w, https:\/\/www.abf.se\/aros\/resized\/?url=https%3A%2F%2Fwww.abf.se%2Fwp-content%2Fuploads%2Fsites%2F71%2F2026%2F02%2Ffonster.jpg&#038;fit=crop&#038;w=336&#038;h=180&#038;s=b087f5579634cf3e141dc5773c47e946 336w, https:\/\/www.abf.se\/aros\/resized\/?url=https%3A%2F%2Fwww.abf.se%2Fwp-content%2Fuploads%2Fsites%2F71%2F2026%2F02%2Ffonster.jpg&#038;fit=crop&#038;w=360&#038;h=180&#038;s=87de745a656cd5cceb087518af774ea2 360w, https:\/\/www.abf.se\/aros\/resized\/?url=https%3A%2F%2Fwww.abf.se%2Fwp-content%2Fuploads%2Fsites%2F71%2F2026%2F02%2Ffonster.jpg&#038;fit=crop&#038;w=368&#038;h=180&#038;s=0f2417c8308df78cadacc9cdfbf09574 368w, https:\/\/www.abf.se\/aros\/resized\/?url=https%3A%2F%2Fwww.abf.se%2Fwp-content%2Fuploads%2Fsites%2F71%2F2026%2F02%2Ffonster.jpg&#038;fit=crop&#038;w=384&#038;h=180&#038;s=0c566c55891f2d1fa6005c7ef34bd8f8 384w, https:\/\/www.abf.se\/aros\/resized\/?url=https%3A%2F%2Fwww.abf.se%2Fwp-content%2Fuploads%2Fsites%2F71%2F2026%2F02%2Ffonster.jpg&#038;fit=crop&#038;w=432&#038;h=180&#038;s=bca7715b0b4fb5031a7ff9e981ef2882 432w, https:\/\/www.abf.se\/aros\/resized\/?url=https%3A%2F%2Fwww.abf.se%2Fwp-content%2Fuploads%2Fsites%2F71%2F2026%2F02%2Ffonster.jpg&#038;fit=crop&#038;w=480&#038;h=180&#038;s=1b0770ce53965c39d0accdb9ecb59e69 480w, https:\/\/www.abf.se\/aros\/resized\/?url=https%3A%2F%2Fwww.abf.se%2Fwp-content%2Fuploads%2Fsites%2F71%2F2026%2F02%2Ffonster.jpg&#038;fit=crop&#038;w=528&#038;h=180&#038;s=d1914f83ce583f4cc20a5b7f8933d167 528w, https:\/\/www.abf.se\/aros\/resized\/?url=https%3A%2F%2Fwww.abf.se%2Fwp-content%2Fuploads%2Fsites%2F71%2F2026%2F02%2Ffonster.jpg&#038;fit=crop&#038;w=576&#038;h=180&#038;s=c8e311081cb1709f782e91220d5461af 576w, https:\/\/www.abf.se\/aros\/resized\/?url=https%3A%2F%2Fwww.abf.se%2Fwp-content%2Fuploads%2Fsites%2F71%2F2026%2F02%2Ffonster.jpg&#038;fit=crop&#038;w=624&#038;h=180&#038;s=394580aa62c9e0c37a334a02ca83afd0 624w, https:\/\/www.abf.se\/aros\/resized\/?url=https%3A%2F%2Fwww.abf.se%2Fwp-content%2Fuploads%2Fsites%2F71%2F2026%2F02%2Ffonster.jpg&#038;fit=crop&#038;w=672&#038;h=180&#038;s=d0f9d979fe17e9febb157c6fa49fc659 672w, https:\/\/www.abf.se\/aros\/resized\/?url=https%3A%2F%2Fwww.abf.se%2Fwp-content%2Fuploads%2Fsites%2F71%2F2026%2F02%2Ffonster.jpg&#038;fit=crop&#038;w=720&#038;h=180&#038;s=b8645ec490ce580fb576d27e17684c98 720w\" alt=\"\" height=\"180\" width=\"368\" sizes=\"auto, (max-width: 768px) 368px, (max-width: 1156px) 33vw, 368px\" loading=\"lazy\" fetchpriority=\"low\" \/><\/picture>\n            <\/figure>\n                <header class=\"CourseCard-header\">\n                        <h3 class=\"CourseCard-title\">\n                                    F\u00f6nsterrenoveringskurs Nickebo, grupp 2, Start 7\/5\n                            <\/h3>\n        <\/header>\n        <div class=\"CourseCard-details\">\n            <ul>\n                                    <li class=\"CourseCard-location\">\n                        <p>\n                            Plats: <strong>Karbenning Bygdecenter<br\/>Skolv\u00e4gen 6 Norberg<\/strong>\n                        <\/p>\n                    <\/li>\n                                                    <li class=\"CourseCard-gatherings\">\n                        <p>\n                            Antal tr\u00e4ffar: <strong>5<\/strong>\n                        <\/p>\n                    <\/li>\n                                \n                                    <li class=\"CourseCard-date\">\n                        <p>\n                            Start:\n                            <time datetime=\"2026-05-07\">\n                                <strong>\n                                    7 maj 2026\n                                <\/strong>\n                            <\/time>\n                        <\/p>\n                    <\/li>\n                                                    <li class=\"CourseCard-date\">\n                        <p>\n                            Tid:\n                            <strong>\n                                                                                                        <span class=\"sr-only\">\n                                        P\u00e5g\u00e5r mellan\n                                    <\/span>\n                                    <time datetime=\"18.00\">\n                                        18.00\n                                    <\/time>\n                                                                                                                                        <span aria-hidden=\"true\">&#8211;<\/span>\n                                    <span class=\"sr-only\">och<\/span>\n                                    <time datetime=\"21.00\">\n                                        21.00\n                                    <\/time>\n                                                            <\/strong>\n                        <\/p>\n                    <\/li>\n                                <li class=\"CourseCard-price\">\n                    <p>\n                        Pris: <strong>Gratis<\/strong>\n                    <\/p>\n                <\/li>\n            <\/ul>\n        <\/div>\n                <footer class=\"CourseCard-footer\">\n            <a\n                class=\"align-center text-red-dark group block flex items-center justify-end gap-2\"\n                href=\"https:\/\/www.abf.se\/aros\/kurs\/fonsterrenoveringskurs-nickebo-grupp-2-start-75-3912733\/\"\n            >\n                <span class=\"underline group-hover:no-underline expanded-hit-area\">L\u00e4s mer och anm\u00e4l dig<\/span>\n                <span\n                    class=\"bg-red-dark flex h-[38px] w-[38px] origin-center items-center justify-center rounded-full transition-transform duration-300 group-hover:scale-105\"\n                >\n                    <figure\n                        aria-hidden=\"true\"\n                        class=\"h-6 w-6 text-white\"\n                    >\n                                                    <svg width=\"20\" height=\"20\" viewBox=\"0 0 20 20\" fill=\"none\" class=\"SvgIconElement\">\n<path d=\"M4.16659 10L15.8333 10\" stroke=\"currentColor\"\/>\n<path d=\"M9.99992 4.1665L15.8333 9.99984L9.99992 15.8332\" stroke=\"currentColor\"\/>\n<\/svg>\n                                            <\/figure>\n                <\/span>\n            <\/a>\n        <\/footer>\n            <\/div>\n<\/article>\n            \n        <article class=\"CourseCard realtive group\">\n    \n    <div class=\"CourseCard-container\">\n                    <figure class=\"CourseCard-image\">\n                                <picture><img decoding=\"async\" src=\"https:\/\/www.abf.se\/aros\/resized\/?url=https%3A%2F%2Fwww.abf.se%2Fwp-content%2Fuploads%2Fsites%2F71%2F2026%2F04%2FArkitektur-1-Fagersta-scaled.jpg&#038;fit=crop&#038;w=368&#038;s=cf0e5521f970215391f56f3801cbb2ad\" srcset=\"https:\/\/www.abf.se\/aros\/resized\/?url=https%3A%2F%2Fwww.abf.se%2Fwp-content%2Fuploads%2Fsites%2F71%2F2026%2F04%2FArkitektur-1-Fagersta-scaled.jpg&#038;fit=crop&#038;w=48&#038;h=180&#038;s=afcfe4fa360e086cb7f92ab18b8bfca2 48w, https:\/\/www.abf.se\/aros\/resized\/?url=https%3A%2F%2Fwww.abf.se%2Fwp-content%2Fuploads%2Fsites%2F71%2F2026%2F04%2FArkitektur-1-Fagersta-scaled.jpg&#038;fit=crop&#038;w=72&#038;h=180&#038;s=50fff0c223a7ed3bf56f8ba23c216821 72w, https:\/\/www.abf.se\/aros\/resized\/?url=https%3A%2F%2Fwww.abf.se%2Fwp-content%2Fuploads%2Fsites%2F71%2F2026%2F04%2FArkitektur-1-Fagersta-scaled.jpg&#038;fit=crop&#038;w=96&#038;h=180&#038;s=aadf2c197381e2f6279fdcc5114b2df6 96w, https:\/\/www.abf.se\/aros\/resized\/?url=https%3A%2F%2Fwww.abf.se%2Fwp-content%2Fuploads%2Fsites%2F71%2F2026%2F04%2FArkitektur-1-Fagersta-scaled.jpg&#038;fit=crop&#038;w=120&#038;h=180&#038;s=32313e497fa5832a007a01044c6db9c2 120w, https:\/\/www.abf.se\/aros\/resized\/?url=https%3A%2F%2Fwww.abf.se%2Fwp-content%2Fuploads%2Fsites%2F71%2F2026%2F04%2FArkitektur-1-Fagersta-scaled.jpg&#038;fit=crop&#038;w=144&#038;h=180&#038;s=e692c4254a844e4490afd1a57e1e4340 144w, https:\/\/www.abf.se\/aros\/resized\/?url=https%3A%2F%2Fwww.abf.se%2Fwp-content%2Fuploads%2Fsites%2F71%2F2026%2F04%2FArkitektur-1-Fagersta-scaled.jpg&#038;fit=crop&#038;w=168&#038;h=180&#038;s=50e0ba94cb4319c546e728556b9125f0 168w, https:\/\/www.abf.se\/aros\/resized\/?url=https%3A%2F%2Fwww.abf.se%2Fwp-content%2Fuploads%2Fsites%2F71%2F2026%2F04%2FArkitektur-1-Fagersta-scaled.jpg&#038;fit=crop&#038;w=192&#038;h=180&#038;s=d08661e01b3af53d035752f87d2ed6d6 192w, https:\/\/www.abf.se\/aros\/resized\/?url=https%3A%2F%2Fwww.abf.se%2Fwp-content%2Fuploads%2Fsites%2F71%2F2026%2F04%2FArkitektur-1-Fagersta-scaled.jpg&#038;fit=crop&#038;w=216&#038;h=180&#038;s=f706c6f6d3bc48eb1bb5db7ae925a2c1 216w, https:\/\/www.abf.se\/aros\/resized\/?url=https%3A%2F%2Fwww.abf.se%2Fwp-content%2Fuploads%2Fsites%2F71%2F2026%2F04%2FArkitektur-1-Fagersta-scaled.jpg&#038;fit=crop&#038;w=240&#038;h=180&#038;s=1d4690105129823c1dea6107c4bb6389 240w, https:\/\/www.abf.se\/aros\/resized\/?url=https%3A%2F%2Fwww.abf.se%2Fwp-content%2Fuploads%2Fsites%2F71%2F2026%2F04%2FArkitektur-1-Fagersta-scaled.jpg&#038;fit=crop&#038;w=264&#038;h=180&#038;s=2947603adbbec7cb72072ad616610177 264w, https:\/\/www.abf.se\/aros\/resized\/?url=https%3A%2F%2Fwww.abf.se%2Fwp-content%2Fuploads%2Fsites%2F71%2F2026%2F04%2FArkitektur-1-Fagersta-scaled.jpg&#038;fit=crop&#038;w=288&#038;h=180&#038;s=662b784029f0f7d99fe28c14b5c18b03 288w, https:\/\/www.abf.se\/aros\/resized\/?url=https%3A%2F%2Fwww.abf.se%2Fwp-content%2Fuploads%2Fsites%2F71%2F2026%2F04%2FArkitektur-1-Fagersta-scaled.jpg&#038;fit=crop&#038;w=312&#038;h=180&#038;s=b4b0c6880bfcfee7eeed205f35d8492f 312w, https:\/\/www.abf.se\/aros\/resized\/?url=https%3A%2F%2Fwww.abf.se%2Fwp-content%2Fuploads%2Fsites%2F71%2F2026%2F04%2FArkitektur-1-Fagersta-scaled.jpg&#038;fit=crop&#038;w=336&#038;h=180&#038;s=106f920c612b98c6045baa8008719ae9 336w, https:\/\/www.abf.se\/aros\/resized\/?url=https%3A%2F%2Fwww.abf.se%2Fwp-content%2Fuploads%2Fsites%2F71%2F2026%2F04%2FArkitektur-1-Fagersta-scaled.jpg&#038;fit=crop&#038;w=360&#038;h=180&#038;s=ad1ba79c6ad28dffddf09e470cebcbd5 360w, https:\/\/www.abf.se\/aros\/resized\/?url=https%3A%2F%2Fwww.abf.se%2Fwp-content%2Fuploads%2Fsites%2F71%2F2026%2F04%2FArkitektur-1-Fagersta-scaled.jpg&#038;fit=crop&#038;w=368&#038;h=180&#038;s=6872b0f88968d7fb759942fa261cb6e5 368w, https:\/\/www.abf.se\/aros\/resized\/?url=https%3A%2F%2Fwww.abf.se%2Fwp-content%2Fuploads%2Fsites%2F71%2F2026%2F04%2FArkitektur-1-Fagersta-scaled.jpg&#038;fit=crop&#038;w=384&#038;h=180&#038;s=fe6a7bc68e529470f0d0bcc8c0e5d7a9 384w, https:\/\/www.abf.se\/aros\/resized\/?url=https%3A%2F%2Fwww.abf.se%2Fwp-content%2Fuploads%2Fsites%2F71%2F2026%2F04%2FArkitektur-1-Fagersta-scaled.jpg&#038;fit=crop&#038;w=432&#038;h=180&#038;s=cb85caec3161d9b1af7f0db844257de1 432w, https:\/\/www.abf.se\/aros\/resized\/?url=https%3A%2F%2Fwww.abf.se%2Fwp-content%2Fuploads%2Fsites%2F71%2F2026%2F04%2FArkitektur-1-Fagersta-scaled.jpg&#038;fit=crop&#038;w=480&#038;h=180&#038;s=43ee0e8f905cabdd33786d4c59c9b411 480w, https:\/\/www.abf.se\/aros\/resized\/?url=https%3A%2F%2Fwww.abf.se%2Fwp-content%2Fuploads%2Fsites%2F71%2F2026%2F04%2FArkitektur-1-Fagersta-scaled.jpg&#038;fit=crop&#038;w=528&#038;h=180&#038;s=697a385754cb3455e53f71338ade6b1d 528w, https:\/\/www.abf.se\/aros\/resized\/?url=https%3A%2F%2Fwww.abf.se%2Fwp-content%2Fuploads%2Fsites%2F71%2F2026%2F04%2FArkitektur-1-Fagersta-scaled.jpg&#038;fit=crop&#038;w=576&#038;h=180&#038;s=a4209b1351351bf324f4a8a9e5dd93ba 576w, https:\/\/www.abf.se\/aros\/resized\/?url=https%3A%2F%2Fwww.abf.se%2Fwp-content%2Fuploads%2Fsites%2F71%2F2026%2F04%2FArkitektur-1-Fagersta-scaled.jpg&#038;fit=crop&#038;w=624&#038;h=180&#038;s=15c7812889fddfb2e71cad1cfdd4d59a 624w, https:\/\/www.abf.se\/aros\/resized\/?url=https%3A%2F%2Fwww.abf.se%2Fwp-content%2Fuploads%2Fsites%2F71%2F2026%2F04%2FArkitektur-1-Fagersta-scaled.jpg&#038;fit=crop&#038;w=672&#038;h=180&#038;s=9fbe6be9c10a1363c91ed0d4280350a0 672w, https:\/\/www.abf.se\/aros\/resized\/?url=https%3A%2F%2Fwww.abf.se%2Fwp-content%2Fuploads%2Fsites%2F71%2F2026%2F04%2FArkitektur-1-Fagersta-scaled.jpg&#038;fit=crop&#038;w=720&#038;h=180&#038;s=84a677b06992289e233722e1728321e7 720w\" alt=\"\" height=\"180\" width=\"368\" sizes=\"auto, (max-width: 768px) 368px, (max-width: 1156px) 33vw, 368px\" loading=\"lazy\" fetchpriority=\"low\" \/><\/picture>\n            <\/figure>\n                <header class=\"CourseCard-header\">\n                        <h3 class=\"CourseCard-title\">\n                                    NYHET! Arkitektur 1 &#8211; Fagersta\n                            <\/h3>\n        <\/header>\n        <div class=\"CourseCard-details\">\n            <ul>\n                                    <li class=\"CourseCard-location\">\n                        <p>\n                            Plats: <strong>ABF Huset Fagersta<br\/>V\u00e4stmannav\u00e4gen 23 Fagersta<\/strong>\n                        <\/p>\n                    <\/li>\n                                                    <li class=\"CourseCard-gatherings\">\n                        <p>\n                            Antal tr\u00e4ffar: <strong>7<\/strong>\n                        <\/p>\n                    <\/li>\n                                \n                                    <li class=\"CourseCard-date\">\n                        <p>\n                            Start:\n                            <time datetime=\"2026-09-02\">\n                                <strong>\n                                    2 september 2026\n                                <\/strong>\n                            <\/time>\n                        <\/p>\n                    <\/li>\n                                                    <li class=\"CourseCard-date\">\n                        <p>\n                            Tid:\n                            <strong>\n                                                                                                        <span class=\"sr-only\">\n                                        P\u00e5g\u00e5r mellan\n                                    <\/span>\n                                    <time datetime=\"17.00\">\n                                        17.00\n                                    <\/time>\n                                                                                                                                        <span aria-hidden=\"true\">&#8211;<\/span>\n                                    <span class=\"sr-only\">och<\/span>\n                                    <time datetime=\"19.15\">\n                                        19.15\n                                    <\/time>\n                                                            <\/strong>\n                        <\/p>\n                    <\/li>\n                                <li class=\"CourseCard-price\">\n                    <p>\n                        Pris: <strong>1899:-<\/strong>\n                    <\/p>\n                <\/li>\n            <\/ul>\n        <\/div>\n                <footer class=\"CourseCard-footer\">\n            <a\n                class=\"align-center text-red-dark group block flex items-center justify-end gap-2\"\n                href=\"https:\/\/www.abf.se\/aros\/kurs\/arkitektur-1-ht-2026-fagersta-3924583\/\"\n            >\n                <span class=\"underline group-hover:no-underline expanded-hit-area\">L\u00e4s mer och anm\u00e4l dig<\/span>\n                <span\n                    class=\"bg-red-dark flex h-[38px] w-[38px] origin-center items-center justify-center rounded-full transition-transform duration-300 group-hover:scale-105\"\n                >\n                    <figure\n                        aria-hidden=\"true\"\n                        class=\"h-6 w-6 text-white\"\n                    >\n                                                    <svg width=\"20\" height=\"20\" viewBox=\"0 0 20 20\" fill=\"none\" class=\"SvgIconElement\">\n<path d=\"M4.16659 10L15.8333 10\" stroke=\"currentColor\"\/>\n<path d=\"M9.99992 4.1665L15.8333 9.99984L9.99992 15.8332\" stroke=\"currentColor\"\/>\n<\/svg>\n                                            <\/figure>\n                <\/span>\n            <\/a>\n        <\/footer>\n            <\/div>\n<\/article>\n            \n        <article class=\"CourseCard realtive group\">\n    \n    <div class=\"CourseCard-container\">\n                    <figure class=\"CourseCard-image\">\n                                <picture><img decoding=\"async\" src=\"https:\/\/www.abf.se\/aros\/resized\/?url=https%3A%2F%2Fwww.abf.se%2Fwp-content%2Fuploads%2Fsites%2F71%2F2026%2F04%2Fvad-hande-med-arbetarklassen-om-svek-makt-och-ojamlikhet-i-sverige.jpg&#038;fit=crop&#038;w=368&#038;s=806a50f5ad640bd9356813cf6ec6db54\" srcset=\"https:\/\/www.abf.se\/aros\/resized\/?url=https%3A%2F%2Fwww.abf.se%2Fwp-content%2Fuploads%2Fsites%2F71%2F2026%2F04%2Fvad-hande-med-arbetarklassen-om-svek-makt-och-ojamlikhet-i-sverige.jpg&#038;fit=crop&#038;w=48&#038;h=180&#038;s=7a60c8e35ffa915a9e3a857cd47e130e 48w, https:\/\/www.abf.se\/aros\/resized\/?url=https%3A%2F%2Fwww.abf.se%2Fwp-content%2Fuploads%2Fsites%2F71%2F2026%2F04%2Fvad-hande-med-arbetarklassen-om-svek-makt-och-ojamlikhet-i-sverige.jpg&#038;fit=crop&#038;w=72&#038;h=180&#038;s=7bac6b9dddad6b7ff6f28b880bf2e62c 72w, https:\/\/www.abf.se\/aros\/resized\/?url=https%3A%2F%2Fwww.abf.se%2Fwp-content%2Fuploads%2Fsites%2F71%2F2026%2F04%2Fvad-hande-med-arbetarklassen-om-svek-makt-och-ojamlikhet-i-sverige.jpg&#038;fit=crop&#038;w=96&#038;h=180&#038;s=9e90aabd0fa144e91eb1ea4af9c7d275 96w, https:\/\/www.abf.se\/aros\/resized\/?url=https%3A%2F%2Fwww.abf.se%2Fwp-content%2Fuploads%2Fsites%2F71%2F2026%2F04%2Fvad-hande-med-arbetarklassen-om-svek-makt-och-ojamlikhet-i-sverige.jpg&#038;fit=crop&#038;w=120&#038;h=180&#038;s=84a9ea520cb332812be3217322d382a1 120w, https:\/\/www.abf.se\/aros\/resized\/?url=https%3A%2F%2Fwww.abf.se%2Fwp-content%2Fuploads%2Fsites%2F71%2F2026%2F04%2Fvad-hande-med-arbetarklassen-om-svek-makt-och-ojamlikhet-i-sverige.jpg&#038;fit=crop&#038;w=144&#038;h=180&#038;s=f7b752e15c9cdae47042b5b28bb1f70c 144w, https:\/\/www.abf.se\/aros\/resized\/?url=https%3A%2F%2Fwww.abf.se%2Fwp-content%2Fuploads%2Fsites%2F71%2F2026%2F04%2Fvad-hande-med-arbetarklassen-om-svek-makt-och-ojamlikhet-i-sverige.jpg&#038;fit=crop&#038;w=168&#038;h=180&#038;s=c89aa62c0f13d3df47da5978734dcc52 168w, https:\/\/www.abf.se\/aros\/resized\/?url=https%3A%2F%2Fwww.abf.se%2Fwp-content%2Fuploads%2Fsites%2F71%2F2026%2F04%2Fvad-hande-med-arbetarklassen-om-svek-makt-och-ojamlikhet-i-sverige.jpg&#038;fit=crop&#038;w=192&#038;h=180&#038;s=c5e1a5a124cb095b063e56dfb4f35eaf 192w, https:\/\/www.abf.se\/aros\/resized\/?url=https%3A%2F%2Fwww.abf.se%2Fwp-content%2Fuploads%2Fsites%2F71%2F2026%2F04%2Fvad-hande-med-arbetarklassen-om-svek-makt-och-ojamlikhet-i-sverige.jpg&#038;fit=crop&#038;w=216&#038;h=180&#038;s=ad19a5e327a824420b7bd65590f19e2a 216w, https:\/\/www.abf.se\/aros\/resized\/?url=https%3A%2F%2Fwww.abf.se%2Fwp-content%2Fuploads%2Fsites%2F71%2F2026%2F04%2Fvad-hande-med-arbetarklassen-om-svek-makt-och-ojamlikhet-i-sverige.jpg&#038;fit=crop&#038;w=240&#038;h=180&#038;s=911c56f7a21c30a218e5e1427ffb8fb4 240w, https:\/\/www.abf.se\/aros\/resized\/?url=https%3A%2F%2Fwww.abf.se%2Fwp-content%2Fuploads%2Fsites%2F71%2F2026%2F04%2Fvad-hande-med-arbetarklassen-om-svek-makt-och-ojamlikhet-i-sverige.jpg&#038;fit=crop&#038;w=264&#038;h=180&#038;s=c5828f1285b2a66cfeddaf1ad8689ba8 264w, https:\/\/www.abf.se\/aros\/resized\/?url=https%3A%2F%2Fwww.abf.se%2Fwp-content%2Fuploads%2Fsites%2F71%2F2026%2F04%2Fvad-hande-med-arbetarklassen-om-svek-makt-och-ojamlikhet-i-sverige.jpg&#038;fit=crop&#038;w=288&#038;h=180&#038;s=d3c9c415c9e277fef949cafead08a1cc 288w, https:\/\/www.abf.se\/aros\/resized\/?url=https%3A%2F%2Fwww.abf.se%2Fwp-content%2Fuploads%2Fsites%2F71%2F2026%2F04%2Fvad-hande-med-arbetarklassen-om-svek-makt-och-ojamlikhet-i-sverige.jpg&#038;fit=crop&#038;w=312&#038;h=180&#038;s=f2fd6705ed769d00e7ed3cc07959fe3c 312w, https:\/\/www.abf.se\/aros\/resized\/?url=https%3A%2F%2Fwww.abf.se%2Fwp-content%2Fuploads%2Fsites%2F71%2F2026%2F04%2Fvad-hande-med-arbetarklassen-om-svek-makt-och-ojamlikhet-i-sverige.jpg&#038;fit=crop&#038;w=336&#038;h=180&#038;s=bd98113987b08dd88a83c9b734a68c8c 336w, https:\/\/www.abf.se\/aros\/resized\/?url=https%3A%2F%2Fwww.abf.se%2Fwp-content%2Fuploads%2Fsites%2F71%2F2026%2F04%2Fvad-hande-med-arbetarklassen-om-svek-makt-och-ojamlikhet-i-sverige.jpg&#038;fit=crop&#038;w=360&#038;h=180&#038;s=c88e17a7457201806a6b10feb20bfea9 360w, https:\/\/www.abf.se\/aros\/resized\/?url=https%3A%2F%2Fwww.abf.se%2Fwp-content%2Fuploads%2Fsites%2F71%2F2026%2F04%2Fvad-hande-med-arbetarklassen-om-svek-makt-och-ojamlikhet-i-sverige.jpg&#038;fit=crop&#038;w=368&#038;h=180&#038;s=c7a66d9111d33f7ce120b19bf2b6c10b 368w, https:\/\/www.abf.se\/aros\/resized\/?url=https%3A%2F%2Fwww.abf.se%2Fwp-content%2Fuploads%2Fsites%2F71%2F2026%2F04%2Fvad-hande-med-arbetarklassen-om-svek-makt-och-ojamlikhet-i-sverige.jpg&#038;fit=crop&#038;w=384&#038;h=180&#038;s=15ac43efb80512e149c3dea6b267e3c2 384w, https:\/\/www.abf.se\/aros\/resized\/?url=https%3A%2F%2Fwww.abf.se%2Fwp-content%2Fuploads%2Fsites%2F71%2F2026%2F04%2Fvad-hande-med-arbetarklassen-om-svek-makt-och-ojamlikhet-i-sverige.jpg&#038;fit=crop&#038;w=432&#038;h=180&#038;s=a44d0e5e0a2826d1d3e85be6f3f199a0 432w, https:\/\/www.abf.se\/aros\/resized\/?url=https%3A%2F%2Fwww.abf.se%2Fwp-content%2Fuploads%2Fsites%2F71%2F2026%2F04%2Fvad-hande-med-arbetarklassen-om-svek-makt-och-ojamlikhet-i-sverige.jpg&#038;fit=crop&#038;w=480&#038;h=180&#038;s=1d21122440d1e3c00747d30148eab9b6 480w, https:\/\/www.abf.se\/aros\/resized\/?url=https%3A%2F%2Fwww.abf.se%2Fwp-content%2Fuploads%2Fsites%2F71%2F2026%2F04%2Fvad-hande-med-arbetarklassen-om-svek-makt-och-ojamlikhet-i-sverige.jpg&#038;fit=crop&#038;w=528&#038;h=180&#038;s=075eb88aea2c92afc2785737eced20b7 528w, https:\/\/www.abf.se\/aros\/resized\/?url=https%3A%2F%2Fwww.abf.se%2Fwp-content%2Fuploads%2Fsites%2F71%2F2026%2F04%2Fvad-hande-med-arbetarklassen-om-svek-makt-och-ojamlikhet-i-sverige.jpg&#038;fit=crop&#038;w=576&#038;h=180&#038;s=52ddf1676cc6a814509b3c0363f7a67f 576w, https:\/\/www.abf.se\/aros\/resized\/?url=https%3A%2F%2Fwww.abf.se%2Fwp-content%2Fuploads%2Fsites%2F71%2F2026%2F04%2Fvad-hande-med-arbetarklassen-om-svek-makt-och-ojamlikhet-i-sverige.jpg&#038;fit=crop&#038;w=624&#038;h=180&#038;s=56460c6847f0d2f2a87bff82abff408e 624w, https:\/\/www.abf.se\/aros\/resized\/?url=https%3A%2F%2Fwww.abf.se%2Fwp-content%2Fuploads%2Fsites%2F71%2F2026%2F04%2Fvad-hande-med-arbetarklassen-om-svek-makt-och-ojamlikhet-i-sverige.jpg&#038;fit=crop&#038;w=672&#038;h=180&#038;s=06a168e63426591a48a71e4b14cf2841 672w, https:\/\/www.abf.se\/aros\/resized\/?url=https%3A%2F%2Fwww.abf.se%2Fwp-content%2Fuploads%2Fsites%2F71%2F2026%2F04%2Fvad-hande-med-arbetarklassen-om-svek-makt-och-ojamlikhet-i-sverige.jpg&#038;fit=crop&#038;w=720&#038;h=180&#038;s=c8eef588b1e0c192ad0c42f5f669384c 720w\" alt=\"\" height=\"180\" width=\"368\" sizes=\"auto, (max-width: 768px) 368px, (max-width: 1156px) 33vw, 368px\" loading=\"lazy\" fetchpriority=\"low\" \/><\/picture>\n            <\/figure>\n                <header class=\"CourseCard-header\">\n                        <h3 class=\"CourseCard-title\">\n                                    NYHET! Bokcirkel &quot;Vad h\u00e4nde med arbetarklassen?&quot; &#8211; Uppsala\n                            <\/h3>\n        <\/header>\n        <div class=\"CourseCard-details\">\n            <ul>\n                                    <li class=\"CourseCard-location\">\n                        <p>\n                            Plats: <strong>ABF-huset Uppsala<br\/>S:t Persgatan 22B Uppsala<\/strong>\n                        <\/p>\n                    <\/li>\n                                                    <li class=\"CourseCard-gatherings\">\n                        <p>\n                            Antal tr\u00e4ffar: <strong>5<\/strong>\n                        <\/p>\n                    <\/li>\n                                \n                                    <li class=\"CourseCard-date\">\n                        <p>\n                            Start:\n                            <time datetime=\"2026-09-16\">\n                                <strong>\n                                    16 september 2026\n                                <\/strong>\n                            <\/time>\n                        <\/p>\n                    <\/li>\n                                                    <li class=\"CourseCard-date\">\n                        <p>\n                            Tid:\n                            <strong>\n                                                                                                        <span class=\"sr-only\">\n                                        P\u00e5g\u00e5r mellan\n                                    <\/span>\n                                    <time datetime=\"17.30\">\n                                        17.30\n                                    <\/time>\n                                                                                                                                        <span aria-hidden=\"true\">&#8211;<\/span>\n                                    <span class=\"sr-only\">och<\/span>\n                                    <time datetime=\"19.45\">\n                                        19.45\n                                    <\/time>\n                                                            <\/strong>\n                        <\/p>\n                    <\/li>\n                                <li class=\"CourseCard-price\">\n                    <p>\n                        Pris: <strong>829:-<\/strong>\n                    <\/p>\n                <\/li>\n            <\/ul>\n        <\/div>\n                <footer class=\"CourseCard-footer\">\n            <a\n                class=\"align-center text-red-dark group block flex items-center justify-end gap-2\"\n                href=\"https:\/\/www.abf.se\/aros\/kurs\/bokcirkel-vad-hande-med-arbetarklassen-ht-2026-uppsala-3923807\/\"\n            >\n                <span class=\"underline group-hover:no-underline expanded-hit-area\">L\u00e4s mer och anm\u00e4l dig<\/span>\n                <span\n                    class=\"bg-red-dark flex h-[38px] w-[38px] origin-center items-center justify-center rounded-full transition-transform duration-300 group-hover:scale-105\"\n                >\n                    <figure\n                        aria-hidden=\"true\"\n                        class=\"h-6 w-6 text-white\"\n                    >\n                                                    <svg width=\"20\" height=\"20\" viewBox=\"0 0 20 20\" fill=\"none\" class=\"SvgIconElement\">\n<path d=\"M4.16659 10L15.8333 10\" stroke=\"currentColor\"\/>\n<path d=\"M9.99992 4.1665L15.8333 9.99984L9.99992 15.8332\" stroke=\"currentColor\"\/>\n<\/svg>\n                                            <\/figure>\n                <\/span>\n            <\/a>\n        <\/footer>\n            <\/div>\n<\/article>\n            \n        <article class=\"CourseCard realtive group\">\n    \n    <div class=\"CourseCard-container\">\n                    <figure class=\"CourseCard-image\">\n                                <picture><img decoding=\"async\" src=\"https:\/\/www.abf.se\/aros\/resized\/?url=https%3A%2F%2Fwww.abf.se%2Fwp-content%2Fuploads%2F2024%2F04%2FHistoria-Slaktforskning-02.jpg&#038;fit=crop&#038;w=368&#038;s=1711fa88af23b02130e5b82bfb351474\" srcset=\"https:\/\/www.abf.se\/aros\/resized\/?url=https%3A%2F%2Fwww.abf.se%2Fwp-content%2Fuploads%2F2024%2F04%2FHistoria-Slaktforskning-02.jpg&#038;fit=crop&#038;w=48&#038;h=180&#038;s=44eb34ce48ed44e16c05b599f612512f 48w, https:\/\/www.abf.se\/aros\/resized\/?url=https%3A%2F%2Fwww.abf.se%2Fwp-content%2Fuploads%2F2024%2F04%2FHistoria-Slaktforskning-02.jpg&#038;fit=crop&#038;w=72&#038;h=180&#038;s=57b66ec434a8e0bddb4f0f725a0d3a3f 72w, https:\/\/www.abf.se\/aros\/resized\/?url=https%3A%2F%2Fwww.abf.se%2Fwp-content%2Fuploads%2F2024%2F04%2FHistoria-Slaktforskning-02.jpg&#038;fit=crop&#038;w=96&#038;h=180&#038;s=1ea45d1c1930472025fbd98a2c98d22d 96w, https:\/\/www.abf.se\/aros\/resized\/?url=https%3A%2F%2Fwww.abf.se%2Fwp-content%2Fuploads%2F2024%2F04%2FHistoria-Slaktforskning-02.jpg&#038;fit=crop&#038;w=120&#038;h=180&#038;s=4024e73bddb3d28a199c453a51199ba7 120w, https:\/\/www.abf.se\/aros\/resized\/?url=https%3A%2F%2Fwww.abf.se%2Fwp-content%2Fuploads%2F2024%2F04%2FHistoria-Slaktforskning-02.jpg&#038;fit=crop&#038;w=144&#038;h=180&#038;s=cd4a20c79a3095352004ac0a951cac38 144w, https:\/\/www.abf.se\/aros\/resized\/?url=https%3A%2F%2Fwww.abf.se%2Fwp-content%2Fuploads%2F2024%2F04%2FHistoria-Slaktforskning-02.jpg&#038;fit=crop&#038;w=168&#038;h=180&#038;s=63b52693dbdf30467e99565e1c863358 168w, https:\/\/www.abf.se\/aros\/resized\/?url=https%3A%2F%2Fwww.abf.se%2Fwp-content%2Fuploads%2F2024%2F04%2FHistoria-Slaktforskning-02.jpg&#038;fit=crop&#038;w=192&#038;h=180&#038;s=3c17468865bfde89ebdc7d93eae61382 192w, https:\/\/www.abf.se\/aros\/resized\/?url=https%3A%2F%2Fwww.abf.se%2Fwp-content%2Fuploads%2F2024%2F04%2FHistoria-Slaktforskning-02.jpg&#038;fit=crop&#038;w=216&#038;h=180&#038;s=cd6fd3094e2fab8f27e795bb4b200505 216w, https:\/\/www.abf.se\/aros\/resized\/?url=https%3A%2F%2Fwww.abf.se%2Fwp-content%2Fuploads%2F2024%2F04%2FHistoria-Slaktforskning-02.jpg&#038;fit=crop&#038;w=240&#038;h=180&#038;s=7562f3a7e169d29505e67c0453b0a6de 240w, https:\/\/www.abf.se\/aros\/resized\/?url=https%3A%2F%2Fwww.abf.se%2Fwp-content%2Fuploads%2F2024%2F04%2FHistoria-Slaktforskning-02.jpg&#038;fit=crop&#038;w=264&#038;h=180&#038;s=de82d2bb731717c12fd14c3a13c9a18e 264w, https:\/\/www.abf.se\/aros\/resized\/?url=https%3A%2F%2Fwww.abf.se%2Fwp-content%2Fuploads%2F2024%2F04%2FHistoria-Slaktforskning-02.jpg&#038;fit=crop&#038;w=288&#038;h=180&#038;s=75db0d12cc6f41c8d19c3d4eea5087e1 288w, https:\/\/www.abf.se\/aros\/resized\/?url=https%3A%2F%2Fwww.abf.se%2Fwp-content%2Fuploads%2F2024%2F04%2FHistoria-Slaktforskning-02.jpg&#038;fit=crop&#038;w=312&#038;h=180&#038;s=dee861ca3ae8ee4befc768da3c11b960 312w, https:\/\/www.abf.se\/aros\/resized\/?url=https%3A%2F%2Fwww.abf.se%2Fwp-content%2Fuploads%2F2024%2F04%2FHistoria-Slaktforskning-02.jpg&#038;fit=crop&#038;w=336&#038;h=180&#038;s=ae18ac482d9f40a5290007249623cba4 336w, https:\/\/www.abf.se\/aros\/resized\/?url=https%3A%2F%2Fwww.abf.se%2Fwp-content%2Fuploads%2F2024%2F04%2FHistoria-Slaktforskning-02.jpg&#038;fit=crop&#038;w=360&#038;h=180&#038;s=791a04592a3afdc258b2e06e5dc6f572 360w, https:\/\/www.abf.se\/aros\/resized\/?url=https%3A%2F%2Fwww.abf.se%2Fwp-content%2Fuploads%2F2024%2F04%2FHistoria-Slaktforskning-02.jpg&#038;fit=crop&#038;w=368&#038;h=180&#038;s=54ab5a08173f21dbe7ebc8f343de5ecd 368w, https:\/\/www.abf.se\/aros\/resized\/?url=https%3A%2F%2Fwww.abf.se%2Fwp-content%2Fuploads%2F2024%2F04%2FHistoria-Slaktforskning-02.jpg&#038;fit=crop&#038;w=384&#038;h=180&#038;s=bba4d9961cd8163f3a74b4db712a17c0 384w, https:\/\/www.abf.se\/aros\/resized\/?url=https%3A%2F%2Fwww.abf.se%2Fwp-content%2Fuploads%2F2024%2F04%2FHistoria-Slaktforskning-02.jpg&#038;fit=crop&#038;w=432&#038;h=180&#038;s=642ac35b5584662ffab035897b7e28c9 432w, https:\/\/www.abf.se\/aros\/resized\/?url=https%3A%2F%2Fwww.abf.se%2Fwp-content%2Fuploads%2F2024%2F04%2FHistoria-Slaktforskning-02.jpg&#038;fit=crop&#038;w=480&#038;h=180&#038;s=e98ed416abc30eb15d7c5eca6179d08c 480w, https:\/\/www.abf.se\/aros\/resized\/?url=https%3A%2F%2Fwww.abf.se%2Fwp-content%2Fuploads%2F2024%2F04%2FHistoria-Slaktforskning-02.jpg&#038;fit=crop&#038;w=528&#038;h=180&#038;s=c08f7f7d8b00dc1d6624d0558baea3c9 528w, https:\/\/www.abf.se\/aros\/resized\/?url=https%3A%2F%2Fwww.abf.se%2Fwp-content%2Fuploads%2F2024%2F04%2FHistoria-Slaktforskning-02.jpg&#038;fit=crop&#038;w=576&#038;h=180&#038;s=1c305a7769c1bfb5c9d220389dcf6484 576w, https:\/\/www.abf.se\/aros\/resized\/?url=https%3A%2F%2Fwww.abf.se%2Fwp-content%2Fuploads%2F2024%2F04%2FHistoria-Slaktforskning-02.jpg&#038;fit=crop&#038;w=624&#038;h=180&#038;s=afc2c521d06d565ef425e3fac095d010 624w, https:\/\/www.abf.se\/aros\/resized\/?url=https%3A%2F%2Fwww.abf.se%2Fwp-content%2Fuploads%2F2024%2F04%2FHistoria-Slaktforskning-02.jpg&#038;fit=crop&#038;w=672&#038;h=180&#038;s=7d81234b204c7d6354128f264221ee9a 672w, https:\/\/www.abf.se\/aros\/resized\/?url=https%3A%2F%2Fwww.abf.se%2Fwp-content%2Fuploads%2F2024%2F04%2FHistoria-Slaktforskning-02.jpg&#038;fit=crop&#038;w=720&#038;h=180&#038;s=6071eadb757375f0007759cd43f5bd6e 720w\" alt=\"\" height=\"180\" width=\"368\" sizes=\"auto, (max-width: 768px) 368px, (max-width: 1156px) 33vw, 368px\" loading=\"lazy\" fetchpriority=\"low\" \/><\/picture>\n            <\/figure>\n                <header class=\"CourseCard-header\">\n                        <h3 class=\"CourseCard-title\">\n                                    Sl\u00e4ktforskning &#8211; V\u00e4ster\u00e5s\n                            <\/h3>\n        <\/header>\n        <div class=\"CourseCard-details\">\n            <ul>\n                                    <li class=\"CourseCard-location\">\n                        <p>\n                            Plats: <strong>V\u00e4ster\u00e5s Folkh\u00f6gskola<br\/>Kristinagatan 12 V\u00e4ster\u00e5s<\/strong>\n                        <\/p>\n                    <\/li>\n                                                    <li class=\"CourseCard-gatherings\">\n                        <p>\n                            Antal tr\u00e4ffar: <strong>6<\/strong>\n                        <\/p>\n                    <\/li>\n                                \n                                    <li class=\"CourseCard-date\">\n                        <p>\n                            Start:\n                            <time datetime=\"2026-09-22\">\n                                <strong>\n                                    22 september 2026\n                                <\/strong>\n                            <\/time>\n                        <\/p>\n                    <\/li>\n                                                    <li class=\"CourseCard-date\">\n                        <p>\n                            Tid:\n                            <strong>\n                                                                                                        <span class=\"sr-only\">\n                                        P\u00e5g\u00e5r mellan\n                                    <\/span>\n                                    <time datetime=\"18.00\">\n                                        18.00\n                                    <\/time>\n                                                                                                                                        <span aria-hidden=\"true\">&#8211;<\/span>\n                                    <span class=\"sr-only\">och<\/span>\n                                    <time datetime=\"20.15\">\n                                        20.15\n                                    <\/time>\n                                                            <\/strong>\n                        <\/p>\n                    <\/li>\n                                <li class=\"CourseCard-price\">\n                    <p>\n                        Pris: <strong>1499:-<\/strong>\n                    <\/p>\n                <\/li>\n            <\/ul>\n        <\/div>\n                <footer class=\"CourseCard-footer\">\n            <a\n                class=\"align-center text-red-dark group block flex items-center justify-end gap-2\"\n                href=\"https:\/\/www.abf.se\/aros\/kurs\/slaktforskning-ht-26-vasteras-3924235\/\"\n            >\n                <span class=\"underline group-hover:no-underline expanded-hit-area\">L\u00e4s mer och anm\u00e4l dig<\/span>\n                <span\n                    class=\"bg-red-dark flex h-[38px] w-[38px] origin-center items-center justify-center rounded-full transition-transform duration-300 group-hover:scale-105\"\n                >\n                    <figure\n                        aria-hidden=\"true\"\n                        class=\"h-6 w-6 text-white\"\n                    >\n                                                    <svg width=\"20\" height=\"20\" viewBox=\"0 0 20 20\" fill=\"none\" class=\"SvgIconElement\">\n<path d=\"M4.16659 10L15.8333 10\" stroke=\"currentColor\"\/>\n<path d=\"M9.99992 4.1665L15.8333 9.99984L9.99992 15.8332\" stroke=\"currentColor\"\/>\n<\/svg>\n                                            <\/figure>\n                <\/span>\n            <\/a>\n        <\/footer>\n            <\/div>\n<\/article>\n            \n        <article class=\"CourseCard realtive group\">\n    \n    <div class=\"CourseCard-container\">\n                    <figure class=\"CourseCard-image\">\n                                <picture><img decoding=\"async\" src=\"https:\/\/www.abf.se\/aros\/resized\/?url=https%3A%2F%2Fwww.abf.se%2Fwp-content%2Fuploads%2Fsites%2F71%2F2025%2F11%2Fistockphoto-1135821920-612x612-poesi.jpg&#038;fit=crop&#038;w=368&#038;s=59c4e7b1f50b80e3df4136802eaf9d84\" srcset=\"https:\/\/www.abf.se\/aros\/resized\/?url=https%3A%2F%2Fwww.abf.se%2Fwp-content%2Fuploads%2Fsites%2F71%2F2025%2F11%2Fistockphoto-1135821920-612x612-poesi.jpg&#038;fit=crop&#038;w=48&#038;h=180&#038;s=087e187dab31e67b5dd98ffb7e526cf2 48w, https:\/\/www.abf.se\/aros\/resized\/?url=https%3A%2F%2Fwww.abf.se%2Fwp-content%2Fuploads%2Fsites%2F71%2F2025%2F11%2Fistockphoto-1135821920-612x612-poesi.jpg&#038;fit=crop&#038;w=72&#038;h=180&#038;s=c418cca32ce3dc755c4dac397bb47f0b 72w, https:\/\/www.abf.se\/aros\/resized\/?url=https%3A%2F%2Fwww.abf.se%2Fwp-content%2Fuploads%2Fsites%2F71%2F2025%2F11%2Fistockphoto-1135821920-612x612-poesi.jpg&#038;fit=crop&#038;w=96&#038;h=180&#038;s=f3037ac099a2bde5cef83f195df23be3 96w, https:\/\/www.abf.se\/aros\/resized\/?url=https%3A%2F%2Fwww.abf.se%2Fwp-content%2Fuploads%2Fsites%2F71%2F2025%2F11%2Fistockphoto-1135821920-612x612-poesi.jpg&#038;fit=crop&#038;w=120&#038;h=180&#038;s=2a60fe3ba9b764f0fa597c74b9252f1a 120w, https:\/\/www.abf.se\/aros\/resized\/?url=https%3A%2F%2Fwww.abf.se%2Fwp-content%2Fuploads%2Fsites%2F71%2F2025%2F11%2Fistockphoto-1135821920-612x612-poesi.jpg&#038;fit=crop&#038;w=144&#038;h=180&#038;s=351e9ea994c4f4a8d85d4f95757fab1c 144w, https:\/\/www.abf.se\/aros\/resized\/?url=https%3A%2F%2Fwww.abf.se%2Fwp-content%2Fuploads%2Fsites%2F71%2F2025%2F11%2Fistockphoto-1135821920-612x612-poesi.jpg&#038;fit=crop&#038;w=168&#038;h=180&#038;s=499ff4d3fe84ea8297b0f84cdd1f7f9c 168w, https:\/\/www.abf.se\/aros\/resized\/?url=https%3A%2F%2Fwww.abf.se%2Fwp-content%2Fuploads%2Fsites%2F71%2F2025%2F11%2Fistockphoto-1135821920-612x612-poesi.jpg&#038;fit=crop&#038;w=192&#038;h=180&#038;s=beefdaff04d84ec11bc38761635d62f1 192w, https:\/\/www.abf.se\/aros\/resized\/?url=https%3A%2F%2Fwww.abf.se%2Fwp-content%2Fuploads%2Fsites%2F71%2F2025%2F11%2Fistockphoto-1135821920-612x612-poesi.jpg&#038;fit=crop&#038;w=216&#038;h=180&#038;s=a35cd9c2bcc46cb8edffc048bf1f6b3d 216w, https:\/\/www.abf.se\/aros\/resized\/?url=https%3A%2F%2Fwww.abf.se%2Fwp-content%2Fuploads%2Fsites%2F71%2F2025%2F11%2Fistockphoto-1135821920-612x612-poesi.jpg&#038;fit=crop&#038;w=240&#038;h=180&#038;s=b6be92af674af71bf8aebccb20a03865 240w, https:\/\/www.abf.se\/aros\/resized\/?url=https%3A%2F%2Fwww.abf.se%2Fwp-content%2Fuploads%2Fsites%2F71%2F2025%2F11%2Fistockphoto-1135821920-612x612-poesi.jpg&#038;fit=crop&#038;w=264&#038;h=180&#038;s=cc86165ae3bb54ea190c2905321b5aed 264w, https:\/\/www.abf.se\/aros\/resized\/?url=https%3A%2F%2Fwww.abf.se%2Fwp-content%2Fuploads%2Fsites%2F71%2F2025%2F11%2Fistockphoto-1135821920-612x612-poesi.jpg&#038;fit=crop&#038;w=288&#038;h=180&#038;s=2b2f371900a959e8e87e46ef1b5851df 288w, https:\/\/www.abf.se\/aros\/resized\/?url=https%3A%2F%2Fwww.abf.se%2Fwp-content%2Fuploads%2Fsites%2F71%2F2025%2F11%2Fistockphoto-1135821920-612x612-poesi.jpg&#038;fit=crop&#038;w=312&#038;h=180&#038;s=81b38265cf83d48061e55c4674ca45fe 312w, https:\/\/www.abf.se\/aros\/resized\/?url=https%3A%2F%2Fwww.abf.se%2Fwp-content%2Fuploads%2Fsites%2F71%2F2025%2F11%2Fistockphoto-1135821920-612x612-poesi.jpg&#038;fit=crop&#038;w=336&#038;h=180&#038;s=e8153d4222309eb80068db227435d490 336w, https:\/\/www.abf.se\/aros\/resized\/?url=https%3A%2F%2Fwww.abf.se%2Fwp-content%2Fuploads%2Fsites%2F71%2F2025%2F11%2Fistockphoto-1135821920-612x612-poesi.jpg&#038;fit=crop&#038;w=360&#038;h=180&#038;s=b6a1d7e0b70cf40245e1be64ea670ca0 360w, https:\/\/www.abf.se\/aros\/resized\/?url=https%3A%2F%2Fwww.abf.se%2Fwp-content%2Fuploads%2Fsites%2F71%2F2025%2F11%2Fistockphoto-1135821920-612x612-poesi.jpg&#038;fit=crop&#038;w=368&#038;h=180&#038;s=1ac0c568608a3853d98a204fb6d7d610 368w, https:\/\/www.abf.se\/aros\/resized\/?url=https%3A%2F%2Fwww.abf.se%2Fwp-content%2Fuploads%2Fsites%2F71%2F2025%2F11%2Fistockphoto-1135821920-612x612-poesi.jpg&#038;fit=crop&#038;w=384&#038;h=180&#038;s=2fb2a3d897998b5bceef67ade13f0f26 384w, https:\/\/www.abf.se\/aros\/resized\/?url=https%3A%2F%2Fwww.abf.se%2Fwp-content%2Fuploads%2Fsites%2F71%2F2025%2F11%2Fistockphoto-1135821920-612x612-poesi.jpg&#038;fit=crop&#038;w=432&#038;h=180&#038;s=6640e6b1ff93dc0dbd7aa8723e5eab32 432w, https:\/\/www.abf.se\/aros\/resized\/?url=https%3A%2F%2Fwww.abf.se%2Fwp-content%2Fuploads%2Fsites%2F71%2F2025%2F11%2Fistockphoto-1135821920-612x612-poesi.jpg&#038;fit=crop&#038;w=480&#038;h=180&#038;s=d371fa8ab86a02b963bc65575192dda7 480w, https:\/\/www.abf.se\/aros\/resized\/?url=https%3A%2F%2Fwww.abf.se%2Fwp-content%2Fuploads%2Fsites%2F71%2F2025%2F11%2Fistockphoto-1135821920-612x612-poesi.jpg&#038;fit=crop&#038;w=528&#038;h=180&#038;s=f5db5c9d0a9c98eb818529cbc506235b 528w, https:\/\/www.abf.se\/aros\/resized\/?url=https%3A%2F%2Fwww.abf.se%2Fwp-content%2Fuploads%2Fsites%2F71%2F2025%2F11%2Fistockphoto-1135821920-612x612-poesi.jpg&#038;fit=crop&#038;w=576&#038;h=180&#038;s=5dbb65e10ada583d67ac3a11bdccd7ee 576w, https:\/\/www.abf.se\/aros\/resized\/?url=https%3A%2F%2Fwww.abf.se%2Fwp-content%2Fuploads%2Fsites%2F71%2F2025%2F11%2Fistockphoto-1135821920-612x612-poesi.jpg&#038;fit=crop&#038;w=624&#038;h=180&#038;s=a70862db87c38af2ae8fe76ac45deb62 624w, https:\/\/www.abf.se\/aros\/resized\/?url=https%3A%2F%2Fwww.abf.se%2Fwp-content%2Fuploads%2Fsites%2F71%2F2025%2F11%2Fistockphoto-1135821920-612x612-poesi.jpg&#038;fit=crop&#038;w=672&#038;h=180&#038;s=688b1b4cc55396db8012a6a3272578fa 672w, https:\/\/www.abf.se\/aros\/resized\/?url=https%3A%2F%2Fwww.abf.se%2Fwp-content%2Fuploads%2Fsites%2F71%2F2025%2F11%2Fistockphoto-1135821920-612x612-poesi.jpg&#038;fit=crop&#038;w=720&#038;h=180&#038;s=281a27be538edba326308e38eb2ef850 720w\" alt=\"\" height=\"180\" width=\"368\" sizes=\"auto, (max-width: 768px) 368px, (max-width: 1156px) 33vw, 368px\" loading=\"lazy\" fetchpriority=\"low\" \/><\/picture>\n            <\/figure>\n                <header class=\"CourseCard-header\">\n                        <h3 class=\"CourseCard-title\">\n                                    NYHET! Poesi &#8211; Uppsala\n                            <\/h3>\n        <\/header>\n        <div class=\"CourseCard-details\">\n            <ul>\n                                    <li class=\"CourseCard-location\">\n                        <p>\n                            Plats: <strong>ABF-huset Uppsala<br\/>S:t Persgatan 22B Uppsala<\/strong>\n                        <\/p>\n                    <\/li>\n                                                    <li class=\"CourseCard-gatherings\">\n                        <p>\n                            Antal tr\u00e4ffar: <strong>6<\/strong>\n                        <\/p>\n                    <\/li>\n                                \n                                    <li class=\"CourseCard-date\">\n                        <p>\n                            Start:\n                            <time datetime=\"2026-09-29\">\n                                <strong>\n                                    29 september 2026\n                                <\/strong>\n                            <\/time>\n                        <\/p>\n                    <\/li>\n                                                    <li class=\"CourseCard-date\">\n                        <p>\n                            Tid:\n                            <strong>\n                                                                                                        <span class=\"sr-only\">\n                                        P\u00e5g\u00e5r mellan\n                                    <\/span>\n                                    <time datetime=\"18.00\">\n                                        18.00\n                                    <\/time>\n                                                                                                                                        <span aria-hidden=\"true\">&#8211;<\/span>\n                                    <span class=\"sr-only\">och<\/span>\n                                    <time datetime=\"20.15\">\n                                        20.15\n                                    <\/time>\n                                                            <\/strong>\n                        <\/p>\n                    <\/li>\n                                <li class=\"CourseCard-price\">\n                    <p>\n                        Pris: <strong>1479:-<\/strong>\n                    <\/p>\n                <\/li>\n            <\/ul>\n        <\/div>\n                <footer class=\"CourseCard-footer\">\n            <a\n                class=\"align-center text-red-dark group block flex items-center justify-end gap-2\"\n                href=\"https:\/\/www.abf.se\/aros\/kurs\/poesi-ht-26-uppsala-3882405\/\"\n            >\n                <span class=\"underline group-hover:no-underline expanded-hit-area\">L\u00e4s mer och anm\u00e4l dig<\/span>\n                <span\n                    class=\"bg-red-dark flex h-[38px] w-[38px] origin-center items-center justify-center rounded-full transition-transform duration-300 group-hover:scale-105\"\n                >\n                    <figure\n                        aria-hidden=\"true\"\n                        class=\"h-6 w-6 text-white\"\n                    >\n                                                    <svg width=\"20\" height=\"20\" viewBox=\"0 0 20 20\" fill=\"none\" class=\"SvgIconElement\">\n<path d=\"M4.16659 10L15.8333 10\" stroke=\"currentColor\"\/>\n<path d=\"M9.99992 4.1665L15.8333 9.99984L9.99992 15.8332\" stroke=\"currentColor\"\/>\n<\/svg>\n                                            <\/figure>\n                <\/span>\n            <\/a>\n        <\/footer>\n            <\/div>\n<\/article>\n            \n        <article class=\"CourseCard realtive group\">\n    \n    <div class=\"CourseCard-container\">\n                    <figure class=\"CourseCard-image\">\n                                <picture><img decoding=\"async\" src=\"https:\/\/www.abf.se\/aros\/resized\/?url=https%3A%2F%2Fwww.abf.se%2Fwp-content%2Fuploads%2F2024%2F04%2FLitteratur-Svenska-Retorik-02.jpg&#038;fit=crop&#038;w=368&#038;s=030c7611f1232deb1df5ac8d9971c3b8\" srcset=\"https:\/\/www.abf.se\/aros\/resized\/?url=https%3A%2F%2Fwww.abf.se%2Fwp-content%2Fuploads%2F2024%2F04%2FLitteratur-Svenska-Retorik-02.jpg&#038;fit=crop&#038;w=48&#038;h=180&#038;s=11f7708a6929e18880843aebb05c95dd 48w, https:\/\/www.abf.se\/aros\/resized\/?url=https%3A%2F%2Fwww.abf.se%2Fwp-content%2Fuploads%2F2024%2F04%2FLitteratur-Svenska-Retorik-02.jpg&#038;fit=crop&#038;w=72&#038;h=180&#038;s=3da4c3d53b9a8b1b4fa555f392e2f1e0 72w, https:\/\/www.abf.se\/aros\/resized\/?url=https%3A%2F%2Fwww.abf.se%2Fwp-content%2Fuploads%2F2024%2F04%2FLitteratur-Svenska-Retorik-02.jpg&#038;fit=crop&#038;w=96&#038;h=180&#038;s=9f38f75c3260c2483dfb6ece81cad662 96w, https:\/\/www.abf.se\/aros\/resized\/?url=https%3A%2F%2Fwww.abf.se%2Fwp-content%2Fuploads%2F2024%2F04%2FLitteratur-Svenska-Retorik-02.jpg&#038;fit=crop&#038;w=120&#038;h=180&#038;s=2128d5afed1088e89f543df86337475d 120w, https:\/\/www.abf.se\/aros\/resized\/?url=https%3A%2F%2Fwww.abf.se%2Fwp-content%2Fuploads%2F2024%2F04%2FLitteratur-Svenska-Retorik-02.jpg&#038;fit=crop&#038;w=144&#038;h=180&#038;s=4b24b0c27c205edff59b8d2f7682e90f 144w, https:\/\/www.abf.se\/aros\/resized\/?url=https%3A%2F%2Fwww.abf.se%2Fwp-content%2Fuploads%2F2024%2F04%2FLitteratur-Svenska-Retorik-02.jpg&#038;fit=crop&#038;w=168&#038;h=180&#038;s=1f70655c1d8e4b6cc3ff2b7e0549ed5a 168w, https:\/\/www.abf.se\/aros\/resized\/?url=https%3A%2F%2Fwww.abf.se%2Fwp-content%2Fuploads%2F2024%2F04%2FLitteratur-Svenska-Retorik-02.jpg&#038;fit=crop&#038;w=192&#038;h=180&#038;s=42e37182b4bd325f6c6f0c3699bedcb4 192w, https:\/\/www.abf.se\/aros\/resized\/?url=https%3A%2F%2Fwww.abf.se%2Fwp-content%2Fuploads%2F2024%2F04%2FLitteratur-Svenska-Retorik-02.jpg&#038;fit=crop&#038;w=216&#038;h=180&#038;s=f33f2446206dffcb541afce8563e6c68 216w, https:\/\/www.abf.se\/aros\/resized\/?url=https%3A%2F%2Fwww.abf.se%2Fwp-content%2Fuploads%2F2024%2F04%2FLitteratur-Svenska-Retorik-02.jpg&#038;fit=crop&#038;w=240&#038;h=180&#038;s=0f03f89980087ead300e73c3405d477d 240w, https:\/\/www.abf.se\/aros\/resized\/?url=https%3A%2F%2Fwww.abf.se%2Fwp-content%2Fuploads%2F2024%2F04%2FLitteratur-Svenska-Retorik-02.jpg&#038;fit=crop&#038;w=264&#038;h=180&#038;s=149122ceef7dd87c91d3f52a432a07cd 264w, https:\/\/www.abf.se\/aros\/resized\/?url=https%3A%2F%2Fwww.abf.se%2Fwp-content%2Fuploads%2F2024%2F04%2FLitteratur-Svenska-Retorik-02.jpg&#038;fit=crop&#038;w=288&#038;h=180&#038;s=93ca3067becbd0d2b5e4b991dd848b5f 288w, https:\/\/www.abf.se\/aros\/resized\/?url=https%3A%2F%2Fwww.abf.se%2Fwp-content%2Fuploads%2F2024%2F04%2FLitteratur-Svenska-Retorik-02.jpg&#038;fit=crop&#038;w=312&#038;h=180&#038;s=7432e6a6ffc9d4c358f5a4fe5fb31f58 312w, https:\/\/www.abf.se\/aros\/resized\/?url=https%3A%2F%2Fwww.abf.se%2Fwp-content%2Fuploads%2F2024%2F04%2FLitteratur-Svenska-Retorik-02.jpg&#038;fit=crop&#038;w=336&#038;h=180&#038;s=0ef69fb331d0060da6bd647d51927933 336w, https:\/\/www.abf.se\/aros\/resized\/?url=https%3A%2F%2Fwww.abf.se%2Fwp-content%2Fuploads%2F2024%2F04%2FLitteratur-Svenska-Retorik-02.jpg&#038;fit=crop&#038;w=360&#038;h=180&#038;s=df846694f15fee378264224547df920e 360w, https:\/\/www.abf.se\/aros\/resized\/?url=https%3A%2F%2Fwww.abf.se%2Fwp-content%2Fuploads%2F2024%2F04%2FLitteratur-Svenska-Retorik-02.jpg&#038;fit=crop&#038;w=368&#038;h=180&#038;s=755e5edefd0f84e302e9c0c8eecdfa17 368w, https:\/\/www.abf.se\/aros\/resized\/?url=https%3A%2F%2Fwww.abf.se%2Fwp-content%2Fuploads%2F2024%2F04%2FLitteratur-Svenska-Retorik-02.jpg&#038;fit=crop&#038;w=384&#038;h=180&#038;s=be4121d652688b1472d163b14cad880b 384w, https:\/\/www.abf.se\/aros\/resized\/?url=https%3A%2F%2Fwww.abf.se%2Fwp-content%2Fuploads%2F2024%2F04%2FLitteratur-Svenska-Retorik-02.jpg&#038;fit=crop&#038;w=432&#038;h=180&#038;s=e4a2a5c24e77f6a93b26b454496135c7 432w, https:\/\/www.abf.se\/aros\/resized\/?url=https%3A%2F%2Fwww.abf.se%2Fwp-content%2Fuploads%2F2024%2F04%2FLitteratur-Svenska-Retorik-02.jpg&#038;fit=crop&#038;w=480&#038;h=180&#038;s=02e1acea867f74869ad2ba3bf2717785 480w, https:\/\/www.abf.se\/aros\/resized\/?url=https%3A%2F%2Fwww.abf.se%2Fwp-content%2Fuploads%2F2024%2F04%2FLitteratur-Svenska-Retorik-02.jpg&#038;fit=crop&#038;w=528&#038;h=180&#038;s=f0bfdc22b3fa8d29139112469a50fb66 528w, https:\/\/www.abf.se\/aros\/resized\/?url=https%3A%2F%2Fwww.abf.se%2Fwp-content%2Fuploads%2F2024%2F04%2FLitteratur-Svenska-Retorik-02.jpg&#038;fit=crop&#038;w=576&#038;h=180&#038;s=95ef904b98d1dbe57f854e948f4a11c1 576w, https:\/\/www.abf.se\/aros\/resized\/?url=https%3A%2F%2Fwww.abf.se%2Fwp-content%2Fuploads%2F2024%2F04%2FLitteratur-Svenska-Retorik-02.jpg&#038;fit=crop&#038;w=624&#038;h=180&#038;s=f86b6150ffe6312cb59f621c39864e2e 624w, https:\/\/www.abf.se\/aros\/resized\/?url=https%3A%2F%2Fwww.abf.se%2Fwp-content%2Fuploads%2F2024%2F04%2FLitteratur-Svenska-Retorik-02.jpg&#038;fit=crop&#038;w=672&#038;h=180&#038;s=8e871769574bab0771c101857caee8f1 672w, https:\/\/www.abf.se\/aros\/resized\/?url=https%3A%2F%2Fwww.abf.se%2Fwp-content%2Fuploads%2F2024%2F04%2FLitteratur-Svenska-Retorik-02.jpg&#038;fit=crop&#038;w=720&#038;h=180&#038;s=9c5cab2ec5536a670b9c57a77e897d9e 720w\" alt=\"\" height=\"180\" width=\"368\" sizes=\"auto, (max-width: 768px) 368px, (max-width: 1156px) 33vw, 368px\" loading=\"lazy\" fetchpriority=\"low\" \/><\/picture>\n            <\/figure>\n                <header class=\"CourseCard-header\">\n                        <h3 class=\"CourseCard-title\">\n                                    NYHET! Retorik &#8211; 5 steg till scenen &#8211; Sala HT 2026\n                            <\/h3>\n        <\/header>\n        <div class=\"CourseCard-details\">\n            <ul>\n                                    <li class=\"CourseCard-location\">\n                        <p>\n                            Plats: <strong>ABF Sala<br\/>Norra Esplanaden 14 Sala<\/strong>\n                        <\/p>\n                    <\/li>\n                                                    <li class=\"CourseCard-gatherings\">\n                        <p>\n                            Antal tr\u00e4ffar: <strong>5<\/strong>\n                        <\/p>\n                    <\/li>\n                                \n                                    <li class=\"CourseCard-date\">\n                        <p>\n                            Start:\n                            <time datetime=\"2026-10-01\">\n                                <strong>\n                                    1 oktober 2026\n                                <\/strong>\n                            <\/time>\n                        <\/p>\n                    <\/li>\n                                                    <li class=\"CourseCard-date\">\n                        <p>\n                            Tid:\n                            <strong>\n                                                                                                        <span class=\"sr-only\">\n                                        P\u00e5g\u00e5r mellan\n                                    <\/span>\n                                    <time datetime=\"18.00\">\n                                        18.00\n                                    <\/time>\n                                                                                                                                        <span aria-hidden=\"true\">&#8211;<\/span>\n                                    <span class=\"sr-only\">och<\/span>\n                                    <time datetime=\"20.15\">\n                                        20.15\n                                    <\/time>\n                                                            <\/strong>\n                        <\/p>\n                    <\/li>\n                                <li class=\"CourseCard-price\">\n                    <p>\n                        Pris: <strong>1199:-<\/strong>\n                    <\/p>\n                <\/li>\n            <\/ul>\n        <\/div>\n                <footer class=\"CourseCard-footer\">\n            <a\n                class=\"align-center text-red-dark group block flex items-center justify-end gap-2\"\n                href=\"https:\/\/www.abf.se\/aros\/kurs\/retorik-och-5-steg-till-scenen-ht-26-sala-3887807\/\"\n            >\n                <span class=\"underline group-hover:no-underline expanded-hit-area\">L\u00e4s mer och anm\u00e4l dig<\/span>\n                <span\n                    class=\"bg-red-dark flex h-[38px] w-[38px] origin-center items-center justify-center rounded-full transition-transform duration-300 group-hover:scale-105\"\n                >\n                    <figure\n                        aria-hidden=\"true\"\n                        class=\"h-6 w-6 text-white\"\n                    >\n                                                    <svg width=\"20\" height=\"20\" viewBox=\"0 0 20 20\" fill=\"none\" class=\"SvgIconElement\">\n<path d=\"M4.16659 10L15.8333 10\" stroke=\"currentColor\"\/>\n<path d=\"M9.99992 4.1665L15.8333 9.99984L9.99992 15.8332\" stroke=\"currentColor\"\/>\n<\/svg>\n                                            <\/figure>\n                <\/span>\n            <\/a>\n        <\/footer>\n            <\/div>\n<\/article>\n    <\/div>\n    <\/div>\n\n    <\/div>\n            <\/div>\n        <\/div>\n    <\/form>","protected":false},"excerpt":{"rendered":"","protected":false},"author":131,"featured_media":0,"parent":0,"menu_order":0,"comment_status":"closed","ping_status":"closed","template":"","meta":{"_acf_changed":false,"footnotes":""},"class_list":["post-408","page","type-page","status-publish","hentry"],"acf":[],"yoast_head":"<!-- This site is optimized with the Yoast SEO plugin v27.0 - https:\/\/yoast.com\/product\/yoast-seo-wordpress\/ -->\n<title>Kurser: Annat kul - Aros<\/title>\n<meta name=\"robots\" content=\"index, follow, max-snippet:-1, max-image-preview:large, max-video-preview:-1\" \/>\n<link rel=\"canonical\" href=\"https:\/\/www.abf.se\/aros\/kurser-annat-kul\/\" \/>\n<meta property=\"og:locale\" content=\"sv_SE\" \/>\n<meta property=\"og:type\" content=\"article\" \/>\n<meta property=\"og:title\" content=\"Kurser: Annat kul - Aros\" \/>\n<meta property=\"og:url\" content=\"https:\/\/www.abf.se\/aros\/kurser-annat-kul\/\" \/>\n<meta property=\"og:site_name\" content=\"Aros\" \/>\n<meta property=\"article:modified_time\" content=\"2025-11-07T10:18:04+00:00\" \/>\n<meta name=\"twitter:card\" content=\"summary_large_image\" \/>\n<script type=\"application\/ld+json\" class=\"yoast-schema-graph\">{\"@context\":\"https:\/\/schema.org\",\"@graph\":[{\"@type\":\"WebPage\",\"@id\":\"https:\/\/www.abf.se\/aros\/kurser-annat-kul\/\",\"url\":\"https:\/\/www.abf.se\/aros\/kurser-annat-kul\/\",\"name\":\"Kurser: Annat kul - Aros\",\"isPartOf\":{\"@id\":\"https:\/\/www.abf.se\/aros\/#website\"},\"datePublished\":\"2025-11-05T10:35:27+00:00\",\"dateModified\":\"2025-11-07T10:18:04+00:00\",\"breadcrumb\":{\"@id\":\"https:\/\/www.abf.se\/aros\/kurser-annat-kul\/#breadcrumb\"},\"inLanguage\":\"sv-SE\",\"potentialAction\":[{\"@type\":\"ReadAction\",\"target\":[\"https:\/\/www.abf.se\/aros\/kurser-annat-kul\/\"]}]},{\"@type\":\"BreadcrumbList\",\"@id\":\"https:\/\/www.abf.se\/aros\/kurser-annat-kul\/#breadcrumb\",\"itemListElement\":[{\"@type\":\"ListItem\",\"position\":1,\"name\":\"Home\",\"item\":\"https:\/\/www.abf.se\/aros\/\"},{\"@type\":\"ListItem\",\"position\":2,\"name\":\"Kurser: Annat kul\"}]},{\"@type\":\"WebSite\",\"@id\":\"https:\/\/www.abf.se\/aros\/#website\",\"url\":\"https:\/\/www.abf.se\/aros\/\",\"name\":\"Aros\",\"description\":\"\",\"potentialAction\":[{\"@type\":\"SearchAction\",\"target\":{\"@type\":\"EntryPoint\",\"urlTemplate\":\"https:\/\/www.abf.se\/aros\/?s={search_term_string}\"},\"query-input\":{\"@type\":\"PropertyValueSpecification\",\"valueRequired\":true,\"valueName\":\"search_term_string\"}}],\"inLanguage\":\"sv-SE\"}]}<\/script>\n<!-- \/ Yoast SEO plugin. -->","yoast_head_json":{"title":"Kurser: Annat kul - Aros","robots":{"index":"index","follow":"follow","max-snippet":"max-snippet:-1","max-image-preview":"max-image-preview:large","max-video-preview":"max-video-preview:-1"},"canonical":"https:\/\/www.abf.se\/aros\/kurser-annat-kul\/","og_locale":"sv_SE","og_type":"article","og_title":"Kurser: Annat kul - Aros","og_url":"https:\/\/www.abf.se\/aros\/kurser-annat-kul\/","og_site_name":"Aros","article_modified_time":"2025-11-07T10:18:04+00:00","twitter_card":"summary_large_image","schema":{"@context":"https:\/\/schema.org","@graph":[{"@type":"WebPage","@id":"https:\/\/www.abf.se\/aros\/kurser-annat-kul\/","url":"https:\/\/www.abf.se\/aros\/kurser-annat-kul\/","name":"Kurser: Annat kul - Aros","isPartOf":{"@id":"https:\/\/www.abf.se\/aros\/#website"},"datePublished":"2025-11-05T10:35:27+00:00","dateModified":"2025-11-07T10:18:04+00:00","breadcrumb":{"@id":"https:\/\/www.abf.se\/aros\/kurser-annat-kul\/#breadcrumb"},"inLanguage":"sv-SE","potentialAction":[{"@type":"ReadAction","target":["https:\/\/www.abf.se\/aros\/kurser-annat-kul\/"]}]},{"@type":"BreadcrumbList","@id":"https:\/\/www.abf.se\/aros\/kurser-annat-kul\/#breadcrumb","itemListElement":[{"@type":"ListItem","position":1,"name":"Home","item":"https:\/\/www.abf.se\/aros\/"},{"@type":"ListItem","position":2,"name":"Kurser: Annat kul"}]},{"@type":"WebSite","@id":"https:\/\/www.abf.se\/aros\/#website","url":"https:\/\/www.abf.se\/aros\/","name":"Aros","description":"","potentialAction":[{"@type":"SearchAction","target":{"@type":"EntryPoint","urlTemplate":"https:\/\/www.abf.se\/aros\/?s={search_term_string}"},"query-input":{"@type":"PropertyValueSpecification","valueRequired":true,"valueName":"search_term_string"}}],"inLanguage":"sv-SE"}]}},"_links":{"self":[{"href":"https:\/\/www.abf.se\/aros\/wp-json\/wp\/v2\/pages\/408","targetHints":{"allow":["GET"]}}],"collection":[{"href":"https:\/\/www.abf.se\/aros\/wp-json\/wp\/v2\/pages"}],"about":[{"href":"https:\/\/www.abf.se\/aros\/wp-json\/wp\/v2\/types\/page"}],"author":[{"embeddable":true,"href":"https:\/\/www.abf.se\/aros\/wp-json\/wp\/v2\/users\/131"}],"replies":[{"embeddable":true,"href":"https:\/\/www.abf.se\/aros\/wp-json\/wp\/v2\/comments?post=408"}],"version-history":[{"count":4,"href":"https:\/\/www.abf.se\/aros\/wp-json\/wp\/v2\/pages\/408\/revisions"}],"predecessor-version":[{"id":509,"href":"https:\/\/www.abf.se\/aros\/wp-json\/wp\/v2\/pages\/408\/revisions\/509"}],"wp:attachment":[{"href":"https:\/\/www.abf.se\/aros\/wp-json\/wp\/v2\/media?parent=408"}],"curies":[{"name":"wp","href":"https:\/\/api.w.org\/{rel}","templated":true}]}}