{"id":106,"date":"2024-02-26T13:55:28","date_gmt":"2024-02-26T13:55:28","guid":{"rendered":"https:\/\/www.abf.se\/sodra-ostra-dalarna\/?page_id=106"},"modified":"2025-08-27T14:59:56","modified_gmt":"2025-08-27T12:59:56","slug":"hedemora","status":"publish","type":"page","link":"https:\/\/www.abf.se\/dalarna\/vara-orter\/hedemora\/","title":{"rendered":"Hedemora"},"content":{"rendered":"<div\n    class=\"acf-section-breaker-text my-8 container-lg\"\n    data-block=\"section-breaker-text\"\n>\n    <div class=\"round-corners-lg overflow-hidden pt-36 pb-8 px-5 md:p-16 relative grid grid-cols-1 md:grid-cols-2 lg:grid-cols-5 grid-flow-col-dense\">\n\n            <picture class=\"as-background-image\"><img decoding=\"async\" src=\"https:\/\/www.abf.se\/dalarna\/resized\/?url=https%3A%2F%2Fwww.abf.se%2Fwp-content%2Fuploads%2Fsites%2F51%2F2024%2F08%2FFasad-scaled.jpg&#038;fit=crop&#038;w=1440&#038;s=2c49cef73562b9bb830118fec3ba84e5\" srcset=\"https:\/\/www.abf.se\/dalarna\/resized\/?url=https%3A%2F%2Fwww.abf.se%2Fwp-content%2Fuploads%2Fsites%2F51%2F2024%2F08%2FFasad-scaled.jpg&#038;fit=crop&#038;w=375&#038;h=540&#038;s=8a5067c67f54fda0886081148b7dd276 375w, https:\/\/www.abf.se\/dalarna\/resized\/?url=https%3A%2F%2Fwww.abf.se%2Fwp-content%2Fuploads%2Fsites%2F51%2F2024%2F08%2FFasad-scaled.jpg&#038;fit=crop&#038;w=499&#038;h=540&#038;s=0748267a23506acbf815f2f3ac7a2ae5 499w, https:\/\/www.abf.se\/dalarna\/resized\/?url=https%3A%2F%2Fwww.abf.se%2Fwp-content%2Fuploads%2Fsites%2F51%2F2024%2F08%2FFasad-scaled.jpg&#038;fit=crop&#038;w=623&#038;h=540&#038;s=47b419c125a2dbd1fff6b277f8e6dba5 623w, https:\/\/www.abf.se\/dalarna\/resized\/?url=https%3A%2F%2Fwww.abf.se%2Fwp-content%2Fuploads%2Fsites%2F51%2F2024%2F08%2FFasad-scaled.jpg&#038;fit=crop&#038;w=747&#038;h=540&#038;s=941d90016a51c176dee1b942eaf3ebf9 747w, https:\/\/www.abf.se\/dalarna\/resized\/?url=https%3A%2F%2Fwww.abf.se%2Fwp-content%2Fuploads%2Fsites%2F51%2F2024%2F08%2FFasad-scaled.jpg&#038;fit=crop&#038;w=750&#038;h=540&#038;s=020ea3ada7e90b71f1242c3cbb478e15 750w, https:\/\/www.abf.se\/dalarna\/resized\/?url=https%3A%2F%2Fwww.abf.se%2Fwp-content%2Fuploads%2Fsites%2F51%2F2024%2F08%2FFasad-scaled.jpg&#038;fit=crop&#038;w=871&#038;h=540&#038;s=11a7168f405bf7c86e0bf2adf4cf091d 871w, https:\/\/www.abf.se\/dalarna\/resized\/?url=https%3A%2F%2Fwww.abf.se%2Fwp-content%2Fuploads%2Fsites%2F51%2F2024%2F08%2FFasad-scaled.jpg&#038;fit=crop&#038;w=995&#038;h=540&#038;s=b844860f558959b5a792591dd590bbc9 995w, https:\/\/www.abf.se\/dalarna\/resized\/?url=https%3A%2F%2Fwww.abf.se%2Fwp-content%2Fuploads%2Fsites%2F51%2F2024%2F08%2FFasad-scaled.jpg&#038;fit=crop&#038;w=998&#038;h=540&#038;s=f92def0a0318870bf7823080e7bb956a 998w, https:\/\/www.abf.se\/dalarna\/resized\/?url=https%3A%2F%2Fwww.abf.se%2Fwp-content%2Fuploads%2Fsites%2F51%2F2024%2F08%2FFasad-scaled.jpg&#038;fit=crop&#038;w=1119&#038;h=540&#038;s=57acfbb762cdfad2f7fd54ed0962a691 1119w, https:\/\/www.abf.se\/dalarna\/resized\/?url=https%3A%2F%2Fwww.abf.se%2Fwp-content%2Fuploads%2Fsites%2F51%2F2024%2F08%2FFasad-scaled.jpg&#038;fit=crop&#038;w=1243&#038;h=540&#038;s=95bfc7040a7f91b7223f6e9a4e9946fb 1243w, https:\/\/www.abf.se\/dalarna\/resized\/?url=https%3A%2F%2Fwww.abf.se%2Fwp-content%2Fuploads%2Fsites%2F51%2F2024%2F08%2FFasad-scaled.jpg&#038;fit=crop&#038;w=1246&#038;h=540&#038;s=b9eaa5b599c25f55b599b786842d11ae 1246w, https:\/\/www.abf.se\/dalarna\/resized\/?url=https%3A%2F%2Fwww.abf.se%2Fwp-content%2Fuploads%2Fsites%2F51%2F2024%2F08%2FFasad-scaled.jpg&#038;fit=crop&#038;w=1367&#038;h=540&#038;s=335f0a6c99bef6b4344f297e1915a4ad 1367w, https:\/\/www.abf.se\/dalarna\/resized\/?url=https%3A%2F%2Fwww.abf.se%2Fwp-content%2Fuploads%2Fsites%2F51%2F2024%2F08%2FFasad-scaled.jpg&#038;fit=crop&#038;w=1440&#038;h=540&#038;s=b62e2b480a6d91fe06dc34e73d8d5b15 1440w, https:\/\/www.abf.se\/dalarna\/resized\/?url=https%3A%2F%2Fwww.abf.se%2Fwp-content%2Fuploads%2Fsites%2F51%2F2024%2F08%2FFasad-scaled.jpg&#038;fit=crop&#038;w=1494&#038;h=540&#038;s=5852fbc031379009c479d532090f6cf8 1494w, https:\/\/www.abf.se\/dalarna\/resized\/?url=https%3A%2F%2Fwww.abf.se%2Fwp-content%2Fuploads%2Fsites%2F51%2F2024%2F08%2FFasad-scaled.jpg&#038;fit=crop&#038;w=1742&#038;h=540&#038;s=460a5357044b867189a5c65bacbe839b 1742w, https:\/\/www.abf.se\/dalarna\/resized\/?url=https%3A%2F%2Fwww.abf.se%2Fwp-content%2Fuploads%2Fsites%2F51%2F2024%2F08%2FFasad-scaled.jpg&#038;fit=crop&#038;w=1990&#038;h=540&#038;s=c1267692df96f29ef4c7846e5402ca8d 1990w, https:\/\/www.abf.se\/dalarna\/resized\/?url=https%3A%2F%2Fwww.abf.se%2Fwp-content%2Fuploads%2Fsites%2F51%2F2024%2F08%2FFasad-scaled.jpg&#038;fit=crop&#038;w=2238&#038;h=540&#038;s=e6b411037ef4e0e3b5748cd4ad90ef12 2238w, https:\/\/www.abf.se\/dalarna\/resized\/?url=https%3A%2F%2Fwww.abf.se%2Fwp-content%2Fuploads%2Fsites%2F51%2F2024%2F08%2FFasad-scaled.jpg&#038;fit=crop&#038;w=2486&#038;h=540&#038;s=c4ad057078f6a196e09e04b6966ef28c 2486w, https:\/\/www.abf.se\/dalarna\/resized\/?url=https%3A%2F%2Fwww.abf.se%2Fwp-content%2Fuploads%2Fsites%2F51%2F2024%2F08%2FFasad-scaled.jpg&#038;fit=crop&#038;w=2734&#038;h=540&#038;s=1649d8cf865f0b96334bc257dbfcf9f5 2734w\" alt=\"\" height=\"540\" width=\"1440\" sizes=\"auto, \n            (max-width: 1440px) calc(100vw - 32px), 1440px\" loading=\"lazy\" fetchpriority=\"low\" aria-hidden=\"true\" role=\"presentation\" \/><\/picture>\n                <div class=\"bg-white round-corners-sm px-10 py-11 col-span-1  relative z-10 col-start-4 col-end-[-1]\">\n            <h2 class=\"heading-lg mb-4\">ABF Hedemora<\/h2>\n            <div style=\"font-size: 1.25rem; color: black;\" class=\"body-xl wysiwyg\"><p>Gussarvsgatan 5<br \/>\n776 30 Hedemora<\/p>\n<p>\u00d6ppettider:<br \/>\nTisdagar kl. 10.00 &#8211; 15.00<\/p>\n<\/div>\n                                            <a href='https:\/\/maps.app.goo.gl\/t3ZMq5sz4CZ7MVDR7' class=\"default-button mt-8\" target=\"_blank\">Hitta till oss!<\/a>\n                    \n        <\/div>\n    <\/div>\n<\/div>\n<div class=\"container-lg mb-6\">\n    <div class=\"md:pl-6 flex flex-row gap-1 items-center mt-6 body-m flex-wrap gap-y-2\">\n<span class=\"flex flex-row gap items-center gap-x-1\">\n         <a class=\"label-sm md:label-md text-red-dark font-[350] underline\" href=\"https:\/\/www.abf.se\/dalarna\/\"\n        >\n        Hem\n    <\/a>\n\n<\/span>\n<span class=\"flex flex-row gap items-center gap-x-1\">\n         <svg width=\"14\" height=\"15\" viewBox=\"0 0 14 15\" fill=\"none\" xmlns=\"http:\/\/www.w3.org\/2000\/svg\">\n<g id=\"fi:arrow-up\">\n<path id=\"Vector\" d=\"M5.01823 3.41669L9.10156 7.50002L5.01823 11.5834\" stroke=\"#909090\"\/>\n<\/g>\n<\/svg>\n\n        <a class=\"label-sm md:label-md text-red-dark font-[350] underline\" href=\"https:\/\/www.abf.se\/dalarna\/vara-orter\/\"\n        >\n        V\u00e5ra orter\n    <\/a>\n\n<\/span>\n<span class=\"flex flex-row gap items-center gap-x-1\">\n         <svg width=\"14\" height=\"15\" viewBox=\"0 0 14 15\" fill=\"none\" xmlns=\"http:\/\/www.w3.org\/2000\/svg\">\n<g id=\"fi:arrow-up\">\n<path id=\"Vector\" d=\"M5.01823 3.41669L9.10156 7.50002L5.01823 11.5834\" stroke=\"#909090\"\/>\n<\/g>\n<\/svg>\n\n        <a class=\"label-sm md:label-md text-red-dark font-[350] font-medium\" href=\"\"\n         aria-current=\"page\" >\n        Hedemora\n    <\/a>\n\n<\/span>\n<\/div><\/div>\n<div\n    class=\"acf-plain-heading-block container my-16\"\n    data-block=\"plain-heading-block\"\n>\n    <div class=\"max-w-[658px] mx-auto\">\n                <h1 class=\"hero-heading\"><span>Titta n\u00e4rmare p\u00e5 v\u00e5ra lokaler<\/span><\/h1>\n                            <p class=\"mt-8 body-xl text-black\">\n                Bokningsf\u00f6rfr\u00e5gan? Tveka inte att kontakta oss!\n            <\/p>\n            <\/div>\n<\/div>\n<div\n    class=\"acf-text-image-block container my-12 md:my-15\"\n    data-block=\"text-image-block\"\n>\n    <div\n    class=\"flex flex-col items-center md:flex-row gap-8 md:gap-0 justify-between\">\n                        <div class=\"w-full md:w-1\/2 md:order-2\">\n            <picture><img decoding=\"async\" src=\"https:\/\/www.abf.se\/dalarna\/resized\/?url=https%3A%2F%2Fwww.abf.se%2Fwp-content%2Fuploads%2Fsites%2F51%2F2024%2F08%2FStora-rummet.jpg&#038;fit=crop&#038;w=578&#038;s=0e2761cd63fb735830e29df51f2a56cc\" srcset=\"https:\/\/www.abf.se\/dalarna\/resized\/?url=https%3A%2F%2Fwww.abf.se%2Fwp-content%2Fuploads%2Fsites%2F51%2F2024%2F08%2FStora-rummet.jpg&#038;fit=crop&#038;w=144&#038;h=126&#038;s=54cb04c18dc8ad591de75c1f8994752f 144w, https:\/\/www.abf.se\/dalarna\/resized\/?url=https%3A%2F%2Fwww.abf.se%2Fwp-content%2Fuploads%2Fsites%2F51%2F2024%2F08%2FStora-rummet.jpg&#038;fit=crop&#038;w=240&#038;h=211&#038;s=585d561e23bd8644bc50a49a89cff63a 240w, https:\/\/www.abf.se\/dalarna\/resized\/?url=https%3A%2F%2Fwww.abf.se%2Fwp-content%2Fuploads%2Fsites%2F51%2F2024%2F08%2FStora-rummet.jpg&#038;fit=crop&#038;w=288&#038;h=253&#038;s=6a8595285a8e1e3d444d9cd4905adc96 288w, https:\/\/www.abf.se\/dalarna\/resized\/?url=https%3A%2F%2Fwww.abf.se%2Fwp-content%2Fuploads%2Fsites%2F51%2F2024%2F08%2FStora-rummet.jpg&#038;fit=crop&#038;w=336&#038;h=295&#038;s=7a95be9c509b6cbee284f00c33db9308 336w, https:\/\/www.abf.se\/dalarna\/resized\/?url=https%3A%2F%2Fwww.abf.se%2Fwp-content%2Fuploads%2Fsites%2F51%2F2024%2F08%2FStora-rummet.jpg&#038;fit=crop&#038;w=432&#038;h=380&#038;s=809a3a6e870962c8d919ea133f8892ab 432w, https:\/\/www.abf.se\/dalarna\/resized\/?url=https%3A%2F%2Fwww.abf.se%2Fwp-content%2Fuploads%2Fsites%2F51%2F2024%2F08%2FStora-rummet.jpg&#038;fit=crop&#038;w=480&#038;h=422&#038;s=f9f719c41e2523a11d425b034b29f5bc 480w, https:\/\/www.abf.se\/dalarna\/resized\/?url=https%3A%2F%2Fwww.abf.se%2Fwp-content%2Fuploads%2Fsites%2F51%2F2024%2F08%2FStora-rummet.jpg&#038;fit=crop&#038;w=528&#038;h=464&#038;s=e23a711a6483168918d24ce4226c9555 528w, https:\/\/www.abf.se\/dalarna\/resized\/?url=https%3A%2F%2Fwww.abf.se%2Fwp-content%2Fuploads%2Fsites%2F51%2F2024%2F08%2FStora-rummet.jpg&#038;fit=crop&#038;w=578&#038;h=509&#038;s=723976b571777a0e25498c9521569752 578w, https:\/\/www.abf.se\/dalarna\/resized\/?url=https%3A%2F%2Fwww.abf.se%2Fwp-content%2Fuploads%2Fsites%2F51%2F2024%2F08%2FStora-rummet.jpg&#038;fit=crop&#038;w=672&#038;h=591&#038;s=7cacc4250ba6e6f83419cd27025c9821 672w, https:\/\/www.abf.se\/dalarna\/resized\/?url=https%3A%2F%2Fwww.abf.se%2Fwp-content%2Fuploads%2Fsites%2F51%2F2024%2F08%2FStora-rummet.jpg&#038;fit=crop&#038;w=864&#038;h=760&#038;s=76751adf6b01cf02f5b646a3e606d812 864w, https:\/\/www.abf.se\/dalarna\/resized\/?url=https%3A%2F%2Fwww.abf.se%2Fwp-content%2Fuploads%2Fsites%2F51%2F2024%2F08%2FStora-rummet.jpg&#038;fit=crop&#038;w=1056&#038;h=929&#038;s=8352c7de54dc35f4d5247881a771a2a7 1056w\" alt=\"Stort rum med l&aring;ngt bord centralt placerat med 20 stolar runt sig.\" height=\"509\" width=\"578\" sizes=\"auto, (max-width: 768px) 100vw,\n                (max-width: 1280px) 50vw, 578px\" loading=\"lazy\" fetchpriority=\"low\" \/><\/picture>\n\n        <\/div>\n        \n        <div class=\"w-full md:w-1\/2 md:order-1\">\n        <div class=\"mx-auto md:max-w-[368px]\">\n            <h2 class=\"heading-lg\">Stora rummet<\/h2>\n            <div class=\"mb-6 mt-4 wysiwyg\">\n                <p>V\u00e5rt mest anv\u00e4nda rum. H\u00e4r kan stickas, virkas, m\u00e5las och m\u00f6tas! Fantasin s\u00e4tter gr\u00e4nserna. Styrelsesittning med plats f\u00f6r 20 personer. Utrustad med whiteboard, bl\u00e4dderblock samt projektor.<\/p>\n\n            <\/div>\n                    <\/div>\n        <\/div>\n    <\/div>\n<\/div><div\n    class=\"acf-text-image-block container my-12 md:my-15\"\n    data-block=\"text-image-block\"\n>\n    <div\n    class=\"flex flex-col items-center md:flex-row gap-8 md:gap-0 justify-between\">\n                        <div class=\"w-full md:w-1\/2 md:order-1\">\n            <picture><img decoding=\"async\" src=\"https:\/\/www.abf.se\/dalarna\/resized\/?url=https%3A%2F%2Fwww.abf.se%2Fwp-content%2Fuploads%2Fsites%2F51%2F2024%2F08%2FGalleri-scaled.jpg&#038;fit=crop&#038;w=578&#038;s=c4a98db541389d931e79db706b046691\" srcset=\"https:\/\/www.abf.se\/dalarna\/resized\/?url=https%3A%2F%2Fwww.abf.se%2Fwp-content%2Fuploads%2Fsites%2F51%2F2024%2F08%2FGalleri-scaled.jpg&#038;fit=crop&#038;w=144&#038;h=126&#038;s=236f53cb54a2bb26ec9e8ffee2cf0a10 144w, https:\/\/www.abf.se\/dalarna\/resized\/?url=https%3A%2F%2Fwww.abf.se%2Fwp-content%2Fuploads%2Fsites%2F51%2F2024%2F08%2FGalleri-scaled.jpg&#038;fit=crop&#038;w=240&#038;h=211&#038;s=58813dcee6617e6d96578f8b468f56ef 240w, https:\/\/www.abf.se\/dalarna\/resized\/?url=https%3A%2F%2Fwww.abf.se%2Fwp-content%2Fuploads%2Fsites%2F51%2F2024%2F08%2FGalleri-scaled.jpg&#038;fit=crop&#038;w=288&#038;h=253&#038;s=8d57eab597975398b19f2d3df37386a2 288w, https:\/\/www.abf.se\/dalarna\/resized\/?url=https%3A%2F%2Fwww.abf.se%2Fwp-content%2Fuploads%2Fsites%2F51%2F2024%2F08%2FGalleri-scaled.jpg&#038;fit=crop&#038;w=336&#038;h=295&#038;s=8b3f12acbd50491f47ad2025b2238d18 336w, https:\/\/www.abf.se\/dalarna\/resized\/?url=https%3A%2F%2Fwww.abf.se%2Fwp-content%2Fuploads%2Fsites%2F51%2F2024%2F08%2FGalleri-scaled.jpg&#038;fit=crop&#038;w=432&#038;h=380&#038;s=609b911e485f2fc775edc8a6bd79bba0 432w, https:\/\/www.abf.se\/dalarna\/resized\/?url=https%3A%2F%2Fwww.abf.se%2Fwp-content%2Fuploads%2Fsites%2F51%2F2024%2F08%2FGalleri-scaled.jpg&#038;fit=crop&#038;w=480&#038;h=422&#038;s=54787bcd38200161782788879ef9858b 480w, https:\/\/www.abf.se\/dalarna\/resized\/?url=https%3A%2F%2Fwww.abf.se%2Fwp-content%2Fuploads%2Fsites%2F51%2F2024%2F08%2FGalleri-scaled.jpg&#038;fit=crop&#038;w=528&#038;h=464&#038;s=b15bc05acffd5c83e47fd394e7206198 528w, https:\/\/www.abf.se\/dalarna\/resized\/?url=https%3A%2F%2Fwww.abf.se%2Fwp-content%2Fuploads%2Fsites%2F51%2F2024%2F08%2FGalleri-scaled.jpg&#038;fit=crop&#038;w=578&#038;h=509&#038;s=04b9de0e1108ce5d5218fbb1aaf72c1c 578w, https:\/\/www.abf.se\/dalarna\/resized\/?url=https%3A%2F%2Fwww.abf.se%2Fwp-content%2Fuploads%2Fsites%2F51%2F2024%2F08%2FGalleri-scaled.jpg&#038;fit=crop&#038;w=672&#038;h=591&#038;s=c860f224b053f4cac10118483fa9547c 672w, https:\/\/www.abf.se\/dalarna\/resized\/?url=https%3A%2F%2Fwww.abf.se%2Fwp-content%2Fuploads%2Fsites%2F51%2F2024%2F08%2FGalleri-scaled.jpg&#038;fit=crop&#038;w=864&#038;h=760&#038;s=777843b3d09da0bfdfe9acb40765712a 864w, https:\/\/www.abf.se\/dalarna\/resized\/?url=https%3A%2F%2Fwww.abf.se%2Fwp-content%2Fuploads%2Fsites%2F51%2F2024%2F08%2FGalleri-scaled.jpg&#038;fit=crop&#038;w=1056&#038;h=929&#038;s=27d917ef49dcb8f6745e1323a1bdeeff 1056w\" alt=\"Rum med tv&aring; tomma bord\" height=\"509\" width=\"578\" sizes=\"auto, (max-width: 768px) 100vw,\n                (max-width: 1280px) 50vw, 578px\" loading=\"lazy\" fetchpriority=\"low\" \/><\/picture>\n\n        <\/div>\n        \n        <div class=\"w-full md:w-1\/2 md:order-2\">\n        <div class=\"mx-auto md:max-w-[368px]\">\n            <h2 class=\"heading-lg\">Galleri<\/h2>\n            <div class=\"mb-6 mt-4 wysiwyg\">\n                <p>Om\u00f6blerat rum l\u00e4mpligt f\u00f6r tex utst\u00e4llningar.<\/p>\n\n            <\/div>\n                    <\/div>\n        <\/div>\n    <\/div>\n<\/div>","protected":false},"excerpt":{"rendered":"","protected":false},"author":10,"featured_media":0,"parent":262,"menu_order":0,"comment_status":"closed","ping_status":"closed","template":"","meta":{"_acf_changed":false,"footnotes":""},"class_list":["post-106","page","type-page","status-publish","hentry"],"acf":[],"yoast_head":"<!-- This site is optimized with the Yoast SEO plugin v27.0 - https:\/\/yoast.com\/product\/yoast-seo-wordpress\/ -->\n<title>Hedemora - Dalarna<\/title>\n<meta name=\"robots\" content=\"index, follow, max-snippet:-1, max-image-preview:large, max-video-preview:-1\" \/>\n<link rel=\"canonical\" href=\"https:\/\/www.abf.se\/dalarna\/vara-orter\/hedemora\/\" \/>\n<meta property=\"og:locale\" content=\"sv_SE\" \/>\n<meta property=\"og:type\" content=\"article\" \/>\n<meta property=\"og:title\" content=\"Hedemora - Dalarna\" \/>\n<meta property=\"og:url\" content=\"https:\/\/www.abf.se\/dalarna\/vara-orter\/hedemora\/\" \/>\n<meta property=\"og:site_name\" content=\"Dalarna\" \/>\n<meta property=\"article:modified_time\" content=\"2025-08-27T12:59:56+00:00\" \/>\n<meta property=\"og:image\" content=\"https:\/\/www.abf.se\/wp-content\/uploads\/sites\/51\/2024\/04\/Nyckeln-liggande-scaled.jpg\" \/>\n\t<meta property=\"og:image:width\" content=\"2560\" \/>\n\t<meta property=\"og:image:height\" content=\"1440\" \/>\n\t<meta property=\"og:image:type\" content=\"image\/jpeg\" \/>\n<meta name=\"twitter:card\" content=\"summary_large_image\" \/>\n<script type=\"application\/ld+json\" class=\"yoast-schema-graph\">{\"@context\":\"https:\/\/schema.org\",\"@graph\":[{\"@type\":\"WebPage\",\"@id\":\"https:\/\/www.abf.se\/dalarna\/vara-orter\/hedemora\/\",\"url\":\"https:\/\/www.abf.se\/dalarna\/vara-orter\/hedemora\/\",\"name\":\"Hedemora - Dalarna\",\"isPartOf\":{\"@id\":\"https:\/\/www.abf.se\/dalarna\/#website\"},\"datePublished\":\"2024-02-26T13:55:28+00:00\",\"dateModified\":\"2025-08-27T12:59:56+00:00\",\"breadcrumb\":{\"@id\":\"https:\/\/www.abf.se\/dalarna\/vara-orter\/hedemora\/#breadcrumb\"},\"inLanguage\":\"sv-SE\",\"potentialAction\":[{\"@type\":\"ReadAction\",\"target\":[\"https:\/\/www.abf.se\/dalarna\/vara-orter\/hedemora\/\"]}]},{\"@type\":\"BreadcrumbList\",\"@id\":\"https:\/\/www.abf.se\/dalarna\/vara-orter\/hedemora\/#breadcrumb\",\"itemListElement\":[{\"@type\":\"ListItem\",\"position\":1,\"name\":\"Home\",\"item\":\"https:\/\/www.abf.se\/dalarna\/\"},{\"@type\":\"ListItem\",\"position\":2,\"name\":\"V\u00e5ra orter\",\"item\":\"https:\/\/www.abf.se\/dalarna\/vara-orter\/\"},{\"@type\":\"ListItem\",\"position\":3,\"name\":\"Hedemora\"}]},{\"@type\":\"WebSite\",\"@id\":\"https:\/\/www.abf.se\/dalarna\/#website\",\"url\":\"https:\/\/www.abf.se\/dalarna\/\",\"name\":\"Dalarna\",\"description\":\"\",\"potentialAction\":[{\"@type\":\"SearchAction\",\"target\":{\"@type\":\"EntryPoint\",\"urlTemplate\":\"https:\/\/www.abf.se\/dalarna\/?s={search_term_string}\"},\"query-input\":{\"@type\":\"PropertyValueSpecification\",\"valueRequired\":true,\"valueName\":\"search_term_string\"}}],\"inLanguage\":\"sv-SE\"}]}<\/script>\n<!-- \/ Yoast SEO plugin. -->","yoast_head_json":{"title":"Hedemora - Dalarna","robots":{"index":"index","follow":"follow","max-snippet":"max-snippet:-1","max-image-preview":"max-image-preview:large","max-video-preview":"max-video-preview:-1"},"canonical":"https:\/\/www.abf.se\/dalarna\/vara-orter\/hedemora\/","og_locale":"sv_SE","og_type":"article","og_title":"Hedemora - Dalarna","og_url":"https:\/\/www.abf.se\/dalarna\/vara-orter\/hedemora\/","og_site_name":"Dalarna","article_modified_time":"2025-08-27T12:59:56+00:00","og_image":[{"width":2560,"height":1440,"url":"https:\/\/www.abf.se\/wp-content\/uploads\/sites\/51\/2024\/04\/Nyckeln-liggande-scaled.jpg","type":"image\/jpeg"}],"twitter_card":"summary_large_image","schema":{"@context":"https:\/\/schema.org","@graph":[{"@type":"WebPage","@id":"https:\/\/www.abf.se\/dalarna\/vara-orter\/hedemora\/","url":"https:\/\/www.abf.se\/dalarna\/vara-orter\/hedemora\/","name":"Hedemora - Dalarna","isPartOf":{"@id":"https:\/\/www.abf.se\/dalarna\/#website"},"datePublished":"2024-02-26T13:55:28+00:00","dateModified":"2025-08-27T12:59:56+00:00","breadcrumb":{"@id":"https:\/\/www.abf.se\/dalarna\/vara-orter\/hedemora\/#breadcrumb"},"inLanguage":"sv-SE","potentialAction":[{"@type":"ReadAction","target":["https:\/\/www.abf.se\/dalarna\/vara-orter\/hedemora\/"]}]},{"@type":"BreadcrumbList","@id":"https:\/\/www.abf.se\/dalarna\/vara-orter\/hedemora\/#breadcrumb","itemListElement":[{"@type":"ListItem","position":1,"name":"Home","item":"https:\/\/www.abf.se\/dalarna\/"},{"@type":"ListItem","position":2,"name":"V\u00e5ra orter","item":"https:\/\/www.abf.se\/dalarna\/vara-orter\/"},{"@type":"ListItem","position":3,"name":"Hedemora"}]},{"@type":"WebSite","@id":"https:\/\/www.abf.se\/dalarna\/#website","url":"https:\/\/www.abf.se\/dalarna\/","name":"Dalarna","description":"","potentialAction":[{"@type":"SearchAction","target":{"@type":"EntryPoint","urlTemplate":"https:\/\/www.abf.se\/dalarna\/?s={search_term_string}"},"query-input":{"@type":"PropertyValueSpecification","valueRequired":true,"valueName":"search_term_string"}}],"inLanguage":"sv-SE"}]}},"_links":{"self":[{"href":"https:\/\/www.abf.se\/dalarna\/wp-json\/wp\/v2\/pages\/106","targetHints":{"allow":["GET"]}}],"collection":[{"href":"https:\/\/www.abf.se\/dalarna\/wp-json\/wp\/v2\/pages"}],"about":[{"href":"https:\/\/www.abf.se\/dalarna\/wp-json\/wp\/v2\/types\/page"}],"author":[{"embeddable":true,"href":"https:\/\/www.abf.se\/dalarna\/wp-json\/wp\/v2\/users\/10"}],"replies":[{"embeddable":true,"href":"https:\/\/www.abf.se\/dalarna\/wp-json\/wp\/v2\/comments?post=106"}],"version-history":[{"count":10,"href":"https:\/\/www.abf.se\/dalarna\/wp-json\/wp\/v2\/pages\/106\/revisions"}],"predecessor-version":[{"id":1016,"href":"https:\/\/www.abf.se\/dalarna\/wp-json\/wp\/v2\/pages\/106\/revisions\/1016"}],"up":[{"embeddable":true,"href":"https:\/\/www.abf.se\/dalarna\/wp-json\/wp\/v2\/pages\/262"}],"wp:attachment":[{"href":"https:\/\/www.abf.se\/dalarna\/wp-json\/wp\/v2\/media?parent=106"}],"curies":[{"name":"wp","href":"https:\/\/api.w.org\/{rel}","templated":true}]}}