{"id":1111,"date":"2025-11-24T11:30:35","date_gmt":"2025-11-24T10:30:35","guid":{"rendered":"https:\/\/www.abf.se\/dalarna\/?page_id=1111"},"modified":"2026-04-24T14:15:52","modified_gmt":"2026-04-24T12:15:52","slug":"falun-2","status":"publish","type":"page","link":"https:\/\/www.abf.se\/dalarna\/vara-orter\/falun-2\/","title":{"rendered":"Falun 2"},"content":{"rendered":"<div\n    class=\"acf-hero-block container-lg no-padding mb-12 js-geolocation\"\n    data-block=\"hero-block\"\n    data-index=\"0\"\n>\n    <div class=\"h-[548px]  relative rounded-[32px] overflow-hidden flex bg-gray-light\">\n        <div class=\"relative z-10 mt-auto h-auto w-full md:h-full\">\n            <div class=\"flex w-full h-full flex-col flex-wrap justify-end w-full md:w-7\/12 lg:w-1\/2 md:justify-center\">\n                <div class=\"flex flex-col gap-3 md:gap-[18px] md:transparent pt-16 pb-36 md:py-8 px-4 w-full md:max-w-[620px] mx-auto px-8\">\n\n                    <h1 class=\"hero-heading hero-heading--red-text\"><span>ABF Falun<\/span><\/h1>\n\n                    \n                                        <div class=\"flex flex-row flex-wrap gap-y-2 gap-x-1\">\n                                                <a class=\"label-md py-[3px] px-[6px] rounded-[44px] text-red bg-white\" href=\"https:\/\/maps.app.goo.gl\/twzRvfYKTznbP97e6\" target=\"_blank\">Hitta till oss!<\/a>\n                                            <\/div>\n                                    <\/div>\n            <\/div>\n        <\/div>\n\n                    <picture class=\"as-background-image mix-blend-multiply bg-black\/40\"><img decoding=\"async\" src=\"https:\/\/www.abf.se\/dalarna\/resized\/?url=https%3A%2F%2Fwww.abf.se%2Fwp-content%2Fuploads%2Fsites%2F51%2F2026%2F04%2FExterior.jpg&#038;fit=crop&#038;w=1440&#038;s=0ec32b2470a3316de93e3ec8f72dc7f3\" srcset=\"https:\/\/www.abf.se\/dalarna\/resized\/?url=https%3A%2F%2Fwww.abf.se%2Fwp-content%2Fuploads%2Fsites%2F51%2F2026%2F04%2FExterior.jpg&#038;fit=crop&#038;w=375&#038;h=540&#038;s=37ff32c5e90ab435dac99d0bf53893b6 375w, https:\/\/www.abf.se\/dalarna\/resized\/?url=https%3A%2F%2Fwww.abf.se%2Fwp-content%2Fuploads%2Fsites%2F51%2F2026%2F04%2FExterior.jpg&#038;fit=crop&#038;w=447&#038;h=540&#038;s=f3194b08dbb83049e340be68d54a8320 447w, https:\/\/www.abf.se\/dalarna\/resized\/?url=https%3A%2F%2Fwww.abf.se%2Fwp-content%2Fuploads%2Fsites%2F51%2F2026%2F04%2FExterior.jpg&#038;fit=crop&#038;w=519&#038;h=540&#038;s=2d4d7344a33ace4d6c8b2022160d654d 519w, https:\/\/www.abf.se\/dalarna\/resized\/?url=https%3A%2F%2Fwww.abf.se%2Fwp-content%2Fuploads%2Fsites%2F51%2F2026%2F04%2FExterior.jpg&#038;fit=crop&#038;w=591&#038;h=540&#038;s=ca5a32c331f164b90d27245ed7646e1c 591w, https:\/\/www.abf.se\/dalarna\/resized\/?url=https%3A%2F%2Fwww.abf.se%2Fwp-content%2Fuploads%2Fsites%2F51%2F2026%2F04%2FExterior.jpg&#038;fit=crop&#038;w=663&#038;h=540&#038;s=2eeaa92e5368399eee2e48663ce9685e 663w, https:\/\/www.abf.se\/dalarna\/resized\/?url=https%3A%2F%2Fwww.abf.se%2Fwp-content%2Fuploads%2Fsites%2F51%2F2026%2F04%2FExterior.jpg&#038;fit=crop&#038;w=750&#038;h=540&#038;s=095d5af6fa09337a973589d0e08aee00 750w, https:\/\/www.abf.se\/dalarna\/resized\/?url=https%3A%2F%2Fwww.abf.se%2Fwp-content%2Fuploads%2Fsites%2F51%2F2026%2F04%2FExterior.jpg&#038;fit=crop&#038;w=894&#038;h=540&#038;s=739aba836850735f7ba24ebe811e95cd 894w, https:\/\/www.abf.se\/dalarna\/resized\/?url=https%3A%2F%2Fwww.abf.se%2Fwp-content%2Fuploads%2Fsites%2F51%2F2026%2F04%2FExterior.jpg&#038;fit=crop&#038;w=1038&#038;h=540&#038;s=099825da66302835fdcc19db4f77ece1 1038w, https:\/\/www.abf.se\/dalarna\/resized\/?url=https%3A%2F%2Fwww.abf.se%2Fwp-content%2Fuploads%2Fsites%2F51%2F2026%2F04%2FExterior.jpg&#038;fit=crop&#038;w=1182&#038;h=540&#038;s=a47f04e266685cece2dbe9874683fbb9 1182w, https:\/\/www.abf.se\/dalarna\/resized\/?url=https%3A%2F%2Fwww.abf.se%2Fwp-content%2Fuploads%2Fsites%2F51%2F2026%2F04%2FExterior.jpg&#038;fit=crop&#038;w=1326&#038;h=540&#038;s=fb6a08e9bb776bc376c181eae0a22a3d 1326w, https:\/\/www.abf.se\/dalarna\/resized\/?url=https%3A%2F%2Fwww.abf.se%2Fwp-content%2Fuploads%2Fsites%2F51%2F2026%2F04%2FExterior.jpg&#038;fit=crop&#038;w=1440&#038;h=540&#038;s=486b80aff29181bac0cd93283b4cf81e 1440w\" alt=\"\" height=\"540\" width=\"1440\" sizes=\"(max-width: 1440px) calc(100vw - 32px), 1440px\" loading=\"eager\" fetchpriority=\"high\" aria-hidden=\"true\" role=\"presentation\" \/><\/picture>\n        \n\n                    <figure class=\"absolute bottom-0  md:w-1\/2 transform right-0 translate-x-10 md:translate-x-32\">\n                <img decoding=\"async\"\n                    alt=\"\"\n                    aria-hidden=\"true\"\n                    class=\"h-auto w-full\"\n                    role=\"presentation\"\n                    src=\"\/assets\/images\/two_circles_bottom.svg\"\n                >\n            <\/figure>\n            <\/div>\n\n    <\/div>\n\n<div\n    class=\"acf-article-facts-block article-container  my-8 \"\n    data-block=\"article-facts-block\"\n>\n<div class=\"bg-teal-light border border-teal p-8 rounded-corners-sm\">\n<header>\n        <h2 class=\"heading-md text-teal-dark mb-3\">\n            Bes\u00f6ksadress och \u00f6ppettider\n        <\/h2>\n    <\/header>\n    <div class=\"wysiwyg\">\n        <p>ABF Falun<br \/>\nMagasingatan 27<br \/>\n791 70 Falun<\/p>\n<p><strong>\u00d6ppettider<\/strong><\/p>\n<p>Onsdagar<br \/>\n10.00 &#8211; 15.00<\/p>\n\n    <\/div>\n<\/div>\n\n<\/div>\n<div\n    class=\"acf-text-image-block container bg-gray-light py-12 md:py-15\"\n    data-block=\"text-image-block\"\n>\n    <div\n    class=\"flex flex-col items-center md:flex-row gap-8 md:gap-0 justify-between\">\n                        <div class=\"w-full md:w-1\/2 md:order-2\">\n            <picture><img decoding=\"async\" src=\"https:\/\/www.abf.se\/dalarna\/resized\/?url=https%3A%2F%2Fwww.abf.se%2Fwp-content%2Fuploads%2Fsites%2F51%2F2026%2F04%2FViljan-scaled.jpg&#038;fit=crop&#038;w=578&#038;s=e0b908eb067769b23aca52528af6699e\" srcset=\"https:\/\/www.abf.se\/dalarna\/resized\/?url=https%3A%2F%2Fwww.abf.se%2Fwp-content%2Fuploads%2Fsites%2F51%2F2026%2F04%2FViljan-scaled.jpg&#038;fit=crop&#038;w=144&#038;h=126&#038;s=aa895e2d198bf46ff7295566c281bb07 144w, https:\/\/www.abf.se\/dalarna\/resized\/?url=https%3A%2F%2Fwww.abf.se%2Fwp-content%2Fuploads%2Fsites%2F51%2F2026%2F04%2FViljan-scaled.jpg&#038;fit=crop&#038;w=240&#038;h=211&#038;s=7bdb763bc607e1845265230808ccb5eb 240w, https:\/\/www.abf.se\/dalarna\/resized\/?url=https%3A%2F%2Fwww.abf.se%2Fwp-content%2Fuploads%2Fsites%2F51%2F2026%2F04%2FViljan-scaled.jpg&#038;fit=crop&#038;w=288&#038;h=253&#038;s=d9be06ef1100008e392e2f6124396741 288w, https:\/\/www.abf.se\/dalarna\/resized\/?url=https%3A%2F%2Fwww.abf.se%2Fwp-content%2Fuploads%2Fsites%2F51%2F2026%2F04%2FViljan-scaled.jpg&#038;fit=crop&#038;w=336&#038;h=295&#038;s=332ac0597b32f289a84e65e6ec07bcb9 336w, https:\/\/www.abf.se\/dalarna\/resized\/?url=https%3A%2F%2Fwww.abf.se%2Fwp-content%2Fuploads%2Fsites%2F51%2F2026%2F04%2FViljan-scaled.jpg&#038;fit=crop&#038;w=432&#038;h=380&#038;s=3806eda5264c12cb12060447327a4ef3 432w, https:\/\/www.abf.se\/dalarna\/resized\/?url=https%3A%2F%2Fwww.abf.se%2Fwp-content%2Fuploads%2Fsites%2F51%2F2026%2F04%2FViljan-scaled.jpg&#038;fit=crop&#038;w=480&#038;h=422&#038;s=9115d13a700a0e1dac391a16454e42c4 480w, https:\/\/www.abf.se\/dalarna\/resized\/?url=https%3A%2F%2Fwww.abf.se%2Fwp-content%2Fuploads%2Fsites%2F51%2F2026%2F04%2FViljan-scaled.jpg&#038;fit=crop&#038;w=528&#038;h=464&#038;s=4b538d2a15a62e96d7d7cc59d148e38e 528w, https:\/\/www.abf.se\/dalarna\/resized\/?url=https%3A%2F%2Fwww.abf.se%2Fwp-content%2Fuploads%2Fsites%2F51%2F2026%2F04%2FViljan-scaled.jpg&#038;fit=crop&#038;w=578&#038;h=509&#038;s=a8599aba0a965bbcf5c244194ac423c9 578w, https:\/\/www.abf.se\/dalarna\/resized\/?url=https%3A%2F%2Fwww.abf.se%2Fwp-content%2Fuploads%2Fsites%2F51%2F2026%2F04%2FViljan-scaled.jpg&#038;fit=crop&#038;w=672&#038;h=591&#038;s=9a233190117915a5f2a3f621a2a3aebc 672w, https:\/\/www.abf.se\/dalarna\/resized\/?url=https%3A%2F%2Fwww.abf.se%2Fwp-content%2Fuploads%2Fsites%2F51%2F2026%2F04%2FViljan-scaled.jpg&#038;fit=crop&#038;w=864&#038;h=760&#038;s=46b3e98074ddffe875d3d835b9a5a48f 864w, https:\/\/www.abf.se\/dalarna\/resized\/?url=https%3A%2F%2Fwww.abf.se%2Fwp-content%2Fuploads%2Fsites%2F51%2F2026%2F04%2FViljan-scaled.jpg&#038;fit=crop&#038;w=1056&#038;h=929&#038;s=f061304f99e23c807600e9cccb9fa2fd 1056w\" alt=\"\" height=\"509\" width=\"578\" sizes=\"auto, (max-width: 768px) 100vw,\n                (max-width: 1280px) 50vw, 578px\" loading=\"lazy\" fetchpriority=\"low\" \/><\/picture>\n\n        <\/div>\n        \n        <div class=\"w-full md:w-1\/2 md:order-1\">\n        <div class=\"mx-auto md:max-w-[368px]\">\n            <h2 class=\"heading-lg\">Viljan<\/h2>\n            <div class=\"mb-6 mt-4 wysiwyg\">\n                <p>M\u00f6blerad f\u00f6r styrelsesittning med 8 platser. Utrustad med bildsk\u00e4rm och whiteboardtavla.<\/p>\n\n            <\/div>\n                    <\/div>\n        <\/div>\n    <\/div>\n<\/div><div\n    class=\"acf-text-image-block container my-12 md:my-15\"\n    data-block=\"text-image-block\"\n>\n    <div\n    class=\"flex flex-col items-center md:flex-row gap-8 md:gap-0 justify-between\">\n                        <div class=\"w-full md:w-1\/2 md:order-1\">\n            <picture><img decoding=\"async\" src=\"https:\/\/www.abf.se\/dalarna\/resized\/?url=https%3A%2F%2Fwww.abf.se%2Fwp-content%2Fuploads%2Fsites%2F51%2F2026%2F04%2FFolkbildaren.jpg&#038;fit=crop&#038;w=578&#038;s=76d527f440c7193ac61b40ed388a69ff\" srcset=\"https:\/\/www.abf.se\/dalarna\/resized\/?url=https%3A%2F%2Fwww.abf.se%2Fwp-content%2Fuploads%2Fsites%2F51%2F2026%2F04%2FFolkbildaren.jpg&#038;fit=crop&#038;w=144&#038;h=126&#038;s=3a5f94aa98fb3441bfb7826b08d52530 144w, https:\/\/www.abf.se\/dalarna\/resized\/?url=https%3A%2F%2Fwww.abf.se%2Fwp-content%2Fuploads%2Fsites%2F51%2F2026%2F04%2FFolkbildaren.jpg&#038;fit=crop&#038;w=240&#038;h=211&#038;s=9f9bf06b0f87f4c9d2601755282b51f7 240w, https:\/\/www.abf.se\/dalarna\/resized\/?url=https%3A%2F%2Fwww.abf.se%2Fwp-content%2Fuploads%2Fsites%2F51%2F2026%2F04%2FFolkbildaren.jpg&#038;fit=crop&#038;w=288&#038;h=253&#038;s=f196808c5610de6b36a6347d2bb6034c 288w, https:\/\/www.abf.se\/dalarna\/resized\/?url=https%3A%2F%2Fwww.abf.se%2Fwp-content%2Fuploads%2Fsites%2F51%2F2026%2F04%2FFolkbildaren.jpg&#038;fit=crop&#038;w=336&#038;h=295&#038;s=1ee0f6feea5eba59e66b12df4462f42a 336w, https:\/\/www.abf.se\/dalarna\/resized\/?url=https%3A%2F%2Fwww.abf.se%2Fwp-content%2Fuploads%2Fsites%2F51%2F2026%2F04%2FFolkbildaren.jpg&#038;fit=crop&#038;w=432&#038;h=380&#038;s=44cd3ecc2dfca0e336affbad99103931 432w, https:\/\/www.abf.se\/dalarna\/resized\/?url=https%3A%2F%2Fwww.abf.se%2Fwp-content%2Fuploads%2Fsites%2F51%2F2026%2F04%2FFolkbildaren.jpg&#038;fit=crop&#038;w=480&#038;h=422&#038;s=da4cbb36611230d5050c5c493ee18625 480w, https:\/\/www.abf.se\/dalarna\/resized\/?url=https%3A%2F%2Fwww.abf.se%2Fwp-content%2Fuploads%2Fsites%2F51%2F2026%2F04%2FFolkbildaren.jpg&#038;fit=crop&#038;w=528&#038;h=464&#038;s=2841d52c13f5bf2d55aa79471da41407 528w, https:\/\/www.abf.se\/dalarna\/resized\/?url=https%3A%2F%2Fwww.abf.se%2Fwp-content%2Fuploads%2Fsites%2F51%2F2026%2F04%2FFolkbildaren.jpg&#038;fit=crop&#038;w=578&#038;h=509&#038;s=e853ef7c85dc427135320b84951b3e6a 578w, https:\/\/www.abf.se\/dalarna\/resized\/?url=https%3A%2F%2Fwww.abf.se%2Fwp-content%2Fuploads%2Fsites%2F51%2F2026%2F04%2FFolkbildaren.jpg&#038;fit=crop&#038;w=672&#038;h=591&#038;s=c21edcee76bb32a67528bed912babd10 672w, https:\/\/www.abf.se\/dalarna\/resized\/?url=https%3A%2F%2Fwww.abf.se%2Fwp-content%2Fuploads%2Fsites%2F51%2F2026%2F04%2FFolkbildaren.jpg&#038;fit=crop&#038;w=864&#038;h=760&#038;s=d7579f95d3c91de5499aabc83686bcda 864w, https:\/\/www.abf.se\/dalarna\/resized\/?url=https%3A%2F%2Fwww.abf.se%2Fwp-content%2Fuploads%2Fsites%2F51%2F2026%2F04%2FFolkbildaren.jpg&#038;fit=crop&#038;w=1056&#038;h=929&#038;s=9552abd885b195227f6d7405b1401ef4 1056w\" alt=\"\" height=\"509\" width=\"578\" sizes=\"auto, (max-width: 768px) 100vw,\n                (max-width: 1280px) 50vw, 578px\" loading=\"lazy\" fetchpriority=\"low\" \/><\/picture>\n\n        <\/div>\n        \n        <div class=\"w-full md:w-1\/2 md:order-2\">\n        <div class=\"mx-auto md:max-w-[368px]\">\n            <h2 class=\"heading-lg\">Folkbildaren<\/h2>\n            <div class=\"mb-6 mt-4 wysiwyg\">\n                <p>V\u00e5rt st\u00f6rsta rum. Grundm\u00f6blerad med styrelsesittning f\u00f6r 16 personer + tv\u00e5 \u00f6ar med ytterligare 9 platser. Rummet \u00e4r flexibelt och kan enkelt m\u00f6bleras om efter behov. Utrustad med stor whiteboard samt touchsk\u00e4rm som m\u00f6jligg\u00f6r tex hybridm\u00f6ten.<\/p>\n\n            <\/div>\n                    <\/div>\n        <\/div>\n    <\/div>\n<\/div><div\n    class=\"acf-text-image-block container bg-gray-light py-12 md:py-15\"\n    data-block=\"text-image-block\"\n>\n    <div\n    class=\"flex flex-col items-center md:flex-row gap-8 md:gap-0 justify-between\">\n                        <div class=\"w-full md:w-1\/2 md:order-2\">\n            <picture><img decoding=\"async\" src=\"https:\/\/www.abf.se\/dalarna\/resized\/?url=https%3A%2F%2Fwww.abf.se%2Fwp-content%2Fuploads%2Fsites%2F51%2F2026%2F04%2FEldsjalen.jpg&#038;fit=crop&#038;w=578&#038;s=c8e3dda3727f7dbf1ce8c61fcb4defb7\" srcset=\"https:\/\/www.abf.se\/dalarna\/resized\/?url=https%3A%2F%2Fwww.abf.se%2Fwp-content%2Fuploads%2Fsites%2F51%2F2026%2F04%2FEldsjalen.jpg&#038;fit=crop&#038;w=144&#038;h=126&#038;s=2320b1a987839e89b6b798b45d01b37b 144w, https:\/\/www.abf.se\/dalarna\/resized\/?url=https%3A%2F%2Fwww.abf.se%2Fwp-content%2Fuploads%2Fsites%2F51%2F2026%2F04%2FEldsjalen.jpg&#038;fit=crop&#038;w=240&#038;h=211&#038;s=1d9584fbe994f4f66e12867bbba21f5e 240w, https:\/\/www.abf.se\/dalarna\/resized\/?url=https%3A%2F%2Fwww.abf.se%2Fwp-content%2Fuploads%2Fsites%2F51%2F2026%2F04%2FEldsjalen.jpg&#038;fit=crop&#038;w=288&#038;h=253&#038;s=76e781115fddee9f4ab3f1af3e16844d 288w, https:\/\/www.abf.se\/dalarna\/resized\/?url=https%3A%2F%2Fwww.abf.se%2Fwp-content%2Fuploads%2Fsites%2F51%2F2026%2F04%2FEldsjalen.jpg&#038;fit=crop&#038;w=336&#038;h=295&#038;s=d75c230e264063cae9278ca1b03d51de 336w, https:\/\/www.abf.se\/dalarna\/resized\/?url=https%3A%2F%2Fwww.abf.se%2Fwp-content%2Fuploads%2Fsites%2F51%2F2026%2F04%2FEldsjalen.jpg&#038;fit=crop&#038;w=432&#038;h=380&#038;s=237b759aee17e763b82311d53cb3a8b6 432w, https:\/\/www.abf.se\/dalarna\/resized\/?url=https%3A%2F%2Fwww.abf.se%2Fwp-content%2Fuploads%2Fsites%2F51%2F2026%2F04%2FEldsjalen.jpg&#038;fit=crop&#038;w=480&#038;h=422&#038;s=fe1d751591a766b4336bb48a32515557 480w, https:\/\/www.abf.se\/dalarna\/resized\/?url=https%3A%2F%2Fwww.abf.se%2Fwp-content%2Fuploads%2Fsites%2F51%2F2026%2F04%2FEldsjalen.jpg&#038;fit=crop&#038;w=528&#038;h=464&#038;s=568433e0840e1161bc23a399affaf344 528w, https:\/\/www.abf.se\/dalarna\/resized\/?url=https%3A%2F%2Fwww.abf.se%2Fwp-content%2Fuploads%2Fsites%2F51%2F2026%2F04%2FEldsjalen.jpg&#038;fit=crop&#038;w=578&#038;h=509&#038;s=ee1878e3878d3b3cd4c28139cc15987b 578w, https:\/\/www.abf.se\/dalarna\/resized\/?url=https%3A%2F%2Fwww.abf.se%2Fwp-content%2Fuploads%2Fsites%2F51%2F2026%2F04%2FEldsjalen.jpg&#038;fit=crop&#038;w=672&#038;h=591&#038;s=4f3f570a0ec36a4277d6d1f3368387e9 672w, https:\/\/www.abf.se\/dalarna\/resized\/?url=https%3A%2F%2Fwww.abf.se%2Fwp-content%2Fuploads%2Fsites%2F51%2F2026%2F04%2FEldsjalen.jpg&#038;fit=crop&#038;w=864&#038;h=760&#038;s=742079e62123cc4b4666d43c479844bb 864w, https:\/\/www.abf.se\/dalarna\/resized\/?url=https%3A%2F%2Fwww.abf.se%2Fwp-content%2Fuploads%2Fsites%2F51%2F2026%2F04%2FEldsjalen.jpg&#038;fit=crop&#038;w=1056&#038;h=929&#038;s=197de4ff128f65c66875ec9705aec1da 1056w\" alt=\"\" height=\"509\" width=\"578\" sizes=\"auto, (max-width: 768px) 100vw,\n                (max-width: 1280px) 50vw, 578px\" loading=\"lazy\" fetchpriority=\"low\" \/><\/picture>\n\n        <\/div>\n        \n        <div class=\"w-full md:w-1\/2 md:order-1\">\n        <div class=\"mx-auto md:max-w-[368px]\">\n            <h2 class=\"heading-lg\">Eldsj\u00e4len<\/h2>\n            <div class=\"mb-6 mt-4 wysiwyg\">\n                <p>M\u00f6blerad f\u00f6r styrelsesittning med 12 platser. Rummet \u00e4r utrustad med en flyttbar bildsk\u00e4rm och whiteboardtavla.<\/p>\n\n            <\/div>\n                    <\/div>\n        <\/div>\n    <\/div>\n<\/div><div\n    class=\"acf-text-image-block container my-12 md:my-15\"\n    data-block=\"text-image-block\"\n>\n    <div\n    class=\"flex flex-col items-center md:flex-row gap-8 md:gap-0 justify-between\">\n                        <div class=\"w-full md:w-1\/2 md:order-1\">\n            <picture><img decoding=\"async\" src=\"https:\/\/www.abf.se\/dalarna\/resized\/?url=https%3A%2F%2Fwww.abf.se%2Fwp-content%2Fuploads%2Fsites%2F51%2F2026%2F04%2FFriheten-scaled.jpg&#038;fit=crop&#038;w=578&#038;s=f2b45623843e2a9bf212a08dc52aa961\" srcset=\"https:\/\/www.abf.se\/dalarna\/resized\/?url=https%3A%2F%2Fwww.abf.se%2Fwp-content%2Fuploads%2Fsites%2F51%2F2026%2F04%2FFriheten-scaled.jpg&#038;fit=crop&#038;w=144&#038;h=126&#038;s=efd3105eba2ec943f06b3b5e5e8e6749 144w, https:\/\/www.abf.se\/dalarna\/resized\/?url=https%3A%2F%2Fwww.abf.se%2Fwp-content%2Fuploads%2Fsites%2F51%2F2026%2F04%2FFriheten-scaled.jpg&#038;fit=crop&#038;w=240&#038;h=211&#038;s=46e52be543df5068be819297486a1822 240w, https:\/\/www.abf.se\/dalarna\/resized\/?url=https%3A%2F%2Fwww.abf.se%2Fwp-content%2Fuploads%2Fsites%2F51%2F2026%2F04%2FFriheten-scaled.jpg&#038;fit=crop&#038;w=288&#038;h=253&#038;s=968ed06dee7d3713bdc08c4c63de020a 288w, https:\/\/www.abf.se\/dalarna\/resized\/?url=https%3A%2F%2Fwww.abf.se%2Fwp-content%2Fuploads%2Fsites%2F51%2F2026%2F04%2FFriheten-scaled.jpg&#038;fit=crop&#038;w=336&#038;h=295&#038;s=be2073075a7b4ce8cd0481b503b61a1d 336w, https:\/\/www.abf.se\/dalarna\/resized\/?url=https%3A%2F%2Fwww.abf.se%2Fwp-content%2Fuploads%2Fsites%2F51%2F2026%2F04%2FFriheten-scaled.jpg&#038;fit=crop&#038;w=432&#038;h=380&#038;s=0eb44eca412bd0ac744ec9ef7202d2c4 432w, https:\/\/www.abf.se\/dalarna\/resized\/?url=https%3A%2F%2Fwww.abf.se%2Fwp-content%2Fuploads%2Fsites%2F51%2F2026%2F04%2FFriheten-scaled.jpg&#038;fit=crop&#038;w=480&#038;h=422&#038;s=773a637fb6a3db60ba99ea18e69ccbf9 480w, https:\/\/www.abf.se\/dalarna\/resized\/?url=https%3A%2F%2Fwww.abf.se%2Fwp-content%2Fuploads%2Fsites%2F51%2F2026%2F04%2FFriheten-scaled.jpg&#038;fit=crop&#038;w=528&#038;h=464&#038;s=695d7f29cfc3cb6776b0a4fee0792645 528w, https:\/\/www.abf.se\/dalarna\/resized\/?url=https%3A%2F%2Fwww.abf.se%2Fwp-content%2Fuploads%2Fsites%2F51%2F2026%2F04%2FFriheten-scaled.jpg&#038;fit=crop&#038;w=578&#038;h=509&#038;s=fcd3b5a9fe0b0058eae33a0a72771341 578w, https:\/\/www.abf.se\/dalarna\/resized\/?url=https%3A%2F%2Fwww.abf.se%2Fwp-content%2Fuploads%2Fsites%2F51%2F2026%2F04%2FFriheten-scaled.jpg&#038;fit=crop&#038;w=672&#038;h=591&#038;s=d1104355978283d11d96f020d2aebaa9 672w, https:\/\/www.abf.se\/dalarna\/resized\/?url=https%3A%2F%2Fwww.abf.se%2Fwp-content%2Fuploads%2Fsites%2F51%2F2026%2F04%2FFriheten-scaled.jpg&#038;fit=crop&#038;w=864&#038;h=760&#038;s=21afcafa014de24c99e805cf8a8b513e 864w, https:\/\/www.abf.se\/dalarna\/resized\/?url=https%3A%2F%2Fwww.abf.se%2Fwp-content%2Fuploads%2Fsites%2F51%2F2026%2F04%2FFriheten-scaled.jpg&#038;fit=crop&#038;w=1056&#038;h=929&#038;s=dc9f5bd79c129d31c6149c8dfaf5c495 1056w\" alt=\"\" height=\"509\" width=\"578\" sizes=\"auto, (max-width: 768px) 100vw,\n                (max-width: 1280px) 50vw, 578px\" loading=\"lazy\" fetchpriority=\"low\" \/><\/picture>\n\n        <\/div>\n        \n        <div class=\"w-full md:w-1\/2 md:order-2\">\n        <div class=\"mx-auto md:max-w-[368px]\">\n            <h2 class=\"heading-lg\">Friheten<\/h2>\n            <div class=\"mb-6 mt-4 wysiwyg\">\n                <p>M\u00f6blerad f\u00f6r styrelsesittning med 15 platser. Utrustad med projektor och projektorduk.<\/p>\n\n            <\/div>\n                    <\/div>\n        <\/div>\n    <\/div>\n<\/div>","protected":false},"excerpt":{"rendered":"","protected":false},"author":10,"featured_media":0,"parent":262,"menu_order":0,"comment_status":"closed","ping_status":"closed","template":"","meta":{"_acf_changed":false,"footnotes":""},"class_list":["post-1111","page","type-page","status-publish","hentry"],"acf":[],"yoast_head":"<!-- This site is optimized with the Yoast SEO plugin v27.0 - https:\/\/yoast.com\/product\/yoast-seo-wordpress\/ -->\n<title>Falun 2 - Dalarna<\/title>\n<meta name=\"robots\" content=\"index, follow, max-snippet:-1, max-image-preview:large, max-video-preview:-1\" \/>\n<link rel=\"canonical\" href=\"https:\/\/www.abf.se\/dalarna\/vara-orter\/falun-2\/\" \/>\n<meta property=\"og:locale\" content=\"sv_SE\" \/>\n<meta property=\"og:type\" content=\"article\" \/>\n<meta property=\"og:title\" content=\"Falun 2 - Dalarna\" \/>\n<meta property=\"og:url\" content=\"https:\/\/www.abf.se\/dalarna\/vara-orter\/falun-2\/\" \/>\n<meta property=\"og:site_name\" content=\"Dalarna\" \/>\n<meta property=\"article:modified_time\" content=\"2026-04-24T12:15:52+00:00\" \/>\n<meta property=\"og:image\" content=\"https:\/\/www.abf.se\/wp-content\/uploads\/sites\/51\/2024\/04\/Nyckeln-liggande-scaled.jpg\" \/>\n\t<meta property=\"og:image:width\" content=\"2560\" \/>\n\t<meta property=\"og:image:height\" content=\"1440\" \/>\n\t<meta property=\"og:image:type\" content=\"image\/jpeg\" \/>\n<meta name=\"twitter:card\" content=\"summary_large_image\" \/>\n<script type=\"application\/ld+json\" class=\"yoast-schema-graph\">{\"@context\":\"https:\/\/schema.org\",\"@graph\":[{\"@type\":\"WebPage\",\"@id\":\"https:\/\/www.abf.se\/dalarna\/vara-orter\/falun-2\/\",\"url\":\"https:\/\/www.abf.se\/dalarna\/vara-orter\/falun-2\/\",\"name\":\"Falun 2 - Dalarna\",\"isPartOf\":{\"@id\":\"https:\/\/www.abf.se\/dalarna\/#website\"},\"datePublished\":\"2025-11-24T10:30:35+00:00\",\"dateModified\":\"2026-04-24T12:15:52+00:00\",\"breadcrumb\":{\"@id\":\"https:\/\/www.abf.se\/dalarna\/vara-orter\/falun-2\/#breadcrumb\"},\"inLanguage\":\"sv-SE\",\"potentialAction\":[{\"@type\":\"ReadAction\",\"target\":[\"https:\/\/www.abf.se\/dalarna\/vara-orter\/falun-2\/\"]}]},{\"@type\":\"BreadcrumbList\",\"@id\":\"https:\/\/www.abf.se\/dalarna\/vara-orter\/falun-2\/#breadcrumb\",\"itemListElement\":[{\"@type\":\"ListItem\",\"position\":1,\"name\":\"Home\",\"item\":\"https:\/\/www.abf.se\/dalarna\/\"},{\"@type\":\"ListItem\",\"position\":2,\"name\":\"V\u00e5ra orter\",\"item\":\"https:\/\/www.abf.se\/dalarna\/vara-orter\/\"},{\"@type\":\"ListItem\",\"position\":3,\"name\":\"Falun 2\"}]},{\"@type\":\"WebSite\",\"@id\":\"https:\/\/www.abf.se\/dalarna\/#website\",\"url\":\"https:\/\/www.abf.se\/dalarna\/\",\"name\":\"Dalarna\",\"description\":\"\",\"potentialAction\":[{\"@type\":\"SearchAction\",\"target\":{\"@type\":\"EntryPoint\",\"urlTemplate\":\"https:\/\/www.abf.se\/dalarna\/?s={search_term_string}\"},\"query-input\":{\"@type\":\"PropertyValueSpecification\",\"valueRequired\":true,\"valueName\":\"search_term_string\"}}],\"inLanguage\":\"sv-SE\"}]}<\/script>\n<!-- \/ Yoast SEO plugin. -->","yoast_head_json":{"title":"Falun 2 - Dalarna","robots":{"index":"index","follow":"follow","max-snippet":"max-snippet:-1","max-image-preview":"max-image-preview:large","max-video-preview":"max-video-preview:-1"},"canonical":"https:\/\/www.abf.se\/dalarna\/vara-orter\/falun-2\/","og_locale":"sv_SE","og_type":"article","og_title":"Falun 2 - Dalarna","og_url":"https:\/\/www.abf.se\/dalarna\/vara-orter\/falun-2\/","og_site_name":"Dalarna","article_modified_time":"2026-04-24T12:15:52+00:00","og_image":[{"width":2560,"height":1440,"url":"https:\/\/www.abf.se\/wp-content\/uploads\/sites\/51\/2024\/04\/Nyckeln-liggande-scaled.jpg","type":"image\/jpeg"}],"twitter_card":"summary_large_image","schema":{"@context":"https:\/\/schema.org","@graph":[{"@type":"WebPage","@id":"https:\/\/www.abf.se\/dalarna\/vara-orter\/falun-2\/","url":"https:\/\/www.abf.se\/dalarna\/vara-orter\/falun-2\/","name":"Falun 2 - Dalarna","isPartOf":{"@id":"https:\/\/www.abf.se\/dalarna\/#website"},"datePublished":"2025-11-24T10:30:35+00:00","dateModified":"2026-04-24T12:15:52+00:00","breadcrumb":{"@id":"https:\/\/www.abf.se\/dalarna\/vara-orter\/falun-2\/#breadcrumb"},"inLanguage":"sv-SE","potentialAction":[{"@type":"ReadAction","target":["https:\/\/www.abf.se\/dalarna\/vara-orter\/falun-2\/"]}]},{"@type":"BreadcrumbList","@id":"https:\/\/www.abf.se\/dalarna\/vara-orter\/falun-2\/#breadcrumb","itemListElement":[{"@type":"ListItem","position":1,"name":"Home","item":"https:\/\/www.abf.se\/dalarna\/"},{"@type":"ListItem","position":2,"name":"V\u00e5ra orter","item":"https:\/\/www.abf.se\/dalarna\/vara-orter\/"},{"@type":"ListItem","position":3,"name":"Falun 2"}]},{"@type":"WebSite","@id":"https:\/\/www.abf.se\/dalarna\/#website","url":"https:\/\/www.abf.se\/dalarna\/","name":"Dalarna","description":"","potentialAction":[{"@type":"SearchAction","target":{"@type":"EntryPoint","urlTemplate":"https:\/\/www.abf.se\/dalarna\/?s={search_term_string}"},"query-input":{"@type":"PropertyValueSpecification","valueRequired":true,"valueName":"search_term_string"}}],"inLanguage":"sv-SE"}]}},"_links":{"self":[{"href":"https:\/\/www.abf.se\/dalarna\/wp-json\/wp\/v2\/pages\/1111","targetHints":{"allow":["GET"]}}],"collection":[{"href":"https:\/\/www.abf.se\/dalarna\/wp-json\/wp\/v2\/pages"}],"about":[{"href":"https:\/\/www.abf.se\/dalarna\/wp-json\/wp\/v2\/types\/page"}],"author":[{"embeddable":true,"href":"https:\/\/www.abf.se\/dalarna\/wp-json\/wp\/v2\/users\/10"}],"replies":[{"embeddable":true,"href":"https:\/\/www.abf.se\/dalarna\/wp-json\/wp\/v2\/comments?post=1111"}],"version-history":[{"count":5,"href":"https:\/\/www.abf.se\/dalarna\/wp-json\/wp\/v2\/pages\/1111\/revisions"}],"predecessor-version":[{"id":1308,"href":"https:\/\/www.abf.se\/dalarna\/wp-json\/wp\/v2\/pages\/1111\/revisions\/1308"}],"up":[{"embeddable":true,"href":"https:\/\/www.abf.se\/dalarna\/wp-json\/wp\/v2\/pages\/262"}],"wp:attachment":[{"href":"https:\/\/www.abf.se\/dalarna\/wp-json\/wp\/v2\/media?parent=1111"}],"curies":[{"name":"wp","href":"https:\/\/api.w.org\/{rel}","templated":true}]}}