{"id":168,"date":"2024-04-24T13:44:56","date_gmt":"2024-04-24T11:44:56","guid":{"rendered":"https:\/\/www.abf.se\/sodra-ostra-dalarna\/?page_id=168"},"modified":"2024-06-18T14:45:15","modified_gmt":"2024-06-18T12:45:15","slug":"cirkelledare-hos-abf","status":"publish","type":"page","link":"https:\/\/www.abf.se\/dalarna\/cirkelledare-hos-abf\/","title":{"rendered":"Cirkelledare hos ABF"},"content":{"rendered":"<div\n    class=\"acf-hero-block container-lg no-padding mb-12 js-geolocation\"\n    data-block=\"hero-block\"\n    data-index=\"0\"\n>\n    <div class=\"h-[548px]  relative rounded-[32px] overflow-hidden flex bg-gray-light\">\n        <div class=\"relative z-10 mt-auto h-auto w-full md:h-full\">\n            <div class=\"flex w-full h-full flex-col flex-wrap justify-end w-full md:w-7\/12 lg:w-1\/2 md:justify-center\">\n                <div class=\"flex flex-col gap-3 md:gap-[18px] md:transparent pt-16 pb-36 md:py-8 px-4 w-full md:max-w-[620px] mx-auto px-8\">\n\n                    <h1 class=\"hero-heading\"><span>Cirkelledare hos ABF<\/span><\/h1>\n\n                    \n                                    <\/div>\n            <\/div>\n        <\/div>\n\n        \n\n                    <figure class=\"absolute bottom-0  md:w-1\/2 transform right-0 translate-x-10 md:translate-x-32\">\n                <img decoding=\"async\"\n                    alt=\"\"\n                    aria-hidden=\"true\"\n                    class=\"h-auto w-full\"\n                    role=\"presentation\"\n                    src=\"\/assets\/images\/two_circles_bottom.svg\"\n                >\n            <\/figure>\n            <\/div>\n\n    <\/div>\n\n<div\n    class=\"acf-section-breaker-text my-8 container-lg\"\n    data-block=\"section-breaker-text\"\n>\n    <div class=\"round-corners-lg overflow-hidden pt-36 pb-8 px-5 md:p-16 relative grid grid-cols-1 md:grid-cols-2 lg:grid-cols-5 grid-flow-col-dense\">\n\n            <picture class=\"as-background-image\"><img decoding=\"async\" src=\"https:\/\/www.abf.se\/dalarna\/resized\/?url=https%3A%2F%2Fwww.abf.se%2Fwp-content%2Fuploads%2F2023%2F11%2FTrion-liggande_IMGP.jpg&#038;fit=crop&#038;w=1440&#038;s=a7f51792ec937614cb940e79b276ba83\" srcset=\"https:\/\/www.abf.se\/dalarna\/resized\/?url=https%3A%2F%2Fwww.abf.se%2Fwp-content%2Fuploads%2F2023%2F11%2FTrion-liggande_IMGP.jpg&#038;fit=crop&#038;w=375&#038;h=540&#038;s=4668a83b67c9deaae527b55fbc9f952b 375w, https:\/\/www.abf.se\/dalarna\/resized\/?url=https%3A%2F%2Fwww.abf.se%2Fwp-content%2Fuploads%2F2023%2F11%2FTrion-liggande_IMGP.jpg&#038;fit=crop&#038;w=499&#038;h=540&#038;s=917a3727aba5b4dd201c76e00bcc8e5a 499w, https:\/\/www.abf.se\/dalarna\/resized\/?url=https%3A%2F%2Fwww.abf.se%2Fwp-content%2Fuploads%2F2023%2F11%2FTrion-liggande_IMGP.jpg&#038;fit=crop&#038;w=623&#038;h=540&#038;s=116a3fffdd1417907991ad9188c8a0d6 623w, https:\/\/www.abf.se\/dalarna\/resized\/?url=https%3A%2F%2Fwww.abf.se%2Fwp-content%2Fuploads%2F2023%2F11%2FTrion-liggande_IMGP.jpg&#038;fit=crop&#038;w=747&#038;h=540&#038;s=dba1fc3ac584fc7514da65ab224597e9 747w, https:\/\/www.abf.se\/dalarna\/resized\/?url=https%3A%2F%2Fwww.abf.se%2Fwp-content%2Fuploads%2F2023%2F11%2FTrion-liggande_IMGP.jpg&#038;fit=crop&#038;w=750&#038;h=540&#038;s=b75e1d8aa29fdd449eca18014c44ba38 750w, https:\/\/www.abf.se\/dalarna\/resized\/?url=https%3A%2F%2Fwww.abf.se%2Fwp-content%2Fuploads%2F2023%2F11%2FTrion-liggande_IMGP.jpg&#038;fit=crop&#038;w=871&#038;h=540&#038;s=28315351100076c6e7ce2938bd3083f7 871w, https:\/\/www.abf.se\/dalarna\/resized\/?url=https%3A%2F%2Fwww.abf.se%2Fwp-content%2Fuploads%2F2023%2F11%2FTrion-liggande_IMGP.jpg&#038;fit=crop&#038;w=995&#038;h=540&#038;s=1fc14b99d303f02d600e2e39808ae44e 995w, https:\/\/www.abf.se\/dalarna\/resized\/?url=https%3A%2F%2Fwww.abf.se%2Fwp-content%2Fuploads%2F2023%2F11%2FTrion-liggande_IMGP.jpg&#038;fit=crop&#038;w=998&#038;h=540&#038;s=4626d04732af7ab975371b32ae2699e5 998w, https:\/\/www.abf.se\/dalarna\/resized\/?url=https%3A%2F%2Fwww.abf.se%2Fwp-content%2Fuploads%2F2023%2F11%2FTrion-liggande_IMGP.jpg&#038;fit=crop&#038;w=1119&#038;h=540&#038;s=b37140919266d5d9ea9f966ee3a8ebb4 1119w, https:\/\/www.abf.se\/dalarna\/resized\/?url=https%3A%2F%2Fwww.abf.se%2Fwp-content%2Fuploads%2F2023%2F11%2FTrion-liggande_IMGP.jpg&#038;fit=crop&#038;w=1243&#038;h=540&#038;s=f546447f567e4ebabc59d5bfb719b15d 1243w, https:\/\/www.abf.se\/dalarna\/resized\/?url=https%3A%2F%2Fwww.abf.se%2Fwp-content%2Fuploads%2F2023%2F11%2FTrion-liggande_IMGP.jpg&#038;fit=crop&#038;w=1246&#038;h=540&#038;s=14fcfb3b2a05ea143d44c6dfd37b3018 1246w, https:\/\/www.abf.se\/dalarna\/resized\/?url=https%3A%2F%2Fwww.abf.se%2Fwp-content%2Fuploads%2F2023%2F11%2FTrion-liggande_IMGP.jpg&#038;fit=crop&#038;w=1367&#038;h=540&#038;s=b84e43d99761d132282cbb3dc89e8fec 1367w, https:\/\/www.abf.se\/dalarna\/resized\/?url=https%3A%2F%2Fwww.abf.se%2Fwp-content%2Fuploads%2F2023%2F11%2FTrion-liggande_IMGP.jpg&#038;fit=crop&#038;w=1440&#038;h=540&#038;s=fa6d9f2675fd4b9b979174cbcaff02aa 1440w, https:\/\/www.abf.se\/dalarna\/resized\/?url=https%3A%2F%2Fwww.abf.se%2Fwp-content%2Fuploads%2F2023%2F11%2FTrion-liggande_IMGP.jpg&#038;fit=crop&#038;w=1494&#038;h=540&#038;s=223730de9036e8fdd7730d91dccf5e17 1494w, https:\/\/www.abf.se\/dalarna\/resized\/?url=https%3A%2F%2Fwww.abf.se%2Fwp-content%2Fuploads%2F2023%2F11%2FTrion-liggande_IMGP.jpg&#038;fit=crop&#038;w=1742&#038;h=540&#038;s=a1ebb3896bef700162f2e166fccdc125 1742w, https:\/\/www.abf.se\/dalarna\/resized\/?url=https%3A%2F%2Fwww.abf.se%2Fwp-content%2Fuploads%2F2023%2F11%2FTrion-liggande_IMGP.jpg&#038;fit=crop&#038;w=1990&#038;h=540&#038;s=0474b35757073b1cdbb53e154048fb24 1990w, https:\/\/www.abf.se\/dalarna\/resized\/?url=https%3A%2F%2Fwww.abf.se%2Fwp-content%2Fuploads%2F2023%2F11%2FTrion-liggande_IMGP.jpg&#038;fit=crop&#038;w=2238&#038;h=540&#038;s=a0cbd5815d3dbfd30e35db0cdfd3820e 2238w, https:\/\/www.abf.se\/dalarna\/resized\/?url=https%3A%2F%2Fwww.abf.se%2Fwp-content%2Fuploads%2F2023%2F11%2FTrion-liggande_IMGP.jpg&#038;fit=crop&#038;w=2486&#038;h=540&#038;s=b21678ee78721a5801c0860a44ce2de7 2486w, https:\/\/www.abf.se\/dalarna\/resized\/?url=https%3A%2F%2Fwww.abf.se%2Fwp-content%2Fuploads%2F2023%2F11%2FTrion-liggande_IMGP.jpg&#038;fit=crop&#038;w=2734&#038;h=540&#038;s=373e2fe545baaf2667540de23a3d55d7 2734w\" alt=\"\" height=\"540\" width=\"1440\" sizes=\"auto, \n            (max-width: 1440px) calc(100vw - 32px), 1440px\" loading=\"lazy\" fetchpriority=\"low\" aria-hidden=\"true\" role=\"presentation\" \/><\/picture>\n                <div class=\"bg-white round-corners-sm px-10 py-11 col-span-1  relative z-10 col-start-4 col-end-[-1]\">\n            <h2 class=\"heading-lg mb-4\">Jag \u00e4r cirkelledare!<\/h2>\n            <div style=\"font-size: 1.25rem; color: black;\" class=\"body-xl wysiwyg\"><p>H\u00e4r har vi samlat bra information f\u00f6r dig som redan \u00e4r cirkelledare hos oss.<\/p>\n<\/div>\n                                            <a href='https:\/\/www.abf.se\/sodra-ostra-dalarna\/jag-ar-cirkelledare\/' class=\"default-button mt-8\" target=\"\">Information f\u00f6r cirkelledare<\/a>\n                    \n        <\/div>\n    <\/div>\n<\/div>\n<div\n    class=\"acf-section-breaker-text my-8 container-lg\"\n    data-block=\"section-breaker-text\"\n>\n    <div class=\"round-corners-lg overflow-hidden pt-36 pb-8 px-5 md:p-16 relative grid grid-cols-1 md:grid-cols-2 lg:grid-cols-5 grid-flow-col-dense\">\n\n            <picture class=\"as-background-image\"><img decoding=\"async\" src=\"https:\/\/www.abf.se\/dalarna\/resized\/?url=https%3A%2F%2Fwww.abf.se%2Fwp-content%2Fuploads%2F2024%2F04%2FSamhalle-Politik-Fackligt-01.jpg&#038;fit=crop&#038;w=1440&#038;s=dc79ef60cc933c926d45da32b60507f7\" srcset=\"https:\/\/www.abf.se\/dalarna\/resized\/?url=https%3A%2F%2Fwww.abf.se%2Fwp-content%2Fuploads%2F2024%2F04%2FSamhalle-Politik-Fackligt-01.jpg&#038;fit=crop&#038;w=375&#038;h=540&#038;s=8787921626f266bd6f3167be84bc9b54 375w, https:\/\/www.abf.se\/dalarna\/resized\/?url=https%3A%2F%2Fwww.abf.se%2Fwp-content%2Fuploads%2F2024%2F04%2FSamhalle-Politik-Fackligt-01.jpg&#038;fit=crop&#038;w=499&#038;h=540&#038;s=3e5aa4c4674b58be3efca0c4c84dfd1b 499w, https:\/\/www.abf.se\/dalarna\/resized\/?url=https%3A%2F%2Fwww.abf.se%2Fwp-content%2Fuploads%2F2024%2F04%2FSamhalle-Politik-Fackligt-01.jpg&#038;fit=crop&#038;w=623&#038;h=540&#038;s=c49b8be0c32136306e0458046cf73b04 623w, https:\/\/www.abf.se\/dalarna\/resized\/?url=https%3A%2F%2Fwww.abf.se%2Fwp-content%2Fuploads%2F2024%2F04%2FSamhalle-Politik-Fackligt-01.jpg&#038;fit=crop&#038;w=747&#038;h=540&#038;s=8ac1474af295abb2ee9f2188701afbb1 747w, https:\/\/www.abf.se\/dalarna\/resized\/?url=https%3A%2F%2Fwww.abf.se%2Fwp-content%2Fuploads%2F2024%2F04%2FSamhalle-Politik-Fackligt-01.jpg&#038;fit=crop&#038;w=750&#038;h=540&#038;s=d4d3712be41669e721f7cbba9cced7a8 750w, https:\/\/www.abf.se\/dalarna\/resized\/?url=https%3A%2F%2Fwww.abf.se%2Fwp-content%2Fuploads%2F2024%2F04%2FSamhalle-Politik-Fackligt-01.jpg&#038;fit=crop&#038;w=871&#038;h=540&#038;s=d9fa327005b14fb710a4ad2891228e00 871w, https:\/\/www.abf.se\/dalarna\/resized\/?url=https%3A%2F%2Fwww.abf.se%2Fwp-content%2Fuploads%2F2024%2F04%2FSamhalle-Politik-Fackligt-01.jpg&#038;fit=crop&#038;w=995&#038;h=540&#038;s=67be3f66fe29972b03b6d1182e1ace07 995w, https:\/\/www.abf.se\/dalarna\/resized\/?url=https%3A%2F%2Fwww.abf.se%2Fwp-content%2Fuploads%2F2024%2F04%2FSamhalle-Politik-Fackligt-01.jpg&#038;fit=crop&#038;w=998&#038;h=540&#038;s=5c4eedfedcd331971ccf4937b4567e53 998w, https:\/\/www.abf.se\/dalarna\/resized\/?url=https%3A%2F%2Fwww.abf.se%2Fwp-content%2Fuploads%2F2024%2F04%2FSamhalle-Politik-Fackligt-01.jpg&#038;fit=crop&#038;w=1119&#038;h=540&#038;s=2798fee513afc1b28cf96ff987aefe22 1119w, https:\/\/www.abf.se\/dalarna\/resized\/?url=https%3A%2F%2Fwww.abf.se%2Fwp-content%2Fuploads%2F2024%2F04%2FSamhalle-Politik-Fackligt-01.jpg&#038;fit=crop&#038;w=1243&#038;h=540&#038;s=900e96e1a6f78dbaadb59039483bc80c 1243w, https:\/\/www.abf.se\/dalarna\/resized\/?url=https%3A%2F%2Fwww.abf.se%2Fwp-content%2Fuploads%2F2024%2F04%2FSamhalle-Politik-Fackligt-01.jpg&#038;fit=crop&#038;w=1246&#038;h=540&#038;s=1f22e82c55376cd7afb99537f67cdd1e 1246w, https:\/\/www.abf.se\/dalarna\/resized\/?url=https%3A%2F%2Fwww.abf.se%2Fwp-content%2Fuploads%2F2024%2F04%2FSamhalle-Politik-Fackligt-01.jpg&#038;fit=crop&#038;w=1367&#038;h=540&#038;s=004b3ff87f90523b7438552756c39c57 1367w, https:\/\/www.abf.se\/dalarna\/resized\/?url=https%3A%2F%2Fwww.abf.se%2Fwp-content%2Fuploads%2F2024%2F04%2FSamhalle-Politik-Fackligt-01.jpg&#038;fit=crop&#038;w=1440&#038;h=540&#038;s=dad44a4517201b0fefb83c1cbe8743e6 1440w, https:\/\/www.abf.se\/dalarna\/resized\/?url=https%3A%2F%2Fwww.abf.se%2Fwp-content%2Fuploads%2F2024%2F04%2FSamhalle-Politik-Fackligt-01.jpg&#038;fit=crop&#038;w=1494&#038;h=540&#038;s=54faeae3ec3a155034cb31af5623c22e 1494w, https:\/\/www.abf.se\/dalarna\/resized\/?url=https%3A%2F%2Fwww.abf.se%2Fwp-content%2Fuploads%2F2024%2F04%2FSamhalle-Politik-Fackligt-01.jpg&#038;fit=crop&#038;w=1742&#038;h=540&#038;s=a820fb747393f0f947cccf5336a46ae8 1742w, https:\/\/www.abf.se\/dalarna\/resized\/?url=https%3A%2F%2Fwww.abf.se%2Fwp-content%2Fuploads%2F2024%2F04%2FSamhalle-Politik-Fackligt-01.jpg&#038;fit=crop&#038;w=1990&#038;h=540&#038;s=6ef225ebb7ea14e4bd5f50ef30a51a92 1990w, https:\/\/www.abf.se\/dalarna\/resized\/?url=https%3A%2F%2Fwww.abf.se%2Fwp-content%2Fuploads%2F2024%2F04%2FSamhalle-Politik-Fackligt-01.jpg&#038;fit=crop&#038;w=2238&#038;h=540&#038;s=313ebe56888f1cb954e90b47d64007e3 2238w, https:\/\/www.abf.se\/dalarna\/resized\/?url=https%3A%2F%2Fwww.abf.se%2Fwp-content%2Fuploads%2F2024%2F04%2FSamhalle-Politik-Fackligt-01.jpg&#038;fit=crop&#038;w=2486&#038;h=540&#038;s=40a59d51aa069ef69b6d563ad8b7a5e5 2486w, https:\/\/www.abf.se\/dalarna\/resized\/?url=https%3A%2F%2Fwww.abf.se%2Fwp-content%2Fuploads%2F2024%2F04%2FSamhalle-Politik-Fackligt-01.jpg&#038;fit=crop&#038;w=2734&#038;h=540&#038;s=ec7363f5d9fe1e31c26be3b8d7498e9c 2734w\" alt=\"\" height=\"540\" width=\"1440\" sizes=\"auto, \n            (max-width: 1440px) calc(100vw - 32px), 1440px\" loading=\"lazy\" fetchpriority=\"low\" aria-hidden=\"true\" role=\"presentation\" \/><\/picture>\n                <div class=\"bg-white round-corners-sm px-10 py-11 col-span-1  relative z-10 col-span-3\">\n            <h2 class=\"heading-lg mb-4\">Jag vill bli cirkelledare!<\/h2>\n            <div style=\"font-size: 1.25rem; color: black;\" class=\"body-xl wysiwyg\"><p>H\u00e4r har vi samlat bra information f\u00f6r dig som \u00e4r nyfiken p\u00e5 cirkelledarrollen och vad det inneb\u00e4r!<\/p>\n<\/div>\n                                            <a href='https:\/\/www.abf.se\/sodra-ostra-dalarna\/cirkelledare-hos-abf\/checklista-for-studiecirkel\/' class=\"default-button mt-8\" target=\"\">L\u00e4s mer om studiecirklar!<\/a>\n                    \n        <\/div>\n    <\/div>\n<\/div>\n","protected":false},"excerpt":{"rendered":"","protected":false},"author":10,"featured_media":0,"parent":0,"menu_order":0,"comment_status":"closed","ping_status":"closed","template":"","meta":{"_acf_changed":false,"footnotes":""},"class_list":["post-168","page","type-page","status-publish","hentry"],"acf":[],"yoast_head":"<!-- This site is optimized with the Yoast SEO plugin v27.0 - https:\/\/yoast.com\/product\/yoast-seo-wordpress\/ -->\n<title>Cirkelledare hos ABF - Dalarna<\/title>\n<meta name=\"robots\" content=\"index, follow, max-snippet:-1, max-image-preview:large, max-video-preview:-1\" \/>\n<link rel=\"canonical\" href=\"https:\/\/www.abf.se\/dalarna\/cirkelledare-hos-abf\/\" \/>\n<meta property=\"og:locale\" content=\"sv_SE\" \/>\n<meta property=\"og:type\" content=\"article\" \/>\n<meta property=\"og:title\" content=\"Cirkelledare hos ABF - Dalarna\" \/>\n<meta property=\"og:url\" content=\"https:\/\/www.abf.se\/dalarna\/cirkelledare-hos-abf\/\" \/>\n<meta property=\"og:site_name\" content=\"Dalarna\" \/>\n<meta property=\"article:modified_time\" content=\"2024-06-18T12:45:15+00:00\" \/>\n<meta property=\"og:image\" content=\"https:\/\/www.abf.se\/wp-content\/uploads\/sites\/51\/2024\/04\/Nyckeln-liggande-scaled.jpg\" \/>\n\t<meta property=\"og:image:width\" content=\"2560\" \/>\n\t<meta property=\"og:image:height\" content=\"1440\" \/>\n\t<meta property=\"og:image:type\" content=\"image\/jpeg\" \/>\n<meta name=\"twitter:card\" content=\"summary_large_image\" \/>\n<script type=\"application\/ld+json\" class=\"yoast-schema-graph\">{\"@context\":\"https:\/\/schema.org\",\"@graph\":[{\"@type\":\"WebPage\",\"@id\":\"https:\/\/www.abf.se\/dalarna\/cirkelledare-hos-abf\/\",\"url\":\"https:\/\/www.abf.se\/dalarna\/cirkelledare-hos-abf\/\",\"name\":\"Cirkelledare hos ABF - Dalarna\",\"isPartOf\":{\"@id\":\"https:\/\/www.abf.se\/dalarna\/#website\"},\"datePublished\":\"2024-04-24T11:44:56+00:00\",\"dateModified\":\"2024-06-18T12:45:15+00:00\",\"breadcrumb\":{\"@id\":\"https:\/\/www.abf.se\/dalarna\/cirkelledare-hos-abf\/#breadcrumb\"},\"inLanguage\":\"sv-SE\",\"potentialAction\":[{\"@type\":\"ReadAction\",\"target\":[\"https:\/\/www.abf.se\/dalarna\/cirkelledare-hos-abf\/\"]}]},{\"@type\":\"BreadcrumbList\",\"@id\":\"https:\/\/www.abf.se\/dalarna\/cirkelledare-hos-abf\/#breadcrumb\",\"itemListElement\":[{\"@type\":\"ListItem\",\"position\":1,\"name\":\"Home\",\"item\":\"https:\/\/www.abf.se\/dalarna\/\"},{\"@type\":\"ListItem\",\"position\":2,\"name\":\"Cirkelledare hos ABF\"}]},{\"@type\":\"WebSite\",\"@id\":\"https:\/\/www.abf.se\/dalarna\/#website\",\"url\":\"https:\/\/www.abf.se\/dalarna\/\",\"name\":\"Dalarna\",\"description\":\"\",\"potentialAction\":[{\"@type\":\"SearchAction\",\"target\":{\"@type\":\"EntryPoint\",\"urlTemplate\":\"https:\/\/www.abf.se\/dalarna\/?s={search_term_string}\"},\"query-input\":{\"@type\":\"PropertyValueSpecification\",\"valueRequired\":true,\"valueName\":\"search_term_string\"}}],\"inLanguage\":\"sv-SE\"}]}<\/script>\n<!-- \/ Yoast SEO plugin. -->","yoast_head_json":{"title":"Cirkelledare hos ABF - Dalarna","robots":{"index":"index","follow":"follow","max-snippet":"max-snippet:-1","max-image-preview":"max-image-preview:large","max-video-preview":"max-video-preview:-1"},"canonical":"https:\/\/www.abf.se\/dalarna\/cirkelledare-hos-abf\/","og_locale":"sv_SE","og_type":"article","og_title":"Cirkelledare hos ABF - Dalarna","og_url":"https:\/\/www.abf.se\/dalarna\/cirkelledare-hos-abf\/","og_site_name":"Dalarna","article_modified_time":"2024-06-18T12:45:15+00:00","og_image":[{"width":2560,"height":1440,"url":"https:\/\/www.abf.se\/wp-content\/uploads\/sites\/51\/2024\/04\/Nyckeln-liggande-scaled.jpg","type":"image\/jpeg"}],"twitter_card":"summary_large_image","schema":{"@context":"https:\/\/schema.org","@graph":[{"@type":"WebPage","@id":"https:\/\/www.abf.se\/dalarna\/cirkelledare-hos-abf\/","url":"https:\/\/www.abf.se\/dalarna\/cirkelledare-hos-abf\/","name":"Cirkelledare hos ABF - Dalarna","isPartOf":{"@id":"https:\/\/www.abf.se\/dalarna\/#website"},"datePublished":"2024-04-24T11:44:56+00:00","dateModified":"2024-06-18T12:45:15+00:00","breadcrumb":{"@id":"https:\/\/www.abf.se\/dalarna\/cirkelledare-hos-abf\/#breadcrumb"},"inLanguage":"sv-SE","potentialAction":[{"@type":"ReadAction","target":["https:\/\/www.abf.se\/dalarna\/cirkelledare-hos-abf\/"]}]},{"@type":"BreadcrumbList","@id":"https:\/\/www.abf.se\/dalarna\/cirkelledare-hos-abf\/#breadcrumb","itemListElement":[{"@type":"ListItem","position":1,"name":"Home","item":"https:\/\/www.abf.se\/dalarna\/"},{"@type":"ListItem","position":2,"name":"Cirkelledare hos ABF"}]},{"@type":"WebSite","@id":"https:\/\/www.abf.se\/dalarna\/#website","url":"https:\/\/www.abf.se\/dalarna\/","name":"Dalarna","description":"","potentialAction":[{"@type":"SearchAction","target":{"@type":"EntryPoint","urlTemplate":"https:\/\/www.abf.se\/dalarna\/?s={search_term_string}"},"query-input":{"@type":"PropertyValueSpecification","valueRequired":true,"valueName":"search_term_string"}}],"inLanguage":"sv-SE"}]}},"_links":{"self":[{"href":"https:\/\/www.abf.se\/dalarna\/wp-json\/wp\/v2\/pages\/168","targetHints":{"allow":["GET"]}}],"collection":[{"href":"https:\/\/www.abf.se\/dalarna\/wp-json\/wp\/v2\/pages"}],"about":[{"href":"https:\/\/www.abf.se\/dalarna\/wp-json\/wp\/v2\/types\/page"}],"author":[{"embeddable":true,"href":"https:\/\/www.abf.se\/dalarna\/wp-json\/wp\/v2\/users\/10"}],"replies":[{"embeddable":true,"href":"https:\/\/www.abf.se\/dalarna\/wp-json\/wp\/v2\/comments?post=168"}],"version-history":[{"count":9,"href":"https:\/\/www.abf.se\/dalarna\/wp-json\/wp\/v2\/pages\/168\/revisions"}],"predecessor-version":[{"id":374,"href":"https:\/\/www.abf.se\/dalarna\/wp-json\/wp\/v2\/pages\/168\/revisions\/374"}],"wp:attachment":[{"href":"https:\/\/www.abf.se\/dalarna\/wp-json\/wp\/v2\/media?parent=168"}],"curies":[{"name":"wp","href":"https:\/\/api.w.org\/{rel}","templated":true}]}}