{"id":558,"date":"2024-09-27T11:50:37","date_gmt":"2024-09-27T09:50:37","guid":{"rendered":"https:\/\/www.abf.se\/sodra-ostra-dalarna\/?page_id=558"},"modified":"2024-09-27T14:06:21","modified_gmt":"2024-09-27T12:06:21","slug":"tillganglighetsredogorelse-avesta","status":"publish","type":"page","link":"https:\/\/www.abf.se\/dalarna\/vara-orter\/avesta\/tillganglighetsredogorelse-avesta\/","title":{"rendered":"Tillg\u00e4nglighetsredog\u00f6relse Avesta"},"content":{"rendered":"<div\n    class=\"acf-hero-block container-lg no-padding mb-12 js-geolocation\"\n    data-block=\"hero-block\"\n    data-index=\"0\"\n>\n    <div class=\"h-[548px]  relative rounded-[32px] overflow-hidden flex bg-gray-light\">\n        <div class=\"relative z-10 mt-auto h-auto w-full md:h-full\">\n            <div class=\"flex w-full h-full flex-col flex-wrap justify-end w-full md:w-7\/12 lg:w-1\/2 md:justify-center\">\n                <div class=\"flex flex-col gap-3 md:gap-[18px] md:transparent pt-16 pb-36 md:py-8 px-4 w-full md:max-w-[620px] mx-auto px-8\">\n\n                    <h1 class=\"hero-heading hero-heading--red-text\"><span>Tillg\u00e4nglighetsredog\u00f6relse Avesta<\/span><\/h1>\n\n                                            <p class=\"mt-4 max-w-[48ch] text-white\">\n                            Allas lika r\u00e4tt att delta utg\u00f6r grunden i all samh\u00e4llsomdaning och f\u00f6r ABF \u00e4r detta en viktig del i v\u00e5r v\u00e4rdegrund.\n                        <\/p>\n                    \n                                    <\/div>\n            <\/div>\n        <\/div>\n\n                    <picture class=\"as-background-image mix-blend-multiply bg-black\/40\"><img decoding=\"async\" src=\"https:\/\/www.abf.se\/dalarna\/resized\/?url=https%3A%2F%2Fwww.abf.se%2Fwp-content%2Fuploads%2F2024%2F04%2Fhalsa-vard-livsstil3.jpg&#038;fit=crop&#038;w=1440&#038;s=d6d89c3f2e638a6850120d22cb196748\" srcset=\"https:\/\/www.abf.se\/dalarna\/resized\/?url=https%3A%2F%2Fwww.abf.se%2Fwp-content%2Fuploads%2F2024%2F04%2Fhalsa-vard-livsstil3.jpg&#038;fit=crop&#038;w=375&#038;h=540&#038;s=6a89ef91cab1d43dbb544b0de6ee0422 375w, https:\/\/www.abf.se\/dalarna\/resized\/?url=https%3A%2F%2Fwww.abf.se%2Fwp-content%2Fuploads%2F2024%2F04%2Fhalsa-vard-livsstil3.jpg&#038;fit=crop&#038;w=447&#038;h=540&#038;s=166dc0e70407c58704a840f4f8e1d3ce 447w, https:\/\/www.abf.se\/dalarna\/resized\/?url=https%3A%2F%2Fwww.abf.se%2Fwp-content%2Fuploads%2F2024%2F04%2Fhalsa-vard-livsstil3.jpg&#038;fit=crop&#038;w=519&#038;h=540&#038;s=d89393af26540bc9fb51e26d1653d9d7 519w, https:\/\/www.abf.se\/dalarna\/resized\/?url=https%3A%2F%2Fwww.abf.se%2Fwp-content%2Fuploads%2F2024%2F04%2Fhalsa-vard-livsstil3.jpg&#038;fit=crop&#038;w=591&#038;h=540&#038;s=698d1834c16e4fa18c6c64f1319320d5 591w, https:\/\/www.abf.se\/dalarna\/resized\/?url=https%3A%2F%2Fwww.abf.se%2Fwp-content%2Fuploads%2F2024%2F04%2Fhalsa-vard-livsstil3.jpg&#038;fit=crop&#038;w=663&#038;h=540&#038;s=a7c99e11f646b6fd0df98c1465f27e28 663w, https:\/\/www.abf.se\/dalarna\/resized\/?url=https%3A%2F%2Fwww.abf.se%2Fwp-content%2Fuploads%2F2024%2F04%2Fhalsa-vard-livsstil3.jpg&#038;fit=crop&#038;w=750&#038;h=540&#038;s=178f38a234eaf14868ab74bfd94aeacd 750w, https:\/\/www.abf.se\/dalarna\/resized\/?url=https%3A%2F%2Fwww.abf.se%2Fwp-content%2Fuploads%2F2024%2F04%2Fhalsa-vard-livsstil3.jpg&#038;fit=crop&#038;w=894&#038;h=540&#038;s=e687be951550d7ded946de43fd1d8f0b 894w, https:\/\/www.abf.se\/dalarna\/resized\/?url=https%3A%2F%2Fwww.abf.se%2Fwp-content%2Fuploads%2F2024%2F04%2Fhalsa-vard-livsstil3.jpg&#038;fit=crop&#038;w=1038&#038;h=540&#038;s=61e39624115a79a537fd2c62d0c80498 1038w, https:\/\/www.abf.se\/dalarna\/resized\/?url=https%3A%2F%2Fwww.abf.se%2Fwp-content%2Fuploads%2F2024%2F04%2Fhalsa-vard-livsstil3.jpg&#038;fit=crop&#038;w=1182&#038;h=540&#038;s=becbf6462500e3bd9223b1f745e00a16 1182w, https:\/\/www.abf.se\/dalarna\/resized\/?url=https%3A%2F%2Fwww.abf.se%2Fwp-content%2Fuploads%2F2024%2F04%2Fhalsa-vard-livsstil3.jpg&#038;fit=crop&#038;w=1326&#038;h=540&#038;s=6e3adfeb2b8bdaaf3eb490977061ddad 1326w, https:\/\/www.abf.se\/dalarna\/resized\/?url=https%3A%2F%2Fwww.abf.se%2Fwp-content%2Fuploads%2F2024%2F04%2Fhalsa-vard-livsstil3.jpg&#038;fit=crop&#038;w=1440&#038;h=540&#038;s=6c10bdf1238e4f4bb627fa96d42db20f 1440w\" alt=\"\" height=\"540\" width=\"1440\" sizes=\"(max-width: 1440px) calc(100vw - 32px), 1440px\" loading=\"eager\" fetchpriority=\"high\" aria-hidden=\"true\" role=\"presentation\" \/><\/picture>\n        \n\n            <\/div>\n\n    <\/div>\n\n<div\n    class=\"acf-article-text-block article-container my-12\"\n    data-block=\"article-text-block\"\n>\n    <div class=\"wysiwyg\">\n        <p><strong>V\u00e5r verksamhet anpassas och regleras i ABFs tillg\u00e4nglighetspolicy. Att arbeta aktivt med tillg\u00e4nglighetsfr\u00e5gor \u00e4r en viktig del av v\u00e5rt gemensamma inkluderingsarbete. Det handlar inte enbart om fysisk tillg\u00e4nglighet utan \u00e4ven om ett respektfullt bem\u00f6tande, tillg\u00e4nglig information och kommunikation.<\/strong><\/p>\n<p>F\u00f6ljande redog\u00f6relse redovisar tillg\u00e4ngligheten i v\u00e5r lokal i Avesta kommun och uppdaterades senast 2024-09-26.<\/p>\n<h2>Entr\u00e9er, d\u00f6rrar och utomhusmilj\u00f6<\/h2>\n<ul>\n<li>Det finns en parkering inom 25 meter fr\u00e5n entr\u00e9n d\u00e4r bilar kan stanna. Parkeringen \u00e4r avgiftsfri i 3h men kr\u00e4ver P-skiva.<\/li>\n<li>G\u00e5ngv\u00e4gen som leder fram till entr\u00e9n \u00e4r j\u00e4mn och fast s\u00e5 att den \u00e4ven \u00e4r framkomlig f\u00f6r de som till exempel anv\u00e4nder rullstol eller rullator.<\/li>\n<li>Det \u00e4r m\u00f6jligt att k\u00f6ra fram f\u00e4rdtj\u00e4nstfordon till entr\u00e9d\u00f6rr f\u00f6r upph\u00e4mtning och avl\u00e4mning.<\/li>\n<li>Cykelst\u00e4ll hittar du utanf\u00f6r entr\u00e9n.<\/li>\n<li>D\u00f6rrar som m\u00e5ste passeras har ett fritt passagem\u00e5tt p\u00e5 minst 80 centimeter.<\/li>\n<li>D\u00f6rrar saknar tr\u00f6sklar eller \u00e4r tr\u00f6skeln s\u00e5 l\u00e5g som m\u00f6jligt.<\/li>\n<\/ul>\n<h2>Inomhusmilj\u00f6er<\/h2>\n<ul>\n<li>Deltagarna kan ta sig mellan lokalerna utan att passera trappor eller trappsteg.<\/li>\n<li>Det finns toalett som fungerar f\u00f6r personer som anv\u00e4nder hj\u00e4lpmedel, till exempel rullstol eller eldriven rullstol.<\/li>\n<li>Tillg\u00e4ngliga utrymningsv\u00e4gar finns.<\/li>\n<li>Lokalerna har inga v\u00e4xter och annat som kan framkalla allergi eller inneb\u00e4ra problem f\u00f6r personer med \u00f6verk\u00e4nslighet.<\/li>\n<li>Lokalerna har inga helt\u00e4ckningsmattor.<\/li>\n<li>Lokalerna har bra ljusf\u00f6rh\u00e5llanden.<\/li>\n<li>Lokalerna har bra ljudf\u00f6rh\u00e5llanden.<\/li>\n<li>Det finns bemannade kontor i en avskild del som erbjuder personlig service p\u00e5 fasta \u00f6ppettider.<\/li>\n<\/ul>\n<h2>Teknik och m\u00f6blering<\/h2>\n<ul>\n<li>Det finns teleslinga som fungerar s\u00e5v\u00e4l i salen som p\u00e5 podiet.<\/li>\n<li>Det finns mikrofoner f\u00f6r s\u00e5v\u00e4l talare som deltagare.<\/li>\n<li>Det finns platser f\u00f6r deltagare som anv\u00e4nder rullstol.<\/li>\n<\/ul>\n\n    <\/div>\n<\/div>\n","protected":false},"excerpt":{"rendered":"","protected":false},"author":10,"featured_media":0,"parent":73,"menu_order":0,"comment_status":"closed","ping_status":"closed","template":"","meta":{"_acf_changed":false,"footnotes":""},"class_list":["post-558","page","type-page","status-publish","hentry"],"acf":[],"yoast_head":"<!-- This site is optimized with the Yoast SEO plugin v27.0 - https:\/\/yoast.com\/product\/yoast-seo-wordpress\/ -->\n<title>Tillg\u00e4nglighetsredog\u00f6relse Avesta - Dalarna<\/title>\n<meta name=\"robots\" content=\"index, follow, max-snippet:-1, max-image-preview:large, max-video-preview:-1\" \/>\n<link rel=\"canonical\" href=\"https:\/\/www.abf.se\/dalarna\/vara-orter\/avesta\/tillganglighetsredogorelse-avesta\/\" \/>\n<meta property=\"og:locale\" content=\"sv_SE\" \/>\n<meta property=\"og:type\" content=\"article\" \/>\n<meta property=\"og:title\" content=\"Tillg\u00e4nglighetsredog\u00f6relse Avesta - Dalarna\" \/>\n<meta property=\"og:url\" content=\"https:\/\/www.abf.se\/dalarna\/vara-orter\/avesta\/tillganglighetsredogorelse-avesta\/\" \/>\n<meta property=\"og:site_name\" content=\"Dalarna\" \/>\n<meta property=\"article:modified_time\" content=\"2024-09-27T12:06:21+00:00\" \/>\n<meta property=\"og:image\" content=\"https:\/\/www.abf.se\/wp-content\/uploads\/sites\/51\/2024\/04\/Nyckeln-liggande-scaled.jpg\" \/>\n\t<meta property=\"og:image:width\" content=\"2560\" \/>\n\t<meta property=\"og:image:height\" content=\"1440\" \/>\n\t<meta property=\"og:image:type\" content=\"image\/jpeg\" \/>\n<meta name=\"twitter:card\" content=\"summary_large_image\" \/>\n<script type=\"application\/ld+json\" class=\"yoast-schema-graph\">{\"@context\":\"https:\/\/schema.org\",\"@graph\":[{\"@type\":\"WebPage\",\"@id\":\"https:\/\/www.abf.se\/dalarna\/vara-orter\/avesta\/tillganglighetsredogorelse-avesta\/\",\"url\":\"https:\/\/www.abf.se\/dalarna\/vara-orter\/avesta\/tillganglighetsredogorelse-avesta\/\",\"name\":\"Tillg\u00e4nglighetsredog\u00f6relse Avesta - Dalarna\",\"isPartOf\":{\"@id\":\"https:\/\/www.abf.se\/dalarna\/#website\"},\"datePublished\":\"2024-09-27T09:50:37+00:00\",\"dateModified\":\"2024-09-27T12:06:21+00:00\",\"breadcrumb\":{\"@id\":\"https:\/\/www.abf.se\/dalarna\/vara-orter\/avesta\/tillganglighetsredogorelse-avesta\/#breadcrumb\"},\"inLanguage\":\"sv-SE\",\"potentialAction\":[{\"@type\":\"ReadAction\",\"target\":[\"https:\/\/www.abf.se\/dalarna\/vara-orter\/avesta\/tillganglighetsredogorelse-avesta\/\"]}]},{\"@type\":\"BreadcrumbList\",\"@id\":\"https:\/\/www.abf.se\/dalarna\/vara-orter\/avesta\/tillganglighetsredogorelse-avesta\/#breadcrumb\",\"itemListElement\":[{\"@type\":\"ListItem\",\"position\":1,\"name\":\"Home\",\"item\":\"https:\/\/www.abf.se\/dalarna\/\"},{\"@type\":\"ListItem\",\"position\":2,\"name\":\"V\u00e5ra orter\",\"item\":\"https:\/\/www.abf.se\/dalarna\/vara-orter\/\"},{\"@type\":\"ListItem\",\"position\":3,\"name\":\"Avesta\",\"item\":\"https:\/\/www.abf.se\/dalarna\/vara-orter\/avesta\/\"},{\"@type\":\"ListItem\",\"position\":4,\"name\":\"Tillg\u00e4nglighetsredog\u00f6relse Avesta\"}]},{\"@type\":\"WebSite\",\"@id\":\"https:\/\/www.abf.se\/dalarna\/#website\",\"url\":\"https:\/\/www.abf.se\/dalarna\/\",\"name\":\"Dalarna\",\"description\":\"\",\"potentialAction\":[{\"@type\":\"SearchAction\",\"target\":{\"@type\":\"EntryPoint\",\"urlTemplate\":\"https:\/\/www.abf.se\/dalarna\/?s={search_term_string}\"},\"query-input\":{\"@type\":\"PropertyValueSpecification\",\"valueRequired\":true,\"valueName\":\"search_term_string\"}}],\"inLanguage\":\"sv-SE\"}]}<\/script>\n<!-- \/ Yoast SEO plugin. -->","yoast_head_json":{"title":"Tillg\u00e4nglighetsredog\u00f6relse Avesta - Dalarna","robots":{"index":"index","follow":"follow","max-snippet":"max-snippet:-1","max-image-preview":"max-image-preview:large","max-video-preview":"max-video-preview:-1"},"canonical":"https:\/\/www.abf.se\/dalarna\/vara-orter\/avesta\/tillganglighetsredogorelse-avesta\/","og_locale":"sv_SE","og_type":"article","og_title":"Tillg\u00e4nglighetsredog\u00f6relse Avesta - Dalarna","og_url":"https:\/\/www.abf.se\/dalarna\/vara-orter\/avesta\/tillganglighetsredogorelse-avesta\/","og_site_name":"Dalarna","article_modified_time":"2024-09-27T12:06:21+00:00","og_image":[{"width":2560,"height":1440,"url":"https:\/\/www.abf.se\/wp-content\/uploads\/sites\/51\/2024\/04\/Nyckeln-liggande-scaled.jpg","type":"image\/jpeg"}],"twitter_card":"summary_large_image","schema":{"@context":"https:\/\/schema.org","@graph":[{"@type":"WebPage","@id":"https:\/\/www.abf.se\/dalarna\/vara-orter\/avesta\/tillganglighetsredogorelse-avesta\/","url":"https:\/\/www.abf.se\/dalarna\/vara-orter\/avesta\/tillganglighetsredogorelse-avesta\/","name":"Tillg\u00e4nglighetsredog\u00f6relse Avesta - Dalarna","isPartOf":{"@id":"https:\/\/www.abf.se\/dalarna\/#website"},"datePublished":"2024-09-27T09:50:37+00:00","dateModified":"2024-09-27T12:06:21+00:00","breadcrumb":{"@id":"https:\/\/www.abf.se\/dalarna\/vara-orter\/avesta\/tillganglighetsredogorelse-avesta\/#breadcrumb"},"inLanguage":"sv-SE","potentialAction":[{"@type":"ReadAction","target":["https:\/\/www.abf.se\/dalarna\/vara-orter\/avesta\/tillganglighetsredogorelse-avesta\/"]}]},{"@type":"BreadcrumbList","@id":"https:\/\/www.abf.se\/dalarna\/vara-orter\/avesta\/tillganglighetsredogorelse-avesta\/#breadcrumb","itemListElement":[{"@type":"ListItem","position":1,"name":"Home","item":"https:\/\/www.abf.se\/dalarna\/"},{"@type":"ListItem","position":2,"name":"V\u00e5ra orter","item":"https:\/\/www.abf.se\/dalarna\/vara-orter\/"},{"@type":"ListItem","position":3,"name":"Avesta","item":"https:\/\/www.abf.se\/dalarna\/vara-orter\/avesta\/"},{"@type":"ListItem","position":4,"name":"Tillg\u00e4nglighetsredog\u00f6relse Avesta"}]},{"@type":"WebSite","@id":"https:\/\/www.abf.se\/dalarna\/#website","url":"https:\/\/www.abf.se\/dalarna\/","name":"Dalarna","description":"","potentialAction":[{"@type":"SearchAction","target":{"@type":"EntryPoint","urlTemplate":"https:\/\/www.abf.se\/dalarna\/?s={search_term_string}"},"query-input":{"@type":"PropertyValueSpecification","valueRequired":true,"valueName":"search_term_string"}}],"inLanguage":"sv-SE"}]}},"_links":{"self":[{"href":"https:\/\/www.abf.se\/dalarna\/wp-json\/wp\/v2\/pages\/558","targetHints":{"allow":["GET"]}}],"collection":[{"href":"https:\/\/www.abf.se\/dalarna\/wp-json\/wp\/v2\/pages"}],"about":[{"href":"https:\/\/www.abf.se\/dalarna\/wp-json\/wp\/v2\/types\/page"}],"author":[{"embeddable":true,"href":"https:\/\/www.abf.se\/dalarna\/wp-json\/wp\/v2\/users\/10"}],"replies":[{"embeddable":true,"href":"https:\/\/www.abf.se\/dalarna\/wp-json\/wp\/v2\/comments?post=558"}],"version-history":[{"count":16,"href":"https:\/\/www.abf.se\/dalarna\/wp-json\/wp\/v2\/pages\/558\/revisions"}],"predecessor-version":[{"id":577,"href":"https:\/\/www.abf.se\/dalarna\/wp-json\/wp\/v2\/pages\/558\/revisions\/577"}],"up":[{"embeddable":true,"href":"https:\/\/www.abf.se\/dalarna\/wp-json\/wp\/v2\/pages\/73"}],"wp:attachment":[{"href":"https:\/\/www.abf.se\/dalarna\/wp-json\/wp\/v2\/media?parent=558"}],"curies":[{"name":"wp","href":"https:\/\/api.w.org\/{rel}","templated":true}]}}