{"id":610,"date":"2024-10-16T13:49:12","date_gmt":"2024-10-16T11:49:12","guid":{"rendered":"https:\/\/www.abf.se\/sodra-ostra-dalarna\/?page_id=610"},"modified":"2025-05-07T15:50:11","modified_gmt":"2025-05-07T13:50:11","slug":"faq","status":"publish","type":"page","link":"https:\/\/www.abf.se\/dalarna\/faq\/","title":{"rendered":"FAQ"},"content":{"rendered":"<div\n    class=\"acf-hero-block container-lg no-padding mb-12 js-geolocation\"\n    data-block=\"hero-block\"\n    data-index=\"0\"\n>\n    <div class=\"h-[548px]  relative rounded-[32px] overflow-hidden flex bg-gray-light\">\n        <div class=\"relative z-10 mt-auto h-auto w-full md:h-full\">\n            <div class=\"flex w-full h-full flex-col flex-wrap justify-end w-full md:w-7\/12 lg:w-1\/2 md:justify-center\">\n                <div class=\"flex flex-col gap-3 md:gap-[18px] md:transparent pt-16 pb-36 md:py-8 px-4 w-full md:max-w-[620px] mx-auto px-8\">\n\n                    <h1 class=\"hero-heading hero-heading--red-text\"><span>Fr\u00e5gor och svar (FAQ)<\/span><\/h1>\n\n                                            <p class=\"mt-4 max-w-[48ch] text-white\">\n                            H\u00e4r har vi samlat svaren p\u00e5 n\u00e5gra av de vanligaste fr\u00e5gorna vi f\u00e5r.\n                        <\/p>\n                    \n                                    <\/div>\n            <\/div>\n        <\/div>\n\n                    <picture class=\"as-background-image mix-blend-multiply bg-black\/40\"><img decoding=\"async\" src=\"https:\/\/www.abf.se\/dalarna\/resized\/?url=https%3A%2F%2Fwww.abf.se%2Fwp-content%2Fuploads%2F2024%2F04%2FData-IT-Mobil-05.jpg&#038;fit=crop&#038;w=1440&#038;s=8530e56a15e321b2adad5291572e7e5b\" srcset=\"https:\/\/www.abf.se\/dalarna\/resized\/?url=https%3A%2F%2Fwww.abf.se%2Fwp-content%2Fuploads%2F2024%2F04%2FData-IT-Mobil-05.jpg&#038;fit=crop&#038;w=375&#038;h=540&#038;s=ee4c8e8482a5954beeb3a3c157e7069e 375w, https:\/\/www.abf.se\/dalarna\/resized\/?url=https%3A%2F%2Fwww.abf.se%2Fwp-content%2Fuploads%2F2024%2F04%2FData-IT-Mobil-05.jpg&#038;fit=crop&#038;w=447&#038;h=540&#038;s=32bf36ba1206993aeb60062ca2169a30 447w, https:\/\/www.abf.se\/dalarna\/resized\/?url=https%3A%2F%2Fwww.abf.se%2Fwp-content%2Fuploads%2F2024%2F04%2FData-IT-Mobil-05.jpg&#038;fit=crop&#038;w=519&#038;h=540&#038;s=9aec795d387bc758ef9bfd2c7b822966 519w, https:\/\/www.abf.se\/dalarna\/resized\/?url=https%3A%2F%2Fwww.abf.se%2Fwp-content%2Fuploads%2F2024%2F04%2FData-IT-Mobil-05.jpg&#038;fit=crop&#038;w=591&#038;h=540&#038;s=ade40ce466529fac21479ed72cad2365 591w, https:\/\/www.abf.se\/dalarna\/resized\/?url=https%3A%2F%2Fwww.abf.se%2Fwp-content%2Fuploads%2F2024%2F04%2FData-IT-Mobil-05.jpg&#038;fit=crop&#038;w=663&#038;h=540&#038;s=8eaf67165c2545b8009d9525fa45590a 663w, https:\/\/www.abf.se\/dalarna\/resized\/?url=https%3A%2F%2Fwww.abf.se%2Fwp-content%2Fuploads%2F2024%2F04%2FData-IT-Mobil-05.jpg&#038;fit=crop&#038;w=750&#038;h=540&#038;s=a8157b2393c92a528a520734c4e767e3 750w, https:\/\/www.abf.se\/dalarna\/resized\/?url=https%3A%2F%2Fwww.abf.se%2Fwp-content%2Fuploads%2F2024%2F04%2FData-IT-Mobil-05.jpg&#038;fit=crop&#038;w=894&#038;h=540&#038;s=bbffec76a930afbc6a76d7e436c16ee8 894w, https:\/\/www.abf.se\/dalarna\/resized\/?url=https%3A%2F%2Fwww.abf.se%2Fwp-content%2Fuploads%2F2024%2F04%2FData-IT-Mobil-05.jpg&#038;fit=crop&#038;w=1038&#038;h=540&#038;s=6278ef77fcc17526cf8956b900afc344 1038w, https:\/\/www.abf.se\/dalarna\/resized\/?url=https%3A%2F%2Fwww.abf.se%2Fwp-content%2Fuploads%2F2024%2F04%2FData-IT-Mobil-05.jpg&#038;fit=crop&#038;w=1182&#038;h=540&#038;s=0f7dcd625a2a0faf2c1e3917c6bd72ed 1182w, https:\/\/www.abf.se\/dalarna\/resized\/?url=https%3A%2F%2Fwww.abf.se%2Fwp-content%2Fuploads%2F2024%2F04%2FData-IT-Mobil-05.jpg&#038;fit=crop&#038;w=1326&#038;h=540&#038;s=1be679f7682c772557f932c026e33f45 1326w, https:\/\/www.abf.se\/dalarna\/resized\/?url=https%3A%2F%2Fwww.abf.se%2Fwp-content%2Fuploads%2F2024%2F04%2FData-IT-Mobil-05.jpg&#038;fit=crop&#038;w=1440&#038;h=540&#038;s=b3d2c054091a7dbb7c89115078c1b94c 1440w\" alt=\"\" height=\"540\" width=\"1440\" sizes=\"(max-width: 1440px) calc(100vw - 32px), 1440px\" loading=\"eager\" fetchpriority=\"high\" aria-hidden=\"true\" role=\"presentation\" \/><\/picture>\n        \n\n            <\/div>\n\n    <\/div>\n\n<ul\n    class=\"acf-article-accordion-block accordion-group grid gap-4 my-12 article-container\"\n    data-block=\"article-accordion-block \"\n    data-ui-accordion-group\n>\n\n            <li class=\"accordion\" data-ui-accordion data-ui-accordion-open=\"false\">\n        <h3>\n        <button data-ui-accordion-button class=\"accordion-toggle font-bold\" aria-expanded=\"false\" aria-controls=\"row-vadarfolkbildning?-0\" id=\"vadarfolkbildning?-0\">\n            Vad \u00e4r folkbildning?\n            \n            <figure class=\"w-4.5 h-4.5\" aria-hidden=\"true\">\n            <svg width=\"20\" height=\"20\" viewBox=\"0 0 20 20\" fill=\"none\"\nclass=\"SvgIconElement\">\n<path d=\"M15.8333 7.16667L9.99992 13L4.16659 7.16667\" stroke=\"currentColor\"\/>\n<\/svg>\n            <\/figure>\n        <\/button>\n        \n                <\/h3>\n        <div class=\"accordion-content\">\n            <div id=\"row-vadarfolkbildning?-0\" role=\"region\" class=\"accordion-content-wrap\" aria-labelledby=\"vadarfolkbildning?-0\">\n                                            <div class=\"wysiwyg\">\n                    <p>Folkbildning \u00e4r f\u00f6r oss en id\u00e9 om ett fritt kunskapss\u00f6kande som kan ge m\u00e4nniskor mod och kunskap f\u00f6r att f\u00e5 makt och ansvar s\u00e5v\u00e4l i den egna vardagen som i samh\u00e4llet som helhet. Vi \u00e4r \u00f6vertygade om att framtiden \u00e4r p\u00e5verkbar och att en annan v\u00e4rld \u00e4r m\u00f6jlig.<\/p>\n\n                <\/div>\n                                        <\/div>\n        <\/div>\n    <\/li>\n            <li class=\"accordion\" data-ui-accordion data-ui-accordion-open=\"false\">\n        <h3>\n        <button data-ui-accordion-button class=\"accordion-toggle font-bold\" aria-expanded=\"false\" aria-controls=\"row-vilkaverksamhetsformerfinnsdet?-1\" id=\"vilkaverksamhetsformerfinnsdet?-1\">\n            Vilka verksamhetsformer finns det?\n            \n            <figure class=\"w-4.5 h-4.5\" aria-hidden=\"true\">\n            <svg width=\"20\" height=\"20\" viewBox=\"0 0 20 20\" fill=\"none\"\nclass=\"SvgIconElement\">\n<path d=\"M15.8333 7.16667L9.99992 13L4.16659 7.16667\" stroke=\"currentColor\"\/>\n<\/svg>\n            <\/figure>\n        <\/button>\n        \n                <\/h3>\n        <div class=\"accordion-content\">\n            <div id=\"row-vilkaverksamhetsformerfinnsdet?-1\" role=\"region\" class=\"accordion-content-wrap\" aria-labelledby=\"vilkaverksamhetsformerfinnsdet?-1\">\n                                            <div class=\"wysiwyg\">\n                    <p>Folkbildning tillsammans med studief\u00f6rbunden inneb\u00e4r att man arbetar med tre olika verksamhetsformer: studiecirkel, annan folkbildningsverksamhet eller kulturprogram.<\/p>\n<p>Verksamhetsformerna \u00e4r flexibla och studie- eller kulturverksamheten i din f\u00f6rening kan se ut p\u00e5 m\u00e5nga olika s\u00e4tt. Till exempel kan man b\u00f6rja med en f\u00f6rel\u00e4sning (kulturprogram), g\u00e5 vidare med en prova p\u00e5-kurs (annan folkbildningsverksamhet) och sedan forts\u00e4tta med en studiecirkel f\u00f6r dem som vill f\u00f6rdjupa sig ytterligare. Hur du \u00e4n v\u00e4ljer finns vi och hj\u00e4lper till med id\u00e9er och uppslag!<\/p>\n\n                <\/div>\n                                        <\/div>\n        <\/div>\n    <\/li>\n            <li class=\"accordion\" data-ui-accordion data-ui-accordion-open=\"false\">\n        <h3>\n        <button data-ui-accordion-button class=\"accordion-toggle font-bold\" aria-expanded=\"false\" aria-controls=\"row-vadarannanfolkbildningsverksamhet?-2\" id=\"vadarannanfolkbildningsverksamhet?-2\">\n            Vad \u00e4r annan folkbildningsverksamhet?\n            \n            <figure class=\"w-4.5 h-4.5\" aria-hidden=\"true\">\n            <svg width=\"20\" height=\"20\" viewBox=\"0 0 20 20\" fill=\"none\"\nclass=\"SvgIconElement\">\n<path d=\"M15.8333 7.16667L9.99992 13L4.16659 7.16667\" stroke=\"currentColor\"\/>\n<\/svg>\n            <\/figure>\n        <\/button>\n        \n                <\/h3>\n        <div class=\"accordion-content\">\n            <div id=\"row-vadarannanfolkbildningsverksamhet?-2\" role=\"region\" class=\"accordion-content-wrap\" aria-labelledby=\"vadarannanfolkbildningsverksamhet?-2\">\n                                            <div class=\"wysiwyg\">\n                    <p>I annan folkbildningsverksamhet kan vi genomf\u00f6ra statsbidragsber\u00e4ttigad folkbildningsverksamhet i friare och flexiblare former \u00e4n studiecirkel och kulturprogram. Sammankomsterna\/tr\u00e4ffarna kan vara l\u00e4ngre och genomf\u00f6ras t\u00e4tare \u00e4n i studiecirkeln. Antalet sammankomster kan vara en eller flera. Exempel p\u00e5 verksamheter \u00e4r \u201dprova-p\u00e5-dagar\u201d, workshop, temakv\u00e4llar, endagskurser och helgkurser.<\/p>\n\n                <\/div>\n                                        <\/div>\n        <\/div>\n    <\/li>\n            <li class=\"accordion\" data-ui-accordion data-ui-accordion-open=\"false\">\n        <h3>\n        <button data-ui-accordion-button class=\"accordion-toggle font-bold\" aria-expanded=\"false\" aria-controls=\"row-vadarettkulturprogram?-3\" id=\"vadarettkulturprogram?-3\">\n            Vad \u00e4r ett kulturprogram?\n            \n            <figure class=\"w-4.5 h-4.5\" aria-hidden=\"true\">\n            <svg width=\"20\" height=\"20\" viewBox=\"0 0 20 20\" fill=\"none\"\nclass=\"SvgIconElement\">\n<path d=\"M15.8333 7.16667L9.99992 13L4.16659 7.16667\" stroke=\"currentColor\"\/>\n<\/svg>\n            <\/figure>\n        <\/button>\n        \n                <\/h3>\n        <div class=\"accordion-content\">\n            <div id=\"row-vadarettkulturprogram?-3\" role=\"region\" class=\"accordion-content-wrap\" aria-labelledby=\"vadarettkulturprogram?-3\">\n                                            <div class=\"wysiwyg\">\n                    <p>Kulturprogram genomf\u00f6rs inf\u00f6r publik och kan vara f\u00f6rel\u00e4sningar, teaterf\u00f6rest\u00e4llningar, konserter, debatter och seminarier, dansf\u00f6rest\u00e4llningar, filmvisningar eller utst\u00e4llningar. Kulturprogram v\u00e4nder sig till ungdomar och vuxna. Kulturprogram ska vara \u00f6ppet och annonseras i f\u00f6rv\u00e4g till exempel genom annons, affisch eller hemsida. ABFs roll som arrang\u00f6r eller anordnare ska tydligt framg\u00e5 s\u00e5v\u00e4l i inbjudan som i sj\u00e4lva genomf\u00f6randet av programmet.<\/p>\n\n                <\/div>\n                                        <\/div>\n        <\/div>\n    <\/li>\n            <li class=\"accordion\" data-ui-accordion data-ui-accordion-open=\"false\">\n        <h3>\n        <button data-ui-accordion-button class=\"accordion-toggle font-bold\" aria-expanded=\"false\" aria-controls=\"row-vadarenstudiecirkel?-4\" id=\"vadarenstudiecirkel?-4\">\n            Vad \u00e4r en studiecirkel?\n            \n            <figure class=\"w-4.5 h-4.5\" aria-hidden=\"true\">\n            <svg width=\"20\" height=\"20\" viewBox=\"0 0 20 20\" fill=\"none\"\nclass=\"SvgIconElement\">\n<path d=\"M15.8333 7.16667L9.99992 13L4.16659 7.16667\" stroke=\"currentColor\"\/>\n<\/svg>\n            <\/figure>\n        <\/button>\n        \n                <\/h3>\n        <div class=\"accordion-content\">\n            <div id=\"row-vadarenstudiecirkel?-4\" role=\"region\" class=\"accordion-content-wrap\" aria-labelledby=\"vadarenstudiecirkel?-4\">\n                                            <div class=\"wysiwyg\">\n                    <p>I en studiecirkel kan du tillsammans med arbetskamrater, v\u00e4nner, grannar eller medlemmar i en f\u00f6rening tr\u00e4ffas f\u00f6r att l\u00e4ra er n\u00e5got inom ett valt omr\u00e5de.<\/p>\n<p>Varje studiecirkel \u00e4r unik och ni best\u00e4mmer gemensamt vad som ska studeras, i vilken takt ni ska studera och n\u00e4r ni ska tr\u00e4ffas. Man m\u00e5ste vara minst tre personer och cirkeln ska p\u00e5g\u00e5 minst 3 tillf\u00e4llen och 9 studietimmar sammanlagt. (1 studietimme = 45 min).<\/p>\n<p>Om du har planerings- eller ledartr\u00e4ffar inf\u00f6r till exempel kulturprogram eller annan folkbildningsverksamhet, kan dessa ocks\u00e5 utformas som en studiecirkel.<\/p>\n\n                <\/div>\n                                        <\/div>\n        <\/div>\n    <\/li>\n            <li class=\"accordion\" data-ui-accordion data-ui-accordion-open=\"false\">\n        <h3>\n        <button data-ui-accordion-button class=\"accordion-toggle font-bold\" aria-expanded=\"false\" aria-controls=\"row-hurregistrerarjagminstudiecirkelhosabf?-5\" id=\"hurregistrerarjagminstudiecirkelhosabf?-5\">\n            Hur registrerar jag min studiecirkel hos ABF?\n            \n            <figure class=\"w-4.5 h-4.5\" aria-hidden=\"true\">\n            <svg width=\"20\" height=\"20\" viewBox=\"0 0 20 20\" fill=\"none\"\nclass=\"SvgIconElement\">\n<path d=\"M15.8333 7.16667L9.99992 13L4.16659 7.16667\" stroke=\"currentColor\"\/>\n<\/svg>\n            <\/figure>\n        <\/button>\n        \n                <\/h3>\n        <div class=\"accordion-content\">\n            <div id=\"row-hurregistrerarjagminstudiecirkelhosabf?-5\" role=\"region\" class=\"accordion-content-wrap\" aria-labelledby=\"hurregistrerarjagminstudiecirkelhosabf?-5\">\n                                            <div class=\"wysiwyg\">\n                    <p>Du kan registrera din studiecirkel via hemsidan genom att fylla i ett anm\u00e4lningsformul\u00e4r. Alternativt kan du kontakta du n\u00e5gon oss anst\u00e4llda f\u00f6r att f\u00e5 hj\u00e4lp med registreringen. Se till att ha information om deltagare, \u00e4mne, och planerat startdatum redo. Kom ih\u00e5g att vi inte kan efterhandsregistrera tr\u00e4ffar.<\/p>\n\n                <\/div>\n                                        <\/div>\n        <\/div>\n    <\/li>\n            <li class=\"accordion\" data-ui-accordion data-ui-accordion-open=\"false\">\n        <h3>\n        <button data-ui-accordion-button class=\"accordion-toggle font-bold\" aria-expanded=\"false\" aria-controls=\"row-hurmangadeltagarebehovsforattstartaenstudiecirkel?-6\" id=\"hurmangadeltagarebehovsforattstartaenstudiecirkel?-6\">\n            Hur m\u00e5nga deltagare beh\u00f6vs f\u00f6r att starta en studiecirkel?\n            \n            <figure class=\"w-4.5 h-4.5\" aria-hidden=\"true\">\n            <svg width=\"20\" height=\"20\" viewBox=\"0 0 20 20\" fill=\"none\"\nclass=\"SvgIconElement\">\n<path d=\"M15.8333 7.16667L9.99992 13L4.16659 7.16667\" stroke=\"currentColor\"\/>\n<\/svg>\n            <\/figure>\n        <\/button>\n        \n                <\/h3>\n        <div class=\"accordion-content\">\n            <div id=\"row-hurmangadeltagarebehovsforattstartaenstudiecirkel?-6\" role=\"region\" class=\"accordion-content-wrap\" aria-labelledby=\"hurmangadeltagarebehovsforattstartaenstudiecirkel?-6\">\n                                            <div class=\"wysiwyg\">\n                    <p>En studiecirkel m\u00e5ste ha minst tre deltagare inklusive cirkelledaren. Maxgr\u00e4nsen \u00e4r 20 deltagare, men vi rekommenderar att grupperna h\u00e5lls sm\u00e5 f\u00f6r att fr\u00e4mja l\u00e4rande och diskussion.<\/p>\n\n                <\/div>\n                                        <\/div>\n        <\/div>\n    <\/li>\n            <li class=\"accordion\" data-ui-accordion data-ui-accordion-open=\"false\">\n        <h3>\n        <button data-ui-accordion-button class=\"accordion-toggle font-bold\" aria-expanded=\"false\" aria-controls=\"row-vilketstodkanjagfafranabfsomcirkelledare?-7\" id=\"vilketstodkanjagfafranabfsomcirkelledare?-7\">\n            Vilket st\u00f6d kan jag f\u00e5 fr\u00e5n ABF som cirkelledare?\n            \n            <figure class=\"w-4.5 h-4.5\" aria-hidden=\"true\">\n            <svg width=\"20\" height=\"20\" viewBox=\"0 0 20 20\" fill=\"none\"\nclass=\"SvgIconElement\">\n<path d=\"M15.8333 7.16667L9.99992 13L4.16659 7.16667\" stroke=\"currentColor\"\/>\n<\/svg>\n            <\/figure>\n        <\/button>\n        \n                <\/h3>\n        <div class=\"accordion-content\">\n            <div id=\"row-vilketstodkanjagfafranabfsomcirkelledare?-7\" role=\"region\" class=\"accordion-content-wrap\" aria-labelledby=\"vilketstodkanjagfafranabfsomcirkelledare?-7\">\n                                            <div class=\"wysiwyg\">\n                    <p>Som cirkelledare f\u00e5r du tillg\u00e5ng till pedagogiska resurser och handledningar. Vi kan \u00e4ven hj\u00e4lpa till med att ordna lokaler och st\u00f6d i marknadsf\u00f6ring av din studiecirkel. Om du har fr\u00e5gor eller beh\u00f6ver hj\u00e4lp kan du alltid kontakta n\u00e5gon av oss anst\u00e4llda.<\/p>\n\n                <\/div>\n                                        <\/div>\n        <\/div>\n    <\/li>\n            <li class=\"accordion\" data-ui-accordion data-ui-accordion-open=\"false\">\n        <h3>\n        <button data-ui-accordion-button class=\"accordion-toggle font-bold\" aria-expanded=\"false\" aria-controls=\"row-hurrapporterarjagnarminstudiecirkelaravslutad?-8\" id=\"hurrapporterarjagnarminstudiecirkelaravslutad?-8\">\n            Hur rapporterar jag n\u00e4r min studiecirkel \u00e4r avslutad?\n            \n            <figure class=\"w-4.5 h-4.5\" aria-hidden=\"true\">\n            <svg width=\"20\" height=\"20\" viewBox=\"0 0 20 20\" fill=\"none\"\nclass=\"SvgIconElement\">\n<path d=\"M15.8333 7.16667L9.99992 13L4.16659 7.16667\" stroke=\"currentColor\"\/>\n<\/svg>\n            <\/figure>\n        <\/button>\n        \n                <\/h3>\n        <div class=\"accordion-content\">\n            <div id=\"row-hurrapporterarjagnarminstudiecirkelaravslutad?-8\" role=\"region\" class=\"accordion-content-wrap\" aria-labelledby=\"hurrapporterarjagnarminstudiecirkelaravslutad?-8\">\n                                            <div class=\"wysiwyg\">\n                    <p>N\u00e4rvaron f\u00f6r du i anslutning till varje enskild tr\u00e4ff via v\u00e5r e-tj\u00e4nst. N\u00e4r din studiecirkel \u00e4r avslutad beh\u00f6ver du signera den med bank-id.<\/p>\n\n                <\/div>\n                                        <\/div>\n        <\/div>\n    <\/li>\n            <li class=\"accordion\" data-ui-accordion data-ui-accordion-open=\"false\">\n        <h3>\n        <button data-ui-accordion-button class=\"accordion-toggle font-bold\" aria-expanded=\"false\" aria-controls=\"row-vadgorjagomjagbehoveravbrytaellerskjutauppenstudiecirkel?-9\" id=\"vadgorjagomjagbehoveravbrytaellerskjutauppenstudiecirkel?-9\">\n            Vad g\u00f6r jag om jag beh\u00f6ver avbryta eller skjuta upp en studiecirkel?\n            \n            <figure class=\"w-4.5 h-4.5\" aria-hidden=\"true\">\n            <svg width=\"20\" height=\"20\" viewBox=\"0 0 20 20\" fill=\"none\"\nclass=\"SvgIconElement\">\n<path d=\"M15.8333 7.16667L9.99992 13L4.16659 7.16667\" stroke=\"currentColor\"\/>\n<\/svg>\n            <\/figure>\n        <\/button>\n        \n                <\/h3>\n        <div class=\"accordion-content\">\n            <div id=\"row-vadgorjagomjagbehoveravbrytaellerskjutauppenstudiecirkel?-9\" role=\"region\" class=\"accordion-content-wrap\" aria-labelledby=\"vadgorjagomjagbehoveravbrytaellerskjutauppenstudiecirkel?-9\">\n                                            <div class=\"wysiwyg\">\n                    <p>Om du beh\u00f6ver skjuta upp eller avbryta en studiecirkel, kontakta n\u00e5gon av oss anst\u00e4llda s\u00e5 snart som m\u00f6jligt. Vi kan hj\u00e4lpa dig att informera deltagarna och ge dig r\u00e5d om hur du kan planera om eller eventuellt \u00e5teruppta cirkeln vid ett senare tillf\u00e4lle.<\/p>\n\n                <\/div>\n                                        <\/div>\n        <\/div>\n    <\/li>\n            <li class=\"accordion\" data-ui-accordion data-ui-accordion-open=\"false\">\n        <h3>\n        <button data-ui-accordion-button class=\"accordion-toggle font-bold\" aria-expanded=\"false\" aria-controls=\"row-varforbehovernimittpersonnummer?-10\" id=\"varforbehovernimittpersonnummer?-10\">\n            Varf\u00f6r beh\u00f6ver ni mitt personnummer?\n            \n            <figure class=\"w-4.5 h-4.5\" aria-hidden=\"true\">\n            <svg width=\"20\" height=\"20\" viewBox=\"0 0 20 20\" fill=\"none\"\nclass=\"SvgIconElement\">\n<path d=\"M15.8333 7.16667L9.99992 13L4.16659 7.16667\" stroke=\"currentColor\"\/>\n<\/svg>\n            <\/figure>\n        <\/button>\n        \n                <\/h3>\n        <div class=\"accordion-content\">\n            <div id=\"row-varforbehovernimittpersonnummer?-10\" role=\"region\" class=\"accordion-content-wrap\" aria-labelledby=\"varforbehovernimittpersonnummer?-10\">\n                                            <div class=\"wysiwyg\">\n                    <p>F\u00f6r att kunna rapportera v\u00e5r verksamhet och forts\u00e4tta med v\u00e5rt folkbildande arbete, beh\u00f6ver vi ditt personnummer i bland annat en deltagarlista. Vi arbetar med att leva upp till personuppgiftslagen GPDR, som ska skydda m\u00e4nniskor mot att deras personliga integritet kr\u00e4nks n\u00e4r personuppgifter behandlas. Alla personuppgifter vi sparar \u00e4r avidentifierade och fungerar som ett underlag f\u00f6r statsbidragsf\u00f6rdelning.<\/p>\n\n                <\/div>\n                                        <\/div>\n        <\/div>\n    <\/li>\n    <\/ul>\n","protected":false},"excerpt":{"rendered":"","protected":false},"author":10,"featured_media":0,"parent":0,"menu_order":0,"comment_status":"closed","ping_status":"closed","template":"","meta":{"_acf_changed":false,"footnotes":""},"class_list":["post-610","page","type-page","status-publish","hentry"],"acf":[],"yoast_head":"<!-- This site is optimized with the Yoast SEO plugin v27.0 - https:\/\/yoast.com\/product\/yoast-seo-wordpress\/ -->\n<title>FAQ - Dalarna<\/title>\n<meta name=\"robots\" content=\"index, follow, max-snippet:-1, max-image-preview:large, max-video-preview:-1\" \/>\n<link rel=\"canonical\" href=\"https:\/\/www.abf.se\/dalarna\/faq\/\" \/>\n<meta property=\"og:locale\" content=\"sv_SE\" \/>\n<meta property=\"og:type\" content=\"article\" \/>\n<meta property=\"og:title\" content=\"FAQ - Dalarna\" \/>\n<meta property=\"og:url\" content=\"https:\/\/www.abf.se\/dalarna\/faq\/\" \/>\n<meta property=\"og:site_name\" content=\"Dalarna\" \/>\n<meta property=\"article:modified_time\" content=\"2025-05-07T13:50:11+00:00\" \/>\n<meta property=\"og:image\" content=\"https:\/\/www.abf.se\/wp-content\/uploads\/sites\/51\/2024\/04\/Nyckeln-liggande-scaled.jpg\" \/>\n\t<meta property=\"og:image:width\" content=\"2560\" \/>\n\t<meta property=\"og:image:height\" content=\"1440\" \/>\n\t<meta property=\"og:image:type\" content=\"image\/jpeg\" \/>\n<meta name=\"twitter:card\" content=\"summary_large_image\" \/>\n<script type=\"application\/ld+json\" class=\"yoast-schema-graph\">{\"@context\":\"https:\/\/schema.org\",\"@graph\":[{\"@type\":\"WebPage\",\"@id\":\"https:\/\/www.abf.se\/dalarna\/faq\/\",\"url\":\"https:\/\/www.abf.se\/dalarna\/faq\/\",\"name\":\"FAQ - Dalarna\",\"isPartOf\":{\"@id\":\"https:\/\/www.abf.se\/dalarna\/#website\"},\"datePublished\":\"2024-10-16T11:49:12+00:00\",\"dateModified\":\"2025-05-07T13:50:11+00:00\",\"breadcrumb\":{\"@id\":\"https:\/\/www.abf.se\/dalarna\/faq\/#breadcrumb\"},\"inLanguage\":\"sv-SE\",\"potentialAction\":[{\"@type\":\"ReadAction\",\"target\":[\"https:\/\/www.abf.se\/dalarna\/faq\/\"]}]},{\"@type\":\"BreadcrumbList\",\"@id\":\"https:\/\/www.abf.se\/dalarna\/faq\/#breadcrumb\",\"itemListElement\":[{\"@type\":\"ListItem\",\"position\":1,\"name\":\"Home\",\"item\":\"https:\/\/www.abf.se\/dalarna\/\"},{\"@type\":\"ListItem\",\"position\":2,\"name\":\"FAQ\"}]},{\"@type\":\"WebSite\",\"@id\":\"https:\/\/www.abf.se\/dalarna\/#website\",\"url\":\"https:\/\/www.abf.se\/dalarna\/\",\"name\":\"Dalarna\",\"description\":\"\",\"potentialAction\":[{\"@type\":\"SearchAction\",\"target\":{\"@type\":\"EntryPoint\",\"urlTemplate\":\"https:\/\/www.abf.se\/dalarna\/?s={search_term_string}\"},\"query-input\":{\"@type\":\"PropertyValueSpecification\",\"valueRequired\":true,\"valueName\":\"search_term_string\"}}],\"inLanguage\":\"sv-SE\"}]}<\/script>\n<!-- \/ Yoast SEO plugin. -->","yoast_head_json":{"title":"FAQ - Dalarna","robots":{"index":"index","follow":"follow","max-snippet":"max-snippet:-1","max-image-preview":"max-image-preview:large","max-video-preview":"max-video-preview:-1"},"canonical":"https:\/\/www.abf.se\/dalarna\/faq\/","og_locale":"sv_SE","og_type":"article","og_title":"FAQ - Dalarna","og_url":"https:\/\/www.abf.se\/dalarna\/faq\/","og_site_name":"Dalarna","article_modified_time":"2025-05-07T13:50:11+00:00","og_image":[{"width":2560,"height":1440,"url":"https:\/\/www.abf.se\/wp-content\/uploads\/sites\/51\/2024\/04\/Nyckeln-liggande-scaled.jpg","type":"image\/jpeg"}],"twitter_card":"summary_large_image","schema":{"@context":"https:\/\/schema.org","@graph":[{"@type":"WebPage","@id":"https:\/\/www.abf.se\/dalarna\/faq\/","url":"https:\/\/www.abf.se\/dalarna\/faq\/","name":"FAQ - Dalarna","isPartOf":{"@id":"https:\/\/www.abf.se\/dalarna\/#website"},"datePublished":"2024-10-16T11:49:12+00:00","dateModified":"2025-05-07T13:50:11+00:00","breadcrumb":{"@id":"https:\/\/www.abf.se\/dalarna\/faq\/#breadcrumb"},"inLanguage":"sv-SE","potentialAction":[{"@type":"ReadAction","target":["https:\/\/www.abf.se\/dalarna\/faq\/"]}]},{"@type":"BreadcrumbList","@id":"https:\/\/www.abf.se\/dalarna\/faq\/#breadcrumb","itemListElement":[{"@type":"ListItem","position":1,"name":"Home","item":"https:\/\/www.abf.se\/dalarna\/"},{"@type":"ListItem","position":2,"name":"FAQ"}]},{"@type":"WebSite","@id":"https:\/\/www.abf.se\/dalarna\/#website","url":"https:\/\/www.abf.se\/dalarna\/","name":"Dalarna","description":"","potentialAction":[{"@type":"SearchAction","target":{"@type":"EntryPoint","urlTemplate":"https:\/\/www.abf.se\/dalarna\/?s={search_term_string}"},"query-input":{"@type":"PropertyValueSpecification","valueRequired":true,"valueName":"search_term_string"}}],"inLanguage":"sv-SE"}]}},"_links":{"self":[{"href":"https:\/\/www.abf.se\/dalarna\/wp-json\/wp\/v2\/pages\/610","targetHints":{"allow":["GET"]}}],"collection":[{"href":"https:\/\/www.abf.se\/dalarna\/wp-json\/wp\/v2\/pages"}],"about":[{"href":"https:\/\/www.abf.se\/dalarna\/wp-json\/wp\/v2\/types\/page"}],"author":[{"embeddable":true,"href":"https:\/\/www.abf.se\/dalarna\/wp-json\/wp\/v2\/users\/10"}],"replies":[{"embeddable":true,"href":"https:\/\/www.abf.se\/dalarna\/wp-json\/wp\/v2\/comments?post=610"}],"version-history":[{"count":8,"href":"https:\/\/www.abf.se\/dalarna\/wp-json\/wp\/v2\/pages\/610\/revisions"}],"predecessor-version":[{"id":772,"href":"https:\/\/www.abf.se\/dalarna\/wp-json\/wp\/v2\/pages\/610\/revisions\/772"}],"wp:attachment":[{"href":"https:\/\/www.abf.se\/dalarna\/wp-json\/wp\/v2\/media?parent=610"}],"curies":[{"name":"wp","href":"https:\/\/api.w.org\/{rel}","templated":true}]}}