{"id":73,"date":"2024-02-26T10:50:53","date_gmt":"2024-02-26T10:50:53","guid":{"rendered":"https:\/\/www.abf.se\/sodra-ostra-dalarna\/?page_id=73"},"modified":"2026-01-07T13:16:04","modified_gmt":"2026-01-07T12:16:04","slug":"avesta","status":"publish","type":"page","link":"https:\/\/www.abf.se\/dalarna\/vara-orter\/avesta\/","title":{"rendered":"Avesta"},"content":{"rendered":"<div\n    class=\"acf-hero-block container-lg no-padding mb-12 js-geolocation\"\n    data-block=\"hero-block\"\n    data-index=\"0\"\n>\n    <div class=\"h-[548px]  relative rounded-[32px] overflow-hidden flex bg-gray-light\">\n        <div class=\"relative z-10 mt-auto h-auto w-full md:h-full\">\n            <div class=\"flex w-full h-full flex-col flex-wrap justify-end w-full md:w-7\/12 lg:w-1\/2 md:justify-center\">\n                <div class=\"flex flex-col gap-3 md:gap-[18px] md:transparent pt-16 pb-36 md:py-8 px-4 w-full md:max-w-[620px] mx-auto px-8\">\n\n                    <h1 class=\"hero-heading hero-heading--red-text\"><span>ABF Avesta<\/span><\/h1>\n\n                    \n                                        <div class=\"flex flex-row flex-wrap gap-y-2 gap-x-1\">\n                                                <a class=\"label-md py-[3px] px-[6px] rounded-[44px] text-red bg-white\" href=\"https:\/\/maps.app.goo.gl\/NixYPucEK6LDLZEa7\" target=\"_blank\">Hitta till oss!<\/a>\n                                            <\/div>\n                                    <\/div>\n            <\/div>\n        <\/div>\n\n                    <picture class=\"as-background-image mix-blend-multiply bg-black\/40\"><img decoding=\"async\" src=\"https:\/\/www.abf.se\/dalarna\/resized\/?url=https%3A%2F%2Fwww.abf.se%2Fwp-content%2Fuploads%2Fsites%2F51%2F2024%2F06%2F20240624_144507.jpg&#038;fit=crop&#038;w=1440&#038;s=7820cce4d76ecf37d502f14b842b3679\" srcset=\"https:\/\/www.abf.se\/dalarna\/resized\/?url=https%3A%2F%2Fwww.abf.se%2Fwp-content%2Fuploads%2Fsites%2F51%2F2024%2F06%2F20240624_144507.jpg&#038;fit=crop&#038;w=375&#038;h=540&#038;s=bca936568955614dfd2970e01c9f6d8d 375w, https:\/\/www.abf.se\/dalarna\/resized\/?url=https%3A%2F%2Fwww.abf.se%2Fwp-content%2Fuploads%2Fsites%2F51%2F2024%2F06%2F20240624_144507.jpg&#038;fit=crop&#038;w=447&#038;h=540&#038;s=0a46c698bd7c67473e5a8c60c52f37a0 447w, https:\/\/www.abf.se\/dalarna\/resized\/?url=https%3A%2F%2Fwww.abf.se%2Fwp-content%2Fuploads%2Fsites%2F51%2F2024%2F06%2F20240624_144507.jpg&#038;fit=crop&#038;w=519&#038;h=540&#038;s=c4f53c3c2490dcadc49e1afcc6c19e40 519w, https:\/\/www.abf.se\/dalarna\/resized\/?url=https%3A%2F%2Fwww.abf.se%2Fwp-content%2Fuploads%2Fsites%2F51%2F2024%2F06%2F20240624_144507.jpg&#038;fit=crop&#038;w=591&#038;h=540&#038;s=0587f825e8cb9f0e87cd51eb2bfa3077 591w, https:\/\/www.abf.se\/dalarna\/resized\/?url=https%3A%2F%2Fwww.abf.se%2Fwp-content%2Fuploads%2Fsites%2F51%2F2024%2F06%2F20240624_144507.jpg&#038;fit=crop&#038;w=663&#038;h=540&#038;s=990fdee7a4a363130f251061931331a4 663w, https:\/\/www.abf.se\/dalarna\/resized\/?url=https%3A%2F%2Fwww.abf.se%2Fwp-content%2Fuploads%2Fsites%2F51%2F2024%2F06%2F20240624_144507.jpg&#038;fit=crop&#038;w=750&#038;h=540&#038;s=272188bd26f8261457a3d1cf9c3989c3 750w, https:\/\/www.abf.se\/dalarna\/resized\/?url=https%3A%2F%2Fwww.abf.se%2Fwp-content%2Fuploads%2Fsites%2F51%2F2024%2F06%2F20240624_144507.jpg&#038;fit=crop&#038;w=894&#038;h=540&#038;s=53c138749320257dc60ed603b3c8bef5 894w, https:\/\/www.abf.se\/dalarna\/resized\/?url=https%3A%2F%2Fwww.abf.se%2Fwp-content%2Fuploads%2Fsites%2F51%2F2024%2F06%2F20240624_144507.jpg&#038;fit=crop&#038;w=1038&#038;h=540&#038;s=82aa497aa5f60d68fbf671e7df88e9e4 1038w, https:\/\/www.abf.se\/dalarna\/resized\/?url=https%3A%2F%2Fwww.abf.se%2Fwp-content%2Fuploads%2Fsites%2F51%2F2024%2F06%2F20240624_144507.jpg&#038;fit=crop&#038;w=1182&#038;h=540&#038;s=6cab7445fd4553f5526d173616cd178e 1182w, https:\/\/www.abf.se\/dalarna\/resized\/?url=https%3A%2F%2Fwww.abf.se%2Fwp-content%2Fuploads%2Fsites%2F51%2F2024%2F06%2F20240624_144507.jpg&#038;fit=crop&#038;w=1326&#038;h=540&#038;s=82e7b5517ab140b4c361c4f18359b961 1326w, https:\/\/www.abf.se\/dalarna\/resized\/?url=https%3A%2F%2Fwww.abf.se%2Fwp-content%2Fuploads%2Fsites%2F51%2F2024%2F06%2F20240624_144507.jpg&#038;fit=crop&#038;w=1440&#038;h=540&#038;s=8781c6db284780a0b9255d230820112e 1440w\" alt=\"\" height=\"540\" width=\"1440\" sizes=\"(max-width: 1440px) calc(100vw - 32px), 1440px\" loading=\"eager\" fetchpriority=\"high\" aria-hidden=\"true\" role=\"presentation\" \/><\/picture>\n        \n\n                    <figure class=\"absolute bottom-0  md:w-1\/2 transform right-0 translate-x-10 md:translate-x-32\">\n                <img decoding=\"async\"\n                    alt=\"\"\n                    aria-hidden=\"true\"\n                    class=\"h-auto w-full\"\n                    role=\"presentation\"\n                    src=\"\/assets\/images\/two_circles_bottom.svg\"\n                >\n            <\/figure>\n            <\/div>\n\n    <\/div>\n\n<div\n    class=\"acf-article-facts-block article-container  my-8 \"\n    data-block=\"article-facts-block\"\n>\n<div class=\"bg-teal-light border border-teal p-8 rounded-corners-sm\">\n<header>\n        <h2 class=\"heading-md text-teal-dark mb-3\">\n            Bes\u00f6ksadress och \u00f6ppettider\n        <\/h2>\n    <\/header>\n    <div class=\"wysiwyg\">\n        <p>ABF Avesta<br \/>\nKungsgatan 29A<br \/>\n774 31 Avesta<\/p>\n<p><strong>\u00d6ppettider<\/strong><\/p>\n<p>Torsdagar<br \/>\nKl. 10.00 &#8211; 15.00<\/p>\n\n    <\/div>\n<\/div>\n\n<\/div>\n<div\n    class=\"acf-plain-heading-block container my-16\"\n    data-block=\"plain-heading-block\"\n>\n    <div class=\"max-w-[658px] mx-auto\">\n                <h1 class=\"hero-heading\"><span>Utforska v\u00e5ra lokaler<\/span><\/h1>\n                    <\/div>\n<\/div>\n<div\n    class=\"acf-text-image-block container bg-gray-light py-12 md:py-15\"\n    data-block=\"text-image-block\"\n>\n    <div\n    class=\"flex flex-col items-center md:flex-row gap-8 md:gap-0 justify-between\">\n                        <div class=\"w-full md:w-1\/2 md:order-1\">\n            <picture><img decoding=\"async\" src=\"https:\/\/www.abf.se\/dalarna\/resized\/?url=https%3A%2F%2Fwww.abf.se%2Fwp-content%2Fuploads%2Fsites%2F51%2F2024%2F02%2FCidden-edit.jpg&#038;fit=crop&#038;w=578&#038;s=49610b5af9c4e13af95e0d924013a80d\" srcset=\"https:\/\/www.abf.se\/dalarna\/resized\/?url=https%3A%2F%2Fwww.abf.se%2Fwp-content%2Fuploads%2Fsites%2F51%2F2024%2F02%2FCidden-edit.jpg&#038;fit=crop&#038;w=144&#038;h=126&#038;s=29362a9d4b069a4e017afdddfd3eb0c6 144w, https:\/\/www.abf.se\/dalarna\/resized\/?url=https%3A%2F%2Fwww.abf.se%2Fwp-content%2Fuploads%2Fsites%2F51%2F2024%2F02%2FCidden-edit.jpg&#038;fit=crop&#038;w=240&#038;h=211&#038;s=e61ee019638de22c6da70bd67748c4a5 240w, https:\/\/www.abf.se\/dalarna\/resized\/?url=https%3A%2F%2Fwww.abf.se%2Fwp-content%2Fuploads%2Fsites%2F51%2F2024%2F02%2FCidden-edit.jpg&#038;fit=crop&#038;w=288&#038;h=253&#038;s=6d5bc2b7aa98e48f7d13220ed51e54b3 288w, https:\/\/www.abf.se\/dalarna\/resized\/?url=https%3A%2F%2Fwww.abf.se%2Fwp-content%2Fuploads%2Fsites%2F51%2F2024%2F02%2FCidden-edit.jpg&#038;fit=crop&#038;w=336&#038;h=295&#038;s=4c64e4c5d0758aa056b9a558d8dd0b12 336w, https:\/\/www.abf.se\/dalarna\/resized\/?url=https%3A%2F%2Fwww.abf.se%2Fwp-content%2Fuploads%2Fsites%2F51%2F2024%2F02%2FCidden-edit.jpg&#038;fit=crop&#038;w=432&#038;h=380&#038;s=33c5348613341e365d9b55f27609b971 432w, https:\/\/www.abf.se\/dalarna\/resized\/?url=https%3A%2F%2Fwww.abf.se%2Fwp-content%2Fuploads%2Fsites%2F51%2F2024%2F02%2FCidden-edit.jpg&#038;fit=crop&#038;w=480&#038;h=422&#038;s=5a84d637b901013f752bf01ffb168b64 480w, https:\/\/www.abf.se\/dalarna\/resized\/?url=https%3A%2F%2Fwww.abf.se%2Fwp-content%2Fuploads%2Fsites%2F51%2F2024%2F02%2FCidden-edit.jpg&#038;fit=crop&#038;w=528&#038;h=464&#038;s=3a3ad9b0255d09bb43fa5ea7cc51bbad 528w, https:\/\/www.abf.se\/dalarna\/resized\/?url=https%3A%2F%2Fwww.abf.se%2Fwp-content%2Fuploads%2Fsites%2F51%2F2024%2F02%2FCidden-edit.jpg&#038;fit=crop&#038;w=578&#038;h=509&#038;s=0831b6eddd44b5935b89edb9663f6531 578w, https:\/\/www.abf.se\/dalarna\/resized\/?url=https%3A%2F%2Fwww.abf.se%2Fwp-content%2Fuploads%2Fsites%2F51%2F2024%2F02%2FCidden-edit.jpg&#038;fit=crop&#038;w=672&#038;h=591&#038;s=745b13111c236450760f132403ee7ce8 672w, https:\/\/www.abf.se\/dalarna\/resized\/?url=https%3A%2F%2Fwww.abf.se%2Fwp-content%2Fuploads%2Fsites%2F51%2F2024%2F02%2FCidden-edit.jpg&#038;fit=crop&#038;w=864&#038;h=760&#038;s=659fdb9948e18f85415aba0b5695deb0 864w, https:\/\/www.abf.se\/dalarna\/resized\/?url=https%3A%2F%2Fwww.abf.se%2Fwp-content%2Fuploads%2Fsites%2F51%2F2024%2F02%2FCidden-edit.jpg&#038;fit=crop&#038;w=1056&#038;h=929&#038;s=7d8e7a9d5da5672dfc39b519e17651c8 1056w\" alt=\"\" height=\"509\" width=\"578\" sizes=\"auto, (max-width: 768px) 100vw,\n                (max-width: 1280px) 50vw, 578px\" loading=\"lazy\" fetchpriority=\"low\" \/><\/picture>\n\n        <\/div>\n        \n        <div class=\"w-full md:w-1\/2 md:order-2\">\n        <div class=\"mx-auto md:max-w-[368px]\">\n            <h2 class=\"heading-lg\">Cidden<\/h2>\n            <div class=\"mb-6 mt-4 wysiwyg\">\n                <p>V\u00e5rt st\u00f6rsta rum. Utrustad med whiteboardtavla, projektor och h\u00f6gtalaranl\u00e4ggning. L\u00e4mplig f\u00f6r ca 20 personer. M\u00f6blerat med tv\u00e5 \u00f6ar.<\/p>\n<h3>Vem \u00e4r lokalen uppkallad efter?<\/h3>\n<p>Bengt Cidden Andersson f\u00f6dd 1948 var en r\u00f6rmokare och kulturpersonlighet fr\u00e5n L\u00e4ckeby i Sm\u00e5land. Bengt gjorde sig k\u00e4nd med sina underfundiga och roliga dikter.<\/p>\n\n            <\/div>\n                    <\/div>\n        <\/div>\n    <\/div>\n<\/div><div\n    class=\"acf-text-image-block container my-12 md:my-15\"\n    data-block=\"text-image-block\"\n>\n    <div\n    class=\"flex flex-col items-center md:flex-row gap-8 md:gap-0 justify-between\">\n                        <div class=\"w-full md:w-1\/2 md:order-2\">\n            <picture><img decoding=\"async\" src=\"https:\/\/www.abf.se\/dalarna\/resized\/?url=https%3A%2F%2Fwww.abf.se%2Fwp-content%2Fuploads%2Fsites%2F51%2F2024%2F02%2FAmelin-edit.jpg&#038;fit=crop&#038;w=578&#038;s=a085f2c47c353726cdd325d8dd1e33b5\" srcset=\"https:\/\/www.abf.se\/dalarna\/resized\/?url=https%3A%2F%2Fwww.abf.se%2Fwp-content%2Fuploads%2Fsites%2F51%2F2024%2F02%2FAmelin-edit.jpg&#038;fit=crop&#038;w=144&#038;h=126&#038;s=656e85a6c0f45f983aad841bbe8890ae 144w, https:\/\/www.abf.se\/dalarna\/resized\/?url=https%3A%2F%2Fwww.abf.se%2Fwp-content%2Fuploads%2Fsites%2F51%2F2024%2F02%2FAmelin-edit.jpg&#038;fit=crop&#038;w=240&#038;h=211&#038;s=4f8e2b72822b1c010993cb7fcf9f1423 240w, https:\/\/www.abf.se\/dalarna\/resized\/?url=https%3A%2F%2Fwww.abf.se%2Fwp-content%2Fuploads%2Fsites%2F51%2F2024%2F02%2FAmelin-edit.jpg&#038;fit=crop&#038;w=288&#038;h=253&#038;s=282272cb1d714803d7435495c7fd2a39 288w, https:\/\/www.abf.se\/dalarna\/resized\/?url=https%3A%2F%2Fwww.abf.se%2Fwp-content%2Fuploads%2Fsites%2F51%2F2024%2F02%2FAmelin-edit.jpg&#038;fit=crop&#038;w=336&#038;h=295&#038;s=d6a363ea54ce2e0e6c5c3fdaef114b45 336w, https:\/\/www.abf.se\/dalarna\/resized\/?url=https%3A%2F%2Fwww.abf.se%2Fwp-content%2Fuploads%2Fsites%2F51%2F2024%2F02%2FAmelin-edit.jpg&#038;fit=crop&#038;w=432&#038;h=380&#038;s=fc9354905fb9cb56159700cd1437be48 432w, https:\/\/www.abf.se\/dalarna\/resized\/?url=https%3A%2F%2Fwww.abf.se%2Fwp-content%2Fuploads%2Fsites%2F51%2F2024%2F02%2FAmelin-edit.jpg&#038;fit=crop&#038;w=480&#038;h=422&#038;s=90e36ed764f1b702a2bc8a57be377dbb 480w, https:\/\/www.abf.se\/dalarna\/resized\/?url=https%3A%2F%2Fwww.abf.se%2Fwp-content%2Fuploads%2Fsites%2F51%2F2024%2F02%2FAmelin-edit.jpg&#038;fit=crop&#038;w=528&#038;h=464&#038;s=1d9dabfaf216a273756bb81da1e96a38 528w, https:\/\/www.abf.se\/dalarna\/resized\/?url=https%3A%2F%2Fwww.abf.se%2Fwp-content%2Fuploads%2Fsites%2F51%2F2024%2F02%2FAmelin-edit.jpg&#038;fit=crop&#038;w=578&#038;h=509&#038;s=a603787a7c31a53044a8d19033607781 578w, https:\/\/www.abf.se\/dalarna\/resized\/?url=https%3A%2F%2Fwww.abf.se%2Fwp-content%2Fuploads%2Fsites%2F51%2F2024%2F02%2FAmelin-edit.jpg&#038;fit=crop&#038;w=672&#038;h=591&#038;s=7729f5535e54bb7370dcf64895de493f 672w, https:\/\/www.abf.se\/dalarna\/resized\/?url=https%3A%2F%2Fwww.abf.se%2Fwp-content%2Fuploads%2Fsites%2F51%2F2024%2F02%2FAmelin-edit.jpg&#038;fit=crop&#038;w=864&#038;h=760&#038;s=32b6deb6d0ebfec224adb882bf47a91d 864w, https:\/\/www.abf.se\/dalarna\/resized\/?url=https%3A%2F%2Fwww.abf.se%2Fwp-content%2Fuploads%2Fsites%2F51%2F2024%2F02%2FAmelin-edit.jpg&#038;fit=crop&#038;w=1056&#038;h=929&#038;s=b97e2ecfbefb3f0add8be1b3ac241521 1056w\" alt=\"\" height=\"509\" width=\"578\" sizes=\"auto, (max-width: 768px) 100vw,\n                (max-width: 1280px) 50vw, 578px\" loading=\"lazy\" fetchpriority=\"low\" \/><\/picture>\n\n        <\/div>\n        \n        <div class=\"w-full md:w-1\/2 md:order-1\">\n        <div class=\"mx-auto md:max-w-[368px]\">\n            <h2 class=\"heading-lg\">Amelin estet<\/h2>\n            <div class=\"mb-6 mt-4 wysiwyg\">\n                <p>Amelin \u00e4r en estet-sal l\u00e4mplig f\u00f6r m\u00e5leri, pyssel och liknande f\u00f6r ca 10 personer. Rummet \u00e4r m\u00f6blerat med ett k\u00f6ksbord intill ett pentry samt ett st\u00f6rre gruppbord f\u00f6r o\u00f6mma aktiviteter. H\u00e4r finns ocks\u00e5 en skjutv\u00e4gg f\u00f6r att \u00f6ppna upp mot Maja.<\/p>\n<h3><strong>Vem \u00e4r lokalen uppkallad efter?<\/strong><\/h3>\n<p>Lokalen \u00e4r d\u00f6pt efter en konstn\u00e4r vid namn Albin Amelin som f\u00f6ddes i Chicago 1902. Amelins m\u00e5leri karakt\u00e4riserades av egensinnig expressionism med tjocka f\u00e4rglager, grova konturer och mustiga f\u00e4rger.<\/p>\n\n            <\/div>\n                    <\/div>\n        <\/div>\n    <\/div>\n<\/div><div\n    class=\"acf-text-image-block container bg-gray-light py-12 md:py-15\"\n    data-block=\"text-image-block\"\n>\n    <div\n    class=\"flex flex-col items-center md:flex-row gap-8 md:gap-0 justify-between\">\n                        <div class=\"w-full md:w-1\/2 md:order-1\">\n            <picture><img decoding=\"async\" src=\"https:\/\/www.abf.se\/dalarna\/resized\/?url=https%3A%2F%2Fwww.abf.se%2Fwp-content%2Fuploads%2Fsites%2F51%2F2024%2F02%2FMaja-edit.jpg&#038;fit=crop&#038;w=578&#038;s=2177ba411e76ab9595cccc8529945d93\" srcset=\"https:\/\/www.abf.se\/dalarna\/resized\/?url=https%3A%2F%2Fwww.abf.se%2Fwp-content%2Fuploads%2Fsites%2F51%2F2024%2F02%2FMaja-edit.jpg&#038;fit=crop&#038;w=144&#038;h=126&#038;s=ba02110282e01be408d0b7cdef0cfb32 144w, https:\/\/www.abf.se\/dalarna\/resized\/?url=https%3A%2F%2Fwww.abf.se%2Fwp-content%2Fuploads%2Fsites%2F51%2F2024%2F02%2FMaja-edit.jpg&#038;fit=crop&#038;w=240&#038;h=211&#038;s=44f79ed3e1fcb0c292d6d0afe375128c 240w, https:\/\/www.abf.se\/dalarna\/resized\/?url=https%3A%2F%2Fwww.abf.se%2Fwp-content%2Fuploads%2Fsites%2F51%2F2024%2F02%2FMaja-edit.jpg&#038;fit=crop&#038;w=288&#038;h=253&#038;s=d7d49f91215b3fcb2fc80140a8cb16c5 288w, https:\/\/www.abf.se\/dalarna\/resized\/?url=https%3A%2F%2Fwww.abf.se%2Fwp-content%2Fuploads%2Fsites%2F51%2F2024%2F02%2FMaja-edit.jpg&#038;fit=crop&#038;w=336&#038;h=295&#038;s=112f1b8bfb4b2779a8a3403ddea9b896 336w, https:\/\/www.abf.se\/dalarna\/resized\/?url=https%3A%2F%2Fwww.abf.se%2Fwp-content%2Fuploads%2Fsites%2F51%2F2024%2F02%2FMaja-edit.jpg&#038;fit=crop&#038;w=432&#038;h=380&#038;s=326e2bdf61968f1a87b6d88f98e54da3 432w, https:\/\/www.abf.se\/dalarna\/resized\/?url=https%3A%2F%2Fwww.abf.se%2Fwp-content%2Fuploads%2Fsites%2F51%2F2024%2F02%2FMaja-edit.jpg&#038;fit=crop&#038;w=480&#038;h=422&#038;s=09929e86eb01bbedda236b0da9bf031a 480w, https:\/\/www.abf.se\/dalarna\/resized\/?url=https%3A%2F%2Fwww.abf.se%2Fwp-content%2Fuploads%2Fsites%2F51%2F2024%2F02%2FMaja-edit.jpg&#038;fit=crop&#038;w=528&#038;h=464&#038;s=385c4918b11f2be659169962600997f1 528w, https:\/\/www.abf.se\/dalarna\/resized\/?url=https%3A%2F%2Fwww.abf.se%2Fwp-content%2Fuploads%2Fsites%2F51%2F2024%2F02%2FMaja-edit.jpg&#038;fit=crop&#038;w=578&#038;h=509&#038;s=2aa90df0cac50532ab0bb6d0eb0ee86e 578w, https:\/\/www.abf.se\/dalarna\/resized\/?url=https%3A%2F%2Fwww.abf.se%2Fwp-content%2Fuploads%2Fsites%2F51%2F2024%2F02%2FMaja-edit.jpg&#038;fit=crop&#038;w=672&#038;h=591&#038;s=b7eded2e93151c635eb5d8e12e2ac99c 672w, https:\/\/www.abf.se\/dalarna\/resized\/?url=https%3A%2F%2Fwww.abf.se%2Fwp-content%2Fuploads%2Fsites%2F51%2F2024%2F02%2FMaja-edit.jpg&#038;fit=crop&#038;w=864&#038;h=760&#038;s=4150c5e8450fb15a51eabe7be0cab984 864w, https:\/\/www.abf.se\/dalarna\/resized\/?url=https%3A%2F%2Fwww.abf.se%2Fwp-content%2Fuploads%2Fsites%2F51%2F2024%2F02%2FMaja-edit.jpg&#038;fit=crop&#038;w=1056&#038;h=929&#038;s=98cc8b8eec88369fd615301bcea3a162 1056w\" alt=\"\" height=\"509\" width=\"578\" sizes=\"auto, (max-width: 768px) 100vw,\n                (max-width: 1280px) 50vw, 578px\" loading=\"lazy\" fetchpriority=\"low\" \/><\/picture>\n\n        <\/div>\n        \n        <div class=\"w-full md:w-1\/2 md:order-2\">\n        <div class=\"mx-auto md:max-w-[368px]\">\n            <h2 class=\"heading-lg\">Maja<\/h2>\n            <div class=\"mb-6 mt-4 wysiwyg\">\n                <p>Utrustad med 70&#8243; smart-TV och whiteboardtavla. H\u00e4r finns ocks\u00e5 en skjutv\u00e4gg f\u00f6r att \u00f6ppna upp mot Amelin.<\/p>\n<h3><strong>Vem \u00e4r lokalen uppkallad efter?<\/strong><\/h3>\n<p>Maja Sandler f\u00f6ddes 1877 och var i sin ungdom fr\u00e4mmande f\u00f6r arbetarr\u00f6relsens id\u00e9er men blev med tiden en h\u00e4ngiven beundrare av dom. Under l\u00e5ng tid arbetade hon i diverse humanit\u00e4ra organisationer och var med i grundandet av ABF \u00e5r 1912.<\/p>\n\n            <\/div>\n                    <\/div>\n        <\/div>\n    <\/div>\n<\/div><div\n    class=\"acf-quick-link-block bg-red py-12 md:py-20\"\n    data-block=\"quick-link-block\"\n>\n    <div class=\"container\">\n        \n        <div\n            class=\"px-5 content:px-0 grid grid-cols-1 gap-8 lg:grid-cols-3\">\n            \n            <article\nclass=\"round-corners-sm p-6 relative group grid grid-rows-[subgrid] row-[span_3] gap-4 bg-white text-red\"\n>\n            <h3\n        class=\"heading-sm group-hover:underline text-red\">\n            <a href=\"https:\/\/www.abf.se\/dalarna\/kontakt\/\" class=\"expanded-hit-area\" target=\"\">\n                Kontakta oss\n            <\/a>\n        <\/h3>\n                <p class=\"body-md text-gray-text\">\n            Vi svarar p\u00e5 dina fr\u00e5gor\n        <\/p>\n        <figure\n    class=\"w-[38px] h-[38px] rounded-full p-2 group-hover:scale-110 transition-transform duration-300 self-end pointer-events-none bg-red text-white\">\n        <svg width=\"20\" height=\"20\" viewBox=\"0 0 20 20\" fill=\"none\" class=\"SvgIconElement\">\n<path d=\"M4.16659 10L15.8333 10\" stroke=\"currentColor\"\/>\n<path d=\"M9.99992 4.1665L15.8333 9.99984L9.99992 15.8332\" stroke=\"currentColor\"\/>\n<\/svg>\n    <\/figure>\n<\/article>            \n            <article\nclass=\"round-corners-sm p-6 relative group grid grid-rows-[subgrid] row-[span_3] gap-4 bg-white text-red\"\n>\n            <h3\n        class=\"heading-sm group-hover:underline text-red\">\n            <a href=\"https:\/\/www.abf.se\/sodra-ostra-dalarna\/kontakt\/bokning-av-lokal-avesta\/\" class=\"expanded-hit-area\" target=\"\">\n                Boka en lokal direkt\n            <\/a>\n        <\/h3>\n                <p class=\"body-md text-gray-text\">\n            Bokningsformul\u00e4r f\u00f6r medlemsorganisationer\n        <\/p>\n        <figure\n    class=\"w-[38px] h-[38px] rounded-full p-2 group-hover:scale-110 transition-transform duration-300 self-end pointer-events-none bg-red text-white\">\n        <svg width=\"20\" height=\"20\" viewBox=\"0 0 20 20\" fill=\"none\" class=\"SvgIconElement\">\n<path d=\"M4.16659 10L15.8333 10\" stroke=\"currentColor\"\/>\n<path d=\"M9.99992 4.1665L15.8333 9.99984L9.99992 15.8332\" stroke=\"currentColor\"\/>\n<\/svg>\n    <\/figure>\n<\/article>            \n            <article\nclass=\"round-corners-sm p-6 relative group grid grid-rows-[subgrid] row-[span_3] gap-4 bg-white text-red\"\n>\n            <h3\n        class=\"heading-sm group-hover:underline text-red\">\n            <a href=\"https:\/\/www.abf.se\/sodra-ostra-dalarna\/vara-orter\/avesta\/tillganglighetsredogorelse-avesta\/\" class=\"expanded-hit-area\" target=\"\">\n                Tillg\u00e4nglighetsredog\u00f6relse\n            <\/a>\n        <\/h3>\n                <p class=\"body-md text-gray-text\">\n            L\u00e4s mer om v\u00e5r tillg\u00e4nglighet\n        <\/p>\n        <figure\n    class=\"w-[38px] h-[38px] rounded-full p-2 group-hover:scale-110 transition-transform duration-300 self-end pointer-events-none bg-red text-white\">\n        <svg width=\"20\" height=\"20\" viewBox=\"0 0 20 20\" fill=\"none\" class=\"SvgIconElement\">\n<path d=\"M4.16659 10L15.8333 10\" stroke=\"currentColor\"\/>\n<path d=\"M9.99992 4.1665L15.8333 9.99984L9.99992 15.8332\" stroke=\"currentColor\"\/>\n<\/svg>\n    <\/figure>\n<\/article>                    <\/div>\n    <\/div>\n<\/div>\n","protected":false},"excerpt":{"rendered":"","protected":false},"author":10,"featured_media":0,"parent":262,"menu_order":0,"comment_status":"closed","ping_status":"closed","template":"","meta":{"_acf_changed":false,"footnotes":""},"class_list":["post-73","page","type-page","status-publish","hentry"],"acf":[],"yoast_head":"<!-- This site is optimized with the Yoast SEO plugin v27.0 - https:\/\/yoast.com\/product\/yoast-seo-wordpress\/ -->\n<title>Avesta - Dalarna<\/title>\n<meta name=\"robots\" content=\"index, follow, max-snippet:-1, max-image-preview:large, max-video-preview:-1\" \/>\n<link rel=\"canonical\" href=\"https:\/\/www.abf.se\/dalarna\/vara-orter\/avesta\/\" \/>\n<meta property=\"og:locale\" content=\"sv_SE\" \/>\n<meta property=\"og:type\" content=\"article\" \/>\n<meta property=\"og:title\" content=\"Avesta - Dalarna\" \/>\n<meta property=\"og:url\" content=\"https:\/\/www.abf.se\/dalarna\/vara-orter\/avesta\/\" \/>\n<meta property=\"og:site_name\" content=\"Dalarna\" \/>\n<meta property=\"article:modified_time\" content=\"2026-01-07T12:16:04+00:00\" \/>\n<meta property=\"og:image\" content=\"https:\/\/www.abf.se\/wp-content\/uploads\/sites\/51\/2024\/04\/Nyckeln-liggande-scaled.jpg\" \/>\n\t<meta property=\"og:image:width\" content=\"2560\" \/>\n\t<meta property=\"og:image:height\" content=\"1440\" \/>\n\t<meta property=\"og:image:type\" content=\"image\/jpeg\" \/>\n<meta name=\"twitter:card\" content=\"summary_large_image\" \/>\n<script type=\"application\/ld+json\" class=\"yoast-schema-graph\">{\"@context\":\"https:\/\/schema.org\",\"@graph\":[{\"@type\":[\"WebPage\",\"AboutPage\"],\"@id\":\"https:\/\/www.abf.se\/dalarna\/vara-orter\/avesta\/\",\"url\":\"https:\/\/www.abf.se\/dalarna\/vara-orter\/avesta\/\",\"name\":\"Avesta - Dalarna\",\"isPartOf\":{\"@id\":\"https:\/\/www.abf.se\/dalarna\/#website\"},\"datePublished\":\"2024-02-26T10:50:53+00:00\",\"dateModified\":\"2026-01-07T12:16:04+00:00\",\"breadcrumb\":{\"@id\":\"https:\/\/www.abf.se\/dalarna\/vara-orter\/avesta\/#breadcrumb\"},\"inLanguage\":\"sv-SE\",\"potentialAction\":[{\"@type\":\"ReadAction\",\"target\":[\"https:\/\/www.abf.se\/dalarna\/vara-orter\/avesta\/\"]}]},{\"@type\":\"BreadcrumbList\",\"@id\":\"https:\/\/www.abf.se\/dalarna\/vara-orter\/avesta\/#breadcrumb\",\"itemListElement\":[{\"@type\":\"ListItem\",\"position\":1,\"name\":\"Home\",\"item\":\"https:\/\/www.abf.se\/dalarna\/\"},{\"@type\":\"ListItem\",\"position\":2,\"name\":\"V\u00e5ra orter\",\"item\":\"https:\/\/www.abf.se\/dalarna\/vara-orter\/\"},{\"@type\":\"ListItem\",\"position\":3,\"name\":\"Avesta\"}]},{\"@type\":\"WebSite\",\"@id\":\"https:\/\/www.abf.se\/dalarna\/#website\",\"url\":\"https:\/\/www.abf.se\/dalarna\/\",\"name\":\"Dalarna\",\"description\":\"\",\"potentialAction\":[{\"@type\":\"SearchAction\",\"target\":{\"@type\":\"EntryPoint\",\"urlTemplate\":\"https:\/\/www.abf.se\/dalarna\/?s={search_term_string}\"},\"query-input\":{\"@type\":\"PropertyValueSpecification\",\"valueRequired\":true,\"valueName\":\"search_term_string\"}}],\"inLanguage\":\"sv-SE\"}]}<\/script>\n<!-- \/ Yoast SEO plugin. -->","yoast_head_json":{"title":"Avesta - Dalarna","robots":{"index":"index","follow":"follow","max-snippet":"max-snippet:-1","max-image-preview":"max-image-preview:large","max-video-preview":"max-video-preview:-1"},"canonical":"https:\/\/www.abf.se\/dalarna\/vara-orter\/avesta\/","og_locale":"sv_SE","og_type":"article","og_title":"Avesta - Dalarna","og_url":"https:\/\/www.abf.se\/dalarna\/vara-orter\/avesta\/","og_site_name":"Dalarna","article_modified_time":"2026-01-07T12:16:04+00:00","og_image":[{"width":2560,"height":1440,"url":"https:\/\/www.abf.se\/wp-content\/uploads\/sites\/51\/2024\/04\/Nyckeln-liggande-scaled.jpg","type":"image\/jpeg"}],"twitter_card":"summary_large_image","schema":{"@context":"https:\/\/schema.org","@graph":[{"@type":["WebPage","AboutPage"],"@id":"https:\/\/www.abf.se\/dalarna\/vara-orter\/avesta\/","url":"https:\/\/www.abf.se\/dalarna\/vara-orter\/avesta\/","name":"Avesta - Dalarna","isPartOf":{"@id":"https:\/\/www.abf.se\/dalarna\/#website"},"datePublished":"2024-02-26T10:50:53+00:00","dateModified":"2026-01-07T12:16:04+00:00","breadcrumb":{"@id":"https:\/\/www.abf.se\/dalarna\/vara-orter\/avesta\/#breadcrumb"},"inLanguage":"sv-SE","potentialAction":[{"@type":"ReadAction","target":["https:\/\/www.abf.se\/dalarna\/vara-orter\/avesta\/"]}]},{"@type":"BreadcrumbList","@id":"https:\/\/www.abf.se\/dalarna\/vara-orter\/avesta\/#breadcrumb","itemListElement":[{"@type":"ListItem","position":1,"name":"Home","item":"https:\/\/www.abf.se\/dalarna\/"},{"@type":"ListItem","position":2,"name":"V\u00e5ra orter","item":"https:\/\/www.abf.se\/dalarna\/vara-orter\/"},{"@type":"ListItem","position":3,"name":"Avesta"}]},{"@type":"WebSite","@id":"https:\/\/www.abf.se\/dalarna\/#website","url":"https:\/\/www.abf.se\/dalarna\/","name":"Dalarna","description":"","potentialAction":[{"@type":"SearchAction","target":{"@type":"EntryPoint","urlTemplate":"https:\/\/www.abf.se\/dalarna\/?s={search_term_string}"},"query-input":{"@type":"PropertyValueSpecification","valueRequired":true,"valueName":"search_term_string"}}],"inLanguage":"sv-SE"}]}},"_links":{"self":[{"href":"https:\/\/www.abf.se\/dalarna\/wp-json\/wp\/v2\/pages\/73","targetHints":{"allow":["GET"]}}],"collection":[{"href":"https:\/\/www.abf.se\/dalarna\/wp-json\/wp\/v2\/pages"}],"about":[{"href":"https:\/\/www.abf.se\/dalarna\/wp-json\/wp\/v2\/types\/page"}],"author":[{"embeddable":true,"href":"https:\/\/www.abf.se\/dalarna\/wp-json\/wp\/v2\/users\/10"}],"replies":[{"embeddable":true,"href":"https:\/\/www.abf.se\/dalarna\/wp-json\/wp\/v2\/comments?post=73"}],"version-history":[{"count":41,"href":"https:\/\/www.abf.se\/dalarna\/wp-json\/wp\/v2\/pages\/73\/revisions"}],"predecessor-version":[{"id":1161,"href":"https:\/\/www.abf.se\/dalarna\/wp-json\/wp\/v2\/pages\/73\/revisions\/1161"}],"up":[{"embeddable":true,"href":"https:\/\/www.abf.se\/dalarna\/wp-json\/wp\/v2\/pages\/262"}],"wp:attachment":[{"href":"https:\/\/www.abf.se\/dalarna\/wp-json\/wp\/v2\/media?parent=73"}],"curies":[{"name":"wp","href":"https:\/\/api.w.org\/{rel}","templated":true}]}}