{"id":754,"date":"2025-05-07T15:22:19","date_gmt":"2025-05-07T13:22:19","guid":{"rendered":"https:\/\/www.abf.se\/sodra-ostra-dalarna\/?page_id=754"},"modified":"2025-09-10T14:27:36","modified_gmt":"2025-09-10T12:27:36","slug":"projekt-fritidsgardar","status":"publish","type":"page","link":"https:\/\/www.abf.se\/dalarna\/projekt-fritidsgardar\/","title":{"rendered":"Projekt &amp; fritidsg\u00e5rdar"},"content":{"rendered":"<div\n    class=\"acf-hero-block container-lg no-padding mb-12 js-geolocation\"\n    data-block=\"hero-block\"\n    data-index=\"0\"\n>\n    <div class=\"h-[548px]  relative rounded-[32px] overflow-hidden flex bg-gray-light\">\n        <div class=\"relative z-10 mt-auto h-auto w-full md:h-full\">\n            <div class=\"flex w-full h-full flex-col flex-wrap justify-end w-full md:w-7\/12 lg:w-1\/2 md:justify-center\">\n                <div class=\"flex flex-col gap-3 md:gap-[18px] md:transparent pt-16 pb-36 md:py-8 px-4 w-full md:max-w-[620px] mx-auto px-8\">\n\n                    <h1 class=\"hero-heading hero-heading--red-text\"><span>Projekt och fritidsg\u00e5rdar<\/span><\/h1>\n\n                                            <p class=\"mt-4 max-w-[48ch] text-white\">\n                            ABF Dalarna bedriver vid sidan av folkbildningen ocks\u00e5 projekt och fritidsg\u00e5rdar.\n                        <\/p>\n                    \n                                    <\/div>\n            <\/div>\n        <\/div>\n\n                    <picture class=\"as-background-image mix-blend-multiply bg-black\/40\"><img decoding=\"async\" src=\"https:\/\/www.abf.se\/dalarna\/resized\/?url=https%3A%2F%2Fwww.abf.se%2Fwp-content%2Fuploads%2F2025%2F03%2FCollage3.jpg&#038;fit=crop&#038;w=1440&#038;s=ff0b3409f29cc51fb23ff64dba6b17f1\" srcset=\"https:\/\/www.abf.se\/dalarna\/resized\/?url=https%3A%2F%2Fwww.abf.se%2Fwp-content%2Fuploads%2F2025%2F03%2FCollage3.jpg&#038;fit=crop&#038;w=375&#038;h=540&#038;s=17f9135aa0092202f3e5226cca8e2c9f 375w, https:\/\/www.abf.se\/dalarna\/resized\/?url=https%3A%2F%2Fwww.abf.se%2Fwp-content%2Fuploads%2F2025%2F03%2FCollage3.jpg&#038;fit=crop&#038;w=447&#038;h=540&#038;s=324a0d1c69395d415d3e70656c51b6b8 447w, https:\/\/www.abf.se\/dalarna\/resized\/?url=https%3A%2F%2Fwww.abf.se%2Fwp-content%2Fuploads%2F2025%2F03%2FCollage3.jpg&#038;fit=crop&#038;w=519&#038;h=540&#038;s=b0051bf24deb9ed06c8782ec6eb2cc64 519w, https:\/\/www.abf.se\/dalarna\/resized\/?url=https%3A%2F%2Fwww.abf.se%2Fwp-content%2Fuploads%2F2025%2F03%2FCollage3.jpg&#038;fit=crop&#038;w=591&#038;h=540&#038;s=68f08b9bbe6758dbe91f24e02bffa1ae 591w, https:\/\/www.abf.se\/dalarna\/resized\/?url=https%3A%2F%2Fwww.abf.se%2Fwp-content%2Fuploads%2F2025%2F03%2FCollage3.jpg&#038;fit=crop&#038;w=663&#038;h=540&#038;s=4a3be70850fd6479a8333100e5a1f623 663w, https:\/\/www.abf.se\/dalarna\/resized\/?url=https%3A%2F%2Fwww.abf.se%2Fwp-content%2Fuploads%2F2025%2F03%2FCollage3.jpg&#038;fit=crop&#038;w=750&#038;h=540&#038;s=8e575385571fe588504741a841d4e246 750w, https:\/\/www.abf.se\/dalarna\/resized\/?url=https%3A%2F%2Fwww.abf.se%2Fwp-content%2Fuploads%2F2025%2F03%2FCollage3.jpg&#038;fit=crop&#038;w=894&#038;h=540&#038;s=d94a3ca8b6cf90ea3b4cb9cc8865238d 894w, https:\/\/www.abf.se\/dalarna\/resized\/?url=https%3A%2F%2Fwww.abf.se%2Fwp-content%2Fuploads%2F2025%2F03%2FCollage3.jpg&#038;fit=crop&#038;w=1038&#038;h=540&#038;s=16651ad3833d74c90152542753e3a3b7 1038w, https:\/\/www.abf.se\/dalarna\/resized\/?url=https%3A%2F%2Fwww.abf.se%2Fwp-content%2Fuploads%2F2025%2F03%2FCollage3.jpg&#038;fit=crop&#038;w=1182&#038;h=540&#038;s=29173cab84b79bbe1888f754f72f3344 1182w, https:\/\/www.abf.se\/dalarna\/resized\/?url=https%3A%2F%2Fwww.abf.se%2Fwp-content%2Fuploads%2F2025%2F03%2FCollage3.jpg&#038;fit=crop&#038;w=1326&#038;h=540&#038;s=c0936d1e059d2a3cfc77c0d9e3c38fc1 1326w, https:\/\/www.abf.se\/dalarna\/resized\/?url=https%3A%2F%2Fwww.abf.se%2Fwp-content%2Fuploads%2F2025%2F03%2FCollage3.jpg&#038;fit=crop&#038;w=1440&#038;h=540&#038;s=53422f280d44a8acf3a661ce4bbc96ff 1440w\" alt=\"\" height=\"540\" width=\"1440\" sizes=\"(max-width: 1440px) calc(100vw - 32px), 1440px\" loading=\"eager\" fetchpriority=\"high\" aria-hidden=\"true\" role=\"presentation\" \/><\/picture>\n        \n\n                    <figure class=\"absolute bottom-0  md:w-1\/2 transform right-0 translate-x-10 md:translate-x-32\">\n                <img decoding=\"async\"\n                    alt=\"\"\n                    aria-hidden=\"true\"\n                    class=\"h-auto w-full\"\n                    role=\"presentation\"\n                    src=\"\/assets\/images\/two_circles_bottom.svg\"\n                >\n            <\/figure>\n            <\/div>\n\n    <\/div>\n\n<div\n    class=\"acf-plain-heading-block container my-16\"\n    data-block=\"plain-heading-block\"\n>\n    <div class=\"max-w-[658px] mx-auto\">\n                <h1 class=\"hero-heading\"><span>Projektverksamheten<\/span><\/h1>\n                            <p class=\"mt-8 body-xl text-black\">\n                ABF Dalarna har en projektorganisation som bedriver en handfull projekt som komplement till den ordinarie folkbildningsverksamheten.\n            <\/p>\n            <\/div>\n<\/div>\n<div\n    class=\"acf-article-text-block article-container my-12\"\n    data-block=\"article-text-block\"\n>\n    <div class=\"wysiwyg\">\n        <p>F\u00f6r n\u00e4rvarande bedriver vi f\u00f6ljande projekt:<\/p>\n<ul>\n<li>Trygghet f\u00f6r l\u00e4rande (Falun, medel fr\u00e5n L\u00e4nsstyrelsen)<\/li>\n<li>Spr\u00e5kinl\u00e4rning genom kultur (Falun, medel fr\u00e5n L\u00e4nsstyrelsen)<\/li>\n<li>Ber\u00e4ttarverkstad (Avesta, medel fr\u00e5n Kulturr\u00e5det)<\/li>\n<li>Olivhemmet (Avesta, Hedemora och S\u00e4ter, medel fr\u00e5n Socialstyrelsen)<\/li>\n<li>Fungerande social finansmarknad i Dalarna (Medel fr\u00e5n ESF)<\/li>\n<li>Samling f\u00f6r Social innovation i Dalarna (Medel fr\u00e5n Eruf)<\/li>\n<li>\u00c4ldres ber\u00e4ttelser (Falun, medel fr\u00e5n Kulturr\u00e5det)<\/li>\n<li>Navigator Dalarna (Medel fr\u00e5n L\u00e4nsstyrelsen<\/li>\n<li>Spr\u00e5k och h\u00e4lsa (Falun, medel fr\u00e5n L\u00e4nsstyrelsen)<\/li>\n<\/ul>\n<p>V\u00e5ra projekt sker i samarbete med v\u00e5ra medlemsorganisationer och andra samverkansparter. \u00c4r ni intresserade av att utveckla en projektid\u00e9 \u00e4r du v\u00e4lkommen att kontakta oss!<\/p>\n\n    <\/div>\n<\/div>\n<ul\n    class=\"acf-article-accordion-block accordion-group grid gap-4 my-12 article-container\"\n    data-block=\"article-accordion-block \"\n    data-ui-accordion-group\n>\n\n            <li class=\"accordion\" data-ui-accordion data-ui-accordion-open=\"false\">\n        <h3>\n        <button data-ui-accordion-button class=\"accordion-toggle font-bold\" aria-expanded=\"false\" aria-controls=\"row-kontaktuppgifterprojektverksamhet-0\" id=\"kontaktuppgifterprojektverksamhet-0\">\n            Kontaktuppgifter &#8211; projektverksamhet\n            \n            <figure class=\"w-4.5 h-4.5\" aria-hidden=\"true\">\n            <svg width=\"20\" height=\"20\" viewBox=\"0 0 20 20\" fill=\"none\"\nclass=\"SvgIconElement\">\n<path d=\"M15.8333 7.16667L9.99992 13L4.16659 7.16667\" stroke=\"currentColor\"\/>\n<\/svg>\n            <\/figure>\n        <\/button>\n        \n                <\/h3>\n        <div class=\"accordion-content\">\n            <div id=\"row-kontaktuppgifterprojektverksamhet-0\" role=\"region\" class=\"accordion-content-wrap\" aria-labelledby=\"kontaktuppgifterprojektverksamhet-0\">\n                                                <div class=\"grid md:grid-cols-3 gap-y-10 mt-10\">\n                        \n                                                        <div class=\"contact flex flex-col gap-3\">\n                                <div class=\"md:max-w-[160px]\">\n                                    <picture><source media=\"(max-width:767px)\" srcset=\"https:\/\/www.abf.se\/dalarna\/resized\/?url=https%3A%2F%2Fwww.abf.se%2Fwp-content%2Fuploads%2Fsites%2F51%2F2024%2F08%2FAnn-Sofie-scaled.jpg&#038;fit=crop&#038;w=800&#038;h=800&#038;s=b47a6ede5f06e6c85871984e04d58c07 1x, https:\/\/www.abf.se\/dalarna\/resized\/?url=https%3A%2F%2Fwww.abf.se%2Fwp-content%2Fuploads%2Fsites%2F51%2F2024%2F08%2FAnn-Sofie-scaled.jpg&#038;fit=crop&#038;w=1600&#038;h=1600&#038;s=f707507b1d9938aeaa1ef146bb0baab7 2x\"><img decoding=\"async\" src=\"https:\/\/www.abf.se\/dalarna\/resized\/?url=https%3A%2F%2Fwww.abf.se%2Fwp-content%2Fuploads%2Fsites%2F51%2F2024%2F08%2FAnn-Sofie-scaled.jpg&#038;fit=crop&#038;w=160&#038;s=9f6db1208dff8089d909ca3930ade2d6\" srcset=\"https:\/\/www.abf.se\/dalarna\/resized\/?url=https%3A%2F%2Fwww.abf.se%2Fwp-content%2Fuploads%2Fsites%2F51%2F2024%2F08%2FAnn-Sofie-scaled.jpg&#038;fit=crop&#038;w=320&#038;h=440&#038;s=1a4983185cbe0e0bd09f3c101e5a45e4 1x, https:\/\/www.abf.se\/dalarna\/resized\/?url=https%3A%2F%2Fwww.abf.se%2Fwp-content%2Fuploads%2Fsites%2F51%2F2024%2F08%2FAnn-Sofie-scaled.jpg&#038;fit=crop&#038;w=320&#038;h=440&#038;s=1a4983185cbe0e0bd09f3c101e5a45e4 2x\" alt=\"Portr\u00e4ttbild p\u00e5 medarbetaren Ann-Sofie mot en neutral bakgrund\" \/><\/picture>\n                                <\/div>\n                                <div class=\"\">\n                                    <h4 class=\"heading-lg\">Ann-Sofie Sterio Sj\u00f6str\u00f6m<\/h4>\n                                    <p class=\"body-md\">Bitr\u00e4dande ombudsman<\/p>\n                                                                    <\/div>\n                                                                <div class=\"flex gap flex-col label-md gap-1\">\n                                                                        <div class=\"flex gap-3\">\n                                        <svg width=\"20\" height=\"20\" viewBox=\"0 0 20 20\" fill=\"none\" xmlns=\"http:\/\/www.w3.org\/2000\/svg\">\n<path d=\"M16.625 17.5C14.8333 17.5 13.0868 17.1007 11.3854 16.3021C9.68403 15.5035 8.17708 14.4479 6.86458 13.1354C5.55208 11.8229 4.49653 10.316 3.69792 8.61458C2.89931 6.91319 2.5 5.16667 2.5 3.375C2.5 3.125 2.58333 2.91667 2.75 2.75C2.91667 2.58333 3.125 2.5 3.375 2.5H6.75C6.94444 2.5 7.11806 2.5625 7.27083 2.6875C7.42361 2.8125 7.51389 2.97222 7.54167 3.16667L8.08333 6.08333C8.11111 6.27778 8.10764 6.45486 8.07292 6.61458C8.03819 6.77431 7.95833 6.91667 7.83333 7.04167L5.8125 9.08333C6.39583 10.0833 7.12847 11.0208 8.01042 11.8958C8.89236 12.7708 9.86111 13.5278 10.9167 14.1667L12.875 12.2083C13 12.0833 13.1632 11.9896 13.3646 11.9271C13.566 11.8646 13.7639 11.8472 13.9583 11.875L16.8333 12.4583C17.0278 12.5 17.1875 12.5938 17.3125 12.7396C17.4375 12.8854 17.5 13.0556 17.5 13.25V16.625C17.5 16.875 17.4167 17.0833 17.25 17.25C17.0833 17.4167 16.875 17.5 16.625 17.5ZM5.02083 7.5L6.39583 6.125L6.04167 4.16667H4.1875C4.25694 4.73611 4.35417 5.29861 4.47917 5.85417C4.60417 6.40972 4.78472 6.95833 5.02083 7.5ZM15.8333 15.7917V13.9583L13.875 13.5625L12.4792 14.9583C13.0208 15.1944 13.5729 15.3819 14.1354 15.5208C14.6979 15.6597 15.2639 15.75 15.8333 15.7917Z\" fill=\"black\"\/>\n<\/svg>\n                                        <p>\n                                                                                                                               <a href=\"callto:070-541 06 50\">070-541 06 50<\/a>\n                                                                                                                                     <\/p>\n                                    <\/div>\n                                                                                                            <div class=\"flex gap-3\">\n                                        <svg width=\"20\" height=\"20\" viewBox=\"0 0 20 20\" fill=\"none\" xmlns=\"http:\/\/www.w3.org\/2000\/svg\">\n<path d=\"M3.33366 16.6666C2.87533 16.6666 2.48296 16.5035 2.15658 16.1771C1.83019 15.8507 1.66699 15.4583 1.66699 15V4.99998C1.66699 4.54165 1.83019 4.14929 2.15658 3.8229C2.48296 3.49651 2.87533 3.33331 3.33366 3.33331H16.667C17.1253 3.33331 17.5177 3.49651 17.8441 3.8229C18.1705 4.14929 18.3337 4.54165 18.3337 4.99998V15C18.3337 15.4583 18.1705 15.8507 17.8441 16.1771C17.5177 16.5035 17.1253 16.6666 16.667 16.6666H3.33366ZM16.667 6.66665L10.4378 10.5625C10.3684 10.6041 10.2955 10.6354 10.2191 10.6562C10.1427 10.6771 10.0698 10.6875 10.0003 10.6875C9.93088 10.6875 9.85797 10.6771 9.78158 10.6562C9.70519 10.6354 9.63227 10.6041 9.56283 10.5625L3.33366 6.66665V15H16.667V6.66665ZM10.0003 9.16665L16.667 4.99998H3.33366L10.0003 9.16665ZM3.33366 6.87498V5.64581V5.66665V5.65623V6.87498Z\" fill=\"black\"\/>\n<\/svg>\n                                        <p><a href=\"mailto:ann-sofie.sterio@abf.se\">ann-sofie.sterio@abf.se<\/a><\/p>\n                                    <\/div>\n                                                                    <\/div>\n                                                            <\/div>\n                                            <\/div>\n                                        <\/div>\n        <\/div>\n    <\/li>\n    <\/ul>\n<div\n    class=\"acf-plain-heading-block container my-16\"\n    data-block=\"plain-heading-block\"\n>\n    <div class=\"max-w-[658px] mx-auto\">\n                <h1 class=\"hero-heading\"><span>V\u00e5ra fritidsg\u00e5rdar<\/span><\/h1>\n                            <p class=\"mt-8 body-xl text-black\">\n                ABF driver sedan 2018 tv\u00e5 fritidsg\u00e5rdar i Smedjebackens kommun, \u201cHaket\u201d som ligger i Smedjebacken centrum och \u201cAllra b\u00e4sta fritidsg\u00e5rden\u201d i S\u00f6derb\u00e4rke.\n            <\/p>\n            <\/div>\n<\/div>\n<div\n    class=\"acf-article-text-block article-container my-12\"\n    data-block=\"article-text-block\"\n>\n    <div class=\"wysiwyg\">\n        <p>Vi arbetar f\u00f6r att ge ungdomarna en trygg, inneh\u00e5llsrik och rolig fritid p\u00e5 v\u00e5ra fritidsg\u00e5rdar d\u00e4r de f\u00e5r chansen att testa m\u00e5nga olika saker tillsammans, knyta nya bekantskaper, l\u00e4ra sig nya saker och ha trygga vuxna omkring sig. Genom g\u00e5rdsm\u00f6ten och \u00f6ppen dialog f\u00e5r ungdomarna sj\u00e4lva komma med \u00f6nskem\u00e5l och id\u00e9er vad de \u00f6nskar g\u00f6ra. Vi l\u00e4gger stort fokus p\u00e5 att ungdomarna f\u00e5r vara med och tycka, planera, v\u00e4xa och utvecklas hos oss. Vi har m\u00e5nga roliga aktiviteter s\u00e5 som pingis, biljard, bakning, tjej och killkv\u00e4llar, filmvisning, f\u00f6rel\u00e4sning, t\u00e4vlingar, handarbeten, skapande i stort, kurser, musik och s\u00e5ng mm. P\u00e5 lovdagar brukar vi g\u00f6ra utflykter som t.ex bowling, \u00e4ventyrsbad, ridning och fiske.<\/p>\n<p>Vi har i snitt 170 ungdomar som bes\u00f6ker oss i veckan och det g\u00f6r oss oerh\u00f6rt glada att de v\u00e4ljer att spendera sin fritid hos oss. Hos oss \u00e4r alla fr\u00e5n \u00e5rskurs 6 \u2013 tom 19 \u00e5r v\u00e4lkomna oavsett k\u00f6n, nationalitet eller bakgrund. Vi str\u00e4var efter inkludering och respekt f\u00f6r alla, hos oss \u00e4r vi alla lika mycket v\u00e4rda.<br \/>\nVi \u00e4r aktiva i m\u00f6ten med v\u00e5r kommun, samarbetar ibland med andra f\u00f6reningar, IFO, ungdomsmottagning och fritidsg\u00e5rdar i n\u00e4rheten. Vi arbetar utifr\u00e5n en trygghetsplan som vi arbetat fram och som g\u00e4ller p\u00e5 b\u00e5da v\u00e5ra g\u00e5rdar. Ungdomarna \u00e4r v\u00e5r framtid och det \u00e4r en \u00e4ra att f\u00e5 vara en del av deras fritid.<\/p>\n\n    <\/div>\n<\/div>\n<div\n    class=\"acf-text-image-block container my-12 md:my-15\"\n    data-block=\"text-image-block\"\n>\n    <div\n    class=\"flex flex-col items-center md:flex-row gap-8 md:gap-0 justify-between\">\n                        <div class=\"w-full md:w-1\/2 md:order-1\">\n            <picture><img decoding=\"async\" src=\"https:\/\/www.abf.se\/dalarna\/resized\/?url=https%3A%2F%2Fwww.abf.se%2Fwp-content%2Fuploads%2Fsites%2F51%2F2025%2F05%2FFritidsgarden-Haket-scaled.jpg&#038;fit=crop&#038;w=578&#038;s=9bc2cff86317e8e231d63e4768f8a1e5\" srcset=\"https:\/\/www.abf.se\/dalarna\/resized\/?url=https%3A%2F%2Fwww.abf.se%2Fwp-content%2Fuploads%2Fsites%2F51%2F2025%2F05%2FFritidsgarden-Haket-scaled.jpg&#038;fit=crop&#038;w=144&#038;h=126&#038;s=7ff2bef7beb87e183d0cf758f4f7bf29 144w, https:\/\/www.abf.se\/dalarna\/resized\/?url=https%3A%2F%2Fwww.abf.se%2Fwp-content%2Fuploads%2Fsites%2F51%2F2025%2F05%2FFritidsgarden-Haket-scaled.jpg&#038;fit=crop&#038;w=240&#038;h=211&#038;s=cf02a5b36aead0704112dc74b700de9b 240w, https:\/\/www.abf.se\/dalarna\/resized\/?url=https%3A%2F%2Fwww.abf.se%2Fwp-content%2Fuploads%2Fsites%2F51%2F2025%2F05%2FFritidsgarden-Haket-scaled.jpg&#038;fit=crop&#038;w=288&#038;h=253&#038;s=91c0f3b556aed551e1d2ea6b9c81d8e5 288w, https:\/\/www.abf.se\/dalarna\/resized\/?url=https%3A%2F%2Fwww.abf.se%2Fwp-content%2Fuploads%2Fsites%2F51%2F2025%2F05%2FFritidsgarden-Haket-scaled.jpg&#038;fit=crop&#038;w=336&#038;h=295&#038;s=1dec62920de8f466e5ec822d3fe895ce 336w, https:\/\/www.abf.se\/dalarna\/resized\/?url=https%3A%2F%2Fwww.abf.se%2Fwp-content%2Fuploads%2Fsites%2F51%2F2025%2F05%2FFritidsgarden-Haket-scaled.jpg&#038;fit=crop&#038;w=432&#038;h=380&#038;s=e728a70029c8ed5d7ff74d01b06ff037 432w, https:\/\/www.abf.se\/dalarna\/resized\/?url=https%3A%2F%2Fwww.abf.se%2Fwp-content%2Fuploads%2Fsites%2F51%2F2025%2F05%2FFritidsgarden-Haket-scaled.jpg&#038;fit=crop&#038;w=480&#038;h=422&#038;s=872ad4dd5612732cb4a0519a9f51189d 480w, https:\/\/www.abf.se\/dalarna\/resized\/?url=https%3A%2F%2Fwww.abf.se%2Fwp-content%2Fuploads%2Fsites%2F51%2F2025%2F05%2FFritidsgarden-Haket-scaled.jpg&#038;fit=crop&#038;w=528&#038;h=464&#038;s=414575c6e03d9e9ddb003c7c2b1f821e 528w, https:\/\/www.abf.se\/dalarna\/resized\/?url=https%3A%2F%2Fwww.abf.se%2Fwp-content%2Fuploads%2Fsites%2F51%2F2025%2F05%2FFritidsgarden-Haket-scaled.jpg&#038;fit=crop&#038;w=578&#038;h=509&#038;s=82f5ec4dab0605c12248678d4397482c 578w, https:\/\/www.abf.se\/dalarna\/resized\/?url=https%3A%2F%2Fwww.abf.se%2Fwp-content%2Fuploads%2Fsites%2F51%2F2025%2F05%2FFritidsgarden-Haket-scaled.jpg&#038;fit=crop&#038;w=672&#038;h=591&#038;s=d38f415dc8f573d4e3c14bab111ca1d2 672w, https:\/\/www.abf.se\/dalarna\/resized\/?url=https%3A%2F%2Fwww.abf.se%2Fwp-content%2Fuploads%2Fsites%2F51%2F2025%2F05%2FFritidsgarden-Haket-scaled.jpg&#038;fit=crop&#038;w=864&#038;h=760&#038;s=2de730557359a82c3b5efd5c87fe68a4 864w, https:\/\/www.abf.se\/dalarna\/resized\/?url=https%3A%2F%2Fwww.abf.se%2Fwp-content%2Fuploads%2Fsites%2F51%2F2025%2F05%2FFritidsgarden-Haket-scaled.jpg&#038;fit=crop&#038;w=1056&#038;h=929&#038;s=4e47afe392da5d645061b24c3043b1ad 1056w\" alt=\"\" height=\"509\" width=\"578\" sizes=\"auto, (max-width: 768px) 100vw,\n                (max-width: 1280px) 50vw, 578px\" loading=\"lazy\" fetchpriority=\"low\" \/><\/picture>\n\n        <\/div>\n        \n        <div class=\"w-full md:w-1\/2 md:order-2\">\n        <div class=\"mx-auto md:max-w-[368px]\">\n            <h2 class=\"heading-lg\">\u00d6ppettider p\u00e5 fritidsg\u00e5rdarna<\/h2>\n            <div class=\"mb-6 mt-4 wysiwyg\">\n                <h3>Haket<\/h3>\n<p><strong>M\u00e5ndag:<\/strong> 14.30 &#8211; 20.00<br \/>\n<strong>Tisdag-torsdag:<\/strong> 15.00 &#8211; 20.00<br \/>\n<strong>Fredag:<\/strong> 15.00 &#8211; 22.00<\/p>\n<p><strong>Instagram:<\/strong> <a href=\"https:\/\/www.instagram.com\/nyahaket_smb\/\" target=\"_blank\" rel=\"noopener\">nyahaket_smb<\/a><br \/>\n<strong>Facebook:<\/strong> <a href=\"https:\/\/www.facebook.com\/profile.php?id=61572195613022\" target=\"_blank\" rel=\"noopener\">Fritidsg\u00e5rden Haket<\/a><\/p>\n<h3>Allra b\u00e4sta fritidsg\u00e5rden<\/h3>\n<p><strong>Tisdag-torsdag:<\/strong> 15.00 &#8211; 20.00<br \/>\n<strong>Fredag:<\/strong> 15.00 &#8211; 22.00<\/p>\n<p><strong>Instagram:<\/strong> <a href=\"https:\/\/www.instagram.com\/soderbarke_abf\/\" target=\"_blank\" rel=\"noopener\">soderbarke_abf<\/a><br \/>\n<strong>Facebook:<\/strong> <a href=\"https:\/\/www.facebook.com\/profile.php?id=61572688892067\" target=\"_blank\" rel=\"noopener\">ABF Allra b\u00e4sta fritidsg\u00e5rden S\u00f6derb\u00e4rke<\/a><\/p>\n\n            <\/div>\n                    <\/div>\n        <\/div>\n    <\/div>\n<\/div><ul\n    class=\"acf-article-accordion-block accordion-group grid gap-4 my-12 article-container--wide\"\n    data-block=\"article-accordion-block \"\n    data-ui-accordion-group\n>\n\n            <li class=\"accordion\" data-ui-accordion data-ui-accordion-open=\"false\">\n        <h3>\n        <button data-ui-accordion-button class=\"accordion-toggle font-bold\" aria-expanded=\"false\" aria-controls=\"row-personalpafritidsgarden-0\" id=\"personalpafritidsgarden-0\">\n            Personal p\u00e5 fritidsg\u00e5rden\n            \n            <figure class=\"w-4.5 h-4.5\" aria-hidden=\"true\">\n            <svg width=\"20\" height=\"20\" viewBox=\"0 0 20 20\" fill=\"none\"\nclass=\"SvgIconElement\">\n<path d=\"M15.8333 7.16667L9.99992 13L4.16659 7.16667\" stroke=\"currentColor\"\/>\n<\/svg>\n            <\/figure>\n        <\/button>\n        \n                <\/h3>\n        <div class=\"accordion-content\">\n            <div id=\"row-personalpafritidsgarden-0\" role=\"region\" class=\"accordion-content-wrap\" aria-labelledby=\"personalpafritidsgarden-0\">\n                                                <div class=\"grid md:grid-cols-3 gap-y-10 mt-10\">\n                        \n                                                        <div class=\"contact flex flex-col gap-3\">\n                                <div class=\"md:max-w-[160px]\">\n                                    \n                                <\/div>\n                                <div class=\"\">\n                                    <h4 class=\"heading-lg\">Angelica Forsblom<\/h4>\n                                    <p class=\"body-md\">F\u00f6rest\u00e5ndare<\/p>\n                                                                    <\/div>\n                                                                <div class=\"flex gap flex-col label-md gap-1\">\n                                                                        <div class=\"flex gap-3\">\n                                        <svg width=\"20\" height=\"20\" viewBox=\"0 0 20 20\" fill=\"none\" xmlns=\"http:\/\/www.w3.org\/2000\/svg\">\n<path d=\"M16.625 17.5C14.8333 17.5 13.0868 17.1007 11.3854 16.3021C9.68403 15.5035 8.17708 14.4479 6.86458 13.1354C5.55208 11.8229 4.49653 10.316 3.69792 8.61458C2.89931 6.91319 2.5 5.16667 2.5 3.375C2.5 3.125 2.58333 2.91667 2.75 2.75C2.91667 2.58333 3.125 2.5 3.375 2.5H6.75C6.94444 2.5 7.11806 2.5625 7.27083 2.6875C7.42361 2.8125 7.51389 2.97222 7.54167 3.16667L8.08333 6.08333C8.11111 6.27778 8.10764 6.45486 8.07292 6.61458C8.03819 6.77431 7.95833 6.91667 7.83333 7.04167L5.8125 9.08333C6.39583 10.0833 7.12847 11.0208 8.01042 11.8958C8.89236 12.7708 9.86111 13.5278 10.9167 14.1667L12.875 12.2083C13 12.0833 13.1632 11.9896 13.3646 11.9271C13.566 11.8646 13.7639 11.8472 13.9583 11.875L16.8333 12.4583C17.0278 12.5 17.1875 12.5938 17.3125 12.7396C17.4375 12.8854 17.5 13.0556 17.5 13.25V16.625C17.5 16.875 17.4167 17.0833 17.25 17.25C17.0833 17.4167 16.875 17.5 16.625 17.5ZM5.02083 7.5L6.39583 6.125L6.04167 4.16667H4.1875C4.25694 4.73611 4.35417 5.29861 4.47917 5.85417C4.60417 6.40972 4.78472 6.95833 5.02083 7.5ZM15.8333 15.7917V13.9583L13.875 13.5625L12.4792 14.9583C13.0208 15.1944 13.5729 15.3819 14.1354 15.5208C14.6979 15.6597 15.2639 15.75 15.8333 15.7917Z\" fill=\"black\"\/>\n<\/svg>\n                                        <p>\n                                                                                                                               <a href=\"callto:072-090 22 23\">072-090 22 23<\/a>\n                                                                                                                                     <\/p>\n                                    <\/div>\n                                                                                                            <div class=\"flex gap-3\">\n                                        <svg width=\"20\" height=\"20\" viewBox=\"0 0 20 20\" fill=\"none\" xmlns=\"http:\/\/www.w3.org\/2000\/svg\">\n<path d=\"M3.33366 16.6666C2.87533 16.6666 2.48296 16.5035 2.15658 16.1771C1.83019 15.8507 1.66699 15.4583 1.66699 15V4.99998C1.66699 4.54165 1.83019 4.14929 2.15658 3.8229C2.48296 3.49651 2.87533 3.33331 3.33366 3.33331H16.667C17.1253 3.33331 17.5177 3.49651 17.8441 3.8229C18.1705 4.14929 18.3337 4.54165 18.3337 4.99998V15C18.3337 15.4583 18.1705 15.8507 17.8441 16.1771C17.5177 16.5035 17.1253 16.6666 16.667 16.6666H3.33366ZM16.667 6.66665L10.4378 10.5625C10.3684 10.6041 10.2955 10.6354 10.2191 10.6562C10.1427 10.6771 10.0698 10.6875 10.0003 10.6875C9.93088 10.6875 9.85797 10.6771 9.78158 10.6562C9.70519 10.6354 9.63227 10.6041 9.56283 10.5625L3.33366 6.66665V15H16.667V6.66665ZM10.0003 9.16665L16.667 4.99998H3.33366L10.0003 9.16665ZM3.33366 6.87498V5.64581V5.66665V5.65623V6.87498Z\" fill=\"black\"\/>\n<\/svg>\n                                        <p><a href=\"mailto:angelica.forsblom@abf.se\">angelica.forsblom@abf.se<\/a><\/p>\n                                    <\/div>\n                                                                    <\/div>\n                                                            <\/div>\n                        \n                                                        <div class=\"contact flex flex-col gap-3\">\n                                <div class=\"md:max-w-[160px]\">\n                                    \n                                <\/div>\n                                <div class=\"\">\n                                    <h4 class=\"heading-lg\">Anita Kokkonen<\/h4>\n                                    <p class=\"body-md\">Fritidsledare<\/p>\n                                                                    <\/div>\n                                                                <div class=\"flex gap flex-col label-md gap-1\">\n                                                                                                            <div class=\"flex gap-3\">\n                                        <svg width=\"20\" height=\"20\" viewBox=\"0 0 20 20\" fill=\"none\" xmlns=\"http:\/\/www.w3.org\/2000\/svg\">\n<path d=\"M3.33366 16.6666C2.87533 16.6666 2.48296 16.5035 2.15658 16.1771C1.83019 15.8507 1.66699 15.4583 1.66699 15V4.99998C1.66699 4.54165 1.83019 4.14929 2.15658 3.8229C2.48296 3.49651 2.87533 3.33331 3.33366 3.33331H16.667C17.1253 3.33331 17.5177 3.49651 17.8441 3.8229C18.1705 4.14929 18.3337 4.54165 18.3337 4.99998V15C18.3337 15.4583 18.1705 15.8507 17.8441 16.1771C17.5177 16.5035 17.1253 16.6666 16.667 16.6666H3.33366ZM16.667 6.66665L10.4378 10.5625C10.3684 10.6041 10.2955 10.6354 10.2191 10.6562C10.1427 10.6771 10.0698 10.6875 10.0003 10.6875C9.93088 10.6875 9.85797 10.6771 9.78158 10.6562C9.70519 10.6354 9.63227 10.6041 9.56283 10.5625L3.33366 6.66665V15H16.667V6.66665ZM10.0003 9.16665L16.667 4.99998H3.33366L10.0003 9.16665ZM3.33366 6.87498V5.64581V5.66665V5.65623V6.87498Z\" fill=\"black\"\/>\n<\/svg>\n                                        <p><a href=\"mailto:anita.kokkonen@abf.se\">anita.kokkonen@abf.se<\/a><\/p>\n                                    <\/div>\n                                                                    <\/div>\n                                                            <\/div>\n                        \n                                                        <div class=\"contact flex flex-col gap-3\">\n                                <div class=\"md:max-w-[160px]\">\n                                    \n                                <\/div>\n                                <div class=\"\">\n                                    <h4 class=\"heading-lg\">Johan Andersson<\/h4>\n                                    <p class=\"body-md\">Fritidsledare<\/p>\n                                                                    <\/div>\n                                                                <div class=\"flex gap flex-col label-md gap-1\">\n                                                                                                            <div class=\"flex gap-3\">\n                                        <svg width=\"20\" height=\"20\" viewBox=\"0 0 20 20\" fill=\"none\" xmlns=\"http:\/\/www.w3.org\/2000\/svg\">\n<path d=\"M3.33366 16.6666C2.87533 16.6666 2.48296 16.5035 2.15658 16.1771C1.83019 15.8507 1.66699 15.4583 1.66699 15V4.99998C1.66699 4.54165 1.83019 4.14929 2.15658 3.8229C2.48296 3.49651 2.87533 3.33331 3.33366 3.33331H16.667C17.1253 3.33331 17.5177 3.49651 17.8441 3.8229C18.1705 4.14929 18.3337 4.54165 18.3337 4.99998V15C18.3337 15.4583 18.1705 15.8507 17.8441 16.1771C17.5177 16.5035 17.1253 16.6666 16.667 16.6666H3.33366ZM16.667 6.66665L10.4378 10.5625C10.3684 10.6041 10.2955 10.6354 10.2191 10.6562C10.1427 10.6771 10.0698 10.6875 10.0003 10.6875C9.93088 10.6875 9.85797 10.6771 9.78158 10.6562C9.70519 10.6354 9.63227 10.6041 9.56283 10.5625L3.33366 6.66665V15H16.667V6.66665ZM10.0003 9.16665L16.667 4.99998H3.33366L10.0003 9.16665ZM3.33366 6.87498V5.64581V5.66665V5.65623V6.87498Z\" fill=\"black\"\/>\n<\/svg>\n                                        <p><a href=\"mailto:johan.andersson@abf.se\">johan.andersson@abf.se<\/a><\/p>\n                                    <\/div>\n                                                                    <\/div>\n                                                            <\/div>\n                        \n                                                        <div class=\"contact flex flex-col gap-3\">\n                                <div class=\"md:max-w-[160px]\">\n                                    \n                                <\/div>\n                                <div class=\"\">\n                                    <h4 class=\"heading-lg\">Tiina Jonasson<\/h4>\n                                    <p class=\"body-md\">Fritidsledare<\/p>\n                                                                    <\/div>\n                                                                <div class=\"flex gap flex-col label-md gap-1\">\n                                                                                                            <div class=\"flex gap-3\">\n                                        <svg width=\"20\" height=\"20\" viewBox=\"0 0 20 20\" fill=\"none\" xmlns=\"http:\/\/www.w3.org\/2000\/svg\">\n<path d=\"M3.33366 16.6666C2.87533 16.6666 2.48296 16.5035 2.15658 16.1771C1.83019 15.8507 1.66699 15.4583 1.66699 15V4.99998C1.66699 4.54165 1.83019 4.14929 2.15658 3.8229C2.48296 3.49651 2.87533 3.33331 3.33366 3.33331H16.667C17.1253 3.33331 17.5177 3.49651 17.8441 3.8229C18.1705 4.14929 18.3337 4.54165 18.3337 4.99998V15C18.3337 15.4583 18.1705 15.8507 17.8441 16.1771C17.5177 16.5035 17.1253 16.6666 16.667 16.6666H3.33366ZM16.667 6.66665L10.4378 10.5625C10.3684 10.6041 10.2955 10.6354 10.2191 10.6562C10.1427 10.6771 10.0698 10.6875 10.0003 10.6875C9.93088 10.6875 9.85797 10.6771 9.78158 10.6562C9.70519 10.6354 9.63227 10.6041 9.56283 10.5625L3.33366 6.66665V15H16.667V6.66665ZM10.0003 9.16665L16.667 4.99998H3.33366L10.0003 9.16665ZM3.33366 6.87498V5.64581V5.66665V5.65623V6.87498Z\" fill=\"black\"\/>\n<\/svg>\n                                        <p><a href=\"mailto:tiina.jonasson@abf.se\">tiina.jonasson@abf.se<\/a><\/p>\n                                    <\/div>\n                                                                    <\/div>\n                                                            <\/div>\n                                            <\/div>\n                                        <\/div>\n        <\/div>\n    <\/li>\n    <\/ul>\n","protected":false},"excerpt":{"rendered":"","protected":false},"author":10,"featured_media":0,"parent":0,"menu_order":0,"comment_status":"closed","ping_status":"closed","template":"","meta":{"_acf_changed":false,"footnotes":""},"class_list":["post-754","page","type-page","status-publish","hentry"],"acf":[],"yoast_head":"<!-- This site is optimized with the Yoast SEO plugin v27.0 - https:\/\/yoast.com\/product\/yoast-seo-wordpress\/ -->\n<title>Projekt &amp; fritidsg\u00e5rdar - Dalarna<\/title>\n<meta name=\"robots\" content=\"index, follow, max-snippet:-1, max-image-preview:large, max-video-preview:-1\" \/>\n<link rel=\"canonical\" href=\"https:\/\/www.abf.se\/dalarna\/projekt-fritidsgardar\/\" \/>\n<meta property=\"og:locale\" content=\"sv_SE\" \/>\n<meta property=\"og:type\" content=\"article\" \/>\n<meta property=\"og:title\" content=\"Projekt &amp; fritidsg\u00e5rdar - Dalarna\" \/>\n<meta property=\"og:url\" content=\"https:\/\/www.abf.se\/dalarna\/projekt-fritidsgardar\/\" \/>\n<meta property=\"og:site_name\" content=\"Dalarna\" \/>\n<meta property=\"article:modified_time\" content=\"2025-09-10T12:27:36+00:00\" \/>\n<meta property=\"og:image\" content=\"https:\/\/www.abf.se\/wp-content\/uploads\/sites\/51\/2024\/04\/Nyckeln-liggande-scaled.jpg\" \/>\n\t<meta property=\"og:image:width\" content=\"2560\" \/>\n\t<meta property=\"og:image:height\" content=\"1440\" \/>\n\t<meta property=\"og:image:type\" content=\"image\/jpeg\" \/>\n<meta name=\"twitter:card\" content=\"summary_large_image\" \/>\n<script type=\"application\/ld+json\" class=\"yoast-schema-graph\">{\"@context\":\"https:\/\/schema.org\",\"@graph\":[{\"@type\":\"WebPage\",\"@id\":\"https:\/\/www.abf.se\/dalarna\/projekt-fritidsgardar\/\",\"url\":\"https:\/\/www.abf.se\/dalarna\/projekt-fritidsgardar\/\",\"name\":\"Projekt &amp; fritidsg\u00e5rdar - Dalarna\",\"isPartOf\":{\"@id\":\"https:\/\/www.abf.se\/dalarna\/#website\"},\"datePublished\":\"2025-05-07T13:22:19+00:00\",\"dateModified\":\"2025-09-10T12:27:36+00:00\",\"breadcrumb\":{\"@id\":\"https:\/\/www.abf.se\/dalarna\/projekt-fritidsgardar\/#breadcrumb\"},\"inLanguage\":\"sv-SE\",\"potentialAction\":[{\"@type\":\"ReadAction\",\"target\":[\"https:\/\/www.abf.se\/dalarna\/projekt-fritidsgardar\/\"]}]},{\"@type\":\"BreadcrumbList\",\"@id\":\"https:\/\/www.abf.se\/dalarna\/projekt-fritidsgardar\/#breadcrumb\",\"itemListElement\":[{\"@type\":\"ListItem\",\"position\":1,\"name\":\"Home\",\"item\":\"https:\/\/www.abf.se\/dalarna\/\"},{\"@type\":\"ListItem\",\"position\":2,\"name\":\"Projekt &amp; fritidsg\u00e5rdar\"}]},{\"@type\":\"WebSite\",\"@id\":\"https:\/\/www.abf.se\/dalarna\/#website\",\"url\":\"https:\/\/www.abf.se\/dalarna\/\",\"name\":\"Dalarna\",\"description\":\"\",\"potentialAction\":[{\"@type\":\"SearchAction\",\"target\":{\"@type\":\"EntryPoint\",\"urlTemplate\":\"https:\/\/www.abf.se\/dalarna\/?s={search_term_string}\"},\"query-input\":{\"@type\":\"PropertyValueSpecification\",\"valueRequired\":true,\"valueName\":\"search_term_string\"}}],\"inLanguage\":\"sv-SE\"}]}<\/script>\n<!-- \/ Yoast SEO plugin. -->","yoast_head_json":{"title":"Projekt &amp; fritidsg\u00e5rdar - Dalarna","robots":{"index":"index","follow":"follow","max-snippet":"max-snippet:-1","max-image-preview":"max-image-preview:large","max-video-preview":"max-video-preview:-1"},"canonical":"https:\/\/www.abf.se\/dalarna\/projekt-fritidsgardar\/","og_locale":"sv_SE","og_type":"article","og_title":"Projekt &amp; fritidsg\u00e5rdar - Dalarna","og_url":"https:\/\/www.abf.se\/dalarna\/projekt-fritidsgardar\/","og_site_name":"Dalarna","article_modified_time":"2025-09-10T12:27:36+00:00","og_image":[{"width":2560,"height":1440,"url":"https:\/\/www.abf.se\/wp-content\/uploads\/sites\/51\/2024\/04\/Nyckeln-liggande-scaled.jpg","type":"image\/jpeg"}],"twitter_card":"summary_large_image","schema":{"@context":"https:\/\/schema.org","@graph":[{"@type":"WebPage","@id":"https:\/\/www.abf.se\/dalarna\/projekt-fritidsgardar\/","url":"https:\/\/www.abf.se\/dalarna\/projekt-fritidsgardar\/","name":"Projekt &amp; fritidsg\u00e5rdar - Dalarna","isPartOf":{"@id":"https:\/\/www.abf.se\/dalarna\/#website"},"datePublished":"2025-05-07T13:22:19+00:00","dateModified":"2025-09-10T12:27:36+00:00","breadcrumb":{"@id":"https:\/\/www.abf.se\/dalarna\/projekt-fritidsgardar\/#breadcrumb"},"inLanguage":"sv-SE","potentialAction":[{"@type":"ReadAction","target":["https:\/\/www.abf.se\/dalarna\/projekt-fritidsgardar\/"]}]},{"@type":"BreadcrumbList","@id":"https:\/\/www.abf.se\/dalarna\/projekt-fritidsgardar\/#breadcrumb","itemListElement":[{"@type":"ListItem","position":1,"name":"Home","item":"https:\/\/www.abf.se\/dalarna\/"},{"@type":"ListItem","position":2,"name":"Projekt &amp; fritidsg\u00e5rdar"}]},{"@type":"WebSite","@id":"https:\/\/www.abf.se\/dalarna\/#website","url":"https:\/\/www.abf.se\/dalarna\/","name":"Dalarna","description":"","potentialAction":[{"@type":"SearchAction","target":{"@type":"EntryPoint","urlTemplate":"https:\/\/www.abf.se\/dalarna\/?s={search_term_string}"},"query-input":{"@type":"PropertyValueSpecification","valueRequired":true,"valueName":"search_term_string"}}],"inLanguage":"sv-SE"}]}},"_links":{"self":[{"href":"https:\/\/www.abf.se\/dalarna\/wp-json\/wp\/v2\/pages\/754","targetHints":{"allow":["GET"]}}],"collection":[{"href":"https:\/\/www.abf.se\/dalarna\/wp-json\/wp\/v2\/pages"}],"about":[{"href":"https:\/\/www.abf.se\/dalarna\/wp-json\/wp\/v2\/types\/page"}],"author":[{"embeddable":true,"href":"https:\/\/www.abf.se\/dalarna\/wp-json\/wp\/v2\/users\/10"}],"replies":[{"embeddable":true,"href":"https:\/\/www.abf.se\/dalarna\/wp-json\/wp\/v2\/comments?post=754"}],"version-history":[{"count":14,"href":"https:\/\/www.abf.se\/dalarna\/wp-json\/wp\/v2\/pages\/754\/revisions"}],"predecessor-version":[{"id":1055,"href":"https:\/\/www.abf.se\/dalarna\/wp-json\/wp\/v2\/pages\/754\/revisions\/1055"}],"wp:attachment":[{"href":"https:\/\/www.abf.se\/dalarna\/wp-json\/wp\/v2\/media?parent=754"}],"curies":[{"name":"wp","href":"https:\/\/api.w.org\/{rel}","templated":true}]}}