{"id":820,"date":"2025-05-08T15:27:00","date_gmt":"2025-05-08T13:27:00","guid":{"rendered":"https:\/\/www.abf.se\/sodra-ostra-dalarna\/?page_id=820"},"modified":"2026-01-07T13:15:17","modified_gmt":"2026-01-07T12:15:17","slug":"alvdalen","status":"publish","type":"page","link":"https:\/\/www.abf.se\/dalarna\/vara-orter\/alvdalen\/","title":{"rendered":"\u00c4lvdalen"},"content":{"rendered":"<div\n    class=\"acf-hero-block container-lg no-padding mb-12 js-geolocation\"\n    data-block=\"hero-block\"\n    data-index=\"0\"\n>\n    <div class=\"h-[548px]  relative rounded-[32px] overflow-hidden flex bg-gray-light\">\n        <div class=\"relative z-10 mt-auto h-auto w-full md:h-full\">\n            <div class=\"flex w-full h-full flex-col flex-wrap justify-end w-full md:w-7\/12 lg:w-1\/2 md:justify-center\">\n                <div class=\"flex flex-col gap-3 md:gap-[18px] md:transparent pt-16 pb-36 md:py-8 px-4 w-full md:max-w-[620px] mx-auto px-8\">\n\n                    <h1 class=\"hero-heading hero-heading--red-text\"><span>ABF \u00c4lvdalen<\/span><\/h1>\n\n                    \n                                    <\/div>\n            <\/div>\n        <\/div>\n\n                    <picture class=\"as-background-image mix-blend-multiply bg-black\/40\"><img decoding=\"async\" src=\"https:\/\/www.abf.se\/dalarna\/resized\/?url=https%3A%2F%2Fwww.abf.se%2Fwp-content%2Fuploads%2F2023%2F11%2FVerksamhet-tillsammans-liggande_IMGP.jpg&#038;fit=crop&#038;w=1440&#038;s=b7b1f12b490e425b64de1d41008127b7\" srcset=\"https:\/\/www.abf.se\/dalarna\/resized\/?url=https%3A%2F%2Fwww.abf.se%2Fwp-content%2Fuploads%2F2023%2F11%2FVerksamhet-tillsammans-liggande_IMGP.jpg&#038;fit=crop&#038;w=375&#038;h=540&#038;s=6781986b7da324c4fbfdd65af97a3552 375w, https:\/\/www.abf.se\/dalarna\/resized\/?url=https%3A%2F%2Fwww.abf.se%2Fwp-content%2Fuploads%2F2023%2F11%2FVerksamhet-tillsammans-liggande_IMGP.jpg&#038;fit=crop&#038;w=447&#038;h=540&#038;s=b57f7ea638ba5cf984c40aef39c676fd 447w, https:\/\/www.abf.se\/dalarna\/resized\/?url=https%3A%2F%2Fwww.abf.se%2Fwp-content%2Fuploads%2F2023%2F11%2FVerksamhet-tillsammans-liggande_IMGP.jpg&#038;fit=crop&#038;w=519&#038;h=540&#038;s=852d1a39ba545420437051acda7a5774 519w, https:\/\/www.abf.se\/dalarna\/resized\/?url=https%3A%2F%2Fwww.abf.se%2Fwp-content%2Fuploads%2F2023%2F11%2FVerksamhet-tillsammans-liggande_IMGP.jpg&#038;fit=crop&#038;w=591&#038;h=540&#038;s=7b39ae1f1c5fa825cb264b5f2ef35264 591w, https:\/\/www.abf.se\/dalarna\/resized\/?url=https%3A%2F%2Fwww.abf.se%2Fwp-content%2Fuploads%2F2023%2F11%2FVerksamhet-tillsammans-liggande_IMGP.jpg&#038;fit=crop&#038;w=663&#038;h=540&#038;s=9eb4506ecf8d6789e565882688dc61b7 663w, https:\/\/www.abf.se\/dalarna\/resized\/?url=https%3A%2F%2Fwww.abf.se%2Fwp-content%2Fuploads%2F2023%2F11%2FVerksamhet-tillsammans-liggande_IMGP.jpg&#038;fit=crop&#038;w=750&#038;h=540&#038;s=0dee52d02ef3986c1bbb50aae1a5d0f3 750w, https:\/\/www.abf.se\/dalarna\/resized\/?url=https%3A%2F%2Fwww.abf.se%2Fwp-content%2Fuploads%2F2023%2F11%2FVerksamhet-tillsammans-liggande_IMGP.jpg&#038;fit=crop&#038;w=894&#038;h=540&#038;s=c67938f0fe7baad6ae4a241e8a86c188 894w, https:\/\/www.abf.se\/dalarna\/resized\/?url=https%3A%2F%2Fwww.abf.se%2Fwp-content%2Fuploads%2F2023%2F11%2FVerksamhet-tillsammans-liggande_IMGP.jpg&#038;fit=crop&#038;w=1038&#038;h=540&#038;s=95740a27a26d5c16931eb22b6b1367bd 1038w, https:\/\/www.abf.se\/dalarna\/resized\/?url=https%3A%2F%2Fwww.abf.se%2Fwp-content%2Fuploads%2F2023%2F11%2FVerksamhet-tillsammans-liggande_IMGP.jpg&#038;fit=crop&#038;w=1182&#038;h=540&#038;s=b7872c3f89c9626b6141d1e5da25c704 1182w, https:\/\/www.abf.se\/dalarna\/resized\/?url=https%3A%2F%2Fwww.abf.se%2Fwp-content%2Fuploads%2F2023%2F11%2FVerksamhet-tillsammans-liggande_IMGP.jpg&#038;fit=crop&#038;w=1326&#038;h=540&#038;s=aecf05e31ee191944c78e4decbbaef1d 1326w, https:\/\/www.abf.se\/dalarna\/resized\/?url=https%3A%2F%2Fwww.abf.se%2Fwp-content%2Fuploads%2F2023%2F11%2FVerksamhet-tillsammans-liggande_IMGP.jpg&#038;fit=crop&#038;w=1440&#038;h=540&#038;s=762b90c9d5e2acfe7aee083f4f60586c 1440w\" alt=\"\" height=\"540\" width=\"1440\" sizes=\"(max-width: 1440px) calc(100vw - 32px), 1440px\" loading=\"eager\" fetchpriority=\"high\" aria-hidden=\"true\" role=\"presentation\" \/><\/picture>\n        \n\n                    <figure class=\"absolute bottom-0  md:w-1\/2 transform right-0 translate-x-10 md:translate-x-32\">\n                <img decoding=\"async\"\n                    alt=\"\"\n                    aria-hidden=\"true\"\n                    class=\"h-auto w-full\"\n                    role=\"presentation\"\n                    src=\"\/assets\/images\/two_circles_bottom.svg\"\n                >\n            <\/figure>\n            <\/div>\n\n    <\/div>\n\n<div\n    class=\"acf-article-facts-block article-container  my-8 \"\n    data-block=\"article-facts-block\"\n>\n<div class=\"bg-teal-light border border-teal p-8 rounded-corners-sm\">\n<header>\n        <h2 class=\"heading-md text-teal-dark mb-3\">\n            Verksamheten i \u00c4lvdalen\n        <\/h2>\n    <\/header>\n    <div class=\"wysiwyg\">\n        <p>Tillsammans med v\u00e5ra medlemsorganisationer g\u00f6rs m\u00e5nga olika kulturprogram och studiecirklar i \u00c4lvdalen kommun. Kontakta oss s\u00e5 ber\u00e4ttar vi mer!<\/p>\n\n    <\/div>\n<\/div>\n\n<\/div>\n<div\n    class=\"acf-article-cta-link-block article-container my-8\"\n    data-block=\"article-cta-link-block\"\n>\n<div>\n    <a class=\"inline-flex flex-row items-center gap-4 text-link underline text-red-dark\"\n        href=\"https:\/\/www.abf.se\/dalarna\/kontakt\/\"\n            >\n        <span class=\"\">\n        Kontakta oss\n        <\/span>\n        <figure aria-hidden=\"true\" class=\"rounded-full bg-red-dark w-8 h-8 p-1 text-white\">\n            <svg width=\"20\" height=\"20\" viewBox=\"0 0 20 20\" fill=\"none\" class=\"SvgIconElement\">\n<path d=\"M4.16659 10L15.8333 10\" stroke=\"currentColor\"\/>\n<path d=\"M9.99992 4.1665L15.8333 9.99984L9.99992 15.8332\" stroke=\"currentColor\"\/>\n<\/svg>\n        <\/figure>\n    <\/a>\n<\/div>\n<\/div>\n<div\n    class=\"acf-article-cta-link-block article-container my-8\"\n    data-block=\"article-cta-link-block\"\n>\n<div>\n    <a class=\"inline-flex flex-row items-center gap-4 text-link underline text-red-dark\"\n        href=\"https:\/\/www.abf.se\/sodra-ostra-dalarna\/vara-orter\/\"\n            >\n        <span class=\"\">\n        L\u00e4s mer om v\u00e5ra \u00f6vriga orter\n        <\/span>\n        <figure aria-hidden=\"true\" class=\"rounded-full bg-red-dark w-8 h-8 p-1 text-white\">\n            <svg width=\"20\" height=\"20\" viewBox=\"0 0 20 20\" fill=\"none\" class=\"SvgIconElement\">\n<path d=\"M4.16659 10L15.8333 10\" stroke=\"currentColor\"\/>\n<path d=\"M9.99992 4.1665L15.8333 9.99984L9.99992 15.8332\" stroke=\"currentColor\"\/>\n<\/svg>\n        <\/figure>\n    <\/a>\n<\/div>\n<\/div>\n<div\n    class=\"acf-upcoming-events-block container py-12 md:py-20\"\n    data-block=\"upcoming-events-block\"\n>\n    <div class=\"flex flex-row justify-between mb-8 gap-4 items-baseline\">\n                    <h2 class=\"heading-md text-black\">\n                Kommande evenemang n\u00e4ra dig\n            <\/h2>\n                <div>\n            <button data-events-location-trigger\n                class=\"hover:text-red-dark text-right\">\n                Visa n\u00e4ra mig\n            <\/button>\n        <\/div>\n    <\/div>\n    <div class=\"UpcomingEventsGrid\" data-target=\"upcoming-events\">\n                    <article class=\"EventCard group\">\n\n    <div class=\"EventCard-container EventCard-container--large\">\n\n        <figure class=\"EventCard-image\">\n                                            <picture><img decoding=\"async\" src=\"https:\/\/www.abf.se\/dalarna\/resized\/?url=https%3A%2F%2Fwww.abf.se%2Fwp-content%2Fuploads%2F2024%2F04%2FEkonomi-Foretag-Juridik-09.jpg&#038;fit=crop&#038;w=306&#038;s=b77b6df4f78514b8385ab86c4342b421\" srcset=\"https:\/\/www.abf.se\/dalarna\/resized\/?url=https%3A%2F%2Fwww.abf.se%2Fwp-content%2Fuploads%2F2024%2F04%2FEkonomi-Foretag-Juridik-09.jpg&#038;fit=crop&#038;w=48&#038;h=536&#038;s=ae94428ce56ac3a20d2abc97ce4983b8 48w, https:\/\/www.abf.se\/dalarna\/resized\/?url=https%3A%2F%2Fwww.abf.se%2Fwp-content%2Fuploads%2F2024%2F04%2FEkonomi-Foretag-Juridik-09.jpg&#038;fit=crop&#038;w=80&#038;h=536&#038;s=762fdf11b097c147b78a2a7c7bdf472a 80w, https:\/\/www.abf.se\/dalarna\/resized\/?url=https%3A%2F%2Fwww.abf.se%2Fwp-content%2Fuploads%2F2024%2F04%2FEkonomi-Foretag-Juridik-09.jpg&#038;fit=crop&#038;w=96&#038;h=536&#038;s=25db96fe3cb3a1ca9421444cd22e8dbd 96w, https:\/\/www.abf.se\/dalarna\/resized\/?url=https%3A%2F%2Fwww.abf.se%2Fwp-content%2Fuploads%2F2024%2F04%2FEkonomi-Foretag-Juridik-09.jpg&#038;fit=crop&#038;w=112&#038;h=536&#038;s=cb9a24af78e48c59b70e8d9c0ccc89a6 112w, https:\/\/www.abf.se\/dalarna\/resized\/?url=https%3A%2F%2Fwww.abf.se%2Fwp-content%2Fuploads%2F2024%2F04%2FEkonomi-Foretag-Juridik-09.jpg&#038;fit=crop&#038;w=144&#038;h=536&#038;s=0721f33e8bc4d9b6af71f052f895800a 144w, https:\/\/www.abf.se\/dalarna\/resized\/?url=https%3A%2F%2Fwww.abf.se%2Fwp-content%2Fuploads%2F2024%2F04%2FEkonomi-Foretag-Juridik-09.jpg&#038;fit=crop&#038;w=160&#038;h=536&#038;s=85f094230608d3690f0bb4e608b93f6c 160w, https:\/\/www.abf.se\/dalarna\/resized\/?url=https%3A%2F%2Fwww.abf.se%2Fwp-content%2Fuploads%2F2024%2F04%2FEkonomi-Foretag-Juridik-09.jpg&#038;fit=crop&#038;w=176&#038;h=536&#038;s=45fc026287837edf9d9024139d52b543 176w, https:\/\/www.abf.se\/dalarna\/resized\/?url=https%3A%2F%2Fwww.abf.se%2Fwp-content%2Fuploads%2F2024%2F04%2FEkonomi-Foretag-Juridik-09.jpg&#038;fit=crop&#038;w=208&#038;h=536&#038;s=e233da4d7850e7e8f93223d790db5032 208w, https:\/\/www.abf.se\/dalarna\/resized\/?url=https%3A%2F%2Fwww.abf.se%2Fwp-content%2Fuploads%2F2024%2F04%2FEkonomi-Foretag-Juridik-09.jpg&#038;fit=crop&#038;w=224&#038;h=536&#038;s=a610686e6c06eaf502007a343ee68f54 224w, https:\/\/www.abf.se\/dalarna\/resized\/?url=https%3A%2F%2Fwww.abf.se%2Fwp-content%2Fuploads%2F2024%2F04%2FEkonomi-Foretag-Juridik-09.jpg&#038;fit=crop&#038;w=240&#038;h=536&#038;s=ab0788ffee8551a4f5860660e510b57a 240w, https:\/\/www.abf.se\/dalarna\/resized\/?url=https%3A%2F%2Fwww.abf.se%2Fwp-content%2Fuploads%2F2024%2F04%2FEkonomi-Foretag-Juridik-09.jpg&#038;fit=crop&#038;w=272&#038;h=536&#038;s=2d3975ba4b317ab7a6367804d8901cc5 272w, https:\/\/www.abf.se\/dalarna\/resized\/?url=https%3A%2F%2Fwww.abf.se%2Fwp-content%2Fuploads%2F2024%2F04%2FEkonomi-Foretag-Juridik-09.jpg&#038;fit=crop&#038;w=288&#038;h=536&#038;s=ef46265283c1246817546824d26603d5 288w, https:\/\/www.abf.se\/dalarna\/resized\/?url=https%3A%2F%2Fwww.abf.se%2Fwp-content%2Fuploads%2F2024%2F04%2FEkonomi-Foretag-Juridik-09.jpg&#038;fit=crop&#038;w=304&#038;h=536&#038;s=e1766ab5c954462075533e2ddc92a7e8 304w, https:\/\/www.abf.se\/dalarna\/resized\/?url=https%3A%2F%2Fwww.abf.se%2Fwp-content%2Fuploads%2F2024%2F04%2FEkonomi-Foretag-Juridik-09.jpg&#038;fit=crop&#038;w=306&#038;h=536&#038;s=e70dead24977775a166d86db48e5d002 306w, https:\/\/www.abf.se\/dalarna\/resized\/?url=https%3A%2F%2Fwww.abf.se%2Fwp-content%2Fuploads%2F2024%2F04%2FEkonomi-Foretag-Juridik-09.jpg&#038;fit=crop&#038;w=336&#038;h=536&#038;s=0046d2502b3cd9f33185b62f6315d5cd 336w, https:\/\/www.abf.se\/dalarna\/resized\/?url=https%3A%2F%2Fwww.abf.se%2Fwp-content%2Fuploads%2F2024%2F04%2FEkonomi-Foretag-Juridik-09.jpg&#038;fit=crop&#038;w=352&#038;h=536&#038;s=13133649ffdf53b82935f07c0681bad0 352w, https:\/\/www.abf.se\/dalarna\/resized\/?url=https%3A%2F%2Fwww.abf.se%2Fwp-content%2Fuploads%2F2024%2F04%2FEkonomi-Foretag-Juridik-09.jpg&#038;fit=crop&#038;w=368&#038;h=536&#038;s=526c56257e8611a18ea334fb09a47d9f 368w, https:\/\/www.abf.se\/dalarna\/resized\/?url=https%3A%2F%2Fwww.abf.se%2Fwp-content%2Fuploads%2F2024%2F04%2FEkonomi-Foretag-Juridik-09.jpg&#038;fit=crop&#038;w=400&#038;h=536&#038;s=b6fe758320bc3697ab3ef2443b069e26 400w, https:\/\/www.abf.se\/dalarna\/resized\/?url=https%3A%2F%2Fwww.abf.se%2Fwp-content%2Fuploads%2F2024%2F04%2FEkonomi-Foretag-Juridik-09.jpg&#038;fit=crop&#038;w=416&#038;h=536&#038;s=6a5e6647b1f0f48398315ed49117cddf 416w, https:\/\/www.abf.se\/dalarna\/resized\/?url=https%3A%2F%2Fwww.abf.se%2Fwp-content%2Fuploads%2F2024%2F04%2FEkonomi-Foretag-Juridik-09.jpg&#038;fit=crop&#038;w=432&#038;h=536&#038;s=cdea9ff5bf101c0cd26fd67ea5a9a0fd 432w, https:\/\/www.abf.se\/dalarna\/resized\/?url=https%3A%2F%2Fwww.abf.se%2Fwp-content%2Fuploads%2F2024%2F04%2FEkonomi-Foretag-Juridik-09.jpg&#038;fit=crop&#038;w=480&#038;h=536&#038;s=619062835d638a363238442bda11915c 480w, https:\/\/www.abf.se\/dalarna\/resized\/?url=https%3A%2F%2Fwww.abf.se%2Fwp-content%2Fuploads%2F2024%2F04%2FEkonomi-Foretag-Juridik-09.jpg&#038;fit=crop&#038;w=544&#038;h=536&#038;s=a94fd81ace8385083155110b9cda5ed4 544w, https:\/\/www.abf.se\/dalarna\/resized\/?url=https%3A%2F%2Fwww.abf.se%2Fwp-content%2Fuploads%2F2024%2F04%2FEkonomi-Foretag-Juridik-09.jpg&#038;fit=crop&#038;w=608&#038;h=536&#038;s=0fbf359a0db9a72f7858f13347ba698a 608w, https:\/\/www.abf.se\/dalarna\/resized\/?url=https%3A%2F%2Fwww.abf.se%2Fwp-content%2Fuploads%2F2024%2F04%2FEkonomi-Foretag-Juridik-09.jpg&#038;fit=crop&#038;w=672&#038;h=536&#038;s=5725e321df381a8dc2f940278e4ac6c3 672w, https:\/\/www.abf.se\/dalarna\/resized\/?url=https%3A%2F%2Fwww.abf.se%2Fwp-content%2Fuploads%2F2024%2F04%2FEkonomi-Foretag-Juridik-09.jpg&#038;fit=crop&#038;w=736&#038;h=536&#038;s=82511322ba6fd0749a873fff32d3d441 736w, https:\/\/www.abf.se\/dalarna\/resized\/?url=https%3A%2F%2Fwww.abf.se%2Fwp-content%2Fuploads%2F2024%2F04%2FEkonomi-Foretag-Juridik-09.jpg&#038;fit=crop&#038;w=800&#038;h=536&#038;s=fdfe6ea6c468b30fd0791079269f903b 800w, https:\/\/www.abf.se\/dalarna\/resized\/?url=https%3A%2F%2Fwww.abf.se%2Fwp-content%2Fuploads%2F2024%2F04%2FEkonomi-Foretag-Juridik-09.jpg&#038;fit=crop&#038;w=864&#038;h=536&#038;s=45fa5a8ab576908902eb37aedba98266 864w\" alt=\"\" height=\"536\" width=\"306\" sizes=\"auto, (max-width: 768px) 306px, (max-width: 1156px) 160px, 306px\" loading=\"lazy\" fetchpriority=\"low\" \/><\/picture>\n                    <\/figure>\n        <section class=\"EventCard-details\">\n            <p class=\"EventCard-location\">\n                Plats: <strong>Djur\u00e5s<\/strong>\n            <\/p>\n\n            <h3 class=\"EventCard-title\">\n                <a\n                    class=\"group-hover:underline\"\n                    href=\"https:\/\/www.abf.se\/dalarna\/kurs\/forelasning-med-brottsofferjouren-3925006\/\"\n                >\n                    F\u00f6rel\u00e4sning med brottsofferjouren\n                <\/a>\n            <\/h3>\n            \n                            <p class=\"EventCard-date\">\n                    <span class=\"sr-only\">Evenemanget \u00e4r : <\/span>\n                    <time datetime=\"2026-05-07\">\n                        7 maj 2026\n                    <\/time>\n\n                <\/p>\n                <\/li>\n            \n            <p class=\"EventCard-time\">\n                <span>Tid: <\/span>\n                <strong>\n                                                                    <span class=\"sr-only\">\n                            P\u00e5g\u00e5r mellan\n                        <\/span>\n                        <time datetime=\"10.00\">\n                            10.00\n                        <\/time>\n                                                                                        <span aria-hidden=\"true\">&#8211;<\/span>\n                        <span class=\"sr-only\">och<\/span>\n                        <time datetime=\"12.00\">\n                            12.00\n                        <\/time>\n                                    <\/strong>\n            <\/p>\n        <\/section>\n    <\/div>\n<\/article>\n                    <article class=\"EventCard group\">\n\n    <div class=\"EventCard-container\">\n\n        <figure class=\"EventCard-image\">\n                                            <picture><img decoding=\"async\" src=\"https:\/\/www.abf.se\/dalarna\/resized\/?url=https%3A%2F%2Fwww.abf.se%2Fwp-content%2Fuploads%2F2024%2F04%2FMusik-Sang-Kor-01.jpg&#038;fit=crop&#038;w=160&#038;s=431292532defa1b89a0994d1fca18835\" srcset=\"https:\/\/www.abf.se\/dalarna\/resized\/?url=https%3A%2F%2Fwww.abf.se%2Fwp-content%2Fuploads%2F2024%2F04%2FMusik-Sang-Kor-01.jpg&#038;fit=crop&#038;w=48&#038;h=252&#038;s=b8df9788bfba0e2c8555fb69b68d9aa0 48w, https:\/\/www.abf.se\/dalarna\/resized\/?url=https%3A%2F%2Fwww.abf.se%2Fwp-content%2Fuploads%2F2024%2F04%2FMusik-Sang-Kor-01.jpg&#038;fit=crop&#038;w=80&#038;h=252&#038;s=695ca55d718ef55ca50447078e0a15dd 80w, https:\/\/www.abf.se\/dalarna\/resized\/?url=https%3A%2F%2Fwww.abf.se%2Fwp-content%2Fuploads%2F2024%2F04%2FMusik-Sang-Kor-01.jpg&#038;fit=crop&#038;w=96&#038;h=252&#038;s=75e58cfbd324601c6535043f8b6fd77b 96w, https:\/\/www.abf.se\/dalarna\/resized\/?url=https%3A%2F%2Fwww.abf.se%2Fwp-content%2Fuploads%2F2024%2F04%2FMusik-Sang-Kor-01.jpg&#038;fit=crop&#038;w=112&#038;h=252&#038;s=0c446e58216549275a6babbdca45f34b 112w, https:\/\/www.abf.se\/dalarna\/resized\/?url=https%3A%2F%2Fwww.abf.se%2Fwp-content%2Fuploads%2F2024%2F04%2FMusik-Sang-Kor-01.jpg&#038;fit=crop&#038;w=144&#038;h=252&#038;s=6ae7724c2c43af9980948cf2c895c689 144w, https:\/\/www.abf.se\/dalarna\/resized\/?url=https%3A%2F%2Fwww.abf.se%2Fwp-content%2Fuploads%2F2024%2F04%2FMusik-Sang-Kor-01.jpg&#038;fit=crop&#038;w=160&#038;h=252&#038;s=521c611e7ac3a66e0bca255faa272b0d 160w, https:\/\/www.abf.se\/dalarna\/resized\/?url=https%3A%2F%2Fwww.abf.se%2Fwp-content%2Fuploads%2F2024%2F04%2FMusik-Sang-Kor-01.jpg&#038;fit=crop&#038;w=176&#038;h=252&#038;s=0def399408ce57d8b014ff34b778ccad 176w, https:\/\/www.abf.se\/dalarna\/resized\/?url=https%3A%2F%2Fwww.abf.se%2Fwp-content%2Fuploads%2F2024%2F04%2FMusik-Sang-Kor-01.jpg&#038;fit=crop&#038;w=208&#038;h=252&#038;s=02654b0b76a0d89fde654e05afbeaf14 208w, https:\/\/www.abf.se\/dalarna\/resized\/?url=https%3A%2F%2Fwww.abf.se%2Fwp-content%2Fuploads%2F2024%2F04%2FMusik-Sang-Kor-01.jpg&#038;fit=crop&#038;w=224&#038;h=252&#038;s=2e2c87da88706194852545b165005506 224w, https:\/\/www.abf.se\/dalarna\/resized\/?url=https%3A%2F%2Fwww.abf.se%2Fwp-content%2Fuploads%2F2024%2F04%2FMusik-Sang-Kor-01.jpg&#038;fit=crop&#038;w=240&#038;h=252&#038;s=7bb3cca6d0b1aada8dd734d43fb52b6f 240w, https:\/\/www.abf.se\/dalarna\/resized\/?url=https%3A%2F%2Fwww.abf.se%2Fwp-content%2Fuploads%2F2024%2F04%2FMusik-Sang-Kor-01.jpg&#038;fit=crop&#038;w=272&#038;h=252&#038;s=b545544859e3d44e48e3e1fe833addf6 272w, https:\/\/www.abf.se\/dalarna\/resized\/?url=https%3A%2F%2Fwww.abf.se%2Fwp-content%2Fuploads%2F2024%2F04%2FMusik-Sang-Kor-01.jpg&#038;fit=crop&#038;w=288&#038;h=252&#038;s=20e31a11fc9ffd6b41eb8d2a223de248 288w, https:\/\/www.abf.se\/dalarna\/resized\/?url=https%3A%2F%2Fwww.abf.se%2Fwp-content%2Fuploads%2F2024%2F04%2FMusik-Sang-Kor-01.jpg&#038;fit=crop&#038;w=304&#038;h=252&#038;s=ab2e88db2c68913dfb9adc3f304850ab 304w, https:\/\/www.abf.se\/dalarna\/resized\/?url=https%3A%2F%2Fwww.abf.se%2Fwp-content%2Fuploads%2F2024%2F04%2FMusik-Sang-Kor-01.jpg&#038;fit=crop&#038;w=336&#038;h=252&#038;s=2aaad9bc9c2b35eacc5d08aab1231507 336w, https:\/\/www.abf.se\/dalarna\/resized\/?url=https%3A%2F%2Fwww.abf.se%2Fwp-content%2Fuploads%2F2024%2F04%2FMusik-Sang-Kor-01.jpg&#038;fit=crop&#038;w=352&#038;h=252&#038;s=70d65dedf677e0867793c70c204dc07b 352w, https:\/\/www.abf.se\/dalarna\/resized\/?url=https%3A%2F%2Fwww.abf.se%2Fwp-content%2Fuploads%2F2024%2F04%2FMusik-Sang-Kor-01.jpg&#038;fit=crop&#038;w=368&#038;h=252&#038;s=39ec4344c0d631646fa6784779fde1d0 368w, https:\/\/www.abf.se\/dalarna\/resized\/?url=https%3A%2F%2Fwww.abf.se%2Fwp-content%2Fuploads%2F2024%2F04%2FMusik-Sang-Kor-01.jpg&#038;fit=crop&#038;w=400&#038;h=252&#038;s=bef98d5fe52cef12e3e2c83c521c375f 400w, https:\/\/www.abf.se\/dalarna\/resized\/?url=https%3A%2F%2Fwww.abf.se%2Fwp-content%2Fuploads%2F2024%2F04%2FMusik-Sang-Kor-01.jpg&#038;fit=crop&#038;w=416&#038;h=252&#038;s=f64125f5fca70e6d546f2724b887fee0 416w, https:\/\/www.abf.se\/dalarna\/resized\/?url=https%3A%2F%2Fwww.abf.se%2Fwp-content%2Fuploads%2F2024%2F04%2FMusik-Sang-Kor-01.jpg&#038;fit=crop&#038;w=432&#038;h=252&#038;s=bc099f640172cac482b4ad8f7750ada6 432w, https:\/\/www.abf.se\/dalarna\/resized\/?url=https%3A%2F%2Fwww.abf.se%2Fwp-content%2Fuploads%2F2024%2F04%2FMusik-Sang-Kor-01.jpg&#038;fit=crop&#038;w=480&#038;h=252&#038;s=884d4d7da6b15f1cbb72c24c819d2a73 480w, https:\/\/www.abf.se\/dalarna\/resized\/?url=https%3A%2F%2Fwww.abf.se%2Fwp-content%2Fuploads%2F2024%2F04%2FMusik-Sang-Kor-01.jpg&#038;fit=crop&#038;w=544&#038;h=252&#038;s=b3326f15fd633eaa54cfc036db8d4ca0 544w, https:\/\/www.abf.se\/dalarna\/resized\/?url=https%3A%2F%2Fwww.abf.se%2Fwp-content%2Fuploads%2F2024%2F04%2FMusik-Sang-Kor-01.jpg&#038;fit=crop&#038;w=608&#038;h=252&#038;s=4f870c7598de23442ffd0b765efdb110 608w, https:\/\/www.abf.se\/dalarna\/resized\/?url=https%3A%2F%2Fwww.abf.se%2Fwp-content%2Fuploads%2F2024%2F04%2FMusik-Sang-Kor-01.jpg&#038;fit=crop&#038;w=672&#038;h=252&#038;s=7ae2950607d98325793761e0d52daee7 672w, https:\/\/www.abf.se\/dalarna\/resized\/?url=https%3A%2F%2Fwww.abf.se%2Fwp-content%2Fuploads%2F2024%2F04%2FMusik-Sang-Kor-01.jpg&#038;fit=crop&#038;w=736&#038;h=252&#038;s=71f3349040d17fe9c0c07ef748742828 736w, https:\/\/www.abf.se\/dalarna\/resized\/?url=https%3A%2F%2Fwww.abf.se%2Fwp-content%2Fuploads%2F2024%2F04%2FMusik-Sang-Kor-01.jpg&#038;fit=crop&#038;w=800&#038;h=252&#038;s=9d50a56fb5b729749b3d5291f40c6725 800w, https:\/\/www.abf.se\/dalarna\/resized\/?url=https%3A%2F%2Fwww.abf.se%2Fwp-content%2Fuploads%2F2024%2F04%2FMusik-Sang-Kor-01.jpg&#038;fit=crop&#038;w=864&#038;h=252&#038;s=687b45914f1073157338fb5c7cb59a7b 864w\" alt=\"\" height=\"252\" width=\"160\" sizes=\"auto, (max-width: 768px) 160px, (max-width: 1156px) 160px, 160px\" loading=\"lazy\" fetchpriority=\"low\" \/><\/picture>\n                    <\/figure>\n        <section class=\"EventCard-details\">\n            <p class=\"EventCard-location\">\n                Plats: <strong>Avesta<\/strong>\n            <\/p>\n\n            <h3 class=\"EventCard-title\">\n                <a\n                    class=\"group-hover:underline\"\n                    href=\"https:\/\/www.abf.se\/dalarna\/kurs\/konsert-med-dala-tornkraft-3924938\/\"\n                >\n                    Ug\u00adglor i mossen \u2013 alls\u00e5ngskonsert med Dala Tonkraft\n                <\/a>\n            <\/h3>\n            \n                            <p class=\"EventCard-date\">\n                    <span class=\"sr-only\">Evenemanget \u00e4r : <\/span>\n                    <time datetime=\"2026-05-09\">\n                        9 maj 2026\n                    <\/time>\n\n                <\/p>\n                <\/li>\n            \n            <p class=\"EventCard-time\">\n                <span>Tid: <\/span>\n                <strong>\n                                                                    <span class=\"sr-only\">\n                            P\u00e5g\u00e5r mellan\n                        <\/span>\n                        <time datetime=\"17.00\">\n                            17.00\n                        <\/time>\n                                                                                        <span aria-hidden=\"true\">&#8211;<\/span>\n                        <span class=\"sr-only\">och<\/span>\n                        <time datetime=\"18.30\">\n                            18.30\n                        <\/time>\n                                    <\/strong>\n            <\/p>\n        <\/section>\n    <\/div>\n<\/article>\n                    <article class=\"EventCard group\">\n\n    <div class=\"EventCard-container\">\n\n        <figure class=\"EventCard-image\">\n                                            <picture><img decoding=\"async\" src=\"https:\/\/www.abf.se\/dalarna\/resized\/?url=https%3A%2F%2Fwww.abf.se%2Fwp-content%2Fuploads%2Fsites%2F20%2F2026%2F03%2Fwebb-varldsstickardagen-scaled.png&#038;fit=crop&#038;w=160&#038;s=864123e1c196c0837cb9f8f2c30f6353\" srcset=\"https:\/\/www.abf.se\/dalarna\/resized\/?url=https%3A%2F%2Fwww.abf.se%2Fwp-content%2Fuploads%2Fsites%2F20%2F2026%2F03%2Fwebb-varldsstickardagen-scaled.png&#038;fit=crop&#038;w=48&#038;h=252&#038;s=b797cb7bb49e7f8c11901747d3f7eb06 48w, https:\/\/www.abf.se\/dalarna\/resized\/?url=https%3A%2F%2Fwww.abf.se%2Fwp-content%2Fuploads%2Fsites%2F20%2F2026%2F03%2Fwebb-varldsstickardagen-scaled.png&#038;fit=crop&#038;w=80&#038;h=252&#038;s=cd2df3ab5b7dd3324456a1017573f58b 80w, https:\/\/www.abf.se\/dalarna\/resized\/?url=https%3A%2F%2Fwww.abf.se%2Fwp-content%2Fuploads%2Fsites%2F20%2F2026%2F03%2Fwebb-varldsstickardagen-scaled.png&#038;fit=crop&#038;w=96&#038;h=252&#038;s=5205c5d10e55854959c458ded0fccf44 96w, https:\/\/www.abf.se\/dalarna\/resized\/?url=https%3A%2F%2Fwww.abf.se%2Fwp-content%2Fuploads%2Fsites%2F20%2F2026%2F03%2Fwebb-varldsstickardagen-scaled.png&#038;fit=crop&#038;w=112&#038;h=252&#038;s=87a433845fc308aae2f87f7a15dca6af 112w, https:\/\/www.abf.se\/dalarna\/resized\/?url=https%3A%2F%2Fwww.abf.se%2Fwp-content%2Fuploads%2Fsites%2F20%2F2026%2F03%2Fwebb-varldsstickardagen-scaled.png&#038;fit=crop&#038;w=144&#038;h=252&#038;s=b4a80ff2ff2e2d7c5af46b271c667ee4 144w, https:\/\/www.abf.se\/dalarna\/resized\/?url=https%3A%2F%2Fwww.abf.se%2Fwp-content%2Fuploads%2Fsites%2F20%2F2026%2F03%2Fwebb-varldsstickardagen-scaled.png&#038;fit=crop&#038;w=160&#038;h=252&#038;s=1a95434938f07ecbb4d46111fb159b7e 160w, https:\/\/www.abf.se\/dalarna\/resized\/?url=https%3A%2F%2Fwww.abf.se%2Fwp-content%2Fuploads%2Fsites%2F20%2F2026%2F03%2Fwebb-varldsstickardagen-scaled.png&#038;fit=crop&#038;w=176&#038;h=252&#038;s=e3ec753c599195ed882d14f4d3ea4292 176w, https:\/\/www.abf.se\/dalarna\/resized\/?url=https%3A%2F%2Fwww.abf.se%2Fwp-content%2Fuploads%2Fsites%2F20%2F2026%2F03%2Fwebb-varldsstickardagen-scaled.png&#038;fit=crop&#038;w=208&#038;h=252&#038;s=446b5262b01bbfc43f0496922d547a8d 208w, https:\/\/www.abf.se\/dalarna\/resized\/?url=https%3A%2F%2Fwww.abf.se%2Fwp-content%2Fuploads%2Fsites%2F20%2F2026%2F03%2Fwebb-varldsstickardagen-scaled.png&#038;fit=crop&#038;w=224&#038;h=252&#038;s=2515df8559f9b8d08228e67dffd262a1 224w, https:\/\/www.abf.se\/dalarna\/resized\/?url=https%3A%2F%2Fwww.abf.se%2Fwp-content%2Fuploads%2Fsites%2F20%2F2026%2F03%2Fwebb-varldsstickardagen-scaled.png&#038;fit=crop&#038;w=240&#038;h=252&#038;s=c0f7e0365c224130c23d3b5202e1733b 240w, https:\/\/www.abf.se\/dalarna\/resized\/?url=https%3A%2F%2Fwww.abf.se%2Fwp-content%2Fuploads%2Fsites%2F20%2F2026%2F03%2Fwebb-varldsstickardagen-scaled.png&#038;fit=crop&#038;w=272&#038;h=252&#038;s=fb1c4772017c5c2701e17bd4a1b235c1 272w, https:\/\/www.abf.se\/dalarna\/resized\/?url=https%3A%2F%2Fwww.abf.se%2Fwp-content%2Fuploads%2Fsites%2F20%2F2026%2F03%2Fwebb-varldsstickardagen-scaled.png&#038;fit=crop&#038;w=288&#038;h=252&#038;s=e6afeaec4ff259f21b292688dfa0a610 288w, https:\/\/www.abf.se\/dalarna\/resized\/?url=https%3A%2F%2Fwww.abf.se%2Fwp-content%2Fuploads%2Fsites%2F20%2F2026%2F03%2Fwebb-varldsstickardagen-scaled.png&#038;fit=crop&#038;w=304&#038;h=252&#038;s=eee0e89cb123807f493433a6ce6372fd 304w, https:\/\/www.abf.se\/dalarna\/resized\/?url=https%3A%2F%2Fwww.abf.se%2Fwp-content%2Fuploads%2Fsites%2F20%2F2026%2F03%2Fwebb-varldsstickardagen-scaled.png&#038;fit=crop&#038;w=336&#038;h=252&#038;s=73035c200575b194dcdc3f0e13314f73 336w, https:\/\/www.abf.se\/dalarna\/resized\/?url=https%3A%2F%2Fwww.abf.se%2Fwp-content%2Fuploads%2Fsites%2F20%2F2026%2F03%2Fwebb-varldsstickardagen-scaled.png&#038;fit=crop&#038;w=352&#038;h=252&#038;s=58e97ff5c0787f6fa475b3ee3b11bb86 352w, https:\/\/www.abf.se\/dalarna\/resized\/?url=https%3A%2F%2Fwww.abf.se%2Fwp-content%2Fuploads%2Fsites%2F20%2F2026%2F03%2Fwebb-varldsstickardagen-scaled.png&#038;fit=crop&#038;w=368&#038;h=252&#038;s=cb0efeb1b2181b7dbe1acd342c44712b 368w, https:\/\/www.abf.se\/dalarna\/resized\/?url=https%3A%2F%2Fwww.abf.se%2Fwp-content%2Fuploads%2Fsites%2F20%2F2026%2F03%2Fwebb-varldsstickardagen-scaled.png&#038;fit=crop&#038;w=400&#038;h=252&#038;s=0e1c3159af5eaab8a035c5beead7439c 400w, https:\/\/www.abf.se\/dalarna\/resized\/?url=https%3A%2F%2Fwww.abf.se%2Fwp-content%2Fuploads%2Fsites%2F20%2F2026%2F03%2Fwebb-varldsstickardagen-scaled.png&#038;fit=crop&#038;w=416&#038;h=252&#038;s=f8b63fc42cd0bc1d7c026fad9279c381 416w, https:\/\/www.abf.se\/dalarna\/resized\/?url=https%3A%2F%2Fwww.abf.se%2Fwp-content%2Fuploads%2Fsites%2F20%2F2026%2F03%2Fwebb-varldsstickardagen-scaled.png&#038;fit=crop&#038;w=432&#038;h=252&#038;s=a25e21c2de9306d22840023f8972ddb3 432w, https:\/\/www.abf.se\/dalarna\/resized\/?url=https%3A%2F%2Fwww.abf.se%2Fwp-content%2Fuploads%2Fsites%2F20%2F2026%2F03%2Fwebb-varldsstickardagen-scaled.png&#038;fit=crop&#038;w=480&#038;h=252&#038;s=2fe03ab731196b1f4db161d8c24bb5cc 480w, https:\/\/www.abf.se\/dalarna\/resized\/?url=https%3A%2F%2Fwww.abf.se%2Fwp-content%2Fuploads%2Fsites%2F20%2F2026%2F03%2Fwebb-varldsstickardagen-scaled.png&#038;fit=crop&#038;w=544&#038;h=252&#038;s=1348efec130b243925508199880f6451 544w, https:\/\/www.abf.se\/dalarna\/resized\/?url=https%3A%2F%2Fwww.abf.se%2Fwp-content%2Fuploads%2Fsites%2F20%2F2026%2F03%2Fwebb-varldsstickardagen-scaled.png&#038;fit=crop&#038;w=608&#038;h=252&#038;s=798f3a7c32536c43b6390b28554839e1 608w, https:\/\/www.abf.se\/dalarna\/resized\/?url=https%3A%2F%2Fwww.abf.se%2Fwp-content%2Fuploads%2Fsites%2F20%2F2026%2F03%2Fwebb-varldsstickardagen-scaled.png&#038;fit=crop&#038;w=672&#038;h=252&#038;s=af498d09f17228ec099bb587cdb218b6 672w, https:\/\/www.abf.se\/dalarna\/resized\/?url=https%3A%2F%2Fwww.abf.se%2Fwp-content%2Fuploads%2Fsites%2F20%2F2026%2F03%2Fwebb-varldsstickardagen-scaled.png&#038;fit=crop&#038;w=736&#038;h=252&#038;s=12aa7fdc1fb008c659439eefd54f5d85 736w, https:\/\/www.abf.se\/dalarna\/resized\/?url=https%3A%2F%2Fwww.abf.se%2Fwp-content%2Fuploads%2Fsites%2F20%2F2026%2F03%2Fwebb-varldsstickardagen-scaled.png&#038;fit=crop&#038;w=800&#038;h=252&#038;s=bf43c3130a5690e2b7a83fa8d66e597e 800w, https:\/\/www.abf.se\/dalarna\/resized\/?url=https%3A%2F%2Fwww.abf.se%2Fwp-content%2Fuploads%2Fsites%2F20%2F2026%2F03%2Fwebb-varldsstickardagen-scaled.png&#038;fit=crop&#038;w=864&#038;h=252&#038;s=5fdd6c8d5c2e05876f94806e36e4527a 864w\" alt=\"\" height=\"252\" width=\"160\" sizes=\"auto, (max-width: 768px) 160px, (max-width: 1156px) 160px, 160px\" loading=\"lazy\" fetchpriority=\"low\" \/><\/picture>\n                    <\/figure>\n        <section class=\"EventCard-details\">\n            <p class=\"EventCard-location\">\n                Plats: <strong>Hofors<\/strong>\n            <\/p>\n\n            <h3 class=\"EventCard-title\">\n                <a\n                    class=\"group-hover:underline\"\n                    href=\"https:\/\/www.abf.se\/gastrikland\/kurs\/varldsstickardagen-hofors-3920065\/\"\n                >\n                    V\u00e4rldsstickardagen 2026 &#8211; Sticka tillsammans\n                <\/a>\n            <\/h3>\n            \n                            <p class=\"EventCard-date\">\n                    <span class=\"sr-only\">Evenemanget \u00e4r : <\/span>\n                    <time datetime=\"2026-06-13\">\n                        13 juni 2026\n                    <\/time>\n\n                <\/p>\n                <\/li>\n            \n            <p class=\"EventCard-time\">\n                <span>Tid: <\/span>\n                <strong>\n                                                                    <span class=\"sr-only\">\n                            P\u00e5g\u00e5r mellan\n                        <\/span>\n                        <time datetime=\"11.00\">\n                            11.00\n                        <\/time>\n                                                                                        <span aria-hidden=\"true\">&#8211;<\/span>\n                        <span class=\"sr-only\">och<\/span>\n                        <time datetime=\"15.00\">\n                            15.00\n                        <\/time>\n                                    <\/strong>\n            <\/p>\n        <\/section>\n    <\/div>\n<\/article>\n            <\/div>\n<\/div>\n","protected":false},"excerpt":{"rendered":"","protected":false},"author":10,"featured_media":0,"parent":262,"menu_order":0,"comment_status":"closed","ping_status":"closed","template":"","meta":{"_acf_changed":false,"footnotes":""},"class_list":["post-820","page","type-page","status-publish","hentry"],"acf":[],"yoast_head":"<!-- This site is optimized with the Yoast SEO plugin v27.0 - https:\/\/yoast.com\/product\/yoast-seo-wordpress\/ -->\n<title>\u00c4lvdalen - Dalarna<\/title>\n<meta name=\"robots\" content=\"index, follow, max-snippet:-1, max-image-preview:large, max-video-preview:-1\" \/>\n<link rel=\"canonical\" href=\"https:\/\/www.abf.se\/dalarna\/vara-orter\/alvdalen\/\" \/>\n<meta property=\"og:locale\" content=\"sv_SE\" \/>\n<meta property=\"og:type\" content=\"article\" \/>\n<meta property=\"og:title\" content=\"\u00c4lvdalen - Dalarna\" \/>\n<meta property=\"og:url\" content=\"https:\/\/www.abf.se\/dalarna\/vara-orter\/alvdalen\/\" \/>\n<meta property=\"og:site_name\" content=\"Dalarna\" \/>\n<meta property=\"article:modified_time\" content=\"2026-01-07T12:15:17+00:00\" \/>\n<meta property=\"og:image\" content=\"https:\/\/www.abf.se\/wp-content\/uploads\/sites\/51\/2024\/04\/Nyckeln-liggande-scaled.jpg\" \/>\n\t<meta property=\"og:image:width\" content=\"2560\" \/>\n\t<meta property=\"og:image:height\" content=\"1440\" \/>\n\t<meta property=\"og:image:type\" content=\"image\/jpeg\" \/>\n<meta name=\"twitter:card\" content=\"summary_large_image\" \/>\n<script type=\"application\/ld+json\" class=\"yoast-schema-graph\">{\"@context\":\"https:\/\/schema.org\",\"@graph\":[{\"@type\":\"WebPage\",\"@id\":\"https:\/\/www.abf.se\/dalarna\/vara-orter\/alvdalen\/\",\"url\":\"https:\/\/www.abf.se\/dalarna\/vara-orter\/alvdalen\/\",\"name\":\"\u00c4lvdalen - Dalarna\",\"isPartOf\":{\"@id\":\"https:\/\/www.abf.se\/dalarna\/#website\"},\"datePublished\":\"2025-05-08T13:27:00+00:00\",\"dateModified\":\"2026-01-07T12:15:17+00:00\",\"breadcrumb\":{\"@id\":\"https:\/\/www.abf.se\/dalarna\/vara-orter\/alvdalen\/#breadcrumb\"},\"inLanguage\":\"sv-SE\",\"potentialAction\":[{\"@type\":\"ReadAction\",\"target\":[\"https:\/\/www.abf.se\/dalarna\/vara-orter\/alvdalen\/\"]}]},{\"@type\":\"BreadcrumbList\",\"@id\":\"https:\/\/www.abf.se\/dalarna\/vara-orter\/alvdalen\/#breadcrumb\",\"itemListElement\":[{\"@type\":\"ListItem\",\"position\":1,\"name\":\"Home\",\"item\":\"https:\/\/www.abf.se\/dalarna\/\"},{\"@type\":\"ListItem\",\"position\":2,\"name\":\"V\u00e5ra orter\",\"item\":\"https:\/\/www.abf.se\/dalarna\/vara-orter\/\"},{\"@type\":\"ListItem\",\"position\":3,\"name\":\"\u00c4lvdalen\"}]},{\"@type\":\"WebSite\",\"@id\":\"https:\/\/www.abf.se\/dalarna\/#website\",\"url\":\"https:\/\/www.abf.se\/dalarna\/\",\"name\":\"Dalarna\",\"description\":\"\",\"potentialAction\":[{\"@type\":\"SearchAction\",\"target\":{\"@type\":\"EntryPoint\",\"urlTemplate\":\"https:\/\/www.abf.se\/dalarna\/?s={search_term_string}\"},\"query-input\":{\"@type\":\"PropertyValueSpecification\",\"valueRequired\":true,\"valueName\":\"search_term_string\"}}],\"inLanguage\":\"sv-SE\"}]}<\/script>\n<!-- \/ Yoast SEO plugin. -->","yoast_head_json":{"title":"\u00c4lvdalen - Dalarna","robots":{"index":"index","follow":"follow","max-snippet":"max-snippet:-1","max-image-preview":"max-image-preview:large","max-video-preview":"max-video-preview:-1"},"canonical":"https:\/\/www.abf.se\/dalarna\/vara-orter\/alvdalen\/","og_locale":"sv_SE","og_type":"article","og_title":"\u00c4lvdalen - Dalarna","og_url":"https:\/\/www.abf.se\/dalarna\/vara-orter\/alvdalen\/","og_site_name":"Dalarna","article_modified_time":"2026-01-07T12:15:17+00:00","og_image":[{"width":2560,"height":1440,"url":"https:\/\/www.abf.se\/wp-content\/uploads\/sites\/51\/2024\/04\/Nyckeln-liggande-scaled.jpg","type":"image\/jpeg"}],"twitter_card":"summary_large_image","schema":{"@context":"https:\/\/schema.org","@graph":[{"@type":"WebPage","@id":"https:\/\/www.abf.se\/dalarna\/vara-orter\/alvdalen\/","url":"https:\/\/www.abf.se\/dalarna\/vara-orter\/alvdalen\/","name":"\u00c4lvdalen - Dalarna","isPartOf":{"@id":"https:\/\/www.abf.se\/dalarna\/#website"},"datePublished":"2025-05-08T13:27:00+00:00","dateModified":"2026-01-07T12:15:17+00:00","breadcrumb":{"@id":"https:\/\/www.abf.se\/dalarna\/vara-orter\/alvdalen\/#breadcrumb"},"inLanguage":"sv-SE","potentialAction":[{"@type":"ReadAction","target":["https:\/\/www.abf.se\/dalarna\/vara-orter\/alvdalen\/"]}]},{"@type":"BreadcrumbList","@id":"https:\/\/www.abf.se\/dalarna\/vara-orter\/alvdalen\/#breadcrumb","itemListElement":[{"@type":"ListItem","position":1,"name":"Home","item":"https:\/\/www.abf.se\/dalarna\/"},{"@type":"ListItem","position":2,"name":"V\u00e5ra orter","item":"https:\/\/www.abf.se\/dalarna\/vara-orter\/"},{"@type":"ListItem","position":3,"name":"\u00c4lvdalen"}]},{"@type":"WebSite","@id":"https:\/\/www.abf.se\/dalarna\/#website","url":"https:\/\/www.abf.se\/dalarna\/","name":"Dalarna","description":"","potentialAction":[{"@type":"SearchAction","target":{"@type":"EntryPoint","urlTemplate":"https:\/\/www.abf.se\/dalarna\/?s={search_term_string}"},"query-input":{"@type":"PropertyValueSpecification","valueRequired":true,"valueName":"search_term_string"}}],"inLanguage":"sv-SE"}]}},"_links":{"self":[{"href":"https:\/\/www.abf.se\/dalarna\/wp-json\/wp\/v2\/pages\/820","targetHints":{"allow":["GET"]}}],"collection":[{"href":"https:\/\/www.abf.se\/dalarna\/wp-json\/wp\/v2\/pages"}],"about":[{"href":"https:\/\/www.abf.se\/dalarna\/wp-json\/wp\/v2\/types\/page"}],"author":[{"embeddable":true,"href":"https:\/\/www.abf.se\/dalarna\/wp-json\/wp\/v2\/users\/10"}],"replies":[{"embeddable":true,"href":"https:\/\/www.abf.se\/dalarna\/wp-json\/wp\/v2\/comments?post=820"}],"version-history":[{"count":3,"href":"https:\/\/www.abf.se\/dalarna\/wp-json\/wp\/v2\/pages\/820\/revisions"}],"predecessor-version":[{"id":1160,"href":"https:\/\/www.abf.se\/dalarna\/wp-json\/wp\/v2\/pages\/820\/revisions\/1160"}],"up":[{"embeddable":true,"href":"https:\/\/www.abf.se\/dalarna\/wp-json\/wp\/v2\/pages\/262"}],"wp:attachment":[{"href":"https:\/\/www.abf.se\/dalarna\/wp-json\/wp\/v2\/media?parent=820"}],"curies":[{"name":"wp","href":"https:\/\/api.w.org\/{rel}","templated":true}]}}