{"id":851,"date":"2025-05-08T15:58:48","date_gmt":"2025-05-08T13:58:48","guid":{"rendered":"https:\/\/www.abf.se\/sodra-ostra-dalarna\/?page_id=851"},"modified":"2025-06-05T14:37:21","modified_gmt":"2025-06-05T12:37:21","slug":"smedjebacken","status":"publish","type":"page","link":"https:\/\/www.abf.se\/dalarna\/vara-orter\/smedjebacken\/","title":{"rendered":"Smedjebacken"},"content":{"rendered":"<div\n    class=\"acf-hero-block container-lg no-padding mb-12 js-geolocation\"\n    data-block=\"hero-block\"\n    data-index=\"0\"\n>\n    <div class=\"h-[548px]  relative rounded-[32px] overflow-hidden flex bg-gray-light\">\n        <div class=\"relative z-10 mt-auto h-auto w-full md:h-full\">\n            <div class=\"flex w-full h-full flex-col flex-wrap justify-end w-full md:w-7\/12 lg:w-1\/2 md:justify-center\">\n                <div class=\"flex flex-col gap-3 md:gap-[18px] md:transparent pt-16 pb-36 md:py-8 px-4 w-full md:max-w-[620px] mx-auto px-8\">\n\n                    <h1 class=\"hero-heading hero-heading--red-text\"><span>ABF Smedjebacken<\/span><\/h1>\n\n                    \n                                        <div class=\"flex flex-row flex-wrap gap-y-2 gap-x-1\">\n                                                <a class=\"label-md py-[3px] px-[6px] rounded-[44px] text-red bg-white\" href=\"https:\/\/maps.app.goo.gl\/5JZMuEsJZHpnZZjYA\" target=\"_blank\">Hitta till oss!<\/a>\n                                            <\/div>\n                                    <\/div>\n            <\/div>\n        <\/div>\n\n                    <picture class=\"as-background-image mix-blend-multiply bg-black\/40\"><img decoding=\"async\" src=\"https:\/\/www.abf.se\/dalarna\/resized\/?url=https%3A%2F%2Fwww.abf.se%2Fwp-content%2Fuploads%2Fsites%2F51%2F2025%2F05%2FSmedjebacken-scaled.jpg&#038;fit=crop&#038;w=1440&#038;s=0bed3245fd0e65bc214211a3e9ee34fc\" srcset=\"https:\/\/www.abf.se\/dalarna\/resized\/?url=https%3A%2F%2Fwww.abf.se%2Fwp-content%2Fuploads%2Fsites%2F51%2F2025%2F05%2FSmedjebacken-scaled.jpg&#038;fit=crop&#038;w=375&#038;h=540&#038;s=62a72d2b3b644f87d451a812a9a471f6 375w, https:\/\/www.abf.se\/dalarna\/resized\/?url=https%3A%2F%2Fwww.abf.se%2Fwp-content%2Fuploads%2Fsites%2F51%2F2025%2F05%2FSmedjebacken-scaled.jpg&#038;fit=crop&#038;w=447&#038;h=540&#038;s=84100bc97805ebe327b6dd49cbf114d6 447w, https:\/\/www.abf.se\/dalarna\/resized\/?url=https%3A%2F%2Fwww.abf.se%2Fwp-content%2Fuploads%2Fsites%2F51%2F2025%2F05%2FSmedjebacken-scaled.jpg&#038;fit=crop&#038;w=519&#038;h=540&#038;s=e495cdd56e845bf878ca4cdf5aebda4c 519w, https:\/\/www.abf.se\/dalarna\/resized\/?url=https%3A%2F%2Fwww.abf.se%2Fwp-content%2Fuploads%2Fsites%2F51%2F2025%2F05%2FSmedjebacken-scaled.jpg&#038;fit=crop&#038;w=591&#038;h=540&#038;s=8554003bad688e9f5e20ded0016a04b9 591w, https:\/\/www.abf.se\/dalarna\/resized\/?url=https%3A%2F%2Fwww.abf.se%2Fwp-content%2Fuploads%2Fsites%2F51%2F2025%2F05%2FSmedjebacken-scaled.jpg&#038;fit=crop&#038;w=663&#038;h=540&#038;s=ef4214ead992a36a84787a56f491e22f 663w, https:\/\/www.abf.se\/dalarna\/resized\/?url=https%3A%2F%2Fwww.abf.se%2Fwp-content%2Fuploads%2Fsites%2F51%2F2025%2F05%2FSmedjebacken-scaled.jpg&#038;fit=crop&#038;w=750&#038;h=540&#038;s=c1aba5f76318be5a11b960cc2c0177f2 750w, https:\/\/www.abf.se\/dalarna\/resized\/?url=https%3A%2F%2Fwww.abf.se%2Fwp-content%2Fuploads%2Fsites%2F51%2F2025%2F05%2FSmedjebacken-scaled.jpg&#038;fit=crop&#038;w=894&#038;h=540&#038;s=48a794f4ae95e1247a58c18775c4a5ab 894w, https:\/\/www.abf.se\/dalarna\/resized\/?url=https%3A%2F%2Fwww.abf.se%2Fwp-content%2Fuploads%2Fsites%2F51%2F2025%2F05%2FSmedjebacken-scaled.jpg&#038;fit=crop&#038;w=1038&#038;h=540&#038;s=0691a47aa72528444dbeee0ac1d39fc6 1038w, https:\/\/www.abf.se\/dalarna\/resized\/?url=https%3A%2F%2Fwww.abf.se%2Fwp-content%2Fuploads%2Fsites%2F51%2F2025%2F05%2FSmedjebacken-scaled.jpg&#038;fit=crop&#038;w=1182&#038;h=540&#038;s=54d3811e7566cabf47b52d0a63fcbe58 1182w, https:\/\/www.abf.se\/dalarna\/resized\/?url=https%3A%2F%2Fwww.abf.se%2Fwp-content%2Fuploads%2Fsites%2F51%2F2025%2F05%2FSmedjebacken-scaled.jpg&#038;fit=crop&#038;w=1326&#038;h=540&#038;s=31c1193826d24fe36e853e48b0ff76d4 1326w, https:\/\/www.abf.se\/dalarna\/resized\/?url=https%3A%2F%2Fwww.abf.se%2Fwp-content%2Fuploads%2Fsites%2F51%2F2025%2F05%2FSmedjebacken-scaled.jpg&#038;fit=crop&#038;w=1440&#038;h=540&#038;s=16a9b83384f7d86aa75753b2f2b0f068 1440w\" alt=\"\" height=\"540\" width=\"1440\" sizes=\"(max-width: 1440px) calc(100vw - 32px), 1440px\" loading=\"eager\" fetchpriority=\"high\" aria-hidden=\"true\" role=\"presentation\" \/><\/picture>\n        \n\n                    <figure class=\"absolute bottom-0  md:w-1\/2 transform right-0 translate-x-10 md:translate-x-32\">\n                <img decoding=\"async\"\n                    alt=\"\"\n                    aria-hidden=\"true\"\n                    class=\"h-auto w-full\"\n                    role=\"presentation\"\n                    src=\"\/assets\/images\/two_circles_bottom.svg\"\n                >\n            <\/figure>\n            <\/div>\n\n    <\/div>\n\n<div\n    class=\"acf-article-facts-block article-container  my-8 \"\n    data-block=\"article-facts-block\"\n>\n<div class=\"bg-teal-light border border-teal p-8 rounded-corners-sm\">\n<header>\n        <h2 class=\"heading-md text-teal-dark mb-3\">\n            Bes\u00f6ksadress och \u00f6ppettider\n        <\/h2>\n    <\/header>\n    <div class=\"wysiwyg\">\n        <p>ABF Smedjebacken<br \/>\nVasagatan 13<br \/>\n777 30 Smedjebacken<\/p>\n<p><strong>\u00d6ppettider<\/strong><\/p>\n<p>Onsdagar<br \/>\n10.00 &#8211; 15.00<\/p>\n\n    <\/div>\n<\/div>\n\n<\/div>\n<div\n    class=\"acf-text-image-block container bg-gray-light py-12 md:py-15\"\n    data-block=\"text-image-block\"\n>\n    <div\n    class=\"flex flex-col items-center md:flex-row gap-8 md:gap-0 justify-between\">\n                        <div class=\"w-full md:w-1\/2 md:order-2\">\n            <picture><img decoding=\"async\" src=\"https:\/\/www.abf.se\/dalarna\/resized\/?url=https%3A%2F%2Fwww.abf.se%2Fwp-content%2Fuploads%2Fsites%2F51%2F2025%2F06%2FGlasrummet-scaled.jpg&#038;fit=crop&#038;w=578&#038;s=2801b5ddd94a702f8d0389dfb2622af9\" srcset=\"https:\/\/www.abf.se\/dalarna\/resized\/?url=https%3A%2F%2Fwww.abf.se%2Fwp-content%2Fuploads%2Fsites%2F51%2F2025%2F06%2FGlasrummet-scaled.jpg&#038;fit=crop&#038;w=144&#038;h=126&#038;s=d4ad71ebca1d039e97672364bb8500a3 144w, https:\/\/www.abf.se\/dalarna\/resized\/?url=https%3A%2F%2Fwww.abf.se%2Fwp-content%2Fuploads%2Fsites%2F51%2F2025%2F06%2FGlasrummet-scaled.jpg&#038;fit=crop&#038;w=240&#038;h=211&#038;s=370452b33bd3ffb07f80182252eb2b4c 240w, https:\/\/www.abf.se\/dalarna\/resized\/?url=https%3A%2F%2Fwww.abf.se%2Fwp-content%2Fuploads%2Fsites%2F51%2F2025%2F06%2FGlasrummet-scaled.jpg&#038;fit=crop&#038;w=288&#038;h=253&#038;s=6df5e2945001f5ee25c6a901295e62c1 288w, https:\/\/www.abf.se\/dalarna\/resized\/?url=https%3A%2F%2Fwww.abf.se%2Fwp-content%2Fuploads%2Fsites%2F51%2F2025%2F06%2FGlasrummet-scaled.jpg&#038;fit=crop&#038;w=336&#038;h=295&#038;s=68ffb7afa8644e2d8f5fd83380ca7e93 336w, https:\/\/www.abf.se\/dalarna\/resized\/?url=https%3A%2F%2Fwww.abf.se%2Fwp-content%2Fuploads%2Fsites%2F51%2F2025%2F06%2FGlasrummet-scaled.jpg&#038;fit=crop&#038;w=432&#038;h=380&#038;s=9bfdd815172c8e833b048071593a9b3f 432w, https:\/\/www.abf.se\/dalarna\/resized\/?url=https%3A%2F%2Fwww.abf.se%2Fwp-content%2Fuploads%2Fsites%2F51%2F2025%2F06%2FGlasrummet-scaled.jpg&#038;fit=crop&#038;w=480&#038;h=422&#038;s=35ba9f331c000682daa66d4c6936a8d8 480w, https:\/\/www.abf.se\/dalarna\/resized\/?url=https%3A%2F%2Fwww.abf.se%2Fwp-content%2Fuploads%2Fsites%2F51%2F2025%2F06%2FGlasrummet-scaled.jpg&#038;fit=crop&#038;w=528&#038;h=464&#038;s=f9599e388b4408255bad35c47fb9ac64 528w, https:\/\/www.abf.se\/dalarna\/resized\/?url=https%3A%2F%2Fwww.abf.se%2Fwp-content%2Fuploads%2Fsites%2F51%2F2025%2F06%2FGlasrummet-scaled.jpg&#038;fit=crop&#038;w=578&#038;h=509&#038;s=ed0087669318e057d7423f1092523626 578w, https:\/\/www.abf.se\/dalarna\/resized\/?url=https%3A%2F%2Fwww.abf.se%2Fwp-content%2Fuploads%2Fsites%2F51%2F2025%2F06%2FGlasrummet-scaled.jpg&#038;fit=crop&#038;w=672&#038;h=591&#038;s=e1ba685e66fbc19dedd218e68d26b9aa 672w, https:\/\/www.abf.se\/dalarna\/resized\/?url=https%3A%2F%2Fwww.abf.se%2Fwp-content%2Fuploads%2Fsites%2F51%2F2025%2F06%2FGlasrummet-scaled.jpg&#038;fit=crop&#038;w=864&#038;h=760&#038;s=d8c2b48e925034efc78460c0d6ddcd81 864w, https:\/\/www.abf.se\/dalarna\/resized\/?url=https%3A%2F%2Fwww.abf.se%2Fwp-content%2Fuploads%2Fsites%2F51%2F2025%2F06%2FGlasrummet-scaled.jpg&#038;fit=crop&#038;w=1056&#038;h=929&#038;s=8914f4a3a242799b9a256c68048e91d7 1056w\" alt=\"\" height=\"509\" width=\"578\" sizes=\"auto, (max-width: 768px) 100vw,\n                (max-width: 1280px) 50vw, 578px\" loading=\"lazy\" fetchpriority=\"low\" \/><\/picture>\n\n        <\/div>\n        \n        <div class=\"w-full md:w-1\/2 md:order-1\">\n        <div class=\"mx-auto md:max-w-[368px]\">\n            <h2 class=\"heading-lg\">Glasrummet<\/h2>\n            <div class=\"mb-6 mt-4 wysiwyg\">\n                <p>M\u00f6blerad f\u00f6r styrelsesittning med 8 platser. Utrustad med whiteboardtavla och projektorduk.<\/p>\n\n            <\/div>\n                    <\/div>\n        <\/div>\n    <\/div>\n<\/div><div\n    class=\"acf-text-image-block container my-12 md:my-15\"\n    data-block=\"text-image-block\"\n>\n    <div\n    class=\"flex flex-col items-center md:flex-row gap-8 md:gap-0 justify-between\">\n                        <div class=\"w-full md:w-1\/2 md:order-1\">\n            <picture><img decoding=\"async\" src=\"https:\/\/www.abf.se\/dalarna\/resized\/?url=https%3A%2F%2Fwww.abf.se%2Fwp-content%2Fuploads%2Fsites%2F51%2F2025%2F06%2FMittenrummet-scaled.jpg&#038;fit=crop&#038;w=578&#038;s=85274136359faf3459f14c687fcb4065\" srcset=\"https:\/\/www.abf.se\/dalarna\/resized\/?url=https%3A%2F%2Fwww.abf.se%2Fwp-content%2Fuploads%2Fsites%2F51%2F2025%2F06%2FMittenrummet-scaled.jpg&#038;fit=crop&#038;w=144&#038;h=126&#038;s=188a6ef959f1e2153906c8f36f70e2d4 144w, https:\/\/www.abf.se\/dalarna\/resized\/?url=https%3A%2F%2Fwww.abf.se%2Fwp-content%2Fuploads%2Fsites%2F51%2F2025%2F06%2FMittenrummet-scaled.jpg&#038;fit=crop&#038;w=240&#038;h=211&#038;s=a9f7479aee9373360f2af22acd56fa59 240w, https:\/\/www.abf.se\/dalarna\/resized\/?url=https%3A%2F%2Fwww.abf.se%2Fwp-content%2Fuploads%2Fsites%2F51%2F2025%2F06%2FMittenrummet-scaled.jpg&#038;fit=crop&#038;w=288&#038;h=253&#038;s=59b7f1720392527cbfb098308c58b429 288w, https:\/\/www.abf.se\/dalarna\/resized\/?url=https%3A%2F%2Fwww.abf.se%2Fwp-content%2Fuploads%2Fsites%2F51%2F2025%2F06%2FMittenrummet-scaled.jpg&#038;fit=crop&#038;w=336&#038;h=295&#038;s=ec5f88feb0d06420a6cc76dafb534b41 336w, https:\/\/www.abf.se\/dalarna\/resized\/?url=https%3A%2F%2Fwww.abf.se%2Fwp-content%2Fuploads%2Fsites%2F51%2F2025%2F06%2FMittenrummet-scaled.jpg&#038;fit=crop&#038;w=432&#038;h=380&#038;s=dd2268dd58dd7e3353f1531365f5eac1 432w, https:\/\/www.abf.se\/dalarna\/resized\/?url=https%3A%2F%2Fwww.abf.se%2Fwp-content%2Fuploads%2Fsites%2F51%2F2025%2F06%2FMittenrummet-scaled.jpg&#038;fit=crop&#038;w=480&#038;h=422&#038;s=66bda0f36aabf98d11b06285df92e27c 480w, https:\/\/www.abf.se\/dalarna\/resized\/?url=https%3A%2F%2Fwww.abf.se%2Fwp-content%2Fuploads%2Fsites%2F51%2F2025%2F06%2FMittenrummet-scaled.jpg&#038;fit=crop&#038;w=528&#038;h=464&#038;s=bdb90146c263539f2b981f4bbf8ccc10 528w, https:\/\/www.abf.se\/dalarna\/resized\/?url=https%3A%2F%2Fwww.abf.se%2Fwp-content%2Fuploads%2Fsites%2F51%2F2025%2F06%2FMittenrummet-scaled.jpg&#038;fit=crop&#038;w=578&#038;h=509&#038;s=b88d3e3f61b3e9c2c45e8d1507ecc9fd 578w, https:\/\/www.abf.se\/dalarna\/resized\/?url=https%3A%2F%2Fwww.abf.se%2Fwp-content%2Fuploads%2Fsites%2F51%2F2025%2F06%2FMittenrummet-scaled.jpg&#038;fit=crop&#038;w=672&#038;h=591&#038;s=6a223be4616e36c2c14869a5ef02a168 672w, https:\/\/www.abf.se\/dalarna\/resized\/?url=https%3A%2F%2Fwww.abf.se%2Fwp-content%2Fuploads%2Fsites%2F51%2F2025%2F06%2FMittenrummet-scaled.jpg&#038;fit=crop&#038;w=864&#038;h=760&#038;s=f2041389d4e3ae72663c5e70db088d83 864w, https:\/\/www.abf.se\/dalarna\/resized\/?url=https%3A%2F%2Fwww.abf.se%2Fwp-content%2Fuploads%2Fsites%2F51%2F2025%2F06%2FMittenrummet-scaled.jpg&#038;fit=crop&#038;w=1056&#038;h=929&#038;s=b38b80698b8d3ec2533e9286aadd5a88 1056w\" alt=\"\" height=\"509\" width=\"578\" sizes=\"auto, (max-width: 768px) 100vw,\n                (max-width: 1280px) 50vw, 578px\" loading=\"lazy\" fetchpriority=\"low\" \/><\/picture>\n\n        <\/div>\n        \n        <div class=\"w-full md:w-1\/2 md:order-2\">\n        <div class=\"mx-auto md:max-w-[368px]\">\n            <h2 class=\"heading-lg\">Mittenrummet<\/h2>\n            <div class=\"mb-6 mt-4 wysiwyg\">\n                <p>M\u00f6blerad f\u00f6r styrelsesittning med 10 platser. Utrustad med whiteboardtavla och projektorduk.<\/p>\n\n            <\/div>\n                    <\/div>\n        <\/div>\n    <\/div>\n<\/div><div\n    class=\"acf-text-image-block container bg-gray-light py-12 md:py-15\"\n    data-block=\"text-image-block\"\n>\n    <div\n    class=\"flex flex-col items-center md:flex-row gap-8 md:gap-0 justify-between\">\n                        <div class=\"w-full md:w-1\/2 md:order-2\">\n            <picture><img decoding=\"async\" src=\"https:\/\/www.abf.se\/dalarna\/resized\/?url=https%3A%2F%2Fwww.abf.se%2Fwp-content%2Fuploads%2Fsites%2F51%2F2025%2F06%2FValvet-scaled.jpg&#038;fit=crop&#038;w=578&#038;s=fee70893d2b86f7d802079718b6c469f\" srcset=\"https:\/\/www.abf.se\/dalarna\/resized\/?url=https%3A%2F%2Fwww.abf.se%2Fwp-content%2Fuploads%2Fsites%2F51%2F2025%2F06%2FValvet-scaled.jpg&#038;fit=crop&#038;w=144&#038;h=126&#038;s=f4307a6a0a9a244f2a0a220c592cb308 144w, https:\/\/www.abf.se\/dalarna\/resized\/?url=https%3A%2F%2Fwww.abf.se%2Fwp-content%2Fuploads%2Fsites%2F51%2F2025%2F06%2FValvet-scaled.jpg&#038;fit=crop&#038;w=240&#038;h=211&#038;s=7e4101307eeadfbeb306847166abd6f4 240w, https:\/\/www.abf.se\/dalarna\/resized\/?url=https%3A%2F%2Fwww.abf.se%2Fwp-content%2Fuploads%2Fsites%2F51%2F2025%2F06%2FValvet-scaled.jpg&#038;fit=crop&#038;w=288&#038;h=253&#038;s=3617ac96f0ccec25cd419cdd9cb1b662 288w, https:\/\/www.abf.se\/dalarna\/resized\/?url=https%3A%2F%2Fwww.abf.se%2Fwp-content%2Fuploads%2Fsites%2F51%2F2025%2F06%2FValvet-scaled.jpg&#038;fit=crop&#038;w=336&#038;h=295&#038;s=3254c94a7c07b4985a5047b6307ed7b6 336w, https:\/\/www.abf.se\/dalarna\/resized\/?url=https%3A%2F%2Fwww.abf.se%2Fwp-content%2Fuploads%2Fsites%2F51%2F2025%2F06%2FValvet-scaled.jpg&#038;fit=crop&#038;w=432&#038;h=380&#038;s=b0b9e13371cd2029e4c6557779895875 432w, https:\/\/www.abf.se\/dalarna\/resized\/?url=https%3A%2F%2Fwww.abf.se%2Fwp-content%2Fuploads%2Fsites%2F51%2F2025%2F06%2FValvet-scaled.jpg&#038;fit=crop&#038;w=480&#038;h=422&#038;s=f6bc97a0a86c61e73ac187dcf1a5f710 480w, https:\/\/www.abf.se\/dalarna\/resized\/?url=https%3A%2F%2Fwww.abf.se%2Fwp-content%2Fuploads%2Fsites%2F51%2F2025%2F06%2FValvet-scaled.jpg&#038;fit=crop&#038;w=528&#038;h=464&#038;s=adb73eba90ebed47622eac76b0389ade 528w, https:\/\/www.abf.se\/dalarna\/resized\/?url=https%3A%2F%2Fwww.abf.se%2Fwp-content%2Fuploads%2Fsites%2F51%2F2025%2F06%2FValvet-scaled.jpg&#038;fit=crop&#038;w=578&#038;h=509&#038;s=c7c5a8dbae020b1dcdd58c2aed9d927e 578w, https:\/\/www.abf.se\/dalarna\/resized\/?url=https%3A%2F%2Fwww.abf.se%2Fwp-content%2Fuploads%2Fsites%2F51%2F2025%2F06%2FValvet-scaled.jpg&#038;fit=crop&#038;w=672&#038;h=591&#038;s=a9aa1d35b0c66d476e6f1df740f24f40 672w, https:\/\/www.abf.se\/dalarna\/resized\/?url=https%3A%2F%2Fwww.abf.se%2Fwp-content%2Fuploads%2Fsites%2F51%2F2025%2F06%2FValvet-scaled.jpg&#038;fit=crop&#038;w=864&#038;h=760&#038;s=d8cb458efe3aafad07f47e057636aa98 864w, https:\/\/www.abf.se\/dalarna\/resized\/?url=https%3A%2F%2Fwww.abf.se%2Fwp-content%2Fuploads%2Fsites%2F51%2F2025%2F06%2FValvet-scaled.jpg&#038;fit=crop&#038;w=1056&#038;h=929&#038;s=29688f3f0c96419d07e72183c5c4653b 1056w\" alt=\"\" height=\"509\" width=\"578\" sizes=\"auto, (max-width: 768px) 100vw,\n                (max-width: 1280px) 50vw, 578px\" loading=\"lazy\" fetchpriority=\"low\" \/><\/picture>\n\n        <\/div>\n        \n        <div class=\"w-full md:w-1\/2 md:order-1\">\n        <div class=\"mx-auto md:max-w-[368px]\">\n            <h2 class=\"heading-lg\">Valvet<\/h2>\n            <div class=\"mb-6 mt-4 wysiwyg\">\n                <p>M\u00f6blerad med 3 separata bord f\u00f6r cirka 14 personer. Utrustad med whiteboardtavla och projektorduk.<\/p>\n\n            <\/div>\n                    <\/div>\n        <\/div>\n    <\/div>\n<\/div><div\n    class=\"acf-text-image-block container my-12 md:my-15\"\n    data-block=\"text-image-block\"\n>\n    <div\n    class=\"flex flex-col items-center md:flex-row gap-8 md:gap-0 justify-between\">\n                        <div class=\"w-full md:w-1\/2 md:order-1\">\n            <picture><img decoding=\"async\" src=\"https:\/\/www.abf.se\/dalarna\/resized\/?url=https%3A%2F%2Fwww.abf.se%2Fwp-content%2Fuploads%2Fsites%2F51%2F2025%2F06%2FVardagsrummet-scaled.jpg&#038;fit=crop&#038;w=578&#038;s=2747780a279f0aa0bb9df350f49e8d40\" srcset=\"https:\/\/www.abf.se\/dalarna\/resized\/?url=https%3A%2F%2Fwww.abf.se%2Fwp-content%2Fuploads%2Fsites%2F51%2F2025%2F06%2FVardagsrummet-scaled.jpg&#038;fit=crop&#038;w=144&#038;h=126&#038;s=a594c5fc177655c455e9ff2454e770b6 144w, https:\/\/www.abf.se\/dalarna\/resized\/?url=https%3A%2F%2Fwww.abf.se%2Fwp-content%2Fuploads%2Fsites%2F51%2F2025%2F06%2FVardagsrummet-scaled.jpg&#038;fit=crop&#038;w=240&#038;h=211&#038;s=18d40c98bf0a09618cf71fa2e32d9a1e 240w, https:\/\/www.abf.se\/dalarna\/resized\/?url=https%3A%2F%2Fwww.abf.se%2Fwp-content%2Fuploads%2Fsites%2F51%2F2025%2F06%2FVardagsrummet-scaled.jpg&#038;fit=crop&#038;w=288&#038;h=253&#038;s=1ffeb55eb84d3622593deeedd902c6a8 288w, https:\/\/www.abf.se\/dalarna\/resized\/?url=https%3A%2F%2Fwww.abf.se%2Fwp-content%2Fuploads%2Fsites%2F51%2F2025%2F06%2FVardagsrummet-scaled.jpg&#038;fit=crop&#038;w=336&#038;h=295&#038;s=eb94173b9f9e15484491491f20a6a977 336w, https:\/\/www.abf.se\/dalarna\/resized\/?url=https%3A%2F%2Fwww.abf.se%2Fwp-content%2Fuploads%2Fsites%2F51%2F2025%2F06%2FVardagsrummet-scaled.jpg&#038;fit=crop&#038;w=432&#038;h=380&#038;s=a16d17b67307c15275ce3931cdc89b46 432w, https:\/\/www.abf.se\/dalarna\/resized\/?url=https%3A%2F%2Fwww.abf.se%2Fwp-content%2Fuploads%2Fsites%2F51%2F2025%2F06%2FVardagsrummet-scaled.jpg&#038;fit=crop&#038;w=480&#038;h=422&#038;s=8f92a2a4548a2f9d32404ca0eb2da5e3 480w, https:\/\/www.abf.se\/dalarna\/resized\/?url=https%3A%2F%2Fwww.abf.se%2Fwp-content%2Fuploads%2Fsites%2F51%2F2025%2F06%2FVardagsrummet-scaled.jpg&#038;fit=crop&#038;w=528&#038;h=464&#038;s=e6e56348b13988d1c7d6131850a26d19 528w, https:\/\/www.abf.se\/dalarna\/resized\/?url=https%3A%2F%2Fwww.abf.se%2Fwp-content%2Fuploads%2Fsites%2F51%2F2025%2F06%2FVardagsrummet-scaled.jpg&#038;fit=crop&#038;w=578&#038;h=509&#038;s=8a172555f0087b87499612ec22ea1588 578w, https:\/\/www.abf.se\/dalarna\/resized\/?url=https%3A%2F%2Fwww.abf.se%2Fwp-content%2Fuploads%2Fsites%2F51%2F2025%2F06%2FVardagsrummet-scaled.jpg&#038;fit=crop&#038;w=672&#038;h=591&#038;s=5ae7f509a14b4e2198acab276eed2c02 672w, https:\/\/www.abf.se\/dalarna\/resized\/?url=https%3A%2F%2Fwww.abf.se%2Fwp-content%2Fuploads%2Fsites%2F51%2F2025%2F06%2FVardagsrummet-scaled.jpg&#038;fit=crop&#038;w=864&#038;h=760&#038;s=f29b9329cda91840c1d7ef6e49f8e2e6 864w, https:\/\/www.abf.se\/dalarna\/resized\/?url=https%3A%2F%2Fwww.abf.se%2Fwp-content%2Fuploads%2Fsites%2F51%2F2025%2F06%2FVardagsrummet-scaled.jpg&#038;fit=crop&#038;w=1056&#038;h=929&#038;s=ba8a5d715ef99c33b1bb3c5e31d5f5da 1056w\" alt=\"\" height=\"509\" width=\"578\" sizes=\"auto, (max-width: 768px) 100vw,\n                (max-width: 1280px) 50vw, 578px\" loading=\"lazy\" fetchpriority=\"low\" \/><\/picture>\n\n        <\/div>\n        \n        <div class=\"w-full md:w-1\/2 md:order-2\">\n        <div class=\"mx-auto md:max-w-[368px]\">\n            <h2 class=\"heading-lg\">Vardagsrummet<\/h2>\n            <div class=\"mb-6 mt-4 wysiwyg\">\n                <p>F\u00f6rel\u00e4sningssal med plats f\u00f6r ca 40 personer. Utrustad med whiteboardtavla och projektorduk. H\u00e4r finns ocks\u00e5 en l\u00e5nedator f\u00f6r cirkelledare att till exempel g\u00f6ra n\u00e4rvaroregistrering p\u00e5.<\/p>\n\n            <\/div>\n                    <\/div>\n        <\/div>\n    <\/div>\n<\/div>","protected":false},"excerpt":{"rendered":"","protected":false},"author":10,"featured_media":0,"parent":262,"menu_order":0,"comment_status":"closed","ping_status":"closed","template":"","meta":{"_acf_changed":false,"footnotes":""},"class_list":["post-851","page","type-page","status-publish","hentry"],"acf":[],"yoast_head":"<!-- This site is optimized with the Yoast SEO plugin v27.0 - https:\/\/yoast.com\/product\/yoast-seo-wordpress\/ -->\n<title>Smedjebacken - Dalarna<\/title>\n<meta name=\"robots\" content=\"index, follow, max-snippet:-1, max-image-preview:large, max-video-preview:-1\" \/>\n<link rel=\"canonical\" href=\"https:\/\/www.abf.se\/dalarna\/vara-orter\/smedjebacken\/\" \/>\n<meta property=\"og:locale\" content=\"sv_SE\" \/>\n<meta property=\"og:type\" content=\"article\" \/>\n<meta property=\"og:title\" content=\"Smedjebacken - Dalarna\" \/>\n<meta property=\"og:url\" content=\"https:\/\/www.abf.se\/dalarna\/vara-orter\/smedjebacken\/\" \/>\n<meta property=\"og:site_name\" content=\"Dalarna\" \/>\n<meta property=\"article:modified_time\" content=\"2025-06-05T12:37:21+00:00\" \/>\n<meta property=\"og:image\" content=\"https:\/\/www.abf.se\/wp-content\/uploads\/sites\/51\/2024\/04\/Nyckeln-liggande-scaled.jpg\" \/>\n\t<meta property=\"og:image:width\" content=\"2560\" \/>\n\t<meta property=\"og:image:height\" content=\"1440\" \/>\n\t<meta property=\"og:image:type\" content=\"image\/jpeg\" \/>\n<meta name=\"twitter:card\" content=\"summary_large_image\" \/>\n<script type=\"application\/ld+json\" class=\"yoast-schema-graph\">{\"@context\":\"https:\/\/schema.org\",\"@graph\":[{\"@type\":\"WebPage\",\"@id\":\"https:\/\/www.abf.se\/dalarna\/vara-orter\/smedjebacken\/\",\"url\":\"https:\/\/www.abf.se\/dalarna\/vara-orter\/smedjebacken\/\",\"name\":\"Smedjebacken - Dalarna\",\"isPartOf\":{\"@id\":\"https:\/\/www.abf.se\/dalarna\/#website\"},\"datePublished\":\"2025-05-08T13:58:48+00:00\",\"dateModified\":\"2025-06-05T12:37:21+00:00\",\"breadcrumb\":{\"@id\":\"https:\/\/www.abf.se\/dalarna\/vara-orter\/smedjebacken\/#breadcrumb\"},\"inLanguage\":\"sv-SE\",\"potentialAction\":[{\"@type\":\"ReadAction\",\"target\":[\"https:\/\/www.abf.se\/dalarna\/vara-orter\/smedjebacken\/\"]}]},{\"@type\":\"BreadcrumbList\",\"@id\":\"https:\/\/www.abf.se\/dalarna\/vara-orter\/smedjebacken\/#breadcrumb\",\"itemListElement\":[{\"@type\":\"ListItem\",\"position\":1,\"name\":\"Home\",\"item\":\"https:\/\/www.abf.se\/dalarna\/\"},{\"@type\":\"ListItem\",\"position\":2,\"name\":\"V\u00e5ra orter\",\"item\":\"https:\/\/www.abf.se\/dalarna\/vara-orter\/\"},{\"@type\":\"ListItem\",\"position\":3,\"name\":\"Smedjebacken\"}]},{\"@type\":\"WebSite\",\"@id\":\"https:\/\/www.abf.se\/dalarna\/#website\",\"url\":\"https:\/\/www.abf.se\/dalarna\/\",\"name\":\"Dalarna\",\"description\":\"\",\"potentialAction\":[{\"@type\":\"SearchAction\",\"target\":{\"@type\":\"EntryPoint\",\"urlTemplate\":\"https:\/\/www.abf.se\/dalarna\/?s={search_term_string}\"},\"query-input\":{\"@type\":\"PropertyValueSpecification\",\"valueRequired\":true,\"valueName\":\"search_term_string\"}}],\"inLanguage\":\"sv-SE\"}]}<\/script>\n<!-- \/ Yoast SEO plugin. -->","yoast_head_json":{"title":"Smedjebacken - Dalarna","robots":{"index":"index","follow":"follow","max-snippet":"max-snippet:-1","max-image-preview":"max-image-preview:large","max-video-preview":"max-video-preview:-1"},"canonical":"https:\/\/www.abf.se\/dalarna\/vara-orter\/smedjebacken\/","og_locale":"sv_SE","og_type":"article","og_title":"Smedjebacken - Dalarna","og_url":"https:\/\/www.abf.se\/dalarna\/vara-orter\/smedjebacken\/","og_site_name":"Dalarna","article_modified_time":"2025-06-05T12:37:21+00:00","og_image":[{"width":2560,"height":1440,"url":"https:\/\/www.abf.se\/wp-content\/uploads\/sites\/51\/2024\/04\/Nyckeln-liggande-scaled.jpg","type":"image\/jpeg"}],"twitter_card":"summary_large_image","schema":{"@context":"https:\/\/schema.org","@graph":[{"@type":"WebPage","@id":"https:\/\/www.abf.se\/dalarna\/vara-orter\/smedjebacken\/","url":"https:\/\/www.abf.se\/dalarna\/vara-orter\/smedjebacken\/","name":"Smedjebacken - Dalarna","isPartOf":{"@id":"https:\/\/www.abf.se\/dalarna\/#website"},"datePublished":"2025-05-08T13:58:48+00:00","dateModified":"2025-06-05T12:37:21+00:00","breadcrumb":{"@id":"https:\/\/www.abf.se\/dalarna\/vara-orter\/smedjebacken\/#breadcrumb"},"inLanguage":"sv-SE","potentialAction":[{"@type":"ReadAction","target":["https:\/\/www.abf.se\/dalarna\/vara-orter\/smedjebacken\/"]}]},{"@type":"BreadcrumbList","@id":"https:\/\/www.abf.se\/dalarna\/vara-orter\/smedjebacken\/#breadcrumb","itemListElement":[{"@type":"ListItem","position":1,"name":"Home","item":"https:\/\/www.abf.se\/dalarna\/"},{"@type":"ListItem","position":2,"name":"V\u00e5ra orter","item":"https:\/\/www.abf.se\/dalarna\/vara-orter\/"},{"@type":"ListItem","position":3,"name":"Smedjebacken"}]},{"@type":"WebSite","@id":"https:\/\/www.abf.se\/dalarna\/#website","url":"https:\/\/www.abf.se\/dalarna\/","name":"Dalarna","description":"","potentialAction":[{"@type":"SearchAction","target":{"@type":"EntryPoint","urlTemplate":"https:\/\/www.abf.se\/dalarna\/?s={search_term_string}"},"query-input":{"@type":"PropertyValueSpecification","valueRequired":true,"valueName":"search_term_string"}}],"inLanguage":"sv-SE"}]}},"_links":{"self":[{"href":"https:\/\/www.abf.se\/dalarna\/wp-json\/wp\/v2\/pages\/851","targetHints":{"allow":["GET"]}}],"collection":[{"href":"https:\/\/www.abf.se\/dalarna\/wp-json\/wp\/v2\/pages"}],"about":[{"href":"https:\/\/www.abf.se\/dalarna\/wp-json\/wp\/v2\/types\/page"}],"author":[{"embeddable":true,"href":"https:\/\/www.abf.se\/dalarna\/wp-json\/wp\/v2\/users\/10"}],"replies":[{"embeddable":true,"href":"https:\/\/www.abf.se\/dalarna\/wp-json\/wp\/v2\/comments?post=851"}],"version-history":[{"count":7,"href":"https:\/\/www.abf.se\/dalarna\/wp-json\/wp\/v2\/pages\/851\/revisions"}],"predecessor-version":[{"id":942,"href":"https:\/\/www.abf.se\/dalarna\/wp-json\/wp\/v2\/pages\/851\/revisions\/942"}],"up":[{"embeddable":true,"href":"https:\/\/www.abf.se\/dalarna\/wp-json\/wp\/v2\/pages\/262"}],"wp:attachment":[{"href":"https:\/\/www.abf.se\/dalarna\/wp-json\/wp\/v2\/media?parent=851"}],"curies":[{"name":"wp","href":"https:\/\/api.w.org\/{rel}","templated":true}]}}