{"id":155,"date":"2024-04-11T13:33:59","date_gmt":"2024-04-11T11:33:59","guid":{"rendered":"https:\/\/www.abf.se\/fyrbodal\/?page_id=155"},"modified":"2025-12-17T10:32:32","modified_gmt":"2025-12-17T09:32:32","slug":"samarbete-med-abf","status":"publish","type":"page","link":"https:\/\/www.abf.se\/fyrbodal\/samarbete-med-abf\/","title":{"rendered":"Samarbete med ABF"},"content":{"rendered":"<div\n    class=\"acf-plain-heading-block container my-16\"\n    data-block=\"plain-heading-block\"\n>\n    <div class=\"max-w-[658px] mx-auto\">\n                <h1 class=\"hero-heading\"><span>Samarbete med ABF<\/span><\/h1>\n                            <p class=\"mt-8 body-xl text-black\">\n                P\u00e5 ABF erbjuder vi v\u00e5ra medlems- och samarbetsorganisationer skr\u00e4ddarsytt st\u00f6d, pedagogiska verktyg och organisatoriska resurser f\u00f6r att planera och genomf\u00f6ra studieaktiviteter runt om i landet. Vi samarbetar med medlems- och samarbetsorganisationer p\u00e5 lokal, regional och central niv\u00e5.\n            <\/p>\n            <\/div>\n<\/div>\n<div\n    class=\"acf-article-text-block article-container my-12\"\n    data-block=\"article-text-block\"\n>\n    <div class=\"wysiwyg\">\n        <h3>Samarbeta lokalt<\/h3>\n<p>\u00c4r ni en lokal eller regional organisation som vill samarbeta med ABF? Kontakta d\u00e5 den lokala ABF-enheten p\u00e5 din ort eller region f\u00f6r att se hur ni kan samverka med ABF. Du hittar ditt lokala ABF h\u00e4r.<\/p>\n<h3>Samarbeta centralt<\/h3>\n<p>ABF erbjuder ett kostnadsfritt paket till v\u00e5ra centralt anslutna medlems- och samarbetsorganisationer med fokus p\u00e5 st\u00f6d, utbildning och gemenskap. Genom ett skr\u00e4ddarsytt st\u00f6d, utbildningar och pedagogiska verktyg f\u00e5r ni m\u00f6jlighet att planera och genomf\u00f6ra studieaktiviteter runt om i landet. Utforska v\u00e5ra utbildningar f\u00f6r 2024 och h\u00f6r av dig f\u00f6r att boka eller f\u00e5 mer information.<\/p>\n<p>Har du fr\u00e5gor kring ABFs samarbetsprogram eller vill du boka en utbildning? H\u00f6r av dig till din kontaktperson p\u00e5 ABF eller mejla oss.<\/p>\n<h3>St\u00f6d och bollplank<\/h3>\n<p>Starka folkr\u00f6relser bygger vi tillsammans. Inom ABF ryms en m\u00e4ngd organisationer med olika behov och m\u00e5ls\u00e4ttningar och d\u00e4rmed olika behov av st\u00f6d och samverkan Hos ABF kan ni som centralt anslutna medlems- eller samarbetsorganisation f\u00e5 f\u00f6ljande st\u00f6d:<\/p>\n<ul>\n<li>Pedagogiskt och organisatoriskt st\u00f6d<\/li>\n<li>Utbildningsinsatser med kompetenta pedagoger<\/li>\n<li>Utveckling av verksamhet baserad p\u00e5 folkbildningens id\u00e9<\/li>\n<li>\u00d6verblick \u00f6ver organisationens studie- och kulturverksamhet<\/li>\n<li>Hj\u00e4lp att hitta samverkansm\u00f6jligheter med andra organisationer<\/li>\n<\/ul>\n<h3>Utbildningspaket 2024<\/h3>\n<p>Under 2024 erbjuder vi v\u00e5ra centralt anslutna medlems- och samarbetsorganisationer bokningsbara utbildningar som riktar sig till f\u00f6rtroendevalda och anst\u00e4llda p\u00e5 nationell niv\u00e5. Utbildningarna kan anpassas efter organisationens f\u00f6ruts\u00e4ttningar och \u00f6nskem\u00e5l. F\u00f6ljande utbildningar \u00e4r m\u00f6jliga att boka under \u00e5ret:<\/p>\n<h3>Cirkelledarutbildning (minst 9 studietimmar)<\/h3>\n<p>Cirkelledarutbildningen riktar sig till de medlems- och samarbetsorganisationer som vill ta ett samlat grepp kring sina utbildningsinsatser och utbilda cirkelledare i hela landet. I detta sammanhang kan vi \u00e4ven bist\u00e5 med cirkelledarutbildning och vid behov komplettera den med organisationens egna \u00e4mnes\u00f6nskem\u00e5l.<br \/>\nProcessutbildning f\u00f6rbundsstyrelse (1 \u2013 2 heldagar)<\/p>\n<p>Vi fokuserar p\u00e5 styrelsens nul\u00e4ge och vilka m\u00e5ls\u00e4ttningar som ligger i framtiden. Utifr\u00e5n det arbetar vi fram en struktur och plan f\u00f6r styrelsens arbete f\u00f6r att n\u00e5 sina m\u00e5l. Utbildningen kan kompletteras med mer grundl\u00e4ggande styrelseutbildning vid behov.<br \/>\nSamarbeta med ABF (1 \u2013 2 timmar)<\/p>\n<p>En introduktion till folkbildningens metod och id\u00e9 och hur studier kan st\u00e4rka organisationen och medlemmarna. Introduktionen kan ske s\u00e5v\u00e4l fysiskt som digitalt.<br \/>\nLedarutveckling (fr\u00e5n och med ht 2024)<\/p>\n<p>I en organisation finns det m\u00e5nga former av ledarskap. P\u00e5 denna utbildning tar vi oss igenom b\u00e5de ledarskap i rollen som f\u00f6rtroendevald och ledarskap f\u00f6r verksamheter, studier med mer.<\/p>\n<h3>Digitala workshops<\/h3>\n<p>Under 2024 erbjuds tv\u00e5 digitala workshops som riktar sig till f\u00f6rtroendevalda och anst\u00e4llda hos v\u00e5ra centralt anslutna medlems- och samarbetsorganisationer. Dessa workshops \u00e4r t\u00e4nkta att fungera som en spr\u00e5ngbr\u00e4da till fortsatta satsningar inom era organisationer, samt som en m\u00f6jlighet att m\u00f6ta andra organisationer som arbetar med liknande fr\u00e5gor.<br \/>\nHur f\u00e5r man det att h\u00e4nda? (2 maj, 18.00 \u2013 20.00)<br \/>\nEn workshop om motivation, motst\u00e5nd och f\u00f6r\u00e4ndringsledning<br \/>\nGruppdynamik och konflikthantering (20 november, 18.00 \u2013 20.00)<\/p>\n<h3>Centrala n\u00e4tverkstr\u00e4ffar f\u00f6r medlems- och samarbetsorganisationer 2024<\/h3>\n<p>En g\u00e5ng per termin anordnar f\u00f6rbundsexpeditionen n\u00e4tverkstr\u00e4ffar f\u00f6r ABFs centralt anslutna medlems- och samarbetsorganisationer. P\u00e5 dessa tr\u00e4ffar kan ni knytakontakter, utbyta erfarenheter och \u00f6ka er kunskap. Tr\u00e4ffarna \u00e4r ofta temataiska med koppling till aktuella \u00e4mnen och knyter ann till demokrati och folkbildning. H\u00e4r ges ocks\u00e5 inspiration kring studieverksamhet.<\/p>\n\n    <\/div>\n<\/div>\n","protected":false},"excerpt":{"rendered":"","protected":false},"author":118,"featured_media":0,"parent":0,"menu_order":0,"comment_status":"closed","ping_status":"closed","template":"","meta":{"_acf_changed":false,"footnotes":""},"class_list":["post-155","page","type-page","status-publish","hentry"],"acf":[],"yoast_head":"<!-- This site is optimized with the Yoast SEO plugin v27.0 - https:\/\/yoast.com\/product\/yoast-seo-wordpress\/ -->\n<title>Samarbete med ABF - FyrBoDal<\/title>\n<meta name=\"robots\" content=\"index, follow, max-snippet:-1, max-image-preview:large, max-video-preview:-1\" \/>\n<link rel=\"canonical\" href=\"https:\/\/www.abf.se\/fyrbodal\/samarbete-med-abf\/\" \/>\n<meta property=\"og:locale\" content=\"sv_SE\" \/>\n<meta property=\"og:type\" content=\"article\" \/>\n<meta property=\"og:title\" content=\"Samarbete med ABF - FyrBoDal\" \/>\n<meta property=\"og:url\" content=\"https:\/\/www.abf.se\/fyrbodal\/samarbete-med-abf\/\" \/>\n<meta property=\"og:site_name\" content=\"FyrBoDal\" \/>\n<meta property=\"article:modified_time\" content=\"2025-12-17T09:32:32+00:00\" \/>\n<meta property=\"og:image\" content=\"https:\/\/www.abf.se\/wp-content\/uploads\/sites\/18\/2024\/04\/Nyckeln-liggande-scaled.jpg\" \/>\n\t<meta property=\"og:image:width\" content=\"2560\" \/>\n\t<meta property=\"og:image:height\" content=\"1440\" \/>\n\t<meta property=\"og:image:type\" content=\"image\/jpeg\" \/>\n<meta name=\"twitter:card\" content=\"summary_large_image\" \/>\n<script type=\"application\/ld+json\" class=\"yoast-schema-graph\">{\"@context\":\"https:\/\/schema.org\",\"@graph\":[{\"@type\":\"WebPage\",\"@id\":\"https:\/\/www.abf.se\/fyrbodal\/samarbete-med-abf\/\",\"url\":\"https:\/\/www.abf.se\/fyrbodal\/samarbete-med-abf\/\",\"name\":\"Samarbete med ABF - FyrBoDal\",\"isPartOf\":{\"@id\":\"https:\/\/www.abf.se\/fyrbodal\/#website\"},\"datePublished\":\"2024-04-11T11:33:59+00:00\",\"dateModified\":\"2025-12-17T09:32:32+00:00\",\"breadcrumb\":{\"@id\":\"https:\/\/www.abf.se\/fyrbodal\/samarbete-med-abf\/#breadcrumb\"},\"inLanguage\":\"sv-SE\",\"potentialAction\":[{\"@type\":\"ReadAction\",\"target\":[\"https:\/\/www.abf.se\/fyrbodal\/samarbete-med-abf\/\"]}]},{\"@type\":\"BreadcrumbList\",\"@id\":\"https:\/\/www.abf.se\/fyrbodal\/samarbete-med-abf\/#breadcrumb\",\"itemListElement\":[{\"@type\":\"ListItem\",\"position\":1,\"name\":\"Home\",\"item\":\"https:\/\/www.abf.se\/fyrbodal\/\"},{\"@type\":\"ListItem\",\"position\":2,\"name\":\"Samarbete med ABF\"}]},{\"@type\":\"WebSite\",\"@id\":\"https:\/\/www.abf.se\/fyrbodal\/#website\",\"url\":\"https:\/\/www.abf.se\/fyrbodal\/\",\"name\":\"FyrBoDal\",\"description\":\"\",\"potentialAction\":[{\"@type\":\"SearchAction\",\"target\":{\"@type\":\"EntryPoint\",\"urlTemplate\":\"https:\/\/www.abf.se\/fyrbodal\/?s={search_term_string}\"},\"query-input\":{\"@type\":\"PropertyValueSpecification\",\"valueRequired\":true,\"valueName\":\"search_term_string\"}}],\"inLanguage\":\"sv-SE\"}]}<\/script>\n<!-- \/ Yoast SEO plugin. -->","yoast_head_json":{"title":"Samarbete med ABF - FyrBoDal","robots":{"index":"index","follow":"follow","max-snippet":"max-snippet:-1","max-image-preview":"max-image-preview:large","max-video-preview":"max-video-preview:-1"},"canonical":"https:\/\/www.abf.se\/fyrbodal\/samarbete-med-abf\/","og_locale":"sv_SE","og_type":"article","og_title":"Samarbete med ABF - FyrBoDal","og_url":"https:\/\/www.abf.se\/fyrbodal\/samarbete-med-abf\/","og_site_name":"FyrBoDal","article_modified_time":"2025-12-17T09:32:32+00:00","og_image":[{"width":2560,"height":1440,"url":"https:\/\/www.abf.se\/wp-content\/uploads\/sites\/18\/2024\/04\/Nyckeln-liggande-scaled.jpg","type":"image\/jpeg"}],"twitter_card":"summary_large_image","schema":{"@context":"https:\/\/schema.org","@graph":[{"@type":"WebPage","@id":"https:\/\/www.abf.se\/fyrbodal\/samarbete-med-abf\/","url":"https:\/\/www.abf.se\/fyrbodal\/samarbete-med-abf\/","name":"Samarbete med ABF - FyrBoDal","isPartOf":{"@id":"https:\/\/www.abf.se\/fyrbodal\/#website"},"datePublished":"2024-04-11T11:33:59+00:00","dateModified":"2025-12-17T09:32:32+00:00","breadcrumb":{"@id":"https:\/\/www.abf.se\/fyrbodal\/samarbete-med-abf\/#breadcrumb"},"inLanguage":"sv-SE","potentialAction":[{"@type":"ReadAction","target":["https:\/\/www.abf.se\/fyrbodal\/samarbete-med-abf\/"]}]},{"@type":"BreadcrumbList","@id":"https:\/\/www.abf.se\/fyrbodal\/samarbete-med-abf\/#breadcrumb","itemListElement":[{"@type":"ListItem","position":1,"name":"Home","item":"https:\/\/www.abf.se\/fyrbodal\/"},{"@type":"ListItem","position":2,"name":"Samarbete med ABF"}]},{"@type":"WebSite","@id":"https:\/\/www.abf.se\/fyrbodal\/#website","url":"https:\/\/www.abf.se\/fyrbodal\/","name":"FyrBoDal","description":"","potentialAction":[{"@type":"SearchAction","target":{"@type":"EntryPoint","urlTemplate":"https:\/\/www.abf.se\/fyrbodal\/?s={search_term_string}"},"query-input":{"@type":"PropertyValueSpecification","valueRequired":true,"valueName":"search_term_string"}}],"inLanguage":"sv-SE"}]}},"_links":{"self":[{"href":"https:\/\/www.abf.se\/fyrbodal\/wp-json\/wp\/v2\/pages\/155","targetHints":{"allow":["GET"]}}],"collection":[{"href":"https:\/\/www.abf.se\/fyrbodal\/wp-json\/wp\/v2\/pages"}],"about":[{"href":"https:\/\/www.abf.se\/fyrbodal\/wp-json\/wp\/v2\/types\/page"}],"author":[{"embeddable":true,"href":"https:\/\/www.abf.se\/fyrbodal\/wp-json\/wp\/v2\/users\/118"}],"replies":[{"embeddable":true,"href":"https:\/\/www.abf.se\/fyrbodal\/wp-json\/wp\/v2\/comments?post=155"}],"version-history":[{"count":2,"href":"https:\/\/www.abf.se\/fyrbodal\/wp-json\/wp\/v2\/pages\/155\/revisions"}],"predecessor-version":[{"id":159,"href":"https:\/\/www.abf.se\/fyrbodal\/wp-json\/wp\/v2\/pages\/155\/revisions\/159"}],"wp:attachment":[{"href":"https:\/\/www.abf.se\/fyrbodal\/wp-json\/wp\/v2\/media?parent=155"}],"curies":[{"name":"wp","href":"https:\/\/api.w.org\/{rel}","templated":true}]}}