{"id":826,"date":"2025-10-17T10:46:36","date_gmt":"2025-10-17T08:46:36","guid":{"rendered":"https:\/\/www.abf.se\/fyrbodal\/?page_id=826"},"modified":"2025-10-30T14:22:01","modified_gmt":"2025-10-30T13:22:01","slug":"minnesvandringar","status":"publish","type":"page","link":"https:\/\/www.abf.se\/fyrbodal\/minnesvandringar\/","title":{"rendered":"Minnesvandringar"},"content":{"rendered":"<div\n    class=\"acf-plain-heading-block container my-16\"\n    data-block=\"plain-heading-block\"\n>\n    <div class=\"max-w-[658px] mx-auto\">\n                <h1 class=\"hero-heading\"><span>Minnesvandringar<\/span><\/h1>\n                    <\/div>\n<\/div>\n<div\n    class=\"acf-article-image-block mb-12 container\"\n    data-block=\"article-image-block\"\n>\n<div class=\"grid md:grid-cols-2 gap-4\">\n\n        <figure>\n        \n            <picture class=\"round-corners-lg w-full\"><img decoding=\"async\" src=\"https:\/\/www.abf.se\/fyrbodal\/resized\/?url=https%3A%2F%2Fwww.abf.se%2Fwp-content%2Fuploads%2Fsites%2F18%2F2025%2F10%2F18aa15d3-8112-449f-8268-375995f738db.jpg&#038;fit=contain&#038;w=578&#038;s=c8105e680157e81721b71f2eba5f209d\" srcset=\"https:\/\/www.abf.se\/fyrbodal\/resized\/?url=https%3A%2F%2Fwww.abf.se%2Fwp-content%2Fuploads%2Fsites%2F18%2F2025%2F10%2F18aa15d3-8112-449f-8268-375995f738db.jpg&#038;fit=contain&#038;w=375&#038;h=280&#038;s=384e911a185f4c8a56d6d89f2fab2834 375w, https:\/\/www.abf.se\/fyrbodal\/resized\/?url=https%3A%2F%2Fwww.abf.se%2Fwp-content%2Fuploads%2Fsites%2F18%2F2025%2F10%2F18aa15d3-8112-449f-8268-375995f738db.jpg&#038;fit=contain&#038;w=423&#038;h=316&#038;s=ebccccecc96b8d8a2bf164c9cb8b5ae9 423w, https:\/\/www.abf.se\/fyrbodal\/resized\/?url=https%3A%2F%2Fwww.abf.se%2Fwp-content%2Fuploads%2Fsites%2F18%2F2025%2F10%2F18aa15d3-8112-449f-8268-375995f738db.jpg&#038;fit=contain&#038;w=471&#038;h=352&#038;s=b71558dbb693f19d359a52f0a0865fe0 471w, https:\/\/www.abf.se\/fyrbodal\/resized\/?url=https%3A%2F%2Fwww.abf.se%2Fwp-content%2Fuploads%2Fsites%2F18%2F2025%2F10%2F18aa15d3-8112-449f-8268-375995f738db.jpg&#038;fit=contain&#038;w=519&#038;h=388&#038;s=6082755a2a52134cff8cf1621534adbe 519w, https:\/\/www.abf.se\/fyrbodal\/resized\/?url=https%3A%2F%2Fwww.abf.se%2Fwp-content%2Fuploads%2Fsites%2F18%2F2025%2F10%2F18aa15d3-8112-449f-8268-375995f738db.jpg&#038;fit=contain&#038;w=567&#038;h=424&#038;s=d14c960f5f41521fa2ca1c3f25a1b63c 567w, https:\/\/www.abf.se\/fyrbodal\/resized\/?url=https%3A%2F%2Fwww.abf.se%2Fwp-content%2Fuploads%2Fsites%2F18%2F2025%2F10%2F18aa15d3-8112-449f-8268-375995f738db.jpg&#038;fit=contain&#038;w=578&#038;s=c8105e680157e81721b71f2eba5f209d 578w, https:\/\/www.abf.se\/fyrbodal\/resized\/?url=https%3A%2F%2Fwww.abf.se%2Fwp-content%2Fuploads%2Fsites%2F18%2F2025%2F10%2F18aa15d3-8112-449f-8268-375995f738db.jpg&#038;fit=contain&#038;w=750&#038;h=561&#038;s=834a2807e5edc890d7ebcd3e203f36f7 750w, https:\/\/www.abf.se\/fyrbodal\/resized\/?url=https%3A%2F%2Fwww.abf.se%2Fwp-content%2Fuploads%2Fsites%2F18%2F2025%2F10%2F18aa15d3-8112-449f-8268-375995f738db.jpg&#038;fit=contain&#038;w=846&#038;h=633&#038;s=706653254d90fb803e3f07d8efc49adb 846w, https:\/\/www.abf.se\/fyrbodal\/resized\/?url=https%3A%2F%2Fwww.abf.se%2Fwp-content%2Fuploads%2Fsites%2F18%2F2025%2F10%2F18aa15d3-8112-449f-8268-375995f738db.jpg&#038;fit=contain&#038;w=942&#038;h=705&#038;s=67bf7f1e9bf3c1ae5595c68136ea1a0d 942w, https:\/\/www.abf.se\/fyrbodal\/resized\/?url=https%3A%2F%2Fwww.abf.se%2Fwp-content%2Fuploads%2Fsites%2F18%2F2025%2F10%2F18aa15d3-8112-449f-8268-375995f738db.jpg&#038;fit=contain&#038;w=1038&#038;h=777&#038;s=7a26b8af9d5aaf465e026005e1e7d91d 1038w, https:\/\/www.abf.se\/fyrbodal\/resized\/?url=https%3A%2F%2Fwww.abf.se%2Fwp-content%2Fuploads%2Fsites%2F18%2F2025%2F10%2F18aa15d3-8112-449f-8268-375995f738db.jpg&#038;fit=contain&#038;w=1134&#038;h=849&#038;s=22eb4821c0ace7ee44e3bc7164d22d01 1134w\" alt=\"\" height=\"433\" width=\"578\" sizes=\"auto, (max-width: 768px) calc(100vw - 40px), (min-width: 768px) and (max-width: 1156px) calc(50vw - 56px), calc((1156px \/ 2) - 16px)\" loading=\"lazy\" fetchpriority=\"low\" class=\"round-corners-lg w-full\" \/><\/picture>\n                            <figcaption class=\"my-2 body-md text-gray-text\">\n                    S\u00e5 f\u00e5r \u00e4ldre i Fyrbodal mer gemenskap och livskvalitet\r\nF\u00f6r m\u00e5nga \u00e4ldre kan vardagen p\u00e5 ett boende bli stillsam och ganska repetitiv. D\u00e4rf\u00f6r satsar ABF Fyrbodal p\u00e5 att skapa m\u00f6tesplatser d\u00e4r minnen, kreativitet och gemenskap f\u00e5r ta plats. Ett exempel \u00e4r Minnesvandringarna, en verksamhet som finns p\u00e5 \u00e4ldreboenden i bland annat Uddevalla, Alings\u00e5s, Herrljunga, V\u00e5rg\u00e5rda och Lilla Edet.\n                <\/figcaption>\n                        <\/figure>\n        <figure>\n        \n            <picture class=\"round-corners-lg w-full\"><img decoding=\"async\" src=\"https:\/\/www.abf.se\/fyrbodal\/resized\/?url=https%3A%2F%2Fwww.abf.se%2Fwp-content%2Fuploads%2Fsites%2F18%2F2025%2F10%2FIMG_20250923_105856778-scaled.jpg&#038;fit=contain&#038;w=578&#038;s=5b6b107304c0e892a21f1035c15694cb\" srcset=\"https:\/\/www.abf.se\/fyrbodal\/resized\/?url=https%3A%2F%2Fwww.abf.se%2Fwp-content%2Fuploads%2Fsites%2F18%2F2025%2F10%2FIMG_20250923_105856778-scaled.jpg&#038;fit=contain&#038;w=375&#038;h=280&#038;s=a27b576130891b1ede1476de8f8980c6 375w, https:\/\/www.abf.se\/fyrbodal\/resized\/?url=https%3A%2F%2Fwww.abf.se%2Fwp-content%2Fuploads%2Fsites%2F18%2F2025%2F10%2FIMG_20250923_105856778-scaled.jpg&#038;fit=contain&#038;w=423&#038;h=316&#038;s=91016c3e05f11e650a6b9638ad940391 423w, https:\/\/www.abf.se\/fyrbodal\/resized\/?url=https%3A%2F%2Fwww.abf.se%2Fwp-content%2Fuploads%2Fsites%2F18%2F2025%2F10%2FIMG_20250923_105856778-scaled.jpg&#038;fit=contain&#038;w=471&#038;h=352&#038;s=c6a7e249d254f5718656893b84f6a987 471w, https:\/\/www.abf.se\/fyrbodal\/resized\/?url=https%3A%2F%2Fwww.abf.se%2Fwp-content%2Fuploads%2Fsites%2F18%2F2025%2F10%2FIMG_20250923_105856778-scaled.jpg&#038;fit=contain&#038;w=519&#038;h=388&#038;s=1d345506e091b253946cf3904466b275 519w, https:\/\/www.abf.se\/fyrbodal\/resized\/?url=https%3A%2F%2Fwww.abf.se%2Fwp-content%2Fuploads%2Fsites%2F18%2F2025%2F10%2FIMG_20250923_105856778-scaled.jpg&#038;fit=contain&#038;w=567&#038;h=424&#038;s=c9109b2b213c07f2da48c7900abff598 567w, https:\/\/www.abf.se\/fyrbodal\/resized\/?url=https%3A%2F%2Fwww.abf.se%2Fwp-content%2Fuploads%2Fsites%2F18%2F2025%2F10%2FIMG_20250923_105856778-scaled.jpg&#038;fit=contain&#038;w=578&#038;s=5b6b107304c0e892a21f1035c15694cb 578w, https:\/\/www.abf.se\/fyrbodal\/resized\/?url=https%3A%2F%2Fwww.abf.se%2Fwp-content%2Fuploads%2Fsites%2F18%2F2025%2F10%2FIMG_20250923_105856778-scaled.jpg&#038;fit=contain&#038;w=750&#038;h=561&#038;s=8c0dd8a60e6da3aa90d908d348125476 750w, https:\/\/www.abf.se\/fyrbodal\/resized\/?url=https%3A%2F%2Fwww.abf.se%2Fwp-content%2Fuploads%2Fsites%2F18%2F2025%2F10%2FIMG_20250923_105856778-scaled.jpg&#038;fit=contain&#038;w=846&#038;h=633&#038;s=bed128e63247fd414edcbc1491449a22 846w, https:\/\/www.abf.se\/fyrbodal\/resized\/?url=https%3A%2F%2Fwww.abf.se%2Fwp-content%2Fuploads%2Fsites%2F18%2F2025%2F10%2FIMG_20250923_105856778-scaled.jpg&#038;fit=contain&#038;w=942&#038;h=705&#038;s=9c2895f033d10e18a3034a4c400b8f7d 942w, https:\/\/www.abf.se\/fyrbodal\/resized\/?url=https%3A%2F%2Fwww.abf.se%2Fwp-content%2Fuploads%2Fsites%2F18%2F2025%2F10%2FIMG_20250923_105856778-scaled.jpg&#038;fit=contain&#038;w=1038&#038;h=777&#038;s=60e228fa3871edc3b63000e2e2f933ed 1038w, https:\/\/www.abf.se\/fyrbodal\/resized\/?url=https%3A%2F%2Fwww.abf.se%2Fwp-content%2Fuploads%2Fsites%2F18%2F2025%2F10%2FIMG_20250923_105856778-scaled.jpg&#038;fit=contain&#038;w=1134&#038;h=849&#038;s=eda98f54055f73a55361258a7dc14baf 1134w\" alt=\"\" height=\"433\" width=\"578\" sizes=\"auto, (max-width: 768px) calc(100vw - 40px), (min-width: 768px) and (max-width: 1156px) calc(50vw - 56px), calc((1156px \/ 2) - 16px)\" loading=\"lazy\" fetchpriority=\"low\" class=\"round-corners-lg w-full\" \/><\/picture>\n                            <figcaption class=\"my-2 body-md text-gray-text\">\n                    N\u00e5gra av ABF:s Minnesvandringar leds av konstn\u00e4ren Krystel Thamrin, som varje vecka bes\u00f6ker fyra olika \u00e4ldreboenden. Med sig har hon penslar, akrylf\u00e4rger, bilder och ber\u00e4ttelser som f\u00f6rvandlas till b\u00e5de konst och samtal.\r\n\r\n\u2013 Det b\u00f6rjade lite av en slump. Jag h\u00f6ll redan en konstkurs genom ABF, och n\u00e4r id\u00e9n kom upp att g\u00f6ra n\u00e5got liknande f\u00f6r \u00e4ldreboenden k\u00e4ndes det direkt som helt r\u00e4tt v\u00e4g att g\u00e5, s\u00e4ger Krystel Thamrin.\n                <\/figcaption>\n                        <\/figure>\n        <\/div>\n\n<\/div>\n<div\n    class=\"acf-article-image-block mb-12 container\"\n    data-block=\"article-image-block\"\n>\n<div class=\"grid md:grid-cols-2 gap-4\">\n\n        <figure>\n        \n            <picture class=\"round-corners-lg w-full\"><img decoding=\"async\" src=\"https:\/\/www.abf.se\/fyrbodal\/resized\/?url=https%3A%2F%2Fwww.abf.se%2Fwp-content%2Fuploads%2Fsites%2F18%2F2025%2F10%2FIMG_4032.jpeg&#038;fit=contain&#038;w=578&#038;s=f85715766a954954f021ddc184437575\" srcset=\"https:\/\/www.abf.se\/fyrbodal\/resized\/?url=https%3A%2F%2Fwww.abf.se%2Fwp-content%2Fuploads%2Fsites%2F18%2F2025%2F10%2FIMG_4032.jpeg&#038;fit=contain&#038;w=375&#038;h=499&#038;s=1171b418d86e49510ba73d760049d909 375w, https:\/\/www.abf.se\/fyrbodal\/resized\/?url=https%3A%2F%2Fwww.abf.se%2Fwp-content%2Fuploads%2Fsites%2F18%2F2025%2F10%2FIMG_4032.jpeg&#038;fit=contain&#038;w=423&#038;h=563&#038;s=2412bc9dcddcc895f6f4ba83daff1f41 423w, https:\/\/www.abf.se\/fyrbodal\/resized\/?url=https%3A%2F%2Fwww.abf.se%2Fwp-content%2Fuploads%2Fsites%2F18%2F2025%2F10%2FIMG_4032.jpeg&#038;fit=contain&#038;w=471&#038;h=627&#038;s=06c2664de6a25601af0140acb0afba26 471w, https:\/\/www.abf.se\/fyrbodal\/resized\/?url=https%3A%2F%2Fwww.abf.se%2Fwp-content%2Fuploads%2Fsites%2F18%2F2025%2F10%2FIMG_4032.jpeg&#038;fit=contain&#038;w=519&#038;h=691&#038;s=da78bea34a4996ebb82ff476e1c3ff62 519w, https:\/\/www.abf.se\/fyrbodal\/resized\/?url=https%3A%2F%2Fwww.abf.se%2Fwp-content%2Fuploads%2Fsites%2F18%2F2025%2F10%2FIMG_4032.jpeg&#038;fit=contain&#038;w=567&#038;h=755&#038;s=0e12ea9e601664ef75e4bc1352caea3f 567w, https:\/\/www.abf.se\/fyrbodal\/resized\/?url=https%3A%2F%2Fwww.abf.se%2Fwp-content%2Fuploads%2Fsites%2F18%2F2025%2F10%2FIMG_4032.jpeg&#038;fit=contain&#038;w=578&#038;s=f85715766a954954f021ddc184437575 578w, https:\/\/www.abf.se\/fyrbodal\/resized\/?url=https%3A%2F%2Fwww.abf.se%2Fwp-content%2Fuploads%2Fsites%2F18%2F2025%2F10%2FIMG_4032.jpeg&#038;fit=contain&#038;w=750&#038;h=999&#038;s=7b97dadf84029a54c1eb19335e9e91d0 750w, https:\/\/www.abf.se\/fyrbodal\/resized\/?url=https%3A%2F%2Fwww.abf.se%2Fwp-content%2Fuploads%2Fsites%2F18%2F2025%2F10%2FIMG_4032.jpeg&#038;fit=contain&#038;w=846&#038;h=1127&#038;s=651360cf63542616e9ba10fb316fd76a 846w, https:\/\/www.abf.se\/fyrbodal\/resized\/?url=https%3A%2F%2Fwww.abf.se%2Fwp-content%2Fuploads%2Fsites%2F18%2F2025%2F10%2FIMG_4032.jpeg&#038;fit=contain&#038;w=942&#038;h=1254&#038;s=3689118da0a3a54ece5d49dfb73718a4 942w, https:\/\/www.abf.se\/fyrbodal\/resized\/?url=https%3A%2F%2Fwww.abf.se%2Fwp-content%2Fuploads%2Fsites%2F18%2F2025%2F10%2FIMG_4032.jpeg&#038;fit=contain&#038;w=1038&#038;h=1382&#038;s=91a9a72b7dfc9a22988069b601f64581 1038w, https:\/\/www.abf.se\/fyrbodal\/resized\/?url=https%3A%2F%2Fwww.abf.se%2Fwp-content%2Fuploads%2Fsites%2F18%2F2025%2F10%2FIMG_4032.jpeg&#038;fit=contain&#038;w=1134&#038;h=1510&#038;s=7239371177ab59cc8614823a401ff623 1134w\" alt=\"\" height=\"770\" width=\"578\" sizes=\"auto, (max-width: 768px) calc(100vw - 40px), (min-width: 768px) and (max-width: 1156px) calc(50vw - 56px), calc((1156px \/ 2) - 16px)\" loading=\"lazy\" fetchpriority=\"low\" class=\"round-corners-lg w-full\" \/><\/picture>\n                            <figcaption class=\"my-2 body-md text-gray-text\">\n                    F\u00e4rger som v\u00e4cker minnen\r\nN\u00e4r Krystel kliver in p\u00e5 \u00e4ldreboendena blir det snabbt mer \u00e4n bara m\u00e5leri. Stunderna inleds ofta med fika och sm\u00e5prat innan penslar och f\u00e4rger plockas fram. Krystel brukar ha med sig bilder som p\u00e5minner vad man har upplevt i livet, det kan vara hav, b\u00e5tar, svensk jul, blommor och djur.\r\n\r\n\u2013 Det \u00e4r motiv som de \u00e4ldre kan relatera till, s\u00e5dant som v\u00e4cker glada minnen fr\u00e5n f\u00f6rr. M\u00e5nga minns sina somrar vid havet eller jularna med familjen. Bilderna blir nycklar till ber\u00e4ttelser som annars kanske inte hade delats. Vi m\u00e5lar tillsammans och jag visar hur man blandar f\u00e4rger, ber\u00e4ttar hon.\n                <\/figcaption>\n                        <\/figure>\n        <figure>\n        \n            <picture class=\"round-corners-lg w-full\"><img decoding=\"async\" src=\"https:\/\/www.abf.se\/fyrbodal\/resized\/?url=https%3A%2F%2Fwww.abf.se%2Fwp-content%2Fuploads%2Fsites%2F18%2F2025%2F10%2FIMG_4037.jpeg&#038;fit=contain&#038;w=578&#038;s=7ab8ff8d344e70defe57e51a8932cfa5\" srcset=\"https:\/\/www.abf.se\/fyrbodal\/resized\/?url=https%3A%2F%2Fwww.abf.se%2Fwp-content%2Fuploads%2Fsites%2F18%2F2025%2F10%2FIMG_4037.jpeg&#038;fit=contain&#038;w=375&#038;h=499&#038;s=596a91e231fd560c0e676cc80e4c7e73 375w, https:\/\/www.abf.se\/fyrbodal\/resized\/?url=https%3A%2F%2Fwww.abf.se%2Fwp-content%2Fuploads%2Fsites%2F18%2F2025%2F10%2FIMG_4037.jpeg&#038;fit=contain&#038;w=423&#038;h=563&#038;s=cc217c109ce63e94efe438f9259b456a 423w, https:\/\/www.abf.se\/fyrbodal\/resized\/?url=https%3A%2F%2Fwww.abf.se%2Fwp-content%2Fuploads%2Fsites%2F18%2F2025%2F10%2FIMG_4037.jpeg&#038;fit=contain&#038;w=471&#038;h=627&#038;s=a891c99b0a925edc419cee8ee1f5aafc 471w, https:\/\/www.abf.se\/fyrbodal\/resized\/?url=https%3A%2F%2Fwww.abf.se%2Fwp-content%2Fuploads%2Fsites%2F18%2F2025%2F10%2FIMG_4037.jpeg&#038;fit=contain&#038;w=519&#038;h=691&#038;s=77297e5c92a45e741e3e6052213a17a8 519w, https:\/\/www.abf.se\/fyrbodal\/resized\/?url=https%3A%2F%2Fwww.abf.se%2Fwp-content%2Fuploads%2Fsites%2F18%2F2025%2F10%2FIMG_4037.jpeg&#038;fit=contain&#038;w=567&#038;h=755&#038;s=75cf5caef33c1ca888a9a16c08197407 567w, https:\/\/www.abf.se\/fyrbodal\/resized\/?url=https%3A%2F%2Fwww.abf.se%2Fwp-content%2Fuploads%2Fsites%2F18%2F2025%2F10%2FIMG_4037.jpeg&#038;fit=contain&#038;w=578&#038;s=7ab8ff8d344e70defe57e51a8932cfa5 578w, https:\/\/www.abf.se\/fyrbodal\/resized\/?url=https%3A%2F%2Fwww.abf.se%2Fwp-content%2Fuploads%2Fsites%2F18%2F2025%2F10%2FIMG_4037.jpeg&#038;fit=contain&#038;w=750&#038;h=999&#038;s=50178e5ff026bee330284e74693aea13 750w, https:\/\/www.abf.se\/fyrbodal\/resized\/?url=https%3A%2F%2Fwww.abf.se%2Fwp-content%2Fuploads%2Fsites%2F18%2F2025%2F10%2FIMG_4037.jpeg&#038;fit=contain&#038;w=846&#038;h=1127&#038;s=fa3eda6b0f2d2272c1bd996401b42cb5 846w, https:\/\/www.abf.se\/fyrbodal\/resized\/?url=https%3A%2F%2Fwww.abf.se%2Fwp-content%2Fuploads%2Fsites%2F18%2F2025%2F10%2FIMG_4037.jpeg&#038;fit=contain&#038;w=942&#038;h=1254&#038;s=b0a4906da9196d8651b3a91d203b1590 942w, https:\/\/www.abf.se\/fyrbodal\/resized\/?url=https%3A%2F%2Fwww.abf.se%2Fwp-content%2Fuploads%2Fsites%2F18%2F2025%2F10%2FIMG_4037.jpeg&#038;fit=contain&#038;w=1038&#038;h=1382&#038;s=a398fef56bcbc83095cfb5e1adeb2029 1038w, https:\/\/www.abf.se\/fyrbodal\/resized\/?url=https%3A%2F%2Fwww.abf.se%2Fwp-content%2Fuploads%2Fsites%2F18%2F2025%2F10%2FIMG_4037.jpeg&#038;fit=contain&#038;w=1134&#038;h=1510&#038;s=198edd0e0d2a83eb07bdd1fe011c4f26 1134w\" alt=\"\" height=\"770\" width=\"578\" sizes=\"auto, (max-width: 768px) calc(100vw - 40px), (min-width: 768px) and (max-width: 1156px) calc(50vw - 56px), calc((1156px \/ 2) - 16px)\" loading=\"lazy\" fetchpriority=\"low\" class=\"round-corners-lg w-full\" \/><\/picture>\n                            <figcaption class=\"my-2 body-md text-gray-text\">\n                    F\u00f6r vissa \u00e4ldre \u00e4r det f\u00f6rsta g\u00e5ngen de h\u00e5ller i en pensel. Andra har m\u00e5lat mycket tidigare i livet och hittar tillbaka till ett gammalt intresse.\r\n\r\n\u2013 Det fina \u00e4r att alla hittar sin niv\u00e5. Vissa vill vara noga och h\u00e5lla f\u00e4rgerna inom linjerna, andra vill bara leka fritt med penseldragen. Men oavsett blir det en timme av gl\u00e4dje, koncentration och gemenskap.\r\n\r\nMer \u00e4n bara m\u00e5leri\r\nABF:s Minnesvandringar \u00e4r ett koncept som finns p\u00e5 flera orter i Fyrbodal. P\u00e5 \u00e4ldreboenden i Uddevalla, Alings\u00e5s, Herrljunga, V\u00e5rg\u00e5rda och Lilla Edet m\u00f6ts de tillsammans kring f\u00e4rg, form och samtal. Oavsett om man sitter p\u00e5 ett boende i Uddevalla eller Herrljunga \u00e4r k\u00e4nslan densamma \u2013 en varm gemenskap som uppst\u00e5r n\u00e4r minnen v\u00e4cks till liv och generationer m\u00f6ts och erfarenheter delas.\r\n\r\nKrystel Thamrin betonar ocks\u00e5 att Minnesvandringarna handlar lika mycket om samtal som om konst, att generationer m\u00f6ts och erfarenheter delas.\r\n\r\n\u2013 De fr\u00e5gar ofta om min bakgrund, var jag kommer ifr\u00e5n, hur l\u00e4nge jag har bott i Sverige och vad jag tycker om livet h\u00e4r. Vi pratar om konst, men ocks\u00e5 om livet i stort. Det blir en naturlig konversation som skapar v\u00e4rme och n\u00e4rhet, ber\u00e4ttar Krystel.\r\n\r\n\u00c4ven de som inte l\u00e4ngre kan m\u00e5la deltar, genom att titta p\u00e5 bilderna, samtala eller bara vara en del av gemenskapen. M\u00e5nga beskriver tr\u00e4ffarna som veckans h\u00f6jdpunkt.\n                <\/figcaption>\n                        <\/figure>\n        <\/div>\n\n<\/div>\n<div\n    class=\"acf-section-breaker-text my-8 container-lg\"\n    data-block=\"section-breaker-text\"\n>\n    <div class=\"round-corners-lg overflow-hidden pt-36 pb-8 px-5 md:p-16 relative grid grid-cols-1 md:grid-cols-2 lg:grid-cols-5 grid-flow-col-dense bg-gray-light\">\n\n            <figure class=\"absolute bottom-0  w-1\/2 transform right-0 translate-x-16\">\n        <img decoding=\"async\"\n            src=\"\/assets\/images\/two_circles_bottom.svg\"\n            alt=\"\"\n            aria-hidden=\"true\"\n            role=\"presentation\"\n            class=\"w-full h-auto\">\n    <\/figure>\n            <div class=\"bg-white round-corners-sm px-10 py-11 col-span-1  relative z-10 col-span-3\">\n            <h2 class=\"heading-lg mb-4\">ABF g\u00f6r det m\u00f6jligt<\/h2>\n            <div style=\"font-size: 1.25rem; color: black;\" class=\"body-xl wysiwyg\"><h2><\/h2>\n<p>Tack vare ABF kan Minnesvandringar erbjudas utan h\u00f6ga kostnader f\u00f6r deltagarna. Material och arrangemang finansieras s\u00e5 att alla kan vara med.<\/p>\n<p>\u2013 ABF:s tanke om att kultur och kunskap ska vara tillg\u00e4ngligt f\u00f6r alla, oavsett pl\u00e5nbok, det h\u00e5ller jag verkligen med om. Man ser tydligt vilken skillnad det g\u00f6r f\u00f6r de \u00e4ldre, s\u00e4ger Krystel.<\/p>\n<p>Efter det positiva gensvar som tr\u00e4ffarna f\u00e5tt hoppas ABF kunna forts\u00e4tta utveckla konceptet och n\u00e5 \u00e4nnu fler \u00e4ldreboenden fram\u00f6ver.<\/p>\n<p>\u2013 En timme kan verka kort, men den kan g\u00f6ra en hel dag ljusare. Det \u00e4r just de sm\u00e5 sakerna som g\u00f6r stor skillnad, s\u00e4ger Krystel.<\/p>\n<\/div>\n                                            <a href='https:\/\/www.abf.se\/fyrbodal\/minnesvandringar\/' class=\"default-button mt-8\" target=\"\">Minnesvandringar<\/a>\n                    \n        <\/div>\n    <\/div>\n<\/div>\n<div\n    class=\"acf-quick-link-block bg-red py-12 md:py-20\"\n    data-block=\"quick-link-block\"\n>\n    <div class=\"container\">\n                    <h2 class=\"heading-lg mb-7 text-center text-white\">\n                F\u00f6r mer information kontakta samordnare i din stad!\n            <\/h2>\n        \n        <div\n            class=\"px-5 content:px-0 grid grid-cols-1 gap-8\">\n                    <\/div>\n    <\/div>\n<\/div>\n","protected":false},"excerpt":{"rendered":"","protected":false},"author":118,"featured_media":0,"parent":0,"menu_order":0,"comment_status":"closed","ping_status":"closed","template":"","meta":{"_acf_changed":false,"footnotes":""},"class_list":["post-826","page","type-page","status-publish","hentry"],"acf":[],"yoast_head":"<!-- This site is optimized with the Yoast SEO plugin v27.0 - https:\/\/yoast.com\/product\/yoast-seo-wordpress\/ -->\n<title>Minnesvandringar - FyrBoDal<\/title>\n<meta name=\"description\" content=\"Kulturverkstaden ger unga i Fyrbodal en meningsfull fritidF\u00f6r m\u00e5nga unga kan fritiden efter skolan k\u00e4nnas stillsam och ibland ensam. Alla har inte tillg\u00e5ng till fritidsg\u00e5rdar eller kreativa milj\u00f6er d\u00e4r man kan uttrycka sig och m\u00f6ta andra. F\u00f6r att f\u00f6r\u00e4ndra det satsar ABF Fyrbodal p\u00e5 Kulturverkstaden \u2013 en m\u00f6tesplats som snabbt blivit en viktig del av ungas vardag i flera kommuner.\" \/>\n<meta name=\"robots\" content=\"index, follow, max-snippet:-1, max-image-preview:large, max-video-preview:-1\" \/>\n<link rel=\"canonical\" href=\"https:\/\/www.abf.se\/fyrbodal\/minnesvandringar\/\" \/>\n<meta property=\"og:locale\" content=\"sv_SE\" \/>\n<meta property=\"og:type\" content=\"article\" \/>\n<meta property=\"og:title\" content=\"Minnesvandringar - FyrBoDal\" \/>\n<meta property=\"og:description\" content=\"Kulturverkstaden ger unga i Fyrbodal en meningsfull fritidF\u00f6r m\u00e5nga unga kan fritiden efter skolan k\u00e4nnas stillsam och ibland ensam. Alla har inte tillg\u00e5ng till fritidsg\u00e5rdar eller kreativa milj\u00f6er d\u00e4r man kan uttrycka sig och m\u00f6ta andra. F\u00f6r att f\u00f6r\u00e4ndra det satsar ABF Fyrbodal p\u00e5 Kulturverkstaden \u2013 en m\u00f6tesplats som snabbt blivit en viktig del av ungas vardag i flera kommuner.\" \/>\n<meta property=\"og:url\" content=\"https:\/\/www.abf.se\/fyrbodal\/minnesvandringar\/\" \/>\n<meta property=\"og:site_name\" content=\"FyrBoDal\" \/>\n<meta property=\"article:modified_time\" content=\"2025-10-30T13:22:01+00:00\" \/>\n<meta property=\"og:image\" content=\"https:\/\/www.abf.se\/wp-content\/uploads\/sites\/18\/2024\/04\/Nyckeln-liggande-scaled.jpg\" \/>\n\t<meta property=\"og:image:width\" content=\"2560\" \/>\n\t<meta property=\"og:image:height\" content=\"1440\" \/>\n\t<meta property=\"og:image:type\" content=\"image\/jpeg\" \/>\n<meta name=\"twitter:card\" content=\"summary_large_image\" \/>\n<script type=\"application\/ld+json\" class=\"yoast-schema-graph\">{\"@context\":\"https:\/\/schema.org\",\"@graph\":[{\"@type\":\"WebPage\",\"@id\":\"https:\/\/www.abf.se\/fyrbodal\/minnesvandringar\/\",\"url\":\"https:\/\/www.abf.se\/fyrbodal\/minnesvandringar\/\",\"name\":\"Minnesvandringar - FyrBoDal\",\"isPartOf\":{\"@id\":\"https:\/\/www.abf.se\/fyrbodal\/#website\"},\"datePublished\":\"2025-10-17T08:46:36+00:00\",\"dateModified\":\"2025-10-30T13:22:01+00:00\",\"description\":\"Kulturverkstaden ger unga i Fyrbodal en meningsfull fritidF\u00f6r m\u00e5nga unga kan fritiden efter skolan k\u00e4nnas stillsam och ibland ensam. Alla har inte tillg\u00e5ng till fritidsg\u00e5rdar eller kreativa milj\u00f6er d\u00e4r man kan uttrycka sig och m\u00f6ta andra. F\u00f6r att f\u00f6r\u00e4ndra det satsar ABF Fyrbodal p\u00e5 Kulturverkstaden \u2013 en m\u00f6tesplats som snabbt blivit en viktig del av ungas vardag i flera kommuner.\",\"breadcrumb\":{\"@id\":\"https:\/\/www.abf.se\/fyrbodal\/minnesvandringar\/#breadcrumb\"},\"inLanguage\":\"sv-SE\",\"potentialAction\":[{\"@type\":\"ReadAction\",\"target\":[\"https:\/\/www.abf.se\/fyrbodal\/minnesvandringar\/\"]}]},{\"@type\":\"BreadcrumbList\",\"@id\":\"https:\/\/www.abf.se\/fyrbodal\/minnesvandringar\/#breadcrumb\",\"itemListElement\":[{\"@type\":\"ListItem\",\"position\":1,\"name\":\"Home\",\"item\":\"https:\/\/www.abf.se\/fyrbodal\/\"},{\"@type\":\"ListItem\",\"position\":2,\"name\":\"Minnesvandringar\"}]},{\"@type\":\"WebSite\",\"@id\":\"https:\/\/www.abf.se\/fyrbodal\/#website\",\"url\":\"https:\/\/www.abf.se\/fyrbodal\/\",\"name\":\"FyrBoDal\",\"description\":\"\",\"potentialAction\":[{\"@type\":\"SearchAction\",\"target\":{\"@type\":\"EntryPoint\",\"urlTemplate\":\"https:\/\/www.abf.se\/fyrbodal\/?s={search_term_string}\"},\"query-input\":{\"@type\":\"PropertyValueSpecification\",\"valueRequired\":true,\"valueName\":\"search_term_string\"}}],\"inLanguage\":\"sv-SE\"}]}<\/script>\n<!-- \/ Yoast SEO plugin. -->","yoast_head_json":{"title":"Minnesvandringar - FyrBoDal","description":"Kulturverkstaden ger unga i Fyrbodal en meningsfull fritidF\u00f6r m\u00e5nga unga kan fritiden efter skolan k\u00e4nnas stillsam och ibland ensam. Alla har inte tillg\u00e5ng till fritidsg\u00e5rdar eller kreativa milj\u00f6er d\u00e4r man kan uttrycka sig och m\u00f6ta andra. F\u00f6r att f\u00f6r\u00e4ndra det satsar ABF Fyrbodal p\u00e5 Kulturverkstaden \u2013 en m\u00f6tesplats som snabbt blivit en viktig del av ungas vardag i flera kommuner.","robots":{"index":"index","follow":"follow","max-snippet":"max-snippet:-1","max-image-preview":"max-image-preview:large","max-video-preview":"max-video-preview:-1"},"canonical":"https:\/\/www.abf.se\/fyrbodal\/minnesvandringar\/","og_locale":"sv_SE","og_type":"article","og_title":"Minnesvandringar - FyrBoDal","og_description":"Kulturverkstaden ger unga i Fyrbodal en meningsfull fritidF\u00f6r m\u00e5nga unga kan fritiden efter skolan k\u00e4nnas stillsam och ibland ensam. Alla har inte tillg\u00e5ng till fritidsg\u00e5rdar eller kreativa milj\u00f6er d\u00e4r man kan uttrycka sig och m\u00f6ta andra. F\u00f6r att f\u00f6r\u00e4ndra det satsar ABF Fyrbodal p\u00e5 Kulturverkstaden \u2013 en m\u00f6tesplats som snabbt blivit en viktig del av ungas vardag i flera kommuner.","og_url":"https:\/\/www.abf.se\/fyrbodal\/minnesvandringar\/","og_site_name":"FyrBoDal","article_modified_time":"2025-10-30T13:22:01+00:00","og_image":[{"width":2560,"height":1440,"url":"https:\/\/www.abf.se\/wp-content\/uploads\/sites\/18\/2024\/04\/Nyckeln-liggande-scaled.jpg","type":"image\/jpeg"}],"twitter_card":"summary_large_image","schema":{"@context":"https:\/\/schema.org","@graph":[{"@type":"WebPage","@id":"https:\/\/www.abf.se\/fyrbodal\/minnesvandringar\/","url":"https:\/\/www.abf.se\/fyrbodal\/minnesvandringar\/","name":"Minnesvandringar - FyrBoDal","isPartOf":{"@id":"https:\/\/www.abf.se\/fyrbodal\/#website"},"datePublished":"2025-10-17T08:46:36+00:00","dateModified":"2025-10-30T13:22:01+00:00","description":"Kulturverkstaden ger unga i Fyrbodal en meningsfull fritidF\u00f6r m\u00e5nga unga kan fritiden efter skolan k\u00e4nnas stillsam och ibland ensam. Alla har inte tillg\u00e5ng till fritidsg\u00e5rdar eller kreativa milj\u00f6er d\u00e4r man kan uttrycka sig och m\u00f6ta andra. F\u00f6r att f\u00f6r\u00e4ndra det satsar ABF Fyrbodal p\u00e5 Kulturverkstaden \u2013 en m\u00f6tesplats som snabbt blivit en viktig del av ungas vardag i flera kommuner.","breadcrumb":{"@id":"https:\/\/www.abf.se\/fyrbodal\/minnesvandringar\/#breadcrumb"},"inLanguage":"sv-SE","potentialAction":[{"@type":"ReadAction","target":["https:\/\/www.abf.se\/fyrbodal\/minnesvandringar\/"]}]},{"@type":"BreadcrumbList","@id":"https:\/\/www.abf.se\/fyrbodal\/minnesvandringar\/#breadcrumb","itemListElement":[{"@type":"ListItem","position":1,"name":"Home","item":"https:\/\/www.abf.se\/fyrbodal\/"},{"@type":"ListItem","position":2,"name":"Minnesvandringar"}]},{"@type":"WebSite","@id":"https:\/\/www.abf.se\/fyrbodal\/#website","url":"https:\/\/www.abf.se\/fyrbodal\/","name":"FyrBoDal","description":"","potentialAction":[{"@type":"SearchAction","target":{"@type":"EntryPoint","urlTemplate":"https:\/\/www.abf.se\/fyrbodal\/?s={search_term_string}"},"query-input":{"@type":"PropertyValueSpecification","valueRequired":true,"valueName":"search_term_string"}}],"inLanguage":"sv-SE"}]}},"_links":{"self":[{"href":"https:\/\/www.abf.se\/fyrbodal\/wp-json\/wp\/v2\/pages\/826","targetHints":{"allow":["GET"]}}],"collection":[{"href":"https:\/\/www.abf.se\/fyrbodal\/wp-json\/wp\/v2\/pages"}],"about":[{"href":"https:\/\/www.abf.se\/fyrbodal\/wp-json\/wp\/v2\/types\/page"}],"author":[{"embeddable":true,"href":"https:\/\/www.abf.se\/fyrbodal\/wp-json\/wp\/v2\/users\/118"}],"replies":[{"embeddable":true,"href":"https:\/\/www.abf.se\/fyrbodal\/wp-json\/wp\/v2\/comments?post=826"}],"version-history":[{"count":10,"href":"https:\/\/www.abf.se\/fyrbodal\/wp-json\/wp\/v2\/pages\/826\/revisions"}],"predecessor-version":[{"id":856,"href":"https:\/\/www.abf.se\/fyrbodal\/wp-json\/wp\/v2\/pages\/826\/revisions\/856"}],"wp:attachment":[{"href":"https:\/\/www.abf.se\/fyrbodal\/wp-json\/wp\/v2\/media?parent=826"}],"curies":[{"name":"wp","href":"https:\/\/api.w.org\/{rel}","templated":true}]}}