{"id":1596,"date":"2025-05-26T12:10:00","date_gmt":"2025-05-26T10:10:00","guid":{"rendered":"https:\/\/www.abf.se\/gastrikebygden\/?page_id=1596"},"modified":"2025-05-26T12:10:00","modified_gmt":"2025-05-26T10:10:00","slug":"rapportera-narvaro-i-e-tjansten","status":"publish","type":"page","link":"https:\/\/www.abf.se\/gastrikland\/rapportera-narvaro-i-e-tjansten\/","title":{"rendered":"Rapportera n\u00e4rvaro i e-tj\u00e4nsten"},"content":{"rendered":"<div\n    class=\"acf-hero-block container-lg no-padding mb-12 js-geolocation\"\n    data-block=\"hero-block\"\n    data-index=\"0\"\n>\n    <div class=\"h-[548px]  relative rounded-[32px] overflow-hidden flex bg-gray-light\">\n        <div class=\"relative z-10 mt-auto h-auto w-full md:h-full\">\n            <div class=\"flex w-full h-full flex-col flex-wrap justify-end w-full md:w-7\/12 lg:w-1\/2 md:justify-center\">\n                <div class=\"flex flex-col gap-3 md:gap-[18px] md:transparent pt-16 pb-36 md:py-8 px-4 w-full md:max-w-[620px] mx-auto px-8\">\n\n                    <h1 class=\"hero-heading hero-heading--red-text\"><span>Rapportera n\u00e4rvaro i e-tj\u00e4nsten<\/span><\/h1>\n\n                    \n                                    <\/div>\n            <\/div>\n        <\/div>\n\n        \n\n                    <figure class=\"absolute bottom-0  md:w-1\/2 transform right-0 translate-x-10 md:translate-x-32\">\n                <img decoding=\"async\"\n                    alt=\"\"\n                    aria-hidden=\"true\"\n                    class=\"h-auto w-full\"\n                    role=\"presentation\"\n                    src=\"\/assets\/images\/two_circles_bottom.svg\"\n                >\n            <\/figure>\n            <\/div>\n\n    <\/div>\n\n<div\n    class=\"acf-plain-heading-block container my-16\"\n    data-block=\"plain-heading-block\"\n>\n    <div class=\"max-w-[658px] mx-auto\">\n                <h1 class=\"hero-heading\"><span>Rapportera n\u00e4rvaro<\/span><\/h1>\n                            <p class=\"mt-8 body-xl text-black\">\n                Det \u00e4r viktigt att du rapporterar! N\u00e4r du leder en studiecirkel eller en kurs hos ABF ska du rapportera n\u00e4rvaro f\u00f6r dig och dina cirkeldeltagare.\n            <\/p>\n            <\/div>\n<\/div>\n\n\n<div\n    class=\"acf-article-cta-link-block article-container my-8\"\n    data-block=\"article-cta-link-block\"\n>\n<div>\n    <a class=\"inline-flex flex-row items-center gap-4 text-link underline text-red-dark\"\n        href=\"https:\/\/arretjanst.abf.se\/\"\n                target=\"_blank\"\n            >\n        <span class=\"\">\n        Rapportera h\u00e4r!\n        <\/span>\n        <figure aria-hidden=\"true\" class=\"rounded-full bg-red-dark w-8 h-8 p-1 text-white\">\n            <svg width=\"20\" height=\"20\" viewBox=\"0 0 20 20\" fill=\"none\" class=\"SvgIconElement\">\n<path d=\"M4.16659 10L15.8333 10\" stroke=\"currentColor\"\/>\n<path d=\"M9.99992 4.1665L15.8333 9.99984L9.99992 15.8332\" stroke=\"currentColor\"\/>\n<\/svg>\n        <\/figure>\n    <\/a>\n<\/div>\n<\/div>\n\n\n<div\n    class=\"acf-article-cta-link-block article-container my-8\"\n    data-block=\"article-cta-link-block\"\n>\n<div>\n    <a class=\"inline-flex flex-row items-center gap-4 text-link underline text-red-dark\"\n        href=\"https:\/\/www.abf.se\/wp-content\/uploads\/2024\/03\/abfs-e-tjanst-kort-lathund.pdf\"\n                target=\"_blank\"\n            >\n        <span class=\"\">\n        Manual f\u00f6r rapportering (PDF)\n        <\/span>\n        <figure aria-hidden=\"true\" class=\"rounded-full bg-red-dark w-8 h-8 p-1 text-white\">\n            <svg width=\"20\" height=\"20\" viewBox=\"0 0 20 20\" fill=\"none\" class=\"SvgIconElement\">\n<path d=\"M4.16659 10L15.8333 10\" stroke=\"currentColor\"\/>\n<path d=\"M9.99992 4.1665L15.8333 9.99984L9.99992 15.8332\" stroke=\"currentColor\"\/>\n<\/svg>\n        <\/figure>\n    <\/a>\n<\/div>\n<\/div>\n\n\n<div\n    class=\"acf-article-text-block article-container my-12\"\n    data-block=\"article-text-block\"\n>\n    <div class=\"wysiwyg\">\n        <p><iframe loading=\"lazy\" title=\"Jacke Sj\u00f6din anv\u00e4nder e tjansten\" width=\"500\" height=\"281\" src=\"https:\/\/www.youtube.com\/embed\/S0aUnSA3k50?feature=oembed\" frameborder=\"0\" allow=\"accelerometer; autoplay; clipboard-write; encrypted-media; gyroscope; picture-in-picture; web-share\" referrerpolicy=\"strict-origin-when-cross-origin\" allowfullscreen><\/iframe><\/p>\n\n    <\/div>\n<\/div>\n\n\n<div\n    class=\"acf-article-text-block article-container my-12\"\n    data-block=\"article-text-block\"\n>\n    <div class=\"wysiwyg\">\n        <h2>Rapportera n\u00e4rvaro till ABF<\/h2>\n<p>Du f\u00e5r en <a href=\"https:\/\/arretjanst.abf.se\/\" target=\"_blank\" rel=\"noopener\">digital n\u00e4rvarolista<\/a>, s\u00e5 kallad e-lista av ABF. Du har den enkelt med dig i din mobiltelefon, dator eller surfplatta.<\/p>\n<h3>S\u00e5 h\u00e4r g\u00f6r du:<\/h3>\n<ul>\n<li>Du g\u00e5r in p\u00e5 din <a href=\"https:\/\/arretjanst.abf.se\/\" target=\"_blank\" rel=\"noopener\">digitala n\u00e4rvarolista<\/a>.<\/li>\n<li>P\u00e5 den digitala n\u00e4rvarolistan markerar du deltagarnas n\u00e4rvaro efter varje tr\u00e4ff. Efter avslutad cirkel ska listan signeras.<\/li>\n<li>F\u00f6rsta g\u00e5ngen du \u00f6ppnar ett arrangemang f\u00e5r du upp ett f\u00f6nster med villkor som ska godk\u00e4nnas.<\/li>\n<li>F\u00e5r du l\u00f6n fr\u00e5n ABF f\u00f6r att du leder cirkeln f\u00e5r du ocks\u00e5 upp dina anst\u00e4llningsvillkor<\/li>\n<li>Om du beh\u00f6ver en <a href=\"https:\/\/www.abf.se\/wp-content\/uploads\/2024\/03\/abfs-e-tjanst-kort-lathund.pdf\" target=\"_blank\" rel=\"noopener\">manual finns den tillg\u00e4nglig h\u00e4r!<\/a> (PDF)<\/li>\n<\/ul>\n\n    <\/div>\n<\/div>\n<ul\n    class=\"acf-article-accordion-block accordion-group grid gap-4 my-12 article-container\"\n    data-block=\"article-accordion-block \"\n    data-ui-accordion-group\n>\n\n            <li class=\"accordion\" data-ui-accordion data-ui-accordion-open=\"false\">\n        <h3>\n        <button data-ui-accordion-button class=\"accordion-toggle font-bold\" aria-expanded=\"false\" aria-controls=\"row-kontaktforfragorgallandeetjanst,abfgastrikland-0\" id=\"kontaktforfragorgallandeetjanst,abfgastrikland-0\">\n            Kontakt f\u00f6r fr\u00e5gor g\u00e4llande E-tj\u00e4nst, ABF G\u00e4strikland\n            \n            <figure class=\"w-4.5 h-4.5\" aria-hidden=\"true\">\n            <svg width=\"20\" height=\"20\" viewBox=\"0 0 20 20\" fill=\"none\"\nclass=\"SvgIconElement\">\n<path d=\"M15.8333 7.16667L9.99992 13L4.16659 7.16667\" stroke=\"currentColor\"\/>\n<\/svg>\n            <\/figure>\n        <\/button>\n        \n                <\/h3>\n        <div class=\"accordion-content\">\n            <div id=\"row-kontaktforfragorgallandeetjanst,abfgastrikland-0\" role=\"region\" class=\"accordion-content-wrap\" aria-labelledby=\"kontaktforfragorgallandeetjanst,abfgastrikland-0\">\n                                            <div class=\"wysiwyg\">\n                    <p><a href=\"https:\/\/www.abf.se\/gastrikebygden\/kontakt\/\">Kontakta oss<\/a><\/p>\n\n                <\/div>\n                                        <\/div>\n        <\/div>\n    <\/li>\n    <\/ul>\n","protected":false},"excerpt":{"rendered":"","protected":false},"author":123,"featured_media":0,"parent":0,"menu_order":0,"comment_status":"closed","ping_status":"closed","template":"","meta":{"_acf_changed":false,"footnotes":""},"class_list":["post-1596","page","type-page","status-publish","hentry"],"acf":[],"yoast_head":"<!-- This site is optimized with the Yoast SEO plugin v27.0 - https:\/\/yoast.com\/product\/yoast-seo-wordpress\/ -->\n<title>Rapportera n\u00e4rvaro i e-tj\u00e4nsten - G\u00e4strikland<\/title>\n<meta name=\"robots\" content=\"index, follow, max-snippet:-1, max-image-preview:large, max-video-preview:-1\" \/>\n<link rel=\"canonical\" href=\"https:\/\/www.abf.se\/gastrikland\/rapportera-narvaro-i-e-tjansten\/\" \/>\n<meta property=\"og:locale\" content=\"sv_SE\" \/>\n<meta property=\"og:type\" content=\"article\" \/>\n<meta property=\"og:title\" content=\"Rapportera n\u00e4rvaro i e-tj\u00e4nsten - G\u00e4strikland\" \/>\n<meta property=\"og:url\" content=\"https:\/\/www.abf.se\/gastrikland\/rapportera-narvaro-i-e-tjansten\/\" \/>\n<meta property=\"og:site_name\" content=\"G\u00e4strikland\" \/>\n<meta property=\"og:image\" content=\"https:\/\/www.abf.se\/wp-content\/uploads\/sites\/20\/2024\/04\/Nyckeln-liggande-scaled.jpg\" \/>\n\t<meta property=\"og:image:width\" content=\"2560\" \/>\n\t<meta property=\"og:image:height\" content=\"1440\" \/>\n\t<meta property=\"og:image:type\" content=\"image\/jpeg\" \/>\n<meta name=\"twitter:card\" content=\"summary_large_image\" \/>\n<script type=\"application\/ld+json\" class=\"yoast-schema-graph\">{\"@context\":\"https:\/\/schema.org\",\"@graph\":[{\"@type\":\"WebPage\",\"@id\":\"https:\/\/www.abf.se\/gastrikland\/rapportera-narvaro-i-e-tjansten\/\",\"url\":\"https:\/\/www.abf.se\/gastrikland\/rapportera-narvaro-i-e-tjansten\/\",\"name\":\"Rapportera n\u00e4rvaro i e-tj\u00e4nsten - G\u00e4strikland\",\"isPartOf\":{\"@id\":\"https:\/\/www.abf.se\/gastrikland\/#website\"},\"datePublished\":\"2025-05-26T10:10:00+00:00\",\"breadcrumb\":{\"@id\":\"https:\/\/www.abf.se\/gastrikland\/rapportera-narvaro-i-e-tjansten\/#breadcrumb\"},\"inLanguage\":\"sv-SE\",\"potentialAction\":[{\"@type\":\"ReadAction\",\"target\":[\"https:\/\/www.abf.se\/gastrikland\/rapportera-narvaro-i-e-tjansten\/\"]}]},{\"@type\":\"BreadcrumbList\",\"@id\":\"https:\/\/www.abf.se\/gastrikland\/rapportera-narvaro-i-e-tjansten\/#breadcrumb\",\"itemListElement\":[{\"@type\":\"ListItem\",\"position\":1,\"name\":\"Home\",\"item\":\"https:\/\/www.abf.se\/gastrikland\/\"},{\"@type\":\"ListItem\",\"position\":2,\"name\":\"Rapportera n\u00e4rvaro i e-tj\u00e4nsten\"}]},{\"@type\":\"WebSite\",\"@id\":\"https:\/\/www.abf.se\/gastrikland\/#website\",\"url\":\"https:\/\/www.abf.se\/gastrikland\/\",\"name\":\"G\u00e4strikland\",\"description\":\"\",\"potentialAction\":[{\"@type\":\"SearchAction\",\"target\":{\"@type\":\"EntryPoint\",\"urlTemplate\":\"https:\/\/www.abf.se\/gastrikland\/?s={search_term_string}\"},\"query-input\":{\"@type\":\"PropertyValueSpecification\",\"valueRequired\":true,\"valueName\":\"search_term_string\"}}],\"inLanguage\":\"sv-SE\"}]}<\/script>\n<!-- \/ Yoast SEO plugin. -->","yoast_head_json":{"title":"Rapportera n\u00e4rvaro i e-tj\u00e4nsten - G\u00e4strikland","robots":{"index":"index","follow":"follow","max-snippet":"max-snippet:-1","max-image-preview":"max-image-preview:large","max-video-preview":"max-video-preview:-1"},"canonical":"https:\/\/www.abf.se\/gastrikland\/rapportera-narvaro-i-e-tjansten\/","og_locale":"sv_SE","og_type":"article","og_title":"Rapportera n\u00e4rvaro i e-tj\u00e4nsten - G\u00e4strikland","og_url":"https:\/\/www.abf.se\/gastrikland\/rapportera-narvaro-i-e-tjansten\/","og_site_name":"G\u00e4strikland","og_image":[{"width":2560,"height":1440,"url":"https:\/\/www.abf.se\/wp-content\/uploads\/sites\/20\/2024\/04\/Nyckeln-liggande-scaled.jpg","type":"image\/jpeg"}],"twitter_card":"summary_large_image","schema":{"@context":"https:\/\/schema.org","@graph":[{"@type":"WebPage","@id":"https:\/\/www.abf.se\/gastrikland\/rapportera-narvaro-i-e-tjansten\/","url":"https:\/\/www.abf.se\/gastrikland\/rapportera-narvaro-i-e-tjansten\/","name":"Rapportera n\u00e4rvaro i e-tj\u00e4nsten - G\u00e4strikland","isPartOf":{"@id":"https:\/\/www.abf.se\/gastrikland\/#website"},"datePublished":"2025-05-26T10:10:00+00:00","breadcrumb":{"@id":"https:\/\/www.abf.se\/gastrikland\/rapportera-narvaro-i-e-tjansten\/#breadcrumb"},"inLanguage":"sv-SE","potentialAction":[{"@type":"ReadAction","target":["https:\/\/www.abf.se\/gastrikland\/rapportera-narvaro-i-e-tjansten\/"]}]},{"@type":"BreadcrumbList","@id":"https:\/\/www.abf.se\/gastrikland\/rapportera-narvaro-i-e-tjansten\/#breadcrumb","itemListElement":[{"@type":"ListItem","position":1,"name":"Home","item":"https:\/\/www.abf.se\/gastrikland\/"},{"@type":"ListItem","position":2,"name":"Rapportera n\u00e4rvaro i e-tj\u00e4nsten"}]},{"@type":"WebSite","@id":"https:\/\/www.abf.se\/gastrikland\/#website","url":"https:\/\/www.abf.se\/gastrikland\/","name":"G\u00e4strikland","description":"","potentialAction":[{"@type":"SearchAction","target":{"@type":"EntryPoint","urlTemplate":"https:\/\/www.abf.se\/gastrikland\/?s={search_term_string}"},"query-input":{"@type":"PropertyValueSpecification","valueRequired":true,"valueName":"search_term_string"}}],"inLanguage":"sv-SE"}]}},"_links":{"self":[{"href":"https:\/\/www.abf.se\/gastrikland\/wp-json\/wp\/v2\/pages\/1596","targetHints":{"allow":["GET"]}}],"collection":[{"href":"https:\/\/www.abf.se\/gastrikland\/wp-json\/wp\/v2\/pages"}],"about":[{"href":"https:\/\/www.abf.se\/gastrikland\/wp-json\/wp\/v2\/types\/page"}],"author":[{"embeddable":true,"href":"https:\/\/www.abf.se\/gastrikland\/wp-json\/wp\/v2\/users\/123"}],"replies":[{"embeddable":true,"href":"https:\/\/www.abf.se\/gastrikland\/wp-json\/wp\/v2\/comments?post=1596"}],"version-history":[{"count":5,"href":"https:\/\/www.abf.se\/gastrikland\/wp-json\/wp\/v2\/pages\/1596\/revisions"}],"predecessor-version":[{"id":1605,"href":"https:\/\/www.abf.se\/gastrikland\/wp-json\/wp\/v2\/pages\/1596\/revisions\/1605"}],"wp:attachment":[{"href":"https:\/\/www.abf.se\/gastrikland\/wp-json\/wp\/v2\/media?parent=1596"}],"curies":[{"name":"wp","href":"https:\/\/api.w.org\/{rel}","templated":true}]}}