{"id":1615,"date":"2025-05-26T12:23:11","date_gmt":"2025-05-26T10:23:11","guid":{"rendered":"https:\/\/www.abf.se\/gastrikebygden\/?page_id=1615"},"modified":"2025-05-26T14:44:05","modified_gmt":"2025-05-26T12:44:05","slug":"for-dig-som-vill-bli-cirkelledare","status":"publish","type":"page","link":"https:\/\/www.abf.se\/gastrikland\/cirkelledare\/for-dig-som-vill-bli-cirkelledare\/","title":{"rendered":"Bli cirkelledare"},"content":{"rendered":"<div\n    class=\"acf-hero-block container-lg no-padding mb-12 js-geolocation\"\n    data-block=\"hero-block\"\n    data-index=\"0\"\n>\n    <div class=\"h-[548px]  relative rounded-[32px] overflow-hidden flex bg-gray-light\">\n        <div class=\"relative z-10 mt-auto h-auto w-full md:h-full\">\n            <div class=\"flex w-full h-full flex-col flex-wrap justify-end w-full md:w-7\/12 lg:w-1\/2 md:justify-center\">\n                <div class=\"flex flex-col gap-3 md:gap-[18px] md:transparent pt-16 pb-36 md:py-8 px-4 w-full md:max-w-[620px] mx-auto px-8\">\n\n                    <h1 class=\"hero-heading hero-heading--red-text\"><span>Bli cirkelledare<\/span><\/h1>\n\n                                            <p class=\"mt-4 max-w-[48ch] text-red\">\n                            Vill du bli cirkelledare? Eller funderar lite p\u00e5 det? Fyll i intresseformul\u00e4ret s\u00e5 h\u00f6r din avdelning av sig och ber\u00e4ttar mer.\n                        <\/p>\n                    \n                                    <\/div>\n            <\/div>\n        <\/div>\n\n        \n\n                    <figure class=\"absolute bottom-0  md:w-1\/2 transform right-0 translate-x-10 md:translate-x-32\">\n                <img decoding=\"async\"\n                    alt=\"\"\n                    aria-hidden=\"true\"\n                    class=\"h-auto w-full\"\n                    role=\"presentation\"\n                    src=\"\/assets\/images\/two_circles_bottom.svg\"\n                >\n            <\/figure>\n            <\/div>\n\n    <\/div>\n\n<div\n    class=\"acf-text-image-block container my-12 md:my-15\"\n    data-block=\"text-image-block\"\n>\n    <div\n    class=\"flex flex-col items-center md:flex-row gap-8 md:gap-0 justify-center\">\n        \n        <div class=\"w-full md:w-1\/2 md:order-1\">\n        <div class=\"mx-auto md:max-w-[368px]\">\n            <h2 class=\"heading-lg\">Intresseanm\u00e4lan f\u00f6r att bli cirkelledare<\/h2>\n            <div class=\"mb-6 mt-4 wysiwyg\">\n                <p>F\u00f6r dig som \u00e4r intresserad av att bli cirkelledare hos oss i ABF G\u00e4strikland.<br \/>\nV\u00e4nligen fyll i detta formul\u00e4r s\u00e5 kontaktar vi dig.<br \/>\nDu \u00e4r ocks\u00e5 sj\u00e4lvklart v\u00e4lkommen att kontakta eller bes\u00f6ka oss p\u00e5 avdelningen om du har fr\u00e5gor.<\/p>\n\n            <\/div>\n                                            <a href='https:\/\/www.abf.se\/gastrikebygden\/bli-cirkelledare\/' class=\"default-button\" target=\"\">Bli cirkelledare hos oss<\/a>\n                    <\/div>\n        <\/div>\n    <\/div>\n<\/div><div\n    class=\"acf-quick-link-block bg-red py-12 md:py-20\"\n    data-block=\"quick-link-block\"\n>\n    <div class=\"container\">\n                    <h2 class=\"heading-lg mb-7 text-center text-white\">\n                F\u00f6r dig som vill bli cirkelledare hos oss\n            <\/h2>\n        \n        <div\n            class=\"px-5 content:px-0 grid grid-cols-1 gap-8\">\n            \n            <article\nclass=\"round-corners-sm p-6 relative group grid grid-rows-[subgrid] row-[span_3] gap-4 bg-white text-red\"\n>\n            <h3\n        class=\"heading-sm group-hover:underline text-red\">\n            <a href=\"https:\/\/www.abf.se\/wp-content\/uploads\/sites\/25\/2024\/04\/en-kort-introduktion-till-cirkelledaren-2018-09-1.pdf\" class=\"expanded-hit-area\" target=\"_blank\">\n                Introduktion f\u00f6r cirkelledare\n            <\/a>\n        <\/h3>\n                <p class=\"body-md text-gray-text\">\n            F\u00f6r att du som ny cirkelledare ska f\u00e5 en uppfattning vad en studiecirkel \u00e4r och hur man jobbar i den har vi tagit fram en liten skrift som inneh\u00e5ller b\u00e5de handfasta tips och s\u00e4tt att t\u00e4nka kring ledarskap och inkludering.\r\n\r\nSkriften \u201cEn kort introduktion till cirkelledaren\u201d riktar sig fr\u00e4mst till dig som \u00e4r ny i rollen som cirkelledare men kan med f\u00f6rdel anv\u00e4ndas av alla som vill f\u00e5 inspiration.\n        <\/p>\n        <figure\n    class=\"w-[38px] h-[38px] rounded-full p-2 group-hover:scale-110 transition-transform duration-300 self-end pointer-events-none bg-red text-white\">\n        <svg width=\"20\" height=\"20\" viewBox=\"0 0 20 20\" fill=\"none\" class=\"SvgIconElement\">\n<path d=\"M4.16659 10L15.8333 10\" stroke=\"currentColor\"\/>\n<path d=\"M9.99992 4.1665L15.8333 9.99984L9.99992 15.8332\" stroke=\"currentColor\"\/>\n<\/svg>\n    <\/figure>\n<\/article>                    <\/div>\n    <\/div>\n<\/div>\n","protected":false},"excerpt":{"rendered":"","protected":false},"author":123,"featured_media":0,"parent":626,"menu_order":0,"comment_status":"closed","ping_status":"closed","template":"","meta":{"_acf_changed":false,"footnotes":""},"class_list":["post-1615","page","type-page","status-publish","hentry"],"acf":[],"yoast_head":"<!-- This site is optimized with the Yoast SEO plugin v27.0 - https:\/\/yoast.com\/product\/yoast-seo-wordpress\/ -->\n<title>Bli cirkelledare - G\u00e4strikland<\/title>\n<meta name=\"robots\" content=\"index, follow, max-snippet:-1, max-image-preview:large, max-video-preview:-1\" \/>\n<link rel=\"canonical\" href=\"https:\/\/www.abf.se\/gastrikland\/cirkelledare\/for-dig-som-vill-bli-cirkelledare\/\" \/>\n<meta property=\"og:locale\" content=\"sv_SE\" \/>\n<meta property=\"og:type\" content=\"article\" \/>\n<meta property=\"og:title\" content=\"Bli cirkelledare - G\u00e4strikland\" \/>\n<meta property=\"og:url\" content=\"https:\/\/www.abf.se\/gastrikland\/cirkelledare\/for-dig-som-vill-bli-cirkelledare\/\" \/>\n<meta property=\"og:site_name\" content=\"G\u00e4strikland\" \/>\n<meta property=\"article:modified_time\" content=\"2025-05-26T12:44:05+00:00\" \/>\n<meta property=\"og:image\" content=\"https:\/\/www.abf.se\/wp-content\/uploads\/sites\/20\/2024\/04\/Nyckeln-liggande-scaled.jpg\" \/>\n\t<meta property=\"og:image:width\" content=\"2560\" \/>\n\t<meta property=\"og:image:height\" content=\"1440\" \/>\n\t<meta property=\"og:image:type\" content=\"image\/jpeg\" \/>\n<meta name=\"twitter:card\" content=\"summary_large_image\" \/>\n<script type=\"application\/ld+json\" class=\"yoast-schema-graph\">{\"@context\":\"https:\/\/schema.org\",\"@graph\":[{\"@type\":\"WebPage\",\"@id\":\"https:\/\/www.abf.se\/gastrikland\/cirkelledare\/for-dig-som-vill-bli-cirkelledare\/\",\"url\":\"https:\/\/www.abf.se\/gastrikland\/cirkelledare\/for-dig-som-vill-bli-cirkelledare\/\",\"name\":\"Bli cirkelledare - G\u00e4strikland\",\"isPartOf\":{\"@id\":\"https:\/\/www.abf.se\/gastrikland\/#website\"},\"datePublished\":\"2025-05-26T10:23:11+00:00\",\"dateModified\":\"2025-05-26T12:44:05+00:00\",\"breadcrumb\":{\"@id\":\"https:\/\/www.abf.se\/gastrikland\/cirkelledare\/for-dig-som-vill-bli-cirkelledare\/#breadcrumb\"},\"inLanguage\":\"sv-SE\",\"potentialAction\":[{\"@type\":\"ReadAction\",\"target\":[\"https:\/\/www.abf.se\/gastrikland\/cirkelledare\/for-dig-som-vill-bli-cirkelledare\/\"]}]},{\"@type\":\"BreadcrumbList\",\"@id\":\"https:\/\/www.abf.se\/gastrikland\/cirkelledare\/for-dig-som-vill-bli-cirkelledare\/#breadcrumb\",\"itemListElement\":[{\"@type\":\"ListItem\",\"position\":1,\"name\":\"Home\",\"item\":\"https:\/\/www.abf.se\/gastrikland\/\"},{\"@type\":\"ListItem\",\"position\":2,\"name\":\"Cirkelledare\",\"item\":\"https:\/\/www.abf.se\/gastrikland\/cirkelledare\/\"},{\"@type\":\"ListItem\",\"position\":3,\"name\":\"Bli cirkelledare\"}]},{\"@type\":\"WebSite\",\"@id\":\"https:\/\/www.abf.se\/gastrikland\/#website\",\"url\":\"https:\/\/www.abf.se\/gastrikland\/\",\"name\":\"G\u00e4strikland\",\"description\":\"\",\"potentialAction\":[{\"@type\":\"SearchAction\",\"target\":{\"@type\":\"EntryPoint\",\"urlTemplate\":\"https:\/\/www.abf.se\/gastrikland\/?s={search_term_string}\"},\"query-input\":{\"@type\":\"PropertyValueSpecification\",\"valueRequired\":true,\"valueName\":\"search_term_string\"}}],\"inLanguage\":\"sv-SE\"}]}<\/script>\n<!-- \/ Yoast SEO plugin. -->","yoast_head_json":{"title":"Bli cirkelledare - G\u00e4strikland","robots":{"index":"index","follow":"follow","max-snippet":"max-snippet:-1","max-image-preview":"max-image-preview:large","max-video-preview":"max-video-preview:-1"},"canonical":"https:\/\/www.abf.se\/gastrikland\/cirkelledare\/for-dig-som-vill-bli-cirkelledare\/","og_locale":"sv_SE","og_type":"article","og_title":"Bli cirkelledare - G\u00e4strikland","og_url":"https:\/\/www.abf.se\/gastrikland\/cirkelledare\/for-dig-som-vill-bli-cirkelledare\/","og_site_name":"G\u00e4strikland","article_modified_time":"2025-05-26T12:44:05+00:00","og_image":[{"width":2560,"height":1440,"url":"https:\/\/www.abf.se\/wp-content\/uploads\/sites\/20\/2024\/04\/Nyckeln-liggande-scaled.jpg","type":"image\/jpeg"}],"twitter_card":"summary_large_image","schema":{"@context":"https:\/\/schema.org","@graph":[{"@type":"WebPage","@id":"https:\/\/www.abf.se\/gastrikland\/cirkelledare\/for-dig-som-vill-bli-cirkelledare\/","url":"https:\/\/www.abf.se\/gastrikland\/cirkelledare\/for-dig-som-vill-bli-cirkelledare\/","name":"Bli cirkelledare - G\u00e4strikland","isPartOf":{"@id":"https:\/\/www.abf.se\/gastrikland\/#website"},"datePublished":"2025-05-26T10:23:11+00:00","dateModified":"2025-05-26T12:44:05+00:00","breadcrumb":{"@id":"https:\/\/www.abf.se\/gastrikland\/cirkelledare\/for-dig-som-vill-bli-cirkelledare\/#breadcrumb"},"inLanguage":"sv-SE","potentialAction":[{"@type":"ReadAction","target":["https:\/\/www.abf.se\/gastrikland\/cirkelledare\/for-dig-som-vill-bli-cirkelledare\/"]}]},{"@type":"BreadcrumbList","@id":"https:\/\/www.abf.se\/gastrikland\/cirkelledare\/for-dig-som-vill-bli-cirkelledare\/#breadcrumb","itemListElement":[{"@type":"ListItem","position":1,"name":"Home","item":"https:\/\/www.abf.se\/gastrikland\/"},{"@type":"ListItem","position":2,"name":"Cirkelledare","item":"https:\/\/www.abf.se\/gastrikland\/cirkelledare\/"},{"@type":"ListItem","position":3,"name":"Bli cirkelledare"}]},{"@type":"WebSite","@id":"https:\/\/www.abf.se\/gastrikland\/#website","url":"https:\/\/www.abf.se\/gastrikland\/","name":"G\u00e4strikland","description":"","potentialAction":[{"@type":"SearchAction","target":{"@type":"EntryPoint","urlTemplate":"https:\/\/www.abf.se\/gastrikland\/?s={search_term_string}"},"query-input":{"@type":"PropertyValueSpecification","valueRequired":true,"valueName":"search_term_string"}}],"inLanguage":"sv-SE"}]}},"_links":{"self":[{"href":"https:\/\/www.abf.se\/gastrikland\/wp-json\/wp\/v2\/pages\/1615","targetHints":{"allow":["GET"]}}],"collection":[{"href":"https:\/\/www.abf.se\/gastrikland\/wp-json\/wp\/v2\/pages"}],"about":[{"href":"https:\/\/www.abf.se\/gastrikland\/wp-json\/wp\/v2\/types\/page"}],"author":[{"embeddable":true,"href":"https:\/\/www.abf.se\/gastrikland\/wp-json\/wp\/v2\/users\/123"}],"replies":[{"embeddable":true,"href":"https:\/\/www.abf.se\/gastrikland\/wp-json\/wp\/v2\/comments?post=1615"}],"version-history":[{"count":5,"href":"https:\/\/www.abf.se\/gastrikland\/wp-json\/wp\/v2\/pages\/1615\/revisions"}],"predecessor-version":[{"id":1631,"href":"https:\/\/www.abf.se\/gastrikland\/wp-json\/wp\/v2\/pages\/1615\/revisions\/1631"}],"up":[{"embeddable":true,"href":"https:\/\/www.abf.se\/gastrikland\/wp-json\/wp\/v2\/pages\/626"}],"wp:attachment":[{"href":"https:\/\/www.abf.se\/gastrikland\/wp-json\/wp\/v2\/media?parent=1615"}],"curies":[{"name":"wp","href":"https:\/\/api.w.org\/{rel}","templated":true}]}}