{"id":1651,"date":"2025-05-26T14:33:35","date_gmt":"2025-05-26T12:33:35","guid":{"rendered":"https:\/\/www.abf.se\/gastrikebygden\/?page_id=1651"},"modified":"2025-05-26T14:46:21","modified_gmt":"2025-05-26T12:46:21","slug":"abf-gastriklands-medlemsorganisationer","status":"publish","type":"page","link":"https:\/\/www.abf.se\/gastrikland\/samarbeta-med-abf-gastrikland\/abf-gastriklands-medlemsorganisationer\/","title":{"rendered":"ABF G\u00e4striklands medlemsorganisationer"},"content":{"rendered":"<div\n    class=\"acf-hero-block container-lg no-padding mb-12 js-geolocation\"\n    data-block=\"hero-block\"\n    data-index=\"0\"\n>\n    <div class=\"h-[548px]  relative rounded-[32px] overflow-hidden flex bg-gray-light\">\n        <div class=\"relative z-10 mt-auto h-auto w-full md:h-full\">\n            <div class=\"flex w-full h-full flex-col flex-wrap justify-end w-full md:w-7\/12 lg:w-1\/2 md:justify-center\">\n                <div class=\"flex flex-col gap-3 md:gap-[18px] md:transparent pt-16 pb-36 md:py-8 px-4 w-full md:max-w-[620px] mx-auto px-8\">\n\n                    <h1 class=\"hero-heading hero-heading--red-text\"><span>ABF G\u00e4striklands medlemsorganisationer<\/span><\/h1>\n\n                                            <p class=\"mt-4 max-w-[48ch] text-red\">\n                            Dessa medlemsorganisationer \u00e4r anslutna till ABF G\u00e4strikland.<br \/>\r\nVi har \u00e4ven flertalet samverkansorganisationer.\n                        <\/p>\n                    \n                                    <\/div>\n            <\/div>\n        <\/div>\n\n        \n\n                    <figure class=\"absolute bottom-0  md:w-1\/2 transform right-0 translate-x-10 md:translate-x-32\">\n                <img decoding=\"async\"\n                    alt=\"\"\n                    aria-hidden=\"true\"\n                    class=\"h-auto w-full\"\n                    role=\"presentation\"\n                    src=\"\/assets\/images\/two_circles_bottom.svg\"\n                >\n            <\/figure>\n            <\/div>\n\n    <\/div>\n\n<div\n    class=\"acf-article-text-block article-container my-12\"\n    data-block=\"article-text-block\"\n>\n    <div class=\"wysiwyg\">\n        <p><strong>A<\/strong><br \/>\nAstma &amp; Allergif\u00f6reningen i Sandviken<\/p>\n<p><strong>B<\/strong><br \/>\nBl\u00e5klockan<br \/>\nByggnads G\u00e4vleDala<\/p>\n<p><strong>C<\/strong><br \/>\nCancerf\u00f6reningen G\u00e4vleborg<\/p>\n<p><strong>D<\/strong><br \/>\nDHR G\u00e4vleavdelningen<br \/>\nDHR Hofors Tors\u00e5ker<br \/>\nDiabetesf\u00f6reningen i G\u00e4vle<br \/>\nDiabetesf\u00f6reningen i Sandviken<\/p>\n<p><strong>E<\/strong><br \/>\nEpilepsif\u00f6reningen i G\u00e4vleborgs l\u00e4n<\/p>\n<p><strong>F<\/strong><br \/>\nFastighetsanst\u00e4lldas F\u00f6rbund<br \/>\nFinska Klubben i G\u00e4vle<br \/>\nFinska Klubbens Pension\u00e4rssektion<\/p>\n<p><strong>G<\/strong><br \/>\nGS Avd 13 G\u00e4vleborg<\/p>\n<p><strong>H<\/strong><br \/>\nHandels avd 26<br \/>\nHj\u00e4rt- och Lungsjukas f\u00f6rening G\u00e4vle<br \/>\nHj\u00e4rt- och Lungsjukas lokalf\u00f6rening Sandviken<br \/>\nHofors Finska f\u00f6rening\/Hoforsin Suomi-Seura<br \/>\nHofors Folkets Hus F\u00f6rening<br \/>\nHofors Konstintresse<br \/>\nHofors Musikteater<br \/>\nHofors Hembygdsf\u00f6rening<br \/>\nHofors Nya V\u00e4vstuga<br \/>\nHotell och Restaurang Avd. 27 Mitt<br \/>\nHRF Ockelbo<br \/>\nHRF Sandviken<br \/>\nHSB G\u00e4vle<br \/>\nHSB Sandviken<br \/>\nHSO G\u00e4vle<br \/>\nHSO G\u00e4vleborg<br \/>\nHSO Sandviken<br \/>\nHyresg\u00e4stf\u00f6reningen Hofors<\/p>\n<p><strong>I<\/strong><br \/>\nIF Metall G\u00e4vleborg<br \/>\nIF Metall V\u00e4stra G\u00e4strikland<br \/>\nIFFI, Internationella f\u00f6reningen f\u00f6r invandrarkvinnor, G\u00e4vle<br \/>\nIFFI, Internationella f\u00f6reningen f\u00f6r invandrarkvinnor, Hofors<\/p>\n<p><strong>K<\/strong><br \/>\nKommunal Mitt<br \/>\nKommunal Mitt Region G\u00e4vleborg<br \/>\nKommunal Mitt sektion G\u00e4vle<br \/>\nKommunal Mitt sektion Ockelbo<br \/>\nKommunal Mitt sektion Sandviken<\/p>\n<p><strong>L<\/strong><br \/>\nLinspolen<br \/>\nLivsmedelsarbetarf\u00f6rbundet<br \/>\nLO Distriktet i Dalarna och G\u00e4vleborg<br \/>\nLO-facken i G\u00e4vle<br \/>\nLO-facken i Ockelbo<br \/>\nLO-facken i Sandviken<\/p>\n<p><strong>M<\/strong><br \/>\nMag och tarmf\u00f6rening i G\u00e4vleborg<\/p>\n<p><strong>N<\/strong><br \/>\nNHR &#8211; Neurof\u00f6rbundet G\u00e4strikland<br \/>\nNHR G\u00e4vleborg<br \/>\nNjurf\u00f6reningen G\u00e4vle-Dala<\/p>\n<p><strong>P<\/strong><br \/>\nPRO 1:an<br \/>\nPRO Bomhus<br \/>\nPRO Forsbacka<br \/>\nPRO G\u00e4vleborg<br \/>\nPRO Hamr\u00e5nge<br \/>\nPRO Hedesunda<br \/>\nPRO Hille<br \/>\nPRO Hofors<br \/>\nPRO J\u00e4dra\u00e5s<br \/>\nPRO J\u00e4rbo<br \/>\nPRO Kungsg\u00e5rden<br \/>\nPRO Lingbo<br \/>\nPRO Norrsundet<br \/>\nPRO Ockelbo<br \/>\nPRO Samorganisation G\u00e4vle<br \/>\nPRO Samorganisation Ockelbo<br \/>\nPRO Sandviken<br \/>\nPRO Storviksbygden<br \/>\nPRO Str\u00f6msbro-Stigslund<br \/>\nPRO S\u00e4tra<br \/>\nPRO S\u00f6der<br \/>\nPRO Tors\u00e5ker<br \/>\nPRO Valbo<br \/>\nPRO \u00c5motsbruk<br \/>\nPRO \u00c5rsunda<br \/>\nPRO \u00c5shammar<br \/>\nPRO \u00d6sterf\u00e4rnebo<br \/>\nPsoriasisf\u00f6rbundet lokalavdelning G\u00e4vleborg G\u00e4strikland<\/p>\n<p><strong>R<\/strong><br \/>\nReumatikerf\u00f6reningen G\u00e4vle<br \/>\nReumatikerf\u00f6reningen i Sandviken<br \/>\nRiksf\u00f6rbundet Hj\u00e4rtLung Hofors-Tors\u00e5ker<br \/>\nRSMH G\u00e4vle<br \/>\nRSMH G\u00e4vleborg<br \/>\nRSMH Sandviken<\/p>\n<p><strong>S<\/strong><br \/>\nSandvikens Finska F\u00f6rening<br \/>\nSandvikens FN-f\u00f6rening<br \/>\nSAP &#8211; G\u00e4vle Arbetarekommun<br \/>\nSAP &#8211; IF Metalls S-fackklubb<br \/>\nSAP &#8211; Kommunal S-Fackklubb &#8211; G\u00e4vle<br \/>\nSAP &#8211; Kommunal S-Fackklubb, Sandviken<br \/>\nSAP &#8211; Kultur(s)ossen<br \/>\nSAP &#8211; Ockelbo Arbetarekommun<br \/>\nSAP &#8211; S &#8211; kvinnor i G\u00e4vle<br \/>\nSAP &#8211; S &#8211; kvinnor Sandviken<br \/>\nSAP &#8211; Sandvikens Arbetarekommun<br \/>\nSAP &#8211; Seniorerna Sandviken<br \/>\nSAP \u2013 Hofors-Tors\u00e5ker<br \/>\nSAP &#8211; Socialdemokraterna G\u00e4vleborg<br \/>\nSAP &#8211; Tro &amp; solidaritet<br \/>\nSAP &#8211; Tro o Solidaritet-G\u00e4vle<br \/>\nSeko G\u00e4vle\/Dala<br \/>\nSKPF &#8211; Kommunalpension\u00e4rerna G\u00e4vle, avd 18<br \/>\nSKPF &#8211; Kommunalpension\u00e4rerna G\u00e4vleborg<br \/>\nSKPF &#8211; Kommunalpension\u00e4rerna Sandviken\/avd 41<br \/>\nSRF &#8211; Synskadades f\u00f6rening i G\u00e4vle<br \/>\nSRF &#8211; V\u00e4stra G\u00e4strikland (Sandviken)<br \/>\nSSU &#8211; G\u00e4vle<br \/>\nSSU G\u00e4vleborg<br \/>\nSSU Sandviken<br \/>\nSSU-Hofors<br \/>\nSv Elektrikerf\u00f6rbundet G\u00e4vle Dala Verksamhetskrets 21<br \/>\nSv M\u00e5laref\u00f6rbundet avd 9 G\u00e4vle-Dala<br \/>\nSv Pappersindustriarb.f\u00f6rb.avd 3<br \/>\nSv Transportarbetaref\u00f6rb. avd 11<br \/>\nSomaliska Studiefr\u00e4mjandef\u00f6rening i G\u00e4vle<br \/>\nSomaliska Central f\u00f6rening i G\u00e4vle<br \/>\nStackbo Stadion<br \/>\nStickan Krismottagning f\u00f6r m\u00e4n<br \/>\nSandvikens Big Band<br \/>\nStenebergs Ungdoms ideella f\u00f6rening<br \/>\nSkaparbyn \u2013 Hedesunda<br \/>\nSociala arbetskooperativet Fixarna<\/p>\n<p><strong>T<\/strong><br \/>\nTullbomsg\u00e5rden<br \/>\n(Husr\u00e5det p\u00e5) Tickselbo Trygghetsboende 70+ S\u00e4tra, G\u00e4vle<br \/>\nThail\u00e4ndska f\u00f6reningen i G\u00e4vle<br \/>\n(F\u00f6reningen) Tenth Crew<br \/>\nTrygga G\u00e4vle<br \/>\n(Teaterf\u00f6reningen) Valhall, Sandviken<\/p>\n<p><strong>U<\/strong><br \/>\nUng V\u00e4nster<br \/>\nUnga \u00d6rnar Hofors<\/p>\n<p><strong>V<\/strong><br \/>\nV\u00e4nsterpartiet G\u00e4vle<br \/>\nV\u00e4nsterpartiet G\u00e4vleborg<br \/>\nV\u00e4nsterpartiet Hofors-Tors\u00e5ker<br \/>\nV\u00e4nsterpartiet Ockelbo<br \/>\nV\u00e4nsterpartiet Sandviken<br \/>\nV\u00e4stra G\u00e4striklands Frivilliga Samh\u00e4llsarbetare<br \/>\nV\u00e4stafrika f\u00f6reningen i G\u00e4vle<br \/>\nVerdandi G\u00e4vle<\/p>\n<p><strong>Z<\/strong><br \/>\nZaftorkester<\/p>\n<p><strong>\u00d6<\/strong><br \/>\n\u00d6sters f\u00f6rening<\/p>\n<p><strong>Siffror<\/strong><br \/>\n026Gaming<\/p>\n<p>&nbsp;<\/p>\n\n    <\/div>\n<\/div>\n","protected":false},"excerpt":{"rendered":"","protected":false},"author":123,"featured_media":0,"parent":1649,"menu_order":0,"comment_status":"closed","ping_status":"closed","template":"","meta":{"_acf_changed":false,"footnotes":""},"class_list":["post-1651","page","type-page","status-publish","hentry"],"acf":[],"yoast_head":"<!-- This site is optimized with the Yoast SEO plugin v27.0 - https:\/\/yoast.com\/product\/yoast-seo-wordpress\/ -->\n<title>ABF G\u00e4striklands medlemsorganisationer - G\u00e4strikland<\/title>\n<meta name=\"robots\" content=\"index, follow, max-snippet:-1, max-image-preview:large, max-video-preview:-1\" \/>\n<link rel=\"canonical\" href=\"https:\/\/www.abf.se\/gastrikland\/samarbeta-med-abf-gastrikland\/abf-gastriklands-medlemsorganisationer\/\" \/>\n<meta property=\"og:locale\" content=\"sv_SE\" \/>\n<meta property=\"og:type\" content=\"article\" \/>\n<meta property=\"og:title\" content=\"ABF G\u00e4striklands medlemsorganisationer - G\u00e4strikland\" \/>\n<meta property=\"og:url\" content=\"https:\/\/www.abf.se\/gastrikland\/samarbeta-med-abf-gastrikland\/abf-gastriklands-medlemsorganisationer\/\" \/>\n<meta property=\"og:site_name\" content=\"G\u00e4strikland\" \/>\n<meta property=\"article:modified_time\" content=\"2025-05-26T12:46:21+00:00\" \/>\n<meta property=\"og:image\" content=\"https:\/\/www.abf.se\/wp-content\/uploads\/sites\/20\/2024\/04\/Nyckeln-liggande-scaled.jpg\" \/>\n\t<meta property=\"og:image:width\" content=\"2560\" \/>\n\t<meta property=\"og:image:height\" content=\"1440\" \/>\n\t<meta property=\"og:image:type\" content=\"image\/jpeg\" \/>\n<meta name=\"twitter:card\" content=\"summary_large_image\" \/>\n<script type=\"application\/ld+json\" class=\"yoast-schema-graph\">{\"@context\":\"https:\/\/schema.org\",\"@graph\":[{\"@type\":\"WebPage\",\"@id\":\"https:\/\/www.abf.se\/gastrikland\/samarbeta-med-abf-gastrikland\/abf-gastriklands-medlemsorganisationer\/\",\"url\":\"https:\/\/www.abf.se\/gastrikland\/samarbeta-med-abf-gastrikland\/abf-gastriklands-medlemsorganisationer\/\",\"name\":\"ABF G\u00e4striklands medlemsorganisationer - G\u00e4strikland\",\"isPartOf\":{\"@id\":\"https:\/\/www.abf.se\/gastrikland\/#website\"},\"datePublished\":\"2025-05-26T12:33:35+00:00\",\"dateModified\":\"2025-05-26T12:46:21+00:00\",\"breadcrumb\":{\"@id\":\"https:\/\/www.abf.se\/gastrikland\/samarbeta-med-abf-gastrikland\/abf-gastriklands-medlemsorganisationer\/#breadcrumb\"},\"inLanguage\":\"sv-SE\",\"potentialAction\":[{\"@type\":\"ReadAction\",\"target\":[\"https:\/\/www.abf.se\/gastrikland\/samarbeta-med-abf-gastrikland\/abf-gastriklands-medlemsorganisationer\/\"]}]},{\"@type\":\"BreadcrumbList\",\"@id\":\"https:\/\/www.abf.se\/gastrikland\/samarbeta-med-abf-gastrikland\/abf-gastriklands-medlemsorganisationer\/#breadcrumb\",\"itemListElement\":[{\"@type\":\"ListItem\",\"position\":1,\"name\":\"Home\",\"item\":\"https:\/\/www.abf.se\/gastrikland\/\"},{\"@type\":\"ListItem\",\"position\":2,\"name\":\"Samarbeta med ABF G\u00e4strikland\",\"item\":\"https:\/\/www.abf.se\/gastrikland\/samarbeta-med-abf-gastrikland\/\"},{\"@type\":\"ListItem\",\"position\":3,\"name\":\"ABF G\u00e4striklands medlemsorganisationer\"}]},{\"@type\":\"WebSite\",\"@id\":\"https:\/\/www.abf.se\/gastrikland\/#website\",\"url\":\"https:\/\/www.abf.se\/gastrikland\/\",\"name\":\"G\u00e4strikland\",\"description\":\"\",\"potentialAction\":[{\"@type\":\"SearchAction\",\"target\":{\"@type\":\"EntryPoint\",\"urlTemplate\":\"https:\/\/www.abf.se\/gastrikland\/?s={search_term_string}\"},\"query-input\":{\"@type\":\"PropertyValueSpecification\",\"valueRequired\":true,\"valueName\":\"search_term_string\"}}],\"inLanguage\":\"sv-SE\"}]}<\/script>\n<!-- \/ Yoast SEO plugin. -->","yoast_head_json":{"title":"ABF G\u00e4striklands medlemsorganisationer - G\u00e4strikland","robots":{"index":"index","follow":"follow","max-snippet":"max-snippet:-1","max-image-preview":"max-image-preview:large","max-video-preview":"max-video-preview:-1"},"canonical":"https:\/\/www.abf.se\/gastrikland\/samarbeta-med-abf-gastrikland\/abf-gastriklands-medlemsorganisationer\/","og_locale":"sv_SE","og_type":"article","og_title":"ABF G\u00e4striklands medlemsorganisationer - G\u00e4strikland","og_url":"https:\/\/www.abf.se\/gastrikland\/samarbeta-med-abf-gastrikland\/abf-gastriklands-medlemsorganisationer\/","og_site_name":"G\u00e4strikland","article_modified_time":"2025-05-26T12:46:21+00:00","og_image":[{"width":2560,"height":1440,"url":"https:\/\/www.abf.se\/wp-content\/uploads\/sites\/20\/2024\/04\/Nyckeln-liggande-scaled.jpg","type":"image\/jpeg"}],"twitter_card":"summary_large_image","schema":{"@context":"https:\/\/schema.org","@graph":[{"@type":"WebPage","@id":"https:\/\/www.abf.se\/gastrikland\/samarbeta-med-abf-gastrikland\/abf-gastriklands-medlemsorganisationer\/","url":"https:\/\/www.abf.se\/gastrikland\/samarbeta-med-abf-gastrikland\/abf-gastriklands-medlemsorganisationer\/","name":"ABF G\u00e4striklands medlemsorganisationer - G\u00e4strikland","isPartOf":{"@id":"https:\/\/www.abf.se\/gastrikland\/#website"},"datePublished":"2025-05-26T12:33:35+00:00","dateModified":"2025-05-26T12:46:21+00:00","breadcrumb":{"@id":"https:\/\/www.abf.se\/gastrikland\/samarbeta-med-abf-gastrikland\/abf-gastriklands-medlemsorganisationer\/#breadcrumb"},"inLanguage":"sv-SE","potentialAction":[{"@type":"ReadAction","target":["https:\/\/www.abf.se\/gastrikland\/samarbeta-med-abf-gastrikland\/abf-gastriklands-medlemsorganisationer\/"]}]},{"@type":"BreadcrumbList","@id":"https:\/\/www.abf.se\/gastrikland\/samarbeta-med-abf-gastrikland\/abf-gastriklands-medlemsorganisationer\/#breadcrumb","itemListElement":[{"@type":"ListItem","position":1,"name":"Home","item":"https:\/\/www.abf.se\/gastrikland\/"},{"@type":"ListItem","position":2,"name":"Samarbeta med ABF G\u00e4strikland","item":"https:\/\/www.abf.se\/gastrikland\/samarbeta-med-abf-gastrikland\/"},{"@type":"ListItem","position":3,"name":"ABF G\u00e4striklands medlemsorganisationer"}]},{"@type":"WebSite","@id":"https:\/\/www.abf.se\/gastrikland\/#website","url":"https:\/\/www.abf.se\/gastrikland\/","name":"G\u00e4strikland","description":"","potentialAction":[{"@type":"SearchAction","target":{"@type":"EntryPoint","urlTemplate":"https:\/\/www.abf.se\/gastrikland\/?s={search_term_string}"},"query-input":{"@type":"PropertyValueSpecification","valueRequired":true,"valueName":"search_term_string"}}],"inLanguage":"sv-SE"}]}},"_links":{"self":[{"href":"https:\/\/www.abf.se\/gastrikland\/wp-json\/wp\/v2\/pages\/1651","targetHints":{"allow":["GET"]}}],"collection":[{"href":"https:\/\/www.abf.se\/gastrikland\/wp-json\/wp\/v2\/pages"}],"about":[{"href":"https:\/\/www.abf.se\/gastrikland\/wp-json\/wp\/v2\/types\/page"}],"author":[{"embeddable":true,"href":"https:\/\/www.abf.se\/gastrikland\/wp-json\/wp\/v2\/users\/123"}],"replies":[{"embeddable":true,"href":"https:\/\/www.abf.se\/gastrikland\/wp-json\/wp\/v2\/comments?post=1651"}],"version-history":[{"count":2,"href":"https:\/\/www.abf.se\/gastrikland\/wp-json\/wp\/v2\/pages\/1651\/revisions"}],"predecessor-version":[{"id":1653,"href":"https:\/\/www.abf.se\/gastrikland\/wp-json\/wp\/v2\/pages\/1651\/revisions\/1653"}],"up":[{"embeddable":true,"href":"https:\/\/www.abf.se\/gastrikland\/wp-json\/wp\/v2\/pages\/1649"}],"wp:attachment":[{"href":"https:\/\/www.abf.se\/gastrikland\/wp-json\/wp\/v2\/media?parent=1651"}],"curies":[{"name":"wp","href":"https:\/\/api.w.org\/{rel}","templated":true}]}}