{"id":1659,"date":"2025-05-26T14:40:05","date_gmt":"2025-05-26T12:40:05","guid":{"rendered":"https:\/\/www.abf.se\/gastrikebygden\/?page_id=1659"},"modified":"2025-05-26T14:46:03","modified_gmt":"2025-05-26T12:46:03","slug":"samarbeta-med-abf-centralt","status":"publish","type":"page","link":"https:\/\/www.abf.se\/gastrikland\/samarbeta-med-abf-gastrikland\/samarbeta-med-abf-centralt\/","title":{"rendered":"Samarbeta med ABF Centralt"},"content":{"rendered":"<div\n    class=\"acf-hero-block container-lg no-padding mb-12 js-geolocation\"\n    data-block=\"hero-block\"\n    data-index=\"0\"\n>\n    <div class=\"h-[548px]  relative rounded-[32px] overflow-hidden flex bg-gray-light\">\n        <div class=\"relative z-10 mt-auto h-auto w-full md:h-full\">\n            <div class=\"flex w-full h-full flex-col flex-wrap justify-end w-full md:w-7\/12 lg:w-1\/2 md:justify-center\">\n                <div class=\"flex flex-col gap-3 md:gap-[18px] md:transparent pt-16 pb-36 md:py-8 px-4 w-full md:max-w-[620px] mx-auto px-8\">\n\n                    <h1 class=\"hero-heading\"><span>Samarbeta med ABF<\/span><\/h1>\n\n                    \n                                    <\/div>\n            <\/div>\n        <\/div>\n\n        \n\n                    <figure class=\"absolute bottom-0  md:w-1\/2 transform right-0 translate-x-10 md:translate-x-32\">\n                <img decoding=\"async\"\n                    alt=\"\"\n                    aria-hidden=\"true\"\n                    class=\"h-auto w-full\"\n                    role=\"presentation\"\n                    src=\"\/assets\/images\/two_circles_bottom.svg\"\n                >\n            <\/figure>\n            <\/div>\n\n    <\/div>\n\n\n\n<div\n    class=\"acf-plain-heading-block container my-16\"\n    data-block=\"plain-heading-block\"\n>\n    <div class=\"max-w-[658px] mx-auto\">\n                            <p class=\"mt-8 body-xl text-black\">\n                Genom att samarbeta med ABF s\u00e5 erbjuds medlems- och samarbetsorganisationer skr\u00e4ddarsytt st\u00f6d, pedagogiska verktyg och organisatoriska resurser f\u00f6r att planera och genomf\u00f6ra studieaktiviteter runt om i landet. ABF samarbetar med medlems- och samarbetsorganisationer p\u00e5 lokal, regional och central niv\u00e5.\n            <\/p>\n            <\/div>\n<\/div>\n\n\n<div\n    class=\"acf-article-text-block article-container my-12\"\n    data-block=\"article-text-block\"\n>\n    <div class=\"wysiwyg\">\n        <h2>Samarbeta lokalt<\/h2>\n<p>\u00c4r ni en lokal eller regional organisation som vill samarbeta med ABF? Kontakta ditt lokala ABF p\u00e5 din ort eller region f\u00f6r att se hur ni kan samverka med ABF. H\u00e4r hittar du ditt lokala ABF:<\/p>\n\n    <\/div>\n<\/div>\n\n\n<div class=\"acf-office-selector-block grid my-12 article-container\"\ndata-block=\"office-selector-block\">\n        <div class=\"grid gap-[6px]\">\n        <p class=\"label-md mb-2\"><\/p>\n        <button\n    class=\"RegionSelectTrigger max-w-none\"\n    data-control-for=\"RegionSelectDrawer\"\n    aria-controls=\"RegionSelectDrawer\"\n>\n    <span class=\"RegionSelectTriggerLabel flex flex-row items-center gap-1\">\n                    V\u00e4lj ditt ABF\n            <\/span>\n    <figure class=\"RegionSelectTriggerIcon\" aria-hidden=\"true\">\n        <svg width=\"20\" height=\"20\" viewBox=\"0 0 20 20\" fill=\"none\"\nclass=\"SvgIconElement\">\n<path d=\"M15.8333 7.16667L9.99992 13L4.16659 7.16667\" stroke=\"currentColor\"\/>\n<\/svg>\n    <\/figure>\n<\/button>\n    <\/div>\n<\/div>\n\n<div\n    class=\"acf-article-text-block article-container my-12\"\n    data-block=\"article-text-block\"\n>\n    <div class=\"wysiwyg\">\n        <h2>Samarbeta centralt<\/h2>\n<p>ABF erbjuder ett paket till centralt anslutna medlems- och samarbetsorganisationer med fokus p\u00e5 st\u00f6d, utbildning och gemenskap. Genom ett skr\u00e4ddarsytt st\u00f6d, utbildningar och pedagogiska verktyg f\u00e5r ni m\u00f6jlighet att planera och genomf\u00f6ra studieaktiviteter runt om i landet. Utforska utbildningar och h\u00f6r av dig f\u00f6r att boka eller f\u00e5 mer information.<\/p>\n<p>Har du fr\u00e5gor kring ABFs samarbetsprogram eller vill du boka en utbildning? H\u00f6r av dig till din <a href=\"https:\/\/www.abf.se\/om-abf\/kontakt#kontaktfbx\">kontaktperson p\u00e5 ABF<\/a>.<\/p>\n<h3>St\u00f6d och bollplank<\/h3>\n<p>Starka folkr\u00f6relser byggs tillsammans. Inom ABF ryms en m\u00e4ngd organisationer med olika m\u00e5l och behov av st\u00f6d och samverkan. Hos ABF kan ni som centralt anslutna medlems- eller samarbetsorganisation f\u00e5 f\u00f6ljande st\u00f6d:<\/p>\n<ul>\n<li>Pedagogiskt och organisatoriskt st\u00f6d<\/li>\n<li>Utbildningsinsatser med kompetenta pedagoger<\/li>\n<li>Utveckling av verksamhet baserad p\u00e5 folkbildningens id\u00e9<\/li>\n<li>\u00d6verblick \u00f6ver organisationens studie- och kulturverksamhet<\/li>\n<li>Hj\u00e4lp att hitta samverkansm\u00f6jligheter med andra organisationer<\/li>\n<\/ul>\n\n    <\/div>\n<\/div>\n\n\n<div\n    class=\"acf-plain-heading-block container my-16\"\n    data-block=\"plain-heading-block\"\n>\n    <div class=\"max-w-[658px] mx-auto\">\n                <h2 class=\"hero-heading\"><span>Utbildning f\u00f6r nationella medlems- och samarbetsorganisationer<\/span><\/h2>\n                            <p class=\"mt-8 body-xl text-black\">\n                ABFs centralt anslutna medlems- och samarbetsorganisationer erbjuds bokningsbara utbildningar som riktar sig till f\u00f6rtroendevalda och anst\u00e4llda p\u00e5 nationell niv\u00e5. Utbildningarna kan anpassas efter organisationens f\u00f6ruts\u00e4ttningar och \u00f6nskem\u00e5l. F\u00f6ljande utbildningar finns tillg\u00e4ngliga och bokas vid f\u00f6rfr\u00e5gan:\n            <\/p>\n            <\/div>\n<\/div>\n\n\n<ul\n    class=\"acf-article-accordion-block accordion-group grid gap-4 my-12 article-container\"\n    data-block=\"article-accordion-block \"\n    data-ui-accordion-group\n>\n\n            <li class=\"accordion\" data-ui-accordion data-ui-accordion-open=\"false\">\n        <h3>\n        <button data-ui-accordion-button class=\"accordion-toggle font-bold\" aria-expanded=\"false\" aria-controls=\"row-cirkelledarutbildning(minst9studietimmar)-0\" id=\"cirkelledarutbildning(minst9studietimmar)-0\">\n            Cirkelledarutbildning (minst 9 studietimmar)\n            \n            <figure class=\"w-4.5 h-4.5\" aria-hidden=\"true\">\n            <svg width=\"20\" height=\"20\" viewBox=\"0 0 20 20\" fill=\"none\"\nclass=\"SvgIconElement\">\n<path d=\"M15.8333 7.16667L9.99992 13L4.16659 7.16667\" stroke=\"currentColor\"\/>\n<\/svg>\n            <\/figure>\n        <\/button>\n        \n                <\/h3>\n        <div class=\"accordion-content\">\n            <div id=\"row-cirkelledarutbildning(minst9studietimmar)-0\" role=\"region\" class=\"accordion-content-wrap\" aria-labelledby=\"cirkelledarutbildning(minst9studietimmar)-0\">\n                                            <div class=\"wysiwyg\">\n                    <p>Cirkelledarutbildningen riktar sig till de medlems- och samarbetsorganisationer som vill ta ett samlat grepp kring sina utbildningsinsatser och utbilda cirkelledare i hela landet. I detta sammanhang kan vi \u00e4ven bist\u00e5 med cirkelledarutbildning och vid behov komplettera den med organisationens egna \u00e4mnes\u00f6nskem\u00e5l.<\/p>\n\n                <\/div>\n                                        <\/div>\n        <\/div>\n    <\/li>\n            <li class=\"accordion\" data-ui-accordion data-ui-accordion-open=\"false\">\n        <h3>\n        <button data-ui-accordion-button class=\"accordion-toggle font-bold\" aria-expanded=\"false\" aria-controls=\"row-styrelseutbildning(12heldagar)-1\" id=\"styrelseutbildning(12heldagar)-1\">\n            Styrelseutbildning (1 \u2013 2 heldagar)\n            \n            <figure class=\"w-4.5 h-4.5\" aria-hidden=\"true\">\n            <svg width=\"20\" height=\"20\" viewBox=\"0 0 20 20\" fill=\"none\"\nclass=\"SvgIconElement\">\n<path d=\"M15.8333 7.16667L9.99992 13L4.16659 7.16667\" stroke=\"currentColor\"\/>\n<\/svg>\n            <\/figure>\n        <\/button>\n        \n                <\/h3>\n        <div class=\"accordion-content\">\n            <div id=\"row-styrelseutbildning(12heldagar)-1\" role=\"region\" class=\"accordion-content-wrap\" aria-labelledby=\"styrelseutbildning(12heldagar)-1\">\n                                            <div class=\"wysiwyg\">\n                    <p>Vi fokuserar p\u00e5 styrelsens nul\u00e4ge och vilka m\u00e5ls\u00e4ttningar som ligger i framtiden. Utifr\u00e5n det arbetar vi fram en struktur och plan f\u00f6r styrelsens arbete f\u00f6r att n\u00e5 sina m\u00e5l. Utbildningen kan kompletteras med mer grundl\u00e4ggande styrelseutbildning vid behov.<\/p>\n\n                <\/div>\n                                        <\/div>\n        <\/div>\n    <\/li>\n            <li class=\"accordion\" data-ui-accordion data-ui-accordion-open=\"false\">\n        <h3>\n        <button data-ui-accordion-button class=\"accordion-toggle font-bold\" aria-expanded=\"false\" aria-controls=\"row-samarbetamedabf(12timmar)-2\" id=\"samarbetamedabf(12timmar)-2\">\n            Samarbeta med ABF (1 \u2013 2 timmar)\n            \n            <figure class=\"w-4.5 h-4.5\" aria-hidden=\"true\">\n            <svg width=\"20\" height=\"20\" viewBox=\"0 0 20 20\" fill=\"none\"\nclass=\"SvgIconElement\">\n<path d=\"M15.8333 7.16667L9.99992 13L4.16659 7.16667\" stroke=\"currentColor\"\/>\n<\/svg>\n            <\/figure>\n        <\/button>\n        \n                <\/h3>\n        <div class=\"accordion-content\">\n            <div id=\"row-samarbetamedabf(12timmar)-2\" role=\"region\" class=\"accordion-content-wrap\" aria-labelledby=\"samarbetamedabf(12timmar)-2\">\n                                            <div class=\"wysiwyg\">\n                    <p>En introduktion till folkbildningens metod och id\u00e9 och hur studier kan st\u00e4rka organisationen och medlemmarna. Introduktionen kan ske s\u00e5v\u00e4l fysiskt som digitalt.<\/p>\n\n                <\/div>\n                                        <\/div>\n        <\/div>\n    <\/li>\n    <\/ul>\n\n\n<div\n    class=\"acf-article-text-block article-container my-12\"\n    data-block=\"article-text-block\"\n>\n    <div class=\"wysiwyg\">\n        <h2>Digitala workshops och n\u00e4tverkstr\u00e4ffar<\/h2>\n<p>Ut\u00f6ver bokningsbara utbildningar erbjuds digitala workshops och centrala n\u00e4tverkstr\u00e4ffar f\u00f6r centralt anslutna medlems- och samarbetsorganisationer.<\/p>\n<ul>\n<li>Digitala workshops ger inspiration och praktiska verktyg f\u00f6r att utveckla er organisation och m\u00f6jligg\u00f6r erfarenhetsutbyte med andra organisationer.<\/li>\n<li>N\u00e4tverkstr\u00e4ffar erbjuder en plattform f\u00f6r att knyta kontakter, dela erfarenheter och f\u00f6rdjupa er kunskap om teman kopplade till folkbildning och demokrati.<\/li>\n<\/ul>\n<p>Inbjudningar skickas n\u00e4r workshops och tr\u00e4ffar planeras. H\u00e5ll utkik efter kommande m\u00f6jligheter att delta, eller h\u00f6r av er till <a href=\"https:\/\/www.abf.se\/om-abf\/kontakt\/\">er kontaktperson p\u00e5 ABF<\/a> f\u00f6r mer information.<\/p>\n\n    <\/div>\n<\/div>\n\n\n<div\n    class=\"acf-text-image-block container bg-gray-light py-12 md:py-15\"\n    data-block=\"text-image-block\"\n>\n    <div\n    class=\"flex flex-col items-center md:flex-row gap-8 md:gap-0 justify-between\">\n                        <div class=\"w-full md:w-1\/2 md:order-1\">\n            <picture><img decoding=\"async\" src=\"https:\/\/www.abf.se\/resized\/wp-content\/uploads\/2023\/11\/Bokmassan_2020_2-foto-Anna-Schori_IMGP.jpg?fit=crop&#038;w=578&#038;s=e48c85b45c896f540fd6ca8df349c155\" srcset=\"https:\/\/www.abf.se\/resized\/wp-content\/uploads\/2023\/11\/Bokmassan_2020_2-foto-Anna-Schori_IMGP.jpg?fit=crop&#038;w=144&#038;h=126&#038;s=d0844cdabe0ee9f5b3de2ab974078a60 144w, https:\/\/www.abf.se\/resized\/wp-content\/uploads\/2023\/11\/Bokmassan_2020_2-foto-Anna-Schori_IMGP.jpg?fit=crop&#038;w=240&#038;h=211&#038;s=36a9df0ea8a5eb6ccd15123987c67e54 240w, https:\/\/www.abf.se\/resized\/wp-content\/uploads\/2023\/11\/Bokmassan_2020_2-foto-Anna-Schori_IMGP.jpg?fit=crop&#038;w=288&#038;h=253&#038;s=473aec8bdfc6c29026083d189293e07c 288w, https:\/\/www.abf.se\/resized\/wp-content\/uploads\/2023\/11\/Bokmassan_2020_2-foto-Anna-Schori_IMGP.jpg?fit=crop&#038;w=336&#038;h=295&#038;s=6f3d9525870df90a30bf4451e504c9a6 336w, https:\/\/www.abf.se\/resized\/wp-content\/uploads\/2023\/11\/Bokmassan_2020_2-foto-Anna-Schori_IMGP.jpg?fit=crop&#038;w=432&#038;h=380&#038;s=b95546088a6576fd3b4e8c361d9b0683 432w, https:\/\/www.abf.se\/resized\/wp-content\/uploads\/2023\/11\/Bokmassan_2020_2-foto-Anna-Schori_IMGP.jpg?fit=crop&#038;w=480&#038;h=422&#038;s=82adb85b0634496694e28b1f18c1c9e6 480w, https:\/\/www.abf.se\/resized\/wp-content\/uploads\/2023\/11\/Bokmassan_2020_2-foto-Anna-Schori_IMGP.jpg?fit=crop&#038;w=528&#038;h=464&#038;s=93fd8bb409a6d4d8d12986e25db975ea 528w, https:\/\/www.abf.se\/resized\/wp-content\/uploads\/2023\/11\/Bokmassan_2020_2-foto-Anna-Schori_IMGP.jpg?fit=crop&#038;w=578&#038;h=509&#038;s=547dd75b223ef712866c3b75a38e6f1a 578w, https:\/\/www.abf.se\/resized\/wp-content\/uploads\/2023\/11\/Bokmassan_2020_2-foto-Anna-Schori_IMGP.jpg?fit=crop&#038;w=672&#038;h=591&#038;s=8ef440054d5de507ef565762c1708468 672w, https:\/\/www.abf.se\/resized\/wp-content\/uploads\/2023\/11\/Bokmassan_2020_2-foto-Anna-Schori_IMGP.jpg?fit=crop&#038;w=864&#038;h=760&#038;s=db30066424fd9dd63ac5a8ad7bae9af6 864w, https:\/\/www.abf.se\/resized\/wp-content\/uploads\/2023\/11\/Bokmassan_2020_2-foto-Anna-Schori_IMGP.jpg?fit=crop&#038;w=1056&#038;h=929&#038;s=5efa6340f839f70f420e2a324b3df5f7 1056w\" alt=\"fyra unga kvinnor sitter p&aring; en upplyst scen och samtalar\" height=\"509\" width=\"578\" sizes=\"auto, (max-width: 768px) 100vw,\n                (max-width: 1280px) 50vw, 578px\" loading=\"lazy\" fetchpriority=\"low\" \/><\/picture>\n\n        <\/div>\n        \n        <div class=\"w-full md:w-1\/2 md:order-2\">\n        <div class=\"mx-auto md:max-w-[368px]\">\n            <h2 class=\"heading-lg\">Medlems- och samarbetsorganisationer<\/h2>\n            <div class=\"mb-6 mt-4 wysiwyg\">\n                <p>Se vilka organisationer som \u00e4r nationella medlemmar och vilka som har\u00a0nationella samarbetsavtal med ABF.<\/p>\n\n            <\/div>\n                                            <a href='https:\/\/www.abf.se\/samarbeta-med-abf\/abfs-nationella-medlems-och-samarbetsorganisationer\/' class=\"default-button\" target=\"\">ABFs nationella medlems- och samarbetsorganisationer<\/a>\n                    <\/div>\n        <\/div>\n    <\/div>\n<\/div>\n\n<div\n    class=\"acf-article-text-block article-container my-12\"\n    data-block=\"article-text-block\"\n>\n    <div class=\"wysiwyg\">\n        \n    <\/div>\n<\/div>\n","protected":false},"excerpt":{"rendered":"","protected":false},"author":123,"featured_media":0,"parent":1649,"menu_order":0,"comment_status":"closed","ping_status":"closed","template":"","meta":{"_acf_changed":false,"footnotes":""},"class_list":["post-1659","page","type-page","status-publish","hentry"],"acf":[],"yoast_head":"<!-- This site is optimized with the Yoast SEO plugin v27.0 - https:\/\/yoast.com\/product\/yoast-seo-wordpress\/ -->\n<title>Samarbeta med ABF Centralt - G\u00e4strikland<\/title>\n<meta name=\"robots\" content=\"index, follow, max-snippet:-1, max-image-preview:large, max-video-preview:-1\" \/>\n<link rel=\"canonical\" href=\"https:\/\/www.abf.se\/gastrikland\/samarbeta-med-abf-gastrikland\/samarbeta-med-abf-centralt\/\" \/>\n<meta property=\"og:locale\" content=\"sv_SE\" \/>\n<meta property=\"og:type\" content=\"article\" \/>\n<meta property=\"og:title\" content=\"Samarbeta med ABF Centralt - G\u00e4strikland\" \/>\n<meta property=\"og:url\" content=\"https:\/\/www.abf.se\/gastrikland\/samarbeta-med-abf-gastrikland\/samarbeta-med-abf-centralt\/\" \/>\n<meta property=\"og:site_name\" content=\"G\u00e4strikland\" \/>\n<meta property=\"article:modified_time\" content=\"2025-05-26T12:46:03+00:00\" \/>\n<meta property=\"og:image\" content=\"https:\/\/www.abf.se\/wp-content\/uploads\/sites\/20\/2024\/04\/Nyckeln-liggande-scaled.jpg\" \/>\n\t<meta property=\"og:image:width\" content=\"2560\" \/>\n\t<meta property=\"og:image:height\" content=\"1440\" \/>\n\t<meta property=\"og:image:type\" content=\"image\/jpeg\" \/>\n<meta name=\"twitter:card\" content=\"summary_large_image\" \/>\n<script type=\"application\/ld+json\" class=\"yoast-schema-graph\">{\"@context\":\"https:\/\/schema.org\",\"@graph\":[{\"@type\":\"WebPage\",\"@id\":\"https:\/\/www.abf.se\/gastrikland\/samarbeta-med-abf-gastrikland\/samarbeta-med-abf-centralt\/\",\"url\":\"https:\/\/www.abf.se\/gastrikland\/samarbeta-med-abf-gastrikland\/samarbeta-med-abf-centralt\/\",\"name\":\"Samarbeta med ABF Centralt - G\u00e4strikland\",\"isPartOf\":{\"@id\":\"https:\/\/www.abf.se\/gastrikland\/#website\"},\"datePublished\":\"2025-05-26T12:40:05+00:00\",\"dateModified\":\"2025-05-26T12:46:03+00:00\",\"breadcrumb\":{\"@id\":\"https:\/\/www.abf.se\/gastrikland\/samarbeta-med-abf-gastrikland\/samarbeta-med-abf-centralt\/#breadcrumb\"},\"inLanguage\":\"sv-SE\",\"potentialAction\":[{\"@type\":\"ReadAction\",\"target\":[\"https:\/\/www.abf.se\/gastrikland\/samarbeta-med-abf-gastrikland\/samarbeta-med-abf-centralt\/\"]}]},{\"@type\":\"BreadcrumbList\",\"@id\":\"https:\/\/www.abf.se\/gastrikland\/samarbeta-med-abf-gastrikland\/samarbeta-med-abf-centralt\/#breadcrumb\",\"itemListElement\":[{\"@type\":\"ListItem\",\"position\":1,\"name\":\"Home\",\"item\":\"https:\/\/www.abf.se\/gastrikland\/\"},{\"@type\":\"ListItem\",\"position\":2,\"name\":\"Samarbeta med ABF G\u00e4strikland\",\"item\":\"https:\/\/www.abf.se\/gastrikland\/samarbeta-med-abf-gastrikland\/\"},{\"@type\":\"ListItem\",\"position\":3,\"name\":\"Samarbeta med ABF Centralt\"}]},{\"@type\":\"WebSite\",\"@id\":\"https:\/\/www.abf.se\/gastrikland\/#website\",\"url\":\"https:\/\/www.abf.se\/gastrikland\/\",\"name\":\"G\u00e4strikland\",\"description\":\"\",\"potentialAction\":[{\"@type\":\"SearchAction\",\"target\":{\"@type\":\"EntryPoint\",\"urlTemplate\":\"https:\/\/www.abf.se\/gastrikland\/?s={search_term_string}\"},\"query-input\":{\"@type\":\"PropertyValueSpecification\",\"valueRequired\":true,\"valueName\":\"search_term_string\"}}],\"inLanguage\":\"sv-SE\"}]}<\/script>\n<!-- \/ Yoast SEO plugin. -->","yoast_head_json":{"title":"Samarbeta med ABF Centralt - G\u00e4strikland","robots":{"index":"index","follow":"follow","max-snippet":"max-snippet:-1","max-image-preview":"max-image-preview:large","max-video-preview":"max-video-preview:-1"},"canonical":"https:\/\/www.abf.se\/gastrikland\/samarbeta-med-abf-gastrikland\/samarbeta-med-abf-centralt\/","og_locale":"sv_SE","og_type":"article","og_title":"Samarbeta med ABF Centralt - G\u00e4strikland","og_url":"https:\/\/www.abf.se\/gastrikland\/samarbeta-med-abf-gastrikland\/samarbeta-med-abf-centralt\/","og_site_name":"G\u00e4strikland","article_modified_time":"2025-05-26T12:46:03+00:00","og_image":[{"width":2560,"height":1440,"url":"https:\/\/www.abf.se\/wp-content\/uploads\/sites\/20\/2024\/04\/Nyckeln-liggande-scaled.jpg","type":"image\/jpeg"}],"twitter_card":"summary_large_image","schema":{"@context":"https:\/\/schema.org","@graph":[{"@type":"WebPage","@id":"https:\/\/www.abf.se\/gastrikland\/samarbeta-med-abf-gastrikland\/samarbeta-med-abf-centralt\/","url":"https:\/\/www.abf.se\/gastrikland\/samarbeta-med-abf-gastrikland\/samarbeta-med-abf-centralt\/","name":"Samarbeta med ABF Centralt - G\u00e4strikland","isPartOf":{"@id":"https:\/\/www.abf.se\/gastrikland\/#website"},"datePublished":"2025-05-26T12:40:05+00:00","dateModified":"2025-05-26T12:46:03+00:00","breadcrumb":{"@id":"https:\/\/www.abf.se\/gastrikland\/samarbeta-med-abf-gastrikland\/samarbeta-med-abf-centralt\/#breadcrumb"},"inLanguage":"sv-SE","potentialAction":[{"@type":"ReadAction","target":["https:\/\/www.abf.se\/gastrikland\/samarbeta-med-abf-gastrikland\/samarbeta-med-abf-centralt\/"]}]},{"@type":"BreadcrumbList","@id":"https:\/\/www.abf.se\/gastrikland\/samarbeta-med-abf-gastrikland\/samarbeta-med-abf-centralt\/#breadcrumb","itemListElement":[{"@type":"ListItem","position":1,"name":"Home","item":"https:\/\/www.abf.se\/gastrikland\/"},{"@type":"ListItem","position":2,"name":"Samarbeta med ABF G\u00e4strikland","item":"https:\/\/www.abf.se\/gastrikland\/samarbeta-med-abf-gastrikland\/"},{"@type":"ListItem","position":3,"name":"Samarbeta med ABF Centralt"}]},{"@type":"WebSite","@id":"https:\/\/www.abf.se\/gastrikland\/#website","url":"https:\/\/www.abf.se\/gastrikland\/","name":"G\u00e4strikland","description":"","potentialAction":[{"@type":"SearchAction","target":{"@type":"EntryPoint","urlTemplate":"https:\/\/www.abf.se\/gastrikland\/?s={search_term_string}"},"query-input":{"@type":"PropertyValueSpecification","valueRequired":true,"valueName":"search_term_string"}}],"inLanguage":"sv-SE"}]}},"_links":{"self":[{"href":"https:\/\/www.abf.se\/gastrikland\/wp-json\/wp\/v2\/pages\/1659","targetHints":{"allow":["GET"]}}],"collection":[{"href":"https:\/\/www.abf.se\/gastrikland\/wp-json\/wp\/v2\/pages"}],"about":[{"href":"https:\/\/www.abf.se\/gastrikland\/wp-json\/wp\/v2\/types\/page"}],"author":[{"embeddable":true,"href":"https:\/\/www.abf.se\/gastrikland\/wp-json\/wp\/v2\/users\/123"}],"replies":[{"embeddable":true,"href":"https:\/\/www.abf.se\/gastrikland\/wp-json\/wp\/v2\/comments?post=1659"}],"version-history":[{"count":1,"href":"https:\/\/www.abf.se\/gastrikland\/wp-json\/wp\/v2\/pages\/1659\/revisions"}],"predecessor-version":[{"id":1660,"href":"https:\/\/www.abf.se\/gastrikland\/wp-json\/wp\/v2\/pages\/1659\/revisions\/1660"}],"up":[{"embeddable":true,"href":"https:\/\/www.abf.se\/gastrikland\/wp-json\/wp\/v2\/pages\/1649"}],"wp:attachment":[{"href":"https:\/\/www.abf.se\/gastrikland\/wp-json\/wp\/v2\/media?parent=1659"}],"curies":[{"name":"wp","href":"https:\/\/api.w.org\/{rel}","templated":true}]}}