{"id":1673,"date":"2025-05-26T15:16:17","date_gmt":"2025-05-26T13:16:17","guid":{"rendered":"https:\/\/www.abf.se\/gastrikebygden\/?page_id=1673"},"modified":"2025-05-26T15:16:17","modified_gmt":"2025-05-26T13:16:17","slug":"starta-studiecirkel","status":"publish","type":"page","link":"https:\/\/www.abf.se\/gastrikland\/starta-studiecirkel\/","title":{"rendered":"Starta Studiecirkel"},"content":{"rendered":"<div\n    class=\"acf-plain-heading-block container my-16\"\n    data-block=\"plain-heading-block\"\n>\n    <div class=\"max-w-[658px] mx-auto\">\n                <h1 class=\"hero-heading\"><span>Starta studiecirkel<\/span><\/h1>\n                            <p class=\"mt-8 body-xl text-black\">\n                H\u00e4r kan du l\u00e4sa mer om vad en studiecirkel \u00e4r och hur du g\u00e5r till v\u00e4ga f\u00f6r att starta en cirkel.\n            <\/p>\n            <\/div>\n<\/div>\n<div\n    class=\"acf-article-text-block article-container my-12\"\n    data-block=\"article-text-block\"\n>\n    <div class=\"wysiwyg\">\n        <h2>Vad \u00e4r en studiecirkel?<\/h2>\n<p>Uppt\u00e4ck v\u00e4rlden tillsammans i en studiecirkel! Det \u00e4r en plats d\u00e4r en handfull entusiaster samlas regelbundet f\u00f6r att utforska sina intressen och l\u00e4ra sig n\u00e5got nytt. Oavsett om det handlar om att f\u00f6rdjupa sig i engelska, organisera krisberedskap lokalt eller beh\u00e4rska ackorden p\u00e5 en gitarr, \u00e4r studiecirkeln en m\u00f6jlighet att dela passioner och utveckla och uppt\u00e4cka nya kunskaper.<\/p>\n<p>Med en cirkelledare som guidar och en plan f\u00f6r att n\u00e5 m\u00e5len, \u00e4r varje m\u00f6te en resa mot insikt och f\u00f6rst\u00e5else. Studiecirkeln \u00e4r inte bara en plats f\u00f6r l\u00e4rande, det \u00e4r ocks\u00e5 en plats f\u00f6r gemenskap och delat engagemang.<\/p>\n<h2>Plats f\u00f6r studiecirkeln<\/h2>\n<p>Det kan vara ett mysigt studierum, ett virtuellt forum p\u00e5 n\u00e4tet eller en kombination av b\u00e5da. Oavsett var, \u00e4r det entusiasmen och viljan att l\u00e4ra sig som \u00e4r hj\u00e4rtat i studiecirkeln.<\/p>\n<h2>Form f\u00f6r studiecirkeln<\/h2>\n<p>Fr\u00e5n kamratcirkeln, d\u00e4r v\u00e4nner samlas f\u00f6r att dela intressen, till f\u00f6reningscirkeln, som \u00e4r en del av en st\u00f6rre gemenskap, till programcirkeln som v\u00e4lkomnar alla att delta, finns det en studiecirkel f\u00f6r alla. S\u00e5 varf\u00f6r inte ge det ett f\u00f6rs\u00f6k och utforska v\u00e4rlden tillsammans med likasinnade?<\/p>\n\n    <\/div>\n<\/div>\n<div\n    class=\"acf-quick-link-block bg-red py-12 md:py-20\"\n    data-block=\"quick-link-block\"\n>\n    <div class=\"container\">\n                    <h2 class=\"heading-lg mb-7 text-center text-white\">\n                H\u00e4r kan du l\u00e4sa mer om att starta Studiecirkel\/Bli cirkelledare\n            <\/h2>\n        \n        <div\n            class=\"px-5 content:px-0 grid grid-cols-1 gap-8 lg:grid-cols-3\">\n            \n            <article\nclass=\"round-corners-sm p-6 relative group grid grid-rows-[subgrid] row-[span_3] gap-4 bg-white text-red\"\n>\n            <h3\n        class=\"heading-sm group-hover:underline text-red\">\n            <a href=\"https:\/\/www.abf.se\/gastrikebygden\/cirkelledare\/for-dig-som-vill-bli-cirkelledare\/\" class=\"expanded-hit-area\" target=\"\">\n                Bli cirkelledare\n            <\/a>\n        <\/h3>\n                <p class=\"body-md text-gray-text\">\n            H\u00e4r hittar du information och formul\u00e4r f\u00f6r att anm\u00e4la ditt intresse som cirkelledare hos oss.\n        <\/p>\n        <figure\n    class=\"w-[38px] h-[38px] rounded-full p-2 group-hover:scale-110 transition-transform duration-300 self-end pointer-events-none bg-red text-white\">\n        <svg width=\"20\" height=\"20\" viewBox=\"0 0 20 20\" fill=\"none\" class=\"SvgIconElement\">\n<path d=\"M4.16659 10L15.8333 10\" stroke=\"currentColor\"\/>\n<path d=\"M9.99992 4.1665L15.8333 9.99984L9.99992 15.8332\" stroke=\"currentColor\"\/>\n<\/svg>\n    <\/figure>\n<\/article>            \n            <article\nclass=\"round-corners-sm p-6 relative group grid grid-rows-[subgrid] row-[span_3] gap-4 bg-white text-red\"\n>\n            <h3\n        class=\"heading-sm group-hover:underline text-red\">\n            <a href=\"https:\/\/www.abf.se\/gastrikebygden\/om-abf\/\" class=\"expanded-hit-area\" target=\"\">\n                Om ABF\n            <\/a>\n        <\/h3>\n                <p class=\"body-md text-gray-text\">\n            H\u00e4r kan du l\u00e4sa mer om ABF som studief\u00f6rbund och v\u00e5r v\u00e4rdegrund.\n        <\/p>\n        <figure\n    class=\"w-[38px] h-[38px] rounded-full p-2 group-hover:scale-110 transition-transform duration-300 self-end pointer-events-none bg-red text-white\">\n        <svg width=\"20\" height=\"20\" viewBox=\"0 0 20 20\" fill=\"none\" class=\"SvgIconElement\">\n<path d=\"M4.16659 10L15.8333 10\" stroke=\"currentColor\"\/>\n<path d=\"M9.99992 4.1665L15.8333 9.99984L9.99992 15.8332\" stroke=\"currentColor\"\/>\n<\/svg>\n    <\/figure>\n<\/article>            \n            <article\nclass=\"round-corners-sm p-6 relative group grid grid-rows-[subgrid] row-[span_3] gap-4 bg-white text-red\"\n>\n            <h3\n        class=\"heading-sm group-hover:underline text-red\">\n            <a href=\"https:\/\/www.abf.se\/gastrikebygden\/kontakt\/\" class=\"expanded-hit-area\" target=\"\">\n                Kontakta oss\n            <\/a>\n        <\/h3>\n                <p class=\"body-md text-gray-text\">\n            Har du fr\u00e5gor eller vill diskutera en id\u00e9 \u00e4r du v\u00e4lkommen att kontakta oss p\u00e5 ABF G\u00e4strikland\n        <\/p>\n        <figure\n    class=\"w-[38px] h-[38px] rounded-full p-2 group-hover:scale-110 transition-transform duration-300 self-end pointer-events-none bg-red text-white\">\n        <svg width=\"20\" height=\"20\" viewBox=\"0 0 20 20\" fill=\"none\" class=\"SvgIconElement\">\n<path d=\"M4.16659 10L15.8333 10\" stroke=\"currentColor\"\/>\n<path d=\"M9.99992 4.1665L15.8333 9.99984L9.99992 15.8332\" stroke=\"currentColor\"\/>\n<\/svg>\n    <\/figure>\n<\/article>                    <\/div>\n    <\/div>\n<\/div>\n","protected":false},"excerpt":{"rendered":"","protected":false},"author":123,"featured_media":0,"parent":0,"menu_order":0,"comment_status":"closed","ping_status":"closed","template":"","meta":{"_acf_changed":false,"footnotes":""},"class_list":["post-1673","page","type-page","status-publish","hentry"],"acf":[],"yoast_head":"<!-- This site is optimized with the Yoast SEO plugin v27.0 - https:\/\/yoast.com\/product\/yoast-seo-wordpress\/ -->\n<title>Starta Studiecirkel - G\u00e4strikland<\/title>\n<meta name=\"robots\" content=\"index, follow, max-snippet:-1, max-image-preview:large, max-video-preview:-1\" \/>\n<link rel=\"canonical\" href=\"https:\/\/www.abf.se\/gastrikland\/starta-studiecirkel\/\" \/>\n<meta property=\"og:locale\" content=\"sv_SE\" \/>\n<meta property=\"og:type\" content=\"article\" \/>\n<meta property=\"og:title\" content=\"Starta Studiecirkel - G\u00e4strikland\" \/>\n<meta property=\"og:url\" content=\"https:\/\/www.abf.se\/gastrikland\/starta-studiecirkel\/\" \/>\n<meta property=\"og:site_name\" content=\"G\u00e4strikland\" \/>\n<meta property=\"og:image\" content=\"https:\/\/www.abf.se\/wp-content\/uploads\/sites\/20\/2024\/04\/Nyckeln-liggande-scaled.jpg\" \/>\n\t<meta property=\"og:image:width\" content=\"2560\" \/>\n\t<meta property=\"og:image:height\" content=\"1440\" \/>\n\t<meta property=\"og:image:type\" content=\"image\/jpeg\" \/>\n<meta name=\"twitter:card\" content=\"summary_large_image\" \/>\n<script type=\"application\/ld+json\" class=\"yoast-schema-graph\">{\"@context\":\"https:\/\/schema.org\",\"@graph\":[{\"@type\":\"WebPage\",\"@id\":\"https:\/\/www.abf.se\/gastrikland\/starta-studiecirkel\/\",\"url\":\"https:\/\/www.abf.se\/gastrikland\/starta-studiecirkel\/\",\"name\":\"Starta Studiecirkel - G\u00e4strikland\",\"isPartOf\":{\"@id\":\"https:\/\/www.abf.se\/gastrikland\/#website\"},\"datePublished\":\"2025-05-26T13:16:17+00:00\",\"breadcrumb\":{\"@id\":\"https:\/\/www.abf.se\/gastrikland\/starta-studiecirkel\/#breadcrumb\"},\"inLanguage\":\"sv-SE\",\"potentialAction\":[{\"@type\":\"ReadAction\",\"target\":[\"https:\/\/www.abf.se\/gastrikland\/starta-studiecirkel\/\"]}]},{\"@type\":\"BreadcrumbList\",\"@id\":\"https:\/\/www.abf.se\/gastrikland\/starta-studiecirkel\/#breadcrumb\",\"itemListElement\":[{\"@type\":\"ListItem\",\"position\":1,\"name\":\"Home\",\"item\":\"https:\/\/www.abf.se\/gastrikland\/\"},{\"@type\":\"ListItem\",\"position\":2,\"name\":\"Starta Studiecirkel\"}]},{\"@type\":\"WebSite\",\"@id\":\"https:\/\/www.abf.se\/gastrikland\/#website\",\"url\":\"https:\/\/www.abf.se\/gastrikland\/\",\"name\":\"G\u00e4strikland\",\"description\":\"\",\"potentialAction\":[{\"@type\":\"SearchAction\",\"target\":{\"@type\":\"EntryPoint\",\"urlTemplate\":\"https:\/\/www.abf.se\/gastrikland\/?s={search_term_string}\"},\"query-input\":{\"@type\":\"PropertyValueSpecification\",\"valueRequired\":true,\"valueName\":\"search_term_string\"}}],\"inLanguage\":\"sv-SE\"}]}<\/script>\n<!-- \/ Yoast SEO plugin. -->","yoast_head_json":{"title":"Starta Studiecirkel - G\u00e4strikland","robots":{"index":"index","follow":"follow","max-snippet":"max-snippet:-1","max-image-preview":"max-image-preview:large","max-video-preview":"max-video-preview:-1"},"canonical":"https:\/\/www.abf.se\/gastrikland\/starta-studiecirkel\/","og_locale":"sv_SE","og_type":"article","og_title":"Starta Studiecirkel - G\u00e4strikland","og_url":"https:\/\/www.abf.se\/gastrikland\/starta-studiecirkel\/","og_site_name":"G\u00e4strikland","og_image":[{"width":2560,"height":1440,"url":"https:\/\/www.abf.se\/wp-content\/uploads\/sites\/20\/2024\/04\/Nyckeln-liggande-scaled.jpg","type":"image\/jpeg"}],"twitter_card":"summary_large_image","schema":{"@context":"https:\/\/schema.org","@graph":[{"@type":"WebPage","@id":"https:\/\/www.abf.se\/gastrikland\/starta-studiecirkel\/","url":"https:\/\/www.abf.se\/gastrikland\/starta-studiecirkel\/","name":"Starta Studiecirkel - G\u00e4strikland","isPartOf":{"@id":"https:\/\/www.abf.se\/gastrikland\/#website"},"datePublished":"2025-05-26T13:16:17+00:00","breadcrumb":{"@id":"https:\/\/www.abf.se\/gastrikland\/starta-studiecirkel\/#breadcrumb"},"inLanguage":"sv-SE","potentialAction":[{"@type":"ReadAction","target":["https:\/\/www.abf.se\/gastrikland\/starta-studiecirkel\/"]}]},{"@type":"BreadcrumbList","@id":"https:\/\/www.abf.se\/gastrikland\/starta-studiecirkel\/#breadcrumb","itemListElement":[{"@type":"ListItem","position":1,"name":"Home","item":"https:\/\/www.abf.se\/gastrikland\/"},{"@type":"ListItem","position":2,"name":"Starta Studiecirkel"}]},{"@type":"WebSite","@id":"https:\/\/www.abf.se\/gastrikland\/#website","url":"https:\/\/www.abf.se\/gastrikland\/","name":"G\u00e4strikland","description":"","potentialAction":[{"@type":"SearchAction","target":{"@type":"EntryPoint","urlTemplate":"https:\/\/www.abf.se\/gastrikland\/?s={search_term_string}"},"query-input":{"@type":"PropertyValueSpecification","valueRequired":true,"valueName":"search_term_string"}}],"inLanguage":"sv-SE"}]}},"_links":{"self":[{"href":"https:\/\/www.abf.se\/gastrikland\/wp-json\/wp\/v2\/pages\/1673","targetHints":{"allow":["GET"]}}],"collection":[{"href":"https:\/\/www.abf.se\/gastrikland\/wp-json\/wp\/v2\/pages"}],"about":[{"href":"https:\/\/www.abf.se\/gastrikland\/wp-json\/wp\/v2\/types\/page"}],"author":[{"embeddable":true,"href":"https:\/\/www.abf.se\/gastrikland\/wp-json\/wp\/v2\/users\/123"}],"replies":[{"embeddable":true,"href":"https:\/\/www.abf.se\/gastrikland\/wp-json\/wp\/v2\/comments?post=1673"}],"version-history":[{"count":1,"href":"https:\/\/www.abf.se\/gastrikland\/wp-json\/wp\/v2\/pages\/1673\/revisions"}],"predecessor-version":[{"id":1676,"href":"https:\/\/www.abf.se\/gastrikland\/wp-json\/wp\/v2\/pages\/1673\/revisions\/1676"}],"wp:attachment":[{"href":"https:\/\/www.abf.se\/gastrikland\/wp-json\/wp\/v2\/media?parent=1673"}],"curies":[{"name":"wp","href":"https:\/\/api.w.org\/{rel}","templated":true}]}}