{"id":529,"date":"2024-03-13T11:47:27","date_gmt":"2024-03-13T10:47:27","guid":{"rendered":"https:\/\/www.abf.se\/gastrikebygden\/?page_id=529"},"modified":"2025-02-04T16:08:10","modified_gmt":"2025-02-04T15:08:10","slug":"hand-i-hand-3","status":"publish","type":"page","link":"https:\/\/www.abf.se\/gastrikland\/vara-verksamheter-och-projekt\/hand-i-hand-3\/","title":{"rendered":"Hand i hand"},"content":{"rendered":"<div\n    class=\"acf-plain-heading-block container my-16\"\n    data-block=\"plain-heading-block\"\n>\n    <div class=\"max-w-[658px] mx-auto\">\n                <h1 class=\"hero-heading\"><span>Hand i hand<\/span><\/h1>\n                    <\/div>\n<\/div>\n<div\n    class=\"acf-text-image-block container my-12 md:my-15\"\n    data-block=\"text-image-block\"\n>\n    <div\n    class=\"flex flex-col items-center md:flex-row gap-8 md:gap-0 justify-between\">\n                        <div class=\"w-full md:w-1\/2 md:order-2\">\n            <picture><img decoding=\"async\" src=\"https:\/\/www.abf.se\/gastrikland\/resized\/?url=https%3A%2F%2Fwww.abf.se%2Fwp-content%2Fuploads%2Fsites%2F20%2F2024%2F03%2Fhand-i-hand.jpg&#038;fit=crop&#038;w=578&#038;s=88eaee0e31ecd47e8fbe84efad97ee82\" srcset=\"https:\/\/www.abf.se\/gastrikland\/resized\/?url=https%3A%2F%2Fwww.abf.se%2Fwp-content%2Fuploads%2Fsites%2F20%2F2024%2F03%2Fhand-i-hand.jpg&#038;fit=crop&#038;w=144&#038;h=126&#038;s=21d52999ef727cb25fc07d037d8525fa 144w, https:\/\/www.abf.se\/gastrikland\/resized\/?url=https%3A%2F%2Fwww.abf.se%2Fwp-content%2Fuploads%2Fsites%2F20%2F2024%2F03%2Fhand-i-hand.jpg&#038;fit=crop&#038;w=240&#038;h=211&#038;s=fb4e86801d5a24cf6f7ee550c64a919f 240w, https:\/\/www.abf.se\/gastrikland\/resized\/?url=https%3A%2F%2Fwww.abf.se%2Fwp-content%2Fuploads%2Fsites%2F20%2F2024%2F03%2Fhand-i-hand.jpg&#038;fit=crop&#038;w=288&#038;h=253&#038;s=9df11ff2b5185a5234aac382872d0444 288w, https:\/\/www.abf.se\/gastrikland\/resized\/?url=https%3A%2F%2Fwww.abf.se%2Fwp-content%2Fuploads%2Fsites%2F20%2F2024%2F03%2Fhand-i-hand.jpg&#038;fit=crop&#038;w=336&#038;h=295&#038;s=6c55326382f924ec7947a55087c39309 336w, https:\/\/www.abf.se\/gastrikland\/resized\/?url=https%3A%2F%2Fwww.abf.se%2Fwp-content%2Fuploads%2Fsites%2F20%2F2024%2F03%2Fhand-i-hand.jpg&#038;fit=crop&#038;w=432&#038;h=380&#038;s=f8d51c9624650107a93c1b0604adc5e8 432w, https:\/\/www.abf.se\/gastrikland\/resized\/?url=https%3A%2F%2Fwww.abf.se%2Fwp-content%2Fuploads%2Fsites%2F20%2F2024%2F03%2Fhand-i-hand.jpg&#038;fit=crop&#038;w=480&#038;h=422&#038;s=3b5f6a61ff5cb994a973a9af81883516 480w, https:\/\/www.abf.se\/gastrikland\/resized\/?url=https%3A%2F%2Fwww.abf.se%2Fwp-content%2Fuploads%2Fsites%2F20%2F2024%2F03%2Fhand-i-hand.jpg&#038;fit=crop&#038;w=528&#038;h=464&#038;s=3a59d8e2aeaac47a2c67b56d6e4c49e9 528w, https:\/\/www.abf.se\/gastrikland\/resized\/?url=https%3A%2F%2Fwww.abf.se%2Fwp-content%2Fuploads%2Fsites%2F20%2F2024%2F03%2Fhand-i-hand.jpg&#038;fit=crop&#038;w=578&#038;h=509&#038;s=15af2aadfacd7bac3de731fc63a188bf 578w, https:\/\/www.abf.se\/gastrikland\/resized\/?url=https%3A%2F%2Fwww.abf.se%2Fwp-content%2Fuploads%2Fsites%2F20%2F2024%2F03%2Fhand-i-hand.jpg&#038;fit=crop&#038;w=672&#038;h=591&#038;s=6687c4f09196395e136d2c09c0c1b2a4 672w, https:\/\/www.abf.se\/gastrikland\/resized\/?url=https%3A%2F%2Fwww.abf.se%2Fwp-content%2Fuploads%2Fsites%2F20%2F2024%2F03%2Fhand-i-hand.jpg&#038;fit=crop&#038;w=864&#038;h=760&#038;s=dc1286490e604b1187327fa714d7a298 864w, https:\/\/www.abf.se\/gastrikland\/resized\/?url=https%3A%2F%2Fwww.abf.se%2Fwp-content%2Fuploads%2Fsites%2F20%2F2024%2F03%2Fhand-i-hand.jpg&#038;fit=crop&#038;w=1056&#038;h=929&#038;s=83e393b2e678e5703ff17c5f4d955f3d 1056w\" alt=\"\" height=\"509\" width=\"578\" sizes=\"auto, (max-width: 768px) 100vw,\n                (max-width: 1280px) 50vw, 578px\" loading=\"lazy\" fetchpriority=\"low\" \/><\/picture>\n\n        <\/div>\n        \n        <div class=\"w-full md:w-1\/2 md:order-1\">\n        <div class=\"mx-auto md:max-w-[368px]\">\n            <h2 class=\"heading-lg\"><\/h2>\n            <div class=\"mb-6 mt-4 wysiwyg\">\n                <p>Projektets id\u00e9 \u00e4r att vi kan utvecklas tillsammans. Tillsammans &#8221; Hand i Hand &#8221; g\u00f6r vi skillnad, n\u00e5r m\u00e5len och kan skapa en modell avseende integration och syssels\u00e4ttning f\u00f6r l\u00e5ngtidsarbetsl\u00f6sa och personer med utl\u00e4ndsk bakgrund.<\/p>\n<p>Sj\u00e4lvf\u00f6rs\u00f6rjning via f\u00f6renklat f\u00f6retagande, coachning mot arbete och till att stimulera intresset f\u00f6r hantverk och kultur \u00e4r ocks\u00e5 en del av v\u00e5r verksamhet. Vi vill dessutom \u00f6ka f\u00f6rst\u00e5else f\u00f6r och kunskaper om olika kulturer, seder och traditioner som p\u00e5 l\u00e5ng sikt bidrar till \u00f6kad integration mellan svenskar och medborgare med utl\u00e4ndsk bakgrund samt engagemang, ansvarsk\u00e4nsla och f\u00f6rst\u00e4rker f\u00f6rm\u00e5gan till social delaktighet i samh\u00e4llet.<\/p>\n<p>Med daglig handledning arbetar vi med utbildningar, omv\u00e4rldsanalys, g\u00f6r studiebes\u00f6k, l\u00e4r oss om kulturens v\u00e4rde, n\u00e4rmar oss hantverk, ordnar jobb, praktikplatser och genomf\u00f6r praktik. Vi kontaktar olika f\u00f6retag f\u00f6r att \u00f6ka m\u00f6jlighet till praktik-plats eller arbete samt l\u00e4r oss hur man kan starta eget f\u00f6retag eller kooperativ. Tillsammans tr\u00e4ffar vi olika myndigheter f\u00f6r dialog.<\/p>\n<h1>Kontakt:<\/h1>\n<p><strong>Sawsan Alkarkhi &#8211; <\/strong>Verksamhetsutvecklare, projektledare Hand i hand<\/p>\n<p><a href=\"mailto:sawsan.alkarkhi@abf.se\">\u00a0sawsan.alkarkhi@abf.se<\/a><\/p>\n\n            <\/div>\n                    <\/div>\n        <\/div>\n    <\/div>\n<\/div>","protected":false},"excerpt":{"rendered":"","protected":false},"author":45,"featured_media":0,"parent":285,"menu_order":0,"comment_status":"closed","ping_status":"closed","template":"","meta":{"_acf_changed":false,"footnotes":""},"class_list":["post-529","page","type-page","status-publish","hentry"],"acf":[],"yoast_head":"<!-- This site is optimized with the Yoast SEO plugin v27.0 - https:\/\/yoast.com\/product\/yoast-seo-wordpress\/ -->\n<title>Hand i hand - G\u00e4strikland<\/title>\n<meta name=\"description\" content=\"integration och syssels\u00e4ttning f\u00f6r l\u00e5ngtidsarbetsl\u00f6sa och personer med utl\u00e4ndsk bakgrund. Sj\u00e4lvf\u00f6rs\u00f6rjning\" \/>\n<meta name=\"robots\" content=\"index, follow, max-snippet:-1, max-image-preview:large, max-video-preview:-1\" \/>\n<link rel=\"canonical\" href=\"https:\/\/www.abf.se\/gastrikland\/vara-verksamheter-och-projekt\/hand-i-hand-3\/\" \/>\n<meta property=\"og:locale\" content=\"sv_SE\" \/>\n<meta property=\"og:type\" content=\"article\" \/>\n<meta property=\"og:title\" content=\"Hand i hand - G\u00e4strikland\" \/>\n<meta property=\"og:description\" content=\"integration och syssels\u00e4ttning f\u00f6r l\u00e5ngtidsarbetsl\u00f6sa och personer med utl\u00e4ndsk bakgrund. Sj\u00e4lvf\u00f6rs\u00f6rjning\" \/>\n<meta property=\"og:url\" content=\"https:\/\/www.abf.se\/gastrikland\/vara-verksamheter-och-projekt\/hand-i-hand-3\/\" \/>\n<meta property=\"og:site_name\" content=\"G\u00e4strikland\" \/>\n<meta property=\"article:modified_time\" content=\"2025-02-04T15:08:10+00:00\" \/>\n<meta property=\"og:image\" content=\"https:\/\/www.abf.se\/wp-content\/uploads\/sites\/20\/2024\/04\/Nyckeln-liggande-scaled.jpg\" \/>\n\t<meta property=\"og:image:width\" content=\"2560\" \/>\n\t<meta property=\"og:image:height\" content=\"1440\" \/>\n\t<meta property=\"og:image:type\" content=\"image\/jpeg\" \/>\n<meta name=\"twitter:card\" content=\"summary_large_image\" \/>\n<script type=\"application\/ld+json\" class=\"yoast-schema-graph\">{\"@context\":\"https:\/\/schema.org\",\"@graph\":[{\"@type\":\"WebPage\",\"@id\":\"https:\/\/www.abf.se\/gastrikland\/vara-verksamheter-och-projekt\/hand-i-hand-3\/\",\"url\":\"https:\/\/www.abf.se\/gastrikland\/vara-verksamheter-och-projekt\/hand-i-hand-3\/\",\"name\":\"Hand i hand - G\u00e4strikland\",\"isPartOf\":{\"@id\":\"https:\/\/www.abf.se\/gastrikland\/#website\"},\"datePublished\":\"2024-03-13T10:47:27+00:00\",\"dateModified\":\"2025-02-04T15:08:10+00:00\",\"description\":\"integration och syssels\u00e4ttning f\u00f6r l\u00e5ngtidsarbetsl\u00f6sa och personer med utl\u00e4ndsk bakgrund. Sj\u00e4lvf\u00f6rs\u00f6rjning\",\"breadcrumb\":{\"@id\":\"https:\/\/www.abf.se\/gastrikland\/vara-verksamheter-och-projekt\/hand-i-hand-3\/#breadcrumb\"},\"inLanguage\":\"sv-SE\",\"potentialAction\":[{\"@type\":\"ReadAction\",\"target\":[\"https:\/\/www.abf.se\/gastrikland\/vara-verksamheter-och-projekt\/hand-i-hand-3\/\"]}]},{\"@type\":\"BreadcrumbList\",\"@id\":\"https:\/\/www.abf.se\/gastrikland\/vara-verksamheter-och-projekt\/hand-i-hand-3\/#breadcrumb\",\"itemListElement\":[{\"@type\":\"ListItem\",\"position\":1,\"name\":\"Home\",\"item\":\"https:\/\/www.abf.se\/gastrikland\/\"},{\"@type\":\"ListItem\",\"position\":2,\"name\":\"V\u00e5ra verksamheter och projekt\",\"item\":\"https:\/\/www.abf.se\/gastrikland\/vara-verksamheter-och-projekt\/\"},{\"@type\":\"ListItem\",\"position\":3,\"name\":\"Hand i hand\"}]},{\"@type\":\"WebSite\",\"@id\":\"https:\/\/www.abf.se\/gastrikland\/#website\",\"url\":\"https:\/\/www.abf.se\/gastrikland\/\",\"name\":\"G\u00e4strikland\",\"description\":\"\",\"potentialAction\":[{\"@type\":\"SearchAction\",\"target\":{\"@type\":\"EntryPoint\",\"urlTemplate\":\"https:\/\/www.abf.se\/gastrikland\/?s={search_term_string}\"},\"query-input\":{\"@type\":\"PropertyValueSpecification\",\"valueRequired\":true,\"valueName\":\"search_term_string\"}}],\"inLanguage\":\"sv-SE\"}]}<\/script>\n<!-- \/ Yoast SEO plugin. -->","yoast_head_json":{"title":"Hand i hand - G\u00e4strikland","description":"integration och syssels\u00e4ttning f\u00f6r l\u00e5ngtidsarbetsl\u00f6sa och personer med utl\u00e4ndsk bakgrund. Sj\u00e4lvf\u00f6rs\u00f6rjning","robots":{"index":"index","follow":"follow","max-snippet":"max-snippet:-1","max-image-preview":"max-image-preview:large","max-video-preview":"max-video-preview:-1"},"canonical":"https:\/\/www.abf.se\/gastrikland\/vara-verksamheter-och-projekt\/hand-i-hand-3\/","og_locale":"sv_SE","og_type":"article","og_title":"Hand i hand - G\u00e4strikland","og_description":"integration och syssels\u00e4ttning f\u00f6r l\u00e5ngtidsarbetsl\u00f6sa och personer med utl\u00e4ndsk bakgrund. Sj\u00e4lvf\u00f6rs\u00f6rjning","og_url":"https:\/\/www.abf.se\/gastrikland\/vara-verksamheter-och-projekt\/hand-i-hand-3\/","og_site_name":"G\u00e4strikland","article_modified_time":"2025-02-04T15:08:10+00:00","og_image":[{"width":2560,"height":1440,"url":"https:\/\/www.abf.se\/wp-content\/uploads\/sites\/20\/2024\/04\/Nyckeln-liggande-scaled.jpg","type":"image\/jpeg"}],"twitter_card":"summary_large_image","schema":{"@context":"https:\/\/schema.org","@graph":[{"@type":"WebPage","@id":"https:\/\/www.abf.se\/gastrikland\/vara-verksamheter-och-projekt\/hand-i-hand-3\/","url":"https:\/\/www.abf.se\/gastrikland\/vara-verksamheter-och-projekt\/hand-i-hand-3\/","name":"Hand i hand - G\u00e4strikland","isPartOf":{"@id":"https:\/\/www.abf.se\/gastrikland\/#website"},"datePublished":"2024-03-13T10:47:27+00:00","dateModified":"2025-02-04T15:08:10+00:00","description":"integration och syssels\u00e4ttning f\u00f6r l\u00e5ngtidsarbetsl\u00f6sa och personer med utl\u00e4ndsk bakgrund. Sj\u00e4lvf\u00f6rs\u00f6rjning","breadcrumb":{"@id":"https:\/\/www.abf.se\/gastrikland\/vara-verksamheter-och-projekt\/hand-i-hand-3\/#breadcrumb"},"inLanguage":"sv-SE","potentialAction":[{"@type":"ReadAction","target":["https:\/\/www.abf.se\/gastrikland\/vara-verksamheter-och-projekt\/hand-i-hand-3\/"]}]},{"@type":"BreadcrumbList","@id":"https:\/\/www.abf.se\/gastrikland\/vara-verksamheter-och-projekt\/hand-i-hand-3\/#breadcrumb","itemListElement":[{"@type":"ListItem","position":1,"name":"Home","item":"https:\/\/www.abf.se\/gastrikland\/"},{"@type":"ListItem","position":2,"name":"V\u00e5ra verksamheter och projekt","item":"https:\/\/www.abf.se\/gastrikland\/vara-verksamheter-och-projekt\/"},{"@type":"ListItem","position":3,"name":"Hand i hand"}]},{"@type":"WebSite","@id":"https:\/\/www.abf.se\/gastrikland\/#website","url":"https:\/\/www.abf.se\/gastrikland\/","name":"G\u00e4strikland","description":"","potentialAction":[{"@type":"SearchAction","target":{"@type":"EntryPoint","urlTemplate":"https:\/\/www.abf.se\/gastrikland\/?s={search_term_string}"},"query-input":{"@type":"PropertyValueSpecification","valueRequired":true,"valueName":"search_term_string"}}],"inLanguage":"sv-SE"}]}},"_links":{"self":[{"href":"https:\/\/www.abf.se\/gastrikland\/wp-json\/wp\/v2\/pages\/529","targetHints":{"allow":["GET"]}}],"collection":[{"href":"https:\/\/www.abf.se\/gastrikland\/wp-json\/wp\/v2\/pages"}],"about":[{"href":"https:\/\/www.abf.se\/gastrikland\/wp-json\/wp\/v2\/types\/page"}],"author":[{"embeddable":true,"href":"https:\/\/www.abf.se\/gastrikland\/wp-json\/wp\/v2\/users\/45"}],"replies":[{"embeddable":true,"href":"https:\/\/www.abf.se\/gastrikland\/wp-json\/wp\/v2\/comments?post=529"}],"version-history":[{"count":10,"href":"https:\/\/www.abf.se\/gastrikland\/wp-json\/wp\/v2\/pages\/529\/revisions"}],"predecessor-version":[{"id":1525,"href":"https:\/\/www.abf.se\/gastrikland\/wp-json\/wp\/v2\/pages\/529\/revisions\/1525"}],"up":[{"embeddable":true,"href":"https:\/\/www.abf.se\/gastrikland\/wp-json\/wp\/v2\/pages\/285"}],"wp:attachment":[{"href":"https:\/\/www.abf.se\/gastrikland\/wp-json\/wp\/v2\/media?parent=529"}],"curies":[{"name":"wp","href":"https:\/\/api.w.org\/{rel}","templated":true}]}}