{"id":451,"date":"2024-04-19T15:33:20","date_gmt":"2024-04-19T13:33:20","guid":{"rendered":"https:\/\/www.abf.se\/huddinge\/?page_id=451"},"modified":"2025-10-17T14:44:30","modified_gmt":"2025-10-17T12:44:30","slug":"lokaluthyrning","status":"publish","type":"page","link":"https:\/\/www.abf.se\/huddinge\/lokaluthyrning\/","title":{"rendered":"Lokaluthyrning"},"content":{"rendered":"<div\n    class=\"acf-plain-heading-block container my-16\"\n    data-block=\"plain-heading-block\"\n>\n    <div class=\"max-w-[658px] mx-auto\">\n                <h1 class=\"hero-heading\"><span>Lokaluthyrning<\/span><\/h1>\n                            <p class=\"mt-8 body-xl text-black\">\n                Priser p\u00e5 m\u00f6teslokaler som g\u00e5r att hyra i centrala Huddinge.<br \/>\r\nKontakta v\u00e5ra vaktm\u00e4stare om du har fr\u00e5gor och\/eller vill hyra lokal: 070-270 78 43\n            <\/p>\n            <\/div>\n<\/div>\n<div\n    class=\"acf-article-image-block mb-12 article-container-lg\"\n    data-block=\"article-image-block\"\n>\n<div class=\"\">\n\n        <figure>\n        \n            <picture class=\"round-corners-lg w-full\"><img decoding=\"async\" src=\"https:\/\/www.abf.se\/huddinge\/resized\/?url=https%3A%2F%2Fwww.abf.se%2Fwp-content%2Fuploads%2Fsites%2F26%2F2025%2F10%2FForteckning-och-priser-pa-moteslokal-2025-externa-scaled.png&#038;fit=contain&#038;w=788&#038;s=5f726730e5ad89aefd64d6a075ed3310\" srcset=\"https:\/\/www.abf.se\/huddinge\/resized\/?url=https%3A%2F%2Fwww.abf.se%2Fwp-content%2Fuploads%2Fsites%2F26%2F2025%2F10%2FForteckning-och-priser-pa-moteslokal-2025-externa-scaled.png&#038;fit=contain&#038;w=375&#038;h=530&#038;s=b9dbb7c29cf1d39c67a60ebf3be4db72 375w, https:\/\/www.abf.se\/huddinge\/resized\/?url=https%3A%2F%2Fwww.abf.se%2Fwp-content%2Fuploads%2Fsites%2F26%2F2025%2F10%2FForteckning-och-priser-pa-moteslokal-2025-externa-scaled.png&#038;fit=contain&#038;w=447&#038;h=631&#038;s=ea3a57e4e6662d815dc4b8ece2ac4f05 447w, https:\/\/www.abf.se\/huddinge\/resized\/?url=https%3A%2F%2Fwww.abf.se%2Fwp-content%2Fuploads%2Fsites%2F26%2F2025%2F10%2FForteckning-och-priser-pa-moteslokal-2025-externa-scaled.png&#038;fit=contain&#038;w=519&#038;h=733&#038;s=6d911c9889d602f88757a5607e4b8f36 519w, https:\/\/www.abf.se\/huddinge\/resized\/?url=https%3A%2F%2Fwww.abf.se%2Fwp-content%2Fuploads%2Fsites%2F26%2F2025%2F10%2FForteckning-och-priser-pa-moteslokal-2025-externa-scaled.png&#038;fit=contain&#038;w=591&#038;h=835&#038;s=3ee12593d520caec126a03f78bd15bcd 591w, https:\/\/www.abf.se\/huddinge\/resized\/?url=https%3A%2F%2Fwww.abf.se%2Fwp-content%2Fuploads%2Fsites%2F26%2F2025%2F10%2FForteckning-och-priser-pa-moteslokal-2025-externa-scaled.png&#038;fit=contain&#038;w=663&#038;h=937&#038;s=8b3b94b7800ad6a42aef38abc5762e4a 663w, https:\/\/www.abf.se\/huddinge\/resized\/?url=https%3A%2F%2Fwww.abf.se%2Fwp-content%2Fuploads%2Fsites%2F26%2F2025%2F10%2FForteckning-och-priser-pa-moteslokal-2025-externa-scaled.png&#038;fit=contain&#038;w=735&#038;h=1039&#038;s=a76f844170e5772c80004e11358e7fa3 735w, https:\/\/www.abf.se\/huddinge\/resized\/?url=https%3A%2F%2Fwww.abf.se%2Fwp-content%2Fuploads%2Fsites%2F26%2F2025%2F10%2FForteckning-och-priser-pa-moteslokal-2025-externa-scaled.png&#038;fit=contain&#038;w=750&#038;h=1060&#038;s=2d47906b939d1f111112571da95901ea 750w, https:\/\/www.abf.se\/huddinge\/resized\/?url=https%3A%2F%2Fwww.abf.se%2Fwp-content%2Fuploads%2Fsites%2F26%2F2025%2F10%2FForteckning-och-priser-pa-moteslokal-2025-externa-scaled.png&#038;fit=contain&#038;w=788&#038;s=5f726730e5ad89aefd64d6a075ed3310 788w, https:\/\/www.abf.se\/huddinge\/resized\/?url=https%3A%2F%2Fwww.abf.se%2Fwp-content%2Fuploads%2Fsites%2F26%2F2025%2F10%2FForteckning-och-priser-pa-moteslokal-2025-externa-scaled.png&#038;fit=contain&#038;w=894&#038;h=1263&#038;s=e8f319d355a53f498ff4d52186007efc 894w, https:\/\/www.abf.se\/huddinge\/resized\/?url=https%3A%2F%2Fwww.abf.se%2Fwp-content%2Fuploads%2Fsites%2F26%2F2025%2F10%2FForteckning-och-priser-pa-moteslokal-2025-externa-scaled.png&#038;fit=contain&#038;w=1038&#038;h=1467&#038;s=b17b7d6d0f0370bec6c47c42c5f46256 1038w, https:\/\/www.abf.se\/huddinge\/resized\/?url=https%3A%2F%2Fwww.abf.se%2Fwp-content%2Fuploads%2Fsites%2F26%2F2025%2F10%2FForteckning-och-priser-pa-moteslokal-2025-externa-scaled.png&#038;fit=contain&#038;w=1182&#038;h=1671&#038;s=22bc402d89c4d67b737e0107a4937747 1182w, https:\/\/www.abf.se\/huddinge\/resized\/?url=https%3A%2F%2Fwww.abf.se%2Fwp-content%2Fuploads%2Fsites%2F26%2F2025%2F10%2FForteckning-och-priser-pa-moteslokal-2025-externa-scaled.png&#038;fit=contain&#038;w=1326&#038;h=1874&#038;s=26e99bcea1aae5064d22f69b9fbb3a3d 1326w, https:\/\/www.abf.se\/huddinge\/resized\/?url=https%3A%2F%2Fwww.abf.se%2Fwp-content%2Fuploads%2Fsites%2F26%2F2025%2F10%2FForteckning-och-priser-pa-moteslokal-2025-externa-scaled.png&#038;fit=contain&#038;w=1470&#038;h=2078&#038;s=6c59522c76216a32da9156a3e751791f 1470w\" alt=\"\" height=\"1114\" width=\"788\" sizes=\"auto, (max-width: 768px) calc(100vw - 40px), 788px\" loading=\"lazy\" fetchpriority=\"low\" class=\"round-corners-lg w-full\" \/><\/picture>\n                        <\/figure>\n        <\/div>\n\n<\/div>\n<ul\n    class=\"acf-article-accordion-block accordion-group grid gap-4 my-12 article-container\"\n    data-block=\"article-accordion-block \"\n    data-ui-accordion-group\n>\n\n            <li class=\"accordion\" data-ui-accordion data-ui-accordion-open=\"false\">\n        <h3>\n        <button data-ui-accordion-button class=\"accordion-toggle font-bold\" aria-expanded=\"false\" aria-controls=\"row-teknik-0\" id=\"teknik-0\">\n            Teknik\n            \n            <figure class=\"w-4.5 h-4.5\" aria-hidden=\"true\">\n            <svg width=\"20\" height=\"20\" viewBox=\"0 0 20 20\" fill=\"none\"\nclass=\"SvgIconElement\">\n<path d=\"M15.8333 7.16667L9.99992 13L4.16659 7.16667\" stroke=\"currentColor\"\/>\n<\/svg>\n            <\/figure>\n        <\/button>\n        \n                <\/h3>\n        <div class=\"accordion-content\">\n            <div id=\"row-teknik-0\" role=\"region\" class=\"accordion-content-wrap\" aria-labelledby=\"teknik-0\">\n                                            <div class=\"wysiwyg\">\n                    <p>Enligt ovan och ing\u00e5r i priset. Hyra av dator, portabel projektor kostar 200 kr per g\u00e5ng.<\/p>\n\n                <\/div>\n                                        <\/div>\n        <\/div>\n    <\/li>\n            <li class=\"accordion\" data-ui-accordion data-ui-accordion-open=\"false\">\n        <h3>\n        <button data-ui-accordion-button class=\"accordion-toggle font-bold\" aria-expanded=\"false\" aria-controls=\"row-fortaring-1\" id=\"fortaring-1\">\n            F\u00f6rt\u00e4ring\n            \n            <figure class=\"w-4.5 h-4.5\" aria-hidden=\"true\">\n            <svg width=\"20\" height=\"20\" viewBox=\"0 0 20 20\" fill=\"none\"\nclass=\"SvgIconElement\">\n<path d=\"M15.8333 7.16667L9.99992 13L4.16659 7.16667\" stroke=\"currentColor\"\/>\n<\/svg>\n            <\/figure>\n        <\/button>\n        \n                <\/h3>\n        <div class=\"accordion-content\">\n            <div id=\"row-fortaring-1\" role=\"region\" class=\"accordion-content-wrap\" aria-labelledby=\"fortaring-1\">\n                                            <div class=\"wysiwyg\">\n                    <p>Kaffe och f\u00f6rt\u00e4ring g\u00e5r att best\u00e4lla via cafe\u00e9t p\u00e5 telefonnummer 0706470876<\/p>\n\n                <\/div>\n                                        <\/div>\n        <\/div>\n    <\/li>\n            <li class=\"accordion\" data-ui-accordion data-ui-accordion-open=\"false\">\n        <h3>\n        <button data-ui-accordion-button class=\"accordion-toggle font-bold\" aria-expanded=\"false\" aria-controls=\"row-bokningavlokal-2\" id=\"bokningavlokal-2\">\n            Bokning av lokal\n            \n            <figure class=\"w-4.5 h-4.5\" aria-hidden=\"true\">\n            <svg width=\"20\" height=\"20\" viewBox=\"0 0 20 20\" fill=\"none\"\nclass=\"SvgIconElement\">\n<path d=\"M15.8333 7.16667L9.99992 13L4.16659 7.16667\" stroke=\"currentColor\"\/>\n<\/svg>\n            <\/figure>\n        <\/button>\n        \n                <\/h3>\n        <div class=\"accordion-content\">\n            <div id=\"row-bokningavlokal-2\" role=\"region\" class=\"accordion-content-wrap\" aria-labelledby=\"bokningavlokal-2\">\n                                            <div class=\"wysiwyg\">\n                    <p>Bokning sker per telefon: 08-774 02 70 eller epost: info.huddinge@abf.se.<br \/>\nAnge \u00f6nskem\u00e5l om teknisk utrustning och m\u00f6blering vid bokning.<\/p>\n<p>&nbsp;<\/p>\n\n                <\/div>\n                                                                <div class=\"grid md:grid-cols-3 gap-y-10 mt-10\">\n                                            <\/div>\n                                        <\/div>\n        <\/div>\n    <\/li>\n    <\/ul>\n","protected":false},"excerpt":{"rendered":"","protected":false},"author":92,"featured_media":0,"parent":0,"menu_order":0,"comment_status":"closed","ping_status":"closed","template":"","meta":{"_acf_changed":false,"footnotes":""},"class_list":["post-451","page","type-page","status-publish","hentry"],"acf":[],"yoast_head":"<!-- This site is optimized with the Yoast SEO plugin v27.0 - https:\/\/yoast.com\/product\/yoast-seo-wordpress\/ -->\n<title>Lokaluthyrning - Huddinge<\/title>\n<meta name=\"robots\" content=\"index, follow, max-snippet:-1, max-image-preview:large, max-video-preview:-1\" \/>\n<link rel=\"canonical\" href=\"https:\/\/www.abf.se\/huddinge\/lokaluthyrning\/\" \/>\n<meta property=\"og:locale\" content=\"sv_SE\" \/>\n<meta property=\"og:type\" content=\"article\" \/>\n<meta property=\"og:title\" content=\"Lokaluthyrning - Huddinge\" \/>\n<meta property=\"og:url\" content=\"https:\/\/www.abf.se\/huddinge\/lokaluthyrning\/\" \/>\n<meta property=\"og:site_name\" content=\"Huddinge\" \/>\n<meta property=\"article:modified_time\" content=\"2025-10-17T12:44:30+00:00\" \/>\n<meta property=\"og:image\" content=\"https:\/\/www.abf.se\/wp-content\/uploads\/sites\/26\/2024\/04\/Nyckeln-liggande-scaled.jpg\" \/>\n\t<meta property=\"og:image:width\" content=\"2560\" \/>\n\t<meta property=\"og:image:height\" content=\"1440\" \/>\n\t<meta property=\"og:image:type\" content=\"image\/jpeg\" \/>\n<meta name=\"twitter:card\" content=\"summary_large_image\" \/>\n<script type=\"application\/ld+json\" class=\"yoast-schema-graph\">{\"@context\":\"https:\/\/schema.org\",\"@graph\":[{\"@type\":\"WebPage\",\"@id\":\"https:\/\/www.abf.se\/huddinge\/lokaluthyrning\/\",\"url\":\"https:\/\/www.abf.se\/huddinge\/lokaluthyrning\/\",\"name\":\"Lokaluthyrning - Huddinge\",\"isPartOf\":{\"@id\":\"https:\/\/www.abf.se\/huddinge\/#website\"},\"datePublished\":\"2024-04-19T13:33:20+00:00\",\"dateModified\":\"2025-10-17T12:44:30+00:00\",\"breadcrumb\":{\"@id\":\"https:\/\/www.abf.se\/huddinge\/lokaluthyrning\/#breadcrumb\"},\"inLanguage\":\"sv-SE\",\"potentialAction\":[{\"@type\":\"ReadAction\",\"target\":[\"https:\/\/www.abf.se\/huddinge\/lokaluthyrning\/\"]}]},{\"@type\":\"BreadcrumbList\",\"@id\":\"https:\/\/www.abf.se\/huddinge\/lokaluthyrning\/#breadcrumb\",\"itemListElement\":[{\"@type\":\"ListItem\",\"position\":1,\"name\":\"Home\",\"item\":\"https:\/\/www.abf.se\/huddinge\/\"},{\"@type\":\"ListItem\",\"position\":2,\"name\":\"Lokaluthyrning\"}]},{\"@type\":\"WebSite\",\"@id\":\"https:\/\/www.abf.se\/huddinge\/#website\",\"url\":\"https:\/\/www.abf.se\/huddinge\/\",\"name\":\"Huddinge\",\"description\":\"\",\"potentialAction\":[{\"@type\":\"SearchAction\",\"target\":{\"@type\":\"EntryPoint\",\"urlTemplate\":\"https:\/\/www.abf.se\/huddinge\/?s={search_term_string}\"},\"query-input\":{\"@type\":\"PropertyValueSpecification\",\"valueRequired\":true,\"valueName\":\"search_term_string\"}}],\"inLanguage\":\"sv-SE\"}]}<\/script>\n<!-- \/ Yoast SEO plugin. -->","yoast_head_json":{"title":"Lokaluthyrning - Huddinge","robots":{"index":"index","follow":"follow","max-snippet":"max-snippet:-1","max-image-preview":"max-image-preview:large","max-video-preview":"max-video-preview:-1"},"canonical":"https:\/\/www.abf.se\/huddinge\/lokaluthyrning\/","og_locale":"sv_SE","og_type":"article","og_title":"Lokaluthyrning - Huddinge","og_url":"https:\/\/www.abf.se\/huddinge\/lokaluthyrning\/","og_site_name":"Huddinge","article_modified_time":"2025-10-17T12:44:30+00:00","og_image":[{"width":2560,"height":1440,"url":"https:\/\/www.abf.se\/wp-content\/uploads\/sites\/26\/2024\/04\/Nyckeln-liggande-scaled.jpg","type":"image\/jpeg"}],"twitter_card":"summary_large_image","schema":{"@context":"https:\/\/schema.org","@graph":[{"@type":"WebPage","@id":"https:\/\/www.abf.se\/huddinge\/lokaluthyrning\/","url":"https:\/\/www.abf.se\/huddinge\/lokaluthyrning\/","name":"Lokaluthyrning - Huddinge","isPartOf":{"@id":"https:\/\/www.abf.se\/huddinge\/#website"},"datePublished":"2024-04-19T13:33:20+00:00","dateModified":"2025-10-17T12:44:30+00:00","breadcrumb":{"@id":"https:\/\/www.abf.se\/huddinge\/lokaluthyrning\/#breadcrumb"},"inLanguage":"sv-SE","potentialAction":[{"@type":"ReadAction","target":["https:\/\/www.abf.se\/huddinge\/lokaluthyrning\/"]}]},{"@type":"BreadcrumbList","@id":"https:\/\/www.abf.se\/huddinge\/lokaluthyrning\/#breadcrumb","itemListElement":[{"@type":"ListItem","position":1,"name":"Home","item":"https:\/\/www.abf.se\/huddinge\/"},{"@type":"ListItem","position":2,"name":"Lokaluthyrning"}]},{"@type":"WebSite","@id":"https:\/\/www.abf.se\/huddinge\/#website","url":"https:\/\/www.abf.se\/huddinge\/","name":"Huddinge","description":"","potentialAction":[{"@type":"SearchAction","target":{"@type":"EntryPoint","urlTemplate":"https:\/\/www.abf.se\/huddinge\/?s={search_term_string}"},"query-input":{"@type":"PropertyValueSpecification","valueRequired":true,"valueName":"search_term_string"}}],"inLanguage":"sv-SE"}]}},"_links":{"self":[{"href":"https:\/\/www.abf.se\/huddinge\/wp-json\/wp\/v2\/pages\/451","targetHints":{"allow":["GET"]}}],"collection":[{"href":"https:\/\/www.abf.se\/huddinge\/wp-json\/wp\/v2\/pages"}],"about":[{"href":"https:\/\/www.abf.se\/huddinge\/wp-json\/wp\/v2\/types\/page"}],"author":[{"embeddable":true,"href":"https:\/\/www.abf.se\/huddinge\/wp-json\/wp\/v2\/users\/92"}],"replies":[{"embeddable":true,"href":"https:\/\/www.abf.se\/huddinge\/wp-json\/wp\/v2\/comments?post=451"}],"version-history":[{"count":24,"href":"https:\/\/www.abf.se\/huddinge\/wp-json\/wp\/v2\/pages\/451\/revisions"}],"predecessor-version":[{"id":1401,"href":"https:\/\/www.abf.se\/huddinge\/wp-json\/wp\/v2\/pages\/451\/revisions\/1401"}],"wp:attachment":[{"href":"https:\/\/www.abf.se\/huddinge\/wp-json\/wp\/v2\/media?parent=451"}],"curies":[{"name":"wp","href":"https:\/\/api.w.org\/{rel}","templated":true}]}}