{"version":"1.0","provider_name":"J\u00e4mtland H\u00e4rjedalen","provider_url":"https:\/\/www.abf.se\/jamtland-harjedalen","author_name":"Mats Borgstr\u00f6m","author_url":"https:\/\/www.abf.se\/jamtland-harjedalen\/author\/mats-borgstromabf-se\/","title":"Kursen F\u00f6r din s\u00e4kerhet \u00d6stersund - J\u00e4mtland H\u00e4rjedalen","type":"rich","width":600,"height":338,"html":"<blockquote class=\"wp-embedded-content\" data-secret=\"cAcls3eRB7\"><a href=\"https:\/\/www.abf.se\/jamtland-harjedalen\/nyheter\/forelasning-for-din-sakerhet-ostersund\/\">Kursen F\u00f6r din s\u00e4kerhet  \u00d6stersund<\/a><\/blockquote><iframe sandbox=\"allow-scripts\" security=\"restricted\" src=\"https:\/\/www.abf.se\/jamtland-harjedalen\/nyheter\/forelasning-for-din-sakerhet-ostersund\/embed\/#?secret=cAcls3eRB7\" width=\"600\" height=\"338\" title=\"&#8221;Kursen F\u00f6r din s\u00e4kerhet  \u00d6stersund&#8221; &#8212; J\u00e4mtland H\u00e4rjedalen\" data-secret=\"cAcls3eRB7\" frameborder=\"0\" marginwidth=\"0\" marginheight=\"0\" scrolling=\"no\" class=\"wp-embedded-content\"><\/iframe><script type=\"text\/javascript\">\n\/* <![CDATA[ *\/\n\/*! This file is auto-generated *\/\n!function(d,l){\"use strict\";l.querySelector&&d.addEventListener&&\"undefined\"!=typeof URL&&(d.wp=d.wp||{},d.wp.receiveEmbedMessage||(d.wp.receiveEmbedMessage=function(e){var t=e.data;if((t||t.secret||t.message||t.value)&&!\/[^a-zA-Z0-9]\/.test(t.secret)){for(var s,r,n,a=l.querySelectorAll('iframe[data-secret=\"'+t.secret+'\"]'),o=l.querySelectorAll('blockquote[data-secret=\"'+t.secret+'\"]'),c=new RegExp(\"^https?:$\",\"i\"),i=0;i<o.length;i++)o[i].style.display=\"none\";for(i=0;i<a.length;i++)s=a[i],e.source===s.contentWindow&&(s.removeAttribute(\"style\"),\"height\"===t.message?(1e3<(r=parseInt(t.value,10))?r=1e3:~~r<200&&(r=200),s.height=r):\"link\"===t.message&&(r=new URL(s.getAttribute(\"src\")),n=new URL(t.value),c.test(n.protocol))&&n.host===r.host&&l.activeElement===s&&(d.top.location.href=t.value))}},d.addEventListener(\"message\",d.wp.receiveEmbedMessage,!1),l.addEventListener(\"DOMContentLoaded\",function(){for(var e,t,s=l.querySelectorAll(\"iframe.wp-embedded-content\"),r=0;r<s.length;r++)(t=(e=s[r]).getAttribute(\"data-secret\"))||(t=Math.random().toString(36).substring(2,12),e.src+=\"#?secret=\"+t,e.setAttribute(\"data-secret\",t)),e.contentWindow.postMessage({message:\"ready\",secret:t},\"*\")},!1)))}(window,document);\n\/\/# sourceURL=https:\/\/www.abf.se\/jamtland-harjedalen\/wp-includes\/js\/wp-embed.min.js\n\/* ]]> *\/\n<\/script>\n","description":"Vad g\u00f6r du om mobilen \u00e4r d\u00f6d, internet har slutat att fungera och ljuset inte t\u00e4nds n\u00e4r du sl\u00e5r p\u00e5 str\u00f6mbrytaren? Kan du hantera en situation n\u00e4r det inte finns el eller vatten under flera timmar, ja kanske flera dagar eller veckor?","thumbnail_url":"https:\/\/www.abf.se\/wp-content\/uploads\/sites\/30\/2024\/04\/Nyckeln-liggande-scaled.jpg","thumbnail_width":2560,"thumbnail_height":1440}