{"id":801,"date":"2025-02-11T13:03:00","date_gmt":"2025-02-11T12:03:00","guid":{"rendered":"https:\/\/www.abf.se\/jamtland-harjedalen\/?page_id=801"},"modified":"2025-03-27T14:03:20","modified_gmt":"2025-03-27T13:03:20","slug":"keramik-2","status":"publish","type":"page","link":"https:\/\/www.abf.se\/jamtland-harjedalen\/var-verksamhet\/keramik-2\/","title":{"rendered":"Keramik"},"content":{"rendered":"<div\n    class=\"acf-hero-block container-lg no-padding mb-12 js-geolocation\"\n    data-block=\"hero-block\"\n    data-index=\"0\"\n>\n    <div class=\"h-[548px]  relative rounded-[32px] overflow-hidden flex bg-gray-light\">\n        <div class=\"relative z-10 mt-auto h-auto w-full md:h-full\">\n            <div class=\"flex w-full h-full flex-col flex-wrap justify-end w-full md:w-7\/12 lg:w-1\/2 md:justify-center\">\n                <div class=\"flex flex-col gap-3 md:gap-[18px] md:transparent pt-16 pb-36 md:py-8 px-4 w-full md:max-w-[620px] mx-auto px-8\">\n\n                    <h1 class=\"hero-heading\"><span>Keramik i \u00d6stersund<\/span><\/h1>\n\n                    \n                                    <\/div>\n            <\/div>\n        <\/div>\n\n                    <picture class=\"as-background-image mix-blend-multiply bg-black\/40\"><img decoding=\"async\" src=\"https:\/\/www.abf.se\/jamtland-harjedalen\/resized\/?url=https%3A%2F%2Fwww.abf.se%2Fwp-content%2Fuploads%2Fsites%2F30%2F2024%2F06%2FKeramik-i-ugn.jpg&#038;fit=crop&#038;w=1440&#038;s=af3e32de0a1404f2b3e0c3f37142b215\" srcset=\"https:\/\/www.abf.se\/jamtland-harjedalen\/resized\/?url=https%3A%2F%2Fwww.abf.se%2Fwp-content%2Fuploads%2Fsites%2F30%2F2024%2F06%2FKeramik-i-ugn.jpg&#038;fit=crop&#038;w=375&#038;h=540&#038;s=afca5bc5b60b84986e26450204732858 375w, https:\/\/www.abf.se\/jamtland-harjedalen\/resized\/?url=https%3A%2F%2Fwww.abf.se%2Fwp-content%2Fuploads%2Fsites%2F30%2F2024%2F06%2FKeramik-i-ugn.jpg&#038;fit=crop&#038;w=447&#038;h=540&#038;s=94694d4a19644754e294975d01a0f856 447w, https:\/\/www.abf.se\/jamtland-harjedalen\/resized\/?url=https%3A%2F%2Fwww.abf.se%2Fwp-content%2Fuploads%2Fsites%2F30%2F2024%2F06%2FKeramik-i-ugn.jpg&#038;fit=crop&#038;w=519&#038;h=540&#038;s=706cc778f9acf4d39564118fd48cf102 519w, https:\/\/www.abf.se\/jamtland-harjedalen\/resized\/?url=https%3A%2F%2Fwww.abf.se%2Fwp-content%2Fuploads%2Fsites%2F30%2F2024%2F06%2FKeramik-i-ugn.jpg&#038;fit=crop&#038;w=591&#038;h=540&#038;s=5b7f6c94998cbb78d725ae5162b9b93c 591w, https:\/\/www.abf.se\/jamtland-harjedalen\/resized\/?url=https%3A%2F%2Fwww.abf.se%2Fwp-content%2Fuploads%2Fsites%2F30%2F2024%2F06%2FKeramik-i-ugn.jpg&#038;fit=crop&#038;w=663&#038;h=540&#038;s=478d6ce930152cbb6570ce0cf40971e8 663w, https:\/\/www.abf.se\/jamtland-harjedalen\/resized\/?url=https%3A%2F%2Fwww.abf.se%2Fwp-content%2Fuploads%2Fsites%2F30%2F2024%2F06%2FKeramik-i-ugn.jpg&#038;fit=crop&#038;w=750&#038;h=540&#038;s=20c7e58daa22f6d7bdfab9c713e6c989 750w, https:\/\/www.abf.se\/jamtland-harjedalen\/resized\/?url=https%3A%2F%2Fwww.abf.se%2Fwp-content%2Fuploads%2Fsites%2F30%2F2024%2F06%2FKeramik-i-ugn.jpg&#038;fit=crop&#038;w=894&#038;h=540&#038;s=3fc0e7c7795fc6efe2de72f305de76a9 894w, https:\/\/www.abf.se\/jamtland-harjedalen\/resized\/?url=https%3A%2F%2Fwww.abf.se%2Fwp-content%2Fuploads%2Fsites%2F30%2F2024%2F06%2FKeramik-i-ugn.jpg&#038;fit=crop&#038;w=1038&#038;h=540&#038;s=b1f11dda0cf5723625a4cf5598fbaaaa 1038w, https:\/\/www.abf.se\/jamtland-harjedalen\/resized\/?url=https%3A%2F%2Fwww.abf.se%2Fwp-content%2Fuploads%2Fsites%2F30%2F2024%2F06%2FKeramik-i-ugn.jpg&#038;fit=crop&#038;w=1182&#038;h=540&#038;s=081f2d513de51785d6a1693e61f03884 1182w, https:\/\/www.abf.se\/jamtland-harjedalen\/resized\/?url=https%3A%2F%2Fwww.abf.se%2Fwp-content%2Fuploads%2Fsites%2F30%2F2024%2F06%2FKeramik-i-ugn.jpg&#038;fit=crop&#038;w=1326&#038;h=540&#038;s=d65b3912c7fb75f153ba15de68630f35 1326w, https:\/\/www.abf.se\/jamtland-harjedalen\/resized\/?url=https%3A%2F%2Fwww.abf.se%2Fwp-content%2Fuploads%2Fsites%2F30%2F2024%2F06%2FKeramik-i-ugn.jpg&#038;fit=crop&#038;w=1440&#038;h=540&#038;s=eeb6c966d51a89e3208c6dac02b5fa96 1440w\" alt=\"\" height=\"540\" width=\"1440\" sizes=\"(max-width: 1440px) calc(100vw - 32px), 1440px\" loading=\"eager\" fetchpriority=\"high\" aria-hidden=\"true\" role=\"presentation\" \/><\/picture>\n        \n\n            <\/div>\n\n    <\/div>\n\n<div\n    class=\"acf-article-cta-link-block article-container my-8\"\n    data-block=\"article-cta-link-block\"\n>\n<div>\n    <a class=\"inline-flex flex-row items-center gap-4 text-link underline text-red-dark\"\n        href=\"https:\/\/www.abf.se\/jamtland-harjedalen\/kurs-sok\/?q=keramik\"\n            >\n        <span class=\"\">\n        Alla v\u00e5ra keramikkurser\n        <\/span>\n        <figure aria-hidden=\"true\" class=\"rounded-full bg-red-dark w-8 h-8 p-1 text-white\">\n            <svg width=\"20\" height=\"20\" viewBox=\"0 0 20 20\" fill=\"none\" class=\"SvgIconElement\">\n<path d=\"M4.16659 10L15.8333 10\" stroke=\"currentColor\"\/>\n<path d=\"M9.99992 4.1665L15.8333 9.99984L9.99992 15.8332\" stroke=\"currentColor\"\/>\n<\/svg>\n        <\/figure>\n    <\/a>\n<\/div>\n<\/div>\n<div\n    class=\"acf-article-text-block article-container my-12\"\n    data-block=\"article-text-block\"\n>\n    <div class=\"wysiwyg\">\n        <h2>Keramikverkstan i \u00d6stersund<\/h2>\n<p>V\u00e5r keramikverkstad \u00e4r utrustad med flera olika maskiner, redskap, verktyg och arbetsytor att skapa p\u00e5.<\/p>\n<p>Vi har keramik och drejning f\u00f6r vuxna, ungdomar och barn (nyb\u00f6rjar- och forts\u00e4ttningskurser). Vi har kurser som fokuserar p\u00e5 drejning och andra som fokuserar p\u00e5 skulptur. M\u00e5nga olika alternativ!\u00a0Alla v\u00e5ra keramikkurser leds av erfarna och utbildade cirkelledare.<\/p>\n<ul>\n<li><strong>Verkstad i \u00d6stersund:<\/strong> ABFverkstan, K\u00f6rf\u00e4ltsv\u00e4gen 8, \u00d6stersund<\/li>\n<\/ul>\n<h2>Verktyg och lera<\/h2>\n<p>Som deltagare best\u00e4mmer du sj\u00e4lv hur mycket lera du vill anv\u00e4nda dig av under cirkeln.\u00a0Du kan v\u00e4lja mellan olika leror och ett stort antal glasyrer\/f\u00e4rger till dina alster. Vi arbetar endast med stengodslera. Materialkostnaden faktureras dig efter avslutad kurs. I priset f\u00f6r lera ing\u00e5r glasyr och br\u00e4nning.\u00a0Lera finns att k\u00f6pa p\u00e5 plats p\u00e5 ABF.<\/p>\n<p>Vi f\u00f6rs\u00f6ker att handla det mesta av lera och glasyrer lokalt s\u00e5 vi handlar av Nordic Kiwi i V\u00e4ster\u00e5sen.<\/p>\n<h2>Godk\u00e4nt material f\u00f6r cirkelverksamhet<\/h2>\n<p>De glasyrer och leror som anv\u00e4nds \u00e4r godk\u00e4nda f\u00f6r cirkelverksamhet. Du anv\u00e4nder den lera som ABF JH tillhandah\u00e5ller.<\/p>\n<h2>Folkbildning och keramik<\/h2>\n<p>Folkbildningen \u00e4r till f\u00f6r att l\u00e4ra sig och utvecklas tillsammans. Under keramikkurserna \u00e4gnar vi oss inte \u00e5t produktion f\u00f6r f\u00f6rs\u00e4ljning.\u00a0Vi har inga atelj\u00e9er eller studioverksamhet, utan erbjuder studiecirklar i keramik. Om du vill leda en egen grupp inom keramik, kontakta oss!<\/p>\n<h2>Tv\u00e5 omg\u00e5ngar v\u00e5r och h\u00f6st<\/h2>\n<p>Varje v\u00e5r- och h\u00f6sttermin sl\u00e4pps keramikkurserna i tv\u00e5 omg\u00e5ngar p\u00e5 hemsidan. Du kan inte anm\u00e4la dig f\u00f6re kurserna har sl\u00e4ppts.<\/p>\n\n    <\/div>\n<\/div>\n<div\n    class=\"acf-article-text-block article-container my-12\"\n    data-block=\"article-text-block\"\n>\n    <div class=\"wysiwyg\">\n        \n    <\/div>\n<\/div>\n","protected":false},"excerpt":{"rendered":"","protected":false},"author":34,"featured_media":0,"parent":947,"menu_order":0,"comment_status":"closed","ping_status":"closed","template":"","meta":{"_acf_changed":false,"footnotes":""},"class_list":["post-801","page","type-page","status-publish","hentry"],"acf":[],"yoast_head":"<!-- This site is optimized with the Yoast SEO plugin v27.0 - https:\/\/yoast.com\/product\/yoast-seo-wordpress\/ -->\n<title>Keramik - J\u00e4mtland H\u00e4rjedalen<\/title>\n<meta name=\"robots\" content=\"index, follow, max-snippet:-1, max-image-preview:large, max-video-preview:-1\" \/>\n<link rel=\"canonical\" href=\"https:\/\/www.abf.se\/jamtland-harjedalen\/var-verksamhet\/keramik-2\/\" \/>\n<meta property=\"og:locale\" content=\"sv_SE\" \/>\n<meta property=\"og:type\" content=\"article\" \/>\n<meta property=\"og:title\" content=\"Keramik - J\u00e4mtland H\u00e4rjedalen\" \/>\n<meta property=\"og:url\" content=\"https:\/\/www.abf.se\/jamtland-harjedalen\/var-verksamhet\/keramik-2\/\" \/>\n<meta property=\"og:site_name\" content=\"J\u00e4mtland H\u00e4rjedalen\" \/>\n<meta property=\"article:modified_time\" content=\"2025-03-27T13:03:20+00:00\" \/>\n<meta property=\"og:image\" content=\"https:\/\/www.abf.se\/wp-content\/uploads\/sites\/30\/2024\/04\/Nyckeln-liggande-scaled.jpg\" \/>\n\t<meta property=\"og:image:width\" content=\"2560\" \/>\n\t<meta property=\"og:image:height\" content=\"1440\" \/>\n\t<meta property=\"og:image:type\" content=\"image\/jpeg\" \/>\n<meta name=\"twitter:card\" content=\"summary_large_image\" \/>\n<script type=\"application\/ld+json\" class=\"yoast-schema-graph\">{\"@context\":\"https:\/\/schema.org\",\"@graph\":[{\"@type\":\"WebPage\",\"@id\":\"https:\/\/www.abf.se\/jamtland-harjedalen\/var-verksamhet\/keramik-2\/\",\"url\":\"https:\/\/www.abf.se\/jamtland-harjedalen\/var-verksamhet\/keramik-2\/\",\"name\":\"Keramik - J\u00e4mtland H\u00e4rjedalen\",\"isPartOf\":{\"@id\":\"https:\/\/www.abf.se\/jamtland-harjedalen\/#website\"},\"datePublished\":\"2025-02-11T12:03:00+00:00\",\"dateModified\":\"2025-03-27T13:03:20+00:00\",\"breadcrumb\":{\"@id\":\"https:\/\/www.abf.se\/jamtland-harjedalen\/var-verksamhet\/keramik-2\/#breadcrumb\"},\"inLanguage\":\"sv-SE\",\"potentialAction\":[{\"@type\":\"ReadAction\",\"target\":[\"https:\/\/www.abf.se\/jamtland-harjedalen\/var-verksamhet\/keramik-2\/\"]}]},{\"@type\":\"BreadcrumbList\",\"@id\":\"https:\/\/www.abf.se\/jamtland-harjedalen\/var-verksamhet\/keramik-2\/#breadcrumb\",\"itemListElement\":[{\"@type\":\"ListItem\",\"position\":1,\"name\":\"Home\",\"item\":\"https:\/\/www.abf.se\/jamtland-harjedalen\/\"},{\"@type\":\"ListItem\",\"position\":2,\"name\":\"V\u00e5r verksamhet\",\"item\":\"https:\/\/www.abf.se\/jamtland-harjedalen\/var-verksamhet\/\"},{\"@type\":\"ListItem\",\"position\":3,\"name\":\"Keramik\"}]},{\"@type\":\"WebSite\",\"@id\":\"https:\/\/www.abf.se\/jamtland-harjedalen\/#website\",\"url\":\"https:\/\/www.abf.se\/jamtland-harjedalen\/\",\"name\":\"J\u00e4mtland H\u00e4rjedalen\",\"description\":\"\",\"potentialAction\":[{\"@type\":\"SearchAction\",\"target\":{\"@type\":\"EntryPoint\",\"urlTemplate\":\"https:\/\/www.abf.se\/jamtland-harjedalen\/?s={search_term_string}\"},\"query-input\":{\"@type\":\"PropertyValueSpecification\",\"valueRequired\":true,\"valueName\":\"search_term_string\"}}],\"inLanguage\":\"sv-SE\"}]}<\/script>\n<!-- \/ Yoast SEO plugin. -->","yoast_head_json":{"title":"Keramik - J\u00e4mtland H\u00e4rjedalen","robots":{"index":"index","follow":"follow","max-snippet":"max-snippet:-1","max-image-preview":"max-image-preview:large","max-video-preview":"max-video-preview:-1"},"canonical":"https:\/\/www.abf.se\/jamtland-harjedalen\/var-verksamhet\/keramik-2\/","og_locale":"sv_SE","og_type":"article","og_title":"Keramik - J\u00e4mtland H\u00e4rjedalen","og_url":"https:\/\/www.abf.se\/jamtland-harjedalen\/var-verksamhet\/keramik-2\/","og_site_name":"J\u00e4mtland H\u00e4rjedalen","article_modified_time":"2025-03-27T13:03:20+00:00","og_image":[{"width":2560,"height":1440,"url":"https:\/\/www.abf.se\/wp-content\/uploads\/sites\/30\/2024\/04\/Nyckeln-liggande-scaled.jpg","type":"image\/jpeg"}],"twitter_card":"summary_large_image","schema":{"@context":"https:\/\/schema.org","@graph":[{"@type":"WebPage","@id":"https:\/\/www.abf.se\/jamtland-harjedalen\/var-verksamhet\/keramik-2\/","url":"https:\/\/www.abf.se\/jamtland-harjedalen\/var-verksamhet\/keramik-2\/","name":"Keramik - J\u00e4mtland H\u00e4rjedalen","isPartOf":{"@id":"https:\/\/www.abf.se\/jamtland-harjedalen\/#website"},"datePublished":"2025-02-11T12:03:00+00:00","dateModified":"2025-03-27T13:03:20+00:00","breadcrumb":{"@id":"https:\/\/www.abf.se\/jamtland-harjedalen\/var-verksamhet\/keramik-2\/#breadcrumb"},"inLanguage":"sv-SE","potentialAction":[{"@type":"ReadAction","target":["https:\/\/www.abf.se\/jamtland-harjedalen\/var-verksamhet\/keramik-2\/"]}]},{"@type":"BreadcrumbList","@id":"https:\/\/www.abf.se\/jamtland-harjedalen\/var-verksamhet\/keramik-2\/#breadcrumb","itemListElement":[{"@type":"ListItem","position":1,"name":"Home","item":"https:\/\/www.abf.se\/jamtland-harjedalen\/"},{"@type":"ListItem","position":2,"name":"V\u00e5r verksamhet","item":"https:\/\/www.abf.se\/jamtland-harjedalen\/var-verksamhet\/"},{"@type":"ListItem","position":3,"name":"Keramik"}]},{"@type":"WebSite","@id":"https:\/\/www.abf.se\/jamtland-harjedalen\/#website","url":"https:\/\/www.abf.se\/jamtland-harjedalen\/","name":"J\u00e4mtland H\u00e4rjedalen","description":"","potentialAction":[{"@type":"SearchAction","target":{"@type":"EntryPoint","urlTemplate":"https:\/\/www.abf.se\/jamtland-harjedalen\/?s={search_term_string}"},"query-input":{"@type":"PropertyValueSpecification","valueRequired":true,"valueName":"search_term_string"}}],"inLanguage":"sv-SE"}]}},"_links":{"self":[{"href":"https:\/\/www.abf.se\/jamtland-harjedalen\/wp-json\/wp\/v2\/pages\/801","targetHints":{"allow":["GET"]}}],"collection":[{"href":"https:\/\/www.abf.se\/jamtland-harjedalen\/wp-json\/wp\/v2\/pages"}],"about":[{"href":"https:\/\/www.abf.se\/jamtland-harjedalen\/wp-json\/wp\/v2\/types\/page"}],"author":[{"embeddable":true,"href":"https:\/\/www.abf.se\/jamtland-harjedalen\/wp-json\/wp\/v2\/users\/34"}],"replies":[{"embeddable":true,"href":"https:\/\/www.abf.se\/jamtland-harjedalen\/wp-json\/wp\/v2\/comments?post=801"}],"version-history":[{"count":11,"href":"https:\/\/www.abf.se\/jamtland-harjedalen\/wp-json\/wp\/v2\/pages\/801\/revisions"}],"predecessor-version":[{"id":841,"href":"https:\/\/www.abf.se\/jamtland-harjedalen\/wp-json\/wp\/v2\/pages\/801\/revisions\/841"}],"up":[{"embeddable":true,"href":"https:\/\/www.abf.se\/jamtland-harjedalen\/wp-json\/wp\/v2\/pages\/947"}],"wp:attachment":[{"href":"https:\/\/www.abf.se\/jamtland-harjedalen\/wp-json\/wp\/v2\/media?parent=801"}],"curies":[{"name":"wp","href":"https:\/\/api.w.org\/{rel}","templated":true}]}}