{"id":247,"date":"2024-03-27T13:32:22","date_gmt":"2024-03-27T12:32:22","guid":{"rendered":"https:\/\/www.abf.se\/kronoberg\/?page_id=247"},"modified":"2024-04-12T15:15:22","modified_gmt":"2024-04-12T13:15:22","slug":"samarbeta-med-abf-2","status":"publish","type":"page","link":"https:\/\/www.abf.se\/kronoberg\/samarbeta-med-abf-2\/","title":{"rendered":"Samarbeta med ABF Kronoberg"},"content":{"rendered":"<div\n    class=\"acf-section-breaker-text my-8 container-lg\"\n    data-block=\"section-breaker-text\"\n>\n    <div class=\"round-corners-lg overflow-hidden pt-36 pb-8 px-5 md:p-16 relative grid grid-cols-1 md:grid-cols-2 lg:grid-cols-5 grid-flow-col-dense\">\n\n            <picture class=\"as-background-image\"><img decoding=\"async\" src=\"https:\/\/www.abf.se\/kronoberg\/resized\/?url=https%3A%2F%2Fwww.abf.se%2Fwp-content%2Fuploads%2Fsites%2F33%2F2024%2F03%2FAsikter-och-opinion-liggande-scaled.jpg&#038;fit=crop&#038;w=1440&#038;s=396af1ef49c64d1700c1eee317d53b7d\" srcset=\"https:\/\/www.abf.se\/kronoberg\/resized\/?url=https%3A%2F%2Fwww.abf.se%2Fwp-content%2Fuploads%2Fsites%2F33%2F2024%2F03%2FAsikter-och-opinion-liggande-scaled.jpg&#038;fit=crop&#038;w=375&#038;h=540&#038;s=3cbab17870e700761c246bd2e3110cd0 375w, https:\/\/www.abf.se\/kronoberg\/resized\/?url=https%3A%2F%2Fwww.abf.se%2Fwp-content%2Fuploads%2Fsites%2F33%2F2024%2F03%2FAsikter-och-opinion-liggande-scaled.jpg&#038;fit=crop&#038;w=499&#038;h=540&#038;s=2bf6e6c3398fb1ae08a77e2b9f4b9883 499w, https:\/\/www.abf.se\/kronoberg\/resized\/?url=https%3A%2F%2Fwww.abf.se%2Fwp-content%2Fuploads%2Fsites%2F33%2F2024%2F03%2FAsikter-och-opinion-liggande-scaled.jpg&#038;fit=crop&#038;w=623&#038;h=540&#038;s=7f12e63acf0179b3b3ad675bb2b5f0bc 623w, https:\/\/www.abf.se\/kronoberg\/resized\/?url=https%3A%2F%2Fwww.abf.se%2Fwp-content%2Fuploads%2Fsites%2F33%2F2024%2F03%2FAsikter-och-opinion-liggande-scaled.jpg&#038;fit=crop&#038;w=747&#038;h=540&#038;s=5cb918524af88d1dfd7fc26e283ce4f6 747w, https:\/\/www.abf.se\/kronoberg\/resized\/?url=https%3A%2F%2Fwww.abf.se%2Fwp-content%2Fuploads%2Fsites%2F33%2F2024%2F03%2FAsikter-och-opinion-liggande-scaled.jpg&#038;fit=crop&#038;w=750&#038;h=540&#038;s=aee418ceeab0973b5acc383164163f2d 750w, https:\/\/www.abf.se\/kronoberg\/resized\/?url=https%3A%2F%2Fwww.abf.se%2Fwp-content%2Fuploads%2Fsites%2F33%2F2024%2F03%2FAsikter-och-opinion-liggande-scaled.jpg&#038;fit=crop&#038;w=871&#038;h=540&#038;s=5d7cf40d60a3fe152c2c1dfcee9b8e5e 871w, https:\/\/www.abf.se\/kronoberg\/resized\/?url=https%3A%2F%2Fwww.abf.se%2Fwp-content%2Fuploads%2Fsites%2F33%2F2024%2F03%2FAsikter-och-opinion-liggande-scaled.jpg&#038;fit=crop&#038;w=995&#038;h=540&#038;s=5aa9141a31b969ba38202f0e558f5bd8 995w, https:\/\/www.abf.se\/kronoberg\/resized\/?url=https%3A%2F%2Fwww.abf.se%2Fwp-content%2Fuploads%2Fsites%2F33%2F2024%2F03%2FAsikter-och-opinion-liggande-scaled.jpg&#038;fit=crop&#038;w=998&#038;h=540&#038;s=c684426d6ef246e88f8616aa73224c89 998w, https:\/\/www.abf.se\/kronoberg\/resized\/?url=https%3A%2F%2Fwww.abf.se%2Fwp-content%2Fuploads%2Fsites%2F33%2F2024%2F03%2FAsikter-och-opinion-liggande-scaled.jpg&#038;fit=crop&#038;w=1119&#038;h=540&#038;s=6c3a50f669ce7f7e11cebbb9541c2d95 1119w, https:\/\/www.abf.se\/kronoberg\/resized\/?url=https%3A%2F%2Fwww.abf.se%2Fwp-content%2Fuploads%2Fsites%2F33%2F2024%2F03%2FAsikter-och-opinion-liggande-scaled.jpg&#038;fit=crop&#038;w=1243&#038;h=540&#038;s=65fe6089ba4cb0ec3cd1af5ca03c7ba7 1243w, https:\/\/www.abf.se\/kronoberg\/resized\/?url=https%3A%2F%2Fwww.abf.se%2Fwp-content%2Fuploads%2Fsites%2F33%2F2024%2F03%2FAsikter-och-opinion-liggande-scaled.jpg&#038;fit=crop&#038;w=1246&#038;h=540&#038;s=4a3d0c1c9662a2f9b8c108f4c38e3094 1246w, https:\/\/www.abf.se\/kronoberg\/resized\/?url=https%3A%2F%2Fwww.abf.se%2Fwp-content%2Fuploads%2Fsites%2F33%2F2024%2F03%2FAsikter-och-opinion-liggande-scaled.jpg&#038;fit=crop&#038;w=1367&#038;h=540&#038;s=686aa312ac78e1ebe71df4c2f255a050 1367w, https:\/\/www.abf.se\/kronoberg\/resized\/?url=https%3A%2F%2Fwww.abf.se%2Fwp-content%2Fuploads%2Fsites%2F33%2F2024%2F03%2FAsikter-och-opinion-liggande-scaled.jpg&#038;fit=crop&#038;w=1440&#038;h=540&#038;s=2a157812b11767c930ff4a8ecad1df26 1440w, https:\/\/www.abf.se\/kronoberg\/resized\/?url=https%3A%2F%2Fwww.abf.se%2Fwp-content%2Fuploads%2Fsites%2F33%2F2024%2F03%2FAsikter-och-opinion-liggande-scaled.jpg&#038;fit=crop&#038;w=1494&#038;h=540&#038;s=dcb4488b486723e8e5b23056f93d2b61 1494w, https:\/\/www.abf.se\/kronoberg\/resized\/?url=https%3A%2F%2Fwww.abf.se%2Fwp-content%2Fuploads%2Fsites%2F33%2F2024%2F03%2FAsikter-och-opinion-liggande-scaled.jpg&#038;fit=crop&#038;w=1742&#038;h=540&#038;s=19eb0cac73391b2cf052344145732c67 1742w, https:\/\/www.abf.se\/kronoberg\/resized\/?url=https%3A%2F%2Fwww.abf.se%2Fwp-content%2Fuploads%2Fsites%2F33%2F2024%2F03%2FAsikter-och-opinion-liggande-scaled.jpg&#038;fit=crop&#038;w=1990&#038;h=540&#038;s=b9a35afa391e298ea56f6f7749560e92 1990w, https:\/\/www.abf.se\/kronoberg\/resized\/?url=https%3A%2F%2Fwww.abf.se%2Fwp-content%2Fuploads%2Fsites%2F33%2F2024%2F03%2FAsikter-och-opinion-liggande-scaled.jpg&#038;fit=crop&#038;w=2238&#038;h=540&#038;s=07da9e47274bac9e9eb6730c1db5b846 2238w, https:\/\/www.abf.se\/kronoberg\/resized\/?url=https%3A%2F%2Fwww.abf.se%2Fwp-content%2Fuploads%2Fsites%2F33%2F2024%2F03%2FAsikter-och-opinion-liggande-scaled.jpg&#038;fit=crop&#038;w=2486&#038;h=540&#038;s=f763a0613d8074a7f6a0c57eb79ed504 2486w, https:\/\/www.abf.se\/kronoberg\/resized\/?url=https%3A%2F%2Fwww.abf.se%2Fwp-content%2Fuploads%2Fsites%2F33%2F2024%2F03%2FAsikter-och-opinion-liggande-scaled.jpg&#038;fit=crop&#038;w=2734&#038;h=540&#038;s=9a37f25cb6f0fb0ca483c55b81ba915a 2734w\" alt=\"\" height=\"540\" width=\"1440\" sizes=\"auto, \n            (max-width: 1440px) calc(100vw - 32px), 1440px\" loading=\"lazy\" fetchpriority=\"low\" aria-hidden=\"true\" role=\"presentation\" \/><\/picture>\n                <div class=\"bg-white round-corners-sm px-10 py-11 col-span-1  relative z-10 col-start-4 col-end-[-1]\">\n            <h2 class=\"heading-lg mb-4\">Samarbeta med ABF Kronoberg<\/h2>\n            <div style=\"font-size: 1.25rem; color: black;\" class=\"body-xl wysiwyg\"><p>ABF Kronoberg \u00e4r en m\u00f6tesplats f\u00f6r bildning, kultur och organisering.  <\/p>\n<p>Den st\u00f6rsta delen av v\u00e5r verksamhet utg\u00f6rs av olika typer av samarbeten.<br \/>\nVi samarbetar med s\u00e5v\u00e4l v\u00e5ra egna medlemsorganisationer som frist\u00e5ende f\u00f6reningar, fria grupper och ideella akt\u00f6rer. <\/p>\n<\/div>\n                                            <a href='https:\/\/www.abf.se\/kronoberg\/kontakt\/' class=\"default-button mt-8\" target=\"_blank\">Kontakta oss<\/a>\n                    \n        <\/div>\n    <\/div>\n<\/div>\n<div\n    class=\"acf-plain-heading-block container my-16\"\n    data-block=\"plain-heading-block\"\n>\n    <div class=\"max-w-[658px] mx-auto\">\n                <h1 class=\"hero-heading\"><span>Det h\u00e4r kan vi g\u00f6ra f\u00f6r er<\/span><\/h1>\n                            <p class=\"mt-8 body-xl text-black\">\n                Vi p\u00e5 ABF anpassar oss alltid efter v\u00e5ra samarbetsparters unika behov, f\u00f6ruts\u00e4ttningar, m\u00e5l och id\u00e9er.  <br \/>\r\n<br \/>\r\nBland mycket annat kan ABF Kronoberg:\n            <\/p>\n            <\/div>\n<\/div>\n<div\n    class=\"acf-article-text-block article-container my-12\"\n    data-block=\"article-text-block\"\n>\n    <div class=\"wysiwyg\">\n        <ul>\n<li>Vara ett bollplank som hj\u00e4lper till att forma id\u00e9er till konkret verksamhet.<\/li>\n<li>Erbjuda lokaler f\u00f6r f\u00f6reningsm\u00f6ten, folkbildningsverksamhet och kulturarrangemang.<\/li>\n<li>St\u00e4rka f\u00f6reningar med kompetensutveckling och utbildningar.<\/li>\n<li>St\u00e4rka cirkelledare med kompetensutveckling och utbildningar.<\/li>\n<li>Ta fram och erbjuda studie- och handledningsmaterial.<\/li>\n<li>Erbjuda verksamhetskopplad utrustning och materiel.<\/li>\n<li>Marknadsf\u00f6ra evenemang och arrangemang.<\/li>\n<li>Agera n\u00e4tverksfunktion och m\u00f6tesplats.<\/li>\n<li>Hj\u00e4lpa till med bokningar av artister och f\u00f6rel\u00e4sare och utbetalningar av arvoden.<\/li>\n<\/ul>\n\n    <\/div>\n<\/div>\n<div\n    class=\"acf-plain-heading-block container my-16\"\n    data-block=\"plain-heading-block\"\n>\n    <div class=\"max-w-[658px] mx-auto\">\n                <h1 class=\"hero-heading\"><span>V\u00e5ra verksamhetsformer<\/span><\/h1>\n                            <p class=\"mt-8 body-xl text-black\">\n                Folkbildning som metod \u00e4r indelad i tre former: studiecirklar, kulturprogram och annan folkbildningsverksamhet. Studie- och kulturverksamhet kan se ut p\u00e5 olika s\u00e4tt och i dialog ser vi vilken verksamhetsform som \u00e4r aktuell f\u00f6r just er id\u00e9 och verksamhet. Det kan till exempel vara en f\u00f6rel\u00e4sning (\u201dkulturprogram\u201d) som f\u00f6ljs av en prova p\u00e5-kurs eller workshop (\u201dannan folkbildningsverksamhet\u201d), vilken sedan forts\u00e4tter med en studiecirkel f\u00f6r de som vill f\u00f6rdjupa sig ytterligare. <br \/>\r\n<br \/>\r\nDet finns m\u00e5nga s\u00e4tt att g\u00f6ra folkbildning p\u00e5! \n            <\/p>\n            <\/div>\n<\/div>\n<div\n    class=\"acf-article-text-block article-container my-12\"\n    data-block=\"article-text-block\"\n>\n    <div class=\"wysiwyg\">\n        <h2><strong>Studiecirkel<\/strong><\/h2>\n<p>En studiecirkel \u00e4r en grupp m\u00e4nniskor som tr\u00e4ffas regelbundet och \u00e4gnar sig \u00e5t gemensamt kunskapss\u00f6kande. Cirkeln kan handla om i princip vad som helst, huvudsaken \u00e4r att l\u00e4randeprocessen h\u00e5lls vid liv!<\/p>\n<p><span data-contrast=\"none\">F\u00f6r att cirkeln ska vara m\u00f6jlig att g\u00f6ra tillsammans med oss finns det n\u00e5gra regler att f\u00f6rh\u00e5lla sig till:<\/span><\/p>\n\n    <\/div>\n<\/div>\n<ul\n    class=\"acf-article-accordion-block accordion-group grid gap-4 my-12 article-container\"\n    data-block=\"article-accordion-block \"\n    data-ui-accordion-group\n>\n\n            <li class=\"accordion\" data-ui-accordion data-ui-accordion-open=\"false\">\n        <h3>\n        <button data-ui-accordion-button class=\"accordion-toggle font-bold\" aria-expanded=\"false\" aria-controls=\"row-deltagare-0\" id=\"deltagare-0\">\n            Deltagare\n            \n            <figure class=\"w-4.5 h-4.5\" aria-hidden=\"true\">\n            <svg width=\"20\" height=\"20\" viewBox=\"0 0 20 20\" fill=\"none\"\nclass=\"SvgIconElement\">\n<path d=\"M15.8333 7.16667L9.99992 13L4.16659 7.16667\" stroke=\"currentColor\"\/>\n<\/svg>\n            <\/figure>\n        <\/button>\n        \n                <\/h3>\n        <div class=\"accordion-content\">\n            <div id=\"row-deltagare-0\" role=\"region\" class=\"accordion-content-wrap\" aria-labelledby=\"deltagare-0\">\n                                            <div class=\"wysiwyg\">\n                    <p>En studiecirkel ska ha minst 3 och h\u00f6gst 20 deltagare inklusive cirkelledaren. F\u00f6r att bli godk\u00e4nd m\u00e5ste deltagaren under \u00e5ret ha hunnit fylla minst 13 \u00e5r. Deltagaren ska ha varit n\u00e4rvarande vid minst nio studietimmar och minst tre sammankomster. En deltagare kan per kalender\u00e5r delta i maximalt 480 studietimmar folkbildningsverksamhet hos ett enskilt studief\u00f6rbund. F\u00f6r att s\u00e4kerst\u00e4lla uppgifternas riktighet och s\u00e4kra rapporteringen beh\u00f6ver deltagare registreras med personnummer. <\/p>\n\n                <\/div>\n                                        <\/div>\n        <\/div>\n    <\/li>\n    <\/ul>\n<ul\n    class=\"acf-article-accordion-block accordion-group grid gap-4 my-12 article-container\"\n    data-block=\"article-accordion-block \"\n    data-ui-accordion-group\n>\n\n            <li class=\"accordion\" data-ui-accordion data-ui-accordion-open=\"false\">\n        <h3>\n        <button data-ui-accordion-button class=\"accordion-toggle font-bold\" aria-expanded=\"false\" aria-controls=\"row-cirkelledare-0\" id=\"cirkelledare-0\">\n            Cirkelledare\n            \n            <figure class=\"w-4.5 h-4.5\" aria-hidden=\"true\">\n            <svg width=\"20\" height=\"20\" viewBox=\"0 0 20 20\" fill=\"none\"\nclass=\"SvgIconElement\">\n<path d=\"M15.8333 7.16667L9.99992 13L4.16659 7.16667\" stroke=\"currentColor\"\/>\n<\/svg>\n            <\/figure>\n        <\/button>\n        \n                <\/h3>\n        <div class=\"accordion-content\">\n            <div id=\"row-cirkelledare-0\" role=\"region\" class=\"accordion-content-wrap\" aria-labelledby=\"cirkelledare-0\">\n                                            <div class=\"wysiwyg\">\n                    <p>Studiecirkeln ska ha en av ABF Kronoberg godk\u00e4nd cirkelledare. Vi vill g\u00e4rna tr\u00e4ffa alla ledare f\u00f6r ett kort introduktionssamtal d\u00e4r vi ber\u00e4ttar om ABF, folkbildning och villkoren f\u00f6r samarbete. Vi erbjuder ocks\u00e5 kostnadsfri cirkelledarutbildning och hj\u00e4lp att utveckla ditt ledarskap. <\/p>\n\n                <\/div>\n                                        <\/div>\n        <\/div>\n    <\/li>\n    <\/ul>\n<ul\n    class=\"acf-article-accordion-block accordion-group grid gap-4 my-12 article-container\"\n    data-block=\"article-accordion-block \"\n    data-ui-accordion-group\n>\n\n            <li class=\"accordion\" data-ui-accordion data-ui-accordion-open=\"false\">\n        <h3>\n        <button data-ui-accordion-button class=\"accordion-toggle font-bold\" aria-expanded=\"false\" aria-controls=\"row-narvarorapportering-0\" id=\"narvarorapportering-0\">\n            N\u00e4rvarorapportering\n            \n            <figure class=\"w-4.5 h-4.5\" aria-hidden=\"true\">\n            <svg width=\"20\" height=\"20\" viewBox=\"0 0 20 20\" fill=\"none\"\nclass=\"SvgIconElement\">\n<path d=\"M15.8333 7.16667L9.99992 13L4.16659 7.16667\" stroke=\"currentColor\"\/>\n<\/svg>\n            <\/figure>\n        <\/button>\n        \n                <\/h3>\n        <div class=\"accordion-content\">\n            <div id=\"row-narvarorapportering-0\" role=\"region\" class=\"accordion-content-wrap\" aria-labelledby=\"narvarorapportering-0\">\n                                            <div class=\"wysiwyg\">\n                    <p>I ABF:s e-tj\u00e4nst f\u00e5r cirkelledaren en digital n\u00e4rvarolista som fylls i vid varje sammankomst. Efter genomf\u00f6rd cirkel signerar cirkelledaren listan med bank-ID och l\u00e4mnar in den f\u00f6r rapportering. En studiecirkel kan rapportera maximalt 3 tr\u00e4ffar per vecka och ett tillf\u00e4lle kan maximalt vara 4 studietimmar. <\/p>\n\n                <\/div>\n                                        <\/div>\n        <\/div>\n    <\/li>\n    <\/ul>\n<ul\n    class=\"acf-article-accordion-block accordion-group grid gap-4 my-12 article-container\"\n    data-block=\"article-accordion-block \"\n    data-ui-accordion-group\n>\n\n            <li class=\"accordion\" data-ui-accordion data-ui-accordion-open=\"false\">\n        <h3>\n        <button data-ui-accordion-button class=\"accordion-toggle font-bold\" aria-expanded=\"false\" aria-controls=\"row-studieplan-0\" id=\"studieplan-0\">\n            Studieplan\n            \n            <figure class=\"w-4.5 h-4.5\" aria-hidden=\"true\">\n            <svg width=\"20\" height=\"20\" viewBox=\"0 0 20 20\" fill=\"none\"\nclass=\"SvgIconElement\">\n<path d=\"M15.8333 7.16667L9.99992 13L4.16659 7.16667\" stroke=\"currentColor\"\/>\n<\/svg>\n            <\/figure>\n        <\/button>\n        \n                <\/h3>\n        <div class=\"accordion-content\">\n            <div id=\"row-studieplan-0\" role=\"region\" class=\"accordion-content-wrap\" aria-labelledby=\"studieplan-0\">\n                                            <div class=\"wysiwyg\">\n                    <p>Studiearbetet planeras gemensamt av deltagarna och ledaren vid cirkelns b\u00f6rjan. En enkel arbetsplan tas fram som beskriver cirkelns m\u00e5l och syfte, hur man t\u00e4nker arbeta, samt med vilket material. Arbetsplanen fylls i i ABF:s e-tj\u00e4nst, d\u00e4r f\u00e4rdiga fr\u00e5gor finns formulerade.  <\/p>\n\n                <\/div>\n                                        <\/div>\n        <\/div>\n    <\/li>\n    <\/ul>\n<div\n    class=\"acf-article-text-block article-container my-12\"\n    data-block=\"article-text-block\"\n>\n    <div class=\"wysiwyg\">\n        <h2>Kulturprogram<\/h2>\n<p>Kulturprogram sker inf\u00f6r publik och kan till exempel vara f\u00f6rel\u00e4sningar, teaterf\u00f6rest\u00e4llningar, konserter, debatter och seminarier, dansf\u00f6rest\u00e4llningar, filmvisningar och utst\u00e4llningar.<\/p>\n<p><span data-contrast=\"none\">Regler att f\u00f6rh\u00e5lla sig till f\u00f6r kulturprogram: <\/span><\/p>\n\n    <\/div>\n<\/div>\n<ul\n    class=\"acf-article-accordion-block accordion-group grid gap-4 my-12 article-container\"\n    data-block=\"article-accordion-block \"\n    data-ui-accordion-group\n>\n\n            <li class=\"accordion\" data-ui-accordion data-ui-accordion-open=\"false\">\n        <h3>\n        <button data-ui-accordion-button class=\"accordion-toggle font-bold\" aria-expanded=\"false\" aria-controls=\"row-deltagare\/publik-0\" id=\"deltagare\/publik-0\">\n            Deltagare\/publik\n            \n            <figure class=\"w-4.5 h-4.5\" aria-hidden=\"true\">\n            <svg width=\"20\" height=\"20\" viewBox=\"0 0 20 20\" fill=\"none\"\nclass=\"SvgIconElement\">\n<path d=\"M15.8333 7.16667L9.99992 13L4.16659 7.16667\" stroke=\"currentColor\"\/>\n<\/svg>\n            <\/figure>\n        <\/button>\n        \n                <\/h3>\n        <div class=\"accordion-content\">\n            <div id=\"row-deltagare\/publik-0\" role=\"region\" class=\"accordion-content-wrap\" aria-labelledby=\"deltagare\/publik-0\">\n                                            <div class=\"wysiwyg\">\n                    <p>Kulturprogrammet m\u00e5ste ha minst fem deltagare ut\u00f6ver studief\u00f6rbundets representant. Verksamheten riktar sig till ungdomar (13 \u00e5r eller \u00e4ldre) och\/eller vuxna. <\/p>\n<p>P\u00e5 ett kulturprogram rapporteras inte enskilda personer utan bara antal i publiken, d\u00e4rf\u00f6r beh\u00f6vs inga personuppgifter i samband i med rapportering. <\/p>\n\n                <\/div>\n                                        <\/div>\n        <\/div>\n    <\/li>\n    <\/ul>\n<ul\n    class=\"acf-article-accordion-block accordion-group grid gap-4 my-12 article-container\"\n    data-block=\"article-accordion-block \"\n    data-ui-accordion-group\n>\n\n            <li class=\"accordion\" data-ui-accordion data-ui-accordion-open=\"false\">\n        <h3>\n        <button data-ui-accordion-button class=\"accordion-toggle font-bold\" aria-expanded=\"false\" aria-controls=\"row-utformning-0\" id=\"utformning-0\">\n            Utformning\n            \n            <figure class=\"w-4.5 h-4.5\" aria-hidden=\"true\">\n            <svg width=\"20\" height=\"20\" viewBox=\"0 0 20 20\" fill=\"none\"\nclass=\"SvgIconElement\">\n<path d=\"M15.8333 7.16667L9.99992 13L4.16659 7.16667\" stroke=\"currentColor\"\/>\n<\/svg>\n            <\/figure>\n        <\/button>\n        \n                <\/h3>\n        <div class=\"accordion-content\">\n            <div id=\"row-utformning-0\" role=\"region\" class=\"accordion-content-wrap\" aria-labelledby=\"utformning-0\">\n                                            <div class=\"wysiwyg\">\n                    <p>Ett kulturprogram p\u00e5g\u00e5r i minst 30 minuter och programmet ska vara utformat s\u00e5 att det bidrar till att skapa delaktighet, upplevelse och eftertanke. Kulturprogram ska vara \u00f6ppna f\u00f6r allm\u00e4nheten och annonseras i f\u00f6rv\u00e4g. Det ska framg\u00e5 i marknadsf\u00f6ringen och vara tydligt f\u00f6r deltagare att ABF Kronoberg \u00e4r medarrang\u00f6r. <\/p>\n\n                <\/div>\n                                        <\/div>\n        <\/div>\n    <\/li>\n    <\/ul>\n<ul\n    class=\"acf-article-accordion-block accordion-group grid gap-4 my-12 article-container\"\n    data-block=\"article-accordion-block \"\n    data-ui-accordion-group\n>\n\n            <li class=\"accordion\" data-ui-accordion data-ui-accordion-open=\"false\">\n        <h3>\n        <button data-ui-accordion-button class=\"accordion-toggle font-bold\" aria-expanded=\"false\" aria-controls=\"row-rapportering-0\" id=\"rapportering-0\">\n            Rapportering\n            \n            <figure class=\"w-4.5 h-4.5\" aria-hidden=\"true\">\n            <svg width=\"20\" height=\"20\" viewBox=\"0 0 20 20\" fill=\"none\"\nclass=\"SvgIconElement\">\n<path d=\"M15.8333 7.16667L9.99992 13L4.16659 7.16667\" stroke=\"currentColor\"\/>\n<\/svg>\n            <\/figure>\n        <\/button>\n        \n                <\/h3>\n        <div class=\"accordion-content\">\n            <div id=\"row-rapportering-0\" role=\"region\" class=\"accordion-content-wrap\" aria-labelledby=\"rapportering-0\">\n                                            <div class=\"wysiwyg\">\n                    <p>Vid kulturprogram ska det finnas en av ABF Kronoberg utsedd rapporteringsansvarig som n\u00e4rvarar vid, och ansvarar f\u00f6r, programmets genomf\u00f6rande samt dess rapportering. En digital rapport avseende bland annat antal i publiken l\u00e4mnas in via ABF:s e-tj\u00e4nst.  <\/p>\n\n                <\/div>\n                                        <\/div>\n        <\/div>\n    <\/li>\n    <\/ul>\n<div\n    class=\"acf-article-text-block article-container my-12\"\n    data-block=\"article-text-block\"\n>\n    <div class=\"wysiwyg\">\n        <h2>Annan folkbildningsverksamhet<\/h2>\n<p>Det h\u00e4r \u00e4r en fri och flexibel verksamhetsform som ger m\u00f6jlighet att testa och hitta nya former f\u00f6r l\u00e4rande och skapande. Exempel \u00e4r \u201dprova p\u00e5-dagar\u201d, workshops, drop-in, temakv\u00e4llar, endagskurser och helgkurser.<\/p>\n<p><span data-contrast=\"none\">Regler att f\u00f6rh\u00e5lla sig till f\u00f6r annan folkbildningsverksamhet:<\/span><\/p>\n\n    <\/div>\n<\/div>\n<ul\n    class=\"acf-article-accordion-block accordion-group grid gap-4 my-12 article-container\"\n    data-block=\"article-accordion-block \"\n    data-ui-accordion-group\n>\n\n            <li class=\"accordion\" data-ui-accordion data-ui-accordion-open=\"false\">\n        <h3>\n        <button data-ui-accordion-button class=\"accordion-toggle font-bold\" aria-expanded=\"false\" aria-controls=\"row-deltagare-0\" id=\"deltagare-0\">\n            Deltagare\n            \n            <figure class=\"w-4.5 h-4.5\" aria-hidden=\"true\">\n            <svg width=\"20\" height=\"20\" viewBox=\"0 0 20 20\" fill=\"none\"\nclass=\"SvgIconElement\">\n<path d=\"M15.8333 7.16667L9.99992 13L4.16659 7.16667\" stroke=\"currentColor\"\/>\n<\/svg>\n            <\/figure>\n        <\/button>\n        \n                <\/h3>\n        <div class=\"accordion-content\">\n            <div id=\"row-deltagare-0\" role=\"region\" class=\"accordion-content-wrap\" aria-labelledby=\"deltagare-0\">\n                                            <div class=\"wysiwyg\">\n                    <p>Minst tre deltagare inklusive cirkelledaren, ingen \u00f6vre gr\u00e4ns. Det \u00e4r m\u00f6jligt att delta fr\u00e5n det \u00e5ret man fyller sex \u00e5r. F\u00f6r att s\u00e4kerst\u00e4lla uppgifternas riktighet och s\u00e4kra rapporteringen beh\u00f6ver deltagare registreras med personnummer. <\/p>\n\n                <\/div>\n                                        <\/div>\n        <\/div>\n    <\/li>\n    <\/ul>\n<ul\n    class=\"acf-article-accordion-block accordion-group grid gap-4 my-12 article-container\"\n    data-block=\"article-accordion-block \"\n    data-ui-accordion-group\n>\n\n            <li class=\"accordion\" data-ui-accordion data-ui-accordion-open=\"false\">\n        <h3>\n        <button data-ui-accordion-button class=\"accordion-toggle font-bold\" aria-expanded=\"false\" aria-controls=\"row-cirkelledare-0\" id=\"cirkelledare-0\">\n            Cirkelledare\n            \n            <figure class=\"w-4.5 h-4.5\" aria-hidden=\"true\">\n            <svg width=\"20\" height=\"20\" viewBox=\"0 0 20 20\" fill=\"none\"\nclass=\"SvgIconElement\">\n<path d=\"M15.8333 7.16667L9.99992 13L4.16659 7.16667\" stroke=\"currentColor\"\/>\n<\/svg>\n            <\/figure>\n        <\/button>\n        \n                <\/h3>\n        <div class=\"accordion-content\">\n            <div id=\"row-cirkelledare-0\" role=\"region\" class=\"accordion-content-wrap\" aria-labelledby=\"cirkelledare-0\">\n                                            <div class=\"wysiwyg\">\n                    <p>\u00c4ven i annan folkbildningsverksamhet ska det finnas en av ABF Kronoberg godk\u00e4nd cirkelledare. Vi vill g\u00e4rna tr\u00e4ffa alla ledare f\u00f6r ett kort introduktionssamtal d\u00e4r vi ber\u00e4ttar om ABF, folkbildning och villkoren f\u00f6r samarbete. Vi erbjuder ocks\u00e5 kostnadsfri cirkelledarutbildning och hj\u00e4lp att utveckla ditt ledarskap. <\/p>\n\n                <\/div>\n                                        <\/div>\n        <\/div>\n    <\/li>\n    <\/ul>\n<ul\n    class=\"acf-article-accordion-block accordion-group grid gap-4 my-12 article-container\"\n    data-block=\"article-accordion-block \"\n    data-ui-accordion-group\n>\n\n            <li class=\"accordion\" data-ui-accordion data-ui-accordion-open=\"false\">\n        <h3>\n        <button data-ui-accordion-button class=\"accordion-toggle font-bold\" aria-expanded=\"false\" aria-controls=\"row-narvarorapportering-0\" id=\"narvarorapportering-0\">\n            N\u00e4rvarorapportering\n            \n            <figure class=\"w-4.5 h-4.5\" aria-hidden=\"true\">\n            <svg width=\"20\" height=\"20\" viewBox=\"0 0 20 20\" fill=\"none\"\nclass=\"SvgIconElement\">\n<path d=\"M15.8333 7.16667L9.99992 13L4.16659 7.16667\" stroke=\"currentColor\"\/>\n<\/svg>\n            <\/figure>\n        <\/button>\n        \n                <\/h3>\n        <div class=\"accordion-content\">\n            <div id=\"row-narvarorapportering-0\" role=\"region\" class=\"accordion-content-wrap\" aria-labelledby=\"narvarorapportering-0\">\n                                            <div class=\"wysiwyg\">\n                    <p>Ledaren fyller i en digital n\u00e4rvarolista i e-tj\u00e4nsten vid tr\u00e4ffen eller tr\u00e4ffarna som sedan signeras efter genomf\u00f6rd verksamhet. <\/p>\n\n                <\/div>\n                                        <\/div>\n        <\/div>\n    <\/li>\n    <\/ul>\n<ul\n    class=\"acf-article-accordion-block accordion-group grid gap-4 my-12 article-container\"\n    data-block=\"article-accordion-block \"\n    data-ui-accordion-group\n>\n\n            <li class=\"accordion\" data-ui-accordion data-ui-accordion-open=\"false\">\n        <h3>\n        <button data-ui-accordion-button class=\"accordion-toggle font-bold\" aria-expanded=\"false\" aria-controls=\"row-studieplan-0\" id=\"studieplan-0\">\n            Studieplan\n            \n            <figure class=\"w-4.5 h-4.5\" aria-hidden=\"true\">\n            <svg width=\"20\" height=\"20\" viewBox=\"0 0 20 20\" fill=\"none\"\nclass=\"SvgIconElement\">\n<path d=\"M15.8333 7.16667L9.99992 13L4.16659 7.16667\" stroke=\"currentColor\"\/>\n<\/svg>\n            <\/figure>\n        <\/button>\n        \n                <\/h3>\n        <div class=\"accordion-content\">\n            <div id=\"row-studieplan-0\" role=\"region\" class=\"accordion-content-wrap\" aria-labelledby=\"studieplan-0\">\n                                            <div class=\"wysiwyg\">\n                    <p>Deltagarna och ledaren planerar gemensamt studiearbetet vid f\u00f6rsta tillf\u00e4llet. Varje grupp ska ha en enkel studieplan som beskriver m\u00e5let, syftet och hur man t\u00e4nker arbeta. I e-tj\u00e4nsten finns en f\u00e4rdig arbetsplan att fylla i, med f\u00e4rre fr\u00e5gor \u00e4n den f\u00f6r studiecirklar.  <\/p>\n\n                <\/div>\n                                        <\/div>\n        <\/div>\n    <\/li>\n    <\/ul>\n<div\n    class=\"acf-plain-heading-block container my-16\"\n    data-block=\"plain-heading-block\"\n>\n    <div class=\"max-w-[658px] mx-auto\">\n                <h1 class=\"hero-heading\"><span>Starta ett samarbete<\/span><\/h1>\n                            <p class=\"mt-8 body-xl text-black\">\n                N\u00e4r vi startar upp ett nytt samarbete s\u00e5 brukar vi b\u00f6rja med att boka in ett m\u00f6te d\u00e4r vi tr\u00e4ffas och pratar om er verksamhet och er id\u00e9, samt vilken typ av st\u00f6d just er grupp beh\u00f6ver. Parallellt med det beh\u00f6ver den som ska vara ledare i cirkeln, eller rapporteringsansvarig f\u00f6r kulturprogrammen, g\u00e5 p\u00e5 ett introduktionsm\u00f6te (men g\u00e4rna \u00e4ven \u00f6vriga i gruppen). Introduktionen \u00e4r f\u00f6rsta steget mot ett samarbete med ABF Kronoberg. D\u00e4r ber\u00e4ttar vi om f\u00f6ruts\u00e4ttningarna f\u00f6r ett samarbete, vilka vi \u00e4r samt hur man bedriver en cirkel\/ ett kulturarrangemang och hur man jobbar tillsammans i gruppen. \n            <\/p>\n            <\/div>\n<\/div>\n<div\n    class=\"acf-article-text-block article-container my-12\"\n    data-block=\"article-text-block\"\n>\n    <div class=\"wysiwyg\">\n        <p><span class=\"TextRun SCXW194449629 BCX4\" lang=\"SV-SE\" xml:lang=\"SV-SE\" data-contrast=\"none\"><span class=\"NormalTextRun SCXW194449629 BCX4\">Inf\u00f6r m\u00f6tet \u00e4r det bra<\/span><\/span><span class=\"TextRun SCXW194449629 BCX4\" lang=\"SV-SE\" xml:lang=\"SV-SE\" data-contrast=\"none\"><span class=\"NormalTextRun SCXW194449629 BCX4\">\u00a0om ni tittat igenom filmerna nedan som handlar om ABF och folkbildningens historia och om hur det \u00e4r att vara cirkelledare\/rapporteringsansvarig. Ni beh\u00f6ver ocks\u00e5 ha l\u00e4st igenom ABF:s id\u00e9program s\u00e5 att ni f\u00e5r koll p\u00e5 vilken v\u00e4rdegrund ABF <\/span><span class=\"NormalTextRun SCXW194449629 BCX4\">Kronoberg<\/span><span class=\"NormalTextRun SCXW194449629 BCX4\"> har eftersom varje grupp beh\u00f6ver vara ense med oss om den.<\/span><\/span><\/p>\n\n    <\/div>\n<\/div>\n<div\n    class=\"acf-article-cta-link-block article-container my-8\"\n    data-block=\"article-cta-link-block\"\n>\n<div>\n    <a class=\"inline-flex flex-row items-center gap-4 text-link underline text-red-dark\"\n        href=\"https:\/\/vimeo.com\/user1713866\/review\/462752249\/e2610fdf29\"\n                target=\"_blank\"\n            >\n        <span class=\"\">\n        Film: Folkbildningen v\u00e4xer fram och ABF bildas\n        <\/span>\n        <figure aria-hidden=\"true\" class=\"rounded-full bg-red-dark w-8 h-8 p-1 text-white\">\n            <svg width=\"20\" height=\"20\" viewBox=\"0 0 20 20\" fill=\"none\" class=\"SvgIconElement\">\n<path d=\"M4.16659 10L15.8333 10\" stroke=\"currentColor\"\/>\n<path d=\"M9.99992 4.1665L15.8333 9.99984L9.99992 15.8332\" stroke=\"currentColor\"\/>\n<\/svg>\n        <\/figure>\n    <\/a>\n<\/div>\n<\/div>\n<div\n    class=\"acf-article-cta-link-block article-container my-8\"\n    data-block=\"article-cta-link-block\"\n>\n<div>\n    <a class=\"inline-flex flex-row items-center gap-4 text-link underline text-red-dark\"\n        href=\"https:\/\/youtu.be\/TycnGU63KnU?si=NxzrZUdyHFi_Pnlj \"\n                target=\"_blank\"\n            >\n        <span class=\"\">\n        Film: V\u00e4lkommen som cirkelledare hos ABF\n        <\/span>\n        <figure aria-hidden=\"true\" class=\"rounded-full bg-red-dark w-8 h-8 p-1 text-white\">\n            <svg width=\"20\" height=\"20\" viewBox=\"0 0 20 20\" fill=\"none\" class=\"SvgIconElement\">\n<path d=\"M4.16659 10L15.8333 10\" stroke=\"currentColor\"\/>\n<path d=\"M9.99992 4.1665L15.8333 9.99984L9.99992 15.8332\" stroke=\"currentColor\"\/>\n<\/svg>\n        <\/figure>\n    <\/a>\n<\/div>\n<\/div>\n<div\n    class=\"acf-article-cta-link-block article-container my-8\"\n    data-block=\"article-cta-link-block\"\n>\n<div>\n    <a class=\"inline-flex flex-row items-center gap-4 text-link underline text-red-dark\"\n        href=\"https:\/\/www.abf.se\/wp-content\/uploads\/sites\/33\/2024\/03\/abf-ideprogram-2023-aug-a4.pdf\"\n                target=\"_blank\"\n            >\n        <span class=\"\">\n        ABF:s id\u00e9program\n        <\/span>\n        <figure aria-hidden=\"true\" class=\"rounded-full bg-red-dark w-8 h-8 p-1 text-white\">\n            <svg width=\"20\" height=\"20\" viewBox=\"0 0 20 20\" fill=\"none\" class=\"SvgIconElement\">\n<path d=\"M4.16659 10L15.8333 10\" stroke=\"currentColor\"\/>\n<path d=\"M9.99992 4.1665L15.8333 9.99984L9.99992 15.8332\" stroke=\"currentColor\"\/>\n<\/svg>\n        <\/figure>\n    <\/a>\n<\/div>\n<\/div>\n<div\n    class=\"acf-plain-heading-block container my-16\"\n    data-block=\"plain-heading-block\"\n>\n    <div class=\"max-w-[658px] mx-auto\">\n                <h1 class=\"hero-heading\"><span>Bli medlem eller teckna ett samarbetsavtal<\/span><\/h1>\n                            <p class=\"mt-8 body-xl text-black\">\n                ABF \u00e4r en f\u00f6reningarnas f\u00f6rening. F\u00f6reningar som delar v\u00e5r v\u00e4rdegrund kan bli medlemmar i ABF Kronoberg.  <br \/>\r\n\n            <\/p>\n            <\/div>\n<\/div>\n<div\n    class=\"acf-article-text-block article-container my-12\"\n    data-block=\"article-text-block\"\n>\n    <div class=\"wysiwyg\">\n        <ul>\n<li data-leveltext=\"\uf0b7\" data-font=\"Symbol\" data-listid=\"1\" data-list-defn-props=\"{&quot;335552541&quot;:1,&quot;335559685&quot;:720,&quot;335559991&quot;:360,&quot;469769226&quot;:&quot;Symbol&quot;,&quot;469769242&quot;:[8226],&quot;469777803&quot;:&quot;left&quot;,&quot;469777804&quot;:&quot;\uf0b7&quot;,&quot;469777815&quot;:&quot;hybridMultilevel&quot;}\" data-aria-posinset=\"1\" data-aria-level=\"1\"><span data-contrast=\"none\">Som medlemsorganisation i ABF Kronoberg har du ett demokratiskt inflytande.<\/span><span data-ccp-props=\"{&quot;134233117&quot;:false,&quot;134233118&quot;:false,&quot;201341983&quot;:0,&quot;335551550&quot;:0,&quot;335551620&quot;:0,&quot;335559738&quot;:0,&quot;335559739&quot;:0,&quot;335559740&quot;:259}\">\u00a0<\/span><\/li>\n<li data-leveltext=\"\uf0b7\" data-font=\"Symbol\" data-listid=\"1\" data-list-defn-props=\"{&quot;335552541&quot;:1,&quot;335559685&quot;:720,&quot;335559991&quot;:360,&quot;469769226&quot;:&quot;Symbol&quot;,&quot;469769242&quot;:[8226],&quot;469777803&quot;:&quot;left&quot;,&quot;469777804&quot;:&quot;\uf0b7&quot;,&quot;469777815&quot;:&quot;hybridMultilevel&quot;}\" data-aria-posinset=\"1\" data-aria-level=\"1\"><span data-contrast=\"none\">Som medlem i ABF Kronoberg\u00a0f\u00e5r organisationer utse ombud i v\u00e5rt h\u00f6gsta beslutande organ, \u00e5rsm\u00f6tet.<\/span><span data-ccp-props=\"{&quot;134233117&quot;:false,&quot;134233118&quot;:false,&quot;201341983&quot;:0,&quot;335551550&quot;:0,&quot;335551620&quot;:0,&quot;335559738&quot;:0,&quot;335559739&quot;:0,&quot;335559740&quot;:259}\">\u00a0<\/span><\/li>\n<li data-leveltext=\"\uf0b7\" data-font=\"Symbol\" data-listid=\"1\" data-list-defn-props=\"{&quot;335552541&quot;:1,&quot;335559685&quot;:720,&quot;335559991&quot;:360,&quot;469769226&quot;:&quot;Symbol&quot;,&quot;469769242&quot;:[8226],&quot;469777803&quot;:&quot;left&quot;,&quot;469777804&quot;:&quot;\uf0b7&quot;,&quot;469777815&quot;:&quot;hybridMultilevel&quot;}\" data-aria-posinset=\"1\" data-aria-level=\"1\"><span data-contrast=\"none\">ABF Kronoberg\u00a0vill fungera som en pedagogisk och organisatorisk utvecklingsresurs f\u00f6r medlemmarna.<\/span><span data-ccp-props=\"{&quot;134233117&quot;:false,&quot;134233118&quot;:false,&quot;201341983&quot;:0,&quot;335551550&quot;:0,&quot;335551620&quot;:0,&quot;335559738&quot;:0,&quot;335559739&quot;:0,&quot;335559740&quot;:259}\">\u00a0<\/span><\/li>\n<li data-leveltext=\"\uf0b7\" data-font=\"Symbol\" data-listid=\"1\" data-list-defn-props=\"{&quot;335552541&quot;:1,&quot;335559685&quot;:720,&quot;335559991&quot;:360,&quot;469769226&quot;:&quot;Symbol&quot;,&quot;469769242&quot;:[8226],&quot;469777803&quot;:&quot;left&quot;,&quot;469777804&quot;:&quot;\uf0b7&quot;,&quot;469777815&quot;:&quot;hybridMultilevel&quot;}\" data-aria-posinset=\"1\" data-aria-level=\"1\"><span data-contrast=\"none\">Vi v\u00e4rnar s\u00e4rskilt om v\u00e5ra medlemsorganisationer och har en plan f\u00f6r att st\u00e4rka och bli st\u00e4rkta av och med v\u00e5ra medlemsf\u00f6reningar.<\/span><span data-ccp-props=\"{&quot;134233117&quot;:false,&quot;134233118&quot;:false,&quot;201341983&quot;:0,&quot;335551550&quot;:0,&quot;335551620&quot;:0,&quot;335559738&quot;:0,&quot;335559739&quot;:0,&quot;335559740&quot;:259}\">\u00a0<\/span><\/li>\n<li data-leveltext=\"\uf0b7\" data-font=\"Symbol\" data-listid=\"1\" data-list-defn-props=\"{&quot;335552541&quot;:1,&quot;335559685&quot;:720,&quot;335559991&quot;:360,&quot;469769226&quot;:&quot;Symbol&quot;,&quot;469769242&quot;:[8226],&quot;469777803&quot;:&quot;left&quot;,&quot;469777804&quot;:&quot;\uf0b7&quot;,&quot;469777815&quot;:&quot;hybridMultilevel&quot;}\" data-aria-posinset=\"1\" data-aria-level=\"1\"><span data-contrast=\"none\">Vi str\u00e4var efter att ha en bredd bland v\u00e5ra medlemsorganisationer med olika syften och intressen och med en gemenskap grundad i alla m\u00e4nniskors lika v\u00e4rde.<\/span><span data-ccp-props=\"{&quot;134233117&quot;:false,&quot;134233118&quot;:false,&quot;201341983&quot;:0,&quot;335551550&quot;:0,&quot;335551620&quot;:0,&quot;335559738&quot;:0,&quot;335559739&quot;:0,&quot;335559740&quot;:259}\">\u00a0<\/span><\/li>\n<li data-leveltext=\"\uf0b7\" data-font=\"Symbol\" data-listid=\"1\" data-list-defn-props=\"{&quot;335552541&quot;:1,&quot;335559685&quot;:720,&quot;335559991&quot;:360,&quot;469769226&quot;:&quot;Symbol&quot;,&quot;469769242&quot;:[8226],&quot;469777803&quot;:&quot;left&quot;,&quot;469777804&quot;:&quot;\uf0b7&quot;,&quot;469777815&quot;:&quot;hybridMultilevel&quot;}\" data-aria-posinset=\"1\" data-aria-level=\"1\"><span data-contrast=\"none\">Tillsammans med v\u00e5ra medlemsf\u00f6reningar kan vi g\u00f6ra f\u00f6rdjupade samarbeten.<\/span><span data-ccp-props=\"{&quot;134233117&quot;:false,&quot;134233118&quot;:false,&quot;201341983&quot;:0,&quot;335551550&quot;:0,&quot;335551620&quot;:0,&quot;335559738&quot;:0,&quot;335559739&quot;:0,&quot;335559740&quot;:259}\">\u00a0<\/span><\/li>\n<\/ul>\n<p><span data-contrast=\"none\">N\u00e4r man har ans\u00f6kt om att bli medlem hos ABF Kronoberg ombeds man skicka in f\u00f6reningens stadgar och verksamhetsber\u00e4ttelse som fungerar som underlag f\u00f6r handl\u00e4ggningen av \u00e4rendet.<\/span><span data-ccp-props=\"{&quot;134233117&quot;:false,&quot;134233118&quot;:false,&quot;201341983&quot;:0,&quot;335551550&quot;:0,&quot;335551620&quot;:0,&quot;335559738&quot;:0,&quot;335559739&quot;:0,&quot;335559740&quot;:259}\">\u00a0<\/span><\/p>\n<p><span data-contrast=\"none\">Ett alternativ till medlemskap \u00e4r att teckna ett s\u00e5 kallat samarbetsavtal. D\u00e5 f\u00e5r f\u00f6reningen hj\u00e4lp och st\u00f6d av ABF med studie- och kulturverksamhet, men har d\u00e4remot inget formellt inflytande i ABF Kronobergs beslutande f\u00f6rsamlingar.<\/span><span data-ccp-props=\"{&quot;134233117&quot;:false,&quot;134233118&quot;:false,&quot;201341983&quot;:0,&quot;335551550&quot;:0,&quot;335551620&quot;:0,&quot;335559738&quot;:0,&quot;335559739&quot;:0,&quot;335559740&quot;:259}\">\u00a0<\/span><\/p>\n\n    <\/div>\n<\/div>\n<div\n    class=\"acf-article-cta-link-block article-container my-8\"\n    data-block=\"article-cta-link-block\"\n>\n<div>\n    <a class=\"inline-flex flex-row items-center gap-4 text-link underline text-red-dark\"\n        href=\"https:\/\/www.abf.se\/kronoberg\/medlemsorganisationer\/\"\n                target=\"_blank\"\n            >\n        <span class=\"\">\n        H\u00e4r hittar ni ABF Kronobergs medlemsorganisationer\n        <\/span>\n        <figure aria-hidden=\"true\" class=\"rounded-full bg-red-dark w-8 h-8 p-1 text-white\">\n            <svg width=\"20\" height=\"20\" viewBox=\"0 0 20 20\" fill=\"none\" class=\"SvgIconElement\">\n<path d=\"M4.16659 10L15.8333 10\" stroke=\"currentColor\"\/>\n<path d=\"M9.99992 4.1665L15.8333 9.99984L9.99992 15.8332\" stroke=\"currentColor\"\/>\n<\/svg>\n        <\/figure>\n    <\/a>\n<\/div>\n<\/div>\n<div\n    class=\"acf-plain-heading-block container my-16\"\n    data-block=\"plain-heading-block\"\n>\n    <div class=\"max-w-[658px] mx-auto\">\n                <h1 class=\"hero-heading\"><span>Samarbeta centralt<\/span><\/h1>\n                    <\/div>\n<\/div>\n<div\n    class=\"acf-article-cta-link-block article-container my-8\"\n    data-block=\"article-cta-link-block\"\n>\n<div>\n    <a class=\"inline-flex flex-row items-center gap-4 text-link underline text-red-dark\"\n        href=\"https:\/\/www.abf.se\/kronoberg\/samarbeta-med-abf\/\"\n                target=\"_blank\"\n            >\n        <span class=\"\">\n        Samarbeta med ABF centralt\n        <\/span>\n        <figure aria-hidden=\"true\" class=\"rounded-full bg-red-dark w-8 h-8 p-1 text-white\">\n            <svg width=\"20\" height=\"20\" viewBox=\"0 0 20 20\" fill=\"none\" class=\"SvgIconElement\">\n<path d=\"M4.16659 10L15.8333 10\" stroke=\"currentColor\"\/>\n<path d=\"M9.99992 4.1665L15.8333 9.99984L9.99992 15.8332\" stroke=\"currentColor\"\/>\n<\/svg>\n        <\/figure>\n    <\/a>\n<\/div>\n<\/div>\n","protected":false},"excerpt":{"rendered":"","protected":false},"author":86,"featured_media":0,"parent":0,"menu_order":0,"comment_status":"closed","ping_status":"closed","template":"","meta":{"_acf_changed":false,"footnotes":""},"class_list":["post-247","page","type-page","status-publish","hentry"],"acf":[],"yoast_head":"<!-- This site is optimized with the Yoast SEO plugin v27.0 - https:\/\/yoast.com\/product\/yoast-seo-wordpress\/ -->\n<title>Samarbeta med ABF Kronoberg - Kronoberg<\/title>\n<meta name=\"robots\" content=\"index, follow, max-snippet:-1, max-image-preview:large, max-video-preview:-1\" \/>\n<link rel=\"canonical\" href=\"https:\/\/www.abf.se\/kronoberg\/samarbeta-med-abf-2\/\" \/>\n<meta property=\"og:locale\" content=\"sv_SE\" \/>\n<meta property=\"og:type\" content=\"article\" \/>\n<meta property=\"og:title\" content=\"Samarbeta med ABF Kronoberg - Kronoberg\" \/>\n<meta property=\"og:url\" content=\"https:\/\/www.abf.se\/kronoberg\/samarbeta-med-abf-2\/\" \/>\n<meta property=\"og:site_name\" content=\"Kronoberg\" \/>\n<meta property=\"article:modified_time\" content=\"2024-04-12T13:15:22+00:00\" \/>\n<meta property=\"og:image\" content=\"https:\/\/www.abf.se\/wp-content\/uploads\/sites\/33\/2024\/03\/Nyckeln-liggande-scaled.jpg\" \/>\n\t<meta property=\"og:image:width\" content=\"2560\" \/>\n\t<meta property=\"og:image:height\" content=\"1440\" \/>\n\t<meta property=\"og:image:type\" content=\"image\/jpeg\" \/>\n<meta name=\"twitter:card\" content=\"summary_large_image\" \/>\n<script type=\"application\/ld+json\" class=\"yoast-schema-graph\">{\"@context\":\"https:\/\/schema.org\",\"@graph\":[{\"@type\":\"WebPage\",\"@id\":\"https:\/\/www.abf.se\/kronoberg\/samarbeta-med-abf-2\/\",\"url\":\"https:\/\/www.abf.se\/kronoberg\/samarbeta-med-abf-2\/\",\"name\":\"Samarbeta med ABF Kronoberg - Kronoberg\",\"isPartOf\":{\"@id\":\"https:\/\/www.abf.se\/kronoberg\/#website\"},\"datePublished\":\"2024-03-27T12:32:22+00:00\",\"dateModified\":\"2024-04-12T13:15:22+00:00\",\"breadcrumb\":{\"@id\":\"https:\/\/www.abf.se\/kronoberg\/samarbeta-med-abf-2\/#breadcrumb\"},\"inLanguage\":\"sv-SE\",\"potentialAction\":[{\"@type\":\"ReadAction\",\"target\":[\"https:\/\/www.abf.se\/kronoberg\/samarbeta-med-abf-2\/\"]}]},{\"@type\":\"BreadcrumbList\",\"@id\":\"https:\/\/www.abf.se\/kronoberg\/samarbeta-med-abf-2\/#breadcrumb\",\"itemListElement\":[{\"@type\":\"ListItem\",\"position\":1,\"name\":\"Home\",\"item\":\"https:\/\/www.abf.se\/kronoberg\/\"},{\"@type\":\"ListItem\",\"position\":2,\"name\":\"Samarbeta med ABF Kronoberg\"}]},{\"@type\":\"WebSite\",\"@id\":\"https:\/\/www.abf.se\/kronoberg\/#website\",\"url\":\"https:\/\/www.abf.se\/kronoberg\/\",\"name\":\"Kronoberg\",\"description\":\"\",\"potentialAction\":[{\"@type\":\"SearchAction\",\"target\":{\"@type\":\"EntryPoint\",\"urlTemplate\":\"https:\/\/www.abf.se\/kronoberg\/?s={search_term_string}\"},\"query-input\":{\"@type\":\"PropertyValueSpecification\",\"valueRequired\":true,\"valueName\":\"search_term_string\"}}],\"inLanguage\":\"sv-SE\"}]}<\/script>\n<!-- \/ Yoast SEO plugin. -->","yoast_head_json":{"title":"Samarbeta med ABF Kronoberg - Kronoberg","robots":{"index":"index","follow":"follow","max-snippet":"max-snippet:-1","max-image-preview":"max-image-preview:large","max-video-preview":"max-video-preview:-1"},"canonical":"https:\/\/www.abf.se\/kronoberg\/samarbeta-med-abf-2\/","og_locale":"sv_SE","og_type":"article","og_title":"Samarbeta med ABF Kronoberg - Kronoberg","og_url":"https:\/\/www.abf.se\/kronoberg\/samarbeta-med-abf-2\/","og_site_name":"Kronoberg","article_modified_time":"2024-04-12T13:15:22+00:00","og_image":[{"width":2560,"height":1440,"url":"https:\/\/www.abf.se\/wp-content\/uploads\/sites\/33\/2024\/03\/Nyckeln-liggande-scaled.jpg","type":"image\/jpeg"}],"twitter_card":"summary_large_image","schema":{"@context":"https:\/\/schema.org","@graph":[{"@type":"WebPage","@id":"https:\/\/www.abf.se\/kronoberg\/samarbeta-med-abf-2\/","url":"https:\/\/www.abf.se\/kronoberg\/samarbeta-med-abf-2\/","name":"Samarbeta med ABF Kronoberg - Kronoberg","isPartOf":{"@id":"https:\/\/www.abf.se\/kronoberg\/#website"},"datePublished":"2024-03-27T12:32:22+00:00","dateModified":"2024-04-12T13:15:22+00:00","breadcrumb":{"@id":"https:\/\/www.abf.se\/kronoberg\/samarbeta-med-abf-2\/#breadcrumb"},"inLanguage":"sv-SE","potentialAction":[{"@type":"ReadAction","target":["https:\/\/www.abf.se\/kronoberg\/samarbeta-med-abf-2\/"]}]},{"@type":"BreadcrumbList","@id":"https:\/\/www.abf.se\/kronoberg\/samarbeta-med-abf-2\/#breadcrumb","itemListElement":[{"@type":"ListItem","position":1,"name":"Home","item":"https:\/\/www.abf.se\/kronoberg\/"},{"@type":"ListItem","position":2,"name":"Samarbeta med ABF Kronoberg"}]},{"@type":"WebSite","@id":"https:\/\/www.abf.se\/kronoberg\/#website","url":"https:\/\/www.abf.se\/kronoberg\/","name":"Kronoberg","description":"","potentialAction":[{"@type":"SearchAction","target":{"@type":"EntryPoint","urlTemplate":"https:\/\/www.abf.se\/kronoberg\/?s={search_term_string}"},"query-input":{"@type":"PropertyValueSpecification","valueRequired":true,"valueName":"search_term_string"}}],"inLanguage":"sv-SE"}]}},"_links":{"self":[{"href":"https:\/\/www.abf.se\/kronoberg\/wp-json\/wp\/v2\/pages\/247","targetHints":{"allow":["GET"]}}],"collection":[{"href":"https:\/\/www.abf.se\/kronoberg\/wp-json\/wp\/v2\/pages"}],"about":[{"href":"https:\/\/www.abf.se\/kronoberg\/wp-json\/wp\/v2\/types\/page"}],"author":[{"embeddable":true,"href":"https:\/\/www.abf.se\/kronoberg\/wp-json\/wp\/v2\/users\/86"}],"replies":[{"embeddable":true,"href":"https:\/\/www.abf.se\/kronoberg\/wp-json\/wp\/v2\/comments?post=247"}],"version-history":[{"count":15,"href":"https:\/\/www.abf.se\/kronoberg\/wp-json\/wp\/v2\/pages\/247\/revisions"}],"predecessor-version":[{"id":307,"href":"https:\/\/www.abf.se\/kronoberg\/wp-json\/wp\/v2\/pages\/247\/revisions\/307"}],"wp:attachment":[{"href":"https:\/\/www.abf.se\/kronoberg\/wp-json\/wp\/v2\/media?parent=247"}],"curies":[{"name":"wp","href":"https:\/\/api.w.org\/{rel}","templated":true}]}}