{"id":472,"date":"2025-09-19T11:20:21","date_gmt":"2025-09-19T09:20:21","guid":{"rendered":"https:\/\/www.abf.se\/kronoberg\/?page_id=472"},"modified":"2025-09-19T11:22:53","modified_gmt":"2025-09-19T09:22:53","slug":"barnen-krigen-spraken-liven","status":"publish","type":"page","link":"https:\/\/www.abf.se\/kronoberg\/pagaende-projekt\/barnen-krigen-spraken-liven\/","title":{"rendered":"Barnen, krigen, spr\u00e5ken, liven"},"content":{"rendered":"<div\n    class=\"acf-section-breaker-text my-8 container-lg\"\n    data-block=\"section-breaker-text\"\n>\n    <div class=\"round-corners-lg overflow-hidden pt-36 pb-8 px-5 md:p-16 relative grid grid-cols-1 md:grid-cols-2 lg:grid-cols-5 grid-flow-col-dense\">\n\n            <picture class=\"as-background-image\"><img decoding=\"async\" src=\"https:\/\/www.abf.se\/kronoberg\/resized\/?url=https%3A%2F%2Fwww.abf.se%2Fwp-content%2Fuploads%2Fsites%2F33%2F2025%2F09%2FHar-du-kommit-hit-som-ett-krigsbarn-fran-Finland.png&#038;fit=crop&#038;w=1440&#038;s=0e1313ae83384c589d9e8ba2420a6244\" srcset=\"https:\/\/www.abf.se\/kronoberg\/resized\/?url=https%3A%2F%2Fwww.abf.se%2Fwp-content%2Fuploads%2Fsites%2F33%2F2025%2F09%2FHar-du-kommit-hit-som-ett-krigsbarn-fran-Finland.png&#038;fit=crop&#038;w=375&#038;h=540&#038;s=9f36b8d83b71b61d41b333945cc86565 375w, https:\/\/www.abf.se\/kronoberg\/resized\/?url=https%3A%2F%2Fwww.abf.se%2Fwp-content%2Fuploads%2Fsites%2F33%2F2025%2F09%2FHar-du-kommit-hit-som-ett-krigsbarn-fran-Finland.png&#038;fit=crop&#038;w=499&#038;h=540&#038;s=f1f51181587c63c37096a3aba5999487 499w, https:\/\/www.abf.se\/kronoberg\/resized\/?url=https%3A%2F%2Fwww.abf.se%2Fwp-content%2Fuploads%2Fsites%2F33%2F2025%2F09%2FHar-du-kommit-hit-som-ett-krigsbarn-fran-Finland.png&#038;fit=crop&#038;w=623&#038;h=540&#038;s=f324d935ca064fca627ecb4ada5af38c 623w, https:\/\/www.abf.se\/kronoberg\/resized\/?url=https%3A%2F%2Fwww.abf.se%2Fwp-content%2Fuploads%2Fsites%2F33%2F2025%2F09%2FHar-du-kommit-hit-som-ett-krigsbarn-fran-Finland.png&#038;fit=crop&#038;w=747&#038;h=540&#038;s=05329d080b6a5c63b4c636fa1167b20d 747w, https:\/\/www.abf.se\/kronoberg\/resized\/?url=https%3A%2F%2Fwww.abf.se%2Fwp-content%2Fuploads%2Fsites%2F33%2F2025%2F09%2FHar-du-kommit-hit-som-ett-krigsbarn-fran-Finland.png&#038;fit=crop&#038;w=750&#038;h=540&#038;s=d71cd1790812078a2efb566a5f65831b 750w, https:\/\/www.abf.se\/kronoberg\/resized\/?url=https%3A%2F%2Fwww.abf.se%2Fwp-content%2Fuploads%2Fsites%2F33%2F2025%2F09%2FHar-du-kommit-hit-som-ett-krigsbarn-fran-Finland.png&#038;fit=crop&#038;w=871&#038;h=540&#038;s=ac26b3bac432545f0aec569eea8277b3 871w, https:\/\/www.abf.se\/kronoberg\/resized\/?url=https%3A%2F%2Fwww.abf.se%2Fwp-content%2Fuploads%2Fsites%2F33%2F2025%2F09%2FHar-du-kommit-hit-som-ett-krigsbarn-fran-Finland.png&#038;fit=crop&#038;w=995&#038;h=540&#038;s=84652c55ab24433930b68d66f9b56d6a 995w, https:\/\/www.abf.se\/kronoberg\/resized\/?url=https%3A%2F%2Fwww.abf.se%2Fwp-content%2Fuploads%2Fsites%2F33%2F2025%2F09%2FHar-du-kommit-hit-som-ett-krigsbarn-fran-Finland.png&#038;fit=crop&#038;w=998&#038;h=540&#038;s=df93090e5ad762574d1da6437c78377d 998w, https:\/\/www.abf.se\/kronoberg\/resized\/?url=https%3A%2F%2Fwww.abf.se%2Fwp-content%2Fuploads%2Fsites%2F33%2F2025%2F09%2FHar-du-kommit-hit-som-ett-krigsbarn-fran-Finland.png&#038;fit=crop&#038;w=1119&#038;h=540&#038;s=46b3312dec4a1b88b738989b023a56c8 1119w, https:\/\/www.abf.se\/kronoberg\/resized\/?url=https%3A%2F%2Fwww.abf.se%2Fwp-content%2Fuploads%2Fsites%2F33%2F2025%2F09%2FHar-du-kommit-hit-som-ett-krigsbarn-fran-Finland.png&#038;fit=crop&#038;w=1243&#038;h=540&#038;s=7e62aa89fbb2415c5f2fc47515302ac7 1243w, https:\/\/www.abf.se\/kronoberg\/resized\/?url=https%3A%2F%2Fwww.abf.se%2Fwp-content%2Fuploads%2Fsites%2F33%2F2025%2F09%2FHar-du-kommit-hit-som-ett-krigsbarn-fran-Finland.png&#038;fit=crop&#038;w=1246&#038;h=540&#038;s=6d2be54fc37e2437a81000977a1230dd 1246w, https:\/\/www.abf.se\/kronoberg\/resized\/?url=https%3A%2F%2Fwww.abf.se%2Fwp-content%2Fuploads%2Fsites%2F33%2F2025%2F09%2FHar-du-kommit-hit-som-ett-krigsbarn-fran-Finland.png&#038;fit=crop&#038;w=1367&#038;h=540&#038;s=6624c5efa87455e14a92d8656af670d6 1367w, https:\/\/www.abf.se\/kronoberg\/resized\/?url=https%3A%2F%2Fwww.abf.se%2Fwp-content%2Fuploads%2Fsites%2F33%2F2025%2F09%2FHar-du-kommit-hit-som-ett-krigsbarn-fran-Finland.png&#038;fit=crop&#038;w=1440&#038;h=540&#038;s=87684da49e7c1c9aa5cbee85dea4ecac 1440w, https:\/\/www.abf.se\/kronoberg\/resized\/?url=https%3A%2F%2Fwww.abf.se%2Fwp-content%2Fuploads%2Fsites%2F33%2F2025%2F09%2FHar-du-kommit-hit-som-ett-krigsbarn-fran-Finland.png&#038;fit=crop&#038;w=1494&#038;h=540&#038;s=1439b97311caf847750e2930d50e9e20 1494w, https:\/\/www.abf.se\/kronoberg\/resized\/?url=https%3A%2F%2Fwww.abf.se%2Fwp-content%2Fuploads%2Fsites%2F33%2F2025%2F09%2FHar-du-kommit-hit-som-ett-krigsbarn-fran-Finland.png&#038;fit=crop&#038;w=1742&#038;h=540&#038;s=04e2364b6d631a5a2a29a62ce1b57521 1742w, https:\/\/www.abf.se\/kronoberg\/resized\/?url=https%3A%2F%2Fwww.abf.se%2Fwp-content%2Fuploads%2Fsites%2F33%2F2025%2F09%2FHar-du-kommit-hit-som-ett-krigsbarn-fran-Finland.png&#038;fit=crop&#038;w=1990&#038;h=540&#038;s=87916ad7e02abc970d038db192af915a 1990w, https:\/\/www.abf.se\/kronoberg\/resized\/?url=https%3A%2F%2Fwww.abf.se%2Fwp-content%2Fuploads%2Fsites%2F33%2F2025%2F09%2FHar-du-kommit-hit-som-ett-krigsbarn-fran-Finland.png&#038;fit=crop&#038;w=2238&#038;h=540&#038;s=b4905465215344237731a0dd4d420826 2238w, https:\/\/www.abf.se\/kronoberg\/resized\/?url=https%3A%2F%2Fwww.abf.se%2Fwp-content%2Fuploads%2Fsites%2F33%2F2025%2F09%2FHar-du-kommit-hit-som-ett-krigsbarn-fran-Finland.png&#038;fit=crop&#038;w=2486&#038;h=540&#038;s=09b8e5322f2649cae180ee5ca395fb74 2486w, https:\/\/www.abf.se\/kronoberg\/resized\/?url=https%3A%2F%2Fwww.abf.se%2Fwp-content%2Fuploads%2Fsites%2F33%2F2025%2F09%2FHar-du-kommit-hit-som-ett-krigsbarn-fran-Finland.png&#038;fit=crop&#038;w=2734&#038;h=540&#038;s=e7bd9066773ad1be991cc38260b09abe 2734w\" alt=\"\" height=\"540\" width=\"1440\" sizes=\"auto, \n            (max-width: 1440px) calc(100vw - 32px), 1440px\" loading=\"lazy\" fetchpriority=\"low\" aria-hidden=\"true\" role=\"presentation\" \/><\/picture>\n                <div class=\"bg-white round-corners-sm px-10 py-11 col-span-1  relative z-10 col-start-4 col-end-[-1]\">\n            <h2 class=\"heading-lg mb-4\">Projektet Barnen, krigen, spr\u00e5ken, liven<\/h2>\n            <div style=\"font-size: 1.25rem; color: black;\" class=\"body-xl wysiwyg\"><p>Barnen, krigen, spr\u00e5ken, liven \u00e4r ett projekt som ABF Kronoberg i samarbete med Sagobygden bedrev under 2023 f\u00f6r att lyfta de finska krigsbarnens ber\u00e4ttelser. Projektet finansierades av Folkbildningsr\u00e5det.<\/p>\n<\/div>\n                    \n        <\/div>\n    <\/div>\n<\/div>\n<div\n    class=\"acf-article-text-block article-container my-12\"\n    data-block=\"article-text-block\"\n>\n    <div class=\"wysiwyg\">\n        <div class=\"page\" title=\"Page 2\">\n<div class=\"layoutArea\">\n<div class=\"column\">\n<p class=\"cvGsUA direction-ltr align-start para-style-body\"><span class=\"a_GcMg font-feature-liga-off font-feature-clig-off font-feature-calt-off text-decoration-none text-strikethrough-none\">Projektet Barnen, krigen, spr\u00e5ken, liven handlade om den stora f\u00f6rflyttningen av barn mellan Finland och Sverige under Vinterkriget och Forts\u00e4ttningskriget. Syftet var att stimulera ber\u00e4ttande bland de som sj\u00e4lva kommit till Sverige som krigsbarn och deras anh\u00f6riga. En grupp som inte s\u00e4llan har k\u00e4nt sig nedtystad och osynliggjord.<\/span><\/p>\n<p><span class=\"a_GcMg font-feature-liga-off font-feature-clig-off font-feature-calt-off text-decoration-none text-strikethrough-none\">I projektet ingick en ber\u00e4ttarcirkel d\u00e4r krigsbarn och barn till krigsbarn delade med sig av, och fick st\u00f6ttning i att formulera, sina ber\u00e4ttelser.<\/span><\/p>\n<p><span class=\"a_GcMg font-feature-liga-off font-feature-clig-off font-feature-calt-off text-decoration-none text-strikethrough-none\">Under cirkelns tr\u00e4ffar f\u00f6rdes i ett tryggt rum hos ABF starka samtal kring krig, familj, tillh\u00f6righet, spr\u00e5k, trauman och l\u00e4kning, minnen och \u00e5ldrande \u2013 och historia som upprepar sig. Deltagarna fann att de hade m\u00e5nga liknande erfarenheter, men att varje \u00f6de likv\u00e4l skiljde sig \u00e5t. Drygt 70 000 barn kom under krigen till Sverige, det finns \u00e4n fler unika ber\u00e4ttelser kopplade till den stora f\u00f6rflyttningen. Ber\u00e4ttelser om att slitas mellan l\u00e4nder, spr\u00e5k och familjer \u2013 och att k\u00e4nna sig vilse d\u00e4r i mitten. Ber\u00e4ttelser om trygga famnar, och att ryckas ur dem. Ber\u00e4ttelser om nya platser, ord och namn. Om att \u00e5terskapa sig sj\u00e4lv och sin v\u00e4rld. Ber\u00e4ttelser om r\u00e4dsla, sorg och tacksamhet \u2013 stolthet och skam.<\/span><\/p>\n<\/div>\n<div class=\"column\">\n<p><em><span class=\"OYPEnA text-decoration-none text-strikethrough-none\">Fotografiet visar hur finska krigsbarn anl\u00e4nder i Ljungby. Foto: Ljungby arkiv.<\/span><\/em><\/p>\n<\/div>\n<\/div>\n<\/div>\n\n    <\/div>\n<\/div>\n<div\n    class=\"acf-article-cta-link-block article-container my-8\"\n    data-block=\"article-cta-link-block\"\n>\n<div>\n    <a class=\"inline-flex flex-row items-center gap-4 text-link underline text-red-dark\"\n        href=\"https:\/\/www.abf.se\/wp-content\/uploads\/sites\/33\/2025\/09\/Barnen-krigen-spraken-liven-\u2013-beskrivning-2.pdf\"\n                target=\"_blank\"\n            >\n        <span class=\"\">\n        Informationsh\u00e4fte Barnen, krigen, spr\u00e5ken, liven\n        <\/span>\n        <figure aria-hidden=\"true\" class=\"rounded-full bg-red-dark w-8 h-8 p-1 text-white\">\n            <svg width=\"20\" height=\"20\" viewBox=\"0 0 20 20\" fill=\"none\" class=\"SvgIconElement\">\n<path d=\"M4.16659 10L15.8333 10\" stroke=\"currentColor\"\/>\n<path d=\"M9.99992 4.1665L15.8333 9.99984L9.99992 15.8332\" stroke=\"currentColor\"\/>\n<\/svg>\n        <\/figure>\n    <\/a>\n<\/div>\n<\/div>\n<ul\n    class=\"acf-article-accordion-block accordion-group grid gap-4 my-12 article-container--wide\"\n    data-block=\"article-accordion-block \"\n    data-ui-accordion-group\n>\n\n            <li class=\"accordion\" data-ui-accordion data-ui-accordion-open=\"false\">\n        <h3>\n        <button data-ui-accordion-button class=\"accordion-toggle font-bold\" aria-expanded=\"false\" aria-controls=\"row-kontakt-0\" id=\"kontakt-0\">\n            Kontakt\n            \n            <figure class=\"w-4.5 h-4.5\" aria-hidden=\"true\">\n            <svg width=\"20\" height=\"20\" viewBox=\"0 0 20 20\" fill=\"none\"\nclass=\"SvgIconElement\">\n<path d=\"M15.8333 7.16667L9.99992 13L4.16659 7.16667\" stroke=\"currentColor\"\/>\n<\/svg>\n            <\/figure>\n        <\/button>\n        \n                <\/h3>\n        <div class=\"accordion-content\">\n            <div id=\"row-kontakt-0\" role=\"region\" class=\"accordion-content-wrap\" aria-labelledby=\"kontakt-0\">\n                                                <div class=\"grid md:grid-cols-3 gap-y-10 mt-10\">\n                        \n                                                        <div class=\"contact flex flex-col gap-3\">\n                                <div class=\"md:max-w-[160px]\">\n                                    \n                                <\/div>\n                                <div class=\"\">\n                                    <h4 class=\"heading-lg\">Jenny Ahonen<\/h4>\n                                    <p class=\"body-md\">Projektledare Barnen, krigen, spr\u00e5ken, liven<\/p>\n                                                                    <\/div>\n                                                                <div class=\"flex gap flex-col label-md gap-1\">\n                                                                        <div class=\"flex gap-3\">\n                                        <svg width=\"20\" height=\"20\" viewBox=\"0 0 20 20\" fill=\"none\" xmlns=\"http:\/\/www.w3.org\/2000\/svg\">\n<path d=\"M16.625 17.5C14.8333 17.5 13.0868 17.1007 11.3854 16.3021C9.68403 15.5035 8.17708 14.4479 6.86458 13.1354C5.55208 11.8229 4.49653 10.316 3.69792 8.61458C2.89931 6.91319 2.5 5.16667 2.5 3.375C2.5 3.125 2.58333 2.91667 2.75 2.75C2.91667 2.58333 3.125 2.5 3.375 2.5H6.75C6.94444 2.5 7.11806 2.5625 7.27083 2.6875C7.42361 2.8125 7.51389 2.97222 7.54167 3.16667L8.08333 6.08333C8.11111 6.27778 8.10764 6.45486 8.07292 6.61458C8.03819 6.77431 7.95833 6.91667 7.83333 7.04167L5.8125 9.08333C6.39583 10.0833 7.12847 11.0208 8.01042 11.8958C8.89236 12.7708 9.86111 13.5278 10.9167 14.1667L12.875 12.2083C13 12.0833 13.1632 11.9896 13.3646 11.9271C13.566 11.8646 13.7639 11.8472 13.9583 11.875L16.8333 12.4583C17.0278 12.5 17.1875 12.5938 17.3125 12.7396C17.4375 12.8854 17.5 13.0556 17.5 13.25V16.625C17.5 16.875 17.4167 17.0833 17.25 17.25C17.0833 17.4167 16.875 17.5 16.625 17.5ZM5.02083 7.5L6.39583 6.125L6.04167 4.16667H4.1875C4.25694 4.73611 4.35417 5.29861 4.47917 5.85417C4.60417 6.40972 4.78472 6.95833 5.02083 7.5ZM15.8333 15.7917V13.9583L13.875 13.5625L12.4792 14.9583C13.0208 15.1944 13.5729 15.3819 14.1354 15.5208C14.6979 15.6597 15.2639 15.75 15.8333 15.7917Z\" fill=\"black\"\/>\n<\/svg>\n                                        <p>\n                                                                                                                               <a href=\"callto:0372-73 77 62\">0372-73 77 62<\/a>\n                                                                                                                                     <\/p>\n                                    <\/div>\n                                                                                                            <div class=\"flex gap-3\">\n                                        <svg width=\"20\" height=\"20\" viewBox=\"0 0 20 20\" fill=\"none\" xmlns=\"http:\/\/www.w3.org\/2000\/svg\">\n<path d=\"M3.33366 16.6666C2.87533 16.6666 2.48296 16.5035 2.15658 16.1771C1.83019 15.8507 1.66699 15.4583 1.66699 15V4.99998C1.66699 4.54165 1.83019 4.14929 2.15658 3.8229C2.48296 3.49651 2.87533 3.33331 3.33366 3.33331H16.667C17.1253 3.33331 17.5177 3.49651 17.8441 3.8229C18.1705 4.14929 18.3337 4.54165 18.3337 4.99998V15C18.3337 15.4583 18.1705 15.8507 17.8441 16.1771C17.5177 16.5035 17.1253 16.6666 16.667 16.6666H3.33366ZM16.667 6.66665L10.4378 10.5625C10.3684 10.6041 10.2955 10.6354 10.2191 10.6562C10.1427 10.6771 10.0698 10.6875 10.0003 10.6875C9.93088 10.6875 9.85797 10.6771 9.78158 10.6562C9.70519 10.6354 9.63227 10.6041 9.56283 10.5625L3.33366 6.66665V15H16.667V6.66665ZM10.0003 9.16665L16.667 4.99998H3.33366L10.0003 9.16665ZM3.33366 6.87498V5.64581V5.66665V5.65623V6.87498Z\" fill=\"black\"\/>\n<\/svg>\n                                        <p><a href=\"mailto:jenny.ahonen@abf.se\">jenny.ahonen@abf.se<\/a><\/p>\n                                    <\/div>\n                                                                    <\/div>\n                                                            <\/div>\n                                            <\/div>\n                                        <\/div>\n        <\/div>\n    <\/li>\n    <\/ul>\n","protected":false},"excerpt":{"rendered":"","protected":false},"author":86,"featured_media":0,"parent":172,"menu_order":0,"comment_status":"closed","ping_status":"closed","template":"","meta":{"_acf_changed":false,"footnotes":""},"class_list":["post-472","page","type-page","status-publish","hentry"],"acf":[],"yoast_head":"<!-- This site is optimized with the Yoast SEO plugin v27.0 - https:\/\/yoast.com\/product\/yoast-seo-wordpress\/ -->\n<title>Barnen, krigen, spr\u00e5ken, liven - Kronoberg<\/title>\n<meta name=\"robots\" content=\"index, follow, max-snippet:-1, max-image-preview:large, max-video-preview:-1\" \/>\n<link rel=\"canonical\" href=\"https:\/\/www.abf.se\/kronoberg\/pagaende-projekt\/barnen-krigen-spraken-liven\/\" \/>\n<meta property=\"og:locale\" content=\"sv_SE\" \/>\n<meta property=\"og:type\" content=\"article\" \/>\n<meta property=\"og:title\" content=\"Barnen, krigen, spr\u00e5ken, liven - Kronoberg\" \/>\n<meta property=\"og:url\" content=\"https:\/\/www.abf.se\/kronoberg\/pagaende-projekt\/barnen-krigen-spraken-liven\/\" \/>\n<meta property=\"og:site_name\" content=\"Kronoberg\" \/>\n<meta property=\"article:modified_time\" content=\"2025-09-19T09:22:53+00:00\" \/>\n<meta property=\"og:image\" content=\"https:\/\/www.abf.se\/wp-content\/uploads\/sites\/33\/2024\/03\/Nyckeln-liggande-scaled.jpg\" \/>\n\t<meta property=\"og:image:width\" content=\"2560\" \/>\n\t<meta property=\"og:image:height\" content=\"1440\" \/>\n\t<meta property=\"og:image:type\" content=\"image\/jpeg\" \/>\n<meta name=\"twitter:card\" content=\"summary_large_image\" \/>\n<script type=\"application\/ld+json\" class=\"yoast-schema-graph\">{\"@context\":\"https:\/\/schema.org\",\"@graph\":[{\"@type\":\"WebPage\",\"@id\":\"https:\/\/www.abf.se\/kronoberg\/pagaende-projekt\/barnen-krigen-spraken-liven\/\",\"url\":\"https:\/\/www.abf.se\/kronoberg\/pagaende-projekt\/barnen-krigen-spraken-liven\/\",\"name\":\"Barnen, krigen, spr\u00e5ken, liven - Kronoberg\",\"isPartOf\":{\"@id\":\"https:\/\/www.abf.se\/kronoberg\/#website\"},\"datePublished\":\"2025-09-19T09:20:21+00:00\",\"dateModified\":\"2025-09-19T09:22:53+00:00\",\"breadcrumb\":{\"@id\":\"https:\/\/www.abf.se\/kronoberg\/pagaende-projekt\/barnen-krigen-spraken-liven\/#breadcrumb\"},\"inLanguage\":\"sv-SE\",\"potentialAction\":[{\"@type\":\"ReadAction\",\"target\":[\"https:\/\/www.abf.se\/kronoberg\/pagaende-projekt\/barnen-krigen-spraken-liven\/\"]}]},{\"@type\":\"BreadcrumbList\",\"@id\":\"https:\/\/www.abf.se\/kronoberg\/pagaende-projekt\/barnen-krigen-spraken-liven\/#breadcrumb\",\"itemListElement\":[{\"@type\":\"ListItem\",\"position\":1,\"name\":\"Home\",\"item\":\"https:\/\/www.abf.se\/kronoberg\/\"},{\"@type\":\"ListItem\",\"position\":2,\"name\":\"Projekt\",\"item\":\"https:\/\/www.abf.se\/kronoberg\/pagaende-projekt\/\"},{\"@type\":\"ListItem\",\"position\":3,\"name\":\"Barnen, krigen, spr\u00e5ken, liven\"}]},{\"@type\":\"WebSite\",\"@id\":\"https:\/\/www.abf.se\/kronoberg\/#website\",\"url\":\"https:\/\/www.abf.se\/kronoberg\/\",\"name\":\"Kronoberg\",\"description\":\"\",\"potentialAction\":[{\"@type\":\"SearchAction\",\"target\":{\"@type\":\"EntryPoint\",\"urlTemplate\":\"https:\/\/www.abf.se\/kronoberg\/?s={search_term_string}\"},\"query-input\":{\"@type\":\"PropertyValueSpecification\",\"valueRequired\":true,\"valueName\":\"search_term_string\"}}],\"inLanguage\":\"sv-SE\"}]}<\/script>\n<!-- \/ Yoast SEO plugin. -->","yoast_head_json":{"title":"Barnen, krigen, spr\u00e5ken, liven - Kronoberg","robots":{"index":"index","follow":"follow","max-snippet":"max-snippet:-1","max-image-preview":"max-image-preview:large","max-video-preview":"max-video-preview:-1"},"canonical":"https:\/\/www.abf.se\/kronoberg\/pagaende-projekt\/barnen-krigen-spraken-liven\/","og_locale":"sv_SE","og_type":"article","og_title":"Barnen, krigen, spr\u00e5ken, liven - Kronoberg","og_url":"https:\/\/www.abf.se\/kronoberg\/pagaende-projekt\/barnen-krigen-spraken-liven\/","og_site_name":"Kronoberg","article_modified_time":"2025-09-19T09:22:53+00:00","og_image":[{"width":2560,"height":1440,"url":"https:\/\/www.abf.se\/wp-content\/uploads\/sites\/33\/2024\/03\/Nyckeln-liggande-scaled.jpg","type":"image\/jpeg"}],"twitter_card":"summary_large_image","schema":{"@context":"https:\/\/schema.org","@graph":[{"@type":"WebPage","@id":"https:\/\/www.abf.se\/kronoberg\/pagaende-projekt\/barnen-krigen-spraken-liven\/","url":"https:\/\/www.abf.se\/kronoberg\/pagaende-projekt\/barnen-krigen-spraken-liven\/","name":"Barnen, krigen, spr\u00e5ken, liven - Kronoberg","isPartOf":{"@id":"https:\/\/www.abf.se\/kronoberg\/#website"},"datePublished":"2025-09-19T09:20:21+00:00","dateModified":"2025-09-19T09:22:53+00:00","breadcrumb":{"@id":"https:\/\/www.abf.se\/kronoberg\/pagaende-projekt\/barnen-krigen-spraken-liven\/#breadcrumb"},"inLanguage":"sv-SE","potentialAction":[{"@type":"ReadAction","target":["https:\/\/www.abf.se\/kronoberg\/pagaende-projekt\/barnen-krigen-spraken-liven\/"]}]},{"@type":"BreadcrumbList","@id":"https:\/\/www.abf.se\/kronoberg\/pagaende-projekt\/barnen-krigen-spraken-liven\/#breadcrumb","itemListElement":[{"@type":"ListItem","position":1,"name":"Home","item":"https:\/\/www.abf.se\/kronoberg\/"},{"@type":"ListItem","position":2,"name":"Projekt","item":"https:\/\/www.abf.se\/kronoberg\/pagaende-projekt\/"},{"@type":"ListItem","position":3,"name":"Barnen, krigen, spr\u00e5ken, liven"}]},{"@type":"WebSite","@id":"https:\/\/www.abf.se\/kronoberg\/#website","url":"https:\/\/www.abf.se\/kronoberg\/","name":"Kronoberg","description":"","potentialAction":[{"@type":"SearchAction","target":{"@type":"EntryPoint","urlTemplate":"https:\/\/www.abf.se\/kronoberg\/?s={search_term_string}"},"query-input":{"@type":"PropertyValueSpecification","valueRequired":true,"valueName":"search_term_string"}}],"inLanguage":"sv-SE"}]}},"_links":{"self":[{"href":"https:\/\/www.abf.se\/kronoberg\/wp-json\/wp\/v2\/pages\/472","targetHints":{"allow":["GET"]}}],"collection":[{"href":"https:\/\/www.abf.se\/kronoberg\/wp-json\/wp\/v2\/pages"}],"about":[{"href":"https:\/\/www.abf.se\/kronoberg\/wp-json\/wp\/v2\/types\/page"}],"author":[{"embeddable":true,"href":"https:\/\/www.abf.se\/kronoberg\/wp-json\/wp\/v2\/users\/86"}],"replies":[{"embeddable":true,"href":"https:\/\/www.abf.se\/kronoberg\/wp-json\/wp\/v2\/comments?post=472"}],"version-history":[{"count":4,"href":"https:\/\/www.abf.se\/kronoberg\/wp-json\/wp\/v2\/pages\/472\/revisions"}],"predecessor-version":[{"id":480,"href":"https:\/\/www.abf.se\/kronoberg\/wp-json\/wp\/v2\/pages\/472\/revisions\/480"}],"up":[{"embeddable":true,"href":"https:\/\/www.abf.se\/kronoberg\/wp-json\/wp\/v2\/pages\/172"}],"wp:attachment":[{"href":"https:\/\/www.abf.se\/kronoberg\/wp-json\/wp\/v2\/media?parent=472"}],"curies":[{"name":"wp","href":"https:\/\/api.w.org\/{rel}","templated":true}]}}