{"id":1057,"date":"2024-09-12T14:26:35","date_gmt":"2024-09-12T12:26:35","guid":{"rendered":"https:\/\/www.abf.se\/malmo\/?page_id=1057"},"modified":"2026-01-19T09:55:50","modified_gmt":"2026-01-19T08:55:50","slug":"forening-2","status":"publish","type":"page","link":"https:\/\/www.abf.se\/malmo-sydvast\/forening-2\/","title":{"rendered":"F\u00f6r er f\u00f6rening"},"content":{"rendered":"<div\n    class=\"acf-hero-block container-lg no-padding mb-12 js-geolocation\"\n    data-block=\"hero-block\"\n    data-index=\"0\"\n>\n    <div class=\"h-[548px]  relative rounded-[32px] overflow-hidden flex bg-gray-light\">\n        <div class=\"relative z-10 mt-auto h-auto w-full md:h-full\">\n            <div class=\"flex w-full h-full flex-col flex-wrap justify-end w-full md:w-7\/12 lg:w-1\/2 md:justify-center\">\n                <div class=\"flex flex-col gap-3 md:gap-[18px] md:transparent pt-16 pb-36 md:py-8 px-4 w-full md:max-w-[620px] mx-auto px-8\">\n\n                    <h1 class=\"hero-heading\"><span>Utbildningar och aktiviteter f\u00f6r f\u00f6reningar<\/span><\/h1>\n\n                    \n                                    <\/div>\n            <\/div>\n        <\/div>\n\n                    <picture class=\"as-background-image mix-blend-multiply bg-black\/40\"><img decoding=\"async\" src=\"https:\/\/www.abf.se\/malmo-sydvast\/resized\/?url=https%3A%2F%2Fwww.abf.se%2Fwp-content%2Fuploads%2Fsites%2F34%2F2024%2F02%2FTrion-liggande-kopia.jpg&#038;fit=crop&#038;w=1440&#038;s=7b244f61ab38ac551f6b2db05160dc23\" srcset=\"https:\/\/www.abf.se\/malmo-sydvast\/resized\/?url=https%3A%2F%2Fwww.abf.se%2Fwp-content%2Fuploads%2Fsites%2F34%2F2024%2F02%2FTrion-liggande-kopia.jpg&#038;fit=crop&#038;w=375&#038;h=540&#038;s=231746e1e4a4b5f7afa6a58a73427178 375w, https:\/\/www.abf.se\/malmo-sydvast\/resized\/?url=https%3A%2F%2Fwww.abf.se%2Fwp-content%2Fuploads%2Fsites%2F34%2F2024%2F02%2FTrion-liggande-kopia.jpg&#038;fit=crop&#038;w=447&#038;h=540&#038;s=a68e3e2ce6f365e99ffdc1159a4574fc 447w, https:\/\/www.abf.se\/malmo-sydvast\/resized\/?url=https%3A%2F%2Fwww.abf.se%2Fwp-content%2Fuploads%2Fsites%2F34%2F2024%2F02%2FTrion-liggande-kopia.jpg&#038;fit=crop&#038;w=519&#038;h=540&#038;s=49fbfa47ed6d811bc3709dee027b4fd9 519w, https:\/\/www.abf.se\/malmo-sydvast\/resized\/?url=https%3A%2F%2Fwww.abf.se%2Fwp-content%2Fuploads%2Fsites%2F34%2F2024%2F02%2FTrion-liggande-kopia.jpg&#038;fit=crop&#038;w=591&#038;h=540&#038;s=ca263509b5aedfbd243043ad23402df6 591w, https:\/\/www.abf.se\/malmo-sydvast\/resized\/?url=https%3A%2F%2Fwww.abf.se%2Fwp-content%2Fuploads%2Fsites%2F34%2F2024%2F02%2FTrion-liggande-kopia.jpg&#038;fit=crop&#038;w=663&#038;h=540&#038;s=a372b4ef1040294dd7a6eba9ef5888af 663w, https:\/\/www.abf.se\/malmo-sydvast\/resized\/?url=https%3A%2F%2Fwww.abf.se%2Fwp-content%2Fuploads%2Fsites%2F34%2F2024%2F02%2FTrion-liggande-kopia.jpg&#038;fit=crop&#038;w=750&#038;h=540&#038;s=5a8a385a4d4f1868d992e5d220c0144a 750w, https:\/\/www.abf.se\/malmo-sydvast\/resized\/?url=https%3A%2F%2Fwww.abf.se%2Fwp-content%2Fuploads%2Fsites%2F34%2F2024%2F02%2FTrion-liggande-kopia.jpg&#038;fit=crop&#038;w=894&#038;h=540&#038;s=84eee7a08c6149bb2b6b7ef6e7600c40 894w, https:\/\/www.abf.se\/malmo-sydvast\/resized\/?url=https%3A%2F%2Fwww.abf.se%2Fwp-content%2Fuploads%2Fsites%2F34%2F2024%2F02%2FTrion-liggande-kopia.jpg&#038;fit=crop&#038;w=1038&#038;h=540&#038;s=a989bc3c6fa7ea9e0a14e6e2430302d9 1038w, https:\/\/www.abf.se\/malmo-sydvast\/resized\/?url=https%3A%2F%2Fwww.abf.se%2Fwp-content%2Fuploads%2Fsites%2F34%2F2024%2F02%2FTrion-liggande-kopia.jpg&#038;fit=crop&#038;w=1182&#038;h=540&#038;s=9bf2f00dab4faf37385f1bd7c79f3071 1182w, https:\/\/www.abf.se\/malmo-sydvast\/resized\/?url=https%3A%2F%2Fwww.abf.se%2Fwp-content%2Fuploads%2Fsites%2F34%2F2024%2F02%2FTrion-liggande-kopia.jpg&#038;fit=crop&#038;w=1326&#038;h=540&#038;s=5401fdc5038c8a5d2bd510846547aaaf 1326w, https:\/\/www.abf.se\/malmo-sydvast\/resized\/?url=https%3A%2F%2Fwww.abf.se%2Fwp-content%2Fuploads%2Fsites%2F34%2F2024%2F02%2FTrion-liggande-kopia.jpg&#038;fit=crop&#038;w=1440&#038;h=540&#038;s=f8fe4908505dc0f5a5d38ff27d61588b 1440w\" alt=\"\" height=\"540\" width=\"1440\" sizes=\"(max-width: 1440px) calc(100vw - 32px), 1440px\" loading=\"eager\" fetchpriority=\"high\" aria-hidden=\"true\" role=\"presentation\" \/><\/picture>\n        \n\n            <\/div>\n\n    <\/div>\n\n<div\n    class=\"acf-plain-heading-block container my-16\"\n    data-block=\"plain-heading-block\"\n>\n    <div class=\"max-w-[658px] mx-auto\">\n                            <p class=\"mt-8 body-xl text-black\">\n                Utbildningar, pedagogik, workshops och inspirationstr\u00e4ffar \u2013 helt gratis! Varje termin sker mycket f\u00f6r dig som \u00e4r med i en f\u00f6rening. ABF ser till att du f\u00e5r vad du beh\u00f6ver f\u00f6r att driva viktigt och givande folkbildningsarbete!  \n            <\/p>\n            <\/div>\n<\/div>\n<div\n    class=\"acf-text-image-block container my-12 md:my-15\"\n    data-block=\"text-image-block\"\n>\n    <div\n    class=\"flex flex-col items-center md:flex-row gap-8 md:gap-0 justify-between\">\n                        <div class=\"w-full md:w-1\/2 md:order-1\">\n            <picture><img decoding=\"async\" src=\"https:\/\/www.abf.se\/malmo-sydvast\/resized\/?url=https%3A%2F%2Fwww.abf.se%2Fwp-content%2Fuploads%2Fsites%2F34%2F2025%2F08%2FTjej-med-bok.png&#038;fit=crop&#038;w=578&#038;s=28d32d96737f8abd1e0b90bf06b1f53c\" srcset=\"https:\/\/www.abf.se\/malmo-sydvast\/resized\/?url=https%3A%2F%2Fwww.abf.se%2Fwp-content%2Fuploads%2Fsites%2F34%2F2025%2F08%2FTjej-med-bok.png&#038;fit=crop&#038;w=144&#038;h=126&#038;s=311720d85a8c35a5a8b057731150223c 144w, https:\/\/www.abf.se\/malmo-sydvast\/resized\/?url=https%3A%2F%2Fwww.abf.se%2Fwp-content%2Fuploads%2Fsites%2F34%2F2025%2F08%2FTjej-med-bok.png&#038;fit=crop&#038;w=240&#038;h=211&#038;s=5cb90dcf24b41854c40d98a02907e90b 240w, https:\/\/www.abf.se\/malmo-sydvast\/resized\/?url=https%3A%2F%2Fwww.abf.se%2Fwp-content%2Fuploads%2Fsites%2F34%2F2025%2F08%2FTjej-med-bok.png&#038;fit=crop&#038;w=288&#038;h=253&#038;s=508e9bdcdd84073df6ebc3f2888211b0 288w, https:\/\/www.abf.se\/malmo-sydvast\/resized\/?url=https%3A%2F%2Fwww.abf.se%2Fwp-content%2Fuploads%2Fsites%2F34%2F2025%2F08%2FTjej-med-bok.png&#038;fit=crop&#038;w=336&#038;h=295&#038;s=bb368ccafa97918f08c5cf43b623fec7 336w, https:\/\/www.abf.se\/malmo-sydvast\/resized\/?url=https%3A%2F%2Fwww.abf.se%2Fwp-content%2Fuploads%2Fsites%2F34%2F2025%2F08%2FTjej-med-bok.png&#038;fit=crop&#038;w=432&#038;h=380&#038;s=233dca34040e20fa9398ccbf7a1f2f2a 432w, https:\/\/www.abf.se\/malmo-sydvast\/resized\/?url=https%3A%2F%2Fwww.abf.se%2Fwp-content%2Fuploads%2Fsites%2F34%2F2025%2F08%2FTjej-med-bok.png&#038;fit=crop&#038;w=480&#038;h=422&#038;s=b33277451f7793b358215741c1ca14b4 480w, https:\/\/www.abf.se\/malmo-sydvast\/resized\/?url=https%3A%2F%2Fwww.abf.se%2Fwp-content%2Fuploads%2Fsites%2F34%2F2025%2F08%2FTjej-med-bok.png&#038;fit=crop&#038;w=528&#038;h=464&#038;s=4003655a2e19fbf711910690b50c547a 528w, https:\/\/www.abf.se\/malmo-sydvast\/resized\/?url=https%3A%2F%2Fwww.abf.se%2Fwp-content%2Fuploads%2Fsites%2F34%2F2025%2F08%2FTjej-med-bok.png&#038;fit=crop&#038;w=578&#038;h=509&#038;s=fc081921c6bfeefbb5c2a8bdb695b1a9 578w, https:\/\/www.abf.se\/malmo-sydvast\/resized\/?url=https%3A%2F%2Fwww.abf.se%2Fwp-content%2Fuploads%2Fsites%2F34%2F2025%2F08%2FTjej-med-bok.png&#038;fit=crop&#038;w=672&#038;h=591&#038;s=1713647af8e6b2ebcfe1eb521e4e6c44 672w, https:\/\/www.abf.se\/malmo-sydvast\/resized\/?url=https%3A%2F%2Fwww.abf.se%2Fwp-content%2Fuploads%2Fsites%2F34%2F2025%2F08%2FTjej-med-bok.png&#038;fit=crop&#038;w=864&#038;h=760&#038;s=48264f77fb5a7371af8a3b5f6ab1eae6 864w, https:\/\/www.abf.se\/malmo-sydvast\/resized\/?url=https%3A%2F%2Fwww.abf.se%2Fwp-content%2Fuploads%2Fsites%2F34%2F2025%2F08%2FTjej-med-bok.png&#038;fit=crop&#038;w=1056&#038;h=929&#038;s=78a07a751cd4ac3c9efc2fed83d058f8 1056w\" alt=\"\" height=\"509\" width=\"578\" sizes=\"auto, (max-width: 768px) 100vw,\n                (max-width: 1280px) 50vw, 578px\" loading=\"lazy\" fetchpriority=\"low\" \/><\/picture>\n\n        <\/div>\n        \n        <div class=\"w-full md:w-1\/2 md:order-2\">\n        <div class=\"mx-auto md:max-w-[368px]\">\n            <h2 class=\"heading-lg\">\ud83d\udcc6\u00a0F\u00f6reningsutveckling<\/h2>\n            <div class=\"mb-6 mt-4 wysiwyg\">\n                <h3>Bygg en livskraftig f\u00f6rening med ABFs F\u00f6reningsutveckling!<\/h3>\n<p>Vi finns h\u00e4r f\u00f6r att st\u00f6dja er i att skapa och st\u00e4rka er f\u00f6rening. Vi tror p\u00e5 demokrati som grundpelare och att varje individ i styrelsen ska k\u00e4nna sig trygg i sitt uppdrag. Detta kr\u00e4ver kontinuerligt arbete och utveckling.<\/p>\n\n            <\/div>\n                    <\/div>\n        <\/div>\n    <\/div>\n<\/div><form id=\"CourseSearch\" action=\"https:\/\/www.abf.se\/malmo-sydvast\/kurs-sok\/\" hx-boost=\"true\" hx-target=\"#search-results\" hx-replace-url=\"false\" hx-headers='{\"HX-Action\": \"render_search\"}'>\n    \n            <div class=\"container mb-8\">\n            <div id=\"search-results\">\n                <div class=\"mb-6\">\n    \n    <div class=\"flex flex-col gap-4 md:gap-0 md:flex-row\">\n        <div class=\"inline-flex justify-between md:justify-start items-start gap-2\">\n            <input type=\"hidden\" id=\"type\" name=\"type\" value=\"course\">\n            <a href=\"\/malmo-sydvast\/wp-json\/wp\/v2\/pages\/1057?type=course\" class=\"py-3 px-[26px] rounded-3xl border border-red-dark font-medium text-white bg-red-dark\" href=\"\">Kurser (0)<\/a>\n            <a href=\"\/malmo-sydvast\/wp-json\/wp\/v2\/pages\/1057?type=event\" class=\"py-3 px-[26px] rounded-3xl border border-red-dark font-medium text-red-dark bg-white\" href=\"\">Evenemang (0)<\/a>\n        <\/div>\n        <div class=\"inline-flex items-center align-center justify-end self-center ml-auto gap-7\">\n            <input type=\"hidden\" name=\"lat\" value=\"\" disabled>\n            <input type=\"hidden\" name=\"lon\" value=\"\" disabled>\n            <div>\n                <select name=\"sort\" class=\"InputField-minimal-select\" data-sort-dropdown aria-label=\"V\u00e4lj sortering f\u00f6r resultaten\">\n                    <option value=\"\"  selected  disabled>Sortera efter<\/option>\n                                            <option value=\"date\" >Startdatum<\/option>\n                                            <option value=\"date_desc\" >Senast startdatum<\/option>\n                                            <option value=\"relevance\" >Relevans<\/option>\n                                            <option value=\"name\" >Alfabetisk ordning<\/option>\n                                            <option value=\"price\" >Pris l\u00e5gt &#8211; h\u00f6gt<\/option>\n                                            <option value=\"price_desc\" >Pris h\u00f6gt &#8211; l\u00e5gt<\/option>\n                                            <option value=\"geo\" >N\u00e4ra mig<\/option>\n                                    <\/select>\n            <\/div>\n\n                        <div class=\"hidden md:flex flex-row items-center gap-2\">\n                <a href=\"\/malmo-sydvast\/wp-json\/wp\/v2\/pages\/1057?type=course&amp;display=grid\" class=\"[&#038;_svg]:fill-red-dark\">\n                    <span class=\"sr-only\">\n                        Visa resultaten i ett rutn\u00e4t\n                    <\/span>\n                    <svg width=\"18\" height=\"18\" viewBox=\"0 0 18 18\" fill=\"none\" xmlns=\"http:\/\/www.w3.org\/2000\/svg\">\n<rect x=\"11\" width=\"7\" height=\"7\" rx=\"2\" fill=\"\"\/>\n<rect width=\"7\" height=\"7\" rx=\"2\" fill=\"\"\/>\n<rect x=\"11\" y=\"11\" width=\"7\" height=\"7\" rx=\"2\" fill=\"\"\/>\n<rect y=\"11\" width=\"7\" height=\"7\" rx=\"2\" fill=\"\"\/>\n<\/svg>\n<\/a>\n                <a href=\"\/malmo-sydvast\/wp-json\/wp\/v2\/pages\/1057?type=course&amp;display=list\" class=\"[&#038;_svg]:stroke-gray\">\n                    <span class=\"sr-only\">\n                        Visa resultaten som en lista\n                    <\/span>\n                    <svg width=\"32\" height=\"32\" viewBox=\"0 0 32 32\" fill=\"none\" xmlns=\"http:\/\/www.w3.org\/2000\/svg\">\n<path d=\"M12 8.5H27\" stroke-width=\"3\" stroke-linecap=\"round\" stroke-linejoin=\"round\"\/>\n<path d=\"M12 16H26.9992\" stroke-width=\"3\" stroke-linecap=\"round\" stroke-linejoin=\"round\"\/>\n<path d=\"M12 23.5H26.9992\" stroke-width=\"3\" stroke-linecap=\"round\" stroke-linejoin=\"round\"\/>\n<path d=\"M5 8.5H7\" stroke-width=\"3\" stroke-linecap=\"round\" stroke-linejoin=\"round\"\/>\n<path d=\"M5 16H6.99923\" stroke-width=\"3\" stroke-linecap=\"round\" stroke-linejoin=\"round\"\/>\n<path d=\"M5 23.5H6.99923\" stroke-width=\"3\" stroke-linecap=\"round\" stroke-linejoin=\"round\"\/>\n<\/svg>\n<\/a>\n            <\/div>\n        <\/div>\n    <\/div>\n<\/div>\n<div>\n    <div hx-boost=\"false\">\n        <div class=\"grid grid-cols-1 gap-x-4 gap-y-8 sm:grid-cols-2 md:grid-cols-3 mb-8\">\n    <\/div>\n    <\/div>\n\n    <\/div>\n            <\/div>\n        <\/div>\n    <\/form><div\n    class=\"acf-text-image-block container my-12 md:my-15\"\n    data-block=\"text-image-block\"\n>\n    <div\n    class=\"flex flex-col items-center md:flex-row gap-8 md:gap-0 justify-between\">\n                        <div class=\"w-full md:w-1\/2 md:order-2\">\n            <picture><img decoding=\"async\" src=\"https:\/\/www.abf.se\/malmo-sydvast\/resized\/?url=https%3A%2F%2Fwww.abf.se%2Fwp-content%2Fuploads%2Fsites%2F34%2F2024%2F12%2FAlre-man.png&#038;fit=crop&#038;w=578&#038;s=8dc71901b05cfcc812313bea72fb7ffd\" srcset=\"https:\/\/www.abf.se\/malmo-sydvast\/resized\/?url=https%3A%2F%2Fwww.abf.se%2Fwp-content%2Fuploads%2Fsites%2F34%2F2024%2F12%2FAlre-man.png&#038;fit=crop&#038;w=144&#038;h=126&#038;s=34f9fb42463f44e1e53bc7b0fc529778 144w, https:\/\/www.abf.se\/malmo-sydvast\/resized\/?url=https%3A%2F%2Fwww.abf.se%2Fwp-content%2Fuploads%2Fsites%2F34%2F2024%2F12%2FAlre-man.png&#038;fit=crop&#038;w=240&#038;h=211&#038;s=db5f0ef368badd13ddf41df817b6cdbc 240w, https:\/\/www.abf.se\/malmo-sydvast\/resized\/?url=https%3A%2F%2Fwww.abf.se%2Fwp-content%2Fuploads%2Fsites%2F34%2F2024%2F12%2FAlre-man.png&#038;fit=crop&#038;w=288&#038;h=253&#038;s=cc9b03a5709dabdd361ebeeebb578113 288w, https:\/\/www.abf.se\/malmo-sydvast\/resized\/?url=https%3A%2F%2Fwww.abf.se%2Fwp-content%2Fuploads%2Fsites%2F34%2F2024%2F12%2FAlre-man.png&#038;fit=crop&#038;w=336&#038;h=295&#038;s=5f1ef2a5ffd07e6c546d2d8c1bbeeb75 336w, https:\/\/www.abf.se\/malmo-sydvast\/resized\/?url=https%3A%2F%2Fwww.abf.se%2Fwp-content%2Fuploads%2Fsites%2F34%2F2024%2F12%2FAlre-man.png&#038;fit=crop&#038;w=432&#038;h=380&#038;s=77e95200701dd7524555c2a17864b5db 432w, https:\/\/www.abf.se\/malmo-sydvast\/resized\/?url=https%3A%2F%2Fwww.abf.se%2Fwp-content%2Fuploads%2Fsites%2F34%2F2024%2F12%2FAlre-man.png&#038;fit=crop&#038;w=480&#038;h=422&#038;s=6fb4793428803438ab853d22fb8a23b6 480w, https:\/\/www.abf.se\/malmo-sydvast\/resized\/?url=https%3A%2F%2Fwww.abf.se%2Fwp-content%2Fuploads%2Fsites%2F34%2F2024%2F12%2FAlre-man.png&#038;fit=crop&#038;w=528&#038;h=464&#038;s=7b441cc86785db1db3fec5e4e178cf32 528w, https:\/\/www.abf.se\/malmo-sydvast\/resized\/?url=https%3A%2F%2Fwww.abf.se%2Fwp-content%2Fuploads%2Fsites%2F34%2F2024%2F12%2FAlre-man.png&#038;fit=crop&#038;w=578&#038;h=509&#038;s=cb4760af35292fd6311a1a68483512b3 578w, https:\/\/www.abf.se\/malmo-sydvast\/resized\/?url=https%3A%2F%2Fwww.abf.se%2Fwp-content%2Fuploads%2Fsites%2F34%2F2024%2F12%2FAlre-man.png&#038;fit=crop&#038;w=672&#038;h=591&#038;s=60f628ec9aaa2edc5a84603b958040b2 672w, https:\/\/www.abf.se\/malmo-sydvast\/resized\/?url=https%3A%2F%2Fwww.abf.se%2Fwp-content%2Fuploads%2Fsites%2F34%2F2024%2F12%2FAlre-man.png&#038;fit=crop&#038;w=864&#038;h=760&#038;s=66295e358710a8e1b0acc1ecff72b8ac 864w, https:\/\/www.abf.se\/malmo-sydvast\/resized\/?url=https%3A%2F%2Fwww.abf.se%2Fwp-content%2Fuploads%2Fsites%2F34%2F2024%2F12%2FAlre-man.png&#038;fit=crop&#038;w=1056&#038;h=929&#038;s=a9d40791a287f6af2994121021240437 1056w\" alt=\"\" height=\"509\" width=\"578\" sizes=\"auto, (max-width: 768px) 100vw,\n                (max-width: 1280px) 50vw, 578px\" loading=\"lazy\" fetchpriority=\"low\" \/><\/picture>\n\n        <\/div>\n        \n        <div class=\"w-full md:w-1\/2 md:order-1\">\n        <div class=\"mx-auto md:max-w-[368px]\">\n            <h2 class=\"heading-lg\">\u270f\ufe0f Boka workshop till din f\u00f6rening: V\u00e5ga starta studiecirkel!<\/h2>\n            <div class=\"mb-6 mt-4 wysiwyg\">\n                <p><span data-contrast=\"auto\">Det \u00e4r roligt och givande att g\u00e5 studiecirklar \u2013 men hur g\u00f6r man om man vill h\u00e5lla i en sj\u00e4lv? Bjud in oss p\u00e5 ABF!\u00a0<\/span><span data-contrast=\"auto\">Vi h\u00e5ller en workshop tillsammans med medlemmar som \u00e4r nyfikna p\u00e5 vad det inneb\u00e4r att h\u00e5lla i en studiecirkel. Vi ber\u00e4ttar om studiecirkelns pedagogik och om hur folkbildning funkar. Vi brainstormar id\u00e9er och \u00e4mnen med er.<\/span><\/p>\n<p><span data-contrast=\"auto\">Du som medlem beh\u00f6ver inte ha en konkret id\u00e9 f\u00f6r att delta, kom som du \u00e4r! Kanske blir du inspirerad att h\u00e5lla i en studiecirkel direkt, eller s\u00e5 vill du delta i n\u00e5gon av de andra studiecirklarna som diskuteras under tr\u00e4ffen. <\/span><span data-ccp-props=\"{&quot;201341983&quot;:0,&quot;335559739&quot;:160,&quot;335559740&quot;:279}\">\u00a0<\/span><\/p>\n<p><b><span data-contrast=\"auto\">Inneh\u00e5ll (2 timmar):<\/span><\/b><span data-ccp-props=\"{&quot;201341983&quot;:0,&quot;335559739&quot;:160,&quot;335559740&quot;:279}\">\u00a0<\/span><\/p>\n<ul>\n<li data-leveltext=\"\uf0b7\" data-font=\"Symbol\" data-listid=\"1\" data-list-defn-props=\"{&quot;335552541&quot;:1,&quot;335559685&quot;:720,&quot;335559991&quot;:360,&quot;469769226&quot;:&quot;Symbol&quot;,&quot;469769242&quot;:[8226],&quot;469777803&quot;:&quot;left&quot;,&quot;469777804&quot;:&quot;\uf0b7&quot;,&quot;469777815&quot;:&quot;hybridMultilevel&quot;}\" data-aria-posinset=\"1\" data-aria-level=\"1\"><span data-contrast=\"auto\">Om folkbildning och ABF<\/span><\/li>\n<li data-leveltext=\"\uf0b7\" data-font=\"Symbol\" data-listid=\"1\" data-list-defn-props=\"{&quot;335552541&quot;:1,&quot;335559685&quot;:720,&quot;335559991&quot;:360,&quot;469769226&quot;:&quot;Symbol&quot;,&quot;469769242&quot;:[8226],&quot;469777803&quot;:&quot;left&quot;,&quot;469777804&quot;:&quot;\uf0b7&quot;,&quot;469777815&quot;:&quot;hybridMultilevel&quot;}\" data-aria-posinset=\"1\" data-aria-level=\"1\"><span data-contrast=\"auto\">Om studiecirkelns pedagogik<\/span><span data-ccp-props=\"{&quot;201341983&quot;:0,&quot;335559739&quot;:160,&quot;335559740&quot;:279}\">\u00a0<\/span><\/li>\n<li data-leveltext=\"\uf0b7\" data-font=\"Symbol\" data-listid=\"1\" data-list-defn-props=\"{&quot;335552541&quot;:1,&quot;335559685&quot;:720,&quot;335559991&quot;:360,&quot;469769226&quot;:&quot;Symbol&quot;,&quot;469769242&quot;:[8226],&quot;469777803&quot;:&quot;left&quot;,&quot;469777804&quot;:&quot;\uf0b7&quot;,&quot;469777815&quot;:&quot;hybridMultilevel&quot;}\" data-aria-posinset=\"1\" data-aria-level=\"1\"><span data-contrast=\"auto\">Workshop \u2013 vi brainstormar id\u00e9er och \u00e4mnen<\/span><span data-ccp-props=\"{&quot;201341983&quot;:0,&quot;335559739&quot;:160,&quot;335559740&quot;:279}\">\u00a0<\/span><\/li>\n<li data-leveltext=\"\uf0b7\" data-font=\"Symbol\" data-listid=\"1\" data-list-defn-props=\"{&quot;335552541&quot;:1,&quot;335559685&quot;:720,&quot;335559991&quot;:360,&quot;469769226&quot;:&quot;Symbol&quot;,&quot;469769242&quot;:[8226],&quot;469777803&quot;:&quot;left&quot;,&quot;469777804&quot;:&quot;\uf0b7&quot;,&quot;469777815&quot;:&quot;hybridMultilevel&quot;}\" data-aria-posinset=\"1\" data-aria-level=\"1\"><span data-contrast=\"auto\">Praktiskt och ABF:s e-tj\u00e4nst<\/span><\/li>\n<\/ul>\n<p><b><span data-contrast=\"auto\">Boka tr\u00e4ff:\u00a0<\/span><\/b><span data-contrast=\"auto\">\u00c4r ni intresserad av att vi kommer till er f\u00f6rening och h\u00e5ller i en s\u00e5dan h\u00e4r tr\u00e4ff? Maila ABF:s kommunikat\u00f6r Miranda p\u00e5 <a href=\"miranda.borgkvist@abf.se\">miranda.borgkvist@abf.se<\/a><\/span><span data-contrast=\"auto\">, s\u00e5 parar hon ihop er med r\u00e4tt person. Ni best\u00e4mmer sj\u00e4lva datum och tid som passar er.<\/span><span data-ccp-props=\"{&quot;201341983&quot;:0,&quot;335559739&quot;:160,&quot;335559740&quot;:279}\">\u00a0<\/span><\/p>\n\n            <\/div>\n                    <\/div>\n        <\/div>\n    <\/div>\n<\/div><div\n    class=\"acf-text-image-block container bg-gray-light py-12 md:py-15\"\n    data-block=\"text-image-block\"\n>\n    <div\n    class=\"flex flex-col items-center md:flex-row gap-8 md:gap-0 justify-between\">\n                        <div class=\"w-full md:w-1\/2 md:order-2\">\n            <picture><img decoding=\"async\" src=\"https:\/\/www.abf.se\/malmo-sydvast\/resized\/?url=https%3A%2F%2Fwww.abf.se%2Fwp-content%2Fuploads%2Fsites%2F34%2F2024%2F12%2FMegafon-e1739371300817.png&#038;fit=crop&#038;w=578&#038;s=fd6a7a54c2492e07d64eb68c55fa3bd4\" srcset=\"https:\/\/www.abf.se\/malmo-sydvast\/resized\/?url=https%3A%2F%2Fwww.abf.se%2Fwp-content%2Fuploads%2Fsites%2F34%2F2024%2F12%2FMegafon-e1739371300817.png&#038;fit=crop&#038;w=144&#038;h=126&#038;s=ca370bac8ce09c752151a9a83ddf0587 144w, https:\/\/www.abf.se\/malmo-sydvast\/resized\/?url=https%3A%2F%2Fwww.abf.se%2Fwp-content%2Fuploads%2Fsites%2F34%2F2024%2F12%2FMegafon-e1739371300817.png&#038;fit=crop&#038;w=240&#038;h=211&#038;s=f060dd00cb3daf3837c38ed60e375dca 240w, https:\/\/www.abf.se\/malmo-sydvast\/resized\/?url=https%3A%2F%2Fwww.abf.se%2Fwp-content%2Fuploads%2Fsites%2F34%2F2024%2F12%2FMegafon-e1739371300817.png&#038;fit=crop&#038;w=288&#038;h=253&#038;s=e4dede9f65a7eacd79257282b4e6a66a 288w, https:\/\/www.abf.se\/malmo-sydvast\/resized\/?url=https%3A%2F%2Fwww.abf.se%2Fwp-content%2Fuploads%2Fsites%2F34%2F2024%2F12%2FMegafon-e1739371300817.png&#038;fit=crop&#038;w=336&#038;h=295&#038;s=5f0348c7fc28f0d8d3408b09ec52bf35 336w, https:\/\/www.abf.se\/malmo-sydvast\/resized\/?url=https%3A%2F%2Fwww.abf.se%2Fwp-content%2Fuploads%2Fsites%2F34%2F2024%2F12%2FMegafon-e1739371300817.png&#038;fit=crop&#038;w=432&#038;h=380&#038;s=8189451d171066ed44b029f33811eb58 432w, https:\/\/www.abf.se\/malmo-sydvast\/resized\/?url=https%3A%2F%2Fwww.abf.se%2Fwp-content%2Fuploads%2Fsites%2F34%2F2024%2F12%2FMegafon-e1739371300817.png&#038;fit=crop&#038;w=480&#038;h=422&#038;s=68007683c710987b362776820a993d22 480w, https:\/\/www.abf.se\/malmo-sydvast\/resized\/?url=https%3A%2F%2Fwww.abf.se%2Fwp-content%2Fuploads%2Fsites%2F34%2F2024%2F12%2FMegafon-e1739371300817.png&#038;fit=crop&#038;w=528&#038;h=464&#038;s=af0ed42d9f82456f82c5301b5f15143b 528w, https:\/\/www.abf.se\/malmo-sydvast\/resized\/?url=https%3A%2F%2Fwww.abf.se%2Fwp-content%2Fuploads%2Fsites%2F34%2F2024%2F12%2FMegafon-e1739371300817.png&#038;fit=crop&#038;w=578&#038;h=509&#038;s=543478d089e58e08c67c24501243d385 578w, https:\/\/www.abf.se\/malmo-sydvast\/resized\/?url=https%3A%2F%2Fwww.abf.se%2Fwp-content%2Fuploads%2Fsites%2F34%2F2024%2F12%2FMegafon-e1739371300817.png&#038;fit=crop&#038;w=672&#038;h=591&#038;s=94b0b1671c849e7d823d5b4b2def2646 672w, https:\/\/www.abf.se\/malmo-sydvast\/resized\/?url=https%3A%2F%2Fwww.abf.se%2Fwp-content%2Fuploads%2Fsites%2F34%2F2024%2F12%2FMegafon-e1739371300817.png&#038;fit=crop&#038;w=864&#038;h=760&#038;s=59aca33d9e6c3a0972e7da09ac2ff35c 864w, https:\/\/www.abf.se\/malmo-sydvast\/resized\/?url=https%3A%2F%2Fwww.abf.se%2Fwp-content%2Fuploads%2Fsites%2F34%2F2024%2F12%2FMegafon-e1739371300817.png&#038;fit=crop&#038;w=1056&#038;h=929&#038;s=26a094072e937e619ca34e31edc6e957 1056w\" alt=\"\" height=\"509\" width=\"578\" sizes=\"auto, (max-width: 768px) 100vw,\n                (max-width: 1280px) 50vw, 578px\" loading=\"lazy\" fetchpriority=\"low\" \/><\/picture>\n\n        <\/div>\n        \n        <div class=\"w-full md:w-1\/2 md:order-1\">\n        <div class=\"mx-auto md:max-w-[368px]\">\n            <h2 class=\"heading-lg\"><\/h2>\n            <div class=\"mb-6 mt-4 wysiwyg\">\n                <h2>\ud83d\udce3\u00a0Glada ambassad\u00f6rer s\u00f6kes!<\/h2>\n<p>F\u00f6r att f\u00e5 fler att uppt\u00e4cka ABF letar vi nu efter eldsj\u00e4lar och folkbildare som vill ber\u00e4tta varf\u00f6r ni leder en studiecirkel eller deltar i ABF:s verksamhet. Om vi blir fler, kan vi g\u00f6ra mer! Gillar du ABF och att synas p\u00e5 sociala medier f\u00e5r du g\u00e4rna h\u00f6ra av dig till v\u00e5r kommunikat\u00f6r eller <a href=\"mailto:info.malmosydvast@abf.se\">info.malmosydvast@abf.se<\/a>,\u00a0s\u00e5 ber\u00e4ttar vi mer.<\/p>\n<h2>\u2764\ufe0f\u00a0F\u00e5 fler uppdrag p\u00e5 ABF<\/h2>\n<div>Vi vet att du som cirkelledare s\u00e4kerligen har stor kompetens inom flera olika omr\u00e5den. ABF vill ta tillvara p\u00e5 din kunskap och vilja att utvecklas inom organisationen. <a href=\"https:\/\/forms.office.com\/e\/VuRG3e2b05\">H\u00e4r kan du fylla i vad du har f\u00f6r kompetenser.<\/a> Vi kontaktar dig om vi har behov av personal inom detta omr\u00e5de. Det kan vara ett eng\u00e5ngstillf\u00e4lle, en kurs\/utbildning eller en l\u00e4ngre uppdrag. Du avg\u00f6r givetvis sj\u00e4lv om du \u00e4r intresserad av uppdraget.<\/div>\n\n            <\/div>\n                    <\/div>\n        <\/div>\n    <\/div>\n<\/div><div\n    class=\"acf-text-image-block container my-12 md:my-15\"\n    data-block=\"text-image-block\"\n>\n    <div\n    class=\"flex flex-col items-center md:flex-row gap-8 md:gap-0 justify-between\">\n                        <div class=\"w-full md:w-1\/2 md:order-2\">\n            <picture><img decoding=\"async\" src=\"https:\/\/www.abf.se\/malmo-sydvast\/resized\/?url=https%3A%2F%2Fwww.abf.se%2Fwp-content%2Fuploads%2Fsites%2F34%2F2025%2F01%2Fkvadrat-studiematerial-4.png&#038;fit=crop&#038;w=578&#038;s=8d222a6ed217afde2030998b72ebc319\" srcset=\"https:\/\/www.abf.se\/malmo-sydvast\/resized\/?url=https%3A%2F%2Fwww.abf.se%2Fwp-content%2Fuploads%2Fsites%2F34%2F2025%2F01%2Fkvadrat-studiematerial-4.png&#038;fit=crop&#038;w=144&#038;h=126&#038;s=07aa8debf0c89fc9ffea03e77813c84d 144w, https:\/\/www.abf.se\/malmo-sydvast\/resized\/?url=https%3A%2F%2Fwww.abf.se%2Fwp-content%2Fuploads%2Fsites%2F34%2F2025%2F01%2Fkvadrat-studiematerial-4.png&#038;fit=crop&#038;w=240&#038;h=211&#038;s=663f7db7cd83b3bac36db3d442150484 240w, https:\/\/www.abf.se\/malmo-sydvast\/resized\/?url=https%3A%2F%2Fwww.abf.se%2Fwp-content%2Fuploads%2Fsites%2F34%2F2025%2F01%2Fkvadrat-studiematerial-4.png&#038;fit=crop&#038;w=288&#038;h=253&#038;s=0817adeced1adaefff118cb107c5f1ea 288w, https:\/\/www.abf.se\/malmo-sydvast\/resized\/?url=https%3A%2F%2Fwww.abf.se%2Fwp-content%2Fuploads%2Fsites%2F34%2F2025%2F01%2Fkvadrat-studiematerial-4.png&#038;fit=crop&#038;w=336&#038;h=295&#038;s=cc70b7b60292551ac432d551674e596c 336w, https:\/\/www.abf.se\/malmo-sydvast\/resized\/?url=https%3A%2F%2Fwww.abf.se%2Fwp-content%2Fuploads%2Fsites%2F34%2F2025%2F01%2Fkvadrat-studiematerial-4.png&#038;fit=crop&#038;w=432&#038;h=380&#038;s=90d44b9c9b4860200b3e1b1c7d4f5945 432w, https:\/\/www.abf.se\/malmo-sydvast\/resized\/?url=https%3A%2F%2Fwww.abf.se%2Fwp-content%2Fuploads%2Fsites%2F34%2F2025%2F01%2Fkvadrat-studiematerial-4.png&#038;fit=crop&#038;w=480&#038;h=422&#038;s=5e9f2c8c2a0da449c28fc818fad44b6c 480w, https:\/\/www.abf.se\/malmo-sydvast\/resized\/?url=https%3A%2F%2Fwww.abf.se%2Fwp-content%2Fuploads%2Fsites%2F34%2F2025%2F01%2Fkvadrat-studiematerial-4.png&#038;fit=crop&#038;w=528&#038;h=464&#038;s=2768f72f1a343b52c90e949b66903fb7 528w, https:\/\/www.abf.se\/malmo-sydvast\/resized\/?url=https%3A%2F%2Fwww.abf.se%2Fwp-content%2Fuploads%2Fsites%2F34%2F2025%2F01%2Fkvadrat-studiematerial-4.png&#038;fit=crop&#038;w=578&#038;h=509&#038;s=ae5387eec77c7b2a7be3b788f7c33607 578w, https:\/\/www.abf.se\/malmo-sydvast\/resized\/?url=https%3A%2F%2Fwww.abf.se%2Fwp-content%2Fuploads%2Fsites%2F34%2F2025%2F01%2Fkvadrat-studiematerial-4.png&#038;fit=crop&#038;w=672&#038;h=591&#038;s=1cca78064b8a55ba577415b67e4f1211 672w, https:\/\/www.abf.se\/malmo-sydvast\/resized\/?url=https%3A%2F%2Fwww.abf.se%2Fwp-content%2Fuploads%2Fsites%2F34%2F2025%2F01%2Fkvadrat-studiematerial-4.png&#038;fit=crop&#038;w=864&#038;h=760&#038;s=b4f074895ddffcc441d9e762092ff11b 864w, https:\/\/www.abf.se\/malmo-sydvast\/resized\/?url=https%3A%2F%2Fwww.abf.se%2Fwp-content%2Fuploads%2Fsites%2F34%2F2025%2F01%2Fkvadrat-studiematerial-4.png&#038;fit=crop&#038;w=1056&#038;h=929&#038;s=89c8bb3692bba851d626d66056c2dcef 1056w\" alt=\"\" height=\"509\" width=\"578\" sizes=\"auto, (max-width: 768px) 100vw,\n                (max-width: 1280px) 50vw, 578px\" loading=\"lazy\" fetchpriority=\"low\" \/><\/picture>\n\n        <\/div>\n        \n        <div class=\"w-full md:w-1\/2 md:order-1\">\n        <div class=\"mx-auto md:max-w-[368px]\">\n            <h2 class=\"heading-lg\">\ud83d\udcda Gratis studiematerial<\/h2>\n            <div class=\"mb-6 mt-4 wysiwyg\">\n                <p><a href=\"https:\/\/www.abf.se\/malmo\/studiematerial\/\">H\u00e4r finns ett urval ABF:s studiematerial<\/a> som \u00e4r gratis att ladda ner. Anv\u00e4nd materialet i din studiecirkel!<\/p>\n\n            <\/div>\n                    <\/div>\n        <\/div>\n    <\/div>\n<\/div><div\n    class=\"acf-quick-link-block bg-red py-12 md:py-20\"\n    data-block=\"quick-link-block\"\n>\n    <div class=\"container\">\n        \n        <div\n            class=\"px-5 content:px-0 grid grid-cols-1 gap-8 lg:grid-cols-3\">\n            \n            <article\nclass=\"round-corners-sm p-6 relative group grid grid-rows-[subgrid] row-[span_3] gap-4 bg-white text-red\"\n>\n            <h3\n        class=\"heading-sm group-hover:underline text-red\">\n            <a href=\"https:\/\/www.abf.se\/malmo\/om-abf-och-folkbildning\/\" class=\"expanded-hit-area\" target=\"\">\n                Om ABF och folkbildning\n            <\/a>\n        <\/h3>\n                <p class=\"body-md text-gray-text\">\n            ABF \u00e4r ett studief\u00f6rbund och en m\u00f6tesplats. Kom till oss f\u00f6r kreativitet, gemenskap och samh\u00e4llsf\u00f6r\u00e4ndring! Vi har r\u00f6tter i arbetarr\u00f6relsen och arbetar f\u00f6r att motverka klassamh\u00e4llet. Genom att organisera oss och l\u00e4ra av varandra, l\u00e4gger vi tillsammans grunden till en h\u00e5llbar v\u00e4rld.\r\n\n        <\/p>\n        <figure\n    class=\"w-[38px] h-[38px] rounded-full p-2 group-hover:scale-110 transition-transform duration-300 self-end pointer-events-none bg-red text-white\">\n        <svg width=\"20\" height=\"20\" viewBox=\"0 0 20 20\" fill=\"none\" class=\"SvgIconElement\">\n<path d=\"M4.16659 10L15.8333 10\" stroke=\"currentColor\"\/>\n<path d=\"M9.99992 4.1665L15.8333 9.99984L9.99992 15.8332\" stroke=\"currentColor\"\/>\n<\/svg>\n    <\/figure>\n<\/article>            \n            <article\nclass=\"round-corners-sm p-6 relative group grid grid-rows-[subgrid] row-[span_3] gap-4 bg-white text-red\"\n>\n            <h3\n        class=\"heading-sm group-hover:underline text-red\">\n            <a href=\"https:\/\/www.abf.se\/malmo\/poddstudio\/\" class=\"expanded-hit-area\" target=\"\">\n                ABF:s poddstudio\n            <\/a>\n        <\/h3>\n                <p class=\"body-md text-gray-text\">\n            En podcast om stadens kulturliv, politiska samtal eller varf\u00f6r inte en bokcirkel i radioform. Vi har vad du beh\u00f6ver f\u00f6r att starta din egen podcast! Kom till ABF Malm\u00f6, s\u00e5 hj\u00e4lper vi dig att s\u00e4tta ig\u00e5ng.\r\n\n        <\/p>\n        <figure\n    class=\"w-[38px] h-[38px] rounded-full p-2 group-hover:scale-110 transition-transform duration-300 self-end pointer-events-none bg-red text-white\">\n        <svg width=\"20\" height=\"20\" viewBox=\"0 0 20 20\" fill=\"none\" class=\"SvgIconElement\">\n<path d=\"M4.16659 10L15.8333 10\" stroke=\"currentColor\"\/>\n<path d=\"M9.99992 4.1665L15.8333 9.99984L9.99992 15.8332\" stroke=\"currentColor\"\/>\n<\/svg>\n    <\/figure>\n<\/article>            \n            <article\nclass=\"round-corners-sm p-6 relative group grid grid-rows-[subgrid] row-[span_3] gap-4 bg-white text-red\"\n>\n            <h3\n        class=\"heading-sm group-hover:underline text-red\">\n            <a href=\"https:\/\/www.abf.se\/malmo\/kontakt\/boka-lokal\/\" class=\"expanded-hit-area\" target=\"\">\n                Boka lokal\n            <\/a>\n        <\/h3>\n                <p class=\"body-md text-gray-text\">\n            Vill ni arrangera en f\u00f6rel\u00e4sning, workshop eller annat event? G\u00f6r det tillsammans med ABF! Vi kan erbjuda gratis lokaler, resurser och pedagogiskt st\u00f6d genom att ni rapporterar era folkbildande aktiviteter till oss. Du bokar lokal i samband med att du anm\u00e4ler din aktivitet.\r\n\n        <\/p>\n        <figure\n    class=\"w-[38px] h-[38px] rounded-full p-2 group-hover:scale-110 transition-transform duration-300 self-end pointer-events-none bg-red text-white\">\n        <svg width=\"20\" height=\"20\" viewBox=\"0 0 20 20\" fill=\"none\" class=\"SvgIconElement\">\n<path d=\"M4.16659 10L15.8333 10\" stroke=\"currentColor\"\/>\n<path d=\"M9.99992 4.1665L15.8333 9.99984L9.99992 15.8332\" stroke=\"currentColor\"\/>\n<\/svg>\n    <\/figure>\n<\/article>                    <\/div>\n    <\/div>\n<\/div>\n","protected":false},"excerpt":{"rendered":"","protected":false},"author":9,"featured_media":0,"parent":0,"menu_order":0,"comment_status":"closed","ping_status":"closed","template":"","meta":{"_acf_changed":false,"footnotes":""},"class_list":["post-1057","page","type-page","status-publish","hentry"],"acf":[],"yoast_head":"<!-- This site is optimized with the Yoast SEO plugin v27.0 - https:\/\/yoast.com\/product\/yoast-seo-wordpress\/ -->\n<title>F\u00f6r er f\u00f6rening - Malm\u00f6 Sydv\u00e4st<\/title>\n<meta name=\"description\" content=\"Utbildningar, pedagogik, workshops och inspirationstr\u00e4ffar \u2013 helt gratis! Varje termin sker mycket f\u00f6r dig som \u00e4r med i en f\u00f6rening eller \u00e4r cirkelledare.\" \/>\n<meta name=\"robots\" content=\"index, follow, max-snippet:-1, max-image-preview:large, max-video-preview:-1\" \/>\n<link rel=\"canonical\" href=\"https:\/\/www.abf.se\/malmo-sydvast\/forening-2\/\" \/>\n<meta property=\"og:locale\" content=\"sv_SE\" \/>\n<meta property=\"og:type\" content=\"article\" \/>\n<meta property=\"og:title\" content=\"F\u00f6r er f\u00f6rening - Malm\u00f6 Sydv\u00e4st\" \/>\n<meta property=\"og:description\" content=\"Utbildningar, pedagogik, workshops och inspirationstr\u00e4ffar \u2013 helt gratis! Varje termin sker mycket f\u00f6r dig som \u00e4r med i en f\u00f6rening eller \u00e4r cirkelledare. ABF ser till att du f\u00e5r vad du beh\u00f6ver f\u00f6r att driva viktigt och givande folkbildningsarbete!\" \/>\n<meta property=\"og:url\" content=\"https:\/\/www.abf.se\/malmo-sydvast\/forening-2\/\" \/>\n<meta property=\"og:site_name\" content=\"Malm\u00f6 Sydv\u00e4st\" \/>\n<meta property=\"article:modified_time\" content=\"2026-01-19T08:55:50+00:00\" \/>\n<meta property=\"og:image\" content=\"https:\/\/www.abf.se\/wp-content\/uploads\/sites\/34\/2024\/03\/Trion-liggande-scaled.jpg\" \/>\n\t<meta property=\"og:image:width\" content=\"2560\" \/>\n\t<meta property=\"og:image:height\" content=\"1440\" \/>\n\t<meta property=\"og:image:type\" content=\"image\/jpeg\" \/>\n<meta name=\"twitter:card\" content=\"summary_large_image\" \/>\n<script type=\"application\/ld+json\" class=\"yoast-schema-graph\">{\"@context\":\"https:\/\/schema.org\",\"@graph\":[{\"@type\":\"WebPage\",\"@id\":\"https:\/\/www.abf.se\/malmo-sydvast\/forening-2\/\",\"url\":\"https:\/\/www.abf.se\/malmo-sydvast\/forening-2\/\",\"name\":\"F\u00f6r er f\u00f6rening - Malm\u00f6 Sydv\u00e4st\",\"isPartOf\":{\"@id\":\"https:\/\/www.abf.se\/malmo-sydvast\/#website\"},\"datePublished\":\"2024-09-12T12:26:35+00:00\",\"dateModified\":\"2026-01-19T08:55:50+00:00\",\"description\":\"Utbildningar, pedagogik, workshops och inspirationstr\u00e4ffar \u2013 helt gratis! Varje termin sker mycket f\u00f6r dig som \u00e4r med i en f\u00f6rening eller \u00e4r cirkelledare.\",\"breadcrumb\":{\"@id\":\"https:\/\/www.abf.se\/malmo-sydvast\/forening-2\/#breadcrumb\"},\"inLanguage\":\"sv-SE\",\"potentialAction\":[{\"@type\":\"ReadAction\",\"target\":[\"https:\/\/www.abf.se\/malmo-sydvast\/forening-2\/\"]}]},{\"@type\":\"BreadcrumbList\",\"@id\":\"https:\/\/www.abf.se\/malmo-sydvast\/forening-2\/#breadcrumb\",\"itemListElement\":[{\"@type\":\"ListItem\",\"position\":1,\"name\":\"Home\",\"item\":\"https:\/\/www.abf.se\/malmo-sydvast\/\"},{\"@type\":\"ListItem\",\"position\":2,\"name\":\"F\u00f6r er f\u00f6rening\"}]},{\"@type\":\"WebSite\",\"@id\":\"https:\/\/www.abf.se\/malmo-sydvast\/#website\",\"url\":\"https:\/\/www.abf.se\/malmo-sydvast\/\",\"name\":\"Malm\u00f6 Sydv\u00e4st\",\"description\":\"\",\"potentialAction\":[{\"@type\":\"SearchAction\",\"target\":{\"@type\":\"EntryPoint\",\"urlTemplate\":\"https:\/\/www.abf.se\/malmo-sydvast\/?s={search_term_string}\"},\"query-input\":{\"@type\":\"PropertyValueSpecification\",\"valueRequired\":true,\"valueName\":\"search_term_string\"}}],\"inLanguage\":\"sv-SE\"}]}<\/script>\n<!-- \/ Yoast SEO plugin. -->","yoast_head_json":{"title":"F\u00f6r er f\u00f6rening - Malm\u00f6 Sydv\u00e4st","description":"Utbildningar, pedagogik, workshops och inspirationstr\u00e4ffar \u2013 helt gratis! Varje termin sker mycket f\u00f6r dig som \u00e4r med i en f\u00f6rening eller \u00e4r cirkelledare.","robots":{"index":"index","follow":"follow","max-snippet":"max-snippet:-1","max-image-preview":"max-image-preview:large","max-video-preview":"max-video-preview:-1"},"canonical":"https:\/\/www.abf.se\/malmo-sydvast\/forening-2\/","og_locale":"sv_SE","og_type":"article","og_title":"F\u00f6r er f\u00f6rening - Malm\u00f6 Sydv\u00e4st","og_description":"Utbildningar, pedagogik, workshops och inspirationstr\u00e4ffar \u2013 helt gratis! Varje termin sker mycket f\u00f6r dig som \u00e4r med i en f\u00f6rening eller \u00e4r cirkelledare. ABF ser till att du f\u00e5r vad du beh\u00f6ver f\u00f6r att driva viktigt och givande folkbildningsarbete!","og_url":"https:\/\/www.abf.se\/malmo-sydvast\/forening-2\/","og_site_name":"Malm\u00f6 Sydv\u00e4st","article_modified_time":"2026-01-19T08:55:50+00:00","og_image":[{"width":2560,"height":1440,"url":"https:\/\/www.abf.se\/wp-content\/uploads\/sites\/34\/2024\/03\/Trion-liggande-scaled.jpg","type":"image\/jpeg"}],"twitter_card":"summary_large_image","schema":{"@context":"https:\/\/schema.org","@graph":[{"@type":"WebPage","@id":"https:\/\/www.abf.se\/malmo-sydvast\/forening-2\/","url":"https:\/\/www.abf.se\/malmo-sydvast\/forening-2\/","name":"F\u00f6r er f\u00f6rening - Malm\u00f6 Sydv\u00e4st","isPartOf":{"@id":"https:\/\/www.abf.se\/malmo-sydvast\/#website"},"datePublished":"2024-09-12T12:26:35+00:00","dateModified":"2026-01-19T08:55:50+00:00","description":"Utbildningar, pedagogik, workshops och inspirationstr\u00e4ffar \u2013 helt gratis! Varje termin sker mycket f\u00f6r dig som \u00e4r med i en f\u00f6rening eller \u00e4r cirkelledare.","breadcrumb":{"@id":"https:\/\/www.abf.se\/malmo-sydvast\/forening-2\/#breadcrumb"},"inLanguage":"sv-SE","potentialAction":[{"@type":"ReadAction","target":["https:\/\/www.abf.se\/malmo-sydvast\/forening-2\/"]}]},{"@type":"BreadcrumbList","@id":"https:\/\/www.abf.se\/malmo-sydvast\/forening-2\/#breadcrumb","itemListElement":[{"@type":"ListItem","position":1,"name":"Home","item":"https:\/\/www.abf.se\/malmo-sydvast\/"},{"@type":"ListItem","position":2,"name":"F\u00f6r er f\u00f6rening"}]},{"@type":"WebSite","@id":"https:\/\/www.abf.se\/malmo-sydvast\/#website","url":"https:\/\/www.abf.se\/malmo-sydvast\/","name":"Malm\u00f6 Sydv\u00e4st","description":"","potentialAction":[{"@type":"SearchAction","target":{"@type":"EntryPoint","urlTemplate":"https:\/\/www.abf.se\/malmo-sydvast\/?s={search_term_string}"},"query-input":{"@type":"PropertyValueSpecification","valueRequired":true,"valueName":"search_term_string"}}],"inLanguage":"sv-SE"}]}},"_links":{"self":[{"href":"https:\/\/www.abf.se\/malmo-sydvast\/wp-json\/wp\/v2\/pages\/1057","targetHints":{"allow":["GET"]}}],"collection":[{"href":"https:\/\/www.abf.se\/malmo-sydvast\/wp-json\/wp\/v2\/pages"}],"about":[{"href":"https:\/\/www.abf.se\/malmo-sydvast\/wp-json\/wp\/v2\/types\/page"}],"author":[{"embeddable":true,"href":"https:\/\/www.abf.se\/malmo-sydvast\/wp-json\/wp\/v2\/users\/9"}],"replies":[{"embeddable":true,"href":"https:\/\/www.abf.se\/malmo-sydvast\/wp-json\/wp\/v2\/comments?post=1057"}],"version-history":[{"count":101,"href":"https:\/\/www.abf.se\/malmo-sydvast\/wp-json\/wp\/v2\/pages\/1057\/revisions"}],"predecessor-version":[{"id":3719,"href":"https:\/\/www.abf.se\/malmo-sydvast\/wp-json\/wp\/v2\/pages\/1057\/revisions\/3719"}],"wp:attachment":[{"href":"https:\/\/www.abf.se\/malmo-sydvast\/wp-json\/wp\/v2\/media?parent=1057"}],"curies":[{"name":"wp","href":"https:\/\/api.w.org\/{rel}","templated":true}]}}