{"id":3042,"date":"2025-11-14T17:21:56","date_gmt":"2025-11-14T16:21:56","guid":{"rendered":"https:\/\/www.abf.se\/malmo\/?page_id=3042"},"modified":"2026-01-07T13:53:10","modified_gmt":"2026-01-07T12:53:10","slug":"abf-malmo-abf-sydvastra-skane-sant","status":"publish","type":"page","link":"https:\/\/www.abf.se\/malmo-sydvast\/abf-malmo-abf-sydvastra-skane-sant\/","title":{"rendered":"ABF Malm\u00f6 + ABF Sydv\u00e4stra Sk\u00e5ne = Sant"},"content":{"rendered":"<div\n    class=\"acf-hero-block container-lg no-padding mb-12 js-geolocation\"\n    data-block=\"hero-block\"\n    data-index=\"0\"\n>\n    <div class=\"h-[548px]  relative rounded-[32px] overflow-hidden flex bg-gray-light\">\n        <div class=\"relative z-10 mt-auto h-auto w-full md:h-full\">\n            <div class=\"flex w-full h-full flex-col flex-wrap justify-end w-full md:w-7\/12 lg:w-1\/2 md:justify-center\">\n                <div class=\"flex flex-col gap-3 md:gap-[18px] md:transparent pt-16 pb-36 md:py-8 px-4 w-full md:max-w-[620px] mx-auto px-8\">\n\n                    <h1 class=\"hero-heading\"><span>ABF Malm\u00f6 + <br \/>\r\nABF Sydv\u00e4stra Sk\u00e5ne <br \/>\r\n= ABF Malm\u00f6 Sydv\u00e4st<\/span><\/h1>\n\n                    \n                                    <\/div>\n            <\/div>\n        <\/div>\n\n                    <picture class=\"as-background-image mix-blend-multiply bg-black\/40\"><img decoding=\"async\" src=\"https:\/\/www.abf.se\/malmo-sydvast\/resized\/?url=https%3A%2F%2Fwww.abf.se%2Fwp-content%2Fuploads%2Fsites%2F34%2F2025%2F10%2FGustav_bilder-1.png&#038;fit=crop&#038;w=1440&#038;s=01485363167a4724868cc702f2685e5c\" srcset=\"https:\/\/www.abf.se\/malmo-sydvast\/resized\/?url=https%3A%2F%2Fwww.abf.se%2Fwp-content%2Fuploads%2Fsites%2F34%2F2025%2F10%2FGustav_bilder-1.png&#038;fit=crop&#038;w=375&#038;h=540&#038;s=9cb0fb7cbd5b78fa75247914b0370db2 375w, https:\/\/www.abf.se\/malmo-sydvast\/resized\/?url=https%3A%2F%2Fwww.abf.se%2Fwp-content%2Fuploads%2Fsites%2F34%2F2025%2F10%2FGustav_bilder-1.png&#038;fit=crop&#038;w=447&#038;h=540&#038;s=61c7bd99a51911371d02eacea89d19bb 447w, https:\/\/www.abf.se\/malmo-sydvast\/resized\/?url=https%3A%2F%2Fwww.abf.se%2Fwp-content%2Fuploads%2Fsites%2F34%2F2025%2F10%2FGustav_bilder-1.png&#038;fit=crop&#038;w=519&#038;h=540&#038;s=c28e5b80331f99a63adcad923d405535 519w, https:\/\/www.abf.se\/malmo-sydvast\/resized\/?url=https%3A%2F%2Fwww.abf.se%2Fwp-content%2Fuploads%2Fsites%2F34%2F2025%2F10%2FGustav_bilder-1.png&#038;fit=crop&#038;w=591&#038;h=540&#038;s=6726066100aaccac9a7e103339f85b71 591w, https:\/\/www.abf.se\/malmo-sydvast\/resized\/?url=https%3A%2F%2Fwww.abf.se%2Fwp-content%2Fuploads%2Fsites%2F34%2F2025%2F10%2FGustav_bilder-1.png&#038;fit=crop&#038;w=663&#038;h=540&#038;s=51d94ee6b9d98c53cef4c0a1da0f4398 663w, https:\/\/www.abf.se\/malmo-sydvast\/resized\/?url=https%3A%2F%2Fwww.abf.se%2Fwp-content%2Fuploads%2Fsites%2F34%2F2025%2F10%2FGustav_bilder-1.png&#038;fit=crop&#038;w=750&#038;h=540&#038;s=70ae3dbd8c755340309961300efba506 750w, https:\/\/www.abf.se\/malmo-sydvast\/resized\/?url=https%3A%2F%2Fwww.abf.se%2Fwp-content%2Fuploads%2Fsites%2F34%2F2025%2F10%2FGustav_bilder-1.png&#038;fit=crop&#038;w=894&#038;h=540&#038;s=789a000232fddd29f49ba447c3f52344 894w, https:\/\/www.abf.se\/malmo-sydvast\/resized\/?url=https%3A%2F%2Fwww.abf.se%2Fwp-content%2Fuploads%2Fsites%2F34%2F2025%2F10%2FGustav_bilder-1.png&#038;fit=crop&#038;w=1038&#038;h=540&#038;s=badeebe52f64cb70e286216266f492fc 1038w, https:\/\/www.abf.se\/malmo-sydvast\/resized\/?url=https%3A%2F%2Fwww.abf.se%2Fwp-content%2Fuploads%2Fsites%2F34%2F2025%2F10%2FGustav_bilder-1.png&#038;fit=crop&#038;w=1182&#038;h=540&#038;s=a0af3b64bbaa9c46780500a66f219121 1182w, https:\/\/www.abf.se\/malmo-sydvast\/resized\/?url=https%3A%2F%2Fwww.abf.se%2Fwp-content%2Fuploads%2Fsites%2F34%2F2025%2F10%2FGustav_bilder-1.png&#038;fit=crop&#038;w=1326&#038;h=540&#038;s=16dec0603c5724df89d0f9e8ddc1e5f3 1326w, https:\/\/www.abf.se\/malmo-sydvast\/resized\/?url=https%3A%2F%2Fwww.abf.se%2Fwp-content%2Fuploads%2Fsites%2F34%2F2025%2F10%2FGustav_bilder-1.png&#038;fit=crop&#038;w=1440&#038;h=540&#038;s=554b3e2895461f1494556644bc45161f 1440w\" alt=\"\" height=\"540\" width=\"1440\" sizes=\"(max-width: 1440px) calc(100vw - 32px), 1440px\" loading=\"eager\" fetchpriority=\"high\" aria-hidden=\"true\" role=\"presentation\" \/><\/picture>\n        \n\n            <\/div>\n\n    <\/div>\n\n<div\n    class=\"acf-article-image-block mb-12 article-container-lg\"\n    data-block=\"article-image-block\"\n>\n<div class=\"\">\n\n        <figure>\n        \n            <picture class=\"round-corners-lg w-full\"><img decoding=\"async\" src=\"https:\/\/www.abf.se\/malmo-sydvast\/resized\/?url=https%3A%2F%2Fwww.abf.se%2Fwp-content%2Fuploads%2Fsites%2F34%2F2025%2F10%2Fabfmalmosydvast_blarod-scaled.png&#038;fit=contain&#038;w=788&#038;s=dcabf6628c3c8920aa032d2be3e44a10\" srcset=\"https:\/\/www.abf.se\/malmo-sydvast\/resized\/?url=https%3A%2F%2Fwww.abf.se%2Fwp-content%2Fuploads%2Fsites%2F34%2F2025%2F10%2Fabfmalmosydvast_blarod-scaled.png&#038;fit=contain&#038;w=375&#038;h=196&#038;s=246d40423e0adb3726dec40195b6fc79 375w, https:\/\/www.abf.se\/malmo-sydvast\/resized\/?url=https%3A%2F%2Fwww.abf.se%2Fwp-content%2Fuploads%2Fsites%2F34%2F2025%2F10%2Fabfmalmosydvast_blarod-scaled.png&#038;fit=contain&#038;w=447&#038;h=234&#038;s=b739bb86117c0c51d2579aba8b193071 447w, https:\/\/www.abf.se\/malmo-sydvast\/resized\/?url=https%3A%2F%2Fwww.abf.se%2Fwp-content%2Fuploads%2Fsites%2F34%2F2025%2F10%2Fabfmalmosydvast_blarod-scaled.png&#038;fit=contain&#038;w=519&#038;h=272&#038;s=f50564cbebe2d886f8a7144e0c614f88 519w, https:\/\/www.abf.se\/malmo-sydvast\/resized\/?url=https%3A%2F%2Fwww.abf.se%2Fwp-content%2Fuploads%2Fsites%2F34%2F2025%2F10%2Fabfmalmosydvast_blarod-scaled.png&#038;fit=contain&#038;w=591&#038;h=309&#038;s=380e7013dac491c15eada0f53d5e09f9 591w, https:\/\/www.abf.se\/malmo-sydvast\/resized\/?url=https%3A%2F%2Fwww.abf.se%2Fwp-content%2Fuploads%2Fsites%2F34%2F2025%2F10%2Fabfmalmosydvast_blarod-scaled.png&#038;fit=contain&#038;w=663&#038;h=347&#038;s=05c37195d745be3fbd6707b5a05679ab 663w, https:\/\/www.abf.se\/malmo-sydvast\/resized\/?url=https%3A%2F%2Fwww.abf.se%2Fwp-content%2Fuploads%2Fsites%2F34%2F2025%2F10%2Fabfmalmosydvast_blarod-scaled.png&#038;fit=contain&#038;w=735&#038;h=385&#038;s=2965a576b347888b6729dd7e36760d20 735w, https:\/\/www.abf.se\/malmo-sydvast\/resized\/?url=https%3A%2F%2Fwww.abf.se%2Fwp-content%2Fuploads%2Fsites%2F34%2F2025%2F10%2Fabfmalmosydvast_blarod-scaled.png&#038;fit=contain&#038;w=750&#038;h=393&#038;s=8248262ce8a2f1308d2a145106a14c61 750w, https:\/\/www.abf.se\/malmo-sydvast\/resized\/?url=https%3A%2F%2Fwww.abf.se%2Fwp-content%2Fuploads%2Fsites%2F34%2F2025%2F10%2Fabfmalmosydvast_blarod-scaled.png&#038;fit=contain&#038;w=788&#038;s=dcabf6628c3c8920aa032d2be3e44a10 788w, https:\/\/www.abf.se\/malmo-sydvast\/resized\/?url=https%3A%2F%2Fwww.abf.se%2Fwp-content%2Fuploads%2Fsites%2F34%2F2025%2F10%2Fabfmalmosydvast_blarod-scaled.png&#038;fit=contain&#038;w=894&#038;h=468&#038;s=5e9a773ced436aab1902f748aa6067ea 894w, https:\/\/www.abf.se\/malmo-sydvast\/resized\/?url=https%3A%2F%2Fwww.abf.se%2Fwp-content%2Fuploads%2Fsites%2F34%2F2025%2F10%2Fabfmalmosydvast_blarod-scaled.png&#038;fit=contain&#038;w=1038&#038;h=544&#038;s=e59c670c36df604ba0b72de6a1033a79 1038w, https:\/\/www.abf.se\/malmo-sydvast\/resized\/?url=https%3A%2F%2Fwww.abf.se%2Fwp-content%2Fuploads%2Fsites%2F34%2F2025%2F10%2Fabfmalmosydvast_blarod-scaled.png&#038;fit=contain&#038;w=1182&#038;h=619&#038;s=6878f4890c94010a67f9a4f620982db2 1182w, https:\/\/www.abf.se\/malmo-sydvast\/resized\/?url=https%3A%2F%2Fwww.abf.se%2Fwp-content%2Fuploads%2Fsites%2F34%2F2025%2F10%2Fabfmalmosydvast_blarod-scaled.png&#038;fit=contain&#038;w=1326&#038;h=694&#038;s=c21cbb5daf5e91288d38219216a40c01 1326w, https:\/\/www.abf.se\/malmo-sydvast\/resized\/?url=https%3A%2F%2Fwww.abf.se%2Fwp-content%2Fuploads%2Fsites%2F34%2F2025%2F10%2Fabfmalmosydvast_blarod-scaled.png&#038;fit=contain&#038;w=1470&#038;h=770&#038;s=850d2eeaaa6bf2fb03bed85d81629199 1470w\" alt=\"\" height=\"413\" width=\"788\" sizes=\"auto, (max-width: 768px) calc(100vw - 40px), 788px\" loading=\"lazy\" fetchpriority=\"low\" class=\"round-corners-lg w-full\" \/><\/picture>\n                        <\/figure>\n        <\/div>\n\n<\/div>\n<div\n    class=\"acf-article-text-block article-container my-12\"\n    data-block=\"article-text-block\"\n>\n    <div class=\"wysiwyg\">\n        <h2>ABF-avdelningarna Malm\u00f6 och Sydv\u00e4stra Sk\u00e5ne har beslutat att avdelningarna ska fusioneras till en ny, gemensam ABF-avdelning.<\/h2>\n<p>F\u00f6r att m\u00f6ta framtidens utmaningar och forts\u00e4tta vara en stark lokal folkbildningsakt\u00f6r har ABF Malm\u00f6 och ABF Sydv\u00e4stra Sk\u00e5ne beslutat att g\u00e5 samman och bilda en gemensam ABF-avdelning \u2013 ABF Malm\u00f6 Sydv\u00e4st. Denna nya omr\u00e5desf\u00f6r\u00e4ndring kommer inneb\u00e4ra att Malm\u00f6, Svedala, Trelleborg och Vellinge g\u00e5r ihop och att Lomma och Burl\u00f6v fram\u00f6ver kommer tillh\u00f6ra ABF MittSk\u00e5ne. Du som deltagare \u00e4r sj\u00e4lvklart fortsatt v\u00e4lkommen att delta p\u00e5 ABFs verksamhet, oberoende av geografisk plats.<\/p>\n<p><strong>Bildandet av denna nya ABF-avdelning sker den 1 januari 2026.<\/strong><\/p>\n<p>Vi som arbetar dagligen p\u00e5 ABF ser m\u00e5nga f\u00f6rdelar med att vi blir en st\u00f6rre enhet, framf\u00f6r allt att vi blir mindre s\u00e5rbara n\u00e4r de statliga st\u00f6den till folkbildningen kraftigt sk\u00e4rs ner. Denna f\u00f6r\u00e4ndring g\u00f6r vi f\u00f6r att ABF ska f\u00f6rbli en stark lokal folkbildningsakt\u00f6r med verksamhet i alla kommuner, i stad och landsbygd, i byar och i bostadsomr\u00e5den.<\/p>\n<p>V\u00e5r sammanslagning \u00e4r en del av en bredare r\u00f6relse inom ABF, d\u00e4r flera<br \/>\navdelningar v\u00e4ljer att g\u00e5 samman f\u00f6r att st\u00e5 starkare tillsammans.<\/p>\n<p><strong>F\u00f6r dig som deltar i studiecirklar, kurser eller annan verksamhet forts\u00e4tter allt som planerat. <\/strong><strong>P\u00e5 samma plats, med samma inneh\u00e5ll och cirkelledare.<\/strong><\/p>\n\n    <\/div>\n<\/div>\n<div\n    class=\"acf-plain-heading-block container my-16\"\n    data-block=\"plain-heading-block\"\n>\n    <div class=\"max-w-[658px] mx-auto\">\n                <h1 class=\"hero-heading\"><span>Vanliga fr\u00e5gor:<\/span><\/h1>\n                    <\/div>\n<\/div>\n<ul\n    class=\"acf-article-accordion-block accordion-group grid gap-4 my-12 article-container\"\n    data-block=\"article-accordion-block \"\n    data-ui-accordion-group\n>\n\n            <li class=\"accordion\" data-ui-accordion data-ui-accordion-open=\"false\">\n        <h3>\n        <button data-ui-accordion-button class=\"accordion-toggle font-bold\" aria-expanded=\"false\" aria-controls=\"row-vadinnebarenfusion?-0\" id=\"vadinnebarenfusion?-0\">\n            Vad inneb\u00e4r en fusion? \n            \n            <figure class=\"w-4.5 h-4.5\" aria-hidden=\"true\">\n            <svg width=\"20\" height=\"20\" viewBox=\"0 0 20 20\" fill=\"none\"\nclass=\"SvgIconElement\">\n<path d=\"M15.8333 7.16667L9.99992 13L4.16659 7.16667\" stroke=\"currentColor\"\/>\n<\/svg>\n            <\/figure>\n        <\/button>\n        \n                <\/h3>\n        <div class=\"accordion-content\">\n            <div id=\"row-vadinnebarenfusion?-0\" role=\"region\" class=\"accordion-content-wrap\" aria-labelledby=\"vadinnebarenfusion?-0\">\n                                            <div class=\"wysiwyg\">\n                    <p>Fusion \u00e4r en juridisk term f\u00f6r sammanslagning. I en fusion beh\u00e5ller personal sina anst\u00e4llningar och medlemsorganisationer sitt medlemsskap.<\/p>\n\n                <\/div>\n                                        <\/div>\n        <\/div>\n    <\/li>\n            <li class=\"accordion\" data-ui-accordion data-ui-accordion-open=\"false\">\n        <h3>\n        <button data-ui-accordion-button class=\"accordion-toggle font-bold\" aria-expanded=\"false\" aria-controls=\"row-vadarbakgrundentillattavdelningarnaskafusioneras?-1\" id=\"vadarbakgrundentillattavdelningarnaskafusioneras?-1\">\n            Vad \u00e4r bakgrunden till att avdelningarna ska fusioneras?\n            \n            <figure class=\"w-4.5 h-4.5\" aria-hidden=\"true\">\n            <svg width=\"20\" height=\"20\" viewBox=\"0 0 20 20\" fill=\"none\"\nclass=\"SvgIconElement\">\n<path d=\"M15.8333 7.16667L9.99992 13L4.16659 7.16667\" stroke=\"currentColor\"\/>\n<\/svg>\n            <\/figure>\n        <\/button>\n        \n                <\/h3>\n        <div class=\"accordion-content\">\n            <div id=\"row-vadarbakgrundentillattavdelningarnaskafusioneras?-1\" role=\"region\" class=\"accordion-content-wrap\" aria-labelledby=\"vadarbakgrundentillattavdelningarnaskafusioneras?-1\">\n                                            <div class=\"wysiwyg\">\n                    <p>Fusionen \u00e4r ett resultat av omv\u00e4rldsl\u00e4get. Det \u00e4r flera saker som p\u00e5verkar oss drastiskt. Till att b\u00f6rja med har det statliga st\u00f6det till folkbildningen minskat. Dessutom har statsbidragsvillkoren blivit h\u00e5rdare med ett \u00f6kat fokus p\u00e5 administration och dokumentation. Det p\u00e5g\u00e5r ocks\u00e5 stora f\u00f6r\u00e4ndringar i hela ABF-organisationen nationellt. ABFs f\u00f6rbundsst\u00e4mma tog 2024 beslut om en ny framtida treledsorganisation, med kriterier f\u00f6r vad en avdelning ska uppfylla avseende funktioner och ekonomisk oms\u00e4ttning. F\u00f6r att klara dessa krav fr\u00e5n v\u00e5r omv\u00e4rld krokar vi nu arm f\u00f6r att tillsammans m\u00f6ta framtidens utmaningar. Vi \u00e4r inte ensamma om att p\u00e5b\u00f6rja en sammanslagningsprocess. Runt om i hela folkbildnings-Sverige sker liknande processer.<\/p>\n\n                <\/div>\n                                        <\/div>\n        <\/div>\n    <\/li>\n            <li class=\"accordion\" data-ui-accordion data-ui-accordion-open=\"false\">\n        <h3>\n        <button data-ui-accordion-button class=\"accordion-toggle font-bold\" aria-expanded=\"false\" aria-controls=\"row-hurskajagfakontaktmedabf?-2\" id=\"hurskajagfakontaktmedabf?-2\">\n            Hur ska jag f\u00e5 kontakt med ABF?\n            \n            <figure class=\"w-4.5 h-4.5\" aria-hidden=\"true\">\n            <svg width=\"20\" height=\"20\" viewBox=\"0 0 20 20\" fill=\"none\"\nclass=\"SvgIconElement\">\n<path d=\"M15.8333 7.16667L9.99992 13L4.16659 7.16667\" stroke=\"currentColor\"\/>\n<\/svg>\n            <\/figure>\n        <\/button>\n        \n                <\/h3>\n        <div class=\"accordion-content\">\n            <div id=\"row-hurskajagfakontaktmedabf?-2\" role=\"region\" class=\"accordion-content-wrap\" aria-labelledby=\"hurskajagfakontaktmedabf?-2\">\n                                            <div class=\"wysiwyg\">\n                    <p>P\u00e5 samma s\u00e4tt som idag. Du kan skriva till info-mailen f\u00f6r respektive abf-kontor.<\/p>\n<ul>\n<li>info.malmo@abf.se<\/li>\n<li>info.sydvastraskane@abf.se<\/li>\n<li>info.mittskane@abf.se<\/li>\n<\/ul>\n<p>Du kan ocks\u00e5 kontakta den verksamhetsutvecklare du \u00e4r van vid att h\u00f6ra av dig till, har du f\u00e5tt en ny kontaktperson kommer den d\u00e5 lotsa dig r\u00e4tt.<\/p>\n\n                <\/div>\n                                        <\/div>\n        <\/div>\n    <\/li>\n            <li class=\"accordion\" data-ui-accordion data-ui-accordion-open=\"false\">\n        <h3>\n        <button data-ui-accordion-button class=\"accordion-toggle font-bold\" aria-expanded=\"false\" aria-controls=\"row-hurpaverkasminstudiecirkelellerkurspaabf?-3\" id=\"hurpaverkasminstudiecirkelellerkurspaabf?-3\">\n            Hur p\u00e5verkas min studiecirkel eller kurs p\u00e5 ABF?\n            \n            <figure class=\"w-4.5 h-4.5\" aria-hidden=\"true\">\n            <svg width=\"20\" height=\"20\" viewBox=\"0 0 20 20\" fill=\"none\"\nclass=\"SvgIconElement\">\n<path d=\"M15.8333 7.16667L9.99992 13L4.16659 7.16667\" stroke=\"currentColor\"\/>\n<\/svg>\n            <\/figure>\n        <\/button>\n        \n                <\/h3>\n        <div class=\"accordion-content\">\n            <div id=\"row-hurpaverkasminstudiecirkelellerkurspaabf?-3\" role=\"region\" class=\"accordion-content-wrap\" aria-labelledby=\"hurpaverkasminstudiecirkelellerkurspaabf?-3\">\n                                            <div class=\"wysiwyg\">\n                    <p>Din studiecirkel eller kurs kommer inte att p\u00e5verkas alls. All verksamhet forts\u00e4tter precis som planerat och p\u00e5 samma plats.<\/p>\n\n                <\/div>\n                                        <\/div>\n        <\/div>\n    <\/li>\n            <li class=\"accordion\" data-ui-accordion data-ui-accordion-open=\"false\">\n        <h3>\n        <button data-ui-accordion-button class=\"accordion-toggle font-bold\" aria-expanded=\"false\" aria-controls=\"row-kommermittlokalaabfattflytta?-4\" id=\"kommermittlokalaabfattflytta?-4\">\n            Kommer mitt lokala ABF att flytta?\n            \n            <figure class=\"w-4.5 h-4.5\" aria-hidden=\"true\">\n            <svg width=\"20\" height=\"20\" viewBox=\"0 0 20 20\" fill=\"none\"\nclass=\"SvgIconElement\">\n<path d=\"M15.8333 7.16667L9.99992 13L4.16659 7.16667\" stroke=\"currentColor\"\/>\n<\/svg>\n            <\/figure>\n        <\/button>\n        \n                <\/h3>\n        <div class=\"accordion-content\">\n            <div id=\"row-kommermittlokalaabfattflytta?-4\" role=\"region\" class=\"accordion-content-wrap\" aria-labelledby=\"kommermittlokalaabfattflytta?-4\">\n                                            <div class=\"wysiwyg\">\n                    <p>V\u00e5ra lokaler och kontor kommer att finnas kvar precis som tidigare.<\/p>\n\n                <\/div>\n                                        <\/div>\n        <\/div>\n    <\/li>\n            <li class=\"accordion\" data-ui-accordion data-ui-accordion-open=\"false\">\n        <h3>\n        <button data-ui-accordion-button class=\"accordion-toggle font-bold\" aria-expanded=\"false\" aria-controls=\"row-hurskavigoramedvaraplaneradestudiecirklarochdemotenviskahapaabf?-5\" id=\"hurskavigoramedvaraplaneradestudiecirklarochdemotenviskahapaabf?-5\">\n            Hur ska vi g\u00f6ra med v\u00e5ra planerade studiecirklar och de m\u00f6ten vi ska ha p\u00e5 ABF?\n            \n            <figure class=\"w-4.5 h-4.5\" aria-hidden=\"true\">\n            <svg width=\"20\" height=\"20\" viewBox=\"0 0 20 20\" fill=\"none\"\nclass=\"SvgIconElement\">\n<path d=\"M15.8333 7.16667L9.99992 13L4.16659 7.16667\" stroke=\"currentColor\"\/>\n<\/svg>\n            <\/figure>\n        <\/button>\n        \n                <\/h3>\n        <div class=\"accordion-content\">\n            <div id=\"row-hurskavigoramedvaraplaneradestudiecirklarochdemotenviskahapaabf?-5\" role=\"region\" class=\"accordion-content-wrap\" aria-labelledby=\"hurskavigoramedvaraplaneradestudiecirklarochdemotenviskahapaabf?-5\">\n                                            <div class=\"wysiwyg\">\n                    <p>Som ni brukar g\u00f6ra. V\u00e5rt fr\u00e4msta fokus \u00e4r att verksamheten ska flyta p\u00e5 s\u00e5 som den \u00e4r planerad.<\/p>\n\n                <\/div>\n                                        <\/div>\n        <\/div>\n    <\/li>\n            <li class=\"accordion\" data-ui-accordion data-ui-accordion-open=\"false\">\n        <h3>\n        <button data-ui-accordion-button class=\"accordion-toggle font-bold\" aria-expanded=\"false\" aria-controls=\"row-hurskavarforeningplanerastudieverksamhetennu?-6\" id=\"hurskavarforeningplanerastudieverksamhetennu?-6\">\n            Hur ska v\u00e5r f\u00f6rening planera studieverksamheten nu?\n            \n            <figure class=\"w-4.5 h-4.5\" aria-hidden=\"true\">\n            <svg width=\"20\" height=\"20\" viewBox=\"0 0 20 20\" fill=\"none\"\nclass=\"SvgIconElement\">\n<path d=\"M15.8333 7.16667L9.99992 13L4.16659 7.16667\" stroke=\"currentColor\"\/>\n<\/svg>\n            <\/figure>\n        <\/button>\n        \n                <\/h3>\n        <div class=\"accordion-content\">\n            <div id=\"row-hurskavarforeningplanerastudieverksamhetennu?-6\" role=\"region\" class=\"accordion-content-wrap\" aria-labelledby=\"hurskavarforeningplanerastudieverksamhetennu?-6\">\n                                            <div class=\"wysiwyg\">\n                    <p>P\u00e5 samma s\u00e4tt som tidigare, tillsammans med den verksamhetsutvecklare som jobbar med din f\u00f6rening och som du \u00e4r van vid att kontakta.<\/p>\n\n                <\/div>\n                                        <\/div>\n        <\/div>\n    <\/li>\n            <li class=\"accordion\" data-ui-accordion data-ui-accordion-open=\"false\">\n        <h3>\n        <button data-ui-accordion-button class=\"accordion-toggle font-bold\" aria-expanded=\"false\" aria-controls=\"row-varkommervarforeningattvaramedlem?-7\" id=\"varkommervarforeningattvaramedlem?-7\">\n            Var kommer v\u00e5r f\u00f6rening att vara medlem?\n            \n            <figure class=\"w-4.5 h-4.5\" aria-hidden=\"true\">\n            <svg width=\"20\" height=\"20\" viewBox=\"0 0 20 20\" fill=\"none\"\nclass=\"SvgIconElement\">\n<path d=\"M15.8333 7.16667L9.99992 13L4.16659 7.16667\" stroke=\"currentColor\"\/>\n<\/svg>\n            <\/figure>\n        <\/button>\n        \n                <\/h3>\n        <div class=\"accordion-content\">\n            <div id=\"row-varkommervarforeningattvaramedlem?-7\" role=\"region\" class=\"accordion-content-wrap\" aria-labelledby=\"varkommervarforeningattvaramedlem?-7\">\n                                            <div class=\"wysiwyg\">\n                    <p>ABF Malm\u00f6 Sydv\u00e4st kommer str\u00e4cka sig \u00f6ver Malm\u00f6, Svedala, Trelleborg och Vellinge. Den nya avdelningen \u00e4r en fusion av ABF Malm\u00f6 och ABF Sydv\u00e4stra Sk\u00e5ne, men med en geografisk f\u00f6r\u00e4ndring.<\/p>\n<p>Alla ABF Sydv\u00e4stra Sk\u00e5nes medlemsorganisationer kommer automatiskt f\u00f6ras \u00f6ver till den nya avdelningen.<\/p>\n<p>Lomma och Burl\u00f6v som tidigare tillh\u00f6rt ABF Malm\u00f6 kommer fram\u00f6ver tillh\u00f6ra ABF Mittsk\u00e5ne. S\u00e5 om er f\u00f6rening tillh\u00f6r Lomma eller Burl\u00f6v kommer ni f\u00e5 en ny kontaktperson p\u00e5 ABF Mittsk\u00e5ne.<\/p>\n\n                <\/div>\n                                        <\/div>\n        <\/div>\n    <\/li>\n            <li class=\"accordion\" data-ui-accordion data-ui-accordion-open=\"false\">\n        <h3>\n        <button data-ui-accordion-button class=\"accordion-toggle font-bold\" aria-expanded=\"false\" aria-controls=\"row-vadfinnsdetforstrategiskaskaltillfusionen?-8\" id=\"vadfinnsdetforstrategiskaskaltillfusionen?-8\">\n            Vad finns det f\u00f6r strategiska sk\u00e4l till fusionen?\n            \n            <figure class=\"w-4.5 h-4.5\" aria-hidden=\"true\">\n            <svg width=\"20\" height=\"20\" viewBox=\"0 0 20 20\" fill=\"none\"\nclass=\"SvgIconElement\">\n<path d=\"M15.8333 7.16667L9.99992 13L4.16659 7.16667\" stroke=\"currentColor\"\/>\n<\/svg>\n            <\/figure>\n        <\/button>\n        \n                <\/h3>\n        <div class=\"accordion-content\">\n            <div id=\"row-vadfinnsdetforstrategiskaskaltillfusionen?-8\" role=\"region\" class=\"accordion-content-wrap\" aria-labelledby=\"vadfinnsdetforstrategiskaskaltillfusionen?-8\">\n                                            <div class=\"wysiwyg\">\n                    <p>Omv\u00e4rldsl\u00e4get f\u00f6r en ABF-avdelning blir sammantaget h\u00e5rdare och det st\u00e4ller st\u00f6rre krav p\u00e5 v\u00e5r strategiska f\u00f6rm\u00e5ga. Informationsv\u00e4rdering, strategiska beslut och implementering av f\u00f6r\u00e4ndringar blir sv\u00e5rare och sv\u00e5rare att hantera f\u00f6r mindre avdelningar i detta landskap. Genom att v\u00e4xa \u2013 och d\u00e4rmed bredda v\u00e5r samlade kompetens \u2013 tror vi att vi kan m\u00f6ta utmaningarna och vara en sj\u00e4lvklar folkbildningsakt\u00f6r \u00e4ven i framtiden.<\/p>\n\n                <\/div>\n                                        <\/div>\n        <\/div>\n    <\/li>\n            <li class=\"accordion\" data-ui-accordion data-ui-accordion-open=\"false\">\n        <h3>\n        <button data-ui-accordion-button class=\"accordion-toggle font-bold\" aria-expanded=\"false\" aria-controls=\"row-hurkommerfusionenattpaverkaminforeningsstudieverksamhet?-9\" id=\"hurkommerfusionenattpaverkaminforeningsstudieverksamhet?-9\">\n            Hur kommer fusionen att p\u00e5verka min f\u00f6renings studieverksamhet?\n            \n            <figure class=\"w-4.5 h-4.5\" aria-hidden=\"true\">\n            <svg width=\"20\" height=\"20\" viewBox=\"0 0 20 20\" fill=\"none\"\nclass=\"SvgIconElement\">\n<path d=\"M15.8333 7.16667L9.99992 13L4.16659 7.16667\" stroke=\"currentColor\"\/>\n<\/svg>\n            <\/figure>\n        <\/button>\n        \n                <\/h3>\n        <div class=\"accordion-content\">\n            <div id=\"row-hurkommerfusionenattpaverkaminforeningsstudieverksamhet?-9\" role=\"region\" class=\"accordion-content-wrap\" aria-labelledby=\"hurkommerfusionenattpaverkaminforeningsstudieverksamhet?-9\">\n                                            <div class=\"wysiwyg\">\n                    <p>Vi har inte planerat n\u00e5gra f\u00f6r\u00e4ndringar g\u00e4llande st\u00f6d och verksamhet. F\u00f6r de allra flesta kommer det rulla p\u00e5 som vanligt. F\u00f6rhoppningsvis kommer den nya avdelningen att ge ett b\u00e4ttre st\u00f6d till f\u00f6reningen p\u00e5 sikt, p\u00e5 grund av en mer robust organisation med stor samlad erfarenhet och kompetens.<\/p>\n\n                <\/div>\n                                        <\/div>\n        <\/div>\n    <\/li>\n            <li class=\"accordion\" data-ui-accordion data-ui-accordion-open=\"false\">\n        <h3>\n        <button data-ui-accordion-button class=\"accordion-toggle font-bold\" aria-expanded=\"false\" aria-controls=\"row-hurstorblirdennyaabfavdelningen?-10\" id=\"hurstorblirdennyaabfavdelningen?-10\">\n            Hur stor blir den nya ABF-avdelningen?\n            \n            <figure class=\"w-4.5 h-4.5\" aria-hidden=\"true\">\n            <svg width=\"20\" height=\"20\" viewBox=\"0 0 20 20\" fill=\"none\"\nclass=\"SvgIconElement\">\n<path d=\"M15.8333 7.16667L9.99992 13L4.16659 7.16667\" stroke=\"currentColor\"\/>\n<\/svg>\n            <\/figure>\n        <\/button>\n        \n                <\/h3>\n        <div class=\"accordion-content\">\n            <div id=\"row-hurstorblirdennyaabfavdelningen?-10\" role=\"region\" class=\"accordion-content-wrap\" aria-labelledby=\"hurstorblirdennyaabfavdelningen?-10\">\n                                            <div class=\"wysiwyg\">\n                    <p>Den nya avdelningen kommer att ha verksamhet i Malm\u00f6, Svedala, Trelleborg och Vellinge.<\/p>\n\n                <\/div>\n                                        <\/div>\n        <\/div>\n    <\/li>\n            <li class=\"accordion\" data-ui-accordion data-ui-accordion-open=\"false\">\n        <h3>\n        <button data-ui-accordion-button class=\"accordion-toggle font-bold\" aria-expanded=\"false\" aria-controls=\"row-vadskadennyaavdelningenheta?-11\" id=\"vadskadennyaavdelningenheta?-11\">\n            Vad ska den nya avdelningen heta?\n            \n            <figure class=\"w-4.5 h-4.5\" aria-hidden=\"true\">\n            <svg width=\"20\" height=\"20\" viewBox=\"0 0 20 20\" fill=\"none\"\nclass=\"SvgIconElement\">\n<path d=\"M15.8333 7.16667L9.99992 13L4.16659 7.16667\" stroke=\"currentColor\"\/>\n<\/svg>\n            <\/figure>\n        <\/button>\n        \n                <\/h3>\n        <div class=\"accordion-content\">\n            <div id=\"row-vadskadennyaavdelningenheta?-11\" role=\"region\" class=\"accordion-content-wrap\" aria-labelledby=\"vadskadennyaavdelningenheta?-11\">\n                                            <div class=\"wysiwyg\">\n                    <p>ABF Malm\u00f6 Sydv\u00e4st<\/p>\n\n                <\/div>\n                                        <\/div>\n        <\/div>\n    <\/li>\n            <li class=\"accordion\" data-ui-accordion data-ui-accordion-open=\"false\">\n        <h3>\n        <button data-ui-accordion-button class=\"accordion-toggle font-bold\" aria-expanded=\"false\" aria-controls=\"row-jagharandrafragoromfusionenvartvanderjagmig?-12\" id=\"jagharandrafragoromfusionenvartvanderjagmig?-12\">\n            Jag har andra fr\u00e5gor om fusionen \u2013 vart v\u00e4nder jag mig?\n            \n            <figure class=\"w-4.5 h-4.5\" aria-hidden=\"true\">\n            <svg width=\"20\" height=\"20\" viewBox=\"0 0 20 20\" fill=\"none\"\nclass=\"SvgIconElement\">\n<path d=\"M15.8333 7.16667L9.99992 13L4.16659 7.16667\" stroke=\"currentColor\"\/>\n<\/svg>\n            <\/figure>\n        <\/button>\n        \n                <\/h3>\n        <div class=\"accordion-content\">\n            <div id=\"row-jagharandrafragoromfusionenvartvanderjagmig?-12\" role=\"region\" class=\"accordion-content-wrap\" aria-labelledby=\"jagharandrafragoromfusionenvartvanderjagmig?-12\">\n                                            <div class=\"wysiwyg\">\n                    <p>Vad roligt att du har fr\u00e5gor! Vi ska g\u00f6ra v\u00e5rt b\u00e4sta f\u00f6r att svara p\u00e5 dessa. De allra flesta fr\u00e5gor kan du ta med din verksamhetsutvecklare. Annars kan du alltid kontakta oss via v\u00e5ra respektive infomail:<\/p>\n<ul>\n<li>info.malmo@abf.se<\/li>\n<li>info.sydvastraskane@abf.se<\/li>\n<li>info.mittskane@abf.se<\/li>\n<\/ul>\n\n                <\/div>\n                                        <\/div>\n        <\/div>\n    <\/li>\n    <\/ul>\n","protected":false},"excerpt":{"rendered":"","protected":false},"author":137,"featured_media":0,"parent":0,"menu_order":0,"comment_status":"closed","ping_status":"closed","template":"","meta":{"_acf_changed":false,"footnotes":""},"class_list":["post-3042","page","type-page","status-publish","hentry"],"acf":[],"yoast_head":"<!-- This site is optimized with the Yoast SEO plugin v27.0 - https:\/\/yoast.com\/product\/yoast-seo-wordpress\/ -->\n<title>ABF Malm\u00f6 + ABF Sydv\u00e4stra Sk\u00e5ne = Sant - Malm\u00f6 Sydv\u00e4st<\/title>\n<meta name=\"robots\" content=\"index, follow, max-snippet:-1, max-image-preview:large, max-video-preview:-1\" \/>\n<link rel=\"canonical\" href=\"https:\/\/www.abf.se\/malmo-sydvast\/abf-malmo-abf-sydvastra-skane-sant\/\" \/>\n<meta property=\"og:locale\" content=\"sv_SE\" \/>\n<meta property=\"og:type\" content=\"article\" \/>\n<meta property=\"og:title\" content=\"ABF Malm\u00f6 + ABF Sydv\u00e4stra Sk\u00e5ne = Sant - Malm\u00f6 Sydv\u00e4st\" \/>\n<meta property=\"og:url\" content=\"https:\/\/www.abf.se\/malmo-sydvast\/abf-malmo-abf-sydvastra-skane-sant\/\" \/>\n<meta property=\"og:site_name\" content=\"Malm\u00f6 Sydv\u00e4st\" \/>\n<meta property=\"article:modified_time\" content=\"2026-01-07T12:53:10+00:00\" \/>\n<meta property=\"og:image\" content=\"https:\/\/www.abf.se\/wp-content\/uploads\/sites\/34\/2024\/03\/Nyckeln-liggande-scaled.jpg\" \/>\n\t<meta property=\"og:image:width\" content=\"2560\" \/>\n\t<meta property=\"og:image:height\" content=\"1440\" \/>\n\t<meta property=\"og:image:type\" content=\"image\/jpeg\" \/>\n<meta name=\"twitter:card\" content=\"summary_large_image\" \/>\n<script type=\"application\/ld+json\" class=\"yoast-schema-graph\">{\"@context\":\"https:\/\/schema.org\",\"@graph\":[{\"@type\":\"WebPage\",\"@id\":\"https:\/\/www.abf.se\/malmo-sydvast\/abf-malmo-abf-sydvastra-skane-sant\/\",\"url\":\"https:\/\/www.abf.se\/malmo-sydvast\/abf-malmo-abf-sydvastra-skane-sant\/\",\"name\":\"ABF Malm\u00f6 + ABF Sydv\u00e4stra Sk\u00e5ne = Sant - Malm\u00f6 Sydv\u00e4st\",\"isPartOf\":{\"@id\":\"https:\/\/www.abf.se\/malmo-sydvast\/#website\"},\"datePublished\":\"2025-11-14T16:21:56+00:00\",\"dateModified\":\"2026-01-07T12:53:10+00:00\",\"breadcrumb\":{\"@id\":\"https:\/\/www.abf.se\/malmo-sydvast\/abf-malmo-abf-sydvastra-skane-sant\/#breadcrumb\"},\"inLanguage\":\"sv-SE\",\"potentialAction\":[{\"@type\":\"ReadAction\",\"target\":[\"https:\/\/www.abf.se\/malmo-sydvast\/abf-malmo-abf-sydvastra-skane-sant\/\"]}]},{\"@type\":\"BreadcrumbList\",\"@id\":\"https:\/\/www.abf.se\/malmo-sydvast\/abf-malmo-abf-sydvastra-skane-sant\/#breadcrumb\",\"itemListElement\":[{\"@type\":\"ListItem\",\"position\":1,\"name\":\"Home\",\"item\":\"https:\/\/www.abf.se\/malmo-sydvast\/\"},{\"@type\":\"ListItem\",\"position\":2,\"name\":\"ABF Malm\u00f6 + ABF Sydv\u00e4stra Sk\u00e5ne = Sant\"}]},{\"@type\":\"WebSite\",\"@id\":\"https:\/\/www.abf.se\/malmo-sydvast\/#website\",\"url\":\"https:\/\/www.abf.se\/malmo-sydvast\/\",\"name\":\"Malm\u00f6 Sydv\u00e4st\",\"description\":\"\",\"potentialAction\":[{\"@type\":\"SearchAction\",\"target\":{\"@type\":\"EntryPoint\",\"urlTemplate\":\"https:\/\/www.abf.se\/malmo-sydvast\/?s={search_term_string}\"},\"query-input\":{\"@type\":\"PropertyValueSpecification\",\"valueRequired\":true,\"valueName\":\"search_term_string\"}}],\"inLanguage\":\"sv-SE\"}]}<\/script>\n<!-- \/ Yoast SEO plugin. -->","yoast_head_json":{"title":"ABF Malm\u00f6 + ABF Sydv\u00e4stra Sk\u00e5ne = Sant - Malm\u00f6 Sydv\u00e4st","robots":{"index":"index","follow":"follow","max-snippet":"max-snippet:-1","max-image-preview":"max-image-preview:large","max-video-preview":"max-video-preview:-1"},"canonical":"https:\/\/www.abf.se\/malmo-sydvast\/abf-malmo-abf-sydvastra-skane-sant\/","og_locale":"sv_SE","og_type":"article","og_title":"ABF Malm\u00f6 + ABF Sydv\u00e4stra Sk\u00e5ne = Sant - Malm\u00f6 Sydv\u00e4st","og_url":"https:\/\/www.abf.se\/malmo-sydvast\/abf-malmo-abf-sydvastra-skane-sant\/","og_site_name":"Malm\u00f6 Sydv\u00e4st","article_modified_time":"2026-01-07T12:53:10+00:00","og_image":[{"width":2560,"height":1440,"url":"https:\/\/www.abf.se\/wp-content\/uploads\/sites\/34\/2024\/03\/Nyckeln-liggande-scaled.jpg","type":"image\/jpeg"}],"twitter_card":"summary_large_image","schema":{"@context":"https:\/\/schema.org","@graph":[{"@type":"WebPage","@id":"https:\/\/www.abf.se\/malmo-sydvast\/abf-malmo-abf-sydvastra-skane-sant\/","url":"https:\/\/www.abf.se\/malmo-sydvast\/abf-malmo-abf-sydvastra-skane-sant\/","name":"ABF Malm\u00f6 + ABF Sydv\u00e4stra Sk\u00e5ne = Sant - Malm\u00f6 Sydv\u00e4st","isPartOf":{"@id":"https:\/\/www.abf.se\/malmo-sydvast\/#website"},"datePublished":"2025-11-14T16:21:56+00:00","dateModified":"2026-01-07T12:53:10+00:00","breadcrumb":{"@id":"https:\/\/www.abf.se\/malmo-sydvast\/abf-malmo-abf-sydvastra-skane-sant\/#breadcrumb"},"inLanguage":"sv-SE","potentialAction":[{"@type":"ReadAction","target":["https:\/\/www.abf.se\/malmo-sydvast\/abf-malmo-abf-sydvastra-skane-sant\/"]}]},{"@type":"BreadcrumbList","@id":"https:\/\/www.abf.se\/malmo-sydvast\/abf-malmo-abf-sydvastra-skane-sant\/#breadcrumb","itemListElement":[{"@type":"ListItem","position":1,"name":"Home","item":"https:\/\/www.abf.se\/malmo-sydvast\/"},{"@type":"ListItem","position":2,"name":"ABF Malm\u00f6 + ABF Sydv\u00e4stra Sk\u00e5ne = Sant"}]},{"@type":"WebSite","@id":"https:\/\/www.abf.se\/malmo-sydvast\/#website","url":"https:\/\/www.abf.se\/malmo-sydvast\/","name":"Malm\u00f6 Sydv\u00e4st","description":"","potentialAction":[{"@type":"SearchAction","target":{"@type":"EntryPoint","urlTemplate":"https:\/\/www.abf.se\/malmo-sydvast\/?s={search_term_string}"},"query-input":{"@type":"PropertyValueSpecification","valueRequired":true,"valueName":"search_term_string"}}],"inLanguage":"sv-SE"}]}},"_links":{"self":[{"href":"https:\/\/www.abf.se\/malmo-sydvast\/wp-json\/wp\/v2\/pages\/3042","targetHints":{"allow":["GET"]}}],"collection":[{"href":"https:\/\/www.abf.se\/malmo-sydvast\/wp-json\/wp\/v2\/pages"}],"about":[{"href":"https:\/\/www.abf.se\/malmo-sydvast\/wp-json\/wp\/v2\/types\/page"}],"author":[{"embeddable":true,"href":"https:\/\/www.abf.se\/malmo-sydvast\/wp-json\/wp\/v2\/users\/137"}],"replies":[{"embeddable":true,"href":"https:\/\/www.abf.se\/malmo-sydvast\/wp-json\/wp\/v2\/comments?post=3042"}],"version-history":[{"count":31,"href":"https:\/\/www.abf.se\/malmo-sydvast\/wp-json\/wp\/v2\/pages\/3042\/revisions"}],"predecessor-version":[{"id":3210,"href":"https:\/\/www.abf.se\/malmo-sydvast\/wp-json\/wp\/v2\/pages\/3042\/revisions\/3210"}],"wp:attachment":[{"href":"https:\/\/www.abf.se\/malmo-sydvast\/wp-json\/wp\/v2\/media?parent=3042"}],"curies":[{"name":"wp","href":"https:\/\/api.w.org\/{rel}","templated":true}]}}