{"id":3329,"date":"2025-11-27T16:44:30","date_gmt":"2025-11-27T15:44:30","guid":{"rendered":"https:\/\/www.abf.se\/malmo\/?page_id=3329"},"modified":"2026-04-20T09:55:58","modified_gmt":"2026-04-20T07:55:58","slug":"studiematerial-du-kan-ladda-ner","status":"publish","type":"page","link":"https:\/\/www.abf.se\/malmo-sydvast\/studiematerial-du-kan-ladda-ner\/","title":{"rendered":"Studiematerial \u2013 Du kan ladda ner"},"content":{"rendered":"<div\n    class=\"acf-hero-block container-lg no-padding mb-12 js-geolocation\"\n    data-block=\"hero-block\"\n    data-index=\"0\"\n>\n    <div class=\"h-[548px]  relative rounded-[32px] overflow-hidden flex bg-gray-light\">\n        <div class=\"relative z-10 mt-auto h-auto w-full md:h-full\">\n            <div class=\"flex w-full h-full flex-col flex-wrap justify-end w-full md:w-7\/12 lg:w-1\/2 md:justify-center\">\n                <div class=\"flex flex-col gap-3 md:gap-[18px] md:transparent pt-16 pb-36 md:py-8 px-4 w-full md:max-w-[620px] mx-auto px-8\">\n\n                    <h1 class=\"hero-heading\"><span>Studiematerial <br \/>\r\n\u2013 Du kan ladda ner<\/span><\/h1>\n\n                    \n                                    <\/div>\n            <\/div>\n        <\/div>\n\n                    <picture class=\"as-background-image mix-blend-multiply bg-black\/40\"><img decoding=\"async\" src=\"https:\/\/www.abf.se\/malmo-sydvast\/resized\/?url=https%3A%2F%2Fwww.abf.se%2Fwp-content%2Fuploads%2Fsites%2F34%2F2025%2F11%2Fpexels-alexander-suhorucov-6457520-scaled-e1764256944673.jpg&#038;fit=crop&#038;w=1440&#038;s=0b26ddfe04684e4ca4e7b455900d30a7\" srcset=\"https:\/\/www.abf.se\/malmo-sydvast\/resized\/?url=https%3A%2F%2Fwww.abf.se%2Fwp-content%2Fuploads%2Fsites%2F34%2F2025%2F11%2Fpexels-alexander-suhorucov-6457520-scaled-e1764256944673.jpg&#038;fit=crop&#038;w=375&#038;h=540&#038;s=dde1cd170e3ae4aec9ac6570b92a6784 375w, https:\/\/www.abf.se\/malmo-sydvast\/resized\/?url=https%3A%2F%2Fwww.abf.se%2Fwp-content%2Fuploads%2Fsites%2F34%2F2025%2F11%2Fpexels-alexander-suhorucov-6457520-scaled-e1764256944673.jpg&#038;fit=crop&#038;w=447&#038;h=540&#038;s=c3fc803d5f1fa08eb5594d13c2ac562f 447w, https:\/\/www.abf.se\/malmo-sydvast\/resized\/?url=https%3A%2F%2Fwww.abf.se%2Fwp-content%2Fuploads%2Fsites%2F34%2F2025%2F11%2Fpexels-alexander-suhorucov-6457520-scaled-e1764256944673.jpg&#038;fit=crop&#038;w=519&#038;h=540&#038;s=99fba47d2393ff82dbf1f204800a371f 519w, https:\/\/www.abf.se\/malmo-sydvast\/resized\/?url=https%3A%2F%2Fwww.abf.se%2Fwp-content%2Fuploads%2Fsites%2F34%2F2025%2F11%2Fpexels-alexander-suhorucov-6457520-scaled-e1764256944673.jpg&#038;fit=crop&#038;w=591&#038;h=540&#038;s=2ef5e4fba5ab8fe14bf541fda2af16f6 591w, https:\/\/www.abf.se\/malmo-sydvast\/resized\/?url=https%3A%2F%2Fwww.abf.se%2Fwp-content%2Fuploads%2Fsites%2F34%2F2025%2F11%2Fpexels-alexander-suhorucov-6457520-scaled-e1764256944673.jpg&#038;fit=crop&#038;w=663&#038;h=540&#038;s=a5c5fb53305c7efa3461805c11f39cd5 663w, https:\/\/www.abf.se\/malmo-sydvast\/resized\/?url=https%3A%2F%2Fwww.abf.se%2Fwp-content%2Fuploads%2Fsites%2F34%2F2025%2F11%2Fpexels-alexander-suhorucov-6457520-scaled-e1764256944673.jpg&#038;fit=crop&#038;w=750&#038;h=540&#038;s=cafe76dfd7bd6da29b82f6cd22df00ab 750w, https:\/\/www.abf.se\/malmo-sydvast\/resized\/?url=https%3A%2F%2Fwww.abf.se%2Fwp-content%2Fuploads%2Fsites%2F34%2F2025%2F11%2Fpexels-alexander-suhorucov-6457520-scaled-e1764256944673.jpg&#038;fit=crop&#038;w=894&#038;h=540&#038;s=b6ee644ff12d01cc528c6c4c6028f6fe 894w, https:\/\/www.abf.se\/malmo-sydvast\/resized\/?url=https%3A%2F%2Fwww.abf.se%2Fwp-content%2Fuploads%2Fsites%2F34%2F2025%2F11%2Fpexels-alexander-suhorucov-6457520-scaled-e1764256944673.jpg&#038;fit=crop&#038;w=1038&#038;h=540&#038;s=0be3e3914cee6a6580c3c0c7d1d0e48e 1038w, https:\/\/www.abf.se\/malmo-sydvast\/resized\/?url=https%3A%2F%2Fwww.abf.se%2Fwp-content%2Fuploads%2Fsites%2F34%2F2025%2F11%2Fpexels-alexander-suhorucov-6457520-scaled-e1764256944673.jpg&#038;fit=crop&#038;w=1182&#038;h=540&#038;s=842f9ef2ce1063bc985524352000e669 1182w, https:\/\/www.abf.se\/malmo-sydvast\/resized\/?url=https%3A%2F%2Fwww.abf.se%2Fwp-content%2Fuploads%2Fsites%2F34%2F2025%2F11%2Fpexels-alexander-suhorucov-6457520-scaled-e1764256944673.jpg&#038;fit=crop&#038;w=1326&#038;h=540&#038;s=a3dd33904d5543cd1451b49eafebc085 1326w, https:\/\/www.abf.se\/malmo-sydvast\/resized\/?url=https%3A%2F%2Fwww.abf.se%2Fwp-content%2Fuploads%2Fsites%2F34%2F2025%2F11%2Fpexels-alexander-suhorucov-6457520-scaled-e1764256944673.jpg&#038;fit=crop&#038;w=1440&#038;h=540&#038;s=6ba7f849757be3bb1788cde4f0ea5ff0 1440w\" alt=\"\" height=\"540\" width=\"1440\" sizes=\"(max-width: 1440px) calc(100vw - 32px), 1440px\" loading=\"eager\" fetchpriority=\"high\" aria-hidden=\"true\" role=\"presentation\" \/><\/picture>\n        \n\n            <\/div>\n\n    <\/div>\n\n<div\n    class=\"acf-article-text-block article-container my-12\"\n    data-block=\"article-text-block\"\n>\n    <div class=\"wysiwyg\">\n        <p>H\u00e4r finns ett urval ABF:s studiematerial som \u00e4r gratis att ladda ner. Anv\u00e4nd materialet i din studiecirkel!<\/p>\n\n    <\/div>\n<\/div>\n<div\n    class=\"acf-article-text-block article-container my-12\"\n    data-block=\"article-text-block\"\n>\n    <div class=\"wysiwyg\">\n        <ul>\n<li style=\"list-style-type: none\">\n<ul>\n<li><a href=\"https:\/\/www.abf.se\/wp-content\/uploads\/sites\/34\/2026\/04\/studiematerial-800-ar-till-jamstalldhet-1.pdf\" target=\"_blank\" rel=\"noopener\">800 \u00e5r kvar till j\u00e4mst\u00e4lldhet<\/a><\/li>\n<li><a href=\"https:\/\/www.abf.se\/wp-content\/uploads\/sites\/34\/2026\/04\/Herrarna-forst-1.pdf\" target=\"_blank\" rel=\"noopener\">Herrarna f\u00f6rst (2026)<\/a><\/li>\n<li><a href=\"https:\/\/www.abf.se\/wp-content\/uploads\/sites\/34\/2026\/04\/ABF-Studiehandledning-Las-om-klass-2025.pdf\" target=\"_blank\" rel=\"noopener\">L\u00e4s om klass (2025)<\/a><\/li>\n<li><a href=\"https:\/\/www.abf.se\/wp-content\/uploads\/sites\/34\/2026\/04\/Vem-i-hela-varlden-kan-man-lita-pa-ABF-Studiehandledning.pdf\" target=\"_blank\" rel=\"noopener\">Vem i hela v\u00e4rlden kan man lita p\u00e5? (2025)<\/a><\/li>\n<li><a href=\"https:\/\/www.abf.se\/wp-content\/uploads\/sites\/34\/2025\/12\/Tank-kritiskt-klicka-klokt-studiehandledning.pdf\" target=\"_blank\" rel=\"noopener\">T\u00e4nk kritiskt &#8211; klicka klokt (2024) \u2013 Studiehandbok<\/a><\/li>\n<li><a href=\"https:\/\/www.abf.se\/wp-content\/uploads\/sites\/34\/2025\/12\/Tank-kritiskt-\u2013-Klicka-klokt-\u2013-Studiehandledning-1.pdf\" target=\"_blank\" rel=\"noopener\">T\u00e4nk kritiskt &#8211; klicka klokt (2024) \u2013 Handledning<\/a><\/li>\n<li><a href=\"\/\/www.abf.se\/wp-content\/uploads\/sites\/34\/2024\/11\/Studiehandledning-Mat-och-lokal-beredskap_digitalversion.pdf\" target=\"_blank\" rel=\"noopener\">Mat och lokal beredskap (2024)<\/a><\/li>\n<li><a href=\"https:\/\/www.abf.se\/wp-content\/uploads\/sites\/34\/2025\/04\/Arbeta-med-Communitykultur.pdf\" target=\"_blank\" rel=\"noopener\">Att arbeta med communitykultur (2024)<\/a><\/li>\n<li><a href=\"https:\/\/www.abf.se\/wp-content\/uploads\/sites\/34\/2024\/11\/abf-jamlikhet-ar-losningen-studiehandledning-2023_webb.pdf\" target=\"_blank\" rel=\"noopener\">J\u00e4mlikhet \u00e4r l\u00f6sningen (2023)<\/a><\/li>\n<li><a href=\"https:\/\/klimatprata.se\/publikationer.php\" target=\"_blank\" rel=\"noopener\">Handb\u00f6cker f\u00f6r civilkurage och klimataktivism (2023)<\/a><\/li>\n<li><a href=\"https:\/\/www.abf.se\/wp-content\/uploads\/sites\/34\/2025\/01\/Antirasism-MirjamHajYounes-Brytmonstret.pdf\" target=\"_blank\" rel=\"noopener\">Antirasism f\u00f6r aktivister och folkbildare<\/a><\/li>\n<li><a href=\"https:\/\/www.abf.se\/wp-content\/uploads\/sites\/34\/2024\/11\/projektverktyg_studiematerial_webb.pdf\" target=\"_blank\" rel=\"noopener\">Projektverktyg (2021)<\/a><\/li>\n<li><a href=\"https:\/\/www.abf.se\/wp-content\/uploads\/sites\/34\/2025\/04\/folk-i-rorelse_webb.pdf\" target=\"_blank\" rel=\"noopener\">Folk i r\u00f6relse<\/a><\/li>\n<li><a href=\"https:\/\/www.abf.se\/wp-content\/uploads\/sites\/34\/2025\/04\/Studiehandledning-Facklig-beredskap_webb.pdf\" target=\"_blank\" rel=\"noopener\">Facklig beredskap<\/a><\/li>\n<li><a href=\"https:\/\/www.abf.se\/wp-content\/uploads\/sites\/34\/2025\/06\/Preppa-tillsammans-NY-webb-kopia.pdf\" target=\"_blank\" rel=\"noopener\">Preppa tillsammans \u2013\u00a0s\u00e5 startar du en lokal hemberedskapsgrupp<\/a><\/li>\n<\/ul>\n<\/li>\n<\/ul>\n<p>&nbsp;<\/p>\n\n    <\/div>\n<\/div>\n<div\n    class=\"acf-quick-link-block bg-red py-12 md:py-20\"\n    data-block=\"quick-link-block\"\n>\n    <div class=\"container\">\n        \n        <div\n            class=\"px-5 content:px-0 grid grid-cols-1 gap-8 lg:grid-cols-3\">\n            \n            <article\nclass=\"round-corners-sm p-6 relative group grid grid-rows-[subgrid] row-[span_3] gap-4 bg-white text-red\"\n>\n            <h3\n        class=\"heading-sm group-hover:underline text-red\">\n            <a href=\"https:\/\/www.abf.se\/malmo\/kontakt\/boka-lokal\/\" class=\"expanded-hit-area\" target=\"\">\n                Arrangera eller boka lokal\n            <\/a>\n        <\/h3>\n                <p class=\"body-md text-gray-text\">\n            Vill ni arrangera en f\u00f6rel\u00e4sning, workshop eller annat event? G\u00f6r det tillsammans med ABF! Vi kan erbjuda gratis lokaler, resurser och pedagogiskt st\u00f6d genom att ni rapporterar era folkbildande aktiviteter till oss. Du bokar lokal i samband med att du anm\u00e4ler din aktivitet.\n        <\/p>\n        <figure\n    class=\"w-[38px] h-[38px] rounded-full p-2 group-hover:scale-110 transition-transform duration-300 self-end pointer-events-none bg-red text-white\">\n        <svg width=\"20\" height=\"20\" viewBox=\"0 0 20 20\" fill=\"none\" class=\"SvgIconElement\">\n<path d=\"M4.16659 10L15.8333 10\" stroke=\"currentColor\"\/>\n<path d=\"M9.99992 4.1665L15.8333 9.99984L9.99992 15.8332\" stroke=\"currentColor\"\/>\n<\/svg>\n    <\/figure>\n<\/article>            \n            <article\nclass=\"round-corners-sm p-6 relative group grid grid-rows-[subgrid] row-[span_3] gap-4 bg-white text-red\"\n>\n            <h3\n        class=\"heading-sm group-hover:underline text-red\">\n            <a href=\"https:\/\/www.abf.se\/malmo\/forening\/\" class=\"expanded-hit-area\" target=\"\">\n                Samarbeta som f\u00f6rening\n            <\/a>\n        <\/h3>\n                <p class=\"body-md text-gray-text\">\n            \u00d6ver 200 f\u00f6reningar \u00e4r organiserade hos ABF Malm\u00f6. Vi \u00e4r f\u00f6reningarnas m\u00f6jligg\u00f6rare! ABF \u00e4r er resurs s\u00e5 att ni kan g\u00f6ra fantastisk folkbildning som kulturarrangemang, studiecirklar, workshops och andra event. L\u00e4r er tillsammans, bli organiserade och f\u00f6r\u00e4ndra samh\u00e4llet!\n        <\/p>\n        <figure\n    class=\"w-[38px] h-[38px] rounded-full p-2 group-hover:scale-110 transition-transform duration-300 self-end pointer-events-none bg-red text-white\">\n        <svg width=\"20\" height=\"20\" viewBox=\"0 0 20 20\" fill=\"none\" class=\"SvgIconElement\">\n<path d=\"M4.16659 10L15.8333 10\" stroke=\"currentColor\"\/>\n<path d=\"M9.99992 4.1665L15.8333 9.99984L9.99992 15.8332\" stroke=\"currentColor\"\/>\n<\/svg>\n    <\/figure>\n<\/article>            \n            <article\nclass=\"round-corners-sm p-6 relative group grid grid-rows-[subgrid] row-[span_3] gap-4 bg-white text-red\"\n>\n            <h3\n        class=\"heading-sm group-hover:underline text-red\">\n            <a href=\"https:\/\/www.abf.se\/malmo\/cirkelledare-2\/\" class=\"expanded-hit-area\" target=\"\">\n                Cirkelledare\n            <\/a>\n        <\/h3>\n                <p class=\"body-md text-gray-text\">\n            Som cirkelledare \u00e4r du pedagog, inspirat\u00f6r och sammanh\u00e5llande kraft i studiecirkeln. ABF utbildar dig i ledarskap, kommunikation och pedagogik.\n        <\/p>\n        <figure\n    class=\"w-[38px] h-[38px] rounded-full p-2 group-hover:scale-110 transition-transform duration-300 self-end pointer-events-none bg-red text-white\">\n        <svg width=\"20\" height=\"20\" viewBox=\"0 0 20 20\" fill=\"none\" class=\"SvgIconElement\">\n<path d=\"M4.16659 10L15.8333 10\" stroke=\"currentColor\"\/>\n<path d=\"M9.99992 4.1665L15.8333 9.99984L9.99992 15.8332\" stroke=\"currentColor\"\/>\n<\/svg>\n    <\/figure>\n<\/article>                    <\/div>\n    <\/div>\n<\/div>\n","protected":false},"excerpt":{"rendered":"","protected":false},"author":137,"featured_media":0,"parent":0,"menu_order":0,"comment_status":"closed","ping_status":"closed","template":"","meta":{"_acf_changed":false,"footnotes":""},"class_list":["post-3329","page","type-page","status-publish","hentry"],"acf":[],"yoast_head":"<!-- This site is optimized with the Yoast SEO plugin v27.0 - https:\/\/yoast.com\/product\/yoast-seo-wordpress\/ -->\n<title>Studiematerial \u2013 Du kan ladda ner - Malm\u00f6 Sydv\u00e4st<\/title>\n<meta name=\"robots\" content=\"index, follow, max-snippet:-1, max-image-preview:large, max-video-preview:-1\" \/>\n<link rel=\"canonical\" href=\"https:\/\/www.abf.se\/malmo-sydvast\/studiematerial-du-kan-ladda-ner\/\" \/>\n<meta property=\"og:locale\" content=\"sv_SE\" \/>\n<meta property=\"og:type\" content=\"article\" \/>\n<meta property=\"og:title\" content=\"Studiematerial \u2013 Du kan ladda ner - Malm\u00f6 Sydv\u00e4st\" \/>\n<meta property=\"og:url\" content=\"https:\/\/www.abf.se\/malmo-sydvast\/studiematerial-du-kan-ladda-ner\/\" \/>\n<meta property=\"og:site_name\" content=\"Malm\u00f6 Sydv\u00e4st\" \/>\n<meta property=\"article:modified_time\" content=\"2026-04-20T07:55:58+00:00\" \/>\n<meta property=\"og:image\" content=\"https:\/\/www.abf.se\/wp-content\/uploads\/sites\/34\/2024\/03\/Nyckeln-liggande-scaled.jpg\" \/>\n\t<meta property=\"og:image:width\" content=\"2560\" \/>\n\t<meta property=\"og:image:height\" content=\"1440\" \/>\n\t<meta property=\"og:image:type\" content=\"image\/jpeg\" \/>\n<meta name=\"twitter:card\" content=\"summary_large_image\" \/>\n<script type=\"application\/ld+json\" class=\"yoast-schema-graph\">{\"@context\":\"https:\/\/schema.org\",\"@graph\":[{\"@type\":\"WebPage\",\"@id\":\"https:\/\/www.abf.se\/malmo-sydvast\/studiematerial-du-kan-ladda-ner\/\",\"url\":\"https:\/\/www.abf.se\/malmo-sydvast\/studiematerial-du-kan-ladda-ner\/\",\"name\":\"Studiematerial \u2013 Du kan ladda ner - Malm\u00f6 Sydv\u00e4st\",\"isPartOf\":{\"@id\":\"https:\/\/www.abf.se\/malmo-sydvast\/#website\"},\"datePublished\":\"2025-11-27T15:44:30+00:00\",\"dateModified\":\"2026-04-20T07:55:58+00:00\",\"breadcrumb\":{\"@id\":\"https:\/\/www.abf.se\/malmo-sydvast\/studiematerial-du-kan-ladda-ner\/#breadcrumb\"},\"inLanguage\":\"sv-SE\",\"potentialAction\":[{\"@type\":\"ReadAction\",\"target\":[\"https:\/\/www.abf.se\/malmo-sydvast\/studiematerial-du-kan-ladda-ner\/\"]}]},{\"@type\":\"BreadcrumbList\",\"@id\":\"https:\/\/www.abf.se\/malmo-sydvast\/studiematerial-du-kan-ladda-ner\/#breadcrumb\",\"itemListElement\":[{\"@type\":\"ListItem\",\"position\":1,\"name\":\"Home\",\"item\":\"https:\/\/www.abf.se\/malmo-sydvast\/\"},{\"@type\":\"ListItem\",\"position\":2,\"name\":\"Studiematerial \u2013 Du kan ladda ner\"}]},{\"@type\":\"WebSite\",\"@id\":\"https:\/\/www.abf.se\/malmo-sydvast\/#website\",\"url\":\"https:\/\/www.abf.se\/malmo-sydvast\/\",\"name\":\"Malm\u00f6 Sydv\u00e4st\",\"description\":\"\",\"potentialAction\":[{\"@type\":\"SearchAction\",\"target\":{\"@type\":\"EntryPoint\",\"urlTemplate\":\"https:\/\/www.abf.se\/malmo-sydvast\/?s={search_term_string}\"},\"query-input\":{\"@type\":\"PropertyValueSpecification\",\"valueRequired\":true,\"valueName\":\"search_term_string\"}}],\"inLanguage\":\"sv-SE\"}]}<\/script>\n<!-- \/ Yoast SEO plugin. -->","yoast_head_json":{"title":"Studiematerial \u2013 Du kan ladda ner - Malm\u00f6 Sydv\u00e4st","robots":{"index":"index","follow":"follow","max-snippet":"max-snippet:-1","max-image-preview":"max-image-preview:large","max-video-preview":"max-video-preview:-1"},"canonical":"https:\/\/www.abf.se\/malmo-sydvast\/studiematerial-du-kan-ladda-ner\/","og_locale":"sv_SE","og_type":"article","og_title":"Studiematerial \u2013 Du kan ladda ner - Malm\u00f6 Sydv\u00e4st","og_url":"https:\/\/www.abf.se\/malmo-sydvast\/studiematerial-du-kan-ladda-ner\/","og_site_name":"Malm\u00f6 Sydv\u00e4st","article_modified_time":"2026-04-20T07:55:58+00:00","og_image":[{"width":2560,"height":1440,"url":"https:\/\/www.abf.se\/wp-content\/uploads\/sites\/34\/2024\/03\/Nyckeln-liggande-scaled.jpg","type":"image\/jpeg"}],"twitter_card":"summary_large_image","schema":{"@context":"https:\/\/schema.org","@graph":[{"@type":"WebPage","@id":"https:\/\/www.abf.se\/malmo-sydvast\/studiematerial-du-kan-ladda-ner\/","url":"https:\/\/www.abf.se\/malmo-sydvast\/studiematerial-du-kan-ladda-ner\/","name":"Studiematerial \u2013 Du kan ladda ner - Malm\u00f6 Sydv\u00e4st","isPartOf":{"@id":"https:\/\/www.abf.se\/malmo-sydvast\/#website"},"datePublished":"2025-11-27T15:44:30+00:00","dateModified":"2026-04-20T07:55:58+00:00","breadcrumb":{"@id":"https:\/\/www.abf.se\/malmo-sydvast\/studiematerial-du-kan-ladda-ner\/#breadcrumb"},"inLanguage":"sv-SE","potentialAction":[{"@type":"ReadAction","target":["https:\/\/www.abf.se\/malmo-sydvast\/studiematerial-du-kan-ladda-ner\/"]}]},{"@type":"BreadcrumbList","@id":"https:\/\/www.abf.se\/malmo-sydvast\/studiematerial-du-kan-ladda-ner\/#breadcrumb","itemListElement":[{"@type":"ListItem","position":1,"name":"Home","item":"https:\/\/www.abf.se\/malmo-sydvast\/"},{"@type":"ListItem","position":2,"name":"Studiematerial \u2013 Du kan ladda ner"}]},{"@type":"WebSite","@id":"https:\/\/www.abf.se\/malmo-sydvast\/#website","url":"https:\/\/www.abf.se\/malmo-sydvast\/","name":"Malm\u00f6 Sydv\u00e4st","description":"","potentialAction":[{"@type":"SearchAction","target":{"@type":"EntryPoint","urlTemplate":"https:\/\/www.abf.se\/malmo-sydvast\/?s={search_term_string}"},"query-input":{"@type":"PropertyValueSpecification","valueRequired":true,"valueName":"search_term_string"}}],"inLanguage":"sv-SE"}]}},"_links":{"self":[{"href":"https:\/\/www.abf.se\/malmo-sydvast\/wp-json\/wp\/v2\/pages\/3329","targetHints":{"allow":["GET"]}}],"collection":[{"href":"https:\/\/www.abf.se\/malmo-sydvast\/wp-json\/wp\/v2\/pages"}],"about":[{"href":"https:\/\/www.abf.se\/malmo-sydvast\/wp-json\/wp\/v2\/types\/page"}],"author":[{"embeddable":true,"href":"https:\/\/www.abf.se\/malmo-sydvast\/wp-json\/wp\/v2\/users\/137"}],"replies":[{"embeddable":true,"href":"https:\/\/www.abf.se\/malmo-sydvast\/wp-json\/wp\/v2\/comments?post=3329"}],"version-history":[{"count":22,"href":"https:\/\/www.abf.se\/malmo-sydvast\/wp-json\/wp\/v2\/pages\/3329\/revisions"}],"predecessor-version":[{"id":4065,"href":"https:\/\/www.abf.se\/malmo-sydvast\/wp-json\/wp\/v2\/pages\/3329\/revisions\/4065"}],"wp:attachment":[{"href":"https:\/\/www.abf.se\/malmo-sydvast\/wp-json\/wp\/v2\/media?parent=3329"}],"curies":[{"name":"wp","href":"https:\/\/api.w.org\/{rel}","templated":true}]}}