{"id":4112,"date":"2026-04-28T16:56:31","date_gmt":"2026-04-28T14:56:31","guid":{"rendered":"https:\/\/www.abf.se\/malmo-sydvast\/?page_id=4112"},"modified":"2026-04-28T17:03:16","modified_gmt":"2026-04-28T15:03:16","slug":"verksamhetsutvecklare-100-vikariat","status":"publish","type":"page","link":"https:\/\/www.abf.se\/malmo-sydvast\/verksamhetsutvecklare-100-vikariat\/","title":{"rendered":"Verksamhetsutvecklare (100 % vikariat)"},"content":{"rendered":"<div\n    class=\"acf-article-image-block mb-12 article-container-lg\"\n    data-block=\"article-image-block\"\n>\n<div class=\"\">\n\n        <figure>\n        \n            <picture class=\"round-corners-lg w-full\"><img decoding=\"async\" src=\"https:\/\/www.abf.se\/malmo-sydvast\/resized\/?url=https%3A%2F%2Fwww.abf.se%2Fwp-content%2Fuploads%2Fsites%2F34%2F2026%2F04%2Fannons-jobb-ABF-Facebook-mall-e1777388586251.jpg&#038;fit=contain&#038;w=788&#038;s=d65fa5bae35b72c9150d8f325b5791c5\" srcset=\"https:\/\/www.abf.se\/malmo-sydvast\/resized\/?url=https%3A%2F%2Fwww.abf.se%2Fwp-content%2Fuploads%2Fsites%2F34%2F2026%2F04%2Fannons-jobb-ABF-Facebook-mall-e1777388586251.jpg&#038;fit=contain&#038;w=375&#038;h=167&#038;s=52466a49e867751036123e3c14d42a89 375w, https:\/\/www.abf.se\/malmo-sydvast\/resized\/?url=https%3A%2F%2Fwww.abf.se%2Fwp-content%2Fuploads%2Fsites%2F34%2F2026%2F04%2Fannons-jobb-ABF-Facebook-mall-e1777388586251.jpg&#038;fit=contain&#038;w=447&#038;h=199&#038;s=201359d24d10aa6bd7bd55fb33ed8a76 447w, https:\/\/www.abf.se\/malmo-sydvast\/resized\/?url=https%3A%2F%2Fwww.abf.se%2Fwp-content%2Fuploads%2Fsites%2F34%2F2026%2F04%2Fannons-jobb-ABF-Facebook-mall-e1777388586251.jpg&#038;fit=contain&#038;w=519&#038;h=231&#038;s=fc57cb0181a42ee34e5854f3e43d3c02 519w, https:\/\/www.abf.se\/malmo-sydvast\/resized\/?url=https%3A%2F%2Fwww.abf.se%2Fwp-content%2Fuploads%2Fsites%2F34%2F2026%2F04%2Fannons-jobb-ABF-Facebook-mall-e1777388586251.jpg&#038;fit=contain&#038;w=591&#038;h=263&#038;s=38ac79619335a198926883b663c545b7 591w, https:\/\/www.abf.se\/malmo-sydvast\/resized\/?url=https%3A%2F%2Fwww.abf.se%2Fwp-content%2Fuploads%2Fsites%2F34%2F2026%2F04%2Fannons-jobb-ABF-Facebook-mall-e1777388586251.jpg&#038;fit=contain&#038;w=663&#038;h=295&#038;s=7498d49c078058a8e81fa1da0259186a 663w, https:\/\/www.abf.se\/malmo-sydvast\/resized\/?url=https%3A%2F%2Fwww.abf.se%2Fwp-content%2Fuploads%2Fsites%2F34%2F2026%2F04%2Fannons-jobb-ABF-Facebook-mall-e1777388586251.jpg&#038;fit=contain&#038;w=735&#038;h=327&#038;s=b22a0666dd4e7e449a3f121db5e55de3 735w, https:\/\/www.abf.se\/malmo-sydvast\/resized\/?url=https%3A%2F%2Fwww.abf.se%2Fwp-content%2Fuploads%2Fsites%2F34%2F2026%2F04%2Fannons-jobb-ABF-Facebook-mall-e1777388586251.jpg&#038;fit=contain&#038;w=750&#038;h=334&#038;s=1528073e1d1d27342e4a6f9f6055f78d 750w, https:\/\/www.abf.se\/malmo-sydvast\/resized\/?url=https%3A%2F%2Fwww.abf.se%2Fwp-content%2Fuploads%2Fsites%2F34%2F2026%2F04%2Fannons-jobb-ABF-Facebook-mall-e1777388586251.jpg&#038;fit=contain&#038;w=788&#038;s=d65fa5bae35b72c9150d8f325b5791c5 788w, https:\/\/www.abf.se\/malmo-sydvast\/resized\/?url=https%3A%2F%2Fwww.abf.se%2Fwp-content%2Fuploads%2Fsites%2F34%2F2026%2F04%2Fannons-jobb-ABF-Facebook-mall-e1777388586251.jpg&#038;fit=contain&#038;w=894&#038;h=398&#038;s=eb98c06eb225bd4e109002603efcf947 894w, https:\/\/www.abf.se\/malmo-sydvast\/resized\/?url=https%3A%2F%2Fwww.abf.se%2Fwp-content%2Fuploads%2Fsites%2F34%2F2026%2F04%2Fannons-jobb-ABF-Facebook-mall-e1777388586251.jpg&#038;fit=contain&#038;w=1038&#038;h=462&#038;s=20cf4588feb26436375a378133eef05a 1038w, https:\/\/www.abf.se\/malmo-sydvast\/resized\/?url=https%3A%2F%2Fwww.abf.se%2Fwp-content%2Fuploads%2Fsites%2F34%2F2026%2F04%2Fannons-jobb-ABF-Facebook-mall-e1777388586251.jpg&#038;fit=contain&#038;w=1182&#038;h=526&#038;s=05edcf5c0e874c2e2286f62f493b29ce 1182w, https:\/\/www.abf.se\/malmo-sydvast\/resized\/?url=https%3A%2F%2Fwww.abf.se%2Fwp-content%2Fuploads%2Fsites%2F34%2F2026%2F04%2Fannons-jobb-ABF-Facebook-mall-e1777388586251.jpg&#038;fit=contain&#038;w=1326&#038;h=590&#038;s=f4f7df49637b6d058d928dc3ac03249f 1326w, https:\/\/www.abf.se\/malmo-sydvast\/resized\/?url=https%3A%2F%2Fwww.abf.se%2Fwp-content%2Fuploads%2Fsites%2F34%2F2026%2F04%2Fannons-jobb-ABF-Facebook-mall-e1777388586251.jpg&#038;fit=contain&#038;w=1470&#038;h=654&#038;s=d2583d0b1aa052ce2a1a6d7fd6325c35 1470w\" alt=\"\" height=\"351\" width=\"788\" sizes=\"auto, (max-width: 768px) calc(100vw - 40px), 788px\" loading=\"lazy\" fetchpriority=\"low\" class=\"round-corners-lg w-full\" \/><\/picture>\n                        <\/figure>\n        <\/div>\n\n<\/div>\n<div\n    class=\"acf-article-text-block article-container my-12\"\n    data-block=\"article-text-block\"\n>\n    <div class=\"wysiwyg\">\n        <p><b><span data-contrast=\"none\">ABF Malm\u00f6 Sydv\u00e4st s\u00f6ker en vikarie 1 augusti 2026 till 30 juni 2027 till det verksamhetsutvecklande arbetslaget. Placering p\u00e5 kontoret i Trelleborg, men arbete kan ske inom hela avdelningens verksamhetsomr\u00e5de, och det \u00e4r d\u00e4rf\u00f6r en f\u00f6rdel att ha k\u00f6rkort. <\/span><\/b><\/p>\n<p><b><span data-contrast=\"none\">Verksamhetsutvecklarens fr\u00e4msta arbetsuppgift \u00e4r att hj\u00e4lpa v\u00e5ra f\u00f6reningar i sitt folkbildningsarbete. Utifr\u00e5n f\u00f6reningarnas behov och \u00f6nskem\u00e5l st\u00f6ttar du fr\u00e5n id\u00e9 till handling. <\/span><\/b><\/p>\n<p><b><span data-contrast=\"none\">Om du tror p\u00e5 folkbildningens kraft och betydelse f\u00f6r b\u00e5de individ och samh\u00e4lle \u00e4r vi nyfikna p\u00e5 dig! <\/span><\/b><span data-ccp-props=\"{&quot;335559685&quot;:-20,&quot;335559737&quot;:-20}\">\u00a0<\/span><\/p>\n<p><span data-contrast=\"none\">\u00a0<\/span><span data-ccp-props=\"{&quot;335559685&quot;:-20,&quot;335559737&quot;:-20}\">\u00a0<\/span><\/p>\n<h3><b><span data-contrast=\"none\">Om ABF\u00a0<\/span><\/b><span data-ccp-props=\"{}\">\u00a0<\/span><\/h3>\n<p><span data-contrast=\"none\">Arbetarnas Bildningsf\u00f6rbund (ABF) \u00e4r Sveriges ledande studief\u00f6rbund. Vi erbjuder studiecirklar, f\u00f6rel\u00e4sningar och kulturarrangemang i alla landets kommuner. ABF Malm\u00f6\u00a0Sydv\u00e4st\u00a0\u00e4r en av lokalavdelningarna och vi har verksamhet i Malm\u00f6,\u00a0Trelleborg, Vellinge och Svedala.\u00a0<\/span><span data-ccp-props=\"{&quot;335559685&quot;:-20,&quot;335559737&quot;:-20}\">\u00a0<\/span><\/p>\n<p><span data-contrast=\"none\">ABF \u00e4r en id\u00e9buren organisation och delar arbetarr\u00f6relsens v\u00e4rderingar. Vi vill motverka klassamh\u00e4llet och arbeta f\u00f6r ett demokratiskt, j\u00e4mst\u00e4llt och antirasistiskt samh\u00e4lle d\u00e4r varje m\u00e4nniska kan vara aktiv i sin egen och samh\u00e4llets utveckling.\u00a0<\/span><span data-ccp-props=\"{&quot;335559685&quot;:-20,&quot;335559737&quot;:-20}\">\u00a0<\/span><\/p>\n<p><span data-contrast=\"none\">\u00a0<\/span><span data-ccp-props=\"{&quot;335559685&quot;:-20,&quot;335559737&quot;:-20}\">\u00a0<\/span><\/p>\n<ul>\n<li data-leveltext=\"\u00b7\" data-font=\"Symbol\" data-listid=\"14\" data-list-defn-props=\"{&quot;335552541&quot;:1,&quot;335559685&quot;:720,&quot;335559991&quot;:360,&quot;469769226&quot;:&quot;Symbol&quot;,&quot;469769242&quot;:[8226],&quot;469777803&quot;:&quot;left&quot;,&quot;469777804&quot;:&quot;\u00b7&quot;,&quot;469777815&quot;:&quot;hybridMultilevel&quot;}\" data-aria-posinset=\"1\" data-aria-level=\"1\"><span data-contrast=\"auto\">Som medarbetare f\u00f6rv\u00e4ntas du dela organisationens v\u00e4rderingar:\u00a0<\/span><a href=\"https:\/\/www.abf.se\/om-abf\/vardegrund\/\"><span data-contrast=\"none\">www.abf.se\/om-abf\/vardegrund\/<\/span><\/a><span data-contrast=\"auto\">\u00a0<\/span><span data-ccp-props=\"{&quot;335559739&quot;:0}\">\u00a0<\/span><\/li>\n<li data-leveltext=\"\u00b7\" data-font=\"Symbol\" data-listid=\"14\" data-list-defn-props=\"{&quot;335552541&quot;:1,&quot;335559685&quot;:720,&quot;335559991&quot;:360,&quot;469769226&quot;:&quot;Symbol&quot;,&quot;469769242&quot;:[8226],&quot;469777803&quot;:&quot;left&quot;,&quot;469777804&quot;:&quot;\u00b7&quot;,&quot;469777815&quot;:&quot;hybridMultilevel&quot;}\" data-aria-posinset=\"1\" data-aria-level=\"1\"><span data-contrast=\"auto\">L\u00e4s mer om ABF Malm\u00f6 h\u00e4r:\u00a0<\/span><a href=\"http:\/\/www.abf.se\/malmo-sydvast\"><span data-contrast=\"none\">www.abf.se\/malmo-sydvast<\/span><\/a><span data-ccp-props=\"{&quot;335559739&quot;:0}\">\u00a0<\/span><\/li>\n<\/ul>\n<p><span data-contrast=\"none\">\u00a0<\/span><span data-ccp-props=\"{&quot;335559685&quot;:-20,&quot;335559737&quot;:-20}\">\u00a0<\/span><\/p>\n<h3><b><span data-contrast=\"none\">Verksamhetsutvecklare\u00a0<\/span><\/b><span data-ccp-props=\"{}\">\u00a0<\/span><\/h3>\n<p><span data-contrast=\"none\">Du har erfarenheter inom folkbildning och \u00e4r f\u00f6rankrad inom\u00a0f\u00f6reningslivet\u00a0i\u00a0Trelleborg\/Vellinge\/Svedala.\u00a0Du samarbetar<\/span><span data-contrast=\"none\">\u202f<\/span><span data-contrast=\"none\">med m\u00e5nga olika akt\u00f6rer och grupper och arbetar n\u00e4ra v\u00e5ra\u00a0funkisf\u00f6reningar, kulturf\u00f6reningar\u00a0och musikgrupper.<\/span><span data-ccp-props=\"{&quot;335559685&quot;:-20,&quot;335559737&quot;:-20}\">\u00a0<\/span><\/p>\n<p><span data-contrast=\"none\">\u00a0<\/span><span data-ccp-props=\"{&quot;335559685&quot;:-20,&quot;335559737&quot;:-20}\">\u00a0<\/span><\/p>\n<h3><b><span data-contrast=\"none\">Arbetsuppgifter\u00a0<\/span><\/b><span data-ccp-props=\"{}\">\u00a0<\/span><\/h3>\n<p><span data-contrast=\"none\">Verksamhetsutvecklarens fr\u00e4msta arbetsuppgift \u00e4r att hj\u00e4lpa v\u00e5ra\u00a0f\u00f6reningar\u00a0i sitt folkbildningsarbete. Utifr\u00e5n\u00a0f\u00f6reningarnas\u00a0behov och \u00f6nskem\u00e5l st\u00f6ttar du fr\u00e5n id\u00e9 till handling. Det kan vara allt fr\u00e5n en f\u00f6rsta studiecirkel till ett stort projekt med externa parter. D\u00e4rf\u00f6r \u00e4r planering, processledning, dokumentation, redovisning, n\u00e4tverkande, budgetarbete och probleml\u00f6sning exempel p\u00e5 arbetsuppgifter som ryms i tj\u00e4nsten.<\/span><span data-contrast=\"none\">\u00a0<\/span><span data-ccp-props=\"{&quot;335559685&quot;:-20,&quot;335559737&quot;:-20}\">\u00a0<\/span><\/p>\n<h3><b><span data-contrast=\"none\">Kompetenskrav\u00a0\u00a0<\/span><\/b><span data-ccp-props=\"{}\">\u00a0<\/span><\/h3>\n<ul>\n<li data-leveltext=\"\u00b7\" data-font=\"Symbol\" data-listid=\"8\" data-list-defn-props=\"{&quot;335552541&quot;:1,&quot;335559685&quot;:720,&quot;335559991&quot;:360,&quot;469769226&quot;:&quot;Symbol&quot;,&quot;469769242&quot;:[8226],&quot;469777803&quot;:&quot;left&quot;,&quot;469777804&quot;:&quot;\u00b7&quot;,&quot;469777815&quot;:&quot;hybridMultilevel&quot;}\" data-aria-posinset=\"1\" data-aria-level=\"1\"><span data-contrast=\"auto\">Du<\/span><span data-contrast=\"auto\">\u202f<\/span><span data-contrast=\"auto\">har n\u00e4ra till handling och ser till att goda id\u00e9er faktiskt<\/span><span data-contrast=\"auto\">\u202f<\/span><span data-contrast=\"auto\">blir av.<\/span><span data-contrast=\"auto\">\u202f<\/span><span data-ccp-props=\"{&quot;335559739&quot;:0}\">\u00a0<\/span><\/li>\n<li data-leveltext=\"\u00b7\" data-font=\"Symbol\" data-listid=\"8\" data-list-defn-props=\"{&quot;335552541&quot;:1,&quot;335559685&quot;:720,&quot;335559991&quot;:360,&quot;469769226&quot;:&quot;Symbol&quot;,&quot;469769242&quot;:[8226],&quot;469777803&quot;:&quot;left&quot;,&quot;469777804&quot;:&quot;\u00b7&quot;,&quot;469777815&quot;:&quot;hybridMultilevel&quot;}\" data-aria-posinset=\"1\" data-aria-level=\"1\"><span data-contrast=\"auto\">Du har l\u00e4tt f\u00f6r att samarbeta med olika akt\u00f6rer och organisationer.<\/span><span data-ccp-props=\"{&quot;335559739&quot;:0}\">\u00a0<\/span><\/li>\n<li data-leveltext=\"\u00b7\" data-font=\"Symbol\" data-listid=\"8\" data-list-defn-props=\"{&quot;335552541&quot;:1,&quot;335559685&quot;:720,&quot;335559991&quot;:360,&quot;469769226&quot;:&quot;Symbol&quot;,&quot;469769242&quot;:[8226],&quot;469777803&quot;:&quot;left&quot;,&quot;469777804&quot;:&quot;\u00b7&quot;,&quot;469777815&quot;:&quot;hybridMultilevel&quot;}\" data-aria-posinset=\"1\" data-aria-level=\"1\"><span data-contrast=\"auto\">Du kan strukturera och organisera ditt<\/span><span data-contrast=\"auto\">\u202f<\/span><span data-contrast=\"auto\">arbete, prioritera och ta beslut.<\/span><span data-contrast=\"auto\">\u202f<\/span><span data-ccp-props=\"{&quot;335559739&quot;:0}\">\u00a0<\/span><\/li>\n<li data-leveltext=\"\u00b7\" data-font=\"Symbol\" data-listid=\"8\" data-list-defn-props=\"{&quot;335552541&quot;:1,&quot;335559685&quot;:720,&quot;335559991&quot;:360,&quot;469769226&quot;:&quot;Symbol&quot;,&quot;469769242&quot;:[8226],&quot;469777803&quot;:&quot;left&quot;,&quot;469777804&quot;:&quot;\u00b7&quot;,&quot;469777815&quot;:&quot;hybridMultilevel&quot;}\" data-aria-posinset=\"1\" data-aria-level=\"1\"><span data-contrast=\"auto\">Du har en strategisk f\u00f6rm\u00e5ga och kan g\u00f6ra omv\u00e4rldsanalyser.<\/span><span data-contrast=\"auto\">\u202f<\/span><span data-ccp-props=\"{&quot;335559739&quot;:0}\">\u00a0<\/span><\/li>\n<li data-leveltext=\"\u00b7\" data-font=\"Symbol\" data-listid=\"8\" data-list-defn-props=\"{&quot;335552541&quot;:1,&quot;335559685&quot;:720,&quot;335559991&quot;:360,&quot;469769226&quot;:&quot;Symbol&quot;,&quot;469769242&quot;:[8226],&quot;469777803&quot;:&quot;left&quot;,&quot;469777804&quot;:&quot;\u00b7&quot;,&quot;469777815&quot;:&quot;hybridMultilevel&quot;}\" data-aria-posinset=\"1\" data-aria-level=\"1\"><span data-contrast=\"auto\">Du har god digital kompetens och tar dig runt obehindrat i digitala milj\u00f6er.<\/span><span data-contrast=\"auto\">\u202f<\/span><span data-ccp-props=\"{&quot;335559739&quot;:0}\">\u00a0<\/span><\/li>\n<li data-leveltext=\"\u00b7\" data-font=\"Symbol\" data-listid=\"8\" data-list-defn-props=\"{&quot;335552541&quot;:1,&quot;335559685&quot;:720,&quot;335559991&quot;:360,&quot;469769226&quot;:&quot;Symbol&quot;,&quot;469769242&quot;:[8226],&quot;469777803&quot;:&quot;left&quot;,&quot;469777804&quot;:&quot;\u00b7&quot;,&quot;469777815&quot;:&quot;hybridMultilevel&quot;}\" data-aria-posinset=\"1\" data-aria-level=\"1\"><span data-contrast=\"auto\">Du har god f\u00f6rst\u00e5else f\u00f6r hur man kommunicerar enkelt och ser potentialen i olika kommunikationskanaler och sociala medier.<\/span><span data-ccp-props=\"{&quot;335559739&quot;:0}\">\u00a0<\/span><\/li>\n<li data-leveltext=\"\u00b7\" data-font=\"Symbol\" data-listid=\"8\" data-list-defn-props=\"{&quot;335552541&quot;:1,&quot;335559685&quot;:720,&quot;335559991&quot;:360,&quot;469769226&quot;:&quot;Symbol&quot;,&quot;469769242&quot;:[8226],&quot;469777803&quot;:&quot;left&quot;,&quot;469777804&quot;:&quot;\u00b7&quot;,&quot;469777815&quot;:&quot;hybridMultilevel&quot;}\" data-aria-posinset=\"1\" data-aria-level=\"1\"><span data-contrast=\"auto\">Du har ett prestigel\u00f6st f\u00f6rh\u00e5llningss\u00e4tt och \u00e4r inte r\u00e4dd f\u00f6r att ta initiativ.<\/span><span data-ccp-props=\"{&quot;335559739&quot;:0}\">\u00a0<\/span><\/li>\n<li data-leveltext=\"\u00b7\" data-font=\"Symbol\" data-listid=\"8\" data-list-defn-props=\"{&quot;335552541&quot;:1,&quot;335559685&quot;:720,&quot;335559991&quot;:360,&quot;469769226&quot;:&quot;Symbol&quot;,&quot;469769242&quot;:[8226],&quot;469777803&quot;:&quot;left&quot;,&quot;469777804&quot;:&quot;\u00b7&quot;,&quot;469777815&quot;:&quot;hybridMultilevel&quot;}\" data-aria-posinset=\"1\" data-aria-level=\"1\"><span data-contrast=\"auto\">Du uttrycker dig p\u00e5 flytande svenska i tal och skrift.\u00a0<\/span><span data-ccp-props=\"{&quot;335559739&quot;:0}\">\u00a0<\/span><\/li>\n<\/ul>\n<p><span data-contrast=\"none\">\u00a0<\/span><span data-ccp-props=\"{&quot;335559685&quot;:-20,&quot;335559737&quot;:-20}\">\u00a0<\/span><\/p>\n<h3><b><span data-contrast=\"none\">Meriterande kompetenser<\/span><\/b><span data-ccp-props=\"{}\">\u00a0<\/span><\/h3>\n<p><span data-contrast=\"none\">Erfarenhet fr\u00e5n liknande verksamhet, ett starkt n\u00e4tverk\u00a0inom civilsamh\u00e4llet\u00a0samt spr\u00e5kkunskaper ut\u00f6ver svenska.<\/span><span data-ccp-props=\"{&quot;335559685&quot;:-20,&quot;335559737&quot;:-20}\">\u00a0<\/span><\/p>\n<p><span data-contrast=\"none\">\u00a0<\/span><span data-ccp-props=\"{&quot;335559685&quot;:-20,&quot;335559737&quot;:-20}\">\u00a0<\/span><\/p>\n<h3><b><span data-contrast=\"none\">Utbildning\u00a0<\/span><\/b><span data-ccp-props=\"{}\">\u00a0<\/span><\/h3>\n<p><span data-contrast=\"none\">Eftergymnasial utbildning.<\/span><span data-ccp-props=\"{&quot;335559685&quot;:-20,&quot;335559737&quot;:-20}\">\u00a0<\/span><\/p>\n<p>&nbsp;<\/p>\n<h3><b><span data-contrast=\"none\">Erfarenhet\u00a0<\/span><\/b><span data-ccp-props=\"{}\">\u00a0<\/span><\/h3>\n<ul>\n<li data-leveltext=\"\u00b7\" data-font=\"Symbol\" data-listid=\"4\" data-list-defn-props=\"{&quot;335552541&quot;:1,&quot;335559685&quot;:720,&quot;335559991&quot;:360,&quot;469769226&quot;:&quot;Symbol&quot;,&quot;469769242&quot;:[8226],&quot;469777803&quot;:&quot;left&quot;,&quot;469777804&quot;:&quot;\u00b7&quot;,&quot;469777815&quot;:&quot;hybridMultilevel&quot;}\" data-aria-posinset=\"1\" data-aria-level=\"1\"><span data-contrast=\"auto\">Erfarenhet fr\u00e5n liknande arbeten.<\/span><span data-ccp-props=\"{&quot;335559739&quot;:0}\">\u00a0<\/span><\/li>\n<li data-leveltext=\"\u00b7\" data-font=\"Symbol\" data-listid=\"4\" data-list-defn-props=\"{&quot;335552541&quot;:1,&quot;335559685&quot;:720,&quot;335559991&quot;:360,&quot;469769226&quot;:&quot;Symbol&quot;,&quot;469769242&quot;:[8226],&quot;469777803&quot;:&quot;left&quot;,&quot;469777804&quot;:&quot;\u00b7&quot;,&quot;469777815&quot;:&quot;hybridMultilevel&quot;}\" data-aria-posinset=\"1\" data-aria-level=\"1\"><span data-contrast=\"auto\">Ideellt folkbildningsarbete eller engagemang i f\u00f6reningslivet.\u00a0\u00a0<\/span><span data-ccp-props=\"{&quot;335559739&quot;:0}\">\u00a0<\/span><\/li>\n<\/ul>\n<p><span data-contrast=\"none\">\u00a0<\/span><span data-ccp-props=\"{&quot;335559685&quot;:-20,&quot;335559737&quot;:-20}\">\u00a0<\/span><\/p>\n<h3><b><span data-contrast=\"none\">Fakta om tj\u00e4nsterna\u00a0<\/span><\/b><span data-ccp-props=\"{}\">\u00a0<\/span><\/h3>\n<ul>\n<li data-leveltext=\"\u00b7\" data-font=\"Symbol\" data-listid=\"9\" data-list-defn-props=\"{&quot;335552541&quot;:1,&quot;335559685&quot;:720,&quot;335559991&quot;:360,&quot;469769226&quot;:&quot;Symbol&quot;,&quot;469769242&quot;:[8226],&quot;469777803&quot;:&quot;left&quot;,&quot;469777804&quot;:&quot;\u00b7&quot;,&quot;469777815&quot;:&quot;hybridMultilevel&quot;}\" data-aria-posinset=\"1\" data-aria-level=\"1\"><span data-contrast=\"auto\">100 %\u00a0vikariat\u00a03\u00a0augusti 2026\u00a0till 30 juni\u00a02027.<\/span><span data-ccp-props=\"{&quot;335559739&quot;:0}\">\u00a0<\/span><\/li>\n<li data-leveltext=\"\u00b7\" data-font=\"Symbol\" data-listid=\"9\" data-list-defn-props=\"{&quot;335552541&quot;:1,&quot;335559685&quot;:720,&quot;335559991&quot;:360,&quot;469769226&quot;:&quot;Symbol&quot;,&quot;469769242&quot;:[8226],&quot;469777803&quot;:&quot;left&quot;,&quot;469777804&quot;:&quot;\u00b7&quot;,&quot;469777815&quot;:&quot;hybridMultilevel&quot;}\" data-aria-posinset=\"1\" data-aria-level=\"1\"><span data-contrast=\"auto\">M\u00e5lstyrd tj\u00e4nst med oregelbundet kv\u00e4lls- och helgarbete.<\/span><span data-ccp-props=\"{&quot;335559739&quot;:0}\">\u00a0<\/span><\/li>\n<li data-leveltext=\"\u00b7\" data-font=\"Symbol\" data-listid=\"9\" data-list-defn-props=\"{&quot;335552541&quot;:1,&quot;335559685&quot;:720,&quot;335559991&quot;:360,&quot;469769226&quot;:&quot;Symbol&quot;,&quot;469769242&quot;:[8226],&quot;469777803&quot;:&quot;left&quot;,&quot;469777804&quot;:&quot;\u00b7&quot;,&quot;469777815&quot;:&quot;hybridMultilevel&quot;}\" data-aria-posinset=\"1\" data-aria-level=\"1\"><span data-contrast=\"auto\">Tj\u00e4nsten \u00e4r\u00a0en s\u00e4rskild visstidsanst\u00e4llning under tiden som anges.\u00a0<\/span><span data-ccp-props=\"{&quot;335559739&quot;:0}\">\u00a0<\/span><\/li>\n<li data-leveltext=\"\u00b7\" data-font=\"Symbol\" data-listid=\"9\" data-list-defn-props=\"{&quot;335552541&quot;:1,&quot;335559685&quot;:720,&quot;335559991&quot;:360,&quot;469769226&quot;:&quot;Symbol&quot;,&quot;469769242&quot;:[8226],&quot;469777803&quot;:&quot;left&quot;,&quot;469777804&quot;:&quot;\u00b7&quot;,&quot;469777815&quot;:&quot;hybridMultilevel&quot;}\" data-aria-posinset=\"1\" data-aria-level=\"1\"><span data-contrast=\"auto\">Huvudplacering p\u00e5 kontoret i Trelleborg men\u00a0arbete\u00a0kan ske\u00a0i alla\u00a0avdelningens\u00a0kommuner.<\/span><span data-ccp-props=\"{&quot;335559739&quot;:0}\">\u00a0<\/span><\/li>\n<\/ul>\n<p><span data-ccp-props=\"{&quot;335559739&quot;:0}\">\u00a0<\/span><\/p>\n<h3><span data-contrast=\"none\"><strong>Vid fr\u00e5gor om tj\u00e4nsten kontakta: <\/strong><\/span><\/h3>\n<ul>\n<li><span data-contrast=\"none\"><strong>Ombudsman<\/strong><br \/>\nFrida Trollmyr<\/span><br \/>\n<a href=\"mailto:frida.trollmyr@abf.se\"><span data-contrast=\"none\">frida.trollmyr@abf.se<\/span><\/a><span data-contrast=\"none\"><br \/>\n040-35 24 15<\/span><\/li>\n<li><strong>Fackl<\/strong><span data-contrast=\"none\"><strong>ig representant Handels<\/strong><br \/>\nSonia Nawaz<br \/>\n<a href=\"mailto:sonia.nawaz@abf.se\">sonia.nawaz@abf.se<\/a><br \/>\n040-35 24 03<\/span><\/li>\n<\/ul>\n<p><span data-ccp-props=\"{}\">\u00a0<\/span><\/p>\n<p><strong>Sista ans\u00f6kningsdag den 23 maj 2026\u00a0<\/strong><\/p>\n<p><span data-ccp-props=\"{}\">\u00a0<\/span><\/p>\n<p><i><span data-contrast=\"none\">Vi undanber all kontakt med rekryterings- och bemanningsf\u00f6retag.<\/span><\/i><span data-ccp-props=\"{}\">\u00a0<\/span><\/p>\n<p><span data-ccp-props=\"{}\">\u00a0<\/span><\/p>\n<p><span data-ccp-props=\"{}\">\u00a0<\/span><\/p>\n\n    <\/div>\n<\/div>\n","protected":false},"excerpt":{"rendered":"","protected":false},"author":137,"featured_media":0,"parent":0,"menu_order":0,"comment_status":"closed","ping_status":"closed","template":"","meta":{"_acf_changed":false,"footnotes":""},"class_list":["post-4112","page","type-page","status-publish","hentry"],"acf":[],"yoast_head":"<!-- This site is optimized with the Yoast SEO plugin v27.0 - https:\/\/yoast.com\/product\/yoast-seo-wordpress\/ -->\n<title>Verksamhetsutvecklare (100 % vikariat) - Malm\u00f6 Sydv\u00e4st<\/title>\n<meta name=\"robots\" content=\"index, follow, max-snippet:-1, max-image-preview:large, max-video-preview:-1\" \/>\n<link rel=\"canonical\" href=\"https:\/\/www.abf.se\/malmo-sydvast\/verksamhetsutvecklare-100-vikariat\/\" \/>\n<meta property=\"og:locale\" content=\"sv_SE\" \/>\n<meta property=\"og:type\" content=\"article\" \/>\n<meta property=\"og:title\" content=\"Verksamhetsutvecklare (100 % vikariat) - Malm\u00f6 Sydv\u00e4st\" \/>\n<meta property=\"og:url\" content=\"https:\/\/www.abf.se\/malmo-sydvast\/verksamhetsutvecklare-100-vikariat\/\" \/>\n<meta property=\"og:site_name\" content=\"Malm\u00f6 Sydv\u00e4st\" \/>\n<meta property=\"article:modified_time\" content=\"2026-04-28T15:03:16+00:00\" \/>\n<meta property=\"og:image\" content=\"https:\/\/www.abf.se\/wp-content\/uploads\/sites\/34\/2024\/03\/Nyckeln-liggande-scaled.jpg\" \/>\n\t<meta property=\"og:image:width\" content=\"2560\" \/>\n\t<meta property=\"og:image:height\" content=\"1440\" \/>\n\t<meta property=\"og:image:type\" content=\"image\/jpeg\" \/>\n<meta name=\"twitter:card\" content=\"summary_large_image\" \/>\n<script type=\"application\/ld+json\" class=\"yoast-schema-graph\">{\"@context\":\"https:\/\/schema.org\",\"@graph\":[{\"@type\":\"WebPage\",\"@id\":\"https:\/\/www.abf.se\/malmo-sydvast\/verksamhetsutvecklare-100-vikariat\/\",\"url\":\"https:\/\/www.abf.se\/malmo-sydvast\/verksamhetsutvecklare-100-vikariat\/\",\"name\":\"Verksamhetsutvecklare (100 % vikariat) - Malm\u00f6 Sydv\u00e4st\",\"isPartOf\":{\"@id\":\"https:\/\/www.abf.se\/malmo-sydvast\/#website\"},\"datePublished\":\"2026-04-28T14:56:31+00:00\",\"dateModified\":\"2026-04-28T15:03:16+00:00\",\"breadcrumb\":{\"@id\":\"https:\/\/www.abf.se\/malmo-sydvast\/verksamhetsutvecklare-100-vikariat\/#breadcrumb\"},\"inLanguage\":\"sv-SE\",\"potentialAction\":[{\"@type\":\"ReadAction\",\"target\":[\"https:\/\/www.abf.se\/malmo-sydvast\/verksamhetsutvecklare-100-vikariat\/\"]}]},{\"@type\":\"BreadcrumbList\",\"@id\":\"https:\/\/www.abf.se\/malmo-sydvast\/verksamhetsutvecklare-100-vikariat\/#breadcrumb\",\"itemListElement\":[{\"@type\":\"ListItem\",\"position\":1,\"name\":\"Home\",\"item\":\"https:\/\/www.abf.se\/malmo-sydvast\/\"},{\"@type\":\"ListItem\",\"position\":2,\"name\":\"Verksamhetsutvecklare (100 % vikariat)\"}]},{\"@type\":\"WebSite\",\"@id\":\"https:\/\/www.abf.se\/malmo-sydvast\/#website\",\"url\":\"https:\/\/www.abf.se\/malmo-sydvast\/\",\"name\":\"Malm\u00f6 Sydv\u00e4st\",\"description\":\"\",\"potentialAction\":[{\"@type\":\"SearchAction\",\"target\":{\"@type\":\"EntryPoint\",\"urlTemplate\":\"https:\/\/www.abf.se\/malmo-sydvast\/?s={search_term_string}\"},\"query-input\":{\"@type\":\"PropertyValueSpecification\",\"valueRequired\":true,\"valueName\":\"search_term_string\"}}],\"inLanguage\":\"sv-SE\"}]}<\/script>\n<!-- \/ Yoast SEO plugin. -->","yoast_head_json":{"title":"Verksamhetsutvecklare (100 % vikariat) - Malm\u00f6 Sydv\u00e4st","robots":{"index":"index","follow":"follow","max-snippet":"max-snippet:-1","max-image-preview":"max-image-preview:large","max-video-preview":"max-video-preview:-1"},"canonical":"https:\/\/www.abf.se\/malmo-sydvast\/verksamhetsutvecklare-100-vikariat\/","og_locale":"sv_SE","og_type":"article","og_title":"Verksamhetsutvecklare (100 % vikariat) - Malm\u00f6 Sydv\u00e4st","og_url":"https:\/\/www.abf.se\/malmo-sydvast\/verksamhetsutvecklare-100-vikariat\/","og_site_name":"Malm\u00f6 Sydv\u00e4st","article_modified_time":"2026-04-28T15:03:16+00:00","og_image":[{"width":2560,"height":1440,"url":"https:\/\/www.abf.se\/wp-content\/uploads\/sites\/34\/2024\/03\/Nyckeln-liggande-scaled.jpg","type":"image\/jpeg"}],"twitter_card":"summary_large_image","schema":{"@context":"https:\/\/schema.org","@graph":[{"@type":"WebPage","@id":"https:\/\/www.abf.se\/malmo-sydvast\/verksamhetsutvecklare-100-vikariat\/","url":"https:\/\/www.abf.se\/malmo-sydvast\/verksamhetsutvecklare-100-vikariat\/","name":"Verksamhetsutvecklare (100 % vikariat) - Malm\u00f6 Sydv\u00e4st","isPartOf":{"@id":"https:\/\/www.abf.se\/malmo-sydvast\/#website"},"datePublished":"2026-04-28T14:56:31+00:00","dateModified":"2026-04-28T15:03:16+00:00","breadcrumb":{"@id":"https:\/\/www.abf.se\/malmo-sydvast\/verksamhetsutvecklare-100-vikariat\/#breadcrumb"},"inLanguage":"sv-SE","potentialAction":[{"@type":"ReadAction","target":["https:\/\/www.abf.se\/malmo-sydvast\/verksamhetsutvecklare-100-vikariat\/"]}]},{"@type":"BreadcrumbList","@id":"https:\/\/www.abf.se\/malmo-sydvast\/verksamhetsutvecklare-100-vikariat\/#breadcrumb","itemListElement":[{"@type":"ListItem","position":1,"name":"Home","item":"https:\/\/www.abf.se\/malmo-sydvast\/"},{"@type":"ListItem","position":2,"name":"Verksamhetsutvecklare (100 % vikariat)"}]},{"@type":"WebSite","@id":"https:\/\/www.abf.se\/malmo-sydvast\/#website","url":"https:\/\/www.abf.se\/malmo-sydvast\/","name":"Malm\u00f6 Sydv\u00e4st","description":"","potentialAction":[{"@type":"SearchAction","target":{"@type":"EntryPoint","urlTemplate":"https:\/\/www.abf.se\/malmo-sydvast\/?s={search_term_string}"},"query-input":{"@type":"PropertyValueSpecification","valueRequired":true,"valueName":"search_term_string"}}],"inLanguage":"sv-SE"}]}},"_links":{"self":[{"href":"https:\/\/www.abf.se\/malmo-sydvast\/wp-json\/wp\/v2\/pages\/4112","targetHints":{"allow":["GET"]}}],"collection":[{"href":"https:\/\/www.abf.se\/malmo-sydvast\/wp-json\/wp\/v2\/pages"}],"about":[{"href":"https:\/\/www.abf.se\/malmo-sydvast\/wp-json\/wp\/v2\/types\/page"}],"author":[{"embeddable":true,"href":"https:\/\/www.abf.se\/malmo-sydvast\/wp-json\/wp\/v2\/users\/137"}],"replies":[{"embeddable":true,"href":"https:\/\/www.abf.se\/malmo-sydvast\/wp-json\/wp\/v2\/comments?post=4112"}],"version-history":[{"count":6,"href":"https:\/\/www.abf.se\/malmo-sydvast\/wp-json\/wp\/v2\/pages\/4112\/revisions"}],"predecessor-version":[{"id":4120,"href":"https:\/\/www.abf.se\/malmo-sydvast\/wp-json\/wp\/v2\/pages\/4112\/revisions\/4120"}],"wp:attachment":[{"href":"https:\/\/www.abf.se\/malmo-sydvast\/wp-json\/wp\/v2\/media?parent=4112"}],"curies":[{"name":"wp","href":"https:\/\/api.w.org\/{rel}","templated":true}]}}