{"id":54,"date":"2026-02-05T11:07:23","date_gmt":"2026-02-05T10:07:23","guid":{"rendered":"https:\/\/www.abf.se\/mitt\/?page_id=54"},"modified":"2026-02-05T11:20:03","modified_gmt":"2026-02-05T10:20:03","slug":"verksamhetsadministrator","status":"publish","type":"page","link":"https:\/\/www.abf.se\/mitt\/lediga-tjanster\/verksamhetsadministrator\/","title":{"rendered":"Verksamhetsadministrat\u00f6r"},"content":{"rendered":"<div\n    class=\"acf-hero-block container-lg no-padding mb-12 js-geolocation\"\n    data-block=\"hero-block\"\n    data-index=\"0\"\n>\n    <div class=\"h-[548px]  relative rounded-[32px] overflow-hidden flex bg-gray-light\">\n        <div class=\"relative z-10 mt-auto h-auto w-full md:h-full\">\n            <div class=\"flex w-full h-full flex-col flex-wrap justify-end w-full md:w-7\/12 lg:w-1\/2 md:justify-center\">\n                <div class=\"flex flex-col gap-3 md:gap-[18px] md:transparent pt-16 pb-36 md:py-8 px-4 w-full md:max-w-[620px] mx-auto px-8\">\n\n                    <h1 class=\"hero-heading\"><span>ABF Mitt s\u00f6ker en verksamhetsadministrat\u00f6r<\/span><\/h1>\n\n                    \n                                    <\/div>\n            <\/div>\n        <\/div>\n\n        \n\n                    <figure class=\"absolute bottom-0  md:w-1\/2 transform right-0 translate-x-10 md:translate-x-32\">\n                <img decoding=\"async\"\n                    alt=\"\"\n                    aria-hidden=\"true\"\n                    class=\"h-auto w-full\"\n                    role=\"presentation\"\n                    src=\"\/assets\/images\/two_circles_bottom.svg\"\n                >\n            <\/figure>\n            <\/div>\n\n    <\/div>\n\n<div\n    class=\"acf-plain-heading-block container my-16\"\n    data-block=\"plain-heading-block\"\n>\n    <div class=\"max-w-[658px] mx-auto\">\n                            <p class=\"mt-8 body-xl text-black\">\n                Vill du vara med och bygga en ny organisation \u2013 och ett starkt lag \u2013 f\u00f6r framtidens folkbildning?\n            <\/p>\n            <\/div>\n<\/div>\n<div\n    class=\"acf-article-cta-link-block article-container my-8\"\n    data-block=\"article-cta-link-block\"\n>\n<div>\n    <a class=\"inline-flex flex-row items-center gap-4 text-link underline text-red-dark\"\n        href=\"https:\/\/recruit.visma.com\/spa\/sv\/public\/apply?guidAssignment=9d0040f9-d6cb-48f4-aebd-89b9384d0c7f&#038;description=True&#038;forcelocale=true\"\n                target=\"_blank\"\n            >\n        <span class=\"\">\n        Skicka din ans\u00f6kan h\u00e4r!\n        <\/span>\n        <figure aria-hidden=\"true\" class=\"rounded-full bg-red-dark w-8 h-8 p-1 text-white\">\n            <svg width=\"20\" height=\"20\" viewBox=\"0 0 20 20\" fill=\"none\" class=\"SvgIconElement\">\n<path d=\"M4.16659 10L15.8333 10\" stroke=\"currentColor\"\/>\n<path d=\"M9.99992 4.1665L15.8333 9.99984L9.99992 15.8332\" stroke=\"currentColor\"\/>\n<\/svg>\n        <\/figure>\n    <\/a>\n<\/div>\n<\/div>\n<div\n    class=\"acf-article-text-block article-container my-12\"\n    data-block=\"article-text-block\"\n>\n    <div class=\"wysiwyg\">\n        <h2>Om arbetsplatsen<\/h2>\n<p>ABF \u00e4r Sveriges ledande studief\u00f6rbund och en kraft f\u00f6r f\u00f6r\u00e4ndring. Vi arbetar f\u00f6r att skapa ett mer j\u00e4mlikt och inkluderande samh\u00e4lle, d\u00e4r fler f\u00e5r m\u00f6jlighet att v\u00e4xa genom bildning, kultur och gemenskap. V\u00e5ra r\u00f6tter finns i arbetarr\u00f6relsen och vi tror p\u00e5 folkbildningens kraft, att st\u00e4rka demokratin och ge fler en r\u00f6st.<\/p>\n<p>Hos oss st\u00e5r nyfikenhet och utveckling i centrum \u2013 b\u00e5de f\u00f6r dem vi n\u00e5r genom v\u00e5r verksamhet och f\u00f6r dig som blir en del av ABF.<\/p>\n<h2>Verksamhetsadministrat\u00f6r till nya ABF Mitt<\/h2>\n<p>Vill du vara med och bygga en ny organisation \u2013 och ett starkt lag \u2013 f\u00f6r framtidens folkbildning?<\/p>\n<p>ABF Mitt s\u00f6ker nu verksamhetsadministrat\u00f6r med placering p\u00e5 distriktsniv\u00e5. Det h\u00e4r \u00e4r en roll f\u00f6r dig som vill vara med fr\u00e5n b\u00f6rjan, bygga strukturer och arbetss\u00e4tt och samtidigt bidra till ett tillitsfullt och samarbetsorienterat lag.<\/p>\n<p>Vi st\u00e5r inf\u00f6r en gemensam utvecklingsresa, d\u00e4r b\u00e5de organisation och arbetss\u00e4tt formas l\u00e4ngs v\u00e4gen. Hos oss \u00e4r m\u00e4nniskor, relationer och l\u00e4rande minst lika viktiga som rutiner och system \u2013 och vi tror att en stark administration \u00e4r en nyckel f\u00f6r att verksamheten ska fungera l\u00e5ngsiktigt och h\u00e5llbart.<\/p>\n<p>Distriktet ABF Mitt har bildats genom en sammanslagning av de regionala folkbildningsverksamheterna i Dalarna, G\u00e4vleborg och V\u00e4rmland. Denna ombildning \u00e4r ett led i en stor organisationsf\u00f6r\u00e4ndring som omfattat hela ABF och \u00e4r en del av ABF:s framtidsstrategi f\u00f6r ett l\u00e5ngsiktigt h\u00e5llbart, tydligt och sammanh\u00e5llet studief\u00f6rbund.<\/p>\n<h2>Arbetsuppgifter<\/h2>\n<p>Det h\u00e4r \u00e4r en roll f\u00f6r dig som trivs n\u00e4r du f\u00e5r skapa ordning, ta ansvar och vara en stabil resurs i en verksamhet som \u00e4r i utveckling.<\/p>\n<p>Som administrat\u00f6r har du ett \u00f6vergripande administrativt ansvar och arbetar med samordning, struktur, planering och genomf\u00f6rande av administrativa uppgifter. Du \u00e4r en viktig del i att skapa en fungerande vardag d\u00e4r verksamhet kan genomf\u00f6ras, f\u00f6ljas upp och rapporteras p\u00e5 r\u00e4tt s\u00e4tt.<\/p>\n<p>Du kommer ha m\u00e5nga kontaktytor och samarbeta med verksamhetsutvecklare, medlemsorganisationer och samverkansparter. I dessa sammanhang \u00e4r du en p\u00e5litlig och strukturerad resurs som tar ansvar och underl\u00e4ttar det administrativa arbetet.<\/p>\n<p>Detta \u00e4r inte en f\u00e4rdig roll i en f\u00e4rdig organisation. Det \u00e4r en roll f\u00f6r dig som trivs i f\u00f6r\u00e4ndring, ser m\u00f6jligheter i det of\u00e4rdiga och vill vara med och bygga b\u00e5de strukturen och laget.<\/p>\n<h3>I rollen ing\u00e5r bland annat att:<\/h3>\n<ul>\n<li>Registrera kurser, arrangemang och annan folkbildningsverksamhet<\/li>\n<li>Sk\u00f6ta rapportering och l\u00f6pande administration av verksamhet, inklusive underlag och uppf\u00f6ljning<\/li>\n<li>Hantera ekonomiadministration kopplad till verksamheten<\/li>\n<li>Arbeta med dokumenthantering och intern struktur<\/li>\n<li>Ge service och information till deltagare och medarbetare<\/li>\n<li>Samordna best\u00e4llningar och praktiska administrativa fl\u00f6den<\/li>\n<li>Arbeta med kommunikativa uppgifter kopplade till administration<\/li>\n<\/ul>\n<h2>Kvalifikationer<\/h2>\n<p>Vi s\u00f6ker dig som \u00e4r trygg i en administrativ roll och som gillar att skapa ordning, struktur och god service i en vardag med m\u00e5nga kontaktytor. Du \u00e4r ansvarstagande, noggrann och sj\u00e4lvg\u00e5ende, och har en god kommunikativ f\u00f6rm\u00e5ga i b\u00e5de tal och skrift.<\/p>\n<p>Vi ser g\u00e4rna att du har arbetat med administration i en liknande roll och \u00e4r van att ta ansvar f\u00f6r struktur, uppf\u00f6ljning och l\u00f6pande administrativa fl\u00f6den. Du \u00e4r ocks\u00e5 bekv\u00e4m med ekonomiadministration, s\u00e5som fakturering och enklare ekonomiska fl\u00f6den, g\u00e4rna inom id\u00e9buren sektor. Det \u00e4r meriterande om du har erfarenhet av folkbildning eller f\u00f6reningsarbete, samt relevant utbildning inom administration eller motsvarande.<\/p>\n<p>Vi l\u00e4gger stor vikt vid dina personliga erfarenheter och egenskaper och utg\u00e5r fr\u00e5n att du delar arbetarr\u00f6relsens v\u00e4rderingar.<\/p>\n<h2>Anst\u00e4llningens omfattning<\/h2>\n<p><strong>Anst\u00e4llningsform<\/strong> : Tillsvidareanst\u00e4llning<br \/>\n<strong>Omfattning<\/strong> : Heltid<\/p>\n<p><strong>Tilltr\u00e4de<\/strong> : 2026-04-01<br \/>\nTilltr\u00e4de enligt \u00f6verenskommelse<\/p>\n<h2>Ans\u00f6kan<\/h2>\n<p><strong>Ans\u00f6k senast:<\/strong> 2026-03-01<br \/>\nReferensnummer : C303091<\/p>\n<h2>Anst\u00e4llning<\/h2>\n<p>Antal annonserade arbetstillf\u00e4llen : 1<\/p>\n<p>Som anst\u00e4lld hos ABF omfattas du av de anst\u00e4llningsvillkor som anges i Folkr\u00f6relseavtalet vilket reglerar bland annat pension, semester och l\u00f6nemodell.<\/p>\n<p>K\u00f6rkort och tillg\u00e5ng till egen bil \u00e4r ett krav.<\/p>\n<h2>Kontakt<\/h2>\n<p>Linn\u00e9a Wennberg<br \/>\nDistriktsombudsman<br \/>\n<a href=\"mailto:linnea.wennberg@abf.se\">linnea.wennberg@abf.se<\/a><\/p>\n\n    <\/div>\n<\/div>\n<div\n    class=\"acf-article-cta-link-block article-container my-8\"\n    data-block=\"article-cta-link-block\"\n>\n<div>\n    <a class=\"inline-flex flex-row items-center gap-4 text-link underline text-red-dark\"\n        href=\"https:\/\/recruit.visma.com\/spa\/sv\/public\/apply?guidAssignment=9d0040f9-d6cb-48f4-aebd-89b9384d0c7f&#038;description=True&#038;forcelocale=true\"\n                target=\"_blank\"\n            >\n        <span class=\"\">\n        Skicka din ans\u00f6kan h\u00e4r!\n        <\/span>\n        <figure aria-hidden=\"true\" class=\"rounded-full bg-red-dark w-8 h-8 p-1 text-white\">\n            <svg width=\"20\" height=\"20\" viewBox=\"0 0 20 20\" fill=\"none\" class=\"SvgIconElement\">\n<path d=\"M4.16659 10L15.8333 10\" stroke=\"currentColor\"\/>\n<path d=\"M9.99992 4.1665L15.8333 9.99984L9.99992 15.8332\" stroke=\"currentColor\"\/>\n<\/svg>\n        <\/figure>\n    <\/a>\n<\/div>\n<\/div>\n","protected":false},"excerpt":{"rendered":"","protected":false},"author":6,"featured_media":0,"parent":8,"menu_order":0,"comment_status":"closed","ping_status":"closed","template":"","meta":{"_acf_changed":false,"footnotes":""},"class_list":["post-54","page","type-page","status-publish","hentry"],"acf":[],"yoast_head":"<!-- This site is optimized with the Yoast SEO plugin v27.0 - https:\/\/yoast.com\/product\/yoast-seo-wordpress\/ -->\n<title>Verksamhetsadministrat\u00f6r - Distriktet Mitt<\/title>\n<meta name=\"robots\" content=\"index, follow, max-snippet:-1, max-image-preview:large, max-video-preview:-1\" \/>\n<link rel=\"canonical\" href=\"https:\/\/www.abf.se\/mitt\/lediga-tjanster\/verksamhetsadministrator\/\" \/>\n<meta property=\"og:locale\" content=\"en_US\" \/>\n<meta property=\"og:type\" content=\"article\" \/>\n<meta property=\"og:title\" content=\"Verksamhetsadministrat\u00f6r - Distriktet Mitt\" \/>\n<meta property=\"og:url\" content=\"https:\/\/www.abf.se\/mitt\/lediga-tjanster\/verksamhetsadministrator\/\" \/>\n<meta property=\"og:site_name\" content=\"Distriktet Mitt\" \/>\n<meta property=\"article:modified_time\" content=\"2026-02-05T10:20:03+00:00\" \/>\n<meta property=\"og:image\" content=\"https:\/\/www.abf.se\/wp-content\/uploads\/sites\/91\/2026\/02\/Sprakberget-liggande-1024x576.jpg\" \/>\n\t<meta property=\"og:image:width\" content=\"1024\" \/>\n\t<meta property=\"og:image:height\" content=\"576\" \/>\n\t<meta property=\"og:image:type\" content=\"image\/jpeg\" \/>\n<meta name=\"twitter:card\" content=\"summary_large_image\" \/>\n<script type=\"application\/ld+json\" class=\"yoast-schema-graph\">{\"@context\":\"https:\/\/schema.org\",\"@graph\":[{\"@type\":\"WebPage\",\"@id\":\"https:\/\/www.abf.se\/mitt\/lediga-tjanster\/verksamhetsadministrator\/\",\"url\":\"https:\/\/www.abf.se\/mitt\/lediga-tjanster\/verksamhetsadministrator\/\",\"name\":\"Verksamhetsadministrat\u00f6r - Distriktet Mitt\",\"isPartOf\":{\"@id\":\"https:\/\/www.abf.se\/mitt\/#website\"},\"datePublished\":\"2026-02-05T10:07:23+00:00\",\"dateModified\":\"2026-02-05T10:20:03+00:00\",\"breadcrumb\":{\"@id\":\"https:\/\/www.abf.se\/mitt\/lediga-tjanster\/verksamhetsadministrator\/#breadcrumb\"},\"inLanguage\":\"en-US\",\"potentialAction\":[{\"@type\":\"ReadAction\",\"target\":[\"https:\/\/www.abf.se\/mitt\/lediga-tjanster\/verksamhetsadministrator\/\"]}]},{\"@type\":\"BreadcrumbList\",\"@id\":\"https:\/\/www.abf.se\/mitt\/lediga-tjanster\/verksamhetsadministrator\/#breadcrumb\",\"itemListElement\":[{\"@type\":\"ListItem\",\"position\":1,\"name\":\"Home\",\"item\":\"https:\/\/www.abf.se\/mitt\/\"},{\"@type\":\"ListItem\",\"position\":2,\"name\":\"Lediga tj\u00e4nster\",\"item\":\"https:\/\/www.abf.se\/mitt\/lediga-tjanster\/\"},{\"@type\":\"ListItem\",\"position\":3,\"name\":\"Verksamhetsadministrat\u00f6r\"}]},{\"@type\":\"WebSite\",\"@id\":\"https:\/\/www.abf.se\/mitt\/#website\",\"url\":\"https:\/\/www.abf.se\/mitt\/\",\"name\":\"Distriktet Mitt\",\"description\":\"\",\"potentialAction\":[{\"@type\":\"SearchAction\",\"target\":{\"@type\":\"EntryPoint\",\"urlTemplate\":\"https:\/\/www.abf.se\/mitt\/?s={search_term_string}\"},\"query-input\":{\"@type\":\"PropertyValueSpecification\",\"valueRequired\":true,\"valueName\":\"search_term_string\"}}],\"inLanguage\":\"en-US\"}]}<\/script>\n<!-- \/ Yoast SEO plugin. -->","yoast_head_json":{"title":"Verksamhetsadministrat\u00f6r - Distriktet Mitt","robots":{"index":"index","follow":"follow","max-snippet":"max-snippet:-1","max-image-preview":"max-image-preview:large","max-video-preview":"max-video-preview:-1"},"canonical":"https:\/\/www.abf.se\/mitt\/lediga-tjanster\/verksamhetsadministrator\/","og_locale":"en_US","og_type":"article","og_title":"Verksamhetsadministrat\u00f6r - Distriktet Mitt","og_url":"https:\/\/www.abf.se\/mitt\/lediga-tjanster\/verksamhetsadministrator\/","og_site_name":"Distriktet Mitt","article_modified_time":"2026-02-05T10:20:03+00:00","og_image":[{"width":1024,"height":576,"url":"https:\/\/www.abf.se\/wp-content\/uploads\/sites\/91\/2026\/02\/Sprakberget-liggande-1024x576.jpg","type":"image\/jpeg"}],"twitter_card":"summary_large_image","schema":{"@context":"https:\/\/schema.org","@graph":[{"@type":"WebPage","@id":"https:\/\/www.abf.se\/mitt\/lediga-tjanster\/verksamhetsadministrator\/","url":"https:\/\/www.abf.se\/mitt\/lediga-tjanster\/verksamhetsadministrator\/","name":"Verksamhetsadministrat\u00f6r - Distriktet Mitt","isPartOf":{"@id":"https:\/\/www.abf.se\/mitt\/#website"},"datePublished":"2026-02-05T10:07:23+00:00","dateModified":"2026-02-05T10:20:03+00:00","breadcrumb":{"@id":"https:\/\/www.abf.se\/mitt\/lediga-tjanster\/verksamhetsadministrator\/#breadcrumb"},"inLanguage":"en-US","potentialAction":[{"@type":"ReadAction","target":["https:\/\/www.abf.se\/mitt\/lediga-tjanster\/verksamhetsadministrator\/"]}]},{"@type":"BreadcrumbList","@id":"https:\/\/www.abf.se\/mitt\/lediga-tjanster\/verksamhetsadministrator\/#breadcrumb","itemListElement":[{"@type":"ListItem","position":1,"name":"Home","item":"https:\/\/www.abf.se\/mitt\/"},{"@type":"ListItem","position":2,"name":"Lediga tj\u00e4nster","item":"https:\/\/www.abf.se\/mitt\/lediga-tjanster\/"},{"@type":"ListItem","position":3,"name":"Verksamhetsadministrat\u00f6r"}]},{"@type":"WebSite","@id":"https:\/\/www.abf.se\/mitt\/#website","url":"https:\/\/www.abf.se\/mitt\/","name":"Distriktet Mitt","description":"","potentialAction":[{"@type":"SearchAction","target":{"@type":"EntryPoint","urlTemplate":"https:\/\/www.abf.se\/mitt\/?s={search_term_string}"},"query-input":{"@type":"PropertyValueSpecification","valueRequired":true,"valueName":"search_term_string"}}],"inLanguage":"en-US"}]}},"_links":{"self":[{"href":"https:\/\/www.abf.se\/mitt\/wp-json\/wp\/v2\/pages\/54","targetHints":{"allow":["GET"]}}],"collection":[{"href":"https:\/\/www.abf.se\/mitt\/wp-json\/wp\/v2\/pages"}],"about":[{"href":"https:\/\/www.abf.se\/mitt\/wp-json\/wp\/v2\/types\/page"}],"author":[{"embeddable":true,"href":"https:\/\/www.abf.se\/mitt\/wp-json\/wp\/v2\/users\/6"}],"replies":[{"embeddable":true,"href":"https:\/\/www.abf.se\/mitt\/wp-json\/wp\/v2\/comments?post=54"}],"version-history":[{"count":2,"href":"https:\/\/www.abf.se\/mitt\/wp-json\/wp\/v2\/pages\/54\/revisions"}],"predecessor-version":[{"id":60,"href":"https:\/\/www.abf.se\/mitt\/wp-json\/wp\/v2\/pages\/54\/revisions\/60"}],"up":[{"embeddable":true,"href":"https:\/\/www.abf.se\/mitt\/wp-json\/wp\/v2\/pages\/8"}],"wp:attachment":[{"href":"https:\/\/www.abf.se\/mitt\/wp-json\/wp\/v2\/media?parent=54"}],"curies":[{"name":"wp","href":"https:\/\/api.w.org\/{rel}","templated":true}]}}