{"id":117,"date":"2024-02-21T18:22:52","date_gmt":"2024-02-21T18:22:52","guid":{"rendered":"https:\/\/www.abf.se\/mittskane\/?page_id=117"},"modified":"2025-06-12T08:56:01","modified_gmt":"2025-06-12T06:56:01","slug":"folkbildning","status":"publish","type":"page","link":"https:\/\/www.abf.se\/mittskane\/om-vara-projekt\/ny-projekt\/folkbildning\/","title":{"rendered":"Folkbildning"},"content":{"rendered":"<div\n    class=\"acf-hero-block container-lg no-padding mb-12 js-geolocation\"\n    data-block=\"hero-block\"\n    data-index=\"0\"\n>\n    <div class=\"h-[548px]  relative rounded-[32px] overflow-hidden flex bg-gray-light\">\n        <div class=\"relative z-10 mt-auto h-auto w-full md:h-full\">\n            <div class=\"flex w-full h-full flex-col flex-wrap justify-end w-full md:w-7\/12 lg:w-1\/2 md:justify-center\">\n                <div class=\"flex flex-col gap-3 md:gap-[18px] md:transparent pt-16 pb-36 md:py-8 px-4 w-full md:max-w-[620px] mx-auto px-8\">\n\n                    <h1 class=\"hero-heading\"><span>Folkbildning<\/span><\/h1>\n\n                    \n                                    <\/div>\n            <\/div>\n        <\/div>\n\n                    <picture class=\"as-background-image mix-blend-multiply bg-black\/40\"><img decoding=\"async\" src=\"https:\/\/www.abf.se\/mittskane\/resized\/?url=https%3A%2F%2Fwww.abf.se%2Fwp-content%2Fuploads%2Fsites%2F35%2F2024%2F02%2FFolkbildning.jpg&#038;fit=crop&#038;w=1440&#038;s=f26342ac1995cbd7e7378700300a6871\" srcset=\"https:\/\/www.abf.se\/mittskane\/resized\/?url=https%3A%2F%2Fwww.abf.se%2Fwp-content%2Fuploads%2Fsites%2F35%2F2024%2F02%2FFolkbildning.jpg&#038;fit=crop&#038;w=375&#038;h=540&#038;s=3ca4154bee61cef50bbf6d1843c064b3 375w, https:\/\/www.abf.se\/mittskane\/resized\/?url=https%3A%2F%2Fwww.abf.se%2Fwp-content%2Fuploads%2Fsites%2F35%2F2024%2F02%2FFolkbildning.jpg&#038;fit=crop&#038;w=447&#038;h=540&#038;s=8dbff4d82d036e154cad938e7e1779e2 447w, https:\/\/www.abf.se\/mittskane\/resized\/?url=https%3A%2F%2Fwww.abf.se%2Fwp-content%2Fuploads%2Fsites%2F35%2F2024%2F02%2FFolkbildning.jpg&#038;fit=crop&#038;w=519&#038;h=540&#038;s=a27d645d904c6e3daceb539d5e3ead1c 519w, https:\/\/www.abf.se\/mittskane\/resized\/?url=https%3A%2F%2Fwww.abf.se%2Fwp-content%2Fuploads%2Fsites%2F35%2F2024%2F02%2FFolkbildning.jpg&#038;fit=crop&#038;w=591&#038;h=540&#038;s=cca04a3960e1fb30a0aa0ed717742bba 591w, https:\/\/www.abf.se\/mittskane\/resized\/?url=https%3A%2F%2Fwww.abf.se%2Fwp-content%2Fuploads%2Fsites%2F35%2F2024%2F02%2FFolkbildning.jpg&#038;fit=crop&#038;w=663&#038;h=540&#038;s=6dab2563a12b54c130e94806c42c36fa 663w, https:\/\/www.abf.se\/mittskane\/resized\/?url=https%3A%2F%2Fwww.abf.se%2Fwp-content%2Fuploads%2Fsites%2F35%2F2024%2F02%2FFolkbildning.jpg&#038;fit=crop&#038;w=750&#038;h=540&#038;s=5ba2cd12fa5c3297f6e4e0b75afbe0e9 750w, https:\/\/www.abf.se\/mittskane\/resized\/?url=https%3A%2F%2Fwww.abf.se%2Fwp-content%2Fuploads%2Fsites%2F35%2F2024%2F02%2FFolkbildning.jpg&#038;fit=crop&#038;w=894&#038;h=540&#038;s=de7815b55533751c128256b811b20647 894w, https:\/\/www.abf.se\/mittskane\/resized\/?url=https%3A%2F%2Fwww.abf.se%2Fwp-content%2Fuploads%2Fsites%2F35%2F2024%2F02%2FFolkbildning.jpg&#038;fit=crop&#038;w=1038&#038;h=540&#038;s=3ebf8386989e43d6b694e7694d4bff1c 1038w, https:\/\/www.abf.se\/mittskane\/resized\/?url=https%3A%2F%2Fwww.abf.se%2Fwp-content%2Fuploads%2Fsites%2F35%2F2024%2F02%2FFolkbildning.jpg&#038;fit=crop&#038;w=1182&#038;h=540&#038;s=87767c644fb4ca99f79d48ecbe00c9d2 1182w, https:\/\/www.abf.se\/mittskane\/resized\/?url=https%3A%2F%2Fwww.abf.se%2Fwp-content%2Fuploads%2Fsites%2F35%2F2024%2F02%2FFolkbildning.jpg&#038;fit=crop&#038;w=1326&#038;h=540&#038;s=434e038d3dfd5acb15cfce66bc8efff8 1326w, https:\/\/www.abf.se\/mittskane\/resized\/?url=https%3A%2F%2Fwww.abf.se%2Fwp-content%2Fuploads%2Fsites%2F35%2F2024%2F02%2FFolkbildning.jpg&#038;fit=crop&#038;w=1440&#038;h=540&#038;s=534714fd976d92ef2728ad1f94bd2a9a 1440w\" alt=\"\" height=\"540\" width=\"1440\" sizes=\"(max-width: 1440px) calc(100vw - 32px), 1440px\" loading=\"eager\" fetchpriority=\"high\" aria-hidden=\"true\" role=\"presentation\" \/><\/picture>\n        \n\n            <\/div>\n\n    <\/div>\n\n<div\n    class=\"acf-article-text-block article-container my-12\"\n    data-block=\"article-text-block\"\n>\n    <div class=\"wysiwyg\">\n        <p class=\"article-heading\"><strong>HELA DIG<\/strong> utg\u00e5r fr\u00e5n folkbildningens arbetsmetoder. Grunden i v\u00e5rt f\u00f6rh\u00e5llningss\u00e4tt \u00e4r att alla m\u00e4nniskor har en m\u00f6jlighet att utvecklas och d\u00e5 framf\u00f6r allt i en st\u00f6djande grupp d\u00e4r man deltar utifr\u00e5n sina egna f\u00f6ruts\u00e4ttningar. Enligt folkbildningspedagogiken sker l\u00e4randet i dialogen mellan gruppdeltagarna d\u00e4r kunskaper och erfarenheter delas p\u00e5 ett begripligt och hanterbart s\u00e4tt.<\/p>\n<div><strong>Ett medvetandeg\u00f6rande f\u00f6rh\u00e5llningss\u00e4tt<br \/>\n<\/strong>Folkbildningen kan i m\u00e5ngt och mycket anses st\u00e5 f\u00f6r samma uppgifter idag som vid sin tillblivelse f\u00f6r omkring 150 \u00e5r sedan. D\u00e5 handlade det om att bl.a. st\u00f6dja m\u00e4nniskor i deras kamp f\u00f6r dr\u00e4gliga levnadsf\u00f6rh\u00e5llanden och att f\u00e5 inflytande att tillvarata sina livschanser.<\/div>\n<div class=\"article-body\" data-enhancer=\"articleBody\">\n<p>Idag \u00f6kar \u00e5ter behovet av m\u00f6tesplatser d\u00e4r delandet av andras upplevelser och erfarenheter \u00f6ppnar upp f\u00f6r omtolkningar av den egna kunskapen. Ibland talas det om ett tredje rum och avser \u201dmellanrummet\u201d mellan det bekanta och det obekanta. \u201d<i>Detta mellanrum \u00f6kar v\u00e5r f\u00f6rm\u00e5ga att se de sammanhang vi sj\u00e4lv ing\u00e5r i p\u00e5 ett nytt s\u00e4tt och att lyfta oss upp ur den neds\u00e4nkta verklighet i vilken vi sj\u00e4lva befinner oss\u201d. (Freire, 1971<\/i>[1]<i>)<\/i>\u00a0En medvetandeg\u00f6rande process som skapar utrymme f\u00f6r att t\u00e4nka nytt och st\u00e4rker f\u00f6rm\u00e5gan att handla p\u00e5 annat s\u00e4tt \u00e4n vi brukar.<\/p>\n<p>En reflekterade milj\u00f6 \u00f6ppnar upp f\u00f6r m\u00f6jligheter utifr\u00e5n den verklighet i vilken m\u00e4nniskor upplever att de befinner sig. Folkbildningens m\u00f6tesplatser skapar och synligg\u00f6r h\u00e4r olika alternativa v\u00e4rden och st\u00e4rker individens \u00f6ppenhet f\u00f6r olikheter. Att tillsammans med andra t\u00e4nka igenom h\u00e4ndelser och orsakssammanhang st\u00e4rker m\u00e4nniskors f\u00f6rm\u00e5ga att agera f\u00f6r att g\u00f6ra positiva f\u00f6r\u00e4ndringar i sin livssituation.<\/p>\n<p>Att ing\u00e5 i positiva sammanhang som ger k\u00e4nslan av att\u00a0<i>g\u00f6ra\/vara tillsammans<\/i>\u00a0skapar f\u00f6ruts\u00e4ttningar f\u00f6r att uppleva meningsfullhet i ett allt mer snuttifierat h\u00f6ghastighetssamh\u00e4lle.\u00a0En viktig motpol till t.ex. upplevelsen av att enbart vara en \u201dbricka i spelet\u201d p\u00e5 en arbetsmarknad som prioriterar\/v\u00e4rderar kunskap, kompetens och prestation h\u00f6gst. En arbetsmarknad i ett samh\u00e4lle som st\u00e4ndigt f\u00f6r\u00e4ndras och d\u00e5 \u00e4ven st\u00e4ller allt h\u00f6gre krav p\u00e5 flexibilitet.<\/p>\n<p>Folkbildningens reflekterande arbetss\u00e4tt utmanar \u00e4ven f\u00f6rm\u00e5gan att t\u00e4nka nytt \u2013 \u201d<i>utanf\u00f6r boxen<\/i>\u201d \u2013 genom att stimulera ett t\u00e4nkande som inte \u00e4r inriktat p\u00e5 renodlad kunskapsinl\u00e4rning och informationshantering.<\/p>\n<p>Sammantaget st\u00e4rks k\u00e4nslan av sammanhang (KASAM[2]) samtidigt som man tillsammans med andra utvecklar f\u00f6rm\u00e5gan att formulera och hantera olika livsh\u00e4ndelser. (Empowerment[3]).<\/p>\n<p><b>Texten ovan \u00e4r delvis h\u00e4mtad fr\u00e5n,\u00a0ABFs skriftserie,\u00a0&#8221;Folkbildning och forskning&#8221;.<\/b><\/p>\n<p><b>L\u00e4s mer h\u00e4r:<br \/>\nPublikation<\/b>: Folkbildning f\u00f6r lokal, social h\u00e5llbarhet (ISBN 9789185405459)<br \/>\n<b>Avsnitt:<\/b> P\u00e5 spaning efter en folkbildning i v\u00e5r tid.<\/p>\n<div>\n<div id=\"ftn1\">\n<p><strong>K\u00e4llor:<\/strong><br \/>\n[1]\u00a0<b>Freire<\/b>\u00a0\u2013 Paulo Freire (1921-1997). Brasiliansk pedagog som arbetade med medvetandeg\u00f6rande. Han menade att i den frig\u00f6rande pedagogiken \u00e4r samtal centralt. Frig\u00f6relse sker i samtal med andra, d\u00e4r vi f\u00e5r utmanas av varandra och forma den egna v\u00e4rldsbilden. Vilket inte kan g\u00f6ras n\u00e4r vi \u00e4r ensamma.<\/p>\n<\/div>\n<div id=\"ftn2\">\n<p>[2]\u00a0<b>KASAM<\/b>\u00a0\u2013 K\u00e4nsla av sammanhang, d.v.s. att uppleva\u00a0<i>begriplighet<\/i>,\u00a0<i>hanterbarhe<\/i>t och\u00a0<i>meningsfullhet<\/i>\u00a0i den livssituation man befinner sig i. (Aaron Antonovsky-H\u00e4lsans mysterium)<\/p>\n<\/div>\n<div id=\"ftn3\">\n<p>[3]<b>Empowerment<\/b>\u00a0\u2013 \u201dEgenmakt\u201d. En process som avser att st\u00e4rka individens egen f\u00f6rm\u00e5ga att hantera sin situation, att p\u00e5verka och styra sin egen vardag och st\u00e4rka sina egna resurser.<\/p>\n<\/div>\n<\/div>\n<\/div>\n\n    <\/div>\n<\/div>\n<div class=\"my-8 container-lg acf-link-block\" data-block=\"link-block\" class=\"acf-link-block\" data-block=\"link-block\">\n    <div class=\"w-full bg-red  round-corners-lg px-4 md:px-8 py-11 md:py-16\">\n        <h2 class=\"heading-lg mb-7 text-center text-white\">\n            L\u00e4s mer om projektet h\u00e4r:\n        <\/h2>\n            <ul class=\"grid grid-cols-1 gap-x-4 gap-y-3 md:grid-cols-2\">\n                                                        <li>\n                        <a\n    class=\"large-button-link\"\n    href=\"https:\/\/www.abf.se\/mittskane\/om-vara-projekt\/ny-projekt\/nyheter-hela-dig\/\"\n    target=\"\"\n>\n    <span class=\"flex-1\">Nyheter \u2013 HELA DIG<\/span>\n\n    <figure\n        aria-hidden=\"true\"\n        class=\"w-5\"\n    >\n                    <svg width=\"20\" height=\"20\" viewBox=\"0 0 20 20\" fill=\"none\" class=\"SvgIconElement\">\n<path d=\"M4.16659 10L15.8333 10\" stroke=\"currentColor\"\/>\n<path d=\"M9.99992 4.1665L15.8333 9.99984L9.99992 15.8332\" stroke=\"currentColor\"\/>\n<\/svg>\n            <\/figure>\n<\/a>\n                    <\/li>\n                                                        <li>\n                        <a\n    class=\"large-button-link\"\n    href=\"https:\/\/www.abf.se\/mittskane\/om-vara-projekt\/ny-projekt\/\"\n    target=\"\"\n>\n    <span class=\"flex-1\">HELA DIG<\/span>\n\n    <figure\n        aria-hidden=\"true\"\n        class=\"w-5\"\n    >\n                    <svg width=\"20\" height=\"20\" viewBox=\"0 0 20 20\" fill=\"none\" class=\"SvgIconElement\">\n<path d=\"M4.16659 10L15.8333 10\" stroke=\"currentColor\"\/>\n<path d=\"M9.99992 4.1665L15.8333 9.99984L9.99992 15.8332\" stroke=\"currentColor\"\/>\n<\/svg>\n            <\/figure>\n<\/a>\n                    <\/li>\n                                                        <li>\n                        <a\n    class=\"large-button-link\"\n    href=\"https:\/\/www.abf.se\/mittskane\/om-vara-projekt\/ny-projekt\/malgruppen-i-projektet\/\"\n    target=\"\"\n>\n    <span class=\"flex-1\">M\u00e5lgruppen i projektet<\/span>\n\n    <figure\n        aria-hidden=\"true\"\n        class=\"w-5\"\n    >\n                    <svg width=\"20\" height=\"20\" viewBox=\"0 0 20 20\" fill=\"none\" class=\"SvgIconElement\">\n<path d=\"M4.16659 10L15.8333 10\" stroke=\"currentColor\"\/>\n<path d=\"M9.99992 4.1665L15.8333 9.99984L9.99992 15.8332\" stroke=\"currentColor\"\/>\n<\/svg>\n            <\/figure>\n<\/a>\n                    <\/li>\n                                                        <li>\n                        <a\n    class=\"large-button-link\"\n    href=\"https:\/\/www.abf.se\/mittskane\/om-vara-projekt\/ny-projekt\/samarbete-sokes\/\"\n    target=\"\"\n>\n    <span class=\"flex-1\">Samarbete s\u00f6kes<\/span>\n\n    <figure\n        aria-hidden=\"true\"\n        class=\"w-5\"\n    >\n                    <svg width=\"20\" height=\"20\" viewBox=\"0 0 20 20\" fill=\"none\" class=\"SvgIconElement\">\n<path d=\"M4.16659 10L15.8333 10\" stroke=\"currentColor\"\/>\n<path d=\"M9.99992 4.1665L15.8333 9.99984L9.99992 15.8332\" stroke=\"currentColor\"\/>\n<\/svg>\n            <\/figure>\n<\/a>\n                    <\/li>\n                                                        <li>\n                        <a\n    class=\"large-button-link\"\n    href=\"https:\/\/www.abf.se\/mittskane\/om-vara-projekt\/ny-projekt\/folkbildningens-historia\/\"\n    target=\"\"\n>\n    <span class=\"flex-1\">Folkbildningens historia<\/span>\n\n    <figure\n        aria-hidden=\"true\"\n        class=\"w-5\"\n    >\n                    <svg width=\"20\" height=\"20\" viewBox=\"0 0 20 20\" fill=\"none\" class=\"SvgIconElement\">\n<path d=\"M4.16659 10L15.8333 10\" stroke=\"currentColor\"\/>\n<path d=\"M9.99992 4.1665L15.8333 9.99984L9.99992 15.8332\" stroke=\"currentColor\"\/>\n<\/svg>\n            <\/figure>\n<\/a>\n                    <\/li>\n                                                        <li>\n                        <a\n    class=\"large-button-link\"\n    href=\"https:\/\/www.abf.se\/mittskane\/om-vara-projekt\/ny-projekt\/pilotprojekt\/\"\n    target=\"\"\n>\n    <span class=\"flex-1\">HELA DIG 2019 \u2013 Ett pilotprojekt<\/span>\n\n    <figure\n        aria-hidden=\"true\"\n        class=\"w-5\"\n    >\n                    <svg width=\"20\" height=\"20\" viewBox=\"0 0 20 20\" fill=\"none\" class=\"SvgIconElement\">\n<path d=\"M4.16659 10L15.8333 10\" stroke=\"currentColor\"\/>\n<path d=\"M9.99992 4.1665L15.8333 9.99984L9.99992 15.8332\" stroke=\"currentColor\"\/>\n<\/svg>\n            <\/figure>\n<\/a>\n                    <\/li>\n                            <\/ul>\n        <\/ul>\n    <\/div>\n<\/div><div\n    class=\"acf-article-cta-link-block article-container my-8\"\n    data-block=\"article-cta-link-block\"\n>\n<div>\n    <a class=\"inline-flex flex-row items-center gap-4 text-link underline text-red-dark\"\n        href=\"http:\/\/www.hela-dig.se\"\n                target=\"_blank\"\n            >\n        <span class=\"\">\n        HELA DIG hemsida\n        <\/span>\n        <figure aria-hidden=\"true\" class=\"rounded-full bg-red-dark w-8 h-8 p-1 text-white\">\n            <svg width=\"20\" height=\"20\" viewBox=\"0 0 20 20\" fill=\"none\" class=\"SvgIconElement\">\n<path d=\"M4.16659 10L15.8333 10\" stroke=\"currentColor\"\/>\n<path d=\"M9.99992 4.1665L15.8333 9.99984L9.99992 15.8332\" stroke=\"currentColor\"\/>\n<\/svg>\n        <\/figure>\n    <\/a>\n<\/div>\n<\/div>\n<div\n    class=\"acf-article-cta-link-block article-container my-8\"\n    data-block=\"article-cta-link-block\"\n>\n<div>\n    <a class=\"inline-flex flex-row items-center gap-4 text-link underline text-red-dark\"\n        href=\"https:\/\/www.facebook.com\/people\/Projekt-HELA-DIG\/100089114833348\/\"\n                target=\"_blank\"\n            >\n        <span class=\"\">\n        Facebook\n        <\/span>\n        <figure aria-hidden=\"true\" class=\"rounded-full bg-red-dark w-8 h-8 p-1 text-white\">\n            <svg width=\"20\" height=\"20\" viewBox=\"0 0 20 20\" fill=\"none\" class=\"SvgIconElement\">\n<path d=\"M4.16659 10L15.8333 10\" stroke=\"currentColor\"\/>\n<path d=\"M9.99992 4.1665L15.8333 9.99984L9.99992 15.8332\" stroke=\"currentColor\"\/>\n<\/svg>\n        <\/figure>\n    <\/a>\n<\/div>\n<\/div>\n<div\n    class=\"acf-article-cta-link-block article-container my-8\"\n    data-block=\"article-cta-link-block\"\n>\n<div>\n    <a class=\"inline-flex flex-row items-center gap-4 text-link underline text-red-dark\"\n        href=\"https:\/\/www.instagram.com\/projektheladig\/\"\n                target=\"_blank\"\n            >\n        <span class=\"\">\n        Instagram\n        <\/span>\n        <figure aria-hidden=\"true\" class=\"rounded-full bg-red-dark w-8 h-8 p-1 text-white\">\n            <svg width=\"20\" height=\"20\" viewBox=\"0 0 20 20\" fill=\"none\" class=\"SvgIconElement\">\n<path d=\"M4.16659 10L15.8333 10\" stroke=\"currentColor\"\/>\n<path d=\"M9.99992 4.1665L15.8333 9.99984L9.99992 15.8332\" stroke=\"currentColor\"\/>\n<\/svg>\n        <\/figure>\n    <\/a>\n<\/div>\n<\/div>\n","protected":false},"excerpt":{"rendered":"","protected":false},"author":32,"featured_media":0,"parent":212,"menu_order":0,"comment_status":"closed","ping_status":"closed","template":"","meta":{"_acf_changed":false,"footnotes":""},"class_list":["post-117","page","type-page","status-publish","hentry"],"acf":[],"yoast_head":"<!-- This site is optimized with the Yoast SEO plugin v27.0 - https:\/\/yoast.com\/product\/yoast-seo-wordpress\/ -->\n<title>Folkbildning - MittSk\u00e5ne<\/title>\n<meta name=\"description\" content=\"HELA DIG utg\u00e5r fr\u00e5n folkbildningens arbetsmetoder. Folkbildningens reflekterande arbetss\u00e4tt utmanar \u00e4ven f\u00f6rm\u00e5gan att t\u00e4nka nytt.\" \/>\n<meta name=\"robots\" content=\"index, follow, max-snippet:-1, max-image-preview:large, max-video-preview:-1\" \/>\n<link rel=\"canonical\" href=\"https:\/\/www.abf.se\/mittskane\/om-vara-projekt\/ny-projekt\/folkbildning\/\" \/>\n<meta property=\"og:locale\" content=\"sv_SE\" \/>\n<meta property=\"og:type\" content=\"article\" \/>\n<meta property=\"og:title\" content=\"Folkbildning - MittSk\u00e5ne\" \/>\n<meta property=\"og:description\" content=\"HELA DIG utg\u00e5r fr\u00e5n folkbildningens arbetsmetoder. Folkbildningens reflekterande arbetss\u00e4tt utmanar \u00e4ven f\u00f6rm\u00e5gan att t\u00e4nka nytt.\" \/>\n<meta property=\"og:url\" content=\"https:\/\/www.abf.se\/mittskane\/om-vara-projekt\/ny-projekt\/folkbildning\/\" \/>\n<meta property=\"og:site_name\" content=\"MittSk\u00e5ne\" \/>\n<meta property=\"article:modified_time\" content=\"2025-06-12T06:56:01+00:00\" \/>\n<meta property=\"og:image\" content=\"https:\/\/www.abf.se\/wp-content\/uploads\/sites\/35\/2024\/04\/Nyckeln-liggande-scaled.jpg\" \/>\n\t<meta property=\"og:image:width\" content=\"2560\" \/>\n\t<meta property=\"og:image:height\" content=\"1440\" \/>\n\t<meta property=\"og:image:type\" content=\"image\/jpeg\" \/>\n<meta name=\"twitter:card\" content=\"summary_large_image\" \/>\n<script type=\"application\/ld+json\" class=\"yoast-schema-graph\">{\"@context\":\"https:\/\/schema.org\",\"@graph\":[{\"@type\":\"WebPage\",\"@id\":\"https:\/\/www.abf.se\/mittskane\/om-vara-projekt\/ny-projekt\/folkbildning\/\",\"url\":\"https:\/\/www.abf.se\/mittskane\/om-vara-projekt\/ny-projekt\/folkbildning\/\",\"name\":\"Folkbildning - MittSk\u00e5ne\",\"isPartOf\":{\"@id\":\"https:\/\/www.abf.se\/mittskane\/#website\"},\"datePublished\":\"2024-02-21T18:22:52+00:00\",\"dateModified\":\"2025-06-12T06:56:01+00:00\",\"description\":\"HELA DIG utg\u00e5r fr\u00e5n folkbildningens arbetsmetoder. Folkbildningens reflekterande arbetss\u00e4tt utmanar \u00e4ven f\u00f6rm\u00e5gan att t\u00e4nka nytt.\",\"breadcrumb\":{\"@id\":\"https:\/\/www.abf.se\/mittskane\/om-vara-projekt\/ny-projekt\/folkbildning\/#breadcrumb\"},\"inLanguage\":\"sv-SE\",\"potentialAction\":[{\"@type\":\"ReadAction\",\"target\":[\"https:\/\/www.abf.se\/mittskane\/om-vara-projekt\/ny-projekt\/folkbildning\/\"]}]},{\"@type\":\"BreadcrumbList\",\"@id\":\"https:\/\/www.abf.se\/mittskane\/om-vara-projekt\/ny-projekt\/folkbildning\/#breadcrumb\",\"itemListElement\":[{\"@type\":\"ListItem\",\"position\":1,\"name\":\"Home\",\"item\":\"https:\/\/www.abf.se\/mittskane\/\"},{\"@type\":\"ListItem\",\"position\":2,\"name\":\"V\u00e5ra projekt\",\"item\":\"https:\/\/www.abf.se\/mittskane\/om-vara-projekt\/\"},{\"@type\":\"ListItem\",\"position\":3,\"name\":\"HELA DIG\",\"item\":\"https:\/\/www.abf.se\/mittskane\/om-vara-projekt\/ny-projekt\/\"},{\"@type\":\"ListItem\",\"position\":4,\"name\":\"Folkbildning\"}]},{\"@type\":\"WebSite\",\"@id\":\"https:\/\/www.abf.se\/mittskane\/#website\",\"url\":\"https:\/\/www.abf.se\/mittskane\/\",\"name\":\"MittSk\u00e5ne\",\"description\":\"\",\"potentialAction\":[{\"@type\":\"SearchAction\",\"target\":{\"@type\":\"EntryPoint\",\"urlTemplate\":\"https:\/\/www.abf.se\/mittskane\/?s={search_term_string}\"},\"query-input\":{\"@type\":\"PropertyValueSpecification\",\"valueRequired\":true,\"valueName\":\"search_term_string\"}}],\"inLanguage\":\"sv-SE\"}]}<\/script>\n<!-- \/ Yoast SEO plugin. -->","yoast_head_json":{"title":"Folkbildning - MittSk\u00e5ne","description":"HELA DIG utg\u00e5r fr\u00e5n folkbildningens arbetsmetoder. Folkbildningens reflekterande arbetss\u00e4tt utmanar \u00e4ven f\u00f6rm\u00e5gan att t\u00e4nka nytt.","robots":{"index":"index","follow":"follow","max-snippet":"max-snippet:-1","max-image-preview":"max-image-preview:large","max-video-preview":"max-video-preview:-1"},"canonical":"https:\/\/www.abf.se\/mittskane\/om-vara-projekt\/ny-projekt\/folkbildning\/","og_locale":"sv_SE","og_type":"article","og_title":"Folkbildning - MittSk\u00e5ne","og_description":"HELA DIG utg\u00e5r fr\u00e5n folkbildningens arbetsmetoder. Folkbildningens reflekterande arbetss\u00e4tt utmanar \u00e4ven f\u00f6rm\u00e5gan att t\u00e4nka nytt.","og_url":"https:\/\/www.abf.se\/mittskane\/om-vara-projekt\/ny-projekt\/folkbildning\/","og_site_name":"MittSk\u00e5ne","article_modified_time":"2025-06-12T06:56:01+00:00","og_image":[{"width":2560,"height":1440,"url":"https:\/\/www.abf.se\/wp-content\/uploads\/sites\/35\/2024\/04\/Nyckeln-liggande-scaled.jpg","type":"image\/jpeg"}],"twitter_card":"summary_large_image","schema":{"@context":"https:\/\/schema.org","@graph":[{"@type":"WebPage","@id":"https:\/\/www.abf.se\/mittskane\/om-vara-projekt\/ny-projekt\/folkbildning\/","url":"https:\/\/www.abf.se\/mittskane\/om-vara-projekt\/ny-projekt\/folkbildning\/","name":"Folkbildning - MittSk\u00e5ne","isPartOf":{"@id":"https:\/\/www.abf.se\/mittskane\/#website"},"datePublished":"2024-02-21T18:22:52+00:00","dateModified":"2025-06-12T06:56:01+00:00","description":"HELA DIG utg\u00e5r fr\u00e5n folkbildningens arbetsmetoder. Folkbildningens reflekterande arbetss\u00e4tt utmanar \u00e4ven f\u00f6rm\u00e5gan att t\u00e4nka nytt.","breadcrumb":{"@id":"https:\/\/www.abf.se\/mittskane\/om-vara-projekt\/ny-projekt\/folkbildning\/#breadcrumb"},"inLanguage":"sv-SE","potentialAction":[{"@type":"ReadAction","target":["https:\/\/www.abf.se\/mittskane\/om-vara-projekt\/ny-projekt\/folkbildning\/"]}]},{"@type":"BreadcrumbList","@id":"https:\/\/www.abf.se\/mittskane\/om-vara-projekt\/ny-projekt\/folkbildning\/#breadcrumb","itemListElement":[{"@type":"ListItem","position":1,"name":"Home","item":"https:\/\/www.abf.se\/mittskane\/"},{"@type":"ListItem","position":2,"name":"V\u00e5ra projekt","item":"https:\/\/www.abf.se\/mittskane\/om-vara-projekt\/"},{"@type":"ListItem","position":3,"name":"HELA DIG","item":"https:\/\/www.abf.se\/mittskane\/om-vara-projekt\/ny-projekt\/"},{"@type":"ListItem","position":4,"name":"Folkbildning"}]},{"@type":"WebSite","@id":"https:\/\/www.abf.se\/mittskane\/#website","url":"https:\/\/www.abf.se\/mittskane\/","name":"MittSk\u00e5ne","description":"","potentialAction":[{"@type":"SearchAction","target":{"@type":"EntryPoint","urlTemplate":"https:\/\/www.abf.se\/mittskane\/?s={search_term_string}"},"query-input":{"@type":"PropertyValueSpecification","valueRequired":true,"valueName":"search_term_string"}}],"inLanguage":"sv-SE"}]}},"_links":{"self":[{"href":"https:\/\/www.abf.se\/mittskane\/wp-json\/wp\/v2\/pages\/117","targetHints":{"allow":["GET"]}}],"collection":[{"href":"https:\/\/www.abf.se\/mittskane\/wp-json\/wp\/v2\/pages"}],"about":[{"href":"https:\/\/www.abf.se\/mittskane\/wp-json\/wp\/v2\/types\/page"}],"author":[{"embeddable":true,"href":"https:\/\/www.abf.se\/mittskane\/wp-json\/wp\/v2\/users\/32"}],"replies":[{"embeddable":true,"href":"https:\/\/www.abf.se\/mittskane\/wp-json\/wp\/v2\/comments?post=117"}],"version-history":[{"count":15,"href":"https:\/\/www.abf.se\/mittskane\/wp-json\/wp\/v2\/pages\/117\/revisions"}],"predecessor-version":[{"id":2329,"href":"https:\/\/www.abf.se\/mittskane\/wp-json\/wp\/v2\/pages\/117\/revisions\/2329"}],"up":[{"embeddable":true,"href":"https:\/\/www.abf.se\/mittskane\/wp-json\/wp\/v2\/pages\/212"}],"wp:attachment":[{"href":"https:\/\/www.abf.se\/mittskane\/wp-json\/wp\/v2\/media?parent=117"}],"curies":[{"name":"wp","href":"https:\/\/api.w.org\/{rel}","templated":true}]}}