{"id":123,"date":"2024-02-21T18:33:19","date_gmt":"2024-02-21T18:33:19","guid":{"rendered":"https:\/\/www.abf.se\/mittskane\/?page_id=123"},"modified":"2025-06-12T09:03:22","modified_gmt":"2025-06-12T07:03:22","slug":"folkbildningens-historia","status":"publish","type":"page","link":"https:\/\/www.abf.se\/mittskane\/om-vara-projekt\/ny-projekt\/folkbildningens-historia\/","title":{"rendered":"Folkbildningens historia"},"content":{"rendered":"<div\n    class=\"acf-hero-block container-lg no-padding mb-12 js-geolocation\"\n    data-block=\"hero-block\"\n    data-index=\"0\"\n>\n    <div class=\"h-[548px]  relative rounded-[32px] overflow-hidden flex bg-gray-light\">\n        <div class=\"relative z-10 mt-auto h-auto w-full md:h-full\">\n            <div class=\"flex w-full h-full flex-col flex-wrap justify-end w-full md:w-7\/12 lg:w-1\/2 md:justify-center\">\n                <div class=\"flex flex-col gap-3 md:gap-[18px] md:transparent pt-16 pb-36 md:py-8 px-4 w-full md:max-w-[620px] mx-auto px-8\">\n\n                    <h1 class=\"hero-heading\"><span>Folkbildningens historia<\/span><\/h1>\n\n                    \n                                    <\/div>\n            <\/div>\n        <\/div>\n\n                    <picture class=\"as-background-image mix-blend-multiply bg-black\/40\"><img decoding=\"async\" src=\"https:\/\/www.abf.se\/mittskane\/resized\/?url=https%3A%2F%2Fwww.abf.se%2Fwp-content%2Fuploads%2Fsites%2F35%2F2024%2F02%2FPhotoxpress_gamla_fotografier.jpg&#038;fit=crop&#038;w=1440&#038;s=656d0de88cd675290c98532e1303def9\" srcset=\"https:\/\/www.abf.se\/mittskane\/resized\/?url=https%3A%2F%2Fwww.abf.se%2Fwp-content%2Fuploads%2Fsites%2F35%2F2024%2F02%2FPhotoxpress_gamla_fotografier.jpg&#038;fit=crop&#038;w=375&#038;h=540&#038;s=af871713ec2febb64476e031c9edb711 375w, https:\/\/www.abf.se\/mittskane\/resized\/?url=https%3A%2F%2Fwww.abf.se%2Fwp-content%2Fuploads%2Fsites%2F35%2F2024%2F02%2FPhotoxpress_gamla_fotografier.jpg&#038;fit=crop&#038;w=447&#038;h=540&#038;s=9b93c0d595488b2a41b6e57778547276 447w, https:\/\/www.abf.se\/mittskane\/resized\/?url=https%3A%2F%2Fwww.abf.se%2Fwp-content%2Fuploads%2Fsites%2F35%2F2024%2F02%2FPhotoxpress_gamla_fotografier.jpg&#038;fit=crop&#038;w=519&#038;h=540&#038;s=751b75fde4488a730dcd4d789f89279c 519w, https:\/\/www.abf.se\/mittskane\/resized\/?url=https%3A%2F%2Fwww.abf.se%2Fwp-content%2Fuploads%2Fsites%2F35%2F2024%2F02%2FPhotoxpress_gamla_fotografier.jpg&#038;fit=crop&#038;w=591&#038;h=540&#038;s=98239e75948304d61202c9ce5caafd82 591w, https:\/\/www.abf.se\/mittskane\/resized\/?url=https%3A%2F%2Fwww.abf.se%2Fwp-content%2Fuploads%2Fsites%2F35%2F2024%2F02%2FPhotoxpress_gamla_fotografier.jpg&#038;fit=crop&#038;w=663&#038;h=540&#038;s=2760a08d01f9f987678615232a687831 663w, https:\/\/www.abf.se\/mittskane\/resized\/?url=https%3A%2F%2Fwww.abf.se%2Fwp-content%2Fuploads%2Fsites%2F35%2F2024%2F02%2FPhotoxpress_gamla_fotografier.jpg&#038;fit=crop&#038;w=750&#038;h=540&#038;s=2e5abe7834dcec7cf87d3f0a51c692a1 750w, https:\/\/www.abf.se\/mittskane\/resized\/?url=https%3A%2F%2Fwww.abf.se%2Fwp-content%2Fuploads%2Fsites%2F35%2F2024%2F02%2FPhotoxpress_gamla_fotografier.jpg&#038;fit=crop&#038;w=894&#038;h=540&#038;s=b76521892c5541a45ecf36a83de383e0 894w, https:\/\/www.abf.se\/mittskane\/resized\/?url=https%3A%2F%2Fwww.abf.se%2Fwp-content%2Fuploads%2Fsites%2F35%2F2024%2F02%2FPhotoxpress_gamla_fotografier.jpg&#038;fit=crop&#038;w=1038&#038;h=540&#038;s=cd2e861554a77536fd3d9cf4af1c5c32 1038w, https:\/\/www.abf.se\/mittskane\/resized\/?url=https%3A%2F%2Fwww.abf.se%2Fwp-content%2Fuploads%2Fsites%2F35%2F2024%2F02%2FPhotoxpress_gamla_fotografier.jpg&#038;fit=crop&#038;w=1182&#038;h=540&#038;s=25c05ffcf9e07e98597cb6a34aff0398 1182w, https:\/\/www.abf.se\/mittskane\/resized\/?url=https%3A%2F%2Fwww.abf.se%2Fwp-content%2Fuploads%2Fsites%2F35%2F2024%2F02%2FPhotoxpress_gamla_fotografier.jpg&#038;fit=crop&#038;w=1326&#038;h=540&#038;s=e4d6defe65b0ecbed135411b43063f9a 1326w, https:\/\/www.abf.se\/mittskane\/resized\/?url=https%3A%2F%2Fwww.abf.se%2Fwp-content%2Fuploads%2Fsites%2F35%2F2024%2F02%2FPhotoxpress_gamla_fotografier.jpg&#038;fit=crop&#038;w=1440&#038;h=540&#038;s=ca01fe4a3a78bd8d3fac84a4c53d4abc 1440w\" alt=\"\" height=\"540\" width=\"1440\" sizes=\"(max-width: 1440px) calc(100vw - 32px), 1440px\" loading=\"eager\" fetchpriority=\"high\" aria-hidden=\"true\" role=\"presentation\" \/><\/picture>\n        \n\n            <\/div>\n\n    <\/div>\n\n<div\n    class=\"acf-article-text-block article-container my-12\"\n    data-block=\"article-text-block\"\n>\n    <div class=\"wysiwyg\">\n        <div><strong>Folkbildning syftar till att g\u00f6ra kunskap och bildning tillg\u00e4nglig f\u00f6r alla p\u00e5 ett demokratiskt och j\u00e4mlikt s\u00e4tt, och utanf\u00f6r den traditionella skolan. <em>&#8221;Folkbildningen ska ge alla m\u00f6jlighet att tillsammans med andra \u00f6ka sin kunskap och bildning f\u00f6r personlig utveckling och delaktighet i samh\u00e4llet.<\/em>&#8221; (Regeringens proposition 2013\/14:172 &#8221;Allas kunskap &#8211; allas bildning&#8221; )<\/strong><\/div>\n<div><\/div>\n<div><\/div>\n<div><\/div>\n<div><\/div>\n<div><\/div>\n\n    <\/div>\n<\/div>\n<div\n    class=\"acf-article-text-block article-container my-12\"\n    data-block=\"article-text-block\"\n>\n    <div class=\"wysiwyg\">\n        <p><strong>Folkbildningens historia<\/strong><br \/>\nFolkbildningen har sina,\u00a0\u00f6ver hundra\u00e5riga, r\u00f6tter i nykterhetsr\u00f6relsen, frikyrkor\u00f6relsen och arbetarr\u00f6relsen. M\u00e4nniskor tr\u00e4ffades i grupper f\u00f6r att bilda sig och driva olika fr\u00e5gor s\u00e5 som religionsfrihet, yttrandefrihet och kvinnors r\u00f6str\u00e4tt. Detta m\u00f6tess\u00e4tt har spelat en mycket viktigt roll f\u00f6r att skapa v\u00e5rt nutida demokratiska samh\u00e4lle.<\/p>\n<p><strong>Fritt och frivilligt<\/strong><br \/>\nFolkbildningen k\u00e4nnetecknas av principen &#8221;fritt och frivilligt&#8221;, vilket inneb\u00e4r att den st\u00e5r fri fr\u00e5n statlig styrning och att den alltid ska vara frivillig f\u00f6r deltagarna. Det inneb\u00e4r \u00e4ven att\u00a0det \u00e4r deltagarna som styr inneh\u00e5llet.<\/p>\n<p><strong>Pedagogiken<\/strong><br \/>\nFolkbildningens pedagogik bygger p\u00e5 att man\u00a0g\u00f6r det tillsammans med andra. Cirkelledarens roll \u00e4r inte i f\u00f6rsta hand att l\u00e4ra ut ett specifikt \u00e4mne, utan att se till att gruppen fungerar p\u00e5 ett demokratiskt s\u00e4tt och att alla k\u00e4nner sig delaktiga och lyssnade p\u00e5.<\/p>\n<p>I Sverige bedrivs tusentals studiecirklar varje dag. De skapar ett meningsfullt sammanhang och bidrar d\u00e4rmed till ett livsl\u00e5ngt l\u00e4rande. Ut\u00f6ver det fyller de p\u00e5 m\u00e5nga andra s\u00e4tt \u00e4ven en mycket viktig funktion f\u00f6r sina deltagare.<\/p>\n\n    <\/div>\n<\/div>\n<div class=\"my-8 container-lg acf-link-block\" data-block=\"link-block\" class=\"acf-link-block\" data-block=\"link-block\">\n    <div class=\"w-full bg-red  round-corners-lg px-4 md:px-8 py-11 md:py-16\">\n        <h2 class=\"heading-lg mb-7 text-center text-white\">\n            L\u00e4s mer om projektet h\u00e4r:\n        <\/h2>\n            <ul class=\"grid grid-cols-1 gap-x-4 gap-y-3 md:grid-cols-2\">\n                                                        <li>\n                        <a\n    class=\"large-button-link\"\n    href=\"https:\/\/www.abf.se\/mittskane\/om-vara-projekt\/ny-projekt\/nyheter-hela-dig\/\"\n    target=\"\"\n>\n    <span class=\"flex-1\">Nyheter \u2013 HELA DIG<\/span>\n\n    <figure\n        aria-hidden=\"true\"\n        class=\"w-5\"\n    >\n                    <svg width=\"20\" height=\"20\" viewBox=\"0 0 20 20\" fill=\"none\" class=\"SvgIconElement\">\n<path d=\"M4.16659 10L15.8333 10\" stroke=\"currentColor\"\/>\n<path d=\"M9.99992 4.1665L15.8333 9.99984L9.99992 15.8332\" stroke=\"currentColor\"\/>\n<\/svg>\n            <\/figure>\n<\/a>\n                    <\/li>\n                                                        <li>\n                        <a\n    class=\"large-button-link\"\n    href=\"https:\/\/www.abf.se\/mittskane\/om-vara-projekt\/ny-projekt\/\"\n    target=\"\"\n>\n    <span class=\"flex-1\">HELA DIG<\/span>\n\n    <figure\n        aria-hidden=\"true\"\n        class=\"w-5\"\n    >\n                    <svg width=\"20\" height=\"20\" viewBox=\"0 0 20 20\" fill=\"none\" class=\"SvgIconElement\">\n<path d=\"M4.16659 10L15.8333 10\" stroke=\"currentColor\"\/>\n<path d=\"M9.99992 4.1665L15.8333 9.99984L9.99992 15.8332\" stroke=\"currentColor\"\/>\n<\/svg>\n            <\/figure>\n<\/a>\n                    <\/li>\n                                                        <li>\n                        <a\n    class=\"large-button-link\"\n    href=\"https:\/\/www.abf.se\/mittskane\/om-vara-projekt\/ny-projekt\/malgruppen-i-projektet\/\"\n    target=\"\"\n>\n    <span class=\"flex-1\">M\u00e5lgruppen i projektet<\/span>\n\n    <figure\n        aria-hidden=\"true\"\n        class=\"w-5\"\n    >\n                    <svg width=\"20\" height=\"20\" viewBox=\"0 0 20 20\" fill=\"none\" class=\"SvgIconElement\">\n<path d=\"M4.16659 10L15.8333 10\" stroke=\"currentColor\"\/>\n<path d=\"M9.99992 4.1665L15.8333 9.99984L9.99992 15.8332\" stroke=\"currentColor\"\/>\n<\/svg>\n            <\/figure>\n<\/a>\n                    <\/li>\n                                                        <li>\n                        <a\n    class=\"large-button-link\"\n    href=\"https:\/\/www.abf.se\/mittskane\/om-vara-projekt\/ny-projekt\/samarbete-sokes\/\"\n    target=\"\"\n>\n    <span class=\"flex-1\">Samarbete s\u00f6kes<\/span>\n\n    <figure\n        aria-hidden=\"true\"\n        class=\"w-5\"\n    >\n                    <svg width=\"20\" height=\"20\" viewBox=\"0 0 20 20\" fill=\"none\" class=\"SvgIconElement\">\n<path d=\"M4.16659 10L15.8333 10\" stroke=\"currentColor\"\/>\n<path d=\"M9.99992 4.1665L15.8333 9.99984L9.99992 15.8332\" stroke=\"currentColor\"\/>\n<\/svg>\n            <\/figure>\n<\/a>\n                    <\/li>\n                                                        <li>\n                        <a\n    class=\"large-button-link\"\n    href=\"https:\/\/www.abf.se\/mittskane\/om-vara-projekt\/ny-projekt\/folkbildning\/\"\n    target=\"\"\n>\n    <span class=\"flex-1\">Utg\u00e5r fr\u00e5n folkbildningspedagogiken<\/span>\n\n    <figure\n        aria-hidden=\"true\"\n        class=\"w-5\"\n    >\n                    <svg width=\"20\" height=\"20\" viewBox=\"0 0 20 20\" fill=\"none\" class=\"SvgIconElement\">\n<path d=\"M4.16659 10L15.8333 10\" stroke=\"currentColor\"\/>\n<path d=\"M9.99992 4.1665L15.8333 9.99984L9.99992 15.8332\" stroke=\"currentColor\"\/>\n<\/svg>\n            <\/figure>\n<\/a>\n                    <\/li>\n                                                        <li>\n                        <a\n    class=\"large-button-link\"\n    href=\"https:\/\/www.abf.se\/mittskane\/om-vara-projekt\/ny-projekt\/pilotprojekt\/\"\n    target=\"\"\n>\n    <span class=\"flex-1\">HELA DIG 2019 \u2013 Ett pilotprojekt<\/span>\n\n    <figure\n        aria-hidden=\"true\"\n        class=\"w-5\"\n    >\n                    <svg width=\"20\" height=\"20\" viewBox=\"0 0 20 20\" fill=\"none\" class=\"SvgIconElement\">\n<path d=\"M4.16659 10L15.8333 10\" stroke=\"currentColor\"\/>\n<path d=\"M9.99992 4.1665L15.8333 9.99984L9.99992 15.8332\" stroke=\"currentColor\"\/>\n<\/svg>\n            <\/figure>\n<\/a>\n                    <\/li>\n                            <\/ul>\n        <\/ul>\n    <\/div>\n<\/div><div\n    class=\"acf-article-cta-link-block article-container my-8\"\n    data-block=\"article-cta-link-block\"\n>\n<div>\n    <a class=\"inline-flex flex-row items-center gap-4 text-link underline text-red-dark\"\n        href=\"http:\/\/www.hela-dig.se\"\n                target=\"_blank\"\n            >\n        <span class=\"\">\n        HELA DIG hemsida\n        <\/span>\n        <figure aria-hidden=\"true\" class=\"rounded-full bg-red-dark w-8 h-8 p-1 text-white\">\n            <svg width=\"20\" height=\"20\" viewBox=\"0 0 20 20\" fill=\"none\" class=\"SvgIconElement\">\n<path d=\"M4.16659 10L15.8333 10\" stroke=\"currentColor\"\/>\n<path d=\"M9.99992 4.1665L15.8333 9.99984L9.99992 15.8332\" stroke=\"currentColor\"\/>\n<\/svg>\n        <\/figure>\n    <\/a>\n<\/div>\n<\/div>\n<div\n    class=\"acf-article-cta-link-block article-container my-8\"\n    data-block=\"article-cta-link-block\"\n>\n<div>\n    <a class=\"inline-flex flex-row items-center gap-4 text-link underline text-red-dark\"\n        href=\"https:\/\/www.facebook.com\/people\/Projekt-HELA-DIG\/100089114833348\/\"\n                target=\"_blank\"\n            >\n        <span class=\"\">\n        Facebook\n        <\/span>\n        <figure aria-hidden=\"true\" class=\"rounded-full bg-red-dark w-8 h-8 p-1 text-white\">\n            <svg width=\"20\" height=\"20\" viewBox=\"0 0 20 20\" fill=\"none\" class=\"SvgIconElement\">\n<path d=\"M4.16659 10L15.8333 10\" stroke=\"currentColor\"\/>\n<path d=\"M9.99992 4.1665L15.8333 9.99984L9.99992 15.8332\" stroke=\"currentColor\"\/>\n<\/svg>\n        <\/figure>\n    <\/a>\n<\/div>\n<\/div>\n<div\n    class=\"acf-article-cta-link-block article-container my-8\"\n    data-block=\"article-cta-link-block\"\n>\n<div>\n    <a class=\"inline-flex flex-row items-center gap-4 text-link underline text-red-dark\"\n        href=\"https:\/\/www.instagram.com\/projektheladig\/\"\n                target=\"_blank\"\n            >\n        <span class=\"\">\n        Instagram\n        <\/span>\n        <figure aria-hidden=\"true\" class=\"rounded-full bg-red-dark w-8 h-8 p-1 text-white\">\n            <svg width=\"20\" height=\"20\" viewBox=\"0 0 20 20\" fill=\"none\" class=\"SvgIconElement\">\n<path d=\"M4.16659 10L15.8333 10\" stroke=\"currentColor\"\/>\n<path d=\"M9.99992 4.1665L15.8333 9.99984L9.99992 15.8332\" stroke=\"currentColor\"\/>\n<\/svg>\n        <\/figure>\n    <\/a>\n<\/div>\n<\/div>\n","protected":false},"excerpt":{"rendered":"","protected":false},"author":32,"featured_media":0,"parent":212,"menu_order":0,"comment_status":"closed","ping_status":"closed","template":"","meta":{"_acf_changed":false,"footnotes":""},"class_list":["post-123","page","type-page","status-publish","hentry"],"acf":[],"yoast_head":"<!-- This site is optimized with the Yoast SEO plugin v27.0 - https:\/\/yoast.com\/product\/yoast-seo-wordpress\/ -->\n<title>Folkbildningens historia - MittSk\u00e5ne<\/title>\n<meta name=\"description\" content=\"Folkbildning syftar till att g\u00f6ra kunskap, bildning tillg\u00e4nglig f\u00f6r alla p\u00e5 ett demokratiskt och j\u00e4mlikt s\u00e4tt.\" \/>\n<meta name=\"robots\" content=\"index, follow, max-snippet:-1, max-image-preview:large, max-video-preview:-1\" \/>\n<link rel=\"canonical\" href=\"https:\/\/www.abf.se\/mittskane\/om-vara-projekt\/ny-projekt\/folkbildningens-historia\/\" \/>\n<meta property=\"og:locale\" content=\"sv_SE\" \/>\n<meta property=\"og:type\" content=\"article\" \/>\n<meta property=\"og:title\" content=\"Folkbildningens historia - MittSk\u00e5ne\" \/>\n<meta property=\"og:description\" content=\"Folkbildning syftar till att g\u00f6ra kunskap, bildning tillg\u00e4nglig f\u00f6r alla p\u00e5 ett demokratiskt och j\u00e4mlikt s\u00e4tt.\" \/>\n<meta property=\"og:url\" content=\"https:\/\/www.abf.se\/mittskane\/om-vara-projekt\/ny-projekt\/folkbildningens-historia\/\" \/>\n<meta property=\"og:site_name\" content=\"MittSk\u00e5ne\" \/>\n<meta property=\"article:modified_time\" content=\"2025-06-12T07:03:22+00:00\" \/>\n<meta property=\"og:image\" content=\"https:\/\/www.abf.se\/wp-content\/uploads\/sites\/35\/2024\/04\/Nyckeln-liggande-scaled.jpg\" \/>\n\t<meta property=\"og:image:width\" content=\"2560\" \/>\n\t<meta property=\"og:image:height\" content=\"1440\" \/>\n\t<meta property=\"og:image:type\" content=\"image\/jpeg\" \/>\n<meta name=\"twitter:card\" content=\"summary_large_image\" \/>\n<script type=\"application\/ld+json\" class=\"yoast-schema-graph\">{\"@context\":\"https:\/\/schema.org\",\"@graph\":[{\"@type\":\"WebPage\",\"@id\":\"https:\/\/www.abf.se\/mittskane\/om-vara-projekt\/ny-projekt\/folkbildningens-historia\/\",\"url\":\"https:\/\/www.abf.se\/mittskane\/om-vara-projekt\/ny-projekt\/folkbildningens-historia\/\",\"name\":\"Folkbildningens historia - MittSk\u00e5ne\",\"isPartOf\":{\"@id\":\"https:\/\/www.abf.se\/mittskane\/#website\"},\"datePublished\":\"2024-02-21T18:33:19+00:00\",\"dateModified\":\"2025-06-12T07:03:22+00:00\",\"description\":\"Folkbildning syftar till att g\u00f6ra kunskap, bildning tillg\u00e4nglig f\u00f6r alla p\u00e5 ett demokratiskt och j\u00e4mlikt s\u00e4tt.\",\"breadcrumb\":{\"@id\":\"https:\/\/www.abf.se\/mittskane\/om-vara-projekt\/ny-projekt\/folkbildningens-historia\/#breadcrumb\"},\"inLanguage\":\"sv-SE\",\"potentialAction\":[{\"@type\":\"ReadAction\",\"target\":[\"https:\/\/www.abf.se\/mittskane\/om-vara-projekt\/ny-projekt\/folkbildningens-historia\/\"]}]},{\"@type\":\"BreadcrumbList\",\"@id\":\"https:\/\/www.abf.se\/mittskane\/om-vara-projekt\/ny-projekt\/folkbildningens-historia\/#breadcrumb\",\"itemListElement\":[{\"@type\":\"ListItem\",\"position\":1,\"name\":\"Home\",\"item\":\"https:\/\/www.abf.se\/mittskane\/\"},{\"@type\":\"ListItem\",\"position\":2,\"name\":\"V\u00e5ra projekt\",\"item\":\"https:\/\/www.abf.se\/mittskane\/om-vara-projekt\/\"},{\"@type\":\"ListItem\",\"position\":3,\"name\":\"HELA DIG\",\"item\":\"https:\/\/www.abf.se\/mittskane\/om-vara-projekt\/ny-projekt\/\"},{\"@type\":\"ListItem\",\"position\":4,\"name\":\"Folkbildningens historia\"}]},{\"@type\":\"WebSite\",\"@id\":\"https:\/\/www.abf.se\/mittskane\/#website\",\"url\":\"https:\/\/www.abf.se\/mittskane\/\",\"name\":\"MittSk\u00e5ne\",\"description\":\"\",\"potentialAction\":[{\"@type\":\"SearchAction\",\"target\":{\"@type\":\"EntryPoint\",\"urlTemplate\":\"https:\/\/www.abf.se\/mittskane\/?s={search_term_string}\"},\"query-input\":{\"@type\":\"PropertyValueSpecification\",\"valueRequired\":true,\"valueName\":\"search_term_string\"}}],\"inLanguage\":\"sv-SE\"}]}<\/script>\n<!-- \/ Yoast SEO plugin. -->","yoast_head_json":{"title":"Folkbildningens historia - MittSk\u00e5ne","description":"Folkbildning syftar till att g\u00f6ra kunskap, bildning tillg\u00e4nglig f\u00f6r alla p\u00e5 ett demokratiskt och j\u00e4mlikt s\u00e4tt.","robots":{"index":"index","follow":"follow","max-snippet":"max-snippet:-1","max-image-preview":"max-image-preview:large","max-video-preview":"max-video-preview:-1"},"canonical":"https:\/\/www.abf.se\/mittskane\/om-vara-projekt\/ny-projekt\/folkbildningens-historia\/","og_locale":"sv_SE","og_type":"article","og_title":"Folkbildningens historia - MittSk\u00e5ne","og_description":"Folkbildning syftar till att g\u00f6ra kunskap, bildning tillg\u00e4nglig f\u00f6r alla p\u00e5 ett demokratiskt och j\u00e4mlikt s\u00e4tt.","og_url":"https:\/\/www.abf.se\/mittskane\/om-vara-projekt\/ny-projekt\/folkbildningens-historia\/","og_site_name":"MittSk\u00e5ne","article_modified_time":"2025-06-12T07:03:22+00:00","og_image":[{"width":2560,"height":1440,"url":"https:\/\/www.abf.se\/wp-content\/uploads\/sites\/35\/2024\/04\/Nyckeln-liggande-scaled.jpg","type":"image\/jpeg"}],"twitter_card":"summary_large_image","schema":{"@context":"https:\/\/schema.org","@graph":[{"@type":"WebPage","@id":"https:\/\/www.abf.se\/mittskane\/om-vara-projekt\/ny-projekt\/folkbildningens-historia\/","url":"https:\/\/www.abf.se\/mittskane\/om-vara-projekt\/ny-projekt\/folkbildningens-historia\/","name":"Folkbildningens historia - MittSk\u00e5ne","isPartOf":{"@id":"https:\/\/www.abf.se\/mittskane\/#website"},"datePublished":"2024-02-21T18:33:19+00:00","dateModified":"2025-06-12T07:03:22+00:00","description":"Folkbildning syftar till att g\u00f6ra kunskap, bildning tillg\u00e4nglig f\u00f6r alla p\u00e5 ett demokratiskt och j\u00e4mlikt s\u00e4tt.","breadcrumb":{"@id":"https:\/\/www.abf.se\/mittskane\/om-vara-projekt\/ny-projekt\/folkbildningens-historia\/#breadcrumb"},"inLanguage":"sv-SE","potentialAction":[{"@type":"ReadAction","target":["https:\/\/www.abf.se\/mittskane\/om-vara-projekt\/ny-projekt\/folkbildningens-historia\/"]}]},{"@type":"BreadcrumbList","@id":"https:\/\/www.abf.se\/mittskane\/om-vara-projekt\/ny-projekt\/folkbildningens-historia\/#breadcrumb","itemListElement":[{"@type":"ListItem","position":1,"name":"Home","item":"https:\/\/www.abf.se\/mittskane\/"},{"@type":"ListItem","position":2,"name":"V\u00e5ra projekt","item":"https:\/\/www.abf.se\/mittskane\/om-vara-projekt\/"},{"@type":"ListItem","position":3,"name":"HELA DIG","item":"https:\/\/www.abf.se\/mittskane\/om-vara-projekt\/ny-projekt\/"},{"@type":"ListItem","position":4,"name":"Folkbildningens historia"}]},{"@type":"WebSite","@id":"https:\/\/www.abf.se\/mittskane\/#website","url":"https:\/\/www.abf.se\/mittskane\/","name":"MittSk\u00e5ne","description":"","potentialAction":[{"@type":"SearchAction","target":{"@type":"EntryPoint","urlTemplate":"https:\/\/www.abf.se\/mittskane\/?s={search_term_string}"},"query-input":{"@type":"PropertyValueSpecification","valueRequired":true,"valueName":"search_term_string"}}],"inLanguage":"sv-SE"}]}},"_links":{"self":[{"href":"https:\/\/www.abf.se\/mittskane\/wp-json\/wp\/v2\/pages\/123","targetHints":{"allow":["GET"]}}],"collection":[{"href":"https:\/\/www.abf.se\/mittskane\/wp-json\/wp\/v2\/pages"}],"about":[{"href":"https:\/\/www.abf.se\/mittskane\/wp-json\/wp\/v2\/types\/page"}],"author":[{"embeddable":true,"href":"https:\/\/www.abf.se\/mittskane\/wp-json\/wp\/v2\/users\/32"}],"replies":[{"embeddable":true,"href":"https:\/\/www.abf.se\/mittskane\/wp-json\/wp\/v2\/comments?post=123"}],"version-history":[{"count":12,"href":"https:\/\/www.abf.se\/mittskane\/wp-json\/wp\/v2\/pages\/123\/revisions"}],"predecessor-version":[{"id":2331,"href":"https:\/\/www.abf.se\/mittskane\/wp-json\/wp\/v2\/pages\/123\/revisions\/2331"}],"up":[{"embeddable":true,"href":"https:\/\/www.abf.se\/mittskane\/wp-json\/wp\/v2\/pages\/212"}],"wp:attachment":[{"href":"https:\/\/www.abf.se\/mittskane\/wp-json\/wp\/v2\/media?parent=123"}],"curies":[{"name":"wp","href":"https:\/\/api.w.org\/{rel}","templated":true}]}}