{"id":199,"date":"2024-02-23T08:32:30","date_gmt":"2024-02-23T08:32:30","guid":{"rendered":"https:\/\/www.abf.se\/mittskane\/?page_id=199"},"modified":"2025-06-12T09:09:02","modified_gmt":"2025-06-12T07:09:02","slug":"malgruppen-i-projektet","status":"publish","type":"page","link":"https:\/\/www.abf.se\/mittskane\/om-vara-projekt\/ny-projekt\/malgruppen-i-projektet\/","title":{"rendered":"M\u00e5lgruppen i projektet"},"content":{"rendered":"<div\n    class=\"acf-hero-block container-lg no-padding mb-12 js-geolocation\"\n    data-block=\"hero-block\"\n    data-index=\"0\"\n>\n    <div class=\"h-[548px]  relative rounded-[32px] overflow-hidden flex bg-gray-light\">\n        <div class=\"relative z-10 mt-auto h-auto w-full md:h-full\">\n            <div class=\"flex w-full h-full flex-col flex-wrap justify-end w-full md:w-7\/12 lg:w-1\/2 md:justify-center\">\n                <div class=\"flex flex-col gap-3 md:gap-[18px] md:transparent pt-16 pb-36 md:py-8 px-4 w-full md:max-w-[620px] mx-auto px-8\">\n\n                    <h1 class=\"hero-heading\"><span>M\u00e5lgrupp<\/span><\/h1>\n\n                    \n                                    <\/div>\n            <\/div>\n        <\/div>\n\n                    <picture class=\"as-background-image mix-blend-multiply bg-black\/40\"><img decoding=\"async\" src=\"https:\/\/www.abf.se\/mittskane\/resized\/?url=https%3A%2F%2Fwww.abf.se%2Fwp-content%2Fuploads%2Fsites%2F35%2F2024%2F02%2FUtbrandhet.jpg&#038;fit=crop&#038;w=1440&#038;s=a02f622169fbfb52b8292244ec190ee1\" srcset=\"https:\/\/www.abf.se\/mittskane\/resized\/?url=https%3A%2F%2Fwww.abf.se%2Fwp-content%2Fuploads%2Fsites%2F35%2F2024%2F02%2FUtbrandhet.jpg&#038;fit=crop&#038;w=375&#038;h=540&#038;s=5044713e08e521b3ac0d6907ea3485d5 375w, https:\/\/www.abf.se\/mittskane\/resized\/?url=https%3A%2F%2Fwww.abf.se%2Fwp-content%2Fuploads%2Fsites%2F35%2F2024%2F02%2FUtbrandhet.jpg&#038;fit=crop&#038;w=447&#038;h=540&#038;s=506018acd320bd99d78ddf55d66a89fd 447w, https:\/\/www.abf.se\/mittskane\/resized\/?url=https%3A%2F%2Fwww.abf.se%2Fwp-content%2Fuploads%2Fsites%2F35%2F2024%2F02%2FUtbrandhet.jpg&#038;fit=crop&#038;w=519&#038;h=540&#038;s=1f7e32e2b16db8db4ea26146f83691ce 519w, https:\/\/www.abf.se\/mittskane\/resized\/?url=https%3A%2F%2Fwww.abf.se%2Fwp-content%2Fuploads%2Fsites%2F35%2F2024%2F02%2FUtbrandhet.jpg&#038;fit=crop&#038;w=591&#038;h=540&#038;s=dadd4aefda08394e54a784767de8f00d 591w, https:\/\/www.abf.se\/mittskane\/resized\/?url=https%3A%2F%2Fwww.abf.se%2Fwp-content%2Fuploads%2Fsites%2F35%2F2024%2F02%2FUtbrandhet.jpg&#038;fit=crop&#038;w=663&#038;h=540&#038;s=e2b4913aafce2e9c2567d071445cb74c 663w, https:\/\/www.abf.se\/mittskane\/resized\/?url=https%3A%2F%2Fwww.abf.se%2Fwp-content%2Fuploads%2Fsites%2F35%2F2024%2F02%2FUtbrandhet.jpg&#038;fit=crop&#038;w=750&#038;h=540&#038;s=10e672df599e20d9a7994d966daea77e 750w, https:\/\/www.abf.se\/mittskane\/resized\/?url=https%3A%2F%2Fwww.abf.se%2Fwp-content%2Fuploads%2Fsites%2F35%2F2024%2F02%2FUtbrandhet.jpg&#038;fit=crop&#038;w=894&#038;h=540&#038;s=c3660eaa3814bb88365d58b065740500 894w, https:\/\/www.abf.se\/mittskane\/resized\/?url=https%3A%2F%2Fwww.abf.se%2Fwp-content%2Fuploads%2Fsites%2F35%2F2024%2F02%2FUtbrandhet.jpg&#038;fit=crop&#038;w=1038&#038;h=540&#038;s=c32ad867f8a0d4b14a2b74871d749148 1038w, https:\/\/www.abf.se\/mittskane\/resized\/?url=https%3A%2F%2Fwww.abf.se%2Fwp-content%2Fuploads%2Fsites%2F35%2F2024%2F02%2FUtbrandhet.jpg&#038;fit=crop&#038;w=1182&#038;h=540&#038;s=d69171779e21cf00288fdf1c4c5f7cae 1182w, https:\/\/www.abf.se\/mittskane\/resized\/?url=https%3A%2F%2Fwww.abf.se%2Fwp-content%2Fuploads%2Fsites%2F35%2F2024%2F02%2FUtbrandhet.jpg&#038;fit=crop&#038;w=1326&#038;h=540&#038;s=7897b3fef060536af385465fd93a1392 1326w, https:\/\/www.abf.se\/mittskane\/resized\/?url=https%3A%2F%2Fwww.abf.se%2Fwp-content%2Fuploads%2Fsites%2F35%2F2024%2F02%2FUtbrandhet.jpg&#038;fit=crop&#038;w=1440&#038;h=540&#038;s=e7fc222bad1a215ee2b44102f6f6bc80 1440w\" alt=\"\" height=\"540\" width=\"1440\" sizes=\"(max-width: 1440px) calc(100vw - 32px), 1440px\" loading=\"eager\" fetchpriority=\"high\" aria-hidden=\"true\" role=\"presentation\" \/><\/picture>\n        \n\n            <\/div>\n\n    <\/div>\n\n<div\n    class=\"acf-article-text-block article-container my-12\"\n    data-block=\"article-text-block\"\n>\n    <div class=\"wysiwyg\">\n        <h3>M\u00e5lgruppen i projektet<\/h3>\n<p><strong>M\u00e5lgruppen f\u00f6r HELA DIG \u00e4r l\u00e5ngtidssjukskrivna personer med stressrelaterad psykisk oh\u00e4lsa som \u00e4r p\u00e5 v\u00e4g men \u00e4nnu inte har kunnat ta de slutgiltiga stegen ut ur sin sjukskrivning.<\/strong><\/p>\n<p>Stressrelaterad oh\u00e4lsa, fysisk och eller psykisk, yttrar sig p\u00e5 olika s\u00e4tt f\u00f6r m\u00e4nniskor beroende p\u00e5 att vi alla \u00e4r just\u00a0olika.\u00a0Det finns dock oftast en gemensam bidragande faktor,\u00a0brist p\u00e5 \u00e5terh\u00e4mtning.<\/p>\n<p><strong>Stressrelaterad psykisk oh\u00e4lsa<\/strong><br \/>\nKroppens stressreaktion (alarmreaktion) \u00e4r och har varit helt avg\u00f6rande f\u00f6r m\u00e4nniskans existens. Den ger v\u00e5r kropp kraft och energi n\u00e4r det uppst\u00e5r extra kr\u00e4vande situationer i v\u00e5ra liv. Stressreaktionen inneb\u00e4r att det uts\u00f6ndras hormoner i blodet som \u00f6kar v\u00e5r f\u00f6rm\u00e5ga att hantera det vi st\u00e5r inf\u00f6r. Det kan t.ex. handla om arbetsbelastning, tidspress, relationer och beslutsfattande. V\u00e5ra kroppar har utvecklats till att hantera detta \u201dgasp\u00e5drag\u201d under en kortare period om det f\u00f6ljs av en m\u00f6jlighet till \u00e5terh\u00e4mtning.\u00a0F\u00e5r v\u00e5r kropp inte denna \u00e5terh\u00e4mtning utan tvingas att uts\u00e4ttas f\u00f6r ett hormonp\u00e5slag under l\u00e5ng tid b\u00f6rjar det uppst\u00e5 en utmattningsreaktion i v\u00e5ra kroppssystem. N\u00e4r v\u00e5rt kroppssystem inte l\u00e4ngre kan hantera denna \u00f6verbelastning st\u00e4nger det, succesivt eller helt akut, ned v\u00e5r f\u00f6rm\u00e5ga att fungera normalt. Detta leder i sin tur till n\u00e5gon form av sjukskrivning.<\/p>\n<p>Stressrelaterade utmattningsreaktioner \u00e4r individuella och de psykiska brukar ofta, p\u00e5 ytan, visa sig som olika niv\u00e5er av tr\u00f6tthet, koncentrationssv\u00e5righeter, nedst\u00e4mdhet eller liknande. Detta resulterar inte s\u00e4llan \u00e4ven i att man drar sig undan och begr\u00e4nsar sina sociala kontakter.\u00a0Under en sjukskrivningsperiod f\u00f6rv\u00e4rras ofta dessa av t.ex. situationer eller h\u00e4ndelser som liknar de som ledde fram till just sj\u00e4lva sjukskrivningen.<\/p>\n<p><strong>Varf\u00f6r v\u00e4nder sig projektet bara till personer med stressrelaterad psykisk oh\u00e4lsa?<\/strong><br \/>\nOm de stressrelaterade \u201dskadorna\u201d p\u00e5 v\u00e5rt kroppssystem har begr\u00e4nsat sig till att yttra sig som psykisk oh\u00e4lsa finns det oftast en \u201dv\u00e4g tillbaka\u201d. Troligen inte till samma levnadss\u00e4tt\/livsstil som innan, men ett liv utan sjukskrivning och med god livskvalitet.<\/p>\n<p>V\u00e4gen tillbaka handlar om att s\u00f6ka nya f\u00f6rh\u00e5llnings\u00e4tt till det som ledde fram till en sjukskrivning. Det handlar ocks\u00e5 om att finna sammanhang och relationer som st\u00e4rker och st\u00f6djer processen att s\u00f6ka\/forma\/f\u00f6rankra de nya f\u00f6rh\u00e5llningss\u00e4tten. Sammantaget handlar det i dessa fall om en personlig utvecklingsprocess f\u00f6r st\u00e4rkt sj\u00e4lvk\u00e4nsla, sj\u00e4lvtillit och sj\u00e4lvf\u00f6rtroende och att finna positiva sammanhang i sitt liv (J\u00e4mf KASAM[1])<\/p>\n<p>Inom ABF har vi en \u00f6ver hundra\u00e5rig tradition och erfarenhet av att arbeta med denna form av processarbete som hos oss ben\u00e4mns som folkbildning, men som idag n\u00e4rmast kan liknas vid begreppet empowerment[2].<\/p>\n<p>I detta projekt har vi d\u00e4rf\u00f6r valt att fokusera p\u00e5 just stressrelaterad psykisk oh\u00e4lsa, som st\u00e5r f\u00f6r mellan 40-50% av alla sjukskrivningar i Sverige.<\/p>\n<p>&nbsp;<\/p>\n<p><strong>K\u00e4llor:<\/strong><br \/>\n[1]\u00a0KASAM\u00a0\u2013 K\u00e4nsla av sammanhang, d.v.s. att uppleva\u00a0begriplighet,\u00a0hanterbarhet och\u00a0meningsfullhet\u00a0i den livssituation man befinner sig i. (Aaron Antonovsky-H\u00e4lsans mysterium)<\/p>\n<p>[2]Empowerment\u00a0\u2013 \u201dEgenmakt\u201d. En process som avser att st\u00e4rka individens egen f\u00f6rm\u00e5ga att hantera sin situation, att p\u00e5verka och styra sin egen vardag och st\u00e4rka sina egna resurser.<\/p>\n<hr \/>\n<p><strong>Om ni som kulturarrang\u00f6r, f\u00f6rening eller f\u00f6retag \u00e4r intresserade av att veta mer om HELA DIG eller etablera ett samarbete \u00e4r ni varmt v\u00e4lkomna att h\u00f6ra av er.<\/strong><\/p>\n\n    <\/div>\n<\/div>\n<ul\n    class=\"acf-article-accordion-block accordion-group grid gap-4 my-12 article-container\"\n    data-block=\"article-accordion-block \"\n    data-ui-accordion-group\n>\n\n            <li class=\"accordion\" data-ui-accordion data-ui-accordion-open=\"false\">\n        <h3>\n        <button data-ui-accordion-button class=\"accordion-toggle font-bold\" aria-expanded=\"false\" aria-controls=\"row-kontaktaulfsvardprojektansvarig-0\" id=\"kontaktaulfsvardprojektansvarig-0\">\n            Kontakta Ulf Sv\u00e4rd &#8211; Projektansvarig\n            \n            <figure class=\"w-4.5 h-4.5\" aria-hidden=\"true\">\n            <svg width=\"20\" height=\"20\" viewBox=\"0 0 20 20\" fill=\"none\"\nclass=\"SvgIconElement\">\n<path d=\"M15.8333 7.16667L9.99992 13L4.16659 7.16667\" stroke=\"currentColor\"\/>\n<\/svg>\n            <\/figure>\n        <\/button>\n        \n                <\/h3>\n        <div class=\"accordion-content\">\n            <div id=\"row-kontaktaulfsvardprojektansvarig-0\" role=\"region\" class=\"accordion-content-wrap\" aria-labelledby=\"kontaktaulfsvardprojektansvarig-0\">\n                                                <div class=\"grid md:grid-cols-3 gap-y-10 mt-10\">\n                        \n                                                        <div class=\"contact flex flex-col gap-3\">\n                                <div class=\"md:max-w-[160px]\">\n                                    \n                                <\/div>\n                                <div class=\"\">\n                                    <h4 class=\"heading-lg\">Ulf Sv\u00e4rd<\/h4>\n                                    <p class=\"body-md\">Projektansvarig<\/p>\n                                                                    <\/div>\n                                                                <div class=\"flex gap flex-col label-md gap-1\">\n                                                                        <div class=\"flex gap-3\">\n                                        <svg width=\"20\" height=\"20\" viewBox=\"0 0 20 20\" fill=\"none\" xmlns=\"http:\/\/www.w3.org\/2000\/svg\">\n<path d=\"M16.625 17.5C14.8333 17.5 13.0868 17.1007 11.3854 16.3021C9.68403 15.5035 8.17708 14.4479 6.86458 13.1354C5.55208 11.8229 4.49653 10.316 3.69792 8.61458C2.89931 6.91319 2.5 5.16667 2.5 3.375C2.5 3.125 2.58333 2.91667 2.75 2.75C2.91667 2.58333 3.125 2.5 3.375 2.5H6.75C6.94444 2.5 7.11806 2.5625 7.27083 2.6875C7.42361 2.8125 7.51389 2.97222 7.54167 3.16667L8.08333 6.08333C8.11111 6.27778 8.10764 6.45486 8.07292 6.61458C8.03819 6.77431 7.95833 6.91667 7.83333 7.04167L5.8125 9.08333C6.39583 10.0833 7.12847 11.0208 8.01042 11.8958C8.89236 12.7708 9.86111 13.5278 10.9167 14.1667L12.875 12.2083C13 12.0833 13.1632 11.9896 13.3646 11.9271C13.566 11.8646 13.7639 11.8472 13.9583 11.875L16.8333 12.4583C17.0278 12.5 17.1875 12.5938 17.3125 12.7396C17.4375 12.8854 17.5 13.0556 17.5 13.25V16.625C17.5 16.875 17.4167 17.0833 17.25 17.25C17.0833 17.4167 16.875 17.5 16.625 17.5ZM5.02083 7.5L6.39583 6.125L6.04167 4.16667H4.1875C4.25694 4.73611 4.35417 5.29861 4.47917 5.85417C4.60417 6.40972 4.78472 6.95833 5.02083 7.5ZM15.8333 15.7917V13.9583L13.875 13.5625L12.4792 14.9583C13.0208 15.1944 13.5729 15.3819 14.1354 15.5208C14.6979 15.6597 15.2639 15.75 15.8333 15.7917Z\" fill=\"black\"\/>\n<\/svg>\n                                        <p>\n                                                                                                                               <a href=\"callto:046 - 211 96 15\">046 &#8211; 211 96 15<\/a>\n                                                                                                                                     <\/p>\n                                    <\/div>\n                                                                                                            <div class=\"flex gap-3\">\n                                        <svg width=\"20\" height=\"20\" viewBox=\"0 0 20 20\" fill=\"none\" xmlns=\"http:\/\/www.w3.org\/2000\/svg\">\n<path d=\"M3.33366 16.6666C2.87533 16.6666 2.48296 16.5035 2.15658 16.1771C1.83019 15.8507 1.66699 15.4583 1.66699 15V4.99998C1.66699 4.54165 1.83019 4.14929 2.15658 3.8229C2.48296 3.49651 2.87533 3.33331 3.33366 3.33331H16.667C17.1253 3.33331 17.5177 3.49651 17.8441 3.8229C18.1705 4.14929 18.3337 4.54165 18.3337 4.99998V15C18.3337 15.4583 18.1705 15.8507 17.8441 16.1771C17.5177 16.5035 17.1253 16.6666 16.667 16.6666H3.33366ZM16.667 6.66665L10.4378 10.5625C10.3684 10.6041 10.2955 10.6354 10.2191 10.6562C10.1427 10.6771 10.0698 10.6875 10.0003 10.6875C9.93088 10.6875 9.85797 10.6771 9.78158 10.6562C9.70519 10.6354 9.63227 10.6041 9.56283 10.5625L3.33366 6.66665V15H16.667V6.66665ZM10.0003 9.16665L16.667 4.99998H3.33366L10.0003 9.16665ZM3.33366 6.87498V5.64581V5.66665V5.65623V6.87498Z\" fill=\"black\"\/>\n<\/svg>\n                                        <p><a href=\"mailto:ulf.svard@abf.se\">ulf.svard@abf.se<\/a><\/p>\n                                    <\/div>\n                                                                    <\/div>\n                                                            <\/div>\n                                            <\/div>\n                                        <\/div>\n        <\/div>\n    <\/li>\n    <\/ul>\n<div class=\"my-8 container-lg acf-link-block\" data-block=\"link-block\" class=\"acf-link-block\" data-block=\"link-block\">\n    <div class=\"w-full bg-red  round-corners-lg px-4 md:px-8 py-11 md:py-16\">\n        <h2 class=\"heading-lg mb-7 text-center text-white\">\n            L\u00e4s mer om projektet h\u00e4r:\n        <\/h2>\n            <ul class=\"grid grid-cols-1 gap-x-4 gap-y-3 md:grid-cols-2\">\n                                                        <li>\n                        <a\n    class=\"large-button-link\"\n    href=\"https:\/\/www.abf.se\/mittskane\/om-vara-projekt\/ny-projekt\/nyheter-hela-dig\/\"\n    target=\"\"\n>\n    <span class=\"flex-1\">Nyheter \u2013 HELA DIG<\/span>\n\n    <figure\n        aria-hidden=\"true\"\n        class=\"w-5\"\n    >\n                    <svg width=\"20\" height=\"20\" viewBox=\"0 0 20 20\" fill=\"none\" class=\"SvgIconElement\">\n<path d=\"M4.16659 10L15.8333 10\" stroke=\"currentColor\"\/>\n<path d=\"M9.99992 4.1665L15.8333 9.99984L9.99992 15.8332\" stroke=\"currentColor\"\/>\n<\/svg>\n            <\/figure>\n<\/a>\n                    <\/li>\n                                                        <li>\n                        <a\n    class=\"large-button-link\"\n    href=\"https:\/\/www.abf.se\/mittskane\/om-vara-projekt\/ny-projekt\/\"\n    target=\"\"\n>\n    <span class=\"flex-1\">HELA DIG<\/span>\n\n    <figure\n        aria-hidden=\"true\"\n        class=\"w-5\"\n    >\n                    <svg width=\"20\" height=\"20\" viewBox=\"0 0 20 20\" fill=\"none\" class=\"SvgIconElement\">\n<path d=\"M4.16659 10L15.8333 10\" stroke=\"currentColor\"\/>\n<path d=\"M9.99992 4.1665L15.8333 9.99984L9.99992 15.8332\" stroke=\"currentColor\"\/>\n<\/svg>\n            <\/figure>\n<\/a>\n                    <\/li>\n                                                        <li>\n                        <a\n    class=\"large-button-link\"\n    href=\"https:\/\/www.abf.se\/mittskane\/om-vara-projekt\/ny-projekt\/samarbete-sokes\/\"\n    target=\"\"\n>\n    <span class=\"flex-1\">Samarbete s\u00f6kes<\/span>\n\n    <figure\n        aria-hidden=\"true\"\n        class=\"w-5\"\n    >\n                    <svg width=\"20\" height=\"20\" viewBox=\"0 0 20 20\" fill=\"none\" class=\"SvgIconElement\">\n<path d=\"M4.16659 10L15.8333 10\" stroke=\"currentColor\"\/>\n<path d=\"M9.99992 4.1665L15.8333 9.99984L9.99992 15.8332\" stroke=\"currentColor\"\/>\n<\/svg>\n            <\/figure>\n<\/a>\n                    <\/li>\n                                                        <li>\n                        <a\n    class=\"large-button-link\"\n    href=\"https:\/\/www.abf.se\/mittskane\/om-vara-projekt\/ny-projekt\/folkbildning\/\"\n    target=\"\"\n>\n    <span class=\"flex-1\">Utg\u00e5r fr\u00e5n folkbildningspedagogiken<\/span>\n\n    <figure\n        aria-hidden=\"true\"\n        class=\"w-5\"\n    >\n                    <svg width=\"20\" height=\"20\" viewBox=\"0 0 20 20\" fill=\"none\" class=\"SvgIconElement\">\n<path d=\"M4.16659 10L15.8333 10\" stroke=\"currentColor\"\/>\n<path d=\"M9.99992 4.1665L15.8333 9.99984L9.99992 15.8332\" stroke=\"currentColor\"\/>\n<\/svg>\n            <\/figure>\n<\/a>\n                    <\/li>\n                                                        <li>\n                        <a\n    class=\"large-button-link\"\n    href=\"https:\/\/www.abf.se\/mittskane\/om-vara-projekt\/ny-projekt\/folkbildningens-historia\/\"\n    target=\"\"\n>\n    <span class=\"flex-1\">Folkbildningens historia<\/span>\n\n    <figure\n        aria-hidden=\"true\"\n        class=\"w-5\"\n    >\n                    <svg width=\"20\" height=\"20\" viewBox=\"0 0 20 20\" fill=\"none\" class=\"SvgIconElement\">\n<path d=\"M4.16659 10L15.8333 10\" stroke=\"currentColor\"\/>\n<path d=\"M9.99992 4.1665L15.8333 9.99984L9.99992 15.8332\" stroke=\"currentColor\"\/>\n<\/svg>\n            <\/figure>\n<\/a>\n                    <\/li>\n                                                        <li>\n                        <a\n    class=\"large-button-link\"\n    href=\"https:\/\/www.abf.se\/mittskane\/om-vara-projekt\/ny-projekt\/pilotprojekt\/\"\n    target=\"\"\n>\n    <span class=\"flex-1\">HELA DIG 2019 \u2013 Ett pilotprojekt<\/span>\n\n    <figure\n        aria-hidden=\"true\"\n        class=\"w-5\"\n    >\n                    <svg width=\"20\" height=\"20\" viewBox=\"0 0 20 20\" fill=\"none\" class=\"SvgIconElement\">\n<path d=\"M4.16659 10L15.8333 10\" stroke=\"currentColor\"\/>\n<path d=\"M9.99992 4.1665L15.8333 9.99984L9.99992 15.8332\" stroke=\"currentColor\"\/>\n<\/svg>\n            <\/figure>\n<\/a>\n                    <\/li>\n                            <\/ul>\n        <\/ul>\n    <\/div>\n<\/div><div\n    class=\"acf-article-cta-link-block article-container my-8\"\n    data-block=\"article-cta-link-block\"\n>\n<div>\n    <a class=\"inline-flex flex-row items-center gap-4 text-link underline text-red-dark\"\n        href=\"http:\/\/www.hela-dig.se\"\n                target=\"_blank\"\n            >\n        <span class=\"\">\n        HELA DIG hemsida\n        <\/span>\n        <figure aria-hidden=\"true\" class=\"rounded-full bg-red-dark w-8 h-8 p-1 text-white\">\n            <svg width=\"20\" height=\"20\" viewBox=\"0 0 20 20\" fill=\"none\" class=\"SvgIconElement\">\n<path d=\"M4.16659 10L15.8333 10\" stroke=\"currentColor\"\/>\n<path d=\"M9.99992 4.1665L15.8333 9.99984L9.99992 15.8332\" stroke=\"currentColor\"\/>\n<\/svg>\n        <\/figure>\n    <\/a>\n<\/div>\n<\/div>\n<div\n    class=\"acf-article-cta-link-block article-container my-8\"\n    data-block=\"article-cta-link-block\"\n>\n<div>\n    <a class=\"inline-flex flex-row items-center gap-4 text-link underline text-red-dark\"\n        href=\"https:\/\/www.facebook.com\/people\/Projekt-HELA-DIG\/100089114833348\/\"\n                target=\"_blank\"\n            >\n        <span class=\"\">\n        Facebook\n        <\/span>\n        <figure aria-hidden=\"true\" class=\"rounded-full bg-red-dark w-8 h-8 p-1 text-white\">\n            <svg width=\"20\" height=\"20\" viewBox=\"0 0 20 20\" fill=\"none\" class=\"SvgIconElement\">\n<path d=\"M4.16659 10L15.8333 10\" stroke=\"currentColor\"\/>\n<path d=\"M9.99992 4.1665L15.8333 9.99984L9.99992 15.8332\" stroke=\"currentColor\"\/>\n<\/svg>\n        <\/figure>\n    <\/a>\n<\/div>\n<\/div>\n<div\n    class=\"acf-article-cta-link-block article-container my-8\"\n    data-block=\"article-cta-link-block\"\n>\n<div>\n    <a class=\"inline-flex flex-row items-center gap-4 text-link underline text-red-dark\"\n        href=\"https:\/\/www.instagram.com\/projektheladig\/\"\n                target=\"_blank\"\n            >\n        <span class=\"\">\n        Instagram\n        <\/span>\n        <figure aria-hidden=\"true\" class=\"rounded-full bg-red-dark w-8 h-8 p-1 text-white\">\n            <svg width=\"20\" height=\"20\" viewBox=\"0 0 20 20\" fill=\"none\" class=\"SvgIconElement\">\n<path d=\"M4.16659 10L15.8333 10\" stroke=\"currentColor\"\/>\n<path d=\"M9.99992 4.1665L15.8333 9.99984L9.99992 15.8332\" stroke=\"currentColor\"\/>\n<\/svg>\n        <\/figure>\n    <\/a>\n<\/div>\n<\/div>\n","protected":false},"excerpt":{"rendered":"","protected":false},"author":32,"featured_media":0,"parent":212,"menu_order":0,"comment_status":"closed","ping_status":"closed","template":"","meta":{"_acf_changed":false,"footnotes":""},"class_list":["post-199","page","type-page","status-publish","hentry"],"acf":[],"yoast_head":"<!-- This site is optimized with the Yoast SEO plugin v27.0 - https:\/\/yoast.com\/product\/yoast-seo-wordpress\/ -->\n<title>M\u00e5lgruppen i projektet - MittSk\u00e5ne<\/title>\n<meta name=\"description\" content=\"M\u00e5lgruppen f\u00f6r HELA DIG \u00e4r l\u00e5ngtidssjukskrivna personer med stressrelaterad psykisk oh\u00e4lsa. Stressrelaterad oh\u00e4lsa, fysisk och eller psykisk.\" \/>\n<meta name=\"robots\" content=\"index, follow, max-snippet:-1, max-image-preview:large, max-video-preview:-1\" \/>\n<link rel=\"canonical\" href=\"https:\/\/www.abf.se\/mittskane\/om-vara-projekt\/ny-projekt\/malgruppen-i-projektet\/\" \/>\n<meta property=\"og:locale\" content=\"sv_SE\" \/>\n<meta property=\"og:type\" content=\"article\" \/>\n<meta property=\"og:title\" content=\"M\u00e5lgruppen i projektet - MittSk\u00e5ne\" \/>\n<meta property=\"og:description\" content=\"M\u00e5lgruppen f\u00f6r HELA DIG \u00e4r l\u00e5ngtidssjukskrivna personer med stressrelaterad psykisk oh\u00e4lsa. Stressrelaterad oh\u00e4lsa, fysisk och eller psykisk.\" \/>\n<meta property=\"og:url\" content=\"https:\/\/www.abf.se\/mittskane\/om-vara-projekt\/ny-projekt\/malgruppen-i-projektet\/\" \/>\n<meta property=\"og:site_name\" content=\"MittSk\u00e5ne\" \/>\n<meta property=\"article:modified_time\" content=\"2025-06-12T07:09:02+00:00\" \/>\n<meta property=\"og:image\" content=\"https:\/\/www.abf.se\/wp-content\/uploads\/sites\/35\/2024\/04\/Nyckeln-liggande-scaled.jpg\" \/>\n\t<meta property=\"og:image:width\" content=\"2560\" \/>\n\t<meta property=\"og:image:height\" content=\"1440\" \/>\n\t<meta property=\"og:image:type\" content=\"image\/jpeg\" \/>\n<meta name=\"twitter:card\" content=\"summary_large_image\" \/>\n<script type=\"application\/ld+json\" class=\"yoast-schema-graph\">{\"@context\":\"https:\/\/schema.org\",\"@graph\":[{\"@type\":\"WebPage\",\"@id\":\"https:\/\/www.abf.se\/mittskane\/om-vara-projekt\/ny-projekt\/malgruppen-i-projektet\/\",\"url\":\"https:\/\/www.abf.se\/mittskane\/om-vara-projekt\/ny-projekt\/malgruppen-i-projektet\/\",\"name\":\"M\u00e5lgruppen i projektet - MittSk\u00e5ne\",\"isPartOf\":{\"@id\":\"https:\/\/www.abf.se\/mittskane\/#website\"},\"datePublished\":\"2024-02-23T08:32:30+00:00\",\"dateModified\":\"2025-06-12T07:09:02+00:00\",\"description\":\"M\u00e5lgruppen f\u00f6r HELA DIG \u00e4r l\u00e5ngtidssjukskrivna personer med stressrelaterad psykisk oh\u00e4lsa. Stressrelaterad oh\u00e4lsa, fysisk och eller psykisk.\",\"breadcrumb\":{\"@id\":\"https:\/\/www.abf.se\/mittskane\/om-vara-projekt\/ny-projekt\/malgruppen-i-projektet\/#breadcrumb\"},\"inLanguage\":\"sv-SE\",\"potentialAction\":[{\"@type\":\"ReadAction\",\"target\":[\"https:\/\/www.abf.se\/mittskane\/om-vara-projekt\/ny-projekt\/malgruppen-i-projektet\/\"]}]},{\"@type\":\"BreadcrumbList\",\"@id\":\"https:\/\/www.abf.se\/mittskane\/om-vara-projekt\/ny-projekt\/malgruppen-i-projektet\/#breadcrumb\",\"itemListElement\":[{\"@type\":\"ListItem\",\"position\":1,\"name\":\"Home\",\"item\":\"https:\/\/www.abf.se\/mittskane\/\"},{\"@type\":\"ListItem\",\"position\":2,\"name\":\"V\u00e5ra projekt\",\"item\":\"https:\/\/www.abf.se\/mittskane\/om-vara-projekt\/\"},{\"@type\":\"ListItem\",\"position\":3,\"name\":\"HELA DIG\",\"item\":\"https:\/\/www.abf.se\/mittskane\/om-vara-projekt\/ny-projekt\/\"},{\"@type\":\"ListItem\",\"position\":4,\"name\":\"M\u00e5lgruppen i projektet\"}]},{\"@type\":\"WebSite\",\"@id\":\"https:\/\/www.abf.se\/mittskane\/#website\",\"url\":\"https:\/\/www.abf.se\/mittskane\/\",\"name\":\"MittSk\u00e5ne\",\"description\":\"\",\"potentialAction\":[{\"@type\":\"SearchAction\",\"target\":{\"@type\":\"EntryPoint\",\"urlTemplate\":\"https:\/\/www.abf.se\/mittskane\/?s={search_term_string}\"},\"query-input\":{\"@type\":\"PropertyValueSpecification\",\"valueRequired\":true,\"valueName\":\"search_term_string\"}}],\"inLanguage\":\"sv-SE\"}]}<\/script>\n<!-- \/ Yoast SEO plugin. -->","yoast_head_json":{"title":"M\u00e5lgruppen i projektet - MittSk\u00e5ne","description":"M\u00e5lgruppen f\u00f6r HELA DIG \u00e4r l\u00e5ngtidssjukskrivna personer med stressrelaterad psykisk oh\u00e4lsa. Stressrelaterad oh\u00e4lsa, fysisk och eller psykisk.","robots":{"index":"index","follow":"follow","max-snippet":"max-snippet:-1","max-image-preview":"max-image-preview:large","max-video-preview":"max-video-preview:-1"},"canonical":"https:\/\/www.abf.se\/mittskane\/om-vara-projekt\/ny-projekt\/malgruppen-i-projektet\/","og_locale":"sv_SE","og_type":"article","og_title":"M\u00e5lgruppen i projektet - MittSk\u00e5ne","og_description":"M\u00e5lgruppen f\u00f6r HELA DIG \u00e4r l\u00e5ngtidssjukskrivna personer med stressrelaterad psykisk oh\u00e4lsa. Stressrelaterad oh\u00e4lsa, fysisk och eller psykisk.","og_url":"https:\/\/www.abf.se\/mittskane\/om-vara-projekt\/ny-projekt\/malgruppen-i-projektet\/","og_site_name":"MittSk\u00e5ne","article_modified_time":"2025-06-12T07:09:02+00:00","og_image":[{"width":2560,"height":1440,"url":"https:\/\/www.abf.se\/wp-content\/uploads\/sites\/35\/2024\/04\/Nyckeln-liggande-scaled.jpg","type":"image\/jpeg"}],"twitter_card":"summary_large_image","schema":{"@context":"https:\/\/schema.org","@graph":[{"@type":"WebPage","@id":"https:\/\/www.abf.se\/mittskane\/om-vara-projekt\/ny-projekt\/malgruppen-i-projektet\/","url":"https:\/\/www.abf.se\/mittskane\/om-vara-projekt\/ny-projekt\/malgruppen-i-projektet\/","name":"M\u00e5lgruppen i projektet - MittSk\u00e5ne","isPartOf":{"@id":"https:\/\/www.abf.se\/mittskane\/#website"},"datePublished":"2024-02-23T08:32:30+00:00","dateModified":"2025-06-12T07:09:02+00:00","description":"M\u00e5lgruppen f\u00f6r HELA DIG \u00e4r l\u00e5ngtidssjukskrivna personer med stressrelaterad psykisk oh\u00e4lsa. Stressrelaterad oh\u00e4lsa, fysisk och eller psykisk.","breadcrumb":{"@id":"https:\/\/www.abf.se\/mittskane\/om-vara-projekt\/ny-projekt\/malgruppen-i-projektet\/#breadcrumb"},"inLanguage":"sv-SE","potentialAction":[{"@type":"ReadAction","target":["https:\/\/www.abf.se\/mittskane\/om-vara-projekt\/ny-projekt\/malgruppen-i-projektet\/"]}]},{"@type":"BreadcrumbList","@id":"https:\/\/www.abf.se\/mittskane\/om-vara-projekt\/ny-projekt\/malgruppen-i-projektet\/#breadcrumb","itemListElement":[{"@type":"ListItem","position":1,"name":"Home","item":"https:\/\/www.abf.se\/mittskane\/"},{"@type":"ListItem","position":2,"name":"V\u00e5ra projekt","item":"https:\/\/www.abf.se\/mittskane\/om-vara-projekt\/"},{"@type":"ListItem","position":3,"name":"HELA DIG","item":"https:\/\/www.abf.se\/mittskane\/om-vara-projekt\/ny-projekt\/"},{"@type":"ListItem","position":4,"name":"M\u00e5lgruppen i projektet"}]},{"@type":"WebSite","@id":"https:\/\/www.abf.se\/mittskane\/#website","url":"https:\/\/www.abf.se\/mittskane\/","name":"MittSk\u00e5ne","description":"","potentialAction":[{"@type":"SearchAction","target":{"@type":"EntryPoint","urlTemplate":"https:\/\/www.abf.se\/mittskane\/?s={search_term_string}"},"query-input":{"@type":"PropertyValueSpecification","valueRequired":true,"valueName":"search_term_string"}}],"inLanguage":"sv-SE"}]}},"_links":{"self":[{"href":"https:\/\/www.abf.se\/mittskane\/wp-json\/wp\/v2\/pages\/199","targetHints":{"allow":["GET"]}}],"collection":[{"href":"https:\/\/www.abf.se\/mittskane\/wp-json\/wp\/v2\/pages"}],"about":[{"href":"https:\/\/www.abf.se\/mittskane\/wp-json\/wp\/v2\/types\/page"}],"author":[{"embeddable":true,"href":"https:\/\/www.abf.se\/mittskane\/wp-json\/wp\/v2\/users\/32"}],"replies":[{"embeddable":true,"href":"https:\/\/www.abf.se\/mittskane\/wp-json\/wp\/v2\/comments?post=199"}],"version-history":[{"count":20,"href":"https:\/\/www.abf.se\/mittskane\/wp-json\/wp\/v2\/pages\/199\/revisions"}],"predecessor-version":[{"id":2335,"href":"https:\/\/www.abf.se\/mittskane\/wp-json\/wp\/v2\/pages\/199\/revisions\/2335"}],"up":[{"embeddable":true,"href":"https:\/\/www.abf.se\/mittskane\/wp-json\/wp\/v2\/pages\/212"}],"wp:attachment":[{"href":"https:\/\/www.abf.se\/mittskane\/wp-json\/wp\/v2\/media?parent=199"}],"curies":[{"name":"wp","href":"https:\/\/api.w.org\/{rel}","templated":true}]}}