{"id":230,"date":"2024-02-23T10:15:10","date_gmt":"2024-02-23T10:15:10","guid":{"rendered":"https:\/\/www.abf.se\/mittskane\/?page_id=230"},"modified":"2025-06-12T09:05:51","modified_gmt":"2025-06-12T07:05:51","slug":"pilotprojekt","status":"publish","type":"page","link":"https:\/\/www.abf.se\/mittskane\/om-vara-projekt\/ny-projekt\/pilotprojekt\/","title":{"rendered":"HELA DIG 2019 &#8211; Ett pilotprojekt"},"content":{"rendered":"<div\n    class=\"acf-hero-block container-lg no-padding mb-12 js-geolocation\"\n    data-block=\"hero-block\"\n    data-index=\"0\"\n>\n    <div class=\"h-[548px]  relative rounded-[32px] overflow-hidden flex bg-gray-light\">\n        <div class=\"relative z-10 mt-auto h-auto w-full md:h-full\">\n            <div class=\"flex w-full h-full flex-col flex-wrap justify-end w-full md:w-7\/12 lg:w-1\/2 md:justify-center\">\n                <div class=\"flex flex-col gap-3 md:gap-[18px] md:transparent pt-16 pb-36 md:py-8 px-4 w-full md:max-w-[620px] mx-auto px-8\">\n\n                    <h1 class=\"hero-heading\"><span>Ett pilotprojekt<\/span><\/h1>\n\n                    \n                                    <\/div>\n            <\/div>\n        <\/div>\n\n                    <picture class=\"as-background-image mix-blend-multiply bg-black\/40\"><img decoding=\"async\" src=\"https:\/\/www.abf.se\/mittskane\/resized\/?url=https%3A%2F%2Fwww.abf.se%2Fwp-content%2Fuploads%2Fsites%2F35%2F2024%2F02%2Frocks-15712_640.jpg&#038;fit=crop&#038;w=1440&#038;s=f0ae42c6e1b0af5e558c691d5b967482\" srcset=\"https:\/\/www.abf.se\/mittskane\/resized\/?url=https%3A%2F%2Fwww.abf.se%2Fwp-content%2Fuploads%2Fsites%2F35%2F2024%2F02%2Frocks-15712_640.jpg&#038;fit=crop&#038;w=375&#038;h=540&#038;s=3a398bb82f7e438d56d59cacc7c4c139 375w, https:\/\/www.abf.se\/mittskane\/resized\/?url=https%3A%2F%2Fwww.abf.se%2Fwp-content%2Fuploads%2Fsites%2F35%2F2024%2F02%2Frocks-15712_640.jpg&#038;fit=crop&#038;w=447&#038;h=540&#038;s=0961ded3a288266a3ec2efaeaeb2cb24 447w, https:\/\/www.abf.se\/mittskane\/resized\/?url=https%3A%2F%2Fwww.abf.se%2Fwp-content%2Fuploads%2Fsites%2F35%2F2024%2F02%2Frocks-15712_640.jpg&#038;fit=crop&#038;w=519&#038;h=540&#038;s=4572967fbaeb0e39480ce2ad2d5cbe83 519w, https:\/\/www.abf.se\/mittskane\/resized\/?url=https%3A%2F%2Fwww.abf.se%2Fwp-content%2Fuploads%2Fsites%2F35%2F2024%2F02%2Frocks-15712_640.jpg&#038;fit=crop&#038;w=591&#038;h=540&#038;s=76587065f9d43974dd0d853436081ba5 591w, https:\/\/www.abf.se\/mittskane\/resized\/?url=https%3A%2F%2Fwww.abf.se%2Fwp-content%2Fuploads%2Fsites%2F35%2F2024%2F02%2Frocks-15712_640.jpg&#038;fit=crop&#038;w=663&#038;h=540&#038;s=a2beb925c0b6fbd33103c5feafe4a767 663w, https:\/\/www.abf.se\/mittskane\/resized\/?url=https%3A%2F%2Fwww.abf.se%2Fwp-content%2Fuploads%2Fsites%2F35%2F2024%2F02%2Frocks-15712_640.jpg&#038;fit=crop&#038;w=750&#038;h=540&#038;s=72a5df9dfe67ba5bf57a1b52a7080961 750w, https:\/\/www.abf.se\/mittskane\/resized\/?url=https%3A%2F%2Fwww.abf.se%2Fwp-content%2Fuploads%2Fsites%2F35%2F2024%2F02%2Frocks-15712_640.jpg&#038;fit=crop&#038;w=894&#038;h=540&#038;s=b53f6049ad104384bad8c5c886c6e535 894w, https:\/\/www.abf.se\/mittskane\/resized\/?url=https%3A%2F%2Fwww.abf.se%2Fwp-content%2Fuploads%2Fsites%2F35%2F2024%2F02%2Frocks-15712_640.jpg&#038;fit=crop&#038;w=1038&#038;h=540&#038;s=f299a30128f4ed1229e38895581ba0f0 1038w, https:\/\/www.abf.se\/mittskane\/resized\/?url=https%3A%2F%2Fwww.abf.se%2Fwp-content%2Fuploads%2Fsites%2F35%2F2024%2F02%2Frocks-15712_640.jpg&#038;fit=crop&#038;w=1182&#038;h=540&#038;s=8e8cbdf62bec742b1afaed3d04efcb2e 1182w, https:\/\/www.abf.se\/mittskane\/resized\/?url=https%3A%2F%2Fwww.abf.se%2Fwp-content%2Fuploads%2Fsites%2F35%2F2024%2F02%2Frocks-15712_640.jpg&#038;fit=crop&#038;w=1326&#038;h=540&#038;s=636735fac41df846ead2e95ec113c78b 1326w, https:\/\/www.abf.se\/mittskane\/resized\/?url=https%3A%2F%2Fwww.abf.se%2Fwp-content%2Fuploads%2Fsites%2F35%2F2024%2F02%2Frocks-15712_640.jpg&#038;fit=crop&#038;w=1440&#038;h=540&#038;s=f8fdec4118ed6e8a8f8ba4e83eb5c8e6 1440w\" alt=\"\" height=\"540\" width=\"1440\" sizes=\"(max-width: 1440px) calc(100vw - 32px), 1440px\" loading=\"eager\" fetchpriority=\"high\" aria-hidden=\"true\" role=\"presentation\" \/><\/picture>\n        \n\n            <\/div>\n\n    <\/div>\n\n<div\n    class=\"acf-article-text-block article-container my-12\"\n    data-block=\"article-text-block\"\n>\n    <div class=\"wysiwyg\">\n        <h2>HELA DIG 2019 &#8211; Ett pilotprojekt f\u00f6r utveckling &amp; metodpr\u00f6vning<\/h2>\n<p><strong>Januari 2019 startade ABF MittSk\u00e5ne, i samarbete med Arbetsf\u00f6rmedlingen, projektet HELA DIG. Projektet erbj\u00f6d en kreativ och h\u00e4lsofr\u00e4mjande verksamhet d\u00e4r m\u00e5lgruppen var vuxna i arbetsf\u00f6r \u00e5lder som var sjukskrivna p.g.a. psykisk oh\u00e4lsa och\/eller kronisk sm\u00e4rta.<\/strong><\/p>\n<p>M\u00e5nga m\u00e5r idag d\u00e5ligt p.g.a. psykisk oh\u00e4lsa som uppkommit fr\u00e5n l\u00e5ngvarig stress och\/eller kronisk sm\u00e4rta. I projektet arbetades det fram olika metoder f\u00f6r att bland annat bryta isolering och m\u00f6jligg\u00f6ra en \u201dp\u00e5fyllnad\u201d av energi, som ett steg n\u00e4rmare ett liv utan sjukskrivning. En del av projektet var inspirerat av \u201dKultur p\u00e5 recept\u201d och erbj\u00f6d d\u00e5 kulturaktiviteter i olika former. T.ex. prova sj\u00e4lv, se utst\u00e4llningar och f\u00f6rest\u00e4llningar, samtala och utbyta tankar kring olika upplevelser etc. I projektet arbetades det \u00e4ven med andra h\u00e4lsofr\u00e4mjande aktiviteter s\u00e5 som fysisk aktivitet, mindfulness, kost och inspirerande kunskaps- och diskussions\u00e4mnen.<\/p>\n<p>Verksamhet var inte avsedd som n\u00e5gon behandlingsform, terapi eller ers\u00e4ttning f\u00f6r medicin, utan som en metodpr\u00f6vning kring hur ABF:s folkbildningsarbete kan anv\u00e4ndas f\u00f6r att v\u00e4nda l\u00e5ngtidssjukskrivning till ett f\u00f6rsta steg p\u00e5 v\u00e4g mot arbete.<\/p>\n<p>Projektet avslutades i december 2019. F\u00f6r de deltagare som prim\u00e4rt hade stressrelaterad psykisk oh\u00e4lsa var projektet ett viktigt steg vidare mot arbetstr\u00e4ning, studier och arbete. I de fall d\u00e4r det fanns mer komplexa livssituationer s\u00e5 som kronisk sm\u00e4rta och\/eller andra kringfaktorer fungerade projektet mer som en \u00e5terh\u00e4mtning och f\u00f6rberedelse inf\u00f6r att kunna b\u00f6rja g\u00f6ra nya livsval inf\u00f6r framtiden.<\/p>\n<p>Metodpr\u00f6vningen under projektet visade hur v\u00e4l en n\u00e4ra samverkan med lokala kulturut\u00f6vare och redan etablerad kunskap\/erfarenhet inom h\u00e4lsofr\u00e4mjande omr\u00e5den kan f\u00f6rst\u00e4rkas ytterligare, genom\u00a0 folkbildningens f\u00f6rh\u00e5llningss\u00e4tt i m\u00f6te med m\u00e5lgruppen.<\/p>\n<p><strong>Deltagare om projektet HELA DIG:<\/strong><br \/>\n&#8221;Bra med en s\u00e5dan h\u00e4r verksamhet som en \u00f6verg\u00e5ng d\u00e4r man f\u00e5r k\u00e4nna in.&#8221;<\/p>\n<p>&#8221;Jag som \u00e4r automatiskt skeptisk mot alla kan h\u00e4r k\u00e4nna mig trygg och avslappnad.&#8221;<\/p>\n<p>&#8221;Jag k\u00e4nner mig mer s\u00e4ker inf\u00f6r framtiden f\u00f6r nu har jag f\u00e5tt verktyg som kan hj\u00e4lpa mig fram\u00e5t.&#8221;<\/p>\n<p>&#8221;Jag tycker hela projektet har varit oerh\u00f6rt givande. Efter m\u00e5nga \u00e5r som sjukskriven var HELA DIG en v\u00e4ldigt viktig del i ledet f\u00f6r att kunna och framf\u00f6r allt v\u00e5ga ta mig ut i livet igen. Utan ABF hade jag fortfarande suttit fast i min situation.&#8221;<\/p>\n\n    <\/div>\n<\/div>\n<div\n    class=\"acf-article-text-block article-container my-12\"\n    data-block=\"article-text-block\"\n>\n    <div class=\"wysiwyg\">\n        <hr \/>\n<p><strong>Om ni som kulturarrang\u00f6r, f\u00f6rening eller f\u00f6retag \u00e4r intresserade av att veta mer om HELA DIG eller etablera ett samarbete \u00e4r ni varmt v\u00e4lkomna att h\u00f6ra av er.<\/strong><\/p>\n\n    <\/div>\n<\/div>\n<ul\n    class=\"acf-article-accordion-block accordion-group grid gap-4 my-12 article-container\"\n    data-block=\"article-accordion-block \"\n    data-ui-accordion-group\n>\n\n            <li class=\"accordion\" data-ui-accordion data-ui-accordion-open=\"false\">\n        <h3>\n        <button data-ui-accordion-button class=\"accordion-toggle font-bold\" aria-expanded=\"false\" aria-controls=\"row-kontaktaulfsvardprojektansvarig-0\" id=\"kontaktaulfsvardprojektansvarig-0\">\n            Kontakta Ulf Sv\u00e4rd &#8211; Projektansvarig\n            \n            <figure class=\"w-4.5 h-4.5\" aria-hidden=\"true\">\n            <svg width=\"20\" height=\"20\" viewBox=\"0 0 20 20\" fill=\"none\"\nclass=\"SvgIconElement\">\n<path d=\"M15.8333 7.16667L9.99992 13L4.16659 7.16667\" stroke=\"currentColor\"\/>\n<\/svg>\n            <\/figure>\n        <\/button>\n        \n                <\/h3>\n        <div class=\"accordion-content\">\n            <div id=\"row-kontaktaulfsvardprojektansvarig-0\" role=\"region\" class=\"accordion-content-wrap\" aria-labelledby=\"kontaktaulfsvardprojektansvarig-0\">\n                                                <div class=\"grid md:grid-cols-3 gap-y-10 mt-10\">\n                        \n                                                        <div class=\"contact flex flex-col gap-3\">\n                                <div class=\"md:max-w-[160px]\">\n                                    \n                                <\/div>\n                                <div class=\"\">\n                                    <h4 class=\"heading-lg\">Ulf Sv\u00e4rd<\/h4>\n                                    <p class=\"body-md\">Projektansvarig<\/p>\n                                                                    <\/div>\n                                                                <div class=\"flex gap flex-col label-md gap-1\">\n                                                                        <div class=\"flex gap-3\">\n                                        <svg width=\"20\" height=\"20\" viewBox=\"0 0 20 20\" fill=\"none\" xmlns=\"http:\/\/www.w3.org\/2000\/svg\">\n<path d=\"M16.625 17.5C14.8333 17.5 13.0868 17.1007 11.3854 16.3021C9.68403 15.5035 8.17708 14.4479 6.86458 13.1354C5.55208 11.8229 4.49653 10.316 3.69792 8.61458C2.89931 6.91319 2.5 5.16667 2.5 3.375C2.5 3.125 2.58333 2.91667 2.75 2.75C2.91667 2.58333 3.125 2.5 3.375 2.5H6.75C6.94444 2.5 7.11806 2.5625 7.27083 2.6875C7.42361 2.8125 7.51389 2.97222 7.54167 3.16667L8.08333 6.08333C8.11111 6.27778 8.10764 6.45486 8.07292 6.61458C8.03819 6.77431 7.95833 6.91667 7.83333 7.04167L5.8125 9.08333C6.39583 10.0833 7.12847 11.0208 8.01042 11.8958C8.89236 12.7708 9.86111 13.5278 10.9167 14.1667L12.875 12.2083C13 12.0833 13.1632 11.9896 13.3646 11.9271C13.566 11.8646 13.7639 11.8472 13.9583 11.875L16.8333 12.4583C17.0278 12.5 17.1875 12.5938 17.3125 12.7396C17.4375 12.8854 17.5 13.0556 17.5 13.25V16.625C17.5 16.875 17.4167 17.0833 17.25 17.25C17.0833 17.4167 16.875 17.5 16.625 17.5ZM5.02083 7.5L6.39583 6.125L6.04167 4.16667H4.1875C4.25694 4.73611 4.35417 5.29861 4.47917 5.85417C4.60417 6.40972 4.78472 6.95833 5.02083 7.5ZM15.8333 15.7917V13.9583L13.875 13.5625L12.4792 14.9583C13.0208 15.1944 13.5729 15.3819 14.1354 15.5208C14.6979 15.6597 15.2639 15.75 15.8333 15.7917Z\" fill=\"black\"\/>\n<\/svg>\n                                        <p>\n                                                                                                                               <a href=\"callto:046 - 211 96 15\">046 &#8211; 211 96 15<\/a>\n                                                                                                                                     <\/p>\n                                    <\/div>\n                                                                                                            <div class=\"flex gap-3\">\n                                        <svg width=\"20\" height=\"20\" viewBox=\"0 0 20 20\" fill=\"none\" xmlns=\"http:\/\/www.w3.org\/2000\/svg\">\n<path d=\"M3.33366 16.6666C2.87533 16.6666 2.48296 16.5035 2.15658 16.1771C1.83019 15.8507 1.66699 15.4583 1.66699 15V4.99998C1.66699 4.54165 1.83019 4.14929 2.15658 3.8229C2.48296 3.49651 2.87533 3.33331 3.33366 3.33331H16.667C17.1253 3.33331 17.5177 3.49651 17.8441 3.8229C18.1705 4.14929 18.3337 4.54165 18.3337 4.99998V15C18.3337 15.4583 18.1705 15.8507 17.8441 16.1771C17.5177 16.5035 17.1253 16.6666 16.667 16.6666H3.33366ZM16.667 6.66665L10.4378 10.5625C10.3684 10.6041 10.2955 10.6354 10.2191 10.6562C10.1427 10.6771 10.0698 10.6875 10.0003 10.6875C9.93088 10.6875 9.85797 10.6771 9.78158 10.6562C9.70519 10.6354 9.63227 10.6041 9.56283 10.5625L3.33366 6.66665V15H16.667V6.66665ZM10.0003 9.16665L16.667 4.99998H3.33366L10.0003 9.16665ZM3.33366 6.87498V5.64581V5.66665V5.65623V6.87498Z\" fill=\"black\"\/>\n<\/svg>\n                                        <p><a href=\"mailto:ulf.svard@abf.se\">ulf.svard@abf.se<\/a><\/p>\n                                    <\/div>\n                                                                    <\/div>\n                                                            <\/div>\n                                            <\/div>\n                                        <\/div>\n        <\/div>\n    <\/li>\n    <\/ul>\n<div class=\"my-8 container-lg acf-link-block\" data-block=\"link-block\" class=\"acf-link-block\" data-block=\"link-block\">\n    <div class=\"w-full bg-red  round-corners-lg px-4 md:px-8 py-11 md:py-16\">\n        <h2 class=\"heading-lg mb-7 text-center text-white\">\n            L\u00e4s mer om projektet h\u00e4r:\n        <\/h2>\n            <ul class=\"grid grid-cols-1 gap-x-4 gap-y-3 md:grid-cols-2\">\n                                                        <li>\n                        <a\n    class=\"large-button-link\"\n    href=\"https:\/\/www.abf.se\/mittskane\/om-vara-projekt\/ny-projekt\/nyheter-hela-dig\/\"\n    target=\"\"\n>\n    <span class=\"flex-1\">Nyheter \u2013 HELA DIG<\/span>\n\n    <figure\n        aria-hidden=\"true\"\n        class=\"w-5\"\n    >\n                    <svg width=\"20\" height=\"20\" viewBox=\"0 0 20 20\" fill=\"none\" class=\"SvgIconElement\">\n<path d=\"M4.16659 10L15.8333 10\" stroke=\"currentColor\"\/>\n<path d=\"M9.99992 4.1665L15.8333 9.99984L9.99992 15.8332\" stroke=\"currentColor\"\/>\n<\/svg>\n            <\/figure>\n<\/a>\n                    <\/li>\n                                                        <li>\n                        <a\n    class=\"large-button-link\"\n    href=\"https:\/\/www.abf.se\/mittskane\/om-vara-projekt\/ny-projekt\/\"\n    target=\"\"\n>\n    <span class=\"flex-1\">HELA DIG<\/span>\n\n    <figure\n        aria-hidden=\"true\"\n        class=\"w-5\"\n    >\n                    <svg width=\"20\" height=\"20\" viewBox=\"0 0 20 20\" fill=\"none\" class=\"SvgIconElement\">\n<path d=\"M4.16659 10L15.8333 10\" stroke=\"currentColor\"\/>\n<path d=\"M9.99992 4.1665L15.8333 9.99984L9.99992 15.8332\" stroke=\"currentColor\"\/>\n<\/svg>\n            <\/figure>\n<\/a>\n                    <\/li>\n                                                        <li>\n                        <a\n    class=\"large-button-link\"\n    href=\"https:\/\/www.abf.se\/mittskane\/om-vara-projekt\/ny-projekt\/malgruppen-i-projektet\/\"\n    target=\"\"\n>\n    <span class=\"flex-1\">M\u00e5lgruppen i projektet<\/span>\n\n    <figure\n        aria-hidden=\"true\"\n        class=\"w-5\"\n    >\n                    <svg width=\"20\" height=\"20\" viewBox=\"0 0 20 20\" fill=\"none\" class=\"SvgIconElement\">\n<path d=\"M4.16659 10L15.8333 10\" stroke=\"currentColor\"\/>\n<path d=\"M9.99992 4.1665L15.8333 9.99984L9.99992 15.8332\" stroke=\"currentColor\"\/>\n<\/svg>\n            <\/figure>\n<\/a>\n                    <\/li>\n                                                        <li>\n                        <a\n    class=\"large-button-link\"\n    href=\"https:\/\/www.abf.se\/mittskane\/om-vara-projekt\/ny-projekt\/samarbete-sokes\/\"\n    target=\"\"\n>\n    <span class=\"flex-1\">Samarbete s\u00f6kes<\/span>\n\n    <figure\n        aria-hidden=\"true\"\n        class=\"w-5\"\n    >\n                    <svg width=\"20\" height=\"20\" viewBox=\"0 0 20 20\" fill=\"none\" class=\"SvgIconElement\">\n<path d=\"M4.16659 10L15.8333 10\" stroke=\"currentColor\"\/>\n<path d=\"M9.99992 4.1665L15.8333 9.99984L9.99992 15.8332\" stroke=\"currentColor\"\/>\n<\/svg>\n            <\/figure>\n<\/a>\n                    <\/li>\n                                                        <li>\n                        <a\n    class=\"large-button-link\"\n    href=\"https:\/\/www.abf.se\/mittskane\/om-vara-projekt\/ny-projekt\/folkbildning\/\"\n    target=\"\"\n>\n    <span class=\"flex-1\">Utg\u00e5r fr\u00e5n folkbildningspedagogiken<\/span>\n\n    <figure\n        aria-hidden=\"true\"\n        class=\"w-5\"\n    >\n                    <svg width=\"20\" height=\"20\" viewBox=\"0 0 20 20\" fill=\"none\" class=\"SvgIconElement\">\n<path d=\"M4.16659 10L15.8333 10\" stroke=\"currentColor\"\/>\n<path d=\"M9.99992 4.1665L15.8333 9.99984L9.99992 15.8332\" stroke=\"currentColor\"\/>\n<\/svg>\n            <\/figure>\n<\/a>\n                    <\/li>\n                                                        <li>\n                        <a\n    class=\"large-button-link\"\n    href=\"https:\/\/www.abf.se\/mittskane\/om-vara-projekt\/ny-projekt\/folkbildningens-historia\/\"\n    target=\"\"\n>\n    <span class=\"flex-1\">Folkbildningens historia<\/span>\n\n    <figure\n        aria-hidden=\"true\"\n        class=\"w-5\"\n    >\n                    <svg width=\"20\" height=\"20\" viewBox=\"0 0 20 20\" fill=\"none\" class=\"SvgIconElement\">\n<path d=\"M4.16659 10L15.8333 10\" stroke=\"currentColor\"\/>\n<path d=\"M9.99992 4.1665L15.8333 9.99984L9.99992 15.8332\" stroke=\"currentColor\"\/>\n<\/svg>\n            <\/figure>\n<\/a>\n                    <\/li>\n                            <\/ul>\n        <\/ul>\n    <\/div>\n<\/div><div\n    class=\"acf-article-cta-link-block article-container my-8\"\n    data-block=\"article-cta-link-block\"\n>\n<div>\n    <a class=\"inline-flex flex-row items-center gap-4 text-link underline text-red-dark\"\n        href=\"http:\/\/www.hela-dig.se\"\n                target=\"_blank\"\n            >\n        <span class=\"\">\n        HELA DIG hemsida\n        <\/span>\n        <figure aria-hidden=\"true\" class=\"rounded-full bg-red-dark w-8 h-8 p-1 text-white\">\n            <svg width=\"20\" height=\"20\" viewBox=\"0 0 20 20\" fill=\"none\" class=\"SvgIconElement\">\n<path d=\"M4.16659 10L15.8333 10\" stroke=\"currentColor\"\/>\n<path d=\"M9.99992 4.1665L15.8333 9.99984L9.99992 15.8332\" stroke=\"currentColor\"\/>\n<\/svg>\n        <\/figure>\n    <\/a>\n<\/div>\n<\/div>\n<div\n    class=\"acf-article-cta-link-block article-container my-8\"\n    data-block=\"article-cta-link-block\"\n>\n<div>\n    <a class=\"inline-flex flex-row items-center gap-4 text-link underline text-red-dark\"\n        href=\"https:\/\/www.facebook.com\/people\/Projekt-HELA-DIG\/100089114833348\/\"\n                target=\"_blank\"\n            >\n        <span class=\"\">\n        Facebook\n        <\/span>\n        <figure aria-hidden=\"true\" class=\"rounded-full bg-red-dark w-8 h-8 p-1 text-white\">\n            <svg width=\"20\" height=\"20\" viewBox=\"0 0 20 20\" fill=\"none\" class=\"SvgIconElement\">\n<path d=\"M4.16659 10L15.8333 10\" stroke=\"currentColor\"\/>\n<path d=\"M9.99992 4.1665L15.8333 9.99984L9.99992 15.8332\" stroke=\"currentColor\"\/>\n<\/svg>\n        <\/figure>\n    <\/a>\n<\/div>\n<\/div>\n<div\n    class=\"acf-article-cta-link-block article-container my-8\"\n    data-block=\"article-cta-link-block\"\n>\n<div>\n    <a class=\"inline-flex flex-row items-center gap-4 text-link underline text-red-dark\"\n        href=\"https:\/\/www.instagram.com\/projektheladig\/\"\n                target=\"_blank\"\n            >\n        <span class=\"\">\n        Instagram\n        <\/span>\n        <figure aria-hidden=\"true\" class=\"rounded-full bg-red-dark w-8 h-8 p-1 text-white\">\n            <svg width=\"20\" height=\"20\" viewBox=\"0 0 20 20\" fill=\"none\" class=\"SvgIconElement\">\n<path d=\"M4.16659 10L15.8333 10\" stroke=\"currentColor\"\/>\n<path d=\"M9.99992 4.1665L15.8333 9.99984L9.99992 15.8332\" stroke=\"currentColor\"\/>\n<\/svg>\n        <\/figure>\n    <\/a>\n<\/div>\n<\/div>\n","protected":false},"excerpt":{"rendered":"","protected":false},"author":32,"featured_media":0,"parent":212,"menu_order":0,"comment_status":"closed","ping_status":"closed","template":"","meta":{"_acf_changed":false,"footnotes":""},"class_list":["post-230","page","type-page","status-publish","hentry"],"acf":[],"yoast_head":"<!-- This site is optimized with the Yoast SEO plugin v27.0 - https:\/\/yoast.com\/product\/yoast-seo-wordpress\/ -->\n<title>HELA DIG 2019 - Ett pilotprojekt - MittSk\u00e5ne<\/title>\n<meta name=\"description\" content=\"M\u00e5nga m\u00e5r idag d\u00e5ligt p.g.a. psykisk oh\u00e4lsa som uppkommit fr\u00e5n l\u00e5ngvarig stress och\/eller kronisk sm\u00e4rta. Projektet avslutades 2019.\" \/>\n<meta name=\"robots\" content=\"index, follow, max-snippet:-1, max-image-preview:large, max-video-preview:-1\" \/>\n<link rel=\"canonical\" href=\"https:\/\/www.abf.se\/mittskane\/om-vara-projekt\/ny-projekt\/pilotprojekt\/\" \/>\n<meta property=\"og:locale\" content=\"sv_SE\" \/>\n<meta property=\"og:type\" content=\"article\" \/>\n<meta property=\"og:title\" content=\"HELA DIG 2019 - Ett pilotprojekt - MittSk\u00e5ne\" \/>\n<meta property=\"og:description\" content=\"M\u00e5nga m\u00e5r idag d\u00e5ligt p.g.a. psykisk oh\u00e4lsa som uppkommit fr\u00e5n l\u00e5ngvarig stress och\/eller kronisk sm\u00e4rta. Projektet avslutades 2019.\" \/>\n<meta property=\"og:url\" content=\"https:\/\/www.abf.se\/mittskane\/om-vara-projekt\/ny-projekt\/pilotprojekt\/\" \/>\n<meta property=\"og:site_name\" content=\"MittSk\u00e5ne\" \/>\n<meta property=\"article:modified_time\" content=\"2025-06-12T07:05:51+00:00\" \/>\n<meta property=\"og:image\" content=\"https:\/\/www.abf.se\/wp-content\/uploads\/sites\/35\/2024\/04\/Nyckeln-liggande-scaled.jpg\" \/>\n\t<meta property=\"og:image:width\" content=\"2560\" \/>\n\t<meta property=\"og:image:height\" content=\"1440\" \/>\n\t<meta property=\"og:image:type\" content=\"image\/jpeg\" \/>\n<meta name=\"twitter:card\" content=\"summary_large_image\" \/>\n<script type=\"application\/ld+json\" class=\"yoast-schema-graph\">{\"@context\":\"https:\/\/schema.org\",\"@graph\":[{\"@type\":\"WebPage\",\"@id\":\"https:\/\/www.abf.se\/mittskane\/om-vara-projekt\/ny-projekt\/pilotprojekt\/\",\"url\":\"https:\/\/www.abf.se\/mittskane\/om-vara-projekt\/ny-projekt\/pilotprojekt\/\",\"name\":\"HELA DIG 2019 - Ett pilotprojekt - MittSk\u00e5ne\",\"isPartOf\":{\"@id\":\"https:\/\/www.abf.se\/mittskane\/#website\"},\"datePublished\":\"2024-02-23T10:15:10+00:00\",\"dateModified\":\"2025-06-12T07:05:51+00:00\",\"description\":\"M\u00e5nga m\u00e5r idag d\u00e5ligt p.g.a. psykisk oh\u00e4lsa som uppkommit fr\u00e5n l\u00e5ngvarig stress och\/eller kronisk sm\u00e4rta. Projektet avslutades 2019.\",\"breadcrumb\":{\"@id\":\"https:\/\/www.abf.se\/mittskane\/om-vara-projekt\/ny-projekt\/pilotprojekt\/#breadcrumb\"},\"inLanguage\":\"sv-SE\",\"potentialAction\":[{\"@type\":\"ReadAction\",\"target\":[\"https:\/\/www.abf.se\/mittskane\/om-vara-projekt\/ny-projekt\/pilotprojekt\/\"]}]},{\"@type\":\"BreadcrumbList\",\"@id\":\"https:\/\/www.abf.se\/mittskane\/om-vara-projekt\/ny-projekt\/pilotprojekt\/#breadcrumb\",\"itemListElement\":[{\"@type\":\"ListItem\",\"position\":1,\"name\":\"Home\",\"item\":\"https:\/\/www.abf.se\/mittskane\/\"},{\"@type\":\"ListItem\",\"position\":2,\"name\":\"V\u00e5ra projekt\",\"item\":\"https:\/\/www.abf.se\/mittskane\/om-vara-projekt\/\"},{\"@type\":\"ListItem\",\"position\":3,\"name\":\"HELA DIG\",\"item\":\"https:\/\/www.abf.se\/mittskane\/om-vara-projekt\/ny-projekt\/\"},{\"@type\":\"ListItem\",\"position\":4,\"name\":\"HELA DIG 2019 &#8211; Ett pilotprojekt\"}]},{\"@type\":\"WebSite\",\"@id\":\"https:\/\/www.abf.se\/mittskane\/#website\",\"url\":\"https:\/\/www.abf.se\/mittskane\/\",\"name\":\"MittSk\u00e5ne\",\"description\":\"\",\"potentialAction\":[{\"@type\":\"SearchAction\",\"target\":{\"@type\":\"EntryPoint\",\"urlTemplate\":\"https:\/\/www.abf.se\/mittskane\/?s={search_term_string}\"},\"query-input\":{\"@type\":\"PropertyValueSpecification\",\"valueRequired\":true,\"valueName\":\"search_term_string\"}}],\"inLanguage\":\"sv-SE\"}]}<\/script>\n<!-- \/ Yoast SEO plugin. -->","yoast_head_json":{"title":"HELA DIG 2019 - Ett pilotprojekt - MittSk\u00e5ne","description":"M\u00e5nga m\u00e5r idag d\u00e5ligt p.g.a. psykisk oh\u00e4lsa som uppkommit fr\u00e5n l\u00e5ngvarig stress och\/eller kronisk sm\u00e4rta. Projektet avslutades 2019.","robots":{"index":"index","follow":"follow","max-snippet":"max-snippet:-1","max-image-preview":"max-image-preview:large","max-video-preview":"max-video-preview:-1"},"canonical":"https:\/\/www.abf.se\/mittskane\/om-vara-projekt\/ny-projekt\/pilotprojekt\/","og_locale":"sv_SE","og_type":"article","og_title":"HELA DIG 2019 - Ett pilotprojekt - MittSk\u00e5ne","og_description":"M\u00e5nga m\u00e5r idag d\u00e5ligt p.g.a. psykisk oh\u00e4lsa som uppkommit fr\u00e5n l\u00e5ngvarig stress och\/eller kronisk sm\u00e4rta. Projektet avslutades 2019.","og_url":"https:\/\/www.abf.se\/mittskane\/om-vara-projekt\/ny-projekt\/pilotprojekt\/","og_site_name":"MittSk\u00e5ne","article_modified_time":"2025-06-12T07:05:51+00:00","og_image":[{"width":2560,"height":1440,"url":"https:\/\/www.abf.se\/wp-content\/uploads\/sites\/35\/2024\/04\/Nyckeln-liggande-scaled.jpg","type":"image\/jpeg"}],"twitter_card":"summary_large_image","schema":{"@context":"https:\/\/schema.org","@graph":[{"@type":"WebPage","@id":"https:\/\/www.abf.se\/mittskane\/om-vara-projekt\/ny-projekt\/pilotprojekt\/","url":"https:\/\/www.abf.se\/mittskane\/om-vara-projekt\/ny-projekt\/pilotprojekt\/","name":"HELA DIG 2019 - Ett pilotprojekt - MittSk\u00e5ne","isPartOf":{"@id":"https:\/\/www.abf.se\/mittskane\/#website"},"datePublished":"2024-02-23T10:15:10+00:00","dateModified":"2025-06-12T07:05:51+00:00","description":"M\u00e5nga m\u00e5r idag d\u00e5ligt p.g.a. psykisk oh\u00e4lsa som uppkommit fr\u00e5n l\u00e5ngvarig stress och\/eller kronisk sm\u00e4rta. Projektet avslutades 2019.","breadcrumb":{"@id":"https:\/\/www.abf.se\/mittskane\/om-vara-projekt\/ny-projekt\/pilotprojekt\/#breadcrumb"},"inLanguage":"sv-SE","potentialAction":[{"@type":"ReadAction","target":["https:\/\/www.abf.se\/mittskane\/om-vara-projekt\/ny-projekt\/pilotprojekt\/"]}]},{"@type":"BreadcrumbList","@id":"https:\/\/www.abf.se\/mittskane\/om-vara-projekt\/ny-projekt\/pilotprojekt\/#breadcrumb","itemListElement":[{"@type":"ListItem","position":1,"name":"Home","item":"https:\/\/www.abf.se\/mittskane\/"},{"@type":"ListItem","position":2,"name":"V\u00e5ra projekt","item":"https:\/\/www.abf.se\/mittskane\/om-vara-projekt\/"},{"@type":"ListItem","position":3,"name":"HELA DIG","item":"https:\/\/www.abf.se\/mittskane\/om-vara-projekt\/ny-projekt\/"},{"@type":"ListItem","position":4,"name":"HELA DIG 2019 &#8211; Ett pilotprojekt"}]},{"@type":"WebSite","@id":"https:\/\/www.abf.se\/mittskane\/#website","url":"https:\/\/www.abf.se\/mittskane\/","name":"MittSk\u00e5ne","description":"","potentialAction":[{"@type":"SearchAction","target":{"@type":"EntryPoint","urlTemplate":"https:\/\/www.abf.se\/mittskane\/?s={search_term_string}"},"query-input":{"@type":"PropertyValueSpecification","valueRequired":true,"valueName":"search_term_string"}}],"inLanguage":"sv-SE"}]}},"_links":{"self":[{"href":"https:\/\/www.abf.se\/mittskane\/wp-json\/wp\/v2\/pages\/230","targetHints":{"allow":["GET"]}}],"collection":[{"href":"https:\/\/www.abf.se\/mittskane\/wp-json\/wp\/v2\/pages"}],"about":[{"href":"https:\/\/www.abf.se\/mittskane\/wp-json\/wp\/v2\/types\/page"}],"author":[{"embeddable":true,"href":"https:\/\/www.abf.se\/mittskane\/wp-json\/wp\/v2\/users\/32"}],"replies":[{"embeddable":true,"href":"https:\/\/www.abf.se\/mittskane\/wp-json\/wp\/v2\/comments?post=230"}],"version-history":[{"count":26,"href":"https:\/\/www.abf.se\/mittskane\/wp-json\/wp\/v2\/pages\/230\/revisions"}],"predecessor-version":[{"id":2333,"href":"https:\/\/www.abf.se\/mittskane\/wp-json\/wp\/v2\/pages\/230\/revisions\/2333"}],"up":[{"embeddable":true,"href":"https:\/\/www.abf.se\/mittskane\/wp-json\/wp\/v2\/pages\/212"}],"wp:attachment":[{"href":"https:\/\/www.abf.se\/mittskane\/wp-json\/wp\/v2\/media?parent=230"}],"curies":[{"name":"wp","href":"https:\/\/api.w.org\/{rel}","templated":true}]}}