{"id":310,"date":"2024-02-23T14:11:36","date_gmt":"2024-02-23T14:11:36","guid":{"rendered":"https:\/\/www.abf.se\/mittskane\/?page_id=310"},"modified":"2025-05-26T13:27:36","modified_gmt":"2025-05-26T11:27:36","slug":"mitt-i-stan","status":"publish","type":"page","link":"https:\/\/www.abf.se\/mittskane\/mitt-i-stan\/","title":{"rendered":"Mitt i Stan"},"content":{"rendered":"<div\n    class=\"acf-hero-block container-lg no-padding mb-12 js-geolocation\"\n    data-block=\"hero-block\"\n    data-index=\"0\"\n>\n    <div class=\"h-[548px]  relative rounded-[32px] overflow-hidden flex bg-gray-light\">\n        <div class=\"relative z-10 mt-auto h-auto w-full md:h-full\">\n            <div class=\"flex w-full h-full flex-col flex-wrap justify-end w-full md:w-7\/12 lg:w-1\/2 md:justify-center\">\n                <div class=\"flex flex-col gap-3 md:gap-[18px] md:transparent pt-16 pb-36 md:py-8 px-4 w-full md:max-w-[620px] mx-auto px-8\">\n\n                    <h1 class=\"hero-heading hero-heading--red-text\"><span>Mitt i Stan<\/span><\/h1>\n\n                    \n                                    <\/div>\n            <\/div>\n        <\/div>\n\n                    <picture class=\"as-background-image mix-blend-multiply bg-black\/40\"><img decoding=\"async\" src=\"https:\/\/www.abf.se\/mittskane\/resized\/?url=https%3A%2F%2Fwww.abf.se%2Fwp-content%2Fuploads%2Fsites%2F35%2F2025%2F01%2FNamnlos-design.png&#038;fit=crop&#038;w=1440&#038;s=21de2c0c52afa751a5954c0bd10f52ce\" srcset=\"https:\/\/www.abf.se\/mittskane\/resized\/?url=https%3A%2F%2Fwww.abf.se%2Fwp-content%2Fuploads%2Fsites%2F35%2F2025%2F01%2FNamnlos-design.png&#038;fit=crop&#038;w=375&#038;h=540&#038;s=37fe173fa8bbf197449ca31a15b7c072 375w, https:\/\/www.abf.se\/mittskane\/resized\/?url=https%3A%2F%2Fwww.abf.se%2Fwp-content%2Fuploads%2Fsites%2F35%2F2025%2F01%2FNamnlos-design.png&#038;fit=crop&#038;w=447&#038;h=540&#038;s=1a2ea4d738f086828e967e49737be8c2 447w, https:\/\/www.abf.se\/mittskane\/resized\/?url=https%3A%2F%2Fwww.abf.se%2Fwp-content%2Fuploads%2Fsites%2F35%2F2025%2F01%2FNamnlos-design.png&#038;fit=crop&#038;w=519&#038;h=540&#038;s=d3fddfe15d26f08bb93a21036ec46e9f 519w, https:\/\/www.abf.se\/mittskane\/resized\/?url=https%3A%2F%2Fwww.abf.se%2Fwp-content%2Fuploads%2Fsites%2F35%2F2025%2F01%2FNamnlos-design.png&#038;fit=crop&#038;w=591&#038;h=540&#038;s=d5534a5992ce742eccee00434a795363 591w, https:\/\/www.abf.se\/mittskane\/resized\/?url=https%3A%2F%2Fwww.abf.se%2Fwp-content%2Fuploads%2Fsites%2F35%2F2025%2F01%2FNamnlos-design.png&#038;fit=crop&#038;w=663&#038;h=540&#038;s=e429e895460a4d64f281540ffd05cc13 663w, https:\/\/www.abf.se\/mittskane\/resized\/?url=https%3A%2F%2Fwww.abf.se%2Fwp-content%2Fuploads%2Fsites%2F35%2F2025%2F01%2FNamnlos-design.png&#038;fit=crop&#038;w=750&#038;h=540&#038;s=a6a2f46fa5ba37e39d69e9eb19b88bbc 750w, https:\/\/www.abf.se\/mittskane\/resized\/?url=https%3A%2F%2Fwww.abf.se%2Fwp-content%2Fuploads%2Fsites%2F35%2F2025%2F01%2FNamnlos-design.png&#038;fit=crop&#038;w=894&#038;h=540&#038;s=2fc169569d676d6edda967f1c0a80627 894w, https:\/\/www.abf.se\/mittskane\/resized\/?url=https%3A%2F%2Fwww.abf.se%2Fwp-content%2Fuploads%2Fsites%2F35%2F2025%2F01%2FNamnlos-design.png&#038;fit=crop&#038;w=1038&#038;h=540&#038;s=c874127ff7a2ace2e6722c9a164f291c 1038w, https:\/\/www.abf.se\/mittskane\/resized\/?url=https%3A%2F%2Fwww.abf.se%2Fwp-content%2Fuploads%2Fsites%2F35%2F2025%2F01%2FNamnlos-design.png&#038;fit=crop&#038;w=1182&#038;h=540&#038;s=3d65650ffd40488f7154f18002ff370a 1182w, https:\/\/www.abf.se\/mittskane\/resized\/?url=https%3A%2F%2Fwww.abf.se%2Fwp-content%2Fuploads%2Fsites%2F35%2F2025%2F01%2FNamnlos-design.png&#038;fit=crop&#038;w=1326&#038;h=540&#038;s=f29aa7b87aaf5dead97b36beead1b1a6 1326w, https:\/\/www.abf.se\/mittskane\/resized\/?url=https%3A%2F%2Fwww.abf.se%2Fwp-content%2Fuploads%2Fsites%2F35%2F2025%2F01%2FNamnlos-design.png&#038;fit=crop&#038;w=1440&#038;h=540&#038;s=9094757e3e89d83ea756c0b53847c88a 1440w\" alt=\"\" height=\"540\" width=\"1440\" sizes=\"(max-width: 1440px) calc(100vw - 32px), 1440px\" loading=\"eager\" fetchpriority=\"high\" aria-hidden=\"true\" role=\"presentation\" \/><\/picture>\n        \n\n            <\/div>\n\n    <\/div>\n\n<div\n    class=\"acf-plain-heading-block container my-16\"\n    data-block=\"plain-heading-block\"\n>\n    <div class=\"max-w-[658px] mx-auto\">\n                            <p class=\"mt-8 body-xl text-black\">\n                P\u00e5 ABF MittSk\u00e5ne finns den dagliga verksamheten \u201dMitt i Stan\u201d. V\u00e5r inriktning \u00e4r Jordens resurser, Tr\u00e4ning och H\u00e4lsa, Bildning och Kultur. Vi anser att staden tillh\u00f6r oss alla! Vi anv\u00e4nder staden som v\u00e5rt arbetsf\u00e4lt, vi finns p\u00e5 Kiliansgatan 9 i Lund, mellan Domkyrkan och M\u00e5rtenstorget, Mitt i Stan!\n            <\/p>\n            <\/div>\n<\/div>\n<div\n    class=\"acf-article-cta-link-block article-container my-8\"\n    data-block=\"article-cta-link-block\"\n>\n<div>\n    <a class=\"inline-flex flex-row items-center gap-4 text-link underline text-red-dark\"\n        href=\"https:\/\/maps.app.goo.gl\/XN8qYUfrwJCdqtZz5\"\n                target=\"_blank\"\n            >\n        <span class=\"\">\n        Hitta till oss!\n        <\/span>\n        <figure aria-hidden=\"true\" class=\"rounded-full bg-red-dark w-8 h-8 p-1 text-white\">\n            <svg width=\"20\" height=\"20\" viewBox=\"0 0 20 20\" fill=\"none\" class=\"SvgIconElement\">\n<path d=\"M4.16659 10L15.8333 10\" stroke=\"currentColor\"\/>\n<path d=\"M9.99992 4.1665L15.8333 9.99984L9.99992 15.8332\" stroke=\"currentColor\"\/>\n<\/svg>\n        <\/figure>\n    <\/a>\n<\/div>\n<\/div>\n<div\n    class=\"acf-article-text-block article-container my-12\"\n    data-block=\"article-text-block\"\n>\n    <div class=\"wysiwyg\">\n        <p>V\u00e5ra deltagare f\u00e5r f\u00f6ruts\u00e4ttningar att utvecklas och v\u00e4xa med &#8221;Mitt i Stan&#8221;. Vi arbetar tillsammans f\u00f6r att varje deltagare ska k\u00e4nna delaktighet och meningsfullhet.<\/p>\n<h2>Mitt i Stan arbetar med f\u00f6ljande inriktningar:<\/h2>\n<ul>\n<li><strong>Jordens resurser<\/strong> \u2013 Vi skapar i v\u00e5r atelj\u00e9 med milj\u00f6n i fokus. Att inte bidra till ett slit och sl\u00e4ng-samh\u00e4lle \u00e4r viktigt f\u00f6r oss. D\u00e4rf\u00f6r ger vi gamla, sk\u00e4nkta, \u00e5tervunna saker nytt liv.<\/li>\n<li><strong>Kultur<\/strong> \u2013 F\u00f6r oss \u00e4r Kultur en viktig och inspirerande del i v\u00e5r verksamhet! Vi bes\u00f6ker utst\u00e4llningar, teater, bio och andra kulturarrangemang. Detta ing\u00e5r i Mitt i Stan utan merkostnad f\u00f6r v\u00e5ra deltagare. Vi har en teatergrupp och en dansgrupp. Vi har \u00e4ven en stor musikverksamhet d\u00e4r man som deltagare kan l\u00e4ra sig spela instrument, sjunga i k\u00f6r, spela in l\u00e5tar i v\u00e5r studio eller spela in sin egen musikvideo eller film. Vi \u00e4r med och spelar p\u00e5 olika kulturarrangemang.<\/li>\n<li><strong>Tr\u00e4ning och h\u00e4lsa \u2013 f\u00f6r alla!<\/strong> Vi p\u00e5 Mitt i Stan anser att Tr\u00e4ningen tillh\u00f6r oss alla! Tr\u00e4ning och allsidig kost ger oss en chans att orka med allt som vardagen inneb\u00e4r. D\u00e4rf\u00f6r tar vi p\u00e5 tr\u00e4ningskl\u00e4derna och g\u00e5r och tr\u00e4nar tillsammans och hj\u00e4lper v\u00e5ra kroppar att f\u00e5 m\u00e5 bra. Vi st\u00e5r f\u00f6r tr\u00e4ningskorten.<\/li>\n<li><strong>Bildning<\/strong> &#8211; vi erbjuder undervisning efter \u00f6nskem\u00e5l fr\u00e5n v\u00e5ra deltagare. Vi har studiecirklar i bl.a. engelska, matlagning, dans och historia. Om det finns andra \u00f6nskem\u00e5l kommer vi att f\u00f6rs\u00f6ka uppfylla dessa i m\u00f6jligaste m\u00e5n.<\/li>\n<\/ul>\n<p>Alla har r\u00e4tt till staden! D\u00e4rf\u00f6r g\u00e5r Mitt i Stan ut och \u00e4ter p\u00e5 restaurang en g\u00e5ng i veckan.<\/p>\n<p>Vi hj\u00e4lper till med praktikplatser vid \u00f6nskem\u00e5l.<\/p>\n<p>Vad du som deltagare tycker och t\u00e4nker \u00e4r viktigt f\u00f6r oss, h\u00e4r kommer alla deltagare till tals och vi lyssnar p\u00e5 \u00f6nskem\u00e5l och f\u00f6rs\u00f6ker tillgodose dem i m\u00f6jligaste m\u00e5n.<\/p>\n<p>Vill du veta mer? Vi har utbildad engagerad och positiv personal. All personal har adekvat utbildning och erfarenhet. Verksamheten \u00e4r godk\u00e4nd av IVO och Lunds kommun.<\/p>\n<p><strong>Om du tillh\u00f6r LSS \u00a7 1:1 och vill veta mer eller anm\u00e4la ditt intresse:<\/strong><\/p>\n\n    <\/div>\n<\/div>\n<ul\n    class=\"acf-article-accordion-block accordion-group grid gap-4 my-12 article-container\"\n    data-block=\"article-accordion-block \"\n    data-ui-accordion-group\n>\n\n            <li class=\"accordion\" data-ui-accordion data-ui-accordion-open=\"false\">\n        <h3>\n        <button data-ui-accordion-button class=\"accordion-toggle font-bold\" aria-expanded=\"false\" aria-controls=\"row-kontaktajacquelinehanssonverksamhetscheflssverksamhet-0\" id=\"kontaktajacquelinehanssonverksamhetscheflssverksamhet-0\">\n            Kontakta Jacqueline Hansson &#8211; Verksamhetschef LSS-verksamhet\n            \n            <figure class=\"w-4.5 h-4.5\" aria-hidden=\"true\">\n            <svg width=\"20\" height=\"20\" viewBox=\"0 0 20 20\" fill=\"none\"\nclass=\"SvgIconElement\">\n<path d=\"M15.8333 7.16667L9.99992 13L4.16659 7.16667\" stroke=\"currentColor\"\/>\n<\/svg>\n            <\/figure>\n        <\/button>\n        \n                <\/h3>\n        <div class=\"accordion-content\">\n            <div id=\"row-kontaktajacquelinehanssonverksamhetscheflssverksamhet-0\" role=\"region\" class=\"accordion-content-wrap\" aria-labelledby=\"kontaktajacquelinehanssonverksamhetscheflssverksamhet-0\">\n                                                <div class=\"grid md:grid-cols-3 gap-y-10 mt-10\">\n                        \n                                                        <div class=\"contact flex flex-col gap-3\">\n                                <div class=\"md:max-w-[160px]\">\n                                    \n                                <\/div>\n                                <div class=\"\">\n                                    <h4 class=\"heading-lg\">Jacqueline Hansson<\/h4>\n                                    <p class=\"body-md\">Verksamhetschef LSS-verksamhet<\/p>\n                                                                    <\/div>\n                                                                <div class=\"flex gap flex-col label-md gap-1\">\n                                                                        <div class=\"flex gap-3\">\n                                        <svg width=\"20\" height=\"20\" viewBox=\"0 0 20 20\" fill=\"none\" xmlns=\"http:\/\/www.w3.org\/2000\/svg\">\n<path d=\"M16.625 17.5C14.8333 17.5 13.0868 17.1007 11.3854 16.3021C9.68403 15.5035 8.17708 14.4479 6.86458 13.1354C5.55208 11.8229 4.49653 10.316 3.69792 8.61458C2.89931 6.91319 2.5 5.16667 2.5 3.375C2.5 3.125 2.58333 2.91667 2.75 2.75C2.91667 2.58333 3.125 2.5 3.375 2.5H6.75C6.94444 2.5 7.11806 2.5625 7.27083 2.6875C7.42361 2.8125 7.51389 2.97222 7.54167 3.16667L8.08333 6.08333C8.11111 6.27778 8.10764 6.45486 8.07292 6.61458C8.03819 6.77431 7.95833 6.91667 7.83333 7.04167L5.8125 9.08333C6.39583 10.0833 7.12847 11.0208 8.01042 11.8958C8.89236 12.7708 9.86111 13.5278 10.9167 14.1667L12.875 12.2083C13 12.0833 13.1632 11.9896 13.3646 11.9271C13.566 11.8646 13.7639 11.8472 13.9583 11.875L16.8333 12.4583C17.0278 12.5 17.1875 12.5938 17.3125 12.7396C17.4375 12.8854 17.5 13.0556 17.5 13.25V16.625C17.5 16.875 17.4167 17.0833 17.25 17.25C17.0833 17.4167 16.875 17.5 16.625 17.5ZM5.02083 7.5L6.39583 6.125L6.04167 4.16667H4.1875C4.25694 4.73611 4.35417 5.29861 4.47917 5.85417C4.60417 6.40972 4.78472 6.95833 5.02083 7.5ZM15.8333 15.7917V13.9583L13.875 13.5625L12.4792 14.9583C13.0208 15.1944 13.5729 15.3819 14.1354 15.5208C14.6979 15.6597 15.2639 15.75 15.8333 15.7917Z\" fill=\"black\"\/>\n<\/svg>\n                                        <p>\n                                                                                                                               <a href=\"callto:046 - 211 80 30\">046 &#8211; 211 80 30<\/a>\n                                                                                                                                     <\/p>\n                                    <\/div>\n                                                                                                            <div class=\"flex gap-3\">\n                                        <svg width=\"20\" height=\"20\" viewBox=\"0 0 20 20\" fill=\"none\" xmlns=\"http:\/\/www.w3.org\/2000\/svg\">\n<path d=\"M3.33366 16.6666C2.87533 16.6666 2.48296 16.5035 2.15658 16.1771C1.83019 15.8507 1.66699 15.4583 1.66699 15V4.99998C1.66699 4.54165 1.83019 4.14929 2.15658 3.8229C2.48296 3.49651 2.87533 3.33331 3.33366 3.33331H16.667C17.1253 3.33331 17.5177 3.49651 17.8441 3.8229C18.1705 4.14929 18.3337 4.54165 18.3337 4.99998V15C18.3337 15.4583 18.1705 15.8507 17.8441 16.1771C17.5177 16.5035 17.1253 16.6666 16.667 16.6666H3.33366ZM16.667 6.66665L10.4378 10.5625C10.3684 10.6041 10.2955 10.6354 10.2191 10.6562C10.1427 10.6771 10.0698 10.6875 10.0003 10.6875C9.93088 10.6875 9.85797 10.6771 9.78158 10.6562C9.70519 10.6354 9.63227 10.6041 9.56283 10.5625L3.33366 6.66665V15H16.667V6.66665ZM10.0003 9.16665L16.667 4.99998H3.33366L10.0003 9.16665ZM3.33366 6.87498V5.64581V5.66665V5.65623V6.87498Z\" fill=\"black\"\/>\n<\/svg>\n                                        <p><a href=\"mailto:jacqueline.hansson@abf.se\">jacqueline.hansson@abf.se<\/a><\/p>\n                                    <\/div>\n                                                                    <\/div>\n                                                            <\/div>\n                                            <\/div>\n                                        <\/div>\n        <\/div>\n    <\/li>\n    <\/ul>\n<div class=\"my-8 container-lg acf-link-block\" data-block=\"link-block\" class=\"acf-link-block\" data-block=\"link-block\">\n    <div class=\"w-full bg-red  round-corners-lg px-4 md:px-8 py-11 md:py-16\">\n        <h2 class=\"heading-lg mb-7 text-center text-white\">\n            Broschyr och affisch:\n        <\/h2>\n            <ul class=\"grid grid-cols-1 gap-x-4 gap-y-3 md:grid-cols-2\">\n                                                        <li>\n                        <a\n    class=\"large-button-link\"\n    href=\"https:\/\/www.abf.se\/wp-content\/uploads\/sites\/35\/2024\/02\/Folder_Mitt-i-Stan_uppdat-240123-1.pdf\"\n    target=\"_blank\"\n>\n    <span class=\"flex-1\">Broschyr &quot;Mitt i Stan&quot;<\/span>\n\n    <figure\n        aria-hidden=\"true\"\n        class=\"w-5\"\n    >\n                    <svg width=\"20\" height=\"20\" viewBox=\"0 0 20 20\" fill=\"none\" class=\"SvgIconElement\">\n<path d=\"M4.16659 10L15.8333 10\" stroke=\"currentColor\"\/>\n<path d=\"M9.99992 4.1665L15.8333 9.99984L9.99992 15.8332\" stroke=\"currentColor\"\/>\n<\/svg>\n            <\/figure>\n<\/a>\n                    <\/li>\n                                                        <li>\n                        <a\n    class=\"large-button-link\"\n    href=\"https:\/\/www.abf.se\/wp-content\/uploads\/sites\/35\/2024\/02\/abf-mitt-i-stan-affisch.pdf\"\n    target=\"_blank\"\n>\n    <span class=\"flex-1\">Affisch &quot;Mitt i Stan&quot;<\/span>\n\n    <figure\n        aria-hidden=\"true\"\n        class=\"w-5\"\n    >\n                    <svg width=\"20\" height=\"20\" viewBox=\"0 0 20 20\" fill=\"none\" class=\"SvgIconElement\">\n<path d=\"M4.16659 10L15.8333 10\" stroke=\"currentColor\"\/>\n<path d=\"M9.99992 4.1665L15.8333 9.99984L9.99992 15.8332\" stroke=\"currentColor\"\/>\n<\/svg>\n            <\/figure>\n<\/a>\n                    <\/li>\n                            <\/ul>\n        <\/ul>\n    <\/div>\n<\/div><div\n    class=\"acf-quick-link-block bg-red py-12 md:py-20\"\n    data-block=\"quick-link-block\"\n>\n    <div class=\"container\">\n                    <h2 class=\"heading-lg mb-7 text-center text-white\">\n                F\u00f6lj oss g\u00e4rna p\u00e5 Instagram och Facebook:\n            <\/h2>\n        \n        <div\n            class=\"px-5 content:px-0 grid grid-cols-1 gap-8 md:grid-cols-2\">\n            \n            <article\nclass=\"round-corners-sm p-6 relative group grid grid-rows-[subgrid] row-[span_3] gap-4 bg-white text-red\"\n>\n            <h3\n        class=\"heading-sm group-hover:underline text-red\">\n            <a href=\"https:\/\/www.instagram.com\/mitt.i.stan\/\" class=\"expanded-hit-area\" target=\"_blank\">\n                Instagram\n            <\/a>\n        <\/h3>\n                <p class=\"body-md text-gray-text\">\n            F\u00f6lj oss p\u00e5 Instagram och f\u00e5 de senaste nyheterna.\n        <\/p>\n        <figure\n    class=\"w-[38px] h-[38px] rounded-full p-2 group-hover:scale-110 transition-transform duration-300 self-end pointer-events-none bg-red text-white\">\n        <svg width=\"20\" height=\"20\" viewBox=\"0 0 20 20\" fill=\"none\" class=\"SvgIconElement\">\n<path d=\"M4.16659 10L15.8333 10\" stroke=\"currentColor\"\/>\n<path d=\"M9.99992 4.1665L15.8333 9.99984L9.99992 15.8332\" stroke=\"currentColor\"\/>\n<\/svg>\n    <\/figure>\n<\/article>            \n            <article\nclass=\"round-corners-sm p-6 relative group grid grid-rows-[subgrid] row-[span_3] gap-4 bg-white text-red\"\n>\n            <h3\n        class=\"heading-sm group-hover:underline text-red\">\n            <a href=\"https:\/\/www.facebook.com\/mittistan\" class=\"expanded-hit-area\" target=\"_blank\">\n                Facebook\n            <\/a>\n        <\/h3>\n                <p class=\"body-md text-gray-text\">\n            F\u00f6lj oss p\u00e5 Facebook och f\u00e5 de senaste nyheterna.\n        <\/p>\n        <figure\n    class=\"w-[38px] h-[38px] rounded-full p-2 group-hover:scale-110 transition-transform duration-300 self-end pointer-events-none bg-red text-white\">\n        <svg width=\"20\" height=\"20\" viewBox=\"0 0 20 20\" fill=\"none\" class=\"SvgIconElement\">\n<path d=\"M4.16659 10L15.8333 10\" stroke=\"currentColor\"\/>\n<path d=\"M9.99992 4.1665L15.8333 9.99984L9.99992 15.8332\" stroke=\"currentColor\"\/>\n<\/svg>\n    <\/figure>\n<\/article>                    <\/div>\n    <\/div>\n<\/div>\n","protected":false},"excerpt":{"rendered":"","protected":false},"author":32,"featured_media":0,"parent":0,"menu_order":0,"comment_status":"closed","ping_status":"closed","template":"","meta":{"_acf_changed":false,"footnotes":""},"class_list":["post-310","page","type-page","status-publish","hentry"],"acf":[],"yoast_head":"<!-- This site is optimized with the Yoast SEO plugin v27.0 - https:\/\/yoast.com\/product\/yoast-seo-wordpress\/ -->\n<title>Mitt i Stan f\u00f6r varje deltagares delaktighet - ABF MittSk\u00e5ne<\/title>\n<meta name=\"description\" content=\"V\u00e5ra deltagare f\u00e5r f\u00f6ruts\u00e4ttningar att utvecklas och v\u00e4xa med \u201dMitt i Stan\u201d. Vi vill att deltagare ska k\u00e4nna delaktighet och meningsfullhet.\" \/>\n<meta name=\"robots\" content=\"index, follow, max-snippet:-1, max-image-preview:large, max-video-preview:-1\" \/>\n<link rel=\"canonical\" href=\"https:\/\/www.abf.se\/mittskane\/mitt-i-stan\/\" \/>\n<meta property=\"og:locale\" content=\"sv_SE\" \/>\n<meta property=\"og:type\" content=\"article\" \/>\n<meta property=\"og:title\" content=\"Mitt i Stan f\u00f6r varje deltagares delaktighet - ABF MittSk\u00e5ne\" \/>\n<meta property=\"og:description\" content=\"V\u00e5ra deltagare f\u00e5r f\u00f6ruts\u00e4ttningar att utvecklas och v\u00e4xa med \u201dMitt i Stan\u201d. Vi vill att deltagare ska k\u00e4nna delaktighet och meningsfullhet.\" \/>\n<meta property=\"og:url\" content=\"https:\/\/www.abf.se\/mittskane\/mitt-i-stan\/\" \/>\n<meta property=\"og:site_name\" content=\"MittSk\u00e5ne\" \/>\n<meta property=\"article:modified_time\" content=\"2025-05-26T11:27:36+00:00\" \/>\n<meta property=\"og:image\" content=\"https:\/\/www.abf.se\/wp-content\/uploads\/sites\/35\/2024\/04\/Nyckeln-liggande-scaled.jpg\" \/>\n\t<meta property=\"og:image:width\" content=\"2560\" \/>\n\t<meta property=\"og:image:height\" content=\"1440\" \/>\n\t<meta property=\"og:image:type\" content=\"image\/jpeg\" \/>\n<meta name=\"twitter:card\" content=\"summary_large_image\" \/>\n<script type=\"application\/ld+json\" class=\"yoast-schema-graph\">{\"@context\":\"https:\/\/schema.org\",\"@graph\":[{\"@type\":\"WebPage\",\"@id\":\"https:\/\/www.abf.se\/mittskane\/mitt-i-stan\/\",\"url\":\"https:\/\/www.abf.se\/mittskane\/mitt-i-stan\/\",\"name\":\"Mitt i Stan f\u00f6r varje deltagares delaktighet - ABF MittSk\u00e5ne\",\"isPartOf\":{\"@id\":\"https:\/\/www.abf.se\/mittskane\/#website\"},\"datePublished\":\"2024-02-23T14:11:36+00:00\",\"dateModified\":\"2025-05-26T11:27:36+00:00\",\"description\":\"V\u00e5ra deltagare f\u00e5r f\u00f6ruts\u00e4ttningar att utvecklas och v\u00e4xa med \u201dMitt i Stan\u201d. Vi vill att deltagare ska k\u00e4nna delaktighet och meningsfullhet.\",\"breadcrumb\":{\"@id\":\"https:\/\/www.abf.se\/mittskane\/mitt-i-stan\/#breadcrumb\"},\"inLanguage\":\"sv-SE\",\"potentialAction\":[{\"@type\":\"ReadAction\",\"target\":[\"https:\/\/www.abf.se\/mittskane\/mitt-i-stan\/\"]}]},{\"@type\":\"BreadcrumbList\",\"@id\":\"https:\/\/www.abf.se\/mittskane\/mitt-i-stan\/#breadcrumb\",\"itemListElement\":[{\"@type\":\"ListItem\",\"position\":1,\"name\":\"Home\",\"item\":\"https:\/\/www.abf.se\/mittskane\/\"},{\"@type\":\"ListItem\",\"position\":2,\"name\":\"Mitt i Stan\"}]},{\"@type\":\"WebSite\",\"@id\":\"https:\/\/www.abf.se\/mittskane\/#website\",\"url\":\"https:\/\/www.abf.se\/mittskane\/\",\"name\":\"MittSk\u00e5ne\",\"description\":\"\",\"potentialAction\":[{\"@type\":\"SearchAction\",\"target\":{\"@type\":\"EntryPoint\",\"urlTemplate\":\"https:\/\/www.abf.se\/mittskane\/?s={search_term_string}\"},\"query-input\":{\"@type\":\"PropertyValueSpecification\",\"valueRequired\":true,\"valueName\":\"search_term_string\"}}],\"inLanguage\":\"sv-SE\"}]}<\/script>\n<!-- \/ Yoast SEO plugin. -->","yoast_head_json":{"title":"Mitt i Stan f\u00f6r varje deltagares delaktighet - ABF MittSk\u00e5ne","description":"V\u00e5ra deltagare f\u00e5r f\u00f6ruts\u00e4ttningar att utvecklas och v\u00e4xa med \u201dMitt i Stan\u201d. Vi vill att deltagare ska k\u00e4nna delaktighet och meningsfullhet.","robots":{"index":"index","follow":"follow","max-snippet":"max-snippet:-1","max-image-preview":"max-image-preview:large","max-video-preview":"max-video-preview:-1"},"canonical":"https:\/\/www.abf.se\/mittskane\/mitt-i-stan\/","og_locale":"sv_SE","og_type":"article","og_title":"Mitt i Stan f\u00f6r varje deltagares delaktighet - ABF MittSk\u00e5ne","og_description":"V\u00e5ra deltagare f\u00e5r f\u00f6ruts\u00e4ttningar att utvecklas och v\u00e4xa med \u201dMitt i Stan\u201d. Vi vill att deltagare ska k\u00e4nna delaktighet och meningsfullhet.","og_url":"https:\/\/www.abf.se\/mittskane\/mitt-i-stan\/","og_site_name":"MittSk\u00e5ne","article_modified_time":"2025-05-26T11:27:36+00:00","og_image":[{"width":2560,"height":1440,"url":"https:\/\/www.abf.se\/wp-content\/uploads\/sites\/35\/2024\/04\/Nyckeln-liggande-scaled.jpg","type":"image\/jpeg"}],"twitter_card":"summary_large_image","schema":{"@context":"https:\/\/schema.org","@graph":[{"@type":"WebPage","@id":"https:\/\/www.abf.se\/mittskane\/mitt-i-stan\/","url":"https:\/\/www.abf.se\/mittskane\/mitt-i-stan\/","name":"Mitt i Stan f\u00f6r varje deltagares delaktighet - ABF MittSk\u00e5ne","isPartOf":{"@id":"https:\/\/www.abf.se\/mittskane\/#website"},"datePublished":"2024-02-23T14:11:36+00:00","dateModified":"2025-05-26T11:27:36+00:00","description":"V\u00e5ra deltagare f\u00e5r f\u00f6ruts\u00e4ttningar att utvecklas och v\u00e4xa med \u201dMitt i Stan\u201d. Vi vill att deltagare ska k\u00e4nna delaktighet och meningsfullhet.","breadcrumb":{"@id":"https:\/\/www.abf.se\/mittskane\/mitt-i-stan\/#breadcrumb"},"inLanguage":"sv-SE","potentialAction":[{"@type":"ReadAction","target":["https:\/\/www.abf.se\/mittskane\/mitt-i-stan\/"]}]},{"@type":"BreadcrumbList","@id":"https:\/\/www.abf.se\/mittskane\/mitt-i-stan\/#breadcrumb","itemListElement":[{"@type":"ListItem","position":1,"name":"Home","item":"https:\/\/www.abf.se\/mittskane\/"},{"@type":"ListItem","position":2,"name":"Mitt i Stan"}]},{"@type":"WebSite","@id":"https:\/\/www.abf.se\/mittskane\/#website","url":"https:\/\/www.abf.se\/mittskane\/","name":"MittSk\u00e5ne","description":"","potentialAction":[{"@type":"SearchAction","target":{"@type":"EntryPoint","urlTemplate":"https:\/\/www.abf.se\/mittskane\/?s={search_term_string}"},"query-input":{"@type":"PropertyValueSpecification","valueRequired":true,"valueName":"search_term_string"}}],"inLanguage":"sv-SE"}]}},"_links":{"self":[{"href":"https:\/\/www.abf.se\/mittskane\/wp-json\/wp\/v2\/pages\/310","targetHints":{"allow":["GET"]}}],"collection":[{"href":"https:\/\/www.abf.se\/mittskane\/wp-json\/wp\/v2\/pages"}],"about":[{"href":"https:\/\/www.abf.se\/mittskane\/wp-json\/wp\/v2\/types\/page"}],"author":[{"embeddable":true,"href":"https:\/\/www.abf.se\/mittskane\/wp-json\/wp\/v2\/users\/32"}],"replies":[{"embeddable":true,"href":"https:\/\/www.abf.se\/mittskane\/wp-json\/wp\/v2\/comments?post=310"}],"version-history":[{"count":41,"href":"https:\/\/www.abf.se\/mittskane\/wp-json\/wp\/v2\/pages\/310\/revisions"}],"predecessor-version":[{"id":2854,"href":"https:\/\/www.abf.se\/mittskane\/wp-json\/wp\/v2\/pages\/310\/revisions\/2854"}],"wp:attachment":[{"href":"https:\/\/www.abf.se\/mittskane\/wp-json\/wp\/v2\/media?parent=310"}],"curies":[{"name":"wp","href":"https:\/\/api.w.org\/{rel}","templated":true}]}}