{"id":348,"date":"2024-02-23T15:47:54","date_gmt":"2024-02-23T15:47:54","guid":{"rendered":"https:\/\/www.abf.se\/mittskane\/?page_id=348"},"modified":"2026-04-24T08:17:35","modified_gmt":"2026-04-24T06:17:35","slug":"medlemsorganisationer","status":"publish","type":"page","link":"https:\/\/www.abf.se\/mittskane\/abf-mittskane\/medlemsorganisationer\/","title":{"rendered":"V\u00e5ra Medlemsorganisationer"},"content":{"rendered":"<div\n    class=\"acf-hero-block container-lg no-padding mb-12 js-geolocation\"\n    data-block=\"hero-block\"\n    data-index=\"0\"\n>\n    <div class=\"h-[548px]  relative rounded-[32px] overflow-hidden flex bg-gray-light\">\n        <div class=\"relative z-10 mt-auto h-auto w-full md:h-full\">\n            <div class=\"flex w-full h-full flex-col flex-wrap justify-end w-full md:w-7\/12 lg:w-1\/2 md:justify-center\">\n                <div class=\"flex flex-col gap-3 md:gap-[18px] md:transparent pt-16 pb-36 md:py-8 px-4 w-full md:max-w-[620px] mx-auto px-8\">\n\n                    <h1 class=\"hero-heading\"><span>V\u00e5ra Medlemsorganisationer<\/span><\/h1>\n\n                    \n                                    <\/div>\n            <\/div>\n        <\/div>\n\n        \n\n                    <figure class=\"absolute bottom-0  md:w-1\/2 transform right-0 translate-x-10 md:translate-x-32\">\n                <img decoding=\"async\"\n                    alt=\"\"\n                    aria-hidden=\"true\"\n                    class=\"h-auto w-full\"\n                    role=\"presentation\"\n                    src=\"\/assets\/images\/two_circles_bottom.svg\"\n                >\n            <\/figure>\n            <\/div>\n\n    <\/div>\n\n<ul\n    class=\"acf-article-accordion-block accordion-group grid gap-4 my-12 article-container\"\n    data-block=\"article-accordion-block \"\n    data-ui-accordion-group\n>\n\n            <li class=\"accordion\" data-ui-accordion data-ui-accordion-open=\"false\">\n        <h3>\n        <button data-ui-accordion-button class=\"accordion-toggle font-bold\" aria-expanded=\"false\" aria-controls=\"row-abc-0\" id=\"abc-0\">\n            A-B-C\n            \n            <figure class=\"w-4.5 h-4.5\" aria-hidden=\"true\">\n            <svg width=\"20\" height=\"20\" viewBox=\"0 0 20 20\" fill=\"none\"\nclass=\"SvgIconElement\">\n<path d=\"M15.8333 7.16667L9.99992 13L4.16659 7.16667\" stroke=\"currentColor\"\/>\n<\/svg>\n            <\/figure>\n        <\/button>\n        \n                <\/h3>\n        <div class=\"accordion-content\">\n            <div id=\"row-abc-0\" role=\"region\" class=\"accordion-content-wrap\" aria-labelledby=\"abc-0\">\n                                            <div class=\"wysiwyg\">\n                    <p>ABF:s S\u00e5ngargille i Lund<br \/>\nBRF Svaneholm<br \/>\nBurl\u00f6vs Arbetarekommun<br \/>\nByggnads Sk\u00e5ne<\/p>\n\n                <\/div>\n                                        <\/div>\n        <\/div>\n    <\/li>\n            <li class=\"accordion\" data-ui-accordion data-ui-accordion-open=\"false\">\n        <h3>\n        <button data-ui-accordion-button class=\"accordion-toggle font-bold\" aria-expanded=\"false\" aria-controls=\"row-def-1\" id=\"def-1\">\n            D-E-F\n            \n            <figure class=\"w-4.5 h-4.5\" aria-hidden=\"true\">\n            <svg width=\"20\" height=\"20\" viewBox=\"0 0 20 20\" fill=\"none\"\nclass=\"SvgIconElement\">\n<path d=\"M15.8333 7.16667L9.99992 13L4.16659 7.16667\" stroke=\"currentColor\"\/>\n<\/svg>\n            <\/figure>\n        <\/button>\n        \n                <\/h3>\n        <div class=\"accordion-content\">\n            <div id=\"row-def-1\" role=\"region\" class=\"accordion-content-wrap\" aria-labelledby=\"def-1\">\n                                            <div class=\"wysiwyg\">\n                    <p>Epilepsif\u00f6reningen i Lund med omnejd<br \/>\nEsl\u00f6vs F\u00f6rel\u00e4sningsf\u00f6rening<br \/>\nFastighetsanst\u00e4lldas f\u00f6rbund Region Syd<br \/>\nFolkets Hus H\u00f6rby<br \/>\nFolkets Hus Lund<br \/>\nFolkets Hus Staffanstorp<br \/>\nF\u00f6reningen New York Dance<\/p>\n\n                <\/div>\n                                        <\/div>\n        <\/div>\n    <\/li>\n            <li class=\"accordion\" data-ui-accordion data-ui-accordion-open=\"false\">\n        <h3>\n        <button data-ui-accordion-button class=\"accordion-toggle font-bold\" aria-expanded=\"false\" aria-controls=\"row-ghi-2\" id=\"ghi-2\">\n            G-H-I\n            \n            <figure class=\"w-4.5 h-4.5\" aria-hidden=\"true\">\n            <svg width=\"20\" height=\"20\" viewBox=\"0 0 20 20\" fill=\"none\"\nclass=\"SvgIconElement\">\n<path d=\"M15.8333 7.16667L9.99992 13L4.16659 7.16667\" stroke=\"currentColor\"\/>\n<\/svg>\n            <\/figure>\n        <\/button>\n        \n                <\/h3>\n        <div class=\"accordion-content\">\n            <div id=\"row-ghi-2\" role=\"region\" class=\"accordion-content-wrap\" aria-labelledby=\"ghi-2\">\n                                            <div class=\"wysiwyg\">\n                    <p>GS Avdelning 1 &#8211; Sk\u00e5ne\/Blekinge<br \/>\nHandelsanst\u00e4lldas f\u00f6rbund avd 1<br \/>\nHandelsanst\u00e4lldas f\u00f6rbund avd 4<br \/>\nHotell och Restaurangfacket Avd 5 Syd<br \/>\nHyresg\u00e4stf\u00f6reningen Burl\u00f6v-Lomma-Staffanstorp<br \/>\nHyresg\u00e4stf\u00f6reningen Esl\u00f6v<br \/>\nHyresg\u00e4stf\u00f6reningen H\u00e4ssleholm\/H\u00f6\u00f6r<br \/>\nHyresg\u00e4stf\u00f6reningen H\u00f6rby<br \/>\nHyresg\u00e4stf\u00f6reningen K\u00e4vlinge<br \/>\nHyresg\u00e4stf\u00f6reningen Region S\u00f6dra Sk\u00e5ne<br \/>\nH\u00f6rby S-f\u00f6rening<br \/>\nH\u00f6rselskadades f\u00f6rening i Lund<br \/>\nIF Metall sektionen Lomma-Burl\u00f6v<br \/>\nIF Metall Sydv\u00e4stra Sk\u00e5ne<br \/>\nIF Metall \u00d6stra Sk\u00e5ne<\/p>\n\n                <\/div>\n                                        <\/div>\n        <\/div>\n    <\/li>\n            <li class=\"accordion\" data-ui-accordion data-ui-accordion-open=\"false\">\n        <h3>\n        <button data-ui-accordion-button class=\"accordion-toggle font-bold\" aria-expanded=\"false\" aria-controls=\"row-jkl-3\" id=\"jkl-3\">\n            J-K-L\n            \n            <figure class=\"w-4.5 h-4.5\" aria-hidden=\"true\">\n            <svg width=\"20\" height=\"20\" viewBox=\"0 0 20 20\" fill=\"none\"\nclass=\"SvgIconElement\">\n<path d=\"M15.8333 7.16667L9.99992 13L4.16659 7.16667\" stroke=\"currentColor\"\/>\n<\/svg>\n            <\/figure>\n        <\/button>\n        \n                <\/h3>\n        <div class=\"accordion-content\">\n            <div id=\"row-jkl-3\" role=\"region\" class=\"accordion-content-wrap\" aria-labelledby=\"jkl-3\">\n                                            <div class=\"wysiwyg\">\n                    <p>KF L\u00e4nken<br \/>\nKommunal H\u00f6rby<br \/>\nKommunal Lomma-Burl\u00f6v<br \/>\nKommunal sektion 1 Lund\/Region Mellersta<br \/>\nKommunal Sk\u00e5ne L\u00e4n<br \/>\nKommunal Sk\u00e5ne sektion Lund\/Staffanstorp<br \/>\nKommunal Sk\u00e5ne sektion Esl\u00f6v<br \/>\nKommunal Sk\u00e5ne sektion H\u00f6\u00f6r<br \/>\nKommunal Sk\u00e5ne sektion K\u00e4vlinge\/Landskrona<br \/>\nLO-Distriktet i Sk\u00e5ne<br \/>\nLO-Facken i Esl\u00f6v<br \/>\nLO-Facken i H\u00f6\u00f6r<br \/>\nLO-Facken i K\u00e4vlinge<br \/>\nLO-Facken i Lund<br \/>\nLO-Facken i Staffanstorp<br \/>\nLokala Hyresg\u00e4stf\u00f6reningen Berga<br \/>\nLokala Hyresg\u00e4stf\u00f6reningen Marieholm<br \/>\nLokala Hyresg\u00e4stf\u00f6reningen R\u00f6nneberga<br \/>\nLokala Hyresg\u00e4stf\u00f6reningen Sallerup<br \/>\nLomma Arbetarekommun<br \/>\nLomma-Bj\u00e4rred Socialdemokratiska Kvinnof\u00f6rbund<br \/>\nLomma Socialdemokratiska f\u00f6rening<br \/>\nLundabygdens D\u00f6vas f\u00f6rening<br \/>\nLunds FN-f\u00f6rening<\/p>\n\n                <\/div>\n                                        <\/div>\n        <\/div>\n    <\/li>\n            <li class=\"accordion\" data-ui-accordion data-ui-accordion-open=\"false\">\n        <h3>\n        <button data-ui-accordion-button class=\"accordion-toggle font-bold\" aria-expanded=\"false\" aria-controls=\"row-mno-4\" id=\"mno-4\">\n            M-N-O\n            \n            <figure class=\"w-4.5 h-4.5\" aria-hidden=\"true\">\n            <svg width=\"20\" height=\"20\" viewBox=\"0 0 20 20\" fill=\"none\"\nclass=\"SvgIconElement\">\n<path d=\"M15.8333 7.16667L9.99992 13L4.16659 7.16667\" stroke=\"currentColor\"\/>\n<\/svg>\n            <\/figure>\n        <\/button>\n        \n                <\/h3>\n        <div class=\"accordion-content\">\n            <div id=\"row-mno-4\" role=\"region\" class=\"accordion-content-wrap\" aria-labelledby=\"mno-4\">\n                                            <div class=\"wysiwyg\">\n                    <p>Marieholms S-f\u00f6rening<br \/>\nMellansk\u00e5nes Diabetesf\u00f6rening<\/p>\n\n                <\/div>\n                                        <\/div>\n        <\/div>\n    <\/li>\n            <li class=\"accordion\" data-ui-accordion data-ui-accordion-open=\"false\">\n        <h3>\n        <button data-ui-accordion-button class=\"accordion-toggle font-bold\" aria-expanded=\"false\" aria-controls=\"row-pqr-5\" id=\"pqr-5\">\n            P-Q-R\n            \n            <figure class=\"w-4.5 h-4.5\" aria-hidden=\"true\">\n            <svg width=\"20\" height=\"20\" viewBox=\"0 0 20 20\" fill=\"none\"\nclass=\"SvgIconElement\">\n<path d=\"M15.8333 7.16667L9.99992 13L4.16659 7.16667\" stroke=\"currentColor\"\/>\n<\/svg>\n            <\/figure>\n        <\/button>\n        \n                <\/h3>\n        <div class=\"accordion-content\">\n            <div id=\"row-pqr-5\" role=\"region\" class=\"accordion-content-wrap\" aria-labelledby=\"pqr-5\">\n                                            <div class=\"wysiwyg\">\n                    <p>Picasso Musikf\u00f6rmedling<br \/>\nPRO Arl\u00f6v<br \/>\nPRO Billinge Stockam\u00f6llan<br \/>\nPRO Esl\u00f6v<br \/>\nPRO Furulund<br \/>\nPRO Genarp<br \/>\nPRO H\u00f6rby<br \/>\nPRO H\u00f6\u00f6r<br \/>\nPRO K\u00e4vlinge<br \/>\nPRO Lomma<br \/>\nPRO Lund<br \/>\nPRO Marieholm<br \/>\nPRO Staffanstorp<br \/>\nPRO Stehag<br \/>\nPRO S\u00f6dra Sandby<br \/>\nPRO Tj\u00f6rnarp<br \/>\nPRO Veber\u00f6d<br \/>\nPRO \u00c5karp<br \/>\nReumatikerf\u00f6reningen i Lundabygden<br \/>\nReumatikerf\u00f6erningen Mellansk\u00e5ne<br \/>\nRiksbyggen Intressef\u00f6rening s\u00f6dra\/mellersta<br \/>\nRiksf\u00f6rbundet Hj\u00e4rtLung Mellansk\u00e5ne<br \/>\nRiksf\u00f6rbundet Hj\u00e4rtLung Sk\u00e5ne Lund<br \/>\nRSMH Lund<br \/>\nRTP Mellersta Sk\u00e5ne<\/p>\n\n                <\/div>\n                                        <\/div>\n        <\/div>\n    <\/li>\n            <li class=\"accordion\" data-ui-accordion data-ui-accordion-open=\"false\">\n        <h3>\n        <button data-ui-accordion-button class=\"accordion-toggle font-bold\" aria-expanded=\"false\" aria-controls=\"row-stu-6\" id=\"stu-6\">\n            S-T-U\n            \n            <figure class=\"w-4.5 h-4.5\" aria-hidden=\"true\">\n            <svg width=\"20\" height=\"20\" viewBox=\"0 0 20 20\" fill=\"none\"\nclass=\"SvgIconElement\">\n<path d=\"M15.8333 7.16667L9.99992 13L4.16659 7.16667\" stroke=\"currentColor\"\/>\n<\/svg>\n            <\/figure>\n        <\/button>\n        \n                <\/h3>\n        <div class=\"accordion-content\">\n            <div id=\"row-stu-6\" role=\"region\" class=\"accordion-content-wrap\" aria-labelledby=\"stu-6\">\n                                            <div class=\"wysiwyg\">\n                    <p>SAFRAN S\u00f6dra Afrikagruppen i Sk\u00e5ne<br \/>\nSAP Centrum<br \/>\nSAP Nordv\u00e4st<br \/>\nSAP Norr och i St\u00e5ngby<br \/>\nSAP Sydost<br \/>\nSAP \u00d6stra staden i Lund<br \/>\nSEKO Sj\u00f6folk<br \/>\nSEKO Sk\u00e5ne<br \/>\nSilverforsen K\u00e4vlinge Folkets park<br \/>\nSKPF avd 24 Lund<br \/>\nSKPF avd 55 Esl\u00f6v, H\u00f6rby<br \/>\nS-kvinnor Camilla i Lund<br \/>\nS-kvinnor Esl\u00f6v<br \/>\nS-kvinnor Staffanstorp<br \/>\nSocialdemokrater f\u00f6r Tro och Solidaritet Sk\u00e5ne\/Blekinge<br \/>\nSocialdemokraterna i Esl\u00f6v<br \/>\nSocialdemokraterna i H\u00f6rby<br \/>\nSocialdemokraterna i H\u00f6\u00f6r<br \/>\nSocialdemokraterna i K\u00e4vlinge<br \/>\nSocialdemokraterna i Lund<br \/>\nSocialdemokraterna i Staffanstorp<br \/>\nSRF Lundabygden<br \/>\nSRF Ringsj\u00f6bygden<br \/>\nSv Livsmedelsarb F\u00f6rb Region Syd<br \/>\nSv M\u00e5laref\u00f6rbundet avd 2 s\u00f6dra<br \/>\nSv Transportarbetaref\u00f6rbundet avd 12<br \/>\nSvenska Eletrikerf\u00f6rbundet Region Syd<br \/>\nSvenska Kvinnors V\u00e4nsterf\u00f6rbund<br \/>\nSvenska Musiker Avd 30 Syd<br \/>\nTeater Oscar<br \/>\nTransport 51<\/p>\n\n                <\/div>\n                                        <\/div>\n        <\/div>\n    <\/li>\n            <li class=\"accordion\" data-ui-accordion data-ui-accordion-open=\"false\">\n        <h3>\n        <button data-ui-accordion-button class=\"accordion-toggle font-bold\" aria-expanded=\"false\" aria-controls=\"row-vwx-7\" id=\"vwx-7\">\n            V-W-X\n            \n            <figure class=\"w-4.5 h-4.5\" aria-hidden=\"true\">\n            <svg width=\"20\" height=\"20\" viewBox=\"0 0 20 20\" fill=\"none\"\nclass=\"SvgIconElement\">\n<path d=\"M15.8333 7.16667L9.99992 13L4.16659 7.16667\" stroke=\"currentColor\"\/>\n<\/svg>\n            <\/figure>\n        <\/button>\n        \n                <\/h3>\n        <div class=\"accordion-content\">\n            <div id=\"row-vwx-7\" role=\"region\" class=\"accordion-content-wrap\" aria-labelledby=\"vwx-7\">\n                                            <div class=\"wysiwyg\">\n                    <p>V\u00e4nsterpartiet H\u00f6rby<br \/>\nV\u00e4nsterpartiet Lund<\/p>\n\n                <\/div>\n                                        <\/div>\n        <\/div>\n    <\/li>\n            <li class=\"accordion\" data-ui-accordion data-ui-accordion-open=\"false\">\n        <h3>\n        <button data-ui-accordion-button class=\"accordion-toggle font-bold\" aria-expanded=\"false\" aria-controls=\"row-yzaao-8\" id=\"yzaao-8\">\n            Y-Z-\u00c5-\u00c4-\u00d6\n            \n            <figure class=\"w-4.5 h-4.5\" aria-hidden=\"true\">\n            <svg width=\"20\" height=\"20\" viewBox=\"0 0 20 20\" fill=\"none\"\nclass=\"SvgIconElement\">\n<path d=\"M15.8333 7.16667L9.99992 13L4.16659 7.16667\" stroke=\"currentColor\"\/>\n<\/svg>\n            <\/figure>\n        <\/button>\n        \n                <\/h3>\n        <div class=\"accordion-content\">\n            <div id=\"row-yzaao-8\" role=\"region\" class=\"accordion-content-wrap\" aria-labelledby=\"yzaao-8\">\n                        <\/div>\n        <\/div>\n    <\/li>\n    <\/ul>\n","protected":false},"excerpt":{"rendered":"","protected":false},"author":32,"featured_media":0,"parent":387,"menu_order":0,"comment_status":"closed","ping_status":"closed","template":"","meta":{"_acf_changed":false,"footnotes":""},"class_list":["post-348","page","type-page","status-publish","hentry"],"acf":[],"yoast_head":"<!-- This site is optimized with the Yoast SEO plugin v27.0 - https:\/\/yoast.com\/product\/yoast-seo-wordpress\/ -->\n<title>V\u00e5ra Medlemsorganisationer - MittSk\u00e5ne<\/title>\n<meta name=\"description\" content=\"V\u00e5ra medlemsorganisationer fr\u00e5n A till \u00d6. H\u00e4r hittar man alla medlemsorganisationer som samarbetar med ABF MittSk\u00e5ne.\" \/>\n<meta name=\"robots\" content=\"index, follow, max-snippet:-1, max-image-preview:large, max-video-preview:-1\" \/>\n<link rel=\"canonical\" href=\"https:\/\/www.abf.se\/mittskane\/abf-mittskane\/medlemsorganisationer\/\" \/>\n<meta property=\"og:locale\" content=\"sv_SE\" \/>\n<meta property=\"og:type\" content=\"article\" \/>\n<meta property=\"og:title\" content=\"V\u00e5ra Medlemsorganisationer - MittSk\u00e5ne\" \/>\n<meta property=\"og:description\" content=\"V\u00e5ra medlemsorganisationer fr\u00e5n A till \u00d6. H\u00e4r hittar man alla medlemsorganisationer som samarbetar med ABF MittSk\u00e5ne.\" \/>\n<meta property=\"og:url\" content=\"https:\/\/www.abf.se\/mittskane\/abf-mittskane\/medlemsorganisationer\/\" \/>\n<meta property=\"og:site_name\" content=\"MittSk\u00e5ne\" \/>\n<meta property=\"article:modified_time\" content=\"2026-04-24T06:17:35+00:00\" \/>\n<meta property=\"og:image\" content=\"https:\/\/www.abf.se\/wp-content\/uploads\/sites\/35\/2024\/04\/Nyckeln-liggande-scaled.jpg\" \/>\n\t<meta property=\"og:image:width\" content=\"2560\" \/>\n\t<meta property=\"og:image:height\" content=\"1440\" \/>\n\t<meta property=\"og:image:type\" content=\"image\/jpeg\" \/>\n<meta name=\"twitter:card\" content=\"summary_large_image\" \/>\n<script type=\"application\/ld+json\" class=\"yoast-schema-graph\">{\"@context\":\"https:\/\/schema.org\",\"@graph\":[{\"@type\":\"WebPage\",\"@id\":\"https:\/\/www.abf.se\/mittskane\/abf-mittskane\/medlemsorganisationer\/\",\"url\":\"https:\/\/www.abf.se\/mittskane\/abf-mittskane\/medlemsorganisationer\/\",\"name\":\"V\u00e5ra Medlemsorganisationer - MittSk\u00e5ne\",\"isPartOf\":{\"@id\":\"https:\/\/www.abf.se\/mittskane\/#website\"},\"datePublished\":\"2024-02-23T15:47:54+00:00\",\"dateModified\":\"2026-04-24T06:17:35+00:00\",\"description\":\"V\u00e5ra medlemsorganisationer fr\u00e5n A till \u00d6. H\u00e4r hittar man alla medlemsorganisationer som samarbetar med ABF MittSk\u00e5ne.\",\"breadcrumb\":{\"@id\":\"https:\/\/www.abf.se\/mittskane\/abf-mittskane\/medlemsorganisationer\/#breadcrumb\"},\"inLanguage\":\"sv-SE\",\"potentialAction\":[{\"@type\":\"ReadAction\",\"target\":[\"https:\/\/www.abf.se\/mittskane\/abf-mittskane\/medlemsorganisationer\/\"]}]},{\"@type\":\"BreadcrumbList\",\"@id\":\"https:\/\/www.abf.se\/mittskane\/abf-mittskane\/medlemsorganisationer\/#breadcrumb\",\"itemListElement\":[{\"@type\":\"ListItem\",\"position\":1,\"name\":\"Home\",\"item\":\"https:\/\/www.abf.se\/mittskane\/\"},{\"@type\":\"ListItem\",\"position\":2,\"name\":\"ABF MittSk\u00e5ne\",\"item\":\"https:\/\/www.abf.se\/mittskane\/abf-mittskane\/\"},{\"@type\":\"ListItem\",\"position\":3,\"name\":\"V\u00e5ra Medlemsorganisationer\"}]},{\"@type\":\"WebSite\",\"@id\":\"https:\/\/www.abf.se\/mittskane\/#website\",\"url\":\"https:\/\/www.abf.se\/mittskane\/\",\"name\":\"MittSk\u00e5ne\",\"description\":\"\",\"potentialAction\":[{\"@type\":\"SearchAction\",\"target\":{\"@type\":\"EntryPoint\",\"urlTemplate\":\"https:\/\/www.abf.se\/mittskane\/?s={search_term_string}\"},\"query-input\":{\"@type\":\"PropertyValueSpecification\",\"valueRequired\":true,\"valueName\":\"search_term_string\"}}],\"inLanguage\":\"sv-SE\"}]}<\/script>\n<!-- \/ Yoast SEO plugin. -->","yoast_head_json":{"title":"V\u00e5ra Medlemsorganisationer - MittSk\u00e5ne","description":"V\u00e5ra medlemsorganisationer fr\u00e5n A till \u00d6. H\u00e4r hittar man alla medlemsorganisationer som samarbetar med ABF MittSk\u00e5ne.","robots":{"index":"index","follow":"follow","max-snippet":"max-snippet:-1","max-image-preview":"max-image-preview:large","max-video-preview":"max-video-preview:-1"},"canonical":"https:\/\/www.abf.se\/mittskane\/abf-mittskane\/medlemsorganisationer\/","og_locale":"sv_SE","og_type":"article","og_title":"V\u00e5ra Medlemsorganisationer - MittSk\u00e5ne","og_description":"V\u00e5ra medlemsorganisationer fr\u00e5n A till \u00d6. H\u00e4r hittar man alla medlemsorganisationer som samarbetar med ABF MittSk\u00e5ne.","og_url":"https:\/\/www.abf.se\/mittskane\/abf-mittskane\/medlemsorganisationer\/","og_site_name":"MittSk\u00e5ne","article_modified_time":"2026-04-24T06:17:35+00:00","og_image":[{"width":2560,"height":1440,"url":"https:\/\/www.abf.se\/wp-content\/uploads\/sites\/35\/2024\/04\/Nyckeln-liggande-scaled.jpg","type":"image\/jpeg"}],"twitter_card":"summary_large_image","schema":{"@context":"https:\/\/schema.org","@graph":[{"@type":"WebPage","@id":"https:\/\/www.abf.se\/mittskane\/abf-mittskane\/medlemsorganisationer\/","url":"https:\/\/www.abf.se\/mittskane\/abf-mittskane\/medlemsorganisationer\/","name":"V\u00e5ra Medlemsorganisationer - MittSk\u00e5ne","isPartOf":{"@id":"https:\/\/www.abf.se\/mittskane\/#website"},"datePublished":"2024-02-23T15:47:54+00:00","dateModified":"2026-04-24T06:17:35+00:00","description":"V\u00e5ra medlemsorganisationer fr\u00e5n A till \u00d6. H\u00e4r hittar man alla medlemsorganisationer som samarbetar med ABF MittSk\u00e5ne.","breadcrumb":{"@id":"https:\/\/www.abf.se\/mittskane\/abf-mittskane\/medlemsorganisationer\/#breadcrumb"},"inLanguage":"sv-SE","potentialAction":[{"@type":"ReadAction","target":["https:\/\/www.abf.se\/mittskane\/abf-mittskane\/medlemsorganisationer\/"]}]},{"@type":"BreadcrumbList","@id":"https:\/\/www.abf.se\/mittskane\/abf-mittskane\/medlemsorganisationer\/#breadcrumb","itemListElement":[{"@type":"ListItem","position":1,"name":"Home","item":"https:\/\/www.abf.se\/mittskane\/"},{"@type":"ListItem","position":2,"name":"ABF MittSk\u00e5ne","item":"https:\/\/www.abf.se\/mittskane\/abf-mittskane\/"},{"@type":"ListItem","position":3,"name":"V\u00e5ra Medlemsorganisationer"}]},{"@type":"WebSite","@id":"https:\/\/www.abf.se\/mittskane\/#website","url":"https:\/\/www.abf.se\/mittskane\/","name":"MittSk\u00e5ne","description":"","potentialAction":[{"@type":"SearchAction","target":{"@type":"EntryPoint","urlTemplate":"https:\/\/www.abf.se\/mittskane\/?s={search_term_string}"},"query-input":{"@type":"PropertyValueSpecification","valueRequired":true,"valueName":"search_term_string"}}],"inLanguage":"sv-SE"}]}},"_links":{"self":[{"href":"https:\/\/www.abf.se\/mittskane\/wp-json\/wp\/v2\/pages\/348","targetHints":{"allow":["GET"]}}],"collection":[{"href":"https:\/\/www.abf.se\/mittskane\/wp-json\/wp\/v2\/pages"}],"about":[{"href":"https:\/\/www.abf.se\/mittskane\/wp-json\/wp\/v2\/types\/page"}],"author":[{"embeddable":true,"href":"https:\/\/www.abf.se\/mittskane\/wp-json\/wp\/v2\/users\/32"}],"replies":[{"embeddable":true,"href":"https:\/\/www.abf.se\/mittskane\/wp-json\/wp\/v2\/comments?post=348"}],"version-history":[{"count":33,"href":"https:\/\/www.abf.se\/mittskane\/wp-json\/wp\/v2\/pages\/348\/revisions"}],"predecessor-version":[{"id":3389,"href":"https:\/\/www.abf.se\/mittskane\/wp-json\/wp\/v2\/pages\/348\/revisions\/3389"}],"up":[{"embeddable":true,"href":"https:\/\/www.abf.se\/mittskane\/wp-json\/wp\/v2\/pages\/387"}],"wp:attachment":[{"href":"https:\/\/www.abf.se\/mittskane\/wp-json\/wp\/v2\/media?parent=348"}],"curies":[{"name":"wp","href":"https:\/\/api.w.org\/{rel}","templated":true}]}}