{"id":394,"date":"2024-02-26T14:30:23","date_gmt":"2024-02-26T14:30:23","guid":{"rendered":"https:\/\/www.abf.se\/mittskane\/?page_id=394"},"modified":"2026-04-23T12:31:29","modified_gmt":"2026-04-23T10:31:29","slug":"styrelsen","status":"publish","type":"page","link":"https:\/\/www.abf.se\/mittskane\/abf-mittskane\/styrelsen\/","title":{"rendered":"Styrelse och Valberedning"},"content":{"rendered":"<div\n    class=\"acf-hero-block container-lg no-padding mb-12 js-geolocation\"\n    data-block=\"hero-block\"\n    data-index=\"0\"\n>\n    <div class=\"h-[548px]  relative rounded-[32px] overflow-hidden flex bg-gray-light\">\n        <div class=\"relative z-10 mt-auto h-auto w-full md:h-full\">\n            <div class=\"flex w-full h-full flex-col flex-wrap justify-end w-full md:w-7\/12 lg:w-1\/2 md:justify-center\">\n                <div class=\"flex flex-col gap-3 md:gap-[18px] md:transparent pt-16 pb-36 md:py-8 px-4 w-full md:max-w-[620px] mx-auto px-8\">\n\n                    <h1 class=\"hero-heading\"><span>Styrelse och Valberedning<\/span><\/h1>\n\n                    \n                                    <\/div>\n            <\/div>\n        <\/div>\n\n        \n\n                    <figure class=\"absolute bottom-0  md:w-1\/2 transform right-0 translate-x-10 md:translate-x-32\">\n                <img decoding=\"async\"\n                    alt=\"\"\n                    aria-hidden=\"true\"\n                    class=\"h-auto w-full\"\n                    role=\"presentation\"\n                    src=\"\/assets\/images\/two_circles_bottom.svg\"\n                >\n            <\/figure>\n            <\/div>\n\n    <\/div>\n\n<div\n    class=\"acf-article-text-block article-container my-12\"\n    data-block=\"article-text-block\"\n>\n    <div class=\"wysiwyg\">\n        <h3><strong>Vill du vara med och p\u00e5verka?<br \/>\nBrinner du f\u00f6r folkbildning?<\/strong><\/h3>\n<p>Om du vill vara med i styrelsen ser du till att din organisation (som skall vara medlemsorganisation i ABF MittSk\u00e5ne) nominerar dig till valberedningen senast den 28 februari.<\/p>\n<p><strong>Om du vill kontakta hela styrelsen, skicka ett mail till: <a href=\"mailto:styrelsen.080@abf.se\">styrelsen.080@abf.se<\/a><\/strong><\/p>\n\n    <\/div>\n<\/div>\n<ul\n    class=\"acf-article-accordion-block accordion-group grid gap-4 my-12 article-container\"\n    data-block=\"article-accordion-block \"\n    data-ui-accordion-group\n>\n\n            <li class=\"accordion\" data-ui-accordion data-ui-accordion-open=\"false\">\n        <h3>\n        <button data-ui-accordion-button class=\"accordion-toggle font-bold\" aria-expanded=\"false\" aria-controls=\"row-styrelse:-0\" id=\"styrelse:-0\">\n            Styrelse:\n            \n            <figure class=\"w-4.5 h-4.5\" aria-hidden=\"true\">\n            <svg width=\"20\" height=\"20\" viewBox=\"0 0 20 20\" fill=\"none\"\nclass=\"SvgIconElement\">\n<path d=\"M15.8333 7.16667L9.99992 13L4.16659 7.16667\" stroke=\"currentColor\"\/>\n<\/svg>\n            <\/figure>\n        <\/button>\n        \n                <\/h3>\n        <div class=\"accordion-content\">\n            <div id=\"row-styrelse:-0\" role=\"region\" class=\"accordion-content-wrap\" aria-labelledby=\"styrelse:-0\">\n                                            <div class=\"wysiwyg\">\n                    <p>Tony Hansson, Ordf\u00f6rande<br \/>\nKerstin Nilsson, Ledamot<br \/>\nTorbj\u00f6rn L\u00f6vendahl, Ledamot<br \/>\nKatarina Lundgren, Ledamot<br \/>\nJonatan Nordkvist, Ledamot<br \/>\nDorit S Andersson, Ledamot<br \/>\nMats Nilsson, Ledamot<\/p>\n<p>Lars-G\u00f6ran Blixt, Ers\u00e4ttare<br \/>\nEva-Lott Lundstr\u00f6m, Ers\u00e4ttare<br \/>\nStefan Hedetoft, Ers\u00e4ttare<\/p>\n\n                <\/div>\n                                        <\/div>\n        <\/div>\n    <\/li>\n    <\/ul>\n<ul\n    class=\"acf-article-accordion-block accordion-group grid gap-4 my-12 article-container\"\n    data-block=\"article-accordion-block \"\n    data-ui-accordion-group\n>\n\n            <li class=\"accordion\" data-ui-accordion data-ui-accordion-open=\"false\">\n        <h3>\n        <button data-ui-accordion-button class=\"accordion-toggle font-bold\" aria-expanded=\"false\" aria-controls=\"row-valberedning:-0\" id=\"valberedning:-0\">\n            Valberedning:\n            \n            <figure class=\"w-4.5 h-4.5\" aria-hidden=\"true\">\n            <svg width=\"20\" height=\"20\" viewBox=\"0 0 20 20\" fill=\"none\"\nclass=\"SvgIconElement\">\n<path d=\"M15.8333 7.16667L9.99992 13L4.16659 7.16667\" stroke=\"currentColor\"\/>\n<\/svg>\n            <\/figure>\n        <\/button>\n        \n                <\/h3>\n        <div class=\"accordion-content\">\n            <div id=\"row-valberedning:-0\" role=\"region\" class=\"accordion-content-wrap\" aria-labelledby=\"valberedning:-0\">\n                                            <div class=\"wysiwyg\">\n                    <p>Jan-\u00c5ke Larsson (Sammankallande)<br \/>\nMonica Molin<br \/>\nPeter Reuter<br \/>\nCecilia Winge<br \/>\nMarita Lidstr\u00f6m<\/p>\n\n                <\/div>\n                                        <\/div>\n        <\/div>\n    <\/li>\n    <\/ul>\n<div\n    class=\"acf-article-text-block article-container my-12\"\n    data-block=\"article-text-block\"\n>\n    <div class=\"wysiwyg\">\n        <p><strong>Om din f\u00f6rening (som \u00e4r medlem i ABF MittSk\u00e5ne) vill nominera till styrelsen,<br \/>\ns\u00e4nder ni <\/strong><strong>nomineringen till:<br \/>\n<\/strong><br \/>\n<strong>Valberedningen ABF MittSk\u00e5ne Kiliansgatan 9, 223 50\u00a0 LUND<\/strong><\/p>\n\n    <\/div>\n<\/div>\n","protected":false},"excerpt":{"rendered":"","protected":false},"author":32,"featured_media":0,"parent":387,"menu_order":0,"comment_status":"closed","ping_status":"closed","template":"","meta":{"_acf_changed":false,"footnotes":""},"class_list":["post-394","page","type-page","status-publish","hentry"],"acf":[],"yoast_head":"<!-- This site is optimized with the Yoast SEO plugin v27.0 - https:\/\/yoast.com\/product\/yoast-seo-wordpress\/ -->\n<title>Styrelse och Valberedning - MittSk\u00e5ne<\/title>\n<meta name=\"description\" content=\"Vill du vara med och p\u00e5verka? Brinner du f\u00f6r folkbildning? Se till att din organisation nominerar dig till valberedningen.\" \/>\n<meta name=\"robots\" content=\"index, follow, max-snippet:-1, max-image-preview:large, max-video-preview:-1\" \/>\n<link rel=\"canonical\" href=\"https:\/\/www.abf.se\/mittskane\/abf-mittskane\/styrelsen\/\" \/>\n<meta property=\"og:locale\" content=\"sv_SE\" \/>\n<meta property=\"og:type\" content=\"article\" \/>\n<meta property=\"og:title\" content=\"Styrelse och Valberedning - MittSk\u00e5ne\" \/>\n<meta property=\"og:description\" content=\"Vill du vara med och p\u00e5verka? Brinner du f\u00f6r folkbildning? Se till att din organisation nominerar dig till valberedningen.\" \/>\n<meta property=\"og:url\" content=\"https:\/\/www.abf.se\/mittskane\/abf-mittskane\/styrelsen\/\" \/>\n<meta property=\"og:site_name\" content=\"MittSk\u00e5ne\" \/>\n<meta property=\"article:modified_time\" content=\"2026-04-23T10:31:29+00:00\" \/>\n<meta property=\"og:image\" content=\"https:\/\/www.abf.se\/wp-content\/uploads\/sites\/35\/2024\/04\/Nyckeln-liggande-scaled.jpg\" \/>\n\t<meta property=\"og:image:width\" content=\"2560\" \/>\n\t<meta property=\"og:image:height\" content=\"1440\" \/>\n\t<meta property=\"og:image:type\" content=\"image\/jpeg\" \/>\n<meta name=\"twitter:card\" content=\"summary_large_image\" \/>\n<script type=\"application\/ld+json\" class=\"yoast-schema-graph\">{\"@context\":\"https:\/\/schema.org\",\"@graph\":[{\"@type\":\"WebPage\",\"@id\":\"https:\/\/www.abf.se\/mittskane\/abf-mittskane\/styrelsen\/\",\"url\":\"https:\/\/www.abf.se\/mittskane\/abf-mittskane\/styrelsen\/\",\"name\":\"Styrelse och Valberedning - MittSk\u00e5ne\",\"isPartOf\":{\"@id\":\"https:\/\/www.abf.se\/mittskane\/#website\"},\"datePublished\":\"2024-02-26T14:30:23+00:00\",\"dateModified\":\"2026-04-23T10:31:29+00:00\",\"description\":\"Vill du vara med och p\u00e5verka? Brinner du f\u00f6r folkbildning? Se till att din organisation nominerar dig till valberedningen.\",\"breadcrumb\":{\"@id\":\"https:\/\/www.abf.se\/mittskane\/abf-mittskane\/styrelsen\/#breadcrumb\"},\"inLanguage\":\"sv-SE\",\"potentialAction\":[{\"@type\":\"ReadAction\",\"target\":[\"https:\/\/www.abf.se\/mittskane\/abf-mittskane\/styrelsen\/\"]}]},{\"@type\":\"BreadcrumbList\",\"@id\":\"https:\/\/www.abf.se\/mittskane\/abf-mittskane\/styrelsen\/#breadcrumb\",\"itemListElement\":[{\"@type\":\"ListItem\",\"position\":1,\"name\":\"Home\",\"item\":\"https:\/\/www.abf.se\/mittskane\/\"},{\"@type\":\"ListItem\",\"position\":2,\"name\":\"ABF MittSk\u00e5ne\",\"item\":\"https:\/\/www.abf.se\/mittskane\/abf-mittskane\/\"},{\"@type\":\"ListItem\",\"position\":3,\"name\":\"Styrelse och Valberedning\"}]},{\"@type\":\"WebSite\",\"@id\":\"https:\/\/www.abf.se\/mittskane\/#website\",\"url\":\"https:\/\/www.abf.se\/mittskane\/\",\"name\":\"MittSk\u00e5ne\",\"description\":\"\",\"potentialAction\":[{\"@type\":\"SearchAction\",\"target\":{\"@type\":\"EntryPoint\",\"urlTemplate\":\"https:\/\/www.abf.se\/mittskane\/?s={search_term_string}\"},\"query-input\":{\"@type\":\"PropertyValueSpecification\",\"valueRequired\":true,\"valueName\":\"search_term_string\"}}],\"inLanguage\":\"sv-SE\"}]}<\/script>\n<!-- \/ Yoast SEO plugin. -->","yoast_head_json":{"title":"Styrelse och Valberedning - MittSk\u00e5ne","description":"Vill du vara med och p\u00e5verka? Brinner du f\u00f6r folkbildning? Se till att din organisation nominerar dig till valberedningen.","robots":{"index":"index","follow":"follow","max-snippet":"max-snippet:-1","max-image-preview":"max-image-preview:large","max-video-preview":"max-video-preview:-1"},"canonical":"https:\/\/www.abf.se\/mittskane\/abf-mittskane\/styrelsen\/","og_locale":"sv_SE","og_type":"article","og_title":"Styrelse och Valberedning - MittSk\u00e5ne","og_description":"Vill du vara med och p\u00e5verka? Brinner du f\u00f6r folkbildning? Se till att din organisation nominerar dig till valberedningen.","og_url":"https:\/\/www.abf.se\/mittskane\/abf-mittskane\/styrelsen\/","og_site_name":"MittSk\u00e5ne","article_modified_time":"2026-04-23T10:31:29+00:00","og_image":[{"width":2560,"height":1440,"url":"https:\/\/www.abf.se\/wp-content\/uploads\/sites\/35\/2024\/04\/Nyckeln-liggande-scaled.jpg","type":"image\/jpeg"}],"twitter_card":"summary_large_image","schema":{"@context":"https:\/\/schema.org","@graph":[{"@type":"WebPage","@id":"https:\/\/www.abf.se\/mittskane\/abf-mittskane\/styrelsen\/","url":"https:\/\/www.abf.se\/mittskane\/abf-mittskane\/styrelsen\/","name":"Styrelse och Valberedning - MittSk\u00e5ne","isPartOf":{"@id":"https:\/\/www.abf.se\/mittskane\/#website"},"datePublished":"2024-02-26T14:30:23+00:00","dateModified":"2026-04-23T10:31:29+00:00","description":"Vill du vara med och p\u00e5verka? Brinner du f\u00f6r folkbildning? Se till att din organisation nominerar dig till valberedningen.","breadcrumb":{"@id":"https:\/\/www.abf.se\/mittskane\/abf-mittskane\/styrelsen\/#breadcrumb"},"inLanguage":"sv-SE","potentialAction":[{"@type":"ReadAction","target":["https:\/\/www.abf.se\/mittskane\/abf-mittskane\/styrelsen\/"]}]},{"@type":"BreadcrumbList","@id":"https:\/\/www.abf.se\/mittskane\/abf-mittskane\/styrelsen\/#breadcrumb","itemListElement":[{"@type":"ListItem","position":1,"name":"Home","item":"https:\/\/www.abf.se\/mittskane\/"},{"@type":"ListItem","position":2,"name":"ABF MittSk\u00e5ne","item":"https:\/\/www.abf.se\/mittskane\/abf-mittskane\/"},{"@type":"ListItem","position":3,"name":"Styrelse och Valberedning"}]},{"@type":"WebSite","@id":"https:\/\/www.abf.se\/mittskane\/#website","url":"https:\/\/www.abf.se\/mittskane\/","name":"MittSk\u00e5ne","description":"","potentialAction":[{"@type":"SearchAction","target":{"@type":"EntryPoint","urlTemplate":"https:\/\/www.abf.se\/mittskane\/?s={search_term_string}"},"query-input":{"@type":"PropertyValueSpecification","valueRequired":true,"valueName":"search_term_string"}}],"inLanguage":"sv-SE"}]}},"_links":{"self":[{"href":"https:\/\/www.abf.se\/mittskane\/wp-json\/wp\/v2\/pages\/394","targetHints":{"allow":["GET"]}}],"collection":[{"href":"https:\/\/www.abf.se\/mittskane\/wp-json\/wp\/v2\/pages"}],"about":[{"href":"https:\/\/www.abf.se\/mittskane\/wp-json\/wp\/v2\/types\/page"}],"author":[{"embeddable":true,"href":"https:\/\/www.abf.se\/mittskane\/wp-json\/wp\/v2\/users\/32"}],"replies":[{"embeddable":true,"href":"https:\/\/www.abf.se\/mittskane\/wp-json\/wp\/v2\/comments?post=394"}],"version-history":[{"count":34,"href":"https:\/\/www.abf.se\/mittskane\/wp-json\/wp\/v2\/pages\/394\/revisions"}],"predecessor-version":[{"id":3388,"href":"https:\/\/www.abf.se\/mittskane\/wp-json\/wp\/v2\/pages\/394\/revisions\/3388"}],"up":[{"embeddable":true,"href":"https:\/\/www.abf.se\/mittskane\/wp-json\/wp\/v2\/pages\/387"}],"wp:attachment":[{"href":"https:\/\/www.abf.se\/mittskane\/wp-json\/wp\/v2\/media?parent=394"}],"curies":[{"name":"wp","href":"https:\/\/api.w.org\/{rel}","templated":true}]}}