{"id":415,"date":"2024-02-26T14:44:27","date_gmt":"2024-02-26T14:44:27","guid":{"rendered":"https:\/\/www.abf.se\/mittskane\/?page_id=415"},"modified":"2025-06-11T13:38:55","modified_gmt":"2025-06-11T11:38:55","slug":"abfs-sangargille-i-lund","status":"publish","type":"page","link":"https:\/\/www.abf.se\/mittskane\/musik\/abfs-sangargille-i-lund\/","title":{"rendered":"ABF:s S\u00e5ngargille i Lund"},"content":{"rendered":"<div\n    class=\"acf-hero-block container-lg no-padding mb-12 js-geolocation\"\n    data-block=\"hero-block\"\n    data-index=\"0\"\n>\n    <div class=\"h-[548px]  relative rounded-[32px] overflow-hidden flex bg-gray-light\">\n        <div class=\"relative z-10 mt-auto h-auto w-full md:h-full\">\n            <div class=\"flex w-full h-full flex-col flex-wrap justify-end w-full md:w-7\/12 lg:w-1\/2 md:justify-center\">\n                <div class=\"flex flex-col gap-3 md:gap-[18px] md:transparent pt-16 pb-36 md:py-8 px-4 w-full md:max-w-[620px] mx-auto px-8\">\n\n                    <h1 class=\"hero-heading\"><span>ABF:s S\u00e5ngargille i Lund<\/span><\/h1>\n\n                    \n                                    <\/div>\n            <\/div>\n        <\/div>\n\n        \n\n                    <figure class=\"absolute bottom-0  md:w-1\/2 transform right-0 translate-x-10 md:translate-x-32\">\n                <img decoding=\"async\"\n                    alt=\"\"\n                    aria-hidden=\"true\"\n                    class=\"h-auto w-full\"\n                    role=\"presentation\"\n                    src=\"\/assets\/images\/two_circles_bottom.svg\"\n                >\n            <\/figure>\n            <\/div>\n\n    <\/div>\n\n<div\n    class=\"acf-article-image-block mb-12 article-container-lg\"\n    data-block=\"article-image-block\"\n>\n<div class=\"\">\n\n        <figure>\n        \n            <picture class=\"round-corners-lg w-full\"><img decoding=\"async\" src=\"https:\/\/www.abf.se\/mittskane\/resized\/?url=https%3A%2F%2Fwww.abf.se%2Fwp-content%2Fuploads%2Fsites%2F35%2F2024%2F02%2FABFs-sangargille-i-Lund.jpg&#038;fit=contain&#038;w=788&#038;s=f0cc340aa76bd342c48b1737fc09c1bb\" srcset=\"https:\/\/www.abf.se\/mittskane\/resized\/?url=https%3A%2F%2Fwww.abf.se%2Fwp-content%2Fuploads%2Fsites%2F35%2F2024%2F02%2FABFs-sangargille-i-Lund.jpg&#038;fit=contain&#038;w=375&#038;h=252&#038;s=d392fe45a517369556f00d871788384f 375w, https:\/\/www.abf.se\/mittskane\/resized\/?url=https%3A%2F%2Fwww.abf.se%2Fwp-content%2Fuploads%2Fsites%2F35%2F2024%2F02%2FABFs-sangargille-i-Lund.jpg&#038;fit=contain&#038;w=447&#038;h=300&#038;s=9aeec1fb036b9432441ed6cf6e0311d7 447w, https:\/\/www.abf.se\/mittskane\/resized\/?url=https%3A%2F%2Fwww.abf.se%2Fwp-content%2Fuploads%2Fsites%2F35%2F2024%2F02%2FABFs-sangargille-i-Lund.jpg&#038;fit=contain&#038;w=519&#038;h=349&#038;s=de4eb433ef8be56db8d598e6d12eec21 519w, https:\/\/www.abf.se\/mittskane\/resized\/?url=https%3A%2F%2Fwww.abf.se%2Fwp-content%2Fuploads%2Fsites%2F35%2F2024%2F02%2FABFs-sangargille-i-Lund.jpg&#038;fit=contain&#038;w=591&#038;h=397&#038;s=8d65bc4373ec657af05087a54875a96c 591w, https:\/\/www.abf.se\/mittskane\/resized\/?url=https%3A%2F%2Fwww.abf.se%2Fwp-content%2Fuploads%2Fsites%2F35%2F2024%2F02%2FABFs-sangargille-i-Lund.jpg&#038;fit=contain&#038;w=663&#038;h=445&#038;s=e90f1d42a834f0ff35dd860298570ab9 663w, https:\/\/www.abf.se\/mittskane\/resized\/?url=https%3A%2F%2Fwww.abf.se%2Fwp-content%2Fuploads%2Fsites%2F35%2F2024%2F02%2FABFs-sangargille-i-Lund.jpg&#038;fit=contain&#038;w=735&#038;h=494&#038;s=27f6fef994885fa7fba835b1cfbf72e6 735w, https:\/\/www.abf.se\/mittskane\/resized\/?url=https%3A%2F%2Fwww.abf.se%2Fwp-content%2Fuploads%2Fsites%2F35%2F2024%2F02%2FABFs-sangargille-i-Lund.jpg&#038;fit=contain&#038;w=750&#038;h=504&#038;s=1ac05726f6533036c3aa57eae9df392f 750w, https:\/\/www.abf.se\/mittskane\/resized\/?url=https%3A%2F%2Fwww.abf.se%2Fwp-content%2Fuploads%2Fsites%2F35%2F2024%2F02%2FABFs-sangargille-i-Lund.jpg&#038;fit=contain&#038;w=788&#038;s=f0cc340aa76bd342c48b1737fc09c1bb 788w, https:\/\/www.abf.se\/mittskane\/resized\/?url=https%3A%2F%2Fwww.abf.se%2Fwp-content%2Fuploads%2Fsites%2F35%2F2024%2F02%2FABFs-sangargille-i-Lund.jpg&#038;fit=contain&#038;w=894&#038;h=601&#038;s=3ffa1734e2ad896bfd9e866f8a384823 894w, https:\/\/www.abf.se\/mittskane\/resized\/?url=https%3A%2F%2Fwww.abf.se%2Fwp-content%2Fuploads%2Fsites%2F35%2F2024%2F02%2FABFs-sangargille-i-Lund.jpg&#038;fit=contain&#038;w=1038&#038;h=698&#038;s=941ab7da5b36f97aa70f185e5374399e 1038w, https:\/\/www.abf.se\/mittskane\/resized\/?url=https%3A%2F%2Fwww.abf.se%2Fwp-content%2Fuploads%2Fsites%2F35%2F2024%2F02%2FABFs-sangargille-i-Lund.jpg&#038;fit=contain&#038;w=1182&#038;h=795&#038;s=09df314174e4ff06e67007e445dde0b7 1182w, https:\/\/www.abf.se\/mittskane\/resized\/?url=https%3A%2F%2Fwww.abf.se%2Fwp-content%2Fuploads%2Fsites%2F35%2F2024%2F02%2FABFs-sangargille-i-Lund.jpg&#038;fit=contain&#038;w=1326&#038;h=891&#038;s=b4a147311cefcdd718126ec9fba08af2 1326w, https:\/\/www.abf.se\/mittskane\/resized\/?url=https%3A%2F%2Fwww.abf.se%2Fwp-content%2Fuploads%2Fsites%2F35%2F2024%2F02%2FABFs-sangargille-i-Lund.jpg&#038;fit=contain&#038;w=1470&#038;h=988&#038;s=f0116a2f15c809a2f57e17a49e552345 1470w\" alt=\"Bild p&aring; kvinnor som &auml;r deltagare i en s&aring;ngk&ouml;r.\" height=\"530\" width=\"788\" sizes=\"auto, (max-width: 768px) calc(100vw - 40px), 788px\" loading=\"lazy\" fetchpriority=\"low\" class=\"round-corners-lg w-full\" \/><\/picture>\n                        <\/figure>\n        <\/div>\n\n<\/div>\n<div\n    class=\"acf-article-text-block article-container my-12\"\n    data-block=\"article-text-block\"\n>\n    <div class=\"wysiwyg\">\n        <h2>Gillar du att sjunga? D\u00e5 \u00e4r du varmt v\u00e4lkommen till ABF:S S\u00e5ngargille i Lund!<\/h2>\n<p>ABF:s S\u00e5ngargille i Lund \u00e4r just nu en damk\u00f6r, men tar g\u00e4rna emot \u00e4ven intresserade manliga s\u00e5ngare.<br \/>\nVi sjunger i 2-3 st\u00e4mmor, en blandad repertoar allt fr\u00e5n folkvisor, Bellman, Taube till nyare s\u00e5nger.<br \/>\nDu beh\u00f6ver inte kunna l\u00e4sa noter men f\u00e5r g\u00e4rna ha n\u00e5gon s\u00e5ng\/k\u00f6rvana.<\/p>\n<p>Obs! Att delta kostar 750 kr\/termin (med reservation f\u00f6r ev. pris\u00e4ndringar), som betalas direkt till S\u00e5ngargillet.<\/p>\n<h3>V\u00e4lkommen!<\/h3>\n<p><strong>Tisdagar kl. 18.30-20.45<\/strong><br \/>\n<strong>Lokal: IOGT, Bantorget 5, Lund<\/strong><br \/>\n<strong>Kontakt: Birgitta Ekman, tel. <a href=\"tel:0739846928\">073 &#8211; 984 69 28<\/a><\/strong><\/p>\n\n    <\/div>\n<\/div>\n","protected":false},"excerpt":{"rendered":"","protected":false},"author":32,"featured_media":0,"parent":405,"menu_order":0,"comment_status":"closed","ping_status":"closed","template":"","meta":{"_acf_changed":false,"footnotes":""},"class_list":["post-415","page","type-page","status-publish","hentry"],"acf":[],"yoast_head":"<!-- This site is optimized with the Yoast SEO plugin v27.0 - https:\/\/yoast.com\/product\/yoast-seo-wordpress\/ -->\n<title>ABF:s S\u00e5ngargille i Lund - MittSk\u00e5ne<\/title>\n<meta name=\"description\" content=\"ABF:s S\u00e5ngargille i Lund \u00e4r just nu en damk\u00f6r, men tar g\u00e4rna emot \u00e4ven intresserade manliga s\u00e5ngare. Du f\u00e5r g\u00e4rna ha n\u00e5gon s\u00e5ng\/k\u00f6rvana.\" \/>\n<meta name=\"robots\" content=\"index, follow, max-snippet:-1, max-image-preview:large, max-video-preview:-1\" \/>\n<link rel=\"canonical\" href=\"https:\/\/www.abf.se\/mittskane\/musik\/abfs-sangargille-i-lund\/\" \/>\n<meta property=\"og:locale\" content=\"sv_SE\" \/>\n<meta property=\"og:type\" content=\"article\" \/>\n<meta property=\"og:title\" content=\"ABF:s S\u00e5ngargille i Lund - MittSk\u00e5ne\" \/>\n<meta property=\"og:description\" content=\"ABF:s S\u00e5ngargille i Lund \u00e4r just nu en damk\u00f6r, men tar g\u00e4rna emot \u00e4ven intresserade manliga s\u00e5ngare. Du f\u00e5r g\u00e4rna ha n\u00e5gon s\u00e5ng\/k\u00f6rvana.\" \/>\n<meta property=\"og:url\" content=\"https:\/\/www.abf.se\/mittskane\/musik\/abfs-sangargille-i-lund\/\" \/>\n<meta property=\"og:site_name\" content=\"MittSk\u00e5ne\" \/>\n<meta property=\"article:modified_time\" content=\"2025-06-11T11:38:55+00:00\" \/>\n<meta property=\"og:image\" content=\"https:\/\/www.abf.se\/wp-content\/uploads\/sites\/35\/2024\/04\/Nyckeln-liggande-scaled.jpg\" \/>\n\t<meta property=\"og:image:width\" content=\"2560\" \/>\n\t<meta property=\"og:image:height\" content=\"1440\" \/>\n\t<meta property=\"og:image:type\" content=\"image\/jpeg\" \/>\n<meta name=\"twitter:card\" content=\"summary_large_image\" \/>\n<script type=\"application\/ld+json\" class=\"yoast-schema-graph\">{\"@context\":\"https:\/\/schema.org\",\"@graph\":[{\"@type\":\"WebPage\",\"@id\":\"https:\/\/www.abf.se\/mittskane\/musik\/abfs-sangargille-i-lund\/\",\"url\":\"https:\/\/www.abf.se\/mittskane\/musik\/abfs-sangargille-i-lund\/\",\"name\":\"ABF:s S\u00e5ngargille i Lund - MittSk\u00e5ne\",\"isPartOf\":{\"@id\":\"https:\/\/www.abf.se\/mittskane\/#website\"},\"datePublished\":\"2024-02-26T14:44:27+00:00\",\"dateModified\":\"2025-06-11T11:38:55+00:00\",\"description\":\"ABF:s S\u00e5ngargille i Lund \u00e4r just nu en damk\u00f6r, men tar g\u00e4rna emot \u00e4ven intresserade manliga s\u00e5ngare. Du f\u00e5r g\u00e4rna ha n\u00e5gon s\u00e5ng\/k\u00f6rvana.\",\"breadcrumb\":{\"@id\":\"https:\/\/www.abf.se\/mittskane\/musik\/abfs-sangargille-i-lund\/#breadcrumb\"},\"inLanguage\":\"sv-SE\",\"potentialAction\":[{\"@type\":\"ReadAction\",\"target\":[\"https:\/\/www.abf.se\/mittskane\/musik\/abfs-sangargille-i-lund\/\"]}]},{\"@type\":\"BreadcrumbList\",\"@id\":\"https:\/\/www.abf.se\/mittskane\/musik\/abfs-sangargille-i-lund\/#breadcrumb\",\"itemListElement\":[{\"@type\":\"ListItem\",\"position\":1,\"name\":\"Home\",\"item\":\"https:\/\/www.abf.se\/mittskane\/\"},{\"@type\":\"ListItem\",\"position\":2,\"name\":\"Musik\",\"item\":\"https:\/\/www.abf.se\/mittskane\/musik\/\"},{\"@type\":\"ListItem\",\"position\":3,\"name\":\"ABF:s S\u00e5ngargille i Lund\"}]},{\"@type\":\"WebSite\",\"@id\":\"https:\/\/www.abf.se\/mittskane\/#website\",\"url\":\"https:\/\/www.abf.se\/mittskane\/\",\"name\":\"MittSk\u00e5ne\",\"description\":\"\",\"potentialAction\":[{\"@type\":\"SearchAction\",\"target\":{\"@type\":\"EntryPoint\",\"urlTemplate\":\"https:\/\/www.abf.se\/mittskane\/?s={search_term_string}\"},\"query-input\":{\"@type\":\"PropertyValueSpecification\",\"valueRequired\":true,\"valueName\":\"search_term_string\"}}],\"inLanguage\":\"sv-SE\"}]}<\/script>\n<!-- \/ Yoast SEO plugin. -->","yoast_head_json":{"title":"ABF:s S\u00e5ngargille i Lund - MittSk\u00e5ne","description":"ABF:s S\u00e5ngargille i Lund \u00e4r just nu en damk\u00f6r, men tar g\u00e4rna emot \u00e4ven intresserade manliga s\u00e5ngare. Du f\u00e5r g\u00e4rna ha n\u00e5gon s\u00e5ng\/k\u00f6rvana.","robots":{"index":"index","follow":"follow","max-snippet":"max-snippet:-1","max-image-preview":"max-image-preview:large","max-video-preview":"max-video-preview:-1"},"canonical":"https:\/\/www.abf.se\/mittskane\/musik\/abfs-sangargille-i-lund\/","og_locale":"sv_SE","og_type":"article","og_title":"ABF:s S\u00e5ngargille i Lund - MittSk\u00e5ne","og_description":"ABF:s S\u00e5ngargille i Lund \u00e4r just nu en damk\u00f6r, men tar g\u00e4rna emot \u00e4ven intresserade manliga s\u00e5ngare. Du f\u00e5r g\u00e4rna ha n\u00e5gon s\u00e5ng\/k\u00f6rvana.","og_url":"https:\/\/www.abf.se\/mittskane\/musik\/abfs-sangargille-i-lund\/","og_site_name":"MittSk\u00e5ne","article_modified_time":"2025-06-11T11:38:55+00:00","og_image":[{"width":2560,"height":1440,"url":"https:\/\/www.abf.se\/wp-content\/uploads\/sites\/35\/2024\/04\/Nyckeln-liggande-scaled.jpg","type":"image\/jpeg"}],"twitter_card":"summary_large_image","schema":{"@context":"https:\/\/schema.org","@graph":[{"@type":"WebPage","@id":"https:\/\/www.abf.se\/mittskane\/musik\/abfs-sangargille-i-lund\/","url":"https:\/\/www.abf.se\/mittskane\/musik\/abfs-sangargille-i-lund\/","name":"ABF:s S\u00e5ngargille i Lund - MittSk\u00e5ne","isPartOf":{"@id":"https:\/\/www.abf.se\/mittskane\/#website"},"datePublished":"2024-02-26T14:44:27+00:00","dateModified":"2025-06-11T11:38:55+00:00","description":"ABF:s S\u00e5ngargille i Lund \u00e4r just nu en damk\u00f6r, men tar g\u00e4rna emot \u00e4ven intresserade manliga s\u00e5ngare. Du f\u00e5r g\u00e4rna ha n\u00e5gon s\u00e5ng\/k\u00f6rvana.","breadcrumb":{"@id":"https:\/\/www.abf.se\/mittskane\/musik\/abfs-sangargille-i-lund\/#breadcrumb"},"inLanguage":"sv-SE","potentialAction":[{"@type":"ReadAction","target":["https:\/\/www.abf.se\/mittskane\/musik\/abfs-sangargille-i-lund\/"]}]},{"@type":"BreadcrumbList","@id":"https:\/\/www.abf.se\/mittskane\/musik\/abfs-sangargille-i-lund\/#breadcrumb","itemListElement":[{"@type":"ListItem","position":1,"name":"Home","item":"https:\/\/www.abf.se\/mittskane\/"},{"@type":"ListItem","position":2,"name":"Musik","item":"https:\/\/www.abf.se\/mittskane\/musik\/"},{"@type":"ListItem","position":3,"name":"ABF:s S\u00e5ngargille i Lund"}]},{"@type":"WebSite","@id":"https:\/\/www.abf.se\/mittskane\/#website","url":"https:\/\/www.abf.se\/mittskane\/","name":"MittSk\u00e5ne","description":"","potentialAction":[{"@type":"SearchAction","target":{"@type":"EntryPoint","urlTemplate":"https:\/\/www.abf.se\/mittskane\/?s={search_term_string}"},"query-input":{"@type":"PropertyValueSpecification","valueRequired":true,"valueName":"search_term_string"}}],"inLanguage":"sv-SE"}]}},"_links":{"self":[{"href":"https:\/\/www.abf.se\/mittskane\/wp-json\/wp\/v2\/pages\/415","targetHints":{"allow":["GET"]}}],"collection":[{"href":"https:\/\/www.abf.se\/mittskane\/wp-json\/wp\/v2\/pages"}],"about":[{"href":"https:\/\/www.abf.se\/mittskane\/wp-json\/wp\/v2\/types\/page"}],"author":[{"embeddable":true,"href":"https:\/\/www.abf.se\/mittskane\/wp-json\/wp\/v2\/users\/32"}],"replies":[{"embeddable":true,"href":"https:\/\/www.abf.se\/mittskane\/wp-json\/wp\/v2\/comments?post=415"}],"version-history":[{"count":12,"href":"https:\/\/www.abf.se\/mittskane\/wp-json\/wp\/v2\/pages\/415\/revisions"}],"predecessor-version":[{"id":1886,"href":"https:\/\/www.abf.se\/mittskane\/wp-json\/wp\/v2\/pages\/415\/revisions\/1886"}],"up":[{"embeddable":true,"href":"https:\/\/www.abf.se\/mittskane\/wp-json\/wp\/v2\/pages\/405"}],"wp:attachment":[{"href":"https:\/\/www.abf.se\/mittskane\/wp-json\/wp\/v2\/media?parent=415"}],"curies":[{"name":"wp","href":"https:\/\/api.w.org\/{rel}","templated":true}]}}