{"id":5,"date":"2024-03-01T17:57:15","date_gmt":"2024-03-01T16:57:15","guid":{"rendered":"https:\/\/www.abf.se\/mittskane\/?page_id=5"},"modified":"2025-06-11T09:37:00","modified_gmt":"2025-06-11T07:37:00","slug":"bli-cirkelledare","status":"publish","type":"page","link":"https:\/\/www.abf.se\/mittskane\/bli-cirkelledare\/","title":{"rendered":"Jag vill bli cirkelledare"},"content":{"rendered":"<div\n    class=\"acf-hero-block container-lg no-padding mb-12 js-geolocation\"\n    data-block=\"hero-block\"\n    data-index=\"0\"\n>\n    <div class=\"h-[548px]  relative rounded-[32px] overflow-hidden flex bg-gray-light\">\n        <div class=\"relative z-10 mt-auto h-auto w-full md:h-full\">\n            <div class=\"flex w-full h-full flex-col flex-wrap justify-end w-full md:w-7\/12 lg:w-1\/2 md:justify-center\">\n                <div class=\"flex flex-col gap-3 md:gap-[18px] md:transparent pt-16 pb-36 md:py-8 px-4 w-full md:max-w-[620px] mx-auto px-8\">\n\n                    <h1 class=\"hero-heading\"><span>Jag vill bli cirkelledare<\/span><\/h1>\n\n                    \n                                    <\/div>\n            <\/div>\n        <\/div>\n\n                    <picture class=\"as-background-image mix-blend-multiply bg-black\/40\"><img decoding=\"async\" src=\"https:\/\/www.abf.se\/resized\/wp-content\/uploads\/2023\/11\/Trion-liggande_IMGP.jpg?fit=crop&#038;w=1440&#038;s=02bd743f431869b4596920aa2217fba1\" srcset=\"https:\/\/www.abf.se\/resized\/wp-content\/uploads\/2023\/11\/Trion-liggande_IMGP.jpg?fit=crop&#038;w=375&#038;h=540&#038;s=9f824ff2484d837ee218c5dce543b258 375w, https:\/\/www.abf.se\/resized\/wp-content\/uploads\/2023\/11\/Trion-liggande_IMGP.jpg?fit=crop&#038;w=447&#038;h=540&#038;s=066db20fd701688b5ee580e51d315af6 447w, https:\/\/www.abf.se\/resized\/wp-content\/uploads\/2023\/11\/Trion-liggande_IMGP.jpg?fit=crop&#038;w=519&#038;h=540&#038;s=f3bb2a77ca74c082c54e76c393069c37 519w, https:\/\/www.abf.se\/resized\/wp-content\/uploads\/2023\/11\/Trion-liggande_IMGP.jpg?fit=crop&#038;w=591&#038;h=540&#038;s=4c0350b2c60d11dc4c402604db5a6716 591w, https:\/\/www.abf.se\/resized\/wp-content\/uploads\/2023\/11\/Trion-liggande_IMGP.jpg?fit=crop&#038;w=663&#038;h=540&#038;s=41318ec959bae0bc583e3bf0bf7cb9f1 663w, https:\/\/www.abf.se\/resized\/wp-content\/uploads\/2023\/11\/Trion-liggande_IMGP.jpg?fit=crop&#038;w=750&#038;h=540&#038;s=8b42ebe5a3a717be277ccc045ae85bfd 750w, https:\/\/www.abf.se\/resized\/wp-content\/uploads\/2023\/11\/Trion-liggande_IMGP.jpg?fit=crop&#038;w=894&#038;h=540&#038;s=1cf5bbd2f792313b6218729a67c163b4 894w, https:\/\/www.abf.se\/resized\/wp-content\/uploads\/2023\/11\/Trion-liggande_IMGP.jpg?fit=crop&#038;w=1038&#038;h=540&#038;s=c3600e367a4007860ec581ac21daf727 1038w, https:\/\/www.abf.se\/resized\/wp-content\/uploads\/2023\/11\/Trion-liggande_IMGP.jpg?fit=crop&#038;w=1182&#038;h=540&#038;s=9e841c35c0d95a8c0564fb54ee0cc8c8 1182w, https:\/\/www.abf.se\/resized\/wp-content\/uploads\/2023\/11\/Trion-liggande_IMGP.jpg?fit=crop&#038;w=1326&#038;h=540&#038;s=82bb95f346f26ea603d2bf1a7dae1789 1326w, https:\/\/www.abf.se\/resized\/wp-content\/uploads\/2023\/11\/Trion-liggande_IMGP.jpg?fit=crop&#038;w=1440&#038;h=540&#038;s=90b0b1e2d55e6d1d21c12380688e0624 1440w\" alt=\"\" height=\"540\" width=\"1440\" sizes=\"(max-width: 1440px) calc(100vw - 32px), 1440px\" loading=\"eager\" fetchpriority=\"high\" aria-hidden=\"true\" role=\"presentation\" \/><\/picture>\n        \n\n            <\/div>\n\n    <\/div>\n\n\n\n<div\n    class=\"acf-plain-heading-block container my-16\"\n    data-block=\"plain-heading-block\"\n>\n    <div class=\"max-w-[658px] mx-auto\">\n                            <p class=\"mt-8 body-xl text-black\">\n                ABFs cirkelledare \u00e4r v\u00e5rt blodomlopp, cirkelledarna \u00e4r ABF. 1000-tals cirkelledare arrangerar ABFs studiecirklar i landets 289 kommuner.\n            <\/p>\n            <\/div>\n<\/div>\n\n\n<div\n    class=\"acf-text-image-block container my-12 md:my-15\"\n    data-block=\"text-image-block\"\n>\n    <div\n    class=\"flex flex-col items-center md:flex-row gap-8 md:gap-0 justify-between\">\n                        <div class=\"w-full md:w-1\/2 md:order-2\">\n            <picture><img decoding=\"async\" src=\"https:\/\/www.abf.se\/resized\/wp-content\/uploads\/2024\/04\/ABF_header_1805-5669.jpg?fit=crop&#038;w=578&#038;s=13c32ae91833591eb1f2a905d7a6714c\" srcset=\"https:\/\/www.abf.se\/resized\/wp-content\/uploads\/2024\/04\/ABF_header_1805-5669.jpg?fit=crop&#038;w=144&#038;h=126&#038;s=f04e3eacaa0b12fe847620b2e53e8226 144w, https:\/\/www.abf.se\/resized\/wp-content\/uploads\/2024\/04\/ABF_header_1805-5669.jpg?fit=crop&#038;w=240&#038;h=211&#038;s=5e3ccc6913326528ec0f58030069b0e3 240w, https:\/\/www.abf.se\/resized\/wp-content\/uploads\/2024\/04\/ABF_header_1805-5669.jpg?fit=crop&#038;w=288&#038;h=253&#038;s=ec8e5ba50fce11e58c087cf13663d1c2 288w, https:\/\/www.abf.se\/resized\/wp-content\/uploads\/2024\/04\/ABF_header_1805-5669.jpg?fit=crop&#038;w=336&#038;h=295&#038;s=769c64889a19654896c9a19a95133f9e 336w, https:\/\/www.abf.se\/resized\/wp-content\/uploads\/2024\/04\/ABF_header_1805-5669.jpg?fit=crop&#038;w=432&#038;h=380&#038;s=6869b7729376099798bd48e8e07e6476 432w, https:\/\/www.abf.se\/resized\/wp-content\/uploads\/2024\/04\/ABF_header_1805-5669.jpg?fit=crop&#038;w=480&#038;h=422&#038;s=61ec62f103780af9d99070e5ffee1172 480w, https:\/\/www.abf.se\/resized\/wp-content\/uploads\/2024\/04\/ABF_header_1805-5669.jpg?fit=crop&#038;w=528&#038;h=464&#038;s=ac66dceb3e5d755743a9cf7803e49a26 528w, https:\/\/www.abf.se\/resized\/wp-content\/uploads\/2024\/04\/ABF_header_1805-5669.jpg?fit=crop&#038;w=578&#038;h=509&#038;s=271e3976420ae0e1b8c8f3c94be42ed3 578w, https:\/\/www.abf.se\/resized\/wp-content\/uploads\/2024\/04\/ABF_header_1805-5669.jpg?fit=crop&#038;w=672&#038;h=591&#038;s=d857d76415649bf58b7f8d00f60228b1 672w, https:\/\/www.abf.se\/resized\/wp-content\/uploads\/2024\/04\/ABF_header_1805-5669.jpg?fit=crop&#038;w=864&#038;h=760&#038;s=024e325e9f48f964965e1bc2605f125f 864w, https:\/\/www.abf.se\/resized\/wp-content\/uploads\/2024\/04\/ABF_header_1805-5669.jpg?fit=crop&#038;w=1056&#038;h=929&#038;s=7d1ce220025c38f9fb741c3986841004 1056w\" alt=\"fem personer p&aring; picknickfilt dricker varm dryck och pratar\" height=\"509\" width=\"578\" sizes=\"auto, (max-width: 768px) 100vw,\n                (max-width: 1280px) 50vw, 578px\" loading=\"lazy\" fetchpriority=\"low\" \/><\/picture>\n\n        <\/div>\n        \n        <div class=\"w-full md:w-1\/2 md:order-1\">\n        <div class=\"mx-auto md:max-w-[368px]\">\n            <h2 class=\"heading-lg\">Vill du vara med och g\u00f6ra skillnad?<\/h2>\n            <div class=\"mb-6 mt-4 wysiwyg\">\n                <p>Bli en del av ABF som cirkelledare och uppt\u00e4ck de otaliga f\u00f6rdelarna med att leda en cirkel! Att vara cirkelledare hos ABF \u00e4r inte bara en m\u00f6jlighet att dela med dig av din kunskap och passion \u2013 det \u00e4r ocks\u00e5 en fantastisk chans att skapa meningsfulla m\u00f6ten och bidra till samh\u00e4llets utveckling p\u00e5 lokal niv\u00e5.<\/p>\n<p>Som cirkelledare p\u00e5 ABF f\u00e5r du uppt\u00e4ck nytt och utvecklas i ditt ledarskap och l\u00e4ra dig tillsammans med andra!<\/p>\n\n            <\/div>\n                    <\/div>\n        <\/div>\n    <\/div>\n<\/div>\n\n<div\n    class=\"acf-article-text-block article-container my-12\"\n    data-block=\"article-text-block\"\n>\n    <div class=\"wysiwyg\">\n        <h2>Regler f\u00f6r cirkelledare<\/h2>\n<p>ABF rapporterar varje \u00e5r tusentals studiecirklar, kulturprogram och kurser. Dessa finansieras av statsbidrag. Det \u00e4r ABF som har ansvaret f\u00f6r att dessa rapporteras enligt regelverket men du som cirkelledare har en viktig roll i v\u00e5rt kvalitetsarbete.<\/p>\n<p>Det \u00e4r viktigt att all verksamhet som rapporteras som underlag f\u00f6r statsbidrag sker s\u00e5 som den rapporteras. Det betyder att det \u00e4r viktigt att du meddelar ABF om ni g\u00f6r n\u00e5gra f\u00f6r\u00e4ndringar i er studiecirkel. Det kan exempelvis handla om en deltagare som slutar eller tillkommer, ni kanske best\u00e4mmer er f\u00f6r att byta dag, tid eller lokal. Oavsett vilket m\u00e5ste ABF informeras om alla \u00e4ndringar.<\/p>\n<p>N\u00e4r du leder en studiecirkel eller en kurs hos ABF ska du rapportera n\u00e4rvaro f\u00f6r dig och dina cirkeldeltagare. Du hittar mer information om hur du rapporterar genom ditt lokala ABF.<\/p>\n\n    <\/div>\n<\/div>\n<div\n        class=\"acf-article-video-block article-container-lg my-12 external-video\"\n        data-block=\"article-video-block\"\n    >\n                    <h2 class=\"heading-md mb-3 text-black\">V\u00e4lkommen som cirkelledare hos ABF!<\/h2>\n                \n                    <iframe loading=\"lazy\" title=\"V\u00e4lkommen som cirkelledare hos ABF\" width=\"500\" height=\"281\" src=\"https:\/\/www.youtube.com\/embed\/TycnGU63KnU?feature=oembed\" frameborder=\"0\" allow=\"accelerometer; autoplay; clipboard-write; encrypted-media; gyroscope; picture-in-picture; web-share\" referrerpolicy=\"strict-origin-when-cross-origin\" allowfullscreen><\/iframe>\n                            <\/div>\n<div\n    class=\"acf-quick-link-block bg-red py-12 md:py-20\"\n    data-block=\"quick-link-block\"\n>\n    <div class=\"container\">\n        \n        <div\n            class=\"px-5 content:px-0 grid grid-cols-1 gap-8\">\n            \n            <article\nclass=\"round-corners-sm p-6 relative group grid grid-rows-[subgrid] row-[span_3] gap-4 bg-white text-red\"\n>\n            <h3\n        class=\"heading-sm group-hover:underline text-red\">\n            <a href=\"https:\/\/www.abf.se\/mittskane\/blanketter\/intresseanmalan-cirkelledare\/\" class=\"expanded-hit-area\" target=\"\">\n                Intresseanm\u00e4lan f\u00f6r att bli cirkelledare\n            <\/a>\n        <\/h3>\n                <p class=\"body-md text-gray-text\">\n            Vill du bli cirkelledare? Eller funderar lite p\u00e5 det? Klicka h\u00e4r och fyll i intresseanm\u00e4lan.\n        <\/p>\n        <figure\n    class=\"w-[38px] h-[38px] rounded-full p-2 group-hover:scale-110 transition-transform duration-300 self-end pointer-events-none bg-red text-white\">\n        <svg width=\"20\" height=\"20\" viewBox=\"0 0 20 20\" fill=\"none\" class=\"SvgIconElement\">\n<path d=\"M4.16659 10L15.8333 10\" stroke=\"currentColor\"\/>\n<path d=\"M9.99992 4.1665L15.8333 9.99984L9.99992 15.8332\" stroke=\"currentColor\"\/>\n<\/svg>\n    <\/figure>\n<\/article>                    <\/div>\n    <\/div>\n<\/div>\n","protected":false},"excerpt":{"rendered":"","protected":false},"author":4,"featured_media":0,"parent":0,"menu_order":0,"comment_status":"closed","ping_status":"closed","template":"","meta":{"_acf_changed":false,"footnotes":""},"class_list":["post-5","page","type-page","status-publish","hentry"],"acf":[],"yoast_head":"<!-- This site is optimized with the Yoast SEO plugin v27.0 - https:\/\/yoast.com\/product\/yoast-seo-wordpress\/ -->\n<title>Jag vill bli cirkelledare - MittSk\u00e5ne<\/title>\n<meta name=\"description\" content=\"Som cirkelledare p\u00e5 ABF f\u00e5r du uppt\u00e4ck nytt och utvecklas i ditt ledarskap och l\u00e4ra dig tillsammans med andra!\" \/>\n<meta name=\"robots\" content=\"index, follow, max-snippet:-1, max-image-preview:large, max-video-preview:-1\" \/>\n<link rel=\"canonical\" href=\"https:\/\/www.abf.se\/mittskane\/bli-cirkelledare\/\" \/>\n<meta property=\"og:locale\" content=\"sv_SE\" \/>\n<meta property=\"og:type\" content=\"article\" \/>\n<meta property=\"og:title\" content=\"Jag vill bli cirkelledare - MittSk\u00e5ne\" \/>\n<meta property=\"og:description\" content=\"Som cirkelledare p\u00e5 ABF f\u00e5r du uppt\u00e4ck nytt och utvecklas i ditt ledarskap och l\u00e4ra dig tillsammans med andra!\" \/>\n<meta property=\"og:url\" content=\"https:\/\/www.abf.se\/mittskane\/bli-cirkelledare\/\" \/>\n<meta property=\"og:site_name\" content=\"MittSk\u00e5ne\" \/>\n<meta property=\"article:modified_time\" content=\"2025-06-11T07:37:00+00:00\" \/>\n<meta property=\"og:image\" content=\"https:\/\/www.abf.se\/wp-content\/uploads\/sites\/35\/2024\/04\/Nyckeln-liggande-scaled.jpg\" \/>\n\t<meta property=\"og:image:width\" content=\"2560\" \/>\n\t<meta property=\"og:image:height\" content=\"1440\" \/>\n\t<meta property=\"og:image:type\" content=\"image\/jpeg\" \/>\n<meta name=\"twitter:card\" content=\"summary_large_image\" \/>\n<script type=\"application\/ld+json\" class=\"yoast-schema-graph\">{\"@context\":\"https:\/\/schema.org\",\"@graph\":[{\"@type\":\"WebPage\",\"@id\":\"https:\/\/www.abf.se\/mittskane\/bli-cirkelledare\/\",\"url\":\"https:\/\/www.abf.se\/mittskane\/bli-cirkelledare\/\",\"name\":\"Jag vill bli cirkelledare - MittSk\u00e5ne\",\"isPartOf\":{\"@id\":\"https:\/\/www.abf.se\/mittskane\/#website\"},\"datePublished\":\"2024-03-01T16:57:15+00:00\",\"dateModified\":\"2025-06-11T07:37:00+00:00\",\"description\":\"Som cirkelledare p\u00e5 ABF f\u00e5r du uppt\u00e4ck nytt och utvecklas i ditt ledarskap och l\u00e4ra dig tillsammans med andra!\",\"breadcrumb\":{\"@id\":\"https:\/\/www.abf.se\/mittskane\/bli-cirkelledare\/#breadcrumb\"},\"inLanguage\":\"sv-SE\",\"potentialAction\":[{\"@type\":\"ReadAction\",\"target\":[\"https:\/\/www.abf.se\/mittskane\/bli-cirkelledare\/\"]}]},{\"@type\":\"BreadcrumbList\",\"@id\":\"https:\/\/www.abf.se\/mittskane\/bli-cirkelledare\/#breadcrumb\",\"itemListElement\":[{\"@type\":\"ListItem\",\"position\":1,\"name\":\"Home\",\"item\":\"https:\/\/www.abf.se\/mittskane\/\"},{\"@type\":\"ListItem\",\"position\":2,\"name\":\"Jag vill bli cirkelledare\"}]},{\"@type\":\"WebSite\",\"@id\":\"https:\/\/www.abf.se\/mittskane\/#website\",\"url\":\"https:\/\/www.abf.se\/mittskane\/\",\"name\":\"MittSk\u00e5ne\",\"description\":\"\",\"potentialAction\":[{\"@type\":\"SearchAction\",\"target\":{\"@type\":\"EntryPoint\",\"urlTemplate\":\"https:\/\/www.abf.se\/mittskane\/?s={search_term_string}\"},\"query-input\":{\"@type\":\"PropertyValueSpecification\",\"valueRequired\":true,\"valueName\":\"search_term_string\"}}],\"inLanguage\":\"sv-SE\"}]}<\/script>\n<!-- \/ Yoast SEO plugin. -->","yoast_head_json":{"title":"Jag vill bli cirkelledare - MittSk\u00e5ne","description":"Som cirkelledare p\u00e5 ABF f\u00e5r du uppt\u00e4ck nytt och utvecklas i ditt ledarskap och l\u00e4ra dig tillsammans med andra!","robots":{"index":"index","follow":"follow","max-snippet":"max-snippet:-1","max-image-preview":"max-image-preview:large","max-video-preview":"max-video-preview:-1"},"canonical":"https:\/\/www.abf.se\/mittskane\/bli-cirkelledare\/","og_locale":"sv_SE","og_type":"article","og_title":"Jag vill bli cirkelledare - MittSk\u00e5ne","og_description":"Som cirkelledare p\u00e5 ABF f\u00e5r du uppt\u00e4ck nytt och utvecklas i ditt ledarskap och l\u00e4ra dig tillsammans med andra!","og_url":"https:\/\/www.abf.se\/mittskane\/bli-cirkelledare\/","og_site_name":"MittSk\u00e5ne","article_modified_time":"2025-06-11T07:37:00+00:00","og_image":[{"width":2560,"height":1440,"url":"https:\/\/www.abf.se\/wp-content\/uploads\/sites\/35\/2024\/04\/Nyckeln-liggande-scaled.jpg","type":"image\/jpeg"}],"twitter_card":"summary_large_image","schema":{"@context":"https:\/\/schema.org","@graph":[{"@type":"WebPage","@id":"https:\/\/www.abf.se\/mittskane\/bli-cirkelledare\/","url":"https:\/\/www.abf.se\/mittskane\/bli-cirkelledare\/","name":"Jag vill bli cirkelledare - MittSk\u00e5ne","isPartOf":{"@id":"https:\/\/www.abf.se\/mittskane\/#website"},"datePublished":"2024-03-01T16:57:15+00:00","dateModified":"2025-06-11T07:37:00+00:00","description":"Som cirkelledare p\u00e5 ABF f\u00e5r du uppt\u00e4ck nytt och utvecklas i ditt ledarskap och l\u00e4ra dig tillsammans med andra!","breadcrumb":{"@id":"https:\/\/www.abf.se\/mittskane\/bli-cirkelledare\/#breadcrumb"},"inLanguage":"sv-SE","potentialAction":[{"@type":"ReadAction","target":["https:\/\/www.abf.se\/mittskane\/bli-cirkelledare\/"]}]},{"@type":"BreadcrumbList","@id":"https:\/\/www.abf.se\/mittskane\/bli-cirkelledare\/#breadcrumb","itemListElement":[{"@type":"ListItem","position":1,"name":"Home","item":"https:\/\/www.abf.se\/mittskane\/"},{"@type":"ListItem","position":2,"name":"Jag vill bli cirkelledare"}]},{"@type":"WebSite","@id":"https:\/\/www.abf.se\/mittskane\/#website","url":"https:\/\/www.abf.se\/mittskane\/","name":"MittSk\u00e5ne","description":"","potentialAction":[{"@type":"SearchAction","target":{"@type":"EntryPoint","urlTemplate":"https:\/\/www.abf.se\/mittskane\/?s={search_term_string}"},"query-input":{"@type":"PropertyValueSpecification","valueRequired":true,"valueName":"search_term_string"}}],"inLanguage":"sv-SE"}]}},"_links":{"self":[{"href":"https:\/\/www.abf.se\/mittskane\/wp-json\/wp\/v2\/pages\/5","targetHints":{"allow":["GET"]}}],"collection":[{"href":"https:\/\/www.abf.se\/mittskane\/wp-json\/wp\/v2\/pages"}],"about":[{"href":"https:\/\/www.abf.se\/mittskane\/wp-json\/wp\/v2\/types\/page"}],"author":[{"embeddable":true,"href":"https:\/\/www.abf.se\/mittskane\/wp-json\/wp\/v2\/users\/4"}],"replies":[{"embeddable":true,"href":"https:\/\/www.abf.se\/mittskane\/wp-json\/wp\/v2\/comments?post=5"}],"version-history":[{"count":22,"href":"https:\/\/www.abf.se\/mittskane\/wp-json\/wp\/v2\/pages\/5\/revisions"}],"predecessor-version":[{"id":2005,"href":"https:\/\/www.abf.se\/mittskane\/wp-json\/wp\/v2\/pages\/5\/revisions\/2005"}],"wp:attachment":[{"href":"https:\/\/www.abf.se\/mittskane\/wp-json\/wp\/v2\/media?parent=5"}],"curies":[{"name":"wp","href":"https:\/\/api.w.org\/{rel}","templated":true}]}}