{"id":905,"date":"2024-03-01T11:57:54","date_gmt":"2024-03-01T10:57:54","guid":{"rendered":"https:\/\/www.abf.se\/mittskane\/?page_id=905"},"modified":"2025-10-17T10:28:08","modified_gmt":"2025-10-17T08:28:08","slug":"for-dig-som-cirkelledare","status":"publish","type":"page","link":"https:\/\/www.abf.se\/mittskane\/for-dig-som-cirkelledare\/","title":{"rendered":"F\u00f6r dig som \u00e4r Cirkelledare"},"content":{"rendered":"<div\n    class=\"acf-hero-block container-lg no-padding mb-12 js-geolocation\"\n    data-block=\"hero-block\"\n    data-index=\"0\"\n>\n    <div class=\"h-[548px]  relative rounded-[32px] overflow-hidden flex bg-gray-light\">\n        <div class=\"relative z-10 mt-auto h-auto w-full md:h-full\">\n            <div class=\"flex w-full h-full flex-col flex-wrap justify-end w-full md:w-7\/12 lg:w-1\/2 md:justify-center\">\n                <div class=\"flex flex-col gap-3 md:gap-[18px] md:transparent pt-16 pb-36 md:py-8 px-4 w-full md:max-w-[620px] mx-auto px-8\">\n\n                    <h1 class=\"hero-heading\"><span>F\u00f6r dig som \u00e4r<br \/>\r\nCirkelledare<\/span><\/h1>\n\n                    \n                                    <\/div>\n            <\/div>\n        <\/div>\n\n                    <picture class=\"as-background-image mix-blend-multiply bg-black\/40\"><img decoding=\"async\" src=\"https:\/\/www.abf.se\/mittskane\/resized\/?url=https%3A%2F%2Fwww.abf.se%2Fwp-content%2Fuploads%2Fsites%2F35%2F2024%2F03%2Fcirkelledare.jpg&#038;fit=crop&#038;w=1440&#038;s=18c362a46f52824f68bc8cdd51e06359\" srcset=\"https:\/\/www.abf.se\/mittskane\/resized\/?url=https%3A%2F%2Fwww.abf.se%2Fwp-content%2Fuploads%2Fsites%2F35%2F2024%2F03%2Fcirkelledare.jpg&#038;fit=crop&#038;w=375&#038;h=540&#038;s=a104b843dd9a642a6dc6d4e195117848 375w, https:\/\/www.abf.se\/mittskane\/resized\/?url=https%3A%2F%2Fwww.abf.se%2Fwp-content%2Fuploads%2Fsites%2F35%2F2024%2F03%2Fcirkelledare.jpg&#038;fit=crop&#038;w=447&#038;h=540&#038;s=484df8b8912c6051b9a38c1734ff7156 447w, https:\/\/www.abf.se\/mittskane\/resized\/?url=https%3A%2F%2Fwww.abf.se%2Fwp-content%2Fuploads%2Fsites%2F35%2F2024%2F03%2Fcirkelledare.jpg&#038;fit=crop&#038;w=519&#038;h=540&#038;s=647dd7e336253c0f1b84c94b5ca7ee70 519w, https:\/\/www.abf.se\/mittskane\/resized\/?url=https%3A%2F%2Fwww.abf.se%2Fwp-content%2Fuploads%2Fsites%2F35%2F2024%2F03%2Fcirkelledare.jpg&#038;fit=crop&#038;w=591&#038;h=540&#038;s=77847c30f151a28254e602e88684f515 591w, https:\/\/www.abf.se\/mittskane\/resized\/?url=https%3A%2F%2Fwww.abf.se%2Fwp-content%2Fuploads%2Fsites%2F35%2F2024%2F03%2Fcirkelledare.jpg&#038;fit=crop&#038;w=663&#038;h=540&#038;s=21b7c1aae0998e4d8ebdb1851cbd450d 663w, https:\/\/www.abf.se\/mittskane\/resized\/?url=https%3A%2F%2Fwww.abf.se%2Fwp-content%2Fuploads%2Fsites%2F35%2F2024%2F03%2Fcirkelledare.jpg&#038;fit=crop&#038;w=750&#038;h=540&#038;s=d9ea2a8bc3d996af2d0d66ab02c49cea 750w, https:\/\/www.abf.se\/mittskane\/resized\/?url=https%3A%2F%2Fwww.abf.se%2Fwp-content%2Fuploads%2Fsites%2F35%2F2024%2F03%2Fcirkelledare.jpg&#038;fit=crop&#038;w=894&#038;h=540&#038;s=e8a163fb39a0f8ec725998effb3b272b 894w, https:\/\/www.abf.se\/mittskane\/resized\/?url=https%3A%2F%2Fwww.abf.se%2Fwp-content%2Fuploads%2Fsites%2F35%2F2024%2F03%2Fcirkelledare.jpg&#038;fit=crop&#038;w=1038&#038;h=540&#038;s=38e1d20888d5857ab2c25b69574d1e4d 1038w, https:\/\/www.abf.se\/mittskane\/resized\/?url=https%3A%2F%2Fwww.abf.se%2Fwp-content%2Fuploads%2Fsites%2F35%2F2024%2F03%2Fcirkelledare.jpg&#038;fit=crop&#038;w=1182&#038;h=540&#038;s=28c2a4f92fdcf4461c95770786d991f2 1182w, https:\/\/www.abf.se\/mittskane\/resized\/?url=https%3A%2F%2Fwww.abf.se%2Fwp-content%2Fuploads%2Fsites%2F35%2F2024%2F03%2Fcirkelledare.jpg&#038;fit=crop&#038;w=1326&#038;h=540&#038;s=45f8ae3c3a33c7c7b84221450fb07389 1326w, https:\/\/www.abf.se\/mittskane\/resized\/?url=https%3A%2F%2Fwww.abf.se%2Fwp-content%2Fuploads%2Fsites%2F35%2F2024%2F03%2Fcirkelledare.jpg&#038;fit=crop&#038;w=1440&#038;h=540&#038;s=9e02dd5dc1a101a3717cf3b9969525b1 1440w\" alt=\"\" height=\"540\" width=\"1440\" sizes=\"(max-width: 1440px) calc(100vw - 32px), 1440px\" loading=\"eager\" fetchpriority=\"high\" aria-hidden=\"true\" role=\"presentation\" \/><\/picture>\n        \n\n            <\/div>\n\n    <\/div>\n\n<div\n    class=\"acf-plain-heading-block container my-16\"\n    data-block=\"plain-heading-block\"\n>\n    <div class=\"max-w-[658px] mx-auto\">\n                            <p class=\"mt-8 body-xl text-black\">\n                Som cirkelledare \u00e4r du en viktig kugge i det st\u00e4ndigt p\u00e5g\u00e5ende folkbildningsarbetet hos ABF. Folkbildningen \u00e4r ett s\u00e4tt att g\u00f6ra kunskap tillg\u00e4nglig f\u00f6r alla m\u00e4nniskor i v\u00e5rt samh\u00e4lle och \u00e4r en viktig del av cirkelledarrollen. \n            <\/p>\n            <\/div>\n<\/div>\n\n\n<div\n    class=\"acf-article-cta-link-block article-container my-8\"\n    data-block=\"article-cta-link-block\"\n>\n<div>\n    <a class=\"inline-flex flex-row items-center gap-4 text-link underline text-red-dark\"\n        href=\"https:\/\/www.abf.se\/wp-content\/uploads\/2024\/04\/abf-ideprogram-2023-aug-a4.pdf\"\n                target=\"_blank\"\n            >\n        <span class=\"\">\n        Du kan l\u00e4sa mer om ABF och v\u00e5r v\u00e4rdegrund i v\u00e5rt id\u00e9program (PDF)\n        <\/span>\n        <figure aria-hidden=\"true\" class=\"rounded-full bg-red-dark w-8 h-8 p-1 text-white\">\n            <svg width=\"20\" height=\"20\" viewBox=\"0 0 20 20\" fill=\"none\" class=\"SvgIconElement\">\n<path d=\"M4.16659 10L15.8333 10\" stroke=\"currentColor\"\/>\n<path d=\"M9.99992 4.1665L15.8333 9.99984L9.99992 15.8332\" stroke=\"currentColor\"\/>\n<\/svg>\n        <\/figure>\n    <\/a>\n<\/div>\n<\/div>\n\n\n<div\n    class=\"acf-article-text-block article-container my-12\"\n    data-block=\"article-text-block\"\n>\n    <div class=\"wysiwyg\">\n        <h2>Cirkelledarutbildning<\/h2>\n<p>Som cirkelledare \u00e4r du en ambassad\u00f6r f\u00f6r ABF och vi tycker att det \u00e4r viktigt att du har m\u00f6jlighet att forts\u00e4tta utvecklas som ledare.<\/p>\n<p>Du kommer att bjudas in till ABFs cirkelledarutbildning GRUND som \u00e4r f\u00f6rsta steget i v\u00e5r utbildningstrappa. Vi vill med utbildningen skapa ett intresse och en f\u00f6rst\u00e5else f\u00f6r vad ABF och folkbildning egentligen \u00e4r. H\u00e4r f\u00e5r du mer kunskap om folkbildning, studiecirkelpedagogik med mera.<\/p>\n<p>GRUND \u00e4r bara b\u00f6rjan och n\u00e4r du har g\u00e5tt den finns flera forts\u00e4ttnings och f\u00f6rdjupningsutbildningar som du kan delta i. H\u00e4r diskuteras sp\u00e4nnande \u00e4mnen som ledarskap, gruppdynamik, folkbildningshistoria, distanspedagogik, teknik f\u00f6r studiecirkeln med mera.<\/p>\n\n    <\/div>\n<\/div>\n\n\n<div\n    class=\"acf-text-image-block container bg-gray-light py-12 md:py-15\"\n    data-block=\"text-image-block\"\n>\n    <div\n    class=\"flex flex-col items-center md:flex-row gap-8 md:gap-0 justify-between\">\n                        <div class=\"w-full md:w-1\/2 md:order-2\">\n            <picture><img decoding=\"async\" src=\"https:\/\/www.abf.se\/resized\/wp-content\/uploads\/2024\/04\/Samhalle-Politik-Fackligt-01.jpg?fit=crop&#038;w=578&#038;s=6a3f46b599817225cc192f8cacce2d46\" srcset=\"https:\/\/www.abf.se\/resized\/wp-content\/uploads\/2024\/04\/Samhalle-Politik-Fackligt-01.jpg?fit=crop&#038;w=144&#038;h=126&#038;s=7460908a024b6720b93e64c9b3b25b48 144w, https:\/\/www.abf.se\/resized\/wp-content\/uploads\/2024\/04\/Samhalle-Politik-Fackligt-01.jpg?fit=crop&#038;w=240&#038;h=211&#038;s=04bfa91810b48c038f2523e5fbdf4891 240w, https:\/\/www.abf.se\/resized\/wp-content\/uploads\/2024\/04\/Samhalle-Politik-Fackligt-01.jpg?fit=crop&#038;w=288&#038;h=253&#038;s=0bdc031a4f3f032cd97f619d749a9bcf 288w, https:\/\/www.abf.se\/resized\/wp-content\/uploads\/2024\/04\/Samhalle-Politik-Fackligt-01.jpg?fit=crop&#038;w=336&#038;h=295&#038;s=9ba40b21ad47bfb16e0b7ca48b138e1f 336w, https:\/\/www.abf.se\/resized\/wp-content\/uploads\/2024\/04\/Samhalle-Politik-Fackligt-01.jpg?fit=crop&#038;w=432&#038;h=380&#038;s=aac2848652b90749bd7effd382fd38ff 432w, https:\/\/www.abf.se\/resized\/wp-content\/uploads\/2024\/04\/Samhalle-Politik-Fackligt-01.jpg?fit=crop&#038;w=480&#038;h=422&#038;s=5c9d3018c9fbae9e4b1aa34bc6932120 480w, https:\/\/www.abf.se\/resized\/wp-content\/uploads\/2024\/04\/Samhalle-Politik-Fackligt-01.jpg?fit=crop&#038;w=528&#038;h=464&#038;s=d68c3265da2935171142ba23b8f5892b 528w, https:\/\/www.abf.se\/resized\/wp-content\/uploads\/2024\/04\/Samhalle-Politik-Fackligt-01.jpg?fit=crop&#038;w=578&#038;h=509&#038;s=f449946504f089efdaef6a7c50e41f75 578w, https:\/\/www.abf.se\/resized\/wp-content\/uploads\/2024\/04\/Samhalle-Politik-Fackligt-01.jpg?fit=crop&#038;w=672&#038;h=591&#038;s=911a5478121ae8d41a807c4f954611f3 672w, https:\/\/www.abf.se\/resized\/wp-content\/uploads\/2024\/04\/Samhalle-Politik-Fackligt-01.jpg?fit=crop&#038;w=864&#038;h=760&#038;s=b1f109315fd528223e58dba472464934 864w, https:\/\/www.abf.se\/resized\/wp-content\/uploads\/2024\/04\/Samhalle-Politik-Fackligt-01.jpg?fit=crop&#038;w=1056&#038;h=929&#038;s=6c5b96abbf335dc494d2db7d7fba5aab 1056w\" alt=\"En persons hand som ser ut att argumentera syns i f&ouml;rgrunden, i bakgrunden fyra personer som lyssnar\" height=\"509\" width=\"578\" sizes=\"auto, (max-width: 768px) 100vw,\n                (max-width: 1280px) 50vw, 578px\" loading=\"lazy\" fetchpriority=\"low\" \/><\/picture>\n\n        <\/div>\n        \n        <div class=\"w-full md:w-1\/2 md:order-1\">\n        <div class=\"mx-auto md:max-w-[368px]\">\n            <h2 class=\"heading-lg\">Regler f\u00f6r studiecirklar<\/h2>\n            <div class=\"mb-6 mt-4 wysiwyg\">\n                <p>ABF rapporterar varje \u00e5r tusentals studiecirklar, kulturprogram och kurser. Dessa finansieras av statsbidrag. Det \u00e4r ABF som har ansvaret f\u00f6r att dessa rapporteras enligt regelverket men du som cirkelledare har en viktig roll i v\u00e5rt kvalitetsarbete.<\/p>\n\n            <\/div>\n                    <\/div>\n        <\/div>\n    <\/div>\n<\/div>\n\n<div\n    class=\"acf-article-text-block article-container my-12\"\n    data-block=\"article-text-block\"\n>\n    <div class=\"wysiwyg\">\n        <h2>Du som cirkelledare har en viktig roll i ABFs kvalitetsarbete<\/h2>\n<p>Det \u00e4r viktigt att all verksamhet som rapporteras som underlag f\u00f6r statsbidrag sker s\u00e5 som den rapporteras. Det betyder att det \u00e4r viktigt att du meddelar ABF om ni g\u00f6r n\u00e5gra f\u00f6r\u00e4ndringar i er studiecirkel. Det kan exempelvis handla om en deltagare som slutar eller tillkommer, ni kanske best\u00e4mmer er f\u00f6r att byta dag, tid eller lokal. Oavsett vilket m\u00e5ste ABF informeras om alla \u00e4ndringar.<\/p>\n\n    <\/div>\n<\/div>\n<div\n        class=\"acf-article-video-block article-container-lg my-12 external-video\"\n        data-block=\"article-video-block\"\n    >\n                    <h2 class=\"heading-md mb-3 text-black\">V\u00e4lkommen som cirkelledare hos ABF!<\/h2>\n                \n                    <iframe loading=\"lazy\" title=\"V\u00e4lkommen som cirkelledare hos ABF\" width=\"500\" height=\"281\" src=\"https:\/\/www.youtube.com\/embed\/TycnGU63KnU?feature=oembed\" frameborder=\"0\" allow=\"accelerometer; autoplay; clipboard-write; encrypted-media; gyroscope; picture-in-picture; web-share\" referrerpolicy=\"strict-origin-when-cross-origin\" allowfullscreen><\/iframe>\n                            <\/div>\n<div\n    class=\"acf-quick-link-block bg-red py-12 md:py-20\"\n    data-block=\"quick-link-block\"\n>\n    <div class=\"container\">\n                    <h2 class=\"heading-lg mb-7 text-center text-white\">\n                H\u00e4r hittar du ABF MittSk\u00e5nes lokala information, mallar, blanketter m.m. som \u00e4r till st\u00f6d f\u00f6r dig i din roll som cirkelledare hos oss p\u00e5 ABF MittSk\u00e5ne.\n            <\/h2>\n        \n        <div\n            class=\"px-5 content:px-0 grid grid-cols-1 gap-8 md:grid-cols-2 lg:grid-cols-4\">\n            \n            <article\nclass=\"round-corners-sm p-6 relative group grid grid-rows-[subgrid] row-[span_3] gap-4 bg-white text-red\"\n>\n            <h3\n        class=\"heading-sm group-hover:underline text-red\">\n            <a href=\"https:\/\/www.abf.se\/mittskane\/narvarorapportering\/\" class=\"expanded-hit-area\" target=\"\">\n                N\u00e4rvarorapportering\n            <\/a>\n        <\/h3>\n                <p class=\"body-md text-gray-text\">\n            N\u00e4rvarolistan fyller m\u00e5nga funktioner.\n        <\/p>\n        <figure\n    class=\"w-[38px] h-[38px] rounded-full p-2 group-hover:scale-110 transition-transform duration-300 self-end pointer-events-none bg-red text-white\">\n        <svg width=\"20\" height=\"20\" viewBox=\"0 0 20 20\" fill=\"none\" class=\"SvgIconElement\">\n<path d=\"M4.16659 10L15.8333 10\" stroke=\"currentColor\"\/>\n<path d=\"M9.99992 4.1665L15.8333 9.99984L9.99992 15.8332\" stroke=\"currentColor\"\/>\n<\/svg>\n    <\/figure>\n<\/article>            \n            <article\nclass=\"round-corners-sm p-6 relative group grid grid-rows-[subgrid] row-[span_3] gap-4 bg-white text-red\"\n>\n            <h3\n        class=\"heading-sm group-hover:underline text-red\">\n            <a href=\"https:\/\/www.abf.se\/mittskane\/information\/\" class=\"expanded-hit-area\" target=\"\">\n                Information\n            <\/a>\n        <\/h3>\n                <p class=\"body-md text-gray-text\">\n            H\u00e4r finns &quot;bra att veta&quot; i din roll som cirkelledare.\r\nDu hittar \u00e4ven &quot;Verktygsl\u00e5da f\u00f6r cirkelledare i  ABF&quot; h\u00e4r.\n        <\/p>\n        <figure\n    class=\"w-[38px] h-[38px] rounded-full p-2 group-hover:scale-110 transition-transform duration-300 self-end pointer-events-none bg-red text-white\">\n        <svg width=\"20\" height=\"20\" viewBox=\"0 0 20 20\" fill=\"none\" class=\"SvgIconElement\">\n<path d=\"M4.16659 10L15.8333 10\" stroke=\"currentColor\"\/>\n<path d=\"M9.99992 4.1665L15.8333 9.99984L9.99992 15.8332\" stroke=\"currentColor\"\/>\n<\/svg>\n    <\/figure>\n<\/article>            \n            <article\nclass=\"round-corners-sm p-6 relative group grid grid-rows-[subgrid] row-[span_3] gap-4 bg-white text-red\"\n>\n            <h3\n        class=\"heading-sm group-hover:underline text-red\">\n            <a href=\"https:\/\/www.abf.se\/mittskane\/anmalan-om-studiecirkel-2\/\" class=\"expanded-hit-area\" target=\"\">\n                Anm\u00e4lan om studiecirkel\n            <\/a>\n        <\/h3>\n                <p class=\"body-md text-gray-text\">\n            Vi p\u00e5 ABF beh\u00f6ver veta en del innan ni kan starta er cirkel.\n        <\/p>\n        <figure\n    class=\"w-[38px] h-[38px] rounded-full p-2 group-hover:scale-110 transition-transform duration-300 self-end pointer-events-none bg-red text-white\">\n        <svg width=\"20\" height=\"20\" viewBox=\"0 0 20 20\" fill=\"none\" class=\"SvgIconElement\">\n<path d=\"M4.16659 10L15.8333 10\" stroke=\"currentColor\"\/>\n<path d=\"M9.99992 4.1665L15.8333 9.99984L9.99992 15.8332\" stroke=\"currentColor\"\/>\n<\/svg>\n    <\/figure>\n<\/article>            \n            <article\nclass=\"round-corners-sm p-6 relative group grid grid-rows-[subgrid] row-[span_3] gap-4 bg-white text-red\"\n>\n            <h3\n        class=\"heading-sm group-hover:underline text-red\">\n            <a href=\"https:\/\/www.abf.se\/mittskane\/arbetsplan\/\" class=\"expanded-hit-area\" target=\"\">\n                Arbetsplan\n            <\/a>\n        <\/h3>\n                <p class=\"body-md text-gray-text\">\n            Arbetsplanen \u00e4r ett st\u00f6d i ert cirkelarbete.\n        <\/p>\n        <figure\n    class=\"w-[38px] h-[38px] rounded-full p-2 group-hover:scale-110 transition-transform duration-300 self-end pointer-events-none bg-red text-white\">\n        <svg width=\"20\" height=\"20\" viewBox=\"0 0 20 20\" fill=\"none\" class=\"SvgIconElement\">\n<path d=\"M4.16659 10L15.8333 10\" stroke=\"currentColor\"\/>\n<path d=\"M9.99992 4.1665L15.8333 9.99984L9.99992 15.8332\" stroke=\"currentColor\"\/>\n<\/svg>\n    <\/figure>\n<\/article>                    <\/div>\n    <\/div>\n<\/div>\n","protected":false},"excerpt":{"rendered":"","protected":false},"author":32,"featured_media":0,"parent":0,"menu_order":0,"comment_status":"closed","ping_status":"closed","template":"","meta":{"_acf_changed":false,"footnotes":""},"class_list":["post-905","page","type-page","status-publish","hentry"],"acf":[],"yoast_head":"<!-- This site is optimized with the Yoast SEO plugin v27.0 - https:\/\/yoast.com\/product\/yoast-seo-wordpress\/ -->\n<title>F\u00f6r dig som \u00e4r Cirkelledare - MittSk\u00e5ne<\/title>\n<meta name=\"description\" content=\"Som cirkelledare \u00e4r du en viktig del i det p\u00e5g\u00e5ende folkbildningsarbetet hos ABF. Folkbildningen g\u00f6r kunskap tillg\u00e4nglig f\u00f6r alla.\" \/>\n<meta name=\"robots\" content=\"index, follow, max-snippet:-1, max-image-preview:large, max-video-preview:-1\" \/>\n<link rel=\"canonical\" href=\"https:\/\/www.abf.se\/mittskane\/for-dig-som-cirkelledare\/\" \/>\n<meta property=\"og:locale\" content=\"sv_SE\" \/>\n<meta property=\"og:type\" content=\"article\" \/>\n<meta property=\"og:title\" content=\"F\u00f6r dig som \u00e4r Cirkelledare - MittSk\u00e5ne\" \/>\n<meta property=\"og:description\" content=\"Som cirkelledare \u00e4r du en viktig del i det p\u00e5g\u00e5ende folkbildningsarbetet hos ABF. Folkbildningen g\u00f6r kunskap tillg\u00e4nglig f\u00f6r alla.\" \/>\n<meta property=\"og:url\" content=\"https:\/\/www.abf.se\/mittskane\/for-dig-som-cirkelledare\/\" \/>\n<meta property=\"og:site_name\" content=\"MittSk\u00e5ne\" \/>\n<meta property=\"article:modified_time\" content=\"2025-10-17T08:28:08+00:00\" \/>\n<meta property=\"og:image\" content=\"https:\/\/www.abf.se\/wp-content\/uploads\/sites\/35\/2024\/04\/Nyckeln-liggande-scaled.jpg\" \/>\n\t<meta property=\"og:image:width\" content=\"2560\" \/>\n\t<meta property=\"og:image:height\" content=\"1440\" \/>\n\t<meta property=\"og:image:type\" content=\"image\/jpeg\" \/>\n<meta name=\"twitter:card\" content=\"summary_large_image\" \/>\n<script type=\"application\/ld+json\" class=\"yoast-schema-graph\">{\"@context\":\"https:\/\/schema.org\",\"@graph\":[{\"@type\":\"WebPage\",\"@id\":\"https:\/\/www.abf.se\/mittskane\/for-dig-som-cirkelledare\/\",\"url\":\"https:\/\/www.abf.se\/mittskane\/for-dig-som-cirkelledare\/\",\"name\":\"F\u00f6r dig som \u00e4r Cirkelledare - MittSk\u00e5ne\",\"isPartOf\":{\"@id\":\"https:\/\/www.abf.se\/mittskane\/#website\"},\"datePublished\":\"2024-03-01T10:57:54+00:00\",\"dateModified\":\"2025-10-17T08:28:08+00:00\",\"description\":\"Som cirkelledare \u00e4r du en viktig del i det p\u00e5g\u00e5ende folkbildningsarbetet hos ABF. Folkbildningen g\u00f6r kunskap tillg\u00e4nglig f\u00f6r alla.\",\"breadcrumb\":{\"@id\":\"https:\/\/www.abf.se\/mittskane\/for-dig-som-cirkelledare\/#breadcrumb\"},\"inLanguage\":\"sv-SE\",\"potentialAction\":[{\"@type\":\"ReadAction\",\"target\":[\"https:\/\/www.abf.se\/mittskane\/for-dig-som-cirkelledare\/\"]}]},{\"@type\":\"BreadcrumbList\",\"@id\":\"https:\/\/www.abf.se\/mittskane\/for-dig-som-cirkelledare\/#breadcrumb\",\"itemListElement\":[{\"@type\":\"ListItem\",\"position\":1,\"name\":\"Home\",\"item\":\"https:\/\/www.abf.se\/mittskane\/\"},{\"@type\":\"ListItem\",\"position\":2,\"name\":\"F\u00f6r dig som \u00e4r Cirkelledare\"}]},{\"@type\":\"WebSite\",\"@id\":\"https:\/\/www.abf.se\/mittskane\/#website\",\"url\":\"https:\/\/www.abf.se\/mittskane\/\",\"name\":\"MittSk\u00e5ne\",\"description\":\"\",\"potentialAction\":[{\"@type\":\"SearchAction\",\"target\":{\"@type\":\"EntryPoint\",\"urlTemplate\":\"https:\/\/www.abf.se\/mittskane\/?s={search_term_string}\"},\"query-input\":{\"@type\":\"PropertyValueSpecification\",\"valueRequired\":true,\"valueName\":\"search_term_string\"}}],\"inLanguage\":\"sv-SE\"}]}<\/script>\n<!-- \/ Yoast SEO plugin. -->","yoast_head_json":{"title":"F\u00f6r dig som \u00e4r Cirkelledare - MittSk\u00e5ne","description":"Som cirkelledare \u00e4r du en viktig del i det p\u00e5g\u00e5ende folkbildningsarbetet hos ABF. Folkbildningen g\u00f6r kunskap tillg\u00e4nglig f\u00f6r alla.","robots":{"index":"index","follow":"follow","max-snippet":"max-snippet:-1","max-image-preview":"max-image-preview:large","max-video-preview":"max-video-preview:-1"},"canonical":"https:\/\/www.abf.se\/mittskane\/for-dig-som-cirkelledare\/","og_locale":"sv_SE","og_type":"article","og_title":"F\u00f6r dig som \u00e4r Cirkelledare - MittSk\u00e5ne","og_description":"Som cirkelledare \u00e4r du en viktig del i det p\u00e5g\u00e5ende folkbildningsarbetet hos ABF. Folkbildningen g\u00f6r kunskap tillg\u00e4nglig f\u00f6r alla.","og_url":"https:\/\/www.abf.se\/mittskane\/for-dig-som-cirkelledare\/","og_site_name":"MittSk\u00e5ne","article_modified_time":"2025-10-17T08:28:08+00:00","og_image":[{"width":2560,"height":1440,"url":"https:\/\/www.abf.se\/wp-content\/uploads\/sites\/35\/2024\/04\/Nyckeln-liggande-scaled.jpg","type":"image\/jpeg"}],"twitter_card":"summary_large_image","schema":{"@context":"https:\/\/schema.org","@graph":[{"@type":"WebPage","@id":"https:\/\/www.abf.se\/mittskane\/for-dig-som-cirkelledare\/","url":"https:\/\/www.abf.se\/mittskane\/for-dig-som-cirkelledare\/","name":"F\u00f6r dig som \u00e4r Cirkelledare - MittSk\u00e5ne","isPartOf":{"@id":"https:\/\/www.abf.se\/mittskane\/#website"},"datePublished":"2024-03-01T10:57:54+00:00","dateModified":"2025-10-17T08:28:08+00:00","description":"Som cirkelledare \u00e4r du en viktig del i det p\u00e5g\u00e5ende folkbildningsarbetet hos ABF. Folkbildningen g\u00f6r kunskap tillg\u00e4nglig f\u00f6r alla.","breadcrumb":{"@id":"https:\/\/www.abf.se\/mittskane\/for-dig-som-cirkelledare\/#breadcrumb"},"inLanguage":"sv-SE","potentialAction":[{"@type":"ReadAction","target":["https:\/\/www.abf.se\/mittskane\/for-dig-som-cirkelledare\/"]}]},{"@type":"BreadcrumbList","@id":"https:\/\/www.abf.se\/mittskane\/for-dig-som-cirkelledare\/#breadcrumb","itemListElement":[{"@type":"ListItem","position":1,"name":"Home","item":"https:\/\/www.abf.se\/mittskane\/"},{"@type":"ListItem","position":2,"name":"F\u00f6r dig som \u00e4r Cirkelledare"}]},{"@type":"WebSite","@id":"https:\/\/www.abf.se\/mittskane\/#website","url":"https:\/\/www.abf.se\/mittskane\/","name":"MittSk\u00e5ne","description":"","potentialAction":[{"@type":"SearchAction","target":{"@type":"EntryPoint","urlTemplate":"https:\/\/www.abf.se\/mittskane\/?s={search_term_string}"},"query-input":{"@type":"PropertyValueSpecification","valueRequired":true,"valueName":"search_term_string"}}],"inLanguage":"sv-SE"}]}},"_links":{"self":[{"href":"https:\/\/www.abf.se\/mittskane\/wp-json\/wp\/v2\/pages\/905","targetHints":{"allow":["GET"]}}],"collection":[{"href":"https:\/\/www.abf.se\/mittskane\/wp-json\/wp\/v2\/pages"}],"about":[{"href":"https:\/\/www.abf.se\/mittskane\/wp-json\/wp\/v2\/types\/page"}],"author":[{"embeddable":true,"href":"https:\/\/www.abf.se\/mittskane\/wp-json\/wp\/v2\/users\/32"}],"replies":[{"embeddable":true,"href":"https:\/\/www.abf.se\/mittskane\/wp-json\/wp\/v2\/comments?post=905"}],"version-history":[{"count":26,"href":"https:\/\/www.abf.se\/mittskane\/wp-json\/wp\/v2\/pages\/905\/revisions"}],"predecessor-version":[{"id":2898,"href":"https:\/\/www.abf.se\/mittskane\/wp-json\/wp\/v2\/pages\/905\/revisions\/2898"}],"wp:attachment":[{"href":"https:\/\/www.abf.se\/mittskane\/wp-json\/wp\/v2\/media?parent=905"}],"curies":[{"name":"wp","href":"https:\/\/api.w.org\/{rel}","templated":true}]}}