{"id":156,"date":"2026-03-04T12:43:56","date_gmt":"2026-03-04T11:43:56","guid":{"rendered":"https:\/\/www.abf.se\/musikverkstan\/?page_id=156"},"modified":"2026-03-06T14:18:13","modified_gmt":"2026-03-06T13:18:13","slug":"malet-med-var-studiecirkel","status":"publish","type":"page","link":"https:\/\/www.abf.se\/musikverkstan\/musik-i-studiecirkel\/malet-med-var-studiecirkel\/","title":{"rendered":"M\u00e5let med v\u00e5r studiecirkel"},"content":{"rendered":"<div\n    class=\"acf-hero-block container-lg no-padding mb-12 js-geolocation\"\n    data-block=\"hero-block\"\n    data-index=\"0\"\n>\n    <div class=\"h-[548px]  relative rounded-[32px] overflow-hidden flex bg-gray-light\">\n        <div class=\"relative z-10 mt-auto h-auto w-full md:h-full\">\n            <div class=\"flex w-full h-full flex-col flex-wrap justify-end w-full md:w-7\/12 lg:w-1\/2 md:justify-center\">\n                <div class=\"flex flex-col gap-3 md:gap-[18px] md:transparent pt-16 pb-36 md:py-8 px-4 w-full md:max-w-[620px] mx-auto px-8\">\n\n                    <h1 class=\"hero-heading\"><span>M\u00e5let med v\u00e5r studiecirkel<\/span><\/h1>\n\n                    \n                                    <\/div>\n            <\/div>\n        <\/div>\n\n                    <picture class=\"as-background-image mix-blend-multiply bg-black\/40\"><img decoding=\"async\" src=\"https:\/\/www.abf.se\/musikverkstan\/resized\/?url=https%3A%2F%2Fwww.abf.se%2Fwp-content%2Fuploads%2Fsites%2F94%2F2026%2F03%2Fpexels-pixabay-355948.jpg&#038;fit=crop&#038;w=1440&#038;s=87f6d34b6b583821c2a2db196c28d906\" srcset=\"https:\/\/www.abf.se\/musikverkstan\/resized\/?url=https%3A%2F%2Fwww.abf.se%2Fwp-content%2Fuploads%2Fsites%2F94%2F2026%2F03%2Fpexels-pixabay-355948.jpg&#038;fit=crop&#038;w=375&#038;h=540&#038;s=c6acc579a30e088020edc2cffdb4123b 375w, https:\/\/www.abf.se\/musikverkstan\/resized\/?url=https%3A%2F%2Fwww.abf.se%2Fwp-content%2Fuploads%2Fsites%2F94%2F2026%2F03%2Fpexels-pixabay-355948.jpg&#038;fit=crop&#038;w=447&#038;h=540&#038;s=fe2aa109c2ef646bc859020550b2915e 447w, https:\/\/www.abf.se\/musikverkstan\/resized\/?url=https%3A%2F%2Fwww.abf.se%2Fwp-content%2Fuploads%2Fsites%2F94%2F2026%2F03%2Fpexels-pixabay-355948.jpg&#038;fit=crop&#038;w=519&#038;h=540&#038;s=31fa33c6afb819df66f18498952dbd45 519w, https:\/\/www.abf.se\/musikverkstan\/resized\/?url=https%3A%2F%2Fwww.abf.se%2Fwp-content%2Fuploads%2Fsites%2F94%2F2026%2F03%2Fpexels-pixabay-355948.jpg&#038;fit=crop&#038;w=591&#038;h=540&#038;s=ab9621b09174481900a775abef2843f7 591w, https:\/\/www.abf.se\/musikverkstan\/resized\/?url=https%3A%2F%2Fwww.abf.se%2Fwp-content%2Fuploads%2Fsites%2F94%2F2026%2F03%2Fpexels-pixabay-355948.jpg&#038;fit=crop&#038;w=663&#038;h=540&#038;s=93462e7f3ee704867971c8f209a0c7ba 663w, https:\/\/www.abf.se\/musikverkstan\/resized\/?url=https%3A%2F%2Fwww.abf.se%2Fwp-content%2Fuploads%2Fsites%2F94%2F2026%2F03%2Fpexels-pixabay-355948.jpg&#038;fit=crop&#038;w=750&#038;h=540&#038;s=42ea98ea5c08e63e9876a789b899e2e8 750w, https:\/\/www.abf.se\/musikverkstan\/resized\/?url=https%3A%2F%2Fwww.abf.se%2Fwp-content%2Fuploads%2Fsites%2F94%2F2026%2F03%2Fpexels-pixabay-355948.jpg&#038;fit=crop&#038;w=894&#038;h=540&#038;s=3e9bfaa5eaf4ddd9ca3a22bf55d90239 894w, https:\/\/www.abf.se\/musikverkstan\/resized\/?url=https%3A%2F%2Fwww.abf.se%2Fwp-content%2Fuploads%2Fsites%2F94%2F2026%2F03%2Fpexels-pixabay-355948.jpg&#038;fit=crop&#038;w=1038&#038;h=540&#038;s=1b436e119953851191be56c152969c08 1038w, https:\/\/www.abf.se\/musikverkstan\/resized\/?url=https%3A%2F%2Fwww.abf.se%2Fwp-content%2Fuploads%2Fsites%2F94%2F2026%2F03%2Fpexels-pixabay-355948.jpg&#038;fit=crop&#038;w=1182&#038;h=540&#038;s=6809f7cc2d32c32884f9a994664862ee 1182w, https:\/\/www.abf.se\/musikverkstan\/resized\/?url=https%3A%2F%2Fwww.abf.se%2Fwp-content%2Fuploads%2Fsites%2F94%2F2026%2F03%2Fpexels-pixabay-355948.jpg&#038;fit=crop&#038;w=1326&#038;h=540&#038;s=03aa080fc4e6e2cf2eb5814301a44386 1326w, https:\/\/www.abf.se\/musikverkstan\/resized\/?url=https%3A%2F%2Fwww.abf.se%2Fwp-content%2Fuploads%2Fsites%2F94%2F2026%2F03%2Fpexels-pixabay-355948.jpg&#038;fit=crop&#038;w=1440&#038;h=540&#038;s=6e26d7816866aace871722ce778b06a1 1440w\" alt=\"\" height=\"540\" width=\"1440\" sizes=\"(max-width: 1440px) calc(100vw - 32px), 1440px\" loading=\"eager\" fetchpriority=\"high\" aria-hidden=\"true\" role=\"presentation\" \/><\/picture>\n        \n\n            <\/div>\n\n    <\/div>\n\n<div\n    class=\"acf-plain-heading-block container my-16\"\n    data-block=\"plain-heading-block\"\n>\n    <div class=\"max-w-[658px] mx-auto\">\n                            <p class=\"mt-8 body-xl text-black\">\n                En studiecirkel inom ABF ger dig m\u00f6jlighet att tillsammans med andra utveckla ert musikskapande och era f\u00e4rdigheter som band. Uppl\u00e4gget kan variera beroende p\u00e5 gruppens intressen, men fokus ligger p\u00e5 att l\u00e4ra av varandra och skapa tillsammans. Ni kan till exempel skriva l\u00e5tar, prova olika instrument, tr\u00e4na rytm och melodi, testa digitala verktyg eller prata om musik ni gillar. Gruppen tar gemensamma beslut och alla f\u00e5r bidra med tanker och id\u00e9er.  <br \/>\r\n<br \/>\r\nEtt tips \u00e4r att kika p\u00e5 de andra modulerna i Musikverkstan och anv\u00e4nda dem som inspiration till \u00f6vningar, id\u00e9er och teman i er musikcirkel. \n            <\/p>\n            <\/div>\n<\/div>\n<div\n    class=\"acf-article-text-block article-container my-12\"\n    data-block=\"article-text-block\"\n>\n    <div class=\"wysiwyg\">\n        <h2 aria-level=\"2\">Arbetsplan<\/h2>\n<p><span data-contrast=\"auto\">Arbetsplanen \u00e4r det dokument som beskriver vad ni ska l\u00e4ra er i cirkeln och hur. Oavsett om ni startar er f\u00f6rsta musikcirkel hos ABF eller haft cirklar f\u00f6rut kan\u00a0ni anv\u00e4nda\u00a0modulerna i Musikverkstan\u00a0som st\u00f6d i ert l\u00e4rande.\u00a0N\u00e4r ni har best\u00e4mt vad ni vill utforska och l\u00e4ra\u00a0er\u00a0i\u00a0musikcirkeln v\u00e4ljer ni den modul eller de \u00f6vningar ni tycker \u00e4r relevanta och skriver upp dem i arbetsplanen.<\/span><span data-ccp-props=\"{&quot;134233117&quot;:false,&quot;134233118&quot;:false,&quot;201341983&quot;:0,&quot;335551550&quot;:1,&quot;335551620&quot;:1,&quot;335559685&quot;:0,&quot;335559737&quot;:0,&quot;335559738&quot;:240,&quot;335559739&quot;:240,&quot;335559740&quot;:259}\">\u00a0<\/span><\/p>\n<p><span data-contrast=\"auto\">Det \u00e4r cirkelledaren som ansvarar f\u00f6r att fylla i arbetsplanen tillsammans med deltagarna.\u00a0Arbetsplansmallen f\u00e5r ni av er kontaktperson p\u00e5 ABF i samband med att\u00a0startar\u00a0ig\u00e5ng er musikcirkel!<\/span><span data-ccp-props=\"{&quot;134233117&quot;:false,&quot;134233118&quot;:false,&quot;201341983&quot;:0,&quot;335551550&quot;:1,&quot;335551620&quot;:1,&quot;335559685&quot;:0,&quot;335559737&quot;:0,&quot;335559738&quot;:240,&quot;335559739&quot;:240,&quot;335559740&quot;:259}\">\u00a0<\/span><\/p>\n<h2 aria-level=\"2\">Identifiera resurser och kompetenser<\/h2>\n<p><span data-contrast=\"auto\">I<\/span><span data-contrast=\"auto\">\u00a0<\/span><span data-contrast=\"auto\">en kreativ musikverksamhet \u00e4r gruppens styrka beroende av de samlade resurserna, erfarenheterna och kompetenserna som varje deltagare bidrar med. Genom att synligg\u00f6ra dessa kan\u00a0ni\u00a0arbeta mer medvetet, f\u00f6rdela uppgifter effektivt och utveckla\u00a0er\u00a0konstn\u00e4rliga riktning.<\/span><span data-ccp-props=\"{&quot;134233117&quot;:false,&quot;134233118&quot;:false,&quot;201341983&quot;:0,&quot;335551550&quot;:1,&quot;335551620&quot;:1,&quot;335559685&quot;:0,&quot;335559737&quot;:0,&quot;335559738&quot;:240,&quot;335559739&quot;:240,&quot;335559740&quot;:259}\">\u00a0<\/span><span data-ccp-props=\"{&quot;134233117&quot;:true,&quot;134233118&quot;:true,&quot;201341983&quot;:0,&quot;335559740&quot;:240}\">\u00a0<\/span><\/p>\n<h3><span data-contrast=\"none\">\u00d6vning 1:\u00a0Identifiera\u00a0resurser\u00a0och kompetenser\u00a0<\/span><\/h3>\n<p><span data-contrast=\"auto\">Denna \u00f6vning hj\u00e4lper er att se vilka tillg\u00e5ngar ni har som grupp.<\/span><span data-ccp-props=\"{}\">\u00a0<\/span><\/p>\n<p><b><span data-contrast=\"auto\">Individuell reflektion:\u00a0<\/span><\/b><span data-contrast=\"auto\">B\u00f6rja med att be alla deltagare fundera \u00f6ver f\u00f6ljande fr\u00e5gor:\u00a0<\/span><span data-ccp-props=\"{&quot;134233117&quot;:true,&quot;134233118&quot;:true,&quot;201341983&quot;:0,&quot;335559740&quot;:240}\">\u00a0<\/span><\/p>\n<ul>\n<li><span data-contrast=\"auto\">Varf\u00f6r \u00e4r vi h\u00e4r och vad vill vi g\u00f6ra?\u00a0<\/span><\/li>\n<li><span data-contrast=\"auto\">Vad\u00a0\u00e4r v\u00e5r vision som musiker\/band\/kollektiv?\u00a0<\/span><\/li>\n<li><span data-contrast=\"auto\">Var st\u00e5r vi nu? <\/span><\/li>\n<li><span data-contrast=\"auto\">Vad saknar vi f\u00f6r att kunna komma vidare med v\u00e5r vision?<\/span><span data-ccp-props=\"{}\">\u00a0<\/span><\/li>\n<\/ul>\n<p aria-level=\"2\"><b><span data-contrast=\"auto\">Gruppdiskussion:\u00a0<\/span><\/b><span data-contrast=\"auto\">N\u00e4r alla har reflekterat individuellt \u00e4r n\u00e4sta steg att dela insikterna i grupp.<\/span><span data-ccp-props=\"{&quot;134233117&quot;:true,&quot;134233118&quot;:true,&quot;201341983&quot;:0,&quot;335559740&quot;:240}\">\u00a0<\/span><\/p>\n<p aria-level=\"2\"><b><span data-contrast=\"auto\">F\u00f6rslag p\u00e5 uppl\u00e4gg:<\/span><\/b> <span data-contrast=\"auto\">L\u00e5t varje deltagare ber\u00e4tta kort om sina kompetenser och resurser.\u00a0Skriv st\u00f6dord p\u00e5\u00a0whiteboard-tavla eller bl\u00e4dderblock.\u00a0<\/span><\/p>\n<p aria-level=\"2\"><span data-contrast=\"auto\">Dela sedan upp\u00a0era\u00a0kompetenser och resurser\u00a0i resurskartan\u00a0s\u00e5 att gruppen kan se helheten.<\/span><span data-ccp-props=\"{&quot;134233117&quot;:true,&quot;134233118&quot;:true,&quot;201341983&quot;:0,&quot;335559740&quot;:240}\">\u00a0<\/span><\/p>\n<ol>\n<li><span data-contrast=\"auto\">Finns det f\u00e4rdigheter n\u00e5gon saknar men n\u00e5gon annan kan bidra med?<\/span><span data-ccp-props=\"{&quot;134233117&quot;:true,&quot;134233118&quot;:true,&quot;201341983&quot;:0,&quot;335559740&quot;:240}\">\u00a0<\/span><\/li>\n<li><span data-contrast=\"auto\">Vilka resurser beh\u00f6ver ni bygga upp? Hur kan ni hj\u00e4lpa varandra att v\u00e4xa?<\/span><\/li>\n<\/ol>\n<p><strong>Resurskarta:<\/strong> Identifiera resurser och kompetenser<\/p>\n<p>H\u00e4r har vi listat n\u00e5gra kategorier som ni kan utg\u00e5 ifr\u00e5n n\u00e4r ni g\u00f6r \u00f6vningen:<\/p>\n<ul>\n<li>M\u00e4nskliga<\/li>\n<li>Tekniska<\/li>\n<li>Digitala<\/li>\n<li>Finansiella<\/li>\n<li>Musikaliska<\/li>\n<li>Produktionsteknik<\/li>\n<li>Organisatoriska<\/li>\n<li>Kreativa<\/li>\n<li>Sociala<\/li>\n<\/ul>\n\n    <\/div>\n<\/div>\n<div\n    class=\"acf-article-image-block mb-12 article-container-lg\"\n    data-block=\"article-image-block\"\n>\n<div class=\"\">\n\n        <figure>\n        \n            <picture class=\"round-corners-lg w-full\"><img decoding=\"async\" src=\"https:\/\/www.abf.se\/musikverkstan\/resized\/?url=https%3A%2F%2Fwww.abf.se%2Fwp-content%2Fuploads%2Fsites%2F94%2F2026%2F03%2Fresurskarta-musikverkstan.png&#038;fit=contain&#038;w=788&#038;s=bb72a50ce3ab9f1a14350935aa240d76\" srcset=\"https:\/\/www.abf.se\/musikverkstan\/resized\/?url=https%3A%2F%2Fwww.abf.se%2Fwp-content%2Fuploads%2Fsites%2F94%2F2026%2F03%2Fresurskarta-musikverkstan.png&#038;fit=contain&#038;w=375&#038;h=225&#038;s=c3f3a55a398a681633a5eff5ac6f22db 375w, https:\/\/www.abf.se\/musikverkstan\/resized\/?url=https%3A%2F%2Fwww.abf.se%2Fwp-content%2Fuploads%2Fsites%2F94%2F2026%2F03%2Fresurskarta-musikverkstan.png&#038;fit=contain&#038;w=447&#038;h=268&#038;s=0a8ac918ea473d105a438009ed333f04 447w, https:\/\/www.abf.se\/musikverkstan\/resized\/?url=https%3A%2F%2Fwww.abf.se%2Fwp-content%2Fuploads%2Fsites%2F94%2F2026%2F03%2Fresurskarta-musikverkstan.png&#038;fit=contain&#038;w=519&#038;h=312&#038;s=6e681c25716da0b0d820362141c63ebc 519w, https:\/\/www.abf.se\/musikverkstan\/resized\/?url=https%3A%2F%2Fwww.abf.se%2Fwp-content%2Fuploads%2Fsites%2F94%2F2026%2F03%2Fresurskarta-musikverkstan.png&#038;fit=contain&#038;w=591&#038;h=355&#038;s=0728736757607aa4cc644a7ae1a1a333 591w, https:\/\/www.abf.se\/musikverkstan\/resized\/?url=https%3A%2F%2Fwww.abf.se%2Fwp-content%2Fuploads%2Fsites%2F94%2F2026%2F03%2Fresurskarta-musikverkstan.png&#038;fit=contain&#038;w=663&#038;h=398&#038;s=ea7cbb87ec791daab973ab06c325e311 663w, https:\/\/www.abf.se\/musikverkstan\/resized\/?url=https%3A%2F%2Fwww.abf.se%2Fwp-content%2Fuploads%2Fsites%2F94%2F2026%2F03%2Fresurskarta-musikverkstan.png&#038;fit=contain&#038;w=735&#038;h=442&#038;s=d08df82e42ab3b3915fc910eb41e2907 735w, https:\/\/www.abf.se\/musikverkstan\/resized\/?url=https%3A%2F%2Fwww.abf.se%2Fwp-content%2Fuploads%2Fsites%2F94%2F2026%2F03%2Fresurskarta-musikverkstan.png&#038;fit=contain&#038;w=750&#038;h=451&#038;s=bc18bd30c0fd2f8c3d35b837bca4999f 750w, https:\/\/www.abf.se\/musikverkstan\/resized\/?url=https%3A%2F%2Fwww.abf.se%2Fwp-content%2Fuploads%2Fsites%2F94%2F2026%2F03%2Fresurskarta-musikverkstan.png&#038;fit=contain&#038;w=788&#038;s=bb72a50ce3ab9f1a14350935aa240d76 788w, https:\/\/www.abf.se\/musikverkstan\/resized\/?url=https%3A%2F%2Fwww.abf.se%2Fwp-content%2Fuploads%2Fsites%2F94%2F2026%2F03%2Fresurskarta-musikverkstan.png&#038;fit=contain&#038;w=894&#038;h=537&#038;s=1368ba93e28e78109d712763de7286e4 894w, https:\/\/www.abf.se\/musikverkstan\/resized\/?url=https%3A%2F%2Fwww.abf.se%2Fwp-content%2Fuploads%2Fsites%2F94%2F2026%2F03%2Fresurskarta-musikverkstan.png&#038;fit=contain&#038;w=1038&#038;h=624&#038;s=59ffefac459e0727497685aa6f350963 1038w, https:\/\/www.abf.se\/musikverkstan\/resized\/?url=https%3A%2F%2Fwww.abf.se%2Fwp-content%2Fuploads%2Fsites%2F94%2F2026%2F03%2Fresurskarta-musikverkstan.png&#038;fit=contain&#038;w=1182&#038;h=711&#038;s=e9587be0e65a285effdde5cff05f0ce3 1182w, https:\/\/www.abf.se\/musikverkstan\/resized\/?url=https%3A%2F%2Fwww.abf.se%2Fwp-content%2Fuploads%2Fsites%2F94%2F2026%2F03%2Fresurskarta-musikverkstan.png&#038;fit=contain&#038;w=1326&#038;h=797&#038;s=b546c8075eb3cf349a325469b71f102a 1326w, https:\/\/www.abf.se\/musikverkstan\/resized\/?url=https%3A%2F%2Fwww.abf.se%2Fwp-content%2Fuploads%2Fsites%2F94%2F2026%2F03%2Fresurskarta-musikverkstan.png&#038;fit=contain&#038;w=1470&#038;h=884&#038;s=b51b96a53f3fa39373a1358f441dc3db 1470w\" alt=\"\" height=\"474\" width=\"788\" sizes=\"auto, (max-width: 768px) calc(100vw - 40px), 788px\" loading=\"lazy\" fetchpriority=\"low\" class=\"round-corners-lg w-full\" \/><\/picture>\n                            <figcaption class=\"my-2 body-md text-gray-text\">\n                    Exempel p\u00e5 en resurskarta.\n                <\/figcaption>\n                        <\/figure>\n        <\/div>\n\n<\/div>\n<div\n    class=\"acf-quick-link-block bg-red py-12 md:py-20\"\n    data-block=\"quick-link-block\"\n>\n    <div class=\"container\">\n                    <h2 class=\"heading-lg mb-7 text-center text-white\">\n                Alla avsnitt inom Modul 1 &#8211; Musik i studiecirkel\n            <\/h2>\n        \n        <div\n            class=\"px-5 content:px-0 grid grid-cols-1 gap-8 lg:grid-cols-3\">\n            \n            <article\nclass=\"round-corners-sm p-6 relative group grid grid-rows-[subgrid] row-[span_3] gap-4 bg-white text-red\"\n>\n            <h3\n        class=\"heading-sm group-hover:underline text-red\">\n            <a href=\"https:\/\/www.abf.se\/musikverkstan\/musik-i-studiecirkel\/malet-med-var-studiecirkel\/\" class=\"expanded-hit-area\" target=\"\">\n                Avsnitt 1: M\u00e5let med v\u00e5r studiecirkel\n            <\/a>\n        <\/h3>\n            <figure\n    class=\"w-[38px] h-[38px] rounded-full p-2 group-hover:scale-110 transition-transform duration-300 self-end pointer-events-none bg-red text-white\">\n        <svg width=\"20\" height=\"20\" viewBox=\"0 0 20 20\" fill=\"none\" class=\"SvgIconElement\">\n<path d=\"M4.16659 10L15.8333 10\" stroke=\"currentColor\"\/>\n<path d=\"M9.99992 4.1665L15.8333 9.99984L9.99992 15.8332\" stroke=\"currentColor\"\/>\n<\/svg>\n    <\/figure>\n<\/article>            \n            <article\nclass=\"round-corners-sm p-6 relative group grid grid-rows-[subgrid] row-[span_3] gap-4 bg-white text-red\"\n>\n            <h3\n        class=\"heading-sm group-hover:underline text-red\">\n            <a href=\"https:\/\/www.abf.se\/musikverkstan\/musik-i-studiecirkel\/vagen-till-ett-bra-samarbete\/\" class=\"expanded-hit-area\" target=\"\">\n                Avsnitt 2: V\u00e4gen till ett bra samarbete\n            <\/a>\n        <\/h3>\n            <figure\n    class=\"w-[38px] h-[38px] rounded-full p-2 group-hover:scale-110 transition-transform duration-300 self-end pointer-events-none bg-red text-white\">\n        <svg width=\"20\" height=\"20\" viewBox=\"0 0 20 20\" fill=\"none\" class=\"SvgIconElement\">\n<path d=\"M4.16659 10L15.8333 10\" stroke=\"currentColor\"\/>\n<path d=\"M9.99992 4.1665L15.8333 9.99984L9.99992 15.8332\" stroke=\"currentColor\"\/>\n<\/svg>\n    <\/figure>\n<\/article>            \n            <article\nclass=\"round-corners-sm p-6 relative group grid grid-rows-[subgrid] row-[span_3] gap-4 bg-white text-red\"\n>\n            <h3\n        class=\"heading-sm group-hover:underline text-red\">\n            <a href=\"https:\/\/www.abf.se\/musikverkstan\/musik-i-studiecirkel\/vi-har-kort-fast\/\" class=\"expanded-hit-area\" target=\"\">\n                Avsnitt 3: Vi har k\u00f6rt fast\n            <\/a>\n        <\/h3>\n            <figure\n    class=\"w-[38px] h-[38px] rounded-full p-2 group-hover:scale-110 transition-transform duration-300 self-end pointer-events-none bg-red text-white\">\n        <svg width=\"20\" height=\"20\" viewBox=\"0 0 20 20\" fill=\"none\" class=\"SvgIconElement\">\n<path d=\"M4.16659 10L15.8333 10\" stroke=\"currentColor\"\/>\n<path d=\"M9.99992 4.1665L15.8333 9.99984L9.99992 15.8332\" stroke=\"currentColor\"\/>\n<\/svg>\n    <\/figure>\n<\/article>                    <\/div>\n    <\/div>\n<\/div>\n","protected":false},"excerpt":{"rendered":"","protected":false},"author":36,"featured_media":0,"parent":125,"menu_order":11,"comment_status":"closed","ping_status":"closed","template":"","meta":{"_acf_changed":false,"footnotes":""},"class_list":["post-156","page","type-page","status-publish","hentry"],"acf":[],"yoast_head":"<!-- This site is optimized with the Yoast SEO plugin v27.0 - https:\/\/yoast.com\/product\/yoast-seo-wordpress\/ -->\n<title>M\u00e5let med v\u00e5r studiecirkel - Musikverkstan<\/title>\n<meta name=\"robots\" content=\"index, follow, max-snippet:-1, max-image-preview:large, max-video-preview:-1\" \/>\n<link rel=\"canonical\" href=\"https:\/\/www.abf.se\/musikverkstan\/musik-i-studiecirkel\/malet-med-var-studiecirkel\/\" \/>\n<meta property=\"og:locale\" content=\"en_US\" \/>\n<meta property=\"og:type\" content=\"article\" \/>\n<meta property=\"og:title\" content=\"M\u00e5let med v\u00e5r studiecirkel - Musikverkstan\" \/>\n<meta property=\"og:url\" content=\"https:\/\/www.abf.se\/musikverkstan\/musik-i-studiecirkel\/malet-med-var-studiecirkel\/\" \/>\n<meta property=\"og:site_name\" content=\"Musikverkstan\" \/>\n<meta property=\"article:modified_time\" content=\"2026-03-06T13:18:13+00:00\" \/>\n<meta property=\"og:image\" content=\"https:\/\/www.abf.se\/wp-content\/uploads\/sites\/94\/2026\/03\/herobild-musikverkstan.png\" \/>\n\t<meta property=\"og:image:width\" content=\"1440\" \/>\n\t<meta property=\"og:image:height\" content=\"520\" \/>\n\t<meta property=\"og:image:type\" content=\"image\/png\" \/>\n<meta name=\"twitter:card\" content=\"summary_large_image\" \/>\n<script type=\"application\/ld+json\" class=\"yoast-schema-graph\">{\"@context\":\"https:\/\/schema.org\",\"@graph\":[{\"@type\":\"WebPage\",\"@id\":\"https:\/\/www.abf.se\/musikverkstan\/musik-i-studiecirkel\/malet-med-var-studiecirkel\/\",\"url\":\"https:\/\/www.abf.se\/musikverkstan\/musik-i-studiecirkel\/malet-med-var-studiecirkel\/\",\"name\":\"M\u00e5let med v\u00e5r studiecirkel - Musikverkstan\",\"isPartOf\":{\"@id\":\"https:\/\/www.abf.se\/musikverkstan\/#website\"},\"datePublished\":\"2026-03-04T11:43:56+00:00\",\"dateModified\":\"2026-03-06T13:18:13+00:00\",\"breadcrumb\":{\"@id\":\"https:\/\/www.abf.se\/musikverkstan\/musik-i-studiecirkel\/malet-med-var-studiecirkel\/#breadcrumb\"},\"inLanguage\":\"en-US\",\"potentialAction\":[{\"@type\":\"ReadAction\",\"target\":[\"https:\/\/www.abf.se\/musikverkstan\/musik-i-studiecirkel\/malet-med-var-studiecirkel\/\"]}]},{\"@type\":\"BreadcrumbList\",\"@id\":\"https:\/\/www.abf.se\/musikverkstan\/musik-i-studiecirkel\/malet-med-var-studiecirkel\/#breadcrumb\",\"itemListElement\":[{\"@type\":\"ListItem\",\"position\":1,\"name\":\"Home\",\"item\":\"https:\/\/www.abf.se\/musikverkstan\/\"},{\"@type\":\"ListItem\",\"position\":2,\"name\":\"Musik i\u00a0studiecirkel\",\"item\":\"https:\/\/www.abf.se\/musikverkstan\/musik-i-studiecirkel\/\"},{\"@type\":\"ListItem\",\"position\":3,\"name\":\"M\u00e5let med v\u00e5r studiecirkel\"}]},{\"@type\":\"WebSite\",\"@id\":\"https:\/\/www.abf.se\/musikverkstan\/#website\",\"url\":\"https:\/\/www.abf.se\/musikverkstan\/\",\"name\":\"Musikverkstan\",\"description\":\"\",\"potentialAction\":[{\"@type\":\"SearchAction\",\"target\":{\"@type\":\"EntryPoint\",\"urlTemplate\":\"https:\/\/www.abf.se\/musikverkstan\/?s={search_term_string}\"},\"query-input\":{\"@type\":\"PropertyValueSpecification\",\"valueRequired\":true,\"valueName\":\"search_term_string\"}}],\"inLanguage\":\"en-US\"}]}<\/script>\n<!-- \/ Yoast SEO plugin. -->","yoast_head_json":{"title":"M\u00e5let med v\u00e5r studiecirkel - Musikverkstan","robots":{"index":"index","follow":"follow","max-snippet":"max-snippet:-1","max-image-preview":"max-image-preview:large","max-video-preview":"max-video-preview:-1"},"canonical":"https:\/\/www.abf.se\/musikverkstan\/musik-i-studiecirkel\/malet-med-var-studiecirkel\/","og_locale":"en_US","og_type":"article","og_title":"M\u00e5let med v\u00e5r studiecirkel - Musikverkstan","og_url":"https:\/\/www.abf.se\/musikverkstan\/musik-i-studiecirkel\/malet-med-var-studiecirkel\/","og_site_name":"Musikverkstan","article_modified_time":"2026-03-06T13:18:13+00:00","og_image":[{"width":1440,"height":520,"url":"https:\/\/www.abf.se\/wp-content\/uploads\/sites\/94\/2026\/03\/herobild-musikverkstan.png","type":"image\/png"}],"twitter_card":"summary_large_image","schema":{"@context":"https:\/\/schema.org","@graph":[{"@type":"WebPage","@id":"https:\/\/www.abf.se\/musikverkstan\/musik-i-studiecirkel\/malet-med-var-studiecirkel\/","url":"https:\/\/www.abf.se\/musikverkstan\/musik-i-studiecirkel\/malet-med-var-studiecirkel\/","name":"M\u00e5let med v\u00e5r studiecirkel - Musikverkstan","isPartOf":{"@id":"https:\/\/www.abf.se\/musikverkstan\/#website"},"datePublished":"2026-03-04T11:43:56+00:00","dateModified":"2026-03-06T13:18:13+00:00","breadcrumb":{"@id":"https:\/\/www.abf.se\/musikverkstan\/musik-i-studiecirkel\/malet-med-var-studiecirkel\/#breadcrumb"},"inLanguage":"en-US","potentialAction":[{"@type":"ReadAction","target":["https:\/\/www.abf.se\/musikverkstan\/musik-i-studiecirkel\/malet-med-var-studiecirkel\/"]}]},{"@type":"BreadcrumbList","@id":"https:\/\/www.abf.se\/musikverkstan\/musik-i-studiecirkel\/malet-med-var-studiecirkel\/#breadcrumb","itemListElement":[{"@type":"ListItem","position":1,"name":"Home","item":"https:\/\/www.abf.se\/musikverkstan\/"},{"@type":"ListItem","position":2,"name":"Musik i\u00a0studiecirkel","item":"https:\/\/www.abf.se\/musikverkstan\/musik-i-studiecirkel\/"},{"@type":"ListItem","position":3,"name":"M\u00e5let med v\u00e5r studiecirkel"}]},{"@type":"WebSite","@id":"https:\/\/www.abf.se\/musikverkstan\/#website","url":"https:\/\/www.abf.se\/musikverkstan\/","name":"Musikverkstan","description":"","potentialAction":[{"@type":"SearchAction","target":{"@type":"EntryPoint","urlTemplate":"https:\/\/www.abf.se\/musikverkstan\/?s={search_term_string}"},"query-input":{"@type":"PropertyValueSpecification","valueRequired":true,"valueName":"search_term_string"}}],"inLanguage":"en-US"}]}},"_links":{"self":[{"href":"https:\/\/www.abf.se\/musikverkstan\/wp-json\/wp\/v2\/pages\/156","targetHints":{"allow":["GET"]}}],"collection":[{"href":"https:\/\/www.abf.se\/musikverkstan\/wp-json\/wp\/v2\/pages"}],"about":[{"href":"https:\/\/www.abf.se\/musikverkstan\/wp-json\/wp\/v2\/types\/page"}],"author":[{"embeddable":true,"href":"https:\/\/www.abf.se\/musikverkstan\/wp-json\/wp\/v2\/users\/36"}],"replies":[{"embeddable":true,"href":"https:\/\/www.abf.se\/musikverkstan\/wp-json\/wp\/v2\/comments?post=156"}],"version-history":[{"count":10,"href":"https:\/\/www.abf.se\/musikverkstan\/wp-json\/wp\/v2\/pages\/156\/revisions"}],"predecessor-version":[{"id":530,"href":"https:\/\/www.abf.se\/musikverkstan\/wp-json\/wp\/v2\/pages\/156\/revisions\/530"}],"up":[{"embeddable":true,"href":"https:\/\/www.abf.se\/musikverkstan\/wp-json\/wp\/v2\/pages\/125"}],"wp:attachment":[{"href":"https:\/\/www.abf.se\/musikverkstan\/wp-json\/wp\/v2\/media?parent=156"}],"curies":[{"name":"wp","href":"https:\/\/api.w.org\/{rel}","templated":true}]}}