{"id":3,"date":"2026-03-03T13:36:44","date_gmt":"2026-03-03T12:36:44","guid":{"rendered":"https:\/\/www.abf.se\/musikverkstan\/?page_id=3"},"modified":"2026-03-09T09:55:02","modified_gmt":"2026-03-09T08:55:02","slug":"valkommen-till-musikverkstan","status":"publish","type":"page","link":"https:\/\/www.abf.se\/musikverkstan\/","title":{"rendered":"V\u00e4lkommen till\u00a0Musikverkstan!\u00a0"},"content":{"rendered":"<div\n    class=\"acf-hero-block container-lg no-padding mb-12 js-geolocation\"\n    data-block=\"hero-block\"\n    data-index=\"0\"\n>\n    <div class=\"h-[548px]  relative rounded-[32px] overflow-hidden flex bg-gray-light\">\n        <div class=\"relative z-10 mt-auto h-auto w-full md:h-full\">\n            <div class=\"flex w-full h-full flex-col flex-wrap justify-end w-full md:w-7\/12 lg:w-1\/2 md:justify-center\">\n                <div class=\"flex flex-col gap-3 md:gap-[18px] md:transparent pt-16 pb-36 md:py-8 px-4 w-full md:max-w-[620px] mx-auto px-8\">\n\n                    <h1 class=\"hero-heading\"><span>V\u00e4lkommen till Musikverkstan!<\/span><\/h1>\n\n                    \n                                    <\/div>\n            <\/div>\n        <\/div>\n\n                    <picture class=\"as-background-image mix-blend-multiply bg-black\/40\"><img decoding=\"async\" src=\"https:\/\/www.abf.se\/musikverkstan\/resized\/?url=https%3A%2F%2Fwww.abf.se%2Fwp-content%2Fuploads%2Fsites%2F94%2F2026%2F03%2Fherobild-musikverkstan.png&#038;fit=crop&#038;w=1440&#038;s=8abfca1d268c6fbdbd23a782a56ff32e\" srcset=\"https:\/\/www.abf.se\/musikverkstan\/resized\/?url=https%3A%2F%2Fwww.abf.se%2Fwp-content%2Fuploads%2Fsites%2F94%2F2026%2F03%2Fherobild-musikverkstan.png&#038;fit=crop&#038;w=375&#038;h=540&#038;s=db2231a68fb0d4dcd18c9dee56639b46 375w, https:\/\/www.abf.se\/musikverkstan\/resized\/?url=https%3A%2F%2Fwww.abf.se%2Fwp-content%2Fuploads%2Fsites%2F94%2F2026%2F03%2Fherobild-musikverkstan.png&#038;fit=crop&#038;w=447&#038;h=540&#038;s=5088700a02d799e686e9e531dbca81fa 447w, https:\/\/www.abf.se\/musikverkstan\/resized\/?url=https%3A%2F%2Fwww.abf.se%2Fwp-content%2Fuploads%2Fsites%2F94%2F2026%2F03%2Fherobild-musikverkstan.png&#038;fit=crop&#038;w=519&#038;h=540&#038;s=0faa7d07ebfaccc388574ac9260fa2fc 519w, https:\/\/www.abf.se\/musikverkstan\/resized\/?url=https%3A%2F%2Fwww.abf.se%2Fwp-content%2Fuploads%2Fsites%2F94%2F2026%2F03%2Fherobild-musikverkstan.png&#038;fit=crop&#038;w=591&#038;h=540&#038;s=9331a85aad0afcce1be3b1d97631d890 591w, https:\/\/www.abf.se\/musikverkstan\/resized\/?url=https%3A%2F%2Fwww.abf.se%2Fwp-content%2Fuploads%2Fsites%2F94%2F2026%2F03%2Fherobild-musikverkstan.png&#038;fit=crop&#038;w=663&#038;h=540&#038;s=1f702aa461ba3828f6ff3b90e5262abe 663w, https:\/\/www.abf.se\/musikverkstan\/resized\/?url=https%3A%2F%2Fwww.abf.se%2Fwp-content%2Fuploads%2Fsites%2F94%2F2026%2F03%2Fherobild-musikverkstan.png&#038;fit=crop&#038;w=750&#038;h=540&#038;s=5b0c1f9fbf71e79ec7b1d8affc59f524 750w, https:\/\/www.abf.se\/musikverkstan\/resized\/?url=https%3A%2F%2Fwww.abf.se%2Fwp-content%2Fuploads%2Fsites%2F94%2F2026%2F03%2Fherobild-musikverkstan.png&#038;fit=crop&#038;w=894&#038;h=540&#038;s=a7d5b24c088dbddaa0ee427461a59644 894w, https:\/\/www.abf.se\/musikverkstan\/resized\/?url=https%3A%2F%2Fwww.abf.se%2Fwp-content%2Fuploads%2Fsites%2F94%2F2026%2F03%2Fherobild-musikverkstan.png&#038;fit=crop&#038;w=1038&#038;h=540&#038;s=95c5f217ac75fc87ef04f72a54dffe43 1038w, https:\/\/www.abf.se\/musikverkstan\/resized\/?url=https%3A%2F%2Fwww.abf.se%2Fwp-content%2Fuploads%2Fsites%2F94%2F2026%2F03%2Fherobild-musikverkstan.png&#038;fit=crop&#038;w=1182&#038;h=540&#038;s=2fec85cb0fd1d97bce80c7ae55069282 1182w, https:\/\/www.abf.se\/musikverkstan\/resized\/?url=https%3A%2F%2Fwww.abf.se%2Fwp-content%2Fuploads%2Fsites%2F94%2F2026%2F03%2Fherobild-musikverkstan.png&#038;fit=crop&#038;w=1326&#038;h=540&#038;s=1976873a91194a440921d7862e758e66 1326w, https:\/\/www.abf.se\/musikverkstan\/resized\/?url=https%3A%2F%2Fwww.abf.se%2Fwp-content%2Fuploads%2Fsites%2F94%2F2026%2F03%2Fherobild-musikverkstan.png&#038;fit=crop&#038;w=1440&#038;h=540&#038;s=645700c7c23d81a4e0bc96bf5eed965a 1440w\" alt=\"\" height=\"540\" width=\"1440\" sizes=\"(max-width: 1440px) calc(100vw - 32px), 1440px\" loading=\"eager\" fetchpriority=\"high\" aria-hidden=\"true\" role=\"presentation\" \/><\/picture>\n        \n\n            <\/div>\n\n    <\/div>\n\n<div\n    class=\"acf-plain-heading-block container my-16\"\n    data-block=\"plain-heading-block\"\n>\n    <div class=\"max-w-[658px] mx-auto\">\n                            <p class=\"mt-8 body-xl text-black\">\n                Musikverkstan \u00e4r ABFs digitala portal f\u00f6r er som har en musikstudiecirkel hos ABF eller \u00e4r nyfiken p\u00e5 att starta en. H\u00e4r finns tips och tricks som ni kan anv\u00e4nda er av i er studiecirkel, oavsett vilket m\u00e5l ni har med ert musikprojekt! <br \/>\r\n<br \/>\r\nMusikverkstan \u00e4r uppdelad i 5 olika moduler med olika teman. Varje modul inneh\u00e5ller information, \u00f6vningar och kunskap. \u00c4r det f\u00f6rsta g\u00e5ngen som du leder eller \u00e4r med i en musikstudiecirkel hos ABF? D\u00e5 rekommenderar vi att ni b\u00f6rjar med modul 1 \u2013 Musik i studiecirkel. <br \/>\r\n<br \/>\r\nOm ni redan har en studiecirkel hos ABF inom musik v\u00e4ljer ni den modul som passar era behov och m\u00e5l b\u00e4st. Sedan anger ni i er arbetsplan vilken av modulerna ni kommer att jobba med och hur. \n            <\/p>\n            <\/div>\n<\/div>\n<div\n    class=\"acf-text-image-block container bg-gray-light py-12 md:py-15\"\n    data-block=\"text-image-block\"\n>\n    <div\n    class=\"flex flex-col items-center md:flex-row gap-8 md:gap-0 justify-between\">\n                        <div class=\"w-full md:w-1\/2 md:order-2\">\n            <picture><img decoding=\"async\" src=\"https:\/\/www.abf.se\/musikverkstan\/resized\/?url=https%3A%2F%2Fwww.abf.se%2Fwp-content%2Fuploads%2Fsites%2F94%2F2026%2F03%2FABF_bildbank-97.jpg&#038;fit=crop&#038;w=578&#038;s=c19a67a123dda193ef96f53aa16f93c2\" srcset=\"https:\/\/www.abf.se\/musikverkstan\/resized\/?url=https%3A%2F%2Fwww.abf.se%2Fwp-content%2Fuploads%2Fsites%2F94%2F2026%2F03%2FABF_bildbank-97.jpg&#038;fit=crop&#038;w=144&#038;h=126&#038;s=8bb9f0e3c92d5289cbe37fcc325ced9f 144w, https:\/\/www.abf.se\/musikverkstan\/resized\/?url=https%3A%2F%2Fwww.abf.se%2Fwp-content%2Fuploads%2Fsites%2F94%2F2026%2F03%2FABF_bildbank-97.jpg&#038;fit=crop&#038;w=240&#038;h=211&#038;s=577a46de56037ab3c9d777931873db77 240w, https:\/\/www.abf.se\/musikverkstan\/resized\/?url=https%3A%2F%2Fwww.abf.se%2Fwp-content%2Fuploads%2Fsites%2F94%2F2026%2F03%2FABF_bildbank-97.jpg&#038;fit=crop&#038;w=288&#038;h=253&#038;s=9d14ceab01146c88bde02547d71fe6e4 288w, https:\/\/www.abf.se\/musikverkstan\/resized\/?url=https%3A%2F%2Fwww.abf.se%2Fwp-content%2Fuploads%2Fsites%2F94%2F2026%2F03%2FABF_bildbank-97.jpg&#038;fit=crop&#038;w=336&#038;h=295&#038;s=268b1a7e4115bfb82ee4b2a621637dcc 336w, https:\/\/www.abf.se\/musikverkstan\/resized\/?url=https%3A%2F%2Fwww.abf.se%2Fwp-content%2Fuploads%2Fsites%2F94%2F2026%2F03%2FABF_bildbank-97.jpg&#038;fit=crop&#038;w=432&#038;h=380&#038;s=9e3ac9dbe38361fda163f778c2de859c 432w, https:\/\/www.abf.se\/musikverkstan\/resized\/?url=https%3A%2F%2Fwww.abf.se%2Fwp-content%2Fuploads%2Fsites%2F94%2F2026%2F03%2FABF_bildbank-97.jpg&#038;fit=crop&#038;w=480&#038;h=422&#038;s=f1cb50d855ff28b84d344dfbc6697d14 480w, https:\/\/www.abf.se\/musikverkstan\/resized\/?url=https%3A%2F%2Fwww.abf.se%2Fwp-content%2Fuploads%2Fsites%2F94%2F2026%2F03%2FABF_bildbank-97.jpg&#038;fit=crop&#038;w=528&#038;h=464&#038;s=c2d3025cd0ddfd53fb5ad458d7130262 528w, https:\/\/www.abf.se\/musikverkstan\/resized\/?url=https%3A%2F%2Fwww.abf.se%2Fwp-content%2Fuploads%2Fsites%2F94%2F2026%2F03%2FABF_bildbank-97.jpg&#038;fit=crop&#038;w=578&#038;h=509&#038;s=a2bbaa2b4081db3bd4ce443ed61c943d 578w, https:\/\/www.abf.se\/musikverkstan\/resized\/?url=https%3A%2F%2Fwww.abf.se%2Fwp-content%2Fuploads%2Fsites%2F94%2F2026%2F03%2FABF_bildbank-97.jpg&#038;fit=crop&#038;w=672&#038;h=591&#038;s=10481431fe1bcfaa63e77953a4f051b9 672w, https:\/\/www.abf.se\/musikverkstan\/resized\/?url=https%3A%2F%2Fwww.abf.se%2Fwp-content%2Fuploads%2Fsites%2F94%2F2026%2F03%2FABF_bildbank-97.jpg&#038;fit=crop&#038;w=864&#038;h=760&#038;s=3072a85567b84bc19613c8d14fb0d8c5 864w, https:\/\/www.abf.se\/musikverkstan\/resized\/?url=https%3A%2F%2Fwww.abf.se%2Fwp-content%2Fuploads%2Fsites%2F94%2F2026%2F03%2FABF_bildbank-97.jpg&#038;fit=crop&#038;w=1056&#038;h=929&#038;s=e4cfce648a8c8e2b242f9a8a6dc94e15 1056w\" alt=\"Tre unga musiker spelar. I bakgrunden en f&ouml;rst&auml;rkare och svarta draperier.\" height=\"509\" width=\"578\" sizes=\"auto, (max-width: 768px) 100vw,\n                (max-width: 1280px) 50vw, 578px\" loading=\"lazy\" fetchpriority=\"low\" \/><\/picture>\n\n        <\/div>\n        \n        <div class=\"w-full md:w-1\/2 md:order-1\">\n        <div class=\"mx-auto md:max-w-[368px]\">\n            <h2 class=\"heading-lg\">Modul 1: Musik i studiecirkel <\/h2>\n            <div class=\"mb-6 mt-4 wysiwyg\">\n                <p><span data-teams=\"true\">Att utvecklas i en studiecirkel handlar om att v\u00e4xa tillsammans \u2013 musikaliskt, kreativt och som grupp. I den h\u00e4r modulen f\u00e5r ni verktyg f\u00f6r att st\u00e4rka samarbetet, utforska era f\u00f6rm\u00e5gor och bygga en trygg och inspirerande milj\u00f6 d\u00e4r allas id\u00e9er f\u00e5r plats. Oavsett om ni precis har b\u00f6rjat spela ihop eller har gjort det en l\u00e4ngre tid kan ni f\u00e5 hj\u00e4lp att hitta riktningen, forma gemensamma m\u00e5l och skapa ett meningsfullt l\u00e4rande i cirkeln.<\/span><\/p>\n\n            <\/div>\n                                            <a href='https:\/\/www.abf.se\/musikverkstan\/musik-i-studiecirkel\/' class=\"default-button\" target=\"\">Ta mig till modulen<\/a>\n                    <\/div>\n        <\/div>\n    <\/div>\n<\/div><div\n    class=\"acf-text-image-block container my-12 md:my-15\"\n    data-block=\"text-image-block\"\n>\n    <div\n    class=\"flex flex-col items-center md:flex-row gap-8 md:gap-0 justify-between\">\n                        <div class=\"w-full md:w-1\/2 md:order-2\">\n            <picture><img decoding=\"async\" src=\"https:\/\/www.abf.se\/musikverkstan\/resized\/?url=https%3A%2F%2Fwww.abf.se%2Fwp-content%2Fuploads%2Fsites%2F94%2F2026%2F03%2Fzai-dan-BjgTiZnyrIA-unsplash.jpg&#038;fit=crop&#038;w=578&#038;s=65106b26abfae12fc52a4a69cc485aaa\" srcset=\"https:\/\/www.abf.se\/musikverkstan\/resized\/?url=https%3A%2F%2Fwww.abf.se%2Fwp-content%2Fuploads%2Fsites%2F94%2F2026%2F03%2Fzai-dan-BjgTiZnyrIA-unsplash.jpg&#038;fit=crop&#038;w=144&#038;h=126&#038;s=e35756fee26a37d438541171de2443bd 144w, https:\/\/www.abf.se\/musikverkstan\/resized\/?url=https%3A%2F%2Fwww.abf.se%2Fwp-content%2Fuploads%2Fsites%2F94%2F2026%2F03%2Fzai-dan-BjgTiZnyrIA-unsplash.jpg&#038;fit=crop&#038;w=240&#038;h=211&#038;s=ce5062035de7874b09b78f52a935298f 240w, https:\/\/www.abf.se\/musikverkstan\/resized\/?url=https%3A%2F%2Fwww.abf.se%2Fwp-content%2Fuploads%2Fsites%2F94%2F2026%2F03%2Fzai-dan-BjgTiZnyrIA-unsplash.jpg&#038;fit=crop&#038;w=288&#038;h=253&#038;s=1b82b8ef7db9cf941ca0b373696ec785 288w, https:\/\/www.abf.se\/musikverkstan\/resized\/?url=https%3A%2F%2Fwww.abf.se%2Fwp-content%2Fuploads%2Fsites%2F94%2F2026%2F03%2Fzai-dan-BjgTiZnyrIA-unsplash.jpg&#038;fit=crop&#038;w=336&#038;h=295&#038;s=9cf772f59667841add0a93cd8a9784be 336w, https:\/\/www.abf.se\/musikverkstan\/resized\/?url=https%3A%2F%2Fwww.abf.se%2Fwp-content%2Fuploads%2Fsites%2F94%2F2026%2F03%2Fzai-dan-BjgTiZnyrIA-unsplash.jpg&#038;fit=crop&#038;w=432&#038;h=380&#038;s=f2610a70e644be7241f19cf07685b674 432w, https:\/\/www.abf.se\/musikverkstan\/resized\/?url=https%3A%2F%2Fwww.abf.se%2Fwp-content%2Fuploads%2Fsites%2F94%2F2026%2F03%2Fzai-dan-BjgTiZnyrIA-unsplash.jpg&#038;fit=crop&#038;w=480&#038;h=422&#038;s=b74f3c5408a2de27a966c22a1c598b24 480w, https:\/\/www.abf.se\/musikverkstan\/resized\/?url=https%3A%2F%2Fwww.abf.se%2Fwp-content%2Fuploads%2Fsites%2F94%2F2026%2F03%2Fzai-dan-BjgTiZnyrIA-unsplash.jpg&#038;fit=crop&#038;w=528&#038;h=464&#038;s=4bf7d72f3359a5e896f06d8b17973079 528w, https:\/\/www.abf.se\/musikverkstan\/resized\/?url=https%3A%2F%2Fwww.abf.se%2Fwp-content%2Fuploads%2Fsites%2F94%2F2026%2F03%2Fzai-dan-BjgTiZnyrIA-unsplash.jpg&#038;fit=crop&#038;w=578&#038;h=509&#038;s=6d018166f939997338e7aba2d8ea32df 578w, https:\/\/www.abf.se\/musikverkstan\/resized\/?url=https%3A%2F%2Fwww.abf.se%2Fwp-content%2Fuploads%2Fsites%2F94%2F2026%2F03%2Fzai-dan-BjgTiZnyrIA-unsplash.jpg&#038;fit=crop&#038;w=672&#038;h=591&#038;s=492f907072a8fde0829b4567d54a1148 672w, https:\/\/www.abf.se\/musikverkstan\/resized\/?url=https%3A%2F%2Fwww.abf.se%2Fwp-content%2Fuploads%2Fsites%2F94%2F2026%2F03%2Fzai-dan-BjgTiZnyrIA-unsplash.jpg&#038;fit=crop&#038;w=864&#038;h=760&#038;s=660fac81b4e30ac54fd03852b0b5305d 864w, https:\/\/www.abf.se\/musikverkstan\/resized\/?url=https%3A%2F%2Fwww.abf.se%2Fwp-content%2Fuploads%2Fsites%2F94%2F2026%2F03%2Fzai-dan-BjgTiZnyrIA-unsplash.jpg&#038;fit=crop&#038;w=1056&#038;h=929&#038;s=e805a28d2487a98f76132239a1d5e257 1056w\" alt=\"Olika musikinstrument, h&ouml;gtalare med mera i ett tr&aring;ngt f&ouml;rr&aring;d.\" height=\"509\" width=\"578\" sizes=\"auto, (max-width: 768px) 100vw,\n                (max-width: 1280px) 50vw, 578px\" loading=\"lazy\" fetchpriority=\"low\" \/><\/picture>\n\n        <\/div>\n        \n        <div class=\"w-full md:w-1\/2 md:order-1\">\n        <div class=\"mx-auto md:max-w-[368px]\">\n            <h2 class=\"heading-lg\">Modul 2: Teknik och utrustning<\/h2>\n            <div class=\"mb-6 mt-4 wysiwyg\">\n                <p><span data-teams=\"true\">Att skapa musik handlar lika mycket om teknik som om kreativitet. I den h\u00e4r modulen f\u00e5r ni koll p\u00e5 allt som g\u00f6r musiken m\u00f6jlig: hur replokalens utrustning fungerar, hur ni kan spela in l\u00e5tar med b\u00e5de enkel och mer avancerad teknik och hur ni skyddar ert viktigaste instrument \u2013 h\u00f6rseln.<\/span><\/p>\n\n            <\/div>\n                                            <a href='https:\/\/www.abf.se\/musikverkstan\/teknik-och-utrustning\/' class=\"default-button\" target=\"\">Ta mig till modulen<\/a>\n                    <\/div>\n        <\/div>\n    <\/div>\n<\/div><div\n    class=\"acf-text-image-block container bg-gray-light py-12 md:py-15\"\n    data-block=\"text-image-block\"\n>\n    <div\n    class=\"flex flex-col items-center md:flex-row gap-8 md:gap-0 justify-between\">\n                        <div class=\"w-full md:w-1\/2 md:order-2\">\n            <picture><img decoding=\"async\" src=\"https:\/\/www.abf.se\/musikverkstan\/resized\/?url=https%3A%2F%2Fwww.abf.se%2Fwp-content%2Fuploads%2Fsites%2F94%2F2026%2F03%2Fmusikverkstan-skapa-musik-tillsammans.png&#038;fit=crop&#038;w=578&#038;s=58e3131c6ef8277cf901faf2eed50b5d\" srcset=\"https:\/\/www.abf.se\/musikverkstan\/resized\/?url=https%3A%2F%2Fwww.abf.se%2Fwp-content%2Fuploads%2Fsites%2F94%2F2026%2F03%2Fmusikverkstan-skapa-musik-tillsammans.png&#038;fit=crop&#038;w=144&#038;h=126&#038;s=1b6dd6176b5964f04dd87a3144dcb065 144w, https:\/\/www.abf.se\/musikverkstan\/resized\/?url=https%3A%2F%2Fwww.abf.se%2Fwp-content%2Fuploads%2Fsites%2F94%2F2026%2F03%2Fmusikverkstan-skapa-musik-tillsammans.png&#038;fit=crop&#038;w=240&#038;h=211&#038;s=9b99171c14aafcdd86bdc5ba8f2d5028 240w, https:\/\/www.abf.se\/musikverkstan\/resized\/?url=https%3A%2F%2Fwww.abf.se%2Fwp-content%2Fuploads%2Fsites%2F94%2F2026%2F03%2Fmusikverkstan-skapa-musik-tillsammans.png&#038;fit=crop&#038;w=288&#038;h=253&#038;s=dc709aba9ca2dee7b4b7d97d976b650d 288w, https:\/\/www.abf.se\/musikverkstan\/resized\/?url=https%3A%2F%2Fwww.abf.se%2Fwp-content%2Fuploads%2Fsites%2F94%2F2026%2F03%2Fmusikverkstan-skapa-musik-tillsammans.png&#038;fit=crop&#038;w=336&#038;h=295&#038;s=d7d17ed08210948174cd3fbec4b94819 336w, https:\/\/www.abf.se\/musikverkstan\/resized\/?url=https%3A%2F%2Fwww.abf.se%2Fwp-content%2Fuploads%2Fsites%2F94%2F2026%2F03%2Fmusikverkstan-skapa-musik-tillsammans.png&#038;fit=crop&#038;w=432&#038;h=380&#038;s=dfb45ca21b6de1eba3119d1270b2a17b 432w, https:\/\/www.abf.se\/musikverkstan\/resized\/?url=https%3A%2F%2Fwww.abf.se%2Fwp-content%2Fuploads%2Fsites%2F94%2F2026%2F03%2Fmusikverkstan-skapa-musik-tillsammans.png&#038;fit=crop&#038;w=480&#038;h=422&#038;s=2e2128578f9cbebde4ff7d5cada0faa9 480w, https:\/\/www.abf.se\/musikverkstan\/resized\/?url=https%3A%2F%2Fwww.abf.se%2Fwp-content%2Fuploads%2Fsites%2F94%2F2026%2F03%2Fmusikverkstan-skapa-musik-tillsammans.png&#038;fit=crop&#038;w=528&#038;h=464&#038;s=aa48423b1806fe824dd87856c121412e 528w, https:\/\/www.abf.se\/musikverkstan\/resized\/?url=https%3A%2F%2Fwww.abf.se%2Fwp-content%2Fuploads%2Fsites%2F94%2F2026%2F03%2Fmusikverkstan-skapa-musik-tillsammans.png&#038;fit=crop&#038;w=578&#038;h=509&#038;s=663cd635e9d9ad02f290fefa6d4ed5bc 578w, https:\/\/www.abf.se\/musikverkstan\/resized\/?url=https%3A%2F%2Fwww.abf.se%2Fwp-content%2Fuploads%2Fsites%2F94%2F2026%2F03%2Fmusikverkstan-skapa-musik-tillsammans.png&#038;fit=crop&#038;w=672&#038;h=591&#038;s=be1545c0c9a817e9207852d2f567124f 672w, https:\/\/www.abf.se\/musikverkstan\/resized\/?url=https%3A%2F%2Fwww.abf.se%2Fwp-content%2Fuploads%2Fsites%2F94%2F2026%2F03%2Fmusikverkstan-skapa-musik-tillsammans.png&#038;fit=crop&#038;w=864&#038;h=760&#038;s=4e2afe8e7ae1dfff207b9536745e70d7 864w, https:\/\/www.abf.se\/musikverkstan\/resized\/?url=https%3A%2F%2Fwww.abf.se%2Fwp-content%2Fuploads%2Fsites%2F94%2F2026%2F03%2Fmusikverkstan-skapa-musik-tillsammans.png&#038;fit=crop&#038;w=1056&#038;h=929&#038;s=002351403060e9614e20fd7431401e8a 1056w\" alt=\"Tv&aring; m&auml;n sitter i en studio och arbetar\" height=\"509\" width=\"578\" sizes=\"auto, (max-width: 768px) 100vw,\n                (max-width: 1280px) 50vw, 578px\" loading=\"lazy\" fetchpriority=\"low\" \/><\/picture>\n\n        <\/div>\n        \n        <div class=\"w-full md:w-1\/2 md:order-1\">\n        <div class=\"mx-auto md:max-w-[368px]\">\n            <h2 class=\"heading-lg\">Modul 3: Skapa musik tillsammans<\/h2>\n            <div class=\"mb-6 mt-4 wysiwyg\">\n                <p><span data-teams=\"true\">Att skapa musik i grupp \u00e4r b\u00e5de kreativt, utmanande och utvecklande. I den h\u00e4r modulen f\u00e5r ni verktyg f\u00f6r att hitta ert gemensamma uttryck \u2013 fr\u00e5n att s\u00e4tta ord p\u00e5 det ni h\u00f6r, till att v\u00e4cka inspiration, skriva l\u00e5tar och utforska ov\u00e4ntade kreativa metoder tillsammans<\/span><\/p>\n\n            <\/div>\n                                            <a href='https:\/\/www.abf.se\/musikverkstan\/skapa-musik-tillsammans\/' class=\"default-button\" target=\"\">Ta mig till modulen<\/a>\n                    <\/div>\n        <\/div>\n    <\/div>\n<\/div><div\n    class=\"acf-text-image-block container my-12 md:my-15\"\n    data-block=\"text-image-block\"\n>\n    <div\n    class=\"flex flex-col items-center md:flex-row gap-8 md:gap-0 justify-between\">\n                        <div class=\"w-full md:w-1\/2 md:order-2\">\n            <picture><img decoding=\"async\" src=\"https:\/\/www.abf.se\/musikverkstan\/resized\/?url=https%3A%2F%2Fwww.abf.se%2Fwp-content%2Fuploads%2Fsites%2F94%2F2026%2F03%2Fmusikverkstan-navigera-musikbranschen.png&#038;fit=crop&#038;w=578&#038;s=3725491fe6274a545dc7e29154e8bb21\" srcset=\"https:\/\/www.abf.se\/musikverkstan\/resized\/?url=https%3A%2F%2Fwww.abf.se%2Fwp-content%2Fuploads%2Fsites%2F94%2F2026%2F03%2Fmusikverkstan-navigera-musikbranschen.png&#038;fit=crop&#038;w=144&#038;h=126&#038;s=561a7d4a7dc6efa4dc5a1aaea6d72c51 144w, https:\/\/www.abf.se\/musikverkstan\/resized\/?url=https%3A%2F%2Fwww.abf.se%2Fwp-content%2Fuploads%2Fsites%2F94%2F2026%2F03%2Fmusikverkstan-navigera-musikbranschen.png&#038;fit=crop&#038;w=240&#038;h=211&#038;s=30774180bf96e0061250394055cbdeeb 240w, https:\/\/www.abf.se\/musikverkstan\/resized\/?url=https%3A%2F%2Fwww.abf.se%2Fwp-content%2Fuploads%2Fsites%2F94%2F2026%2F03%2Fmusikverkstan-navigera-musikbranschen.png&#038;fit=crop&#038;w=288&#038;h=253&#038;s=8368b3be0d955c9c2df44a386791d942 288w, https:\/\/www.abf.se\/musikverkstan\/resized\/?url=https%3A%2F%2Fwww.abf.se%2Fwp-content%2Fuploads%2Fsites%2F94%2F2026%2F03%2Fmusikverkstan-navigera-musikbranschen.png&#038;fit=crop&#038;w=336&#038;h=295&#038;s=de3ed7f353cc9dbec52d6fa7ab5a0848 336w, https:\/\/www.abf.se\/musikverkstan\/resized\/?url=https%3A%2F%2Fwww.abf.se%2Fwp-content%2Fuploads%2Fsites%2F94%2F2026%2F03%2Fmusikverkstan-navigera-musikbranschen.png&#038;fit=crop&#038;w=432&#038;h=380&#038;s=9de48994dda1c1a44fd492ce7c229ef2 432w, https:\/\/www.abf.se\/musikverkstan\/resized\/?url=https%3A%2F%2Fwww.abf.se%2Fwp-content%2Fuploads%2Fsites%2F94%2F2026%2F03%2Fmusikverkstan-navigera-musikbranschen.png&#038;fit=crop&#038;w=480&#038;h=422&#038;s=9edc18e493b2c4d5ffe0d70da4e66a4f 480w, https:\/\/www.abf.se\/musikverkstan\/resized\/?url=https%3A%2F%2Fwww.abf.se%2Fwp-content%2Fuploads%2Fsites%2F94%2F2026%2F03%2Fmusikverkstan-navigera-musikbranschen.png&#038;fit=crop&#038;w=528&#038;h=464&#038;s=45c92d5b6566fde7c71953bb859b9195 528w, https:\/\/www.abf.se\/musikverkstan\/resized\/?url=https%3A%2F%2Fwww.abf.se%2Fwp-content%2Fuploads%2Fsites%2F94%2F2026%2F03%2Fmusikverkstan-navigera-musikbranschen.png&#038;fit=crop&#038;w=578&#038;h=509&#038;s=8fa80a8efcae02e498dff2d3a5f069b6 578w, https:\/\/www.abf.se\/musikverkstan\/resized\/?url=https%3A%2F%2Fwww.abf.se%2Fwp-content%2Fuploads%2Fsites%2F94%2F2026%2F03%2Fmusikverkstan-navigera-musikbranschen.png&#038;fit=crop&#038;w=672&#038;h=591&#038;s=f6f11a0d427c21d71fe7c7b8f5418f0c 672w, https:\/\/www.abf.se\/musikverkstan\/resized\/?url=https%3A%2F%2Fwww.abf.se%2Fwp-content%2Fuploads%2Fsites%2F94%2F2026%2F03%2Fmusikverkstan-navigera-musikbranschen.png&#038;fit=crop&#038;w=864&#038;h=760&#038;s=7e8f9809fe78629c89da31a15f908170 864w, https:\/\/www.abf.se\/musikverkstan\/resized\/?url=https%3A%2F%2Fwww.abf.se%2Fwp-content%2Fuploads%2Fsites%2F94%2F2026%2F03%2Fmusikverkstan-navigera-musikbranschen.png&#038;fit=crop&#038;w=1056&#038;h=929&#038;s=389b28ff239110bb77548e61da012d5f 1056w\" alt=\"en mobil som filmar en konsert i ett publikhav\" height=\"509\" width=\"578\" sizes=\"auto, (max-width: 768px) 100vw,\n                (max-width: 1280px) 50vw, 578px\" loading=\"lazy\" fetchpriority=\"low\" \/><\/picture>\n\n        <\/div>\n        \n        <div class=\"w-full md:w-1\/2 md:order-1\">\n        <div class=\"mx-auto md:max-w-[368px]\">\n            <h2 class=\"heading-lg\"> Modul 4: Navigera i musikbranschen<\/h2>\n            <div class=\"mb-6 mt-4 wysiwyg\">\n                <p><span data-teams=\"true\">Musikbranschen styrs ofta av kapital, algoritmer och strukturer som kan g\u00f6ra det sv\u00e5rt f\u00f6r oberoende r\u00f6ster att n\u00e5 ut. Samtidigt finns fler v\u00e4gar \u00e4n n\u00e5gonsin f\u00f6r att n\u00e5 ut genom bruset. Den h\u00e4r modulen ger er verktyg att f\u00f6rst\u00e5 och utmana de maktf\u00f6rh\u00e5llanden som avg\u00f6r vem som f\u00e5r h\u00f6ras och p\u00e5 vilka villkor. Genom att skapa egna v\u00e4gar, bygga lokala n\u00e4tverk och h\u00e5lla fast vid ert uttryck kan ni ta plats i ett system utifr\u00e5n vad ni vill med er musik.<\/span><\/p>\n\n            <\/div>\n                                            <a href='https:\/\/www.abf.se\/musikverkstan\/navigera-i-musikbranschen\/' class=\"default-button\" target=\"\">Ta mig till modulen<\/a>\n                    <\/div>\n        <\/div>\n    <\/div>\n<\/div><div\n    class=\"acf-text-image-block container bg-gray-light py-12 md:py-15\"\n    data-block=\"text-image-block\"\n>\n    <div\n    class=\"flex flex-col items-center md:flex-row gap-8 md:gap-0 justify-between\">\n                        <div class=\"w-full md:w-1\/2 md:order-2\">\n            <picture><img decoding=\"async\" src=\"https:\/\/www.abf.se\/musikverkstan\/resized\/?url=https%3A%2F%2Fwww.abf.se%2Fwp-content%2Fuploads%2Fsites%2F94%2F2026%2F03%2FIstid_Grand_KulturkrockHT25.jpg&#038;fit=crop&#038;w=578&#038;s=ed3c3121283f8196282b03d42cd6b930\" srcset=\"https:\/\/www.abf.se\/musikverkstan\/resized\/?url=https%3A%2F%2Fwww.abf.se%2Fwp-content%2Fuploads%2Fsites%2F94%2F2026%2F03%2FIstid_Grand_KulturkrockHT25.jpg&#038;fit=crop&#038;w=144&#038;h=126&#038;s=4a691f8590643532386fbbddd52cddf4 144w, https:\/\/www.abf.se\/musikverkstan\/resized\/?url=https%3A%2F%2Fwww.abf.se%2Fwp-content%2Fuploads%2Fsites%2F94%2F2026%2F03%2FIstid_Grand_KulturkrockHT25.jpg&#038;fit=crop&#038;w=240&#038;h=211&#038;s=d0d59c7837a96357fd42f9d883db0c8b 240w, https:\/\/www.abf.se\/musikverkstan\/resized\/?url=https%3A%2F%2Fwww.abf.se%2Fwp-content%2Fuploads%2Fsites%2F94%2F2026%2F03%2FIstid_Grand_KulturkrockHT25.jpg&#038;fit=crop&#038;w=288&#038;h=253&#038;s=19b964b024c4b0644f1e22f4f4c34e8a 288w, https:\/\/www.abf.se\/musikverkstan\/resized\/?url=https%3A%2F%2Fwww.abf.se%2Fwp-content%2Fuploads%2Fsites%2F94%2F2026%2F03%2FIstid_Grand_KulturkrockHT25.jpg&#038;fit=crop&#038;w=336&#038;h=295&#038;s=02139c73de99910d42054e6a0bfb2588 336w, https:\/\/www.abf.se\/musikverkstan\/resized\/?url=https%3A%2F%2Fwww.abf.se%2Fwp-content%2Fuploads%2Fsites%2F94%2F2026%2F03%2FIstid_Grand_KulturkrockHT25.jpg&#038;fit=crop&#038;w=432&#038;h=380&#038;s=a30ce455e2237d26c590cc093f49797c 432w, https:\/\/www.abf.se\/musikverkstan\/resized\/?url=https%3A%2F%2Fwww.abf.se%2Fwp-content%2Fuploads%2Fsites%2F94%2F2026%2F03%2FIstid_Grand_KulturkrockHT25.jpg&#038;fit=crop&#038;w=480&#038;h=422&#038;s=d11cad262e99541e05749fbbe3dc6a23 480w, https:\/\/www.abf.se\/musikverkstan\/resized\/?url=https%3A%2F%2Fwww.abf.se%2Fwp-content%2Fuploads%2Fsites%2F94%2F2026%2F03%2FIstid_Grand_KulturkrockHT25.jpg&#038;fit=crop&#038;w=528&#038;h=464&#038;s=5eaeba280ec1b6b004f21dd9edf07266 528w, https:\/\/www.abf.se\/musikverkstan\/resized\/?url=https%3A%2F%2Fwww.abf.se%2Fwp-content%2Fuploads%2Fsites%2F94%2F2026%2F03%2FIstid_Grand_KulturkrockHT25.jpg&#038;fit=crop&#038;w=578&#038;h=509&#038;s=917e5089701e3cfeb44a28d8bdc5522c 578w, https:\/\/www.abf.se\/musikverkstan\/resized\/?url=https%3A%2F%2Fwww.abf.se%2Fwp-content%2Fuploads%2Fsites%2F94%2F2026%2F03%2FIstid_Grand_KulturkrockHT25.jpg&#038;fit=crop&#038;w=672&#038;h=591&#038;s=15ded82320fdc5032011cd8cc4068cad 672w, https:\/\/www.abf.se\/musikverkstan\/resized\/?url=https%3A%2F%2Fwww.abf.se%2Fwp-content%2Fuploads%2Fsites%2F94%2F2026%2F03%2FIstid_Grand_KulturkrockHT25.jpg&#038;fit=crop&#038;w=864&#038;h=760&#038;s=5fdd21a8426332f34eafd5d0aa3b9643 864w, https:\/\/www.abf.se\/musikverkstan\/resized\/?url=https%3A%2F%2Fwww.abf.se%2Fwp-content%2Fuploads%2Fsites%2F94%2F2026%2F03%2FIstid_Grand_KulturkrockHT25.jpg&#038;fit=crop&#038;w=1056&#038;h=929&#038;s=9d5dff061e5345530ce077760caa580c 1056w\" alt=\"istid spelar p&aring; en scen i g&ouml;teborg\" height=\"509\" width=\"578\" sizes=\"auto, (max-width: 768px) 100vw,\n                (max-width: 1280px) 50vw, 578px\" loading=\"lazy\" fetchpriority=\"low\" \/><\/picture>\n\n        <\/div>\n        \n        <div class=\"w-full md:w-1\/2 md:order-1\">\n        <div class=\"mx-auto md:max-w-[368px]\">\n            <h2 class=\"heading-lg\">Modul 5: Arrangera och organisera<\/h2>\n            <div class=\"mb-6 mt-4 wysiwyg\">\n                <p><span data-teams=\"true\">Ett levande musikliv skapas inte av sig sj\u00e4lvt \u2013 det byggs av m\u00e4nniskor som tar initiativ. Den h\u00e4r modulen ger er verktyg f\u00f6r att arrangera spelningar, organisera lokala musikscener och skapa egna plattformar d\u00e4r fler r\u00f6ster f\u00e5r utrymme. Genom att kombinera engagemang med praktisk kunskap kan ni st\u00e4rka b\u00e5de er egen grupp och det kulturella livet i ert n\u00e4romr\u00e5de.<\/span><\/p>\n\n            <\/div>\n                                            <a href='https:\/\/www.abf.se\/musikverkstan\/arrangera-och-organisera\/' class=\"default-button\" target=\"\">Ta mig till modulen<\/a>\n                    <\/div>\n        <\/div>\n    <\/div>\n<\/div><div\n    class=\"acf-article-text-block article-container my-12\"\n    data-block=\"article-text-block\"\n>\n    <div class=\"wysiwyg\">\n        <h2 aria-level=\"2\"><span data-contrast=\"none\">Om\u00a0ABFs\u00a0musikverksamhet<\/span><span data-ccp-props=\"{&quot;134245418&quot;:true,&quot;134245529&quot;:true,&quot;335559738&quot;:160,&quot;335559739&quot;:80}\">\u00a0<\/span><\/h2>\n<ul>\n<li><b><span data-contrast=\"auto\">Musik f\u00f6r alla \u2013 \u00f6ver hela landet<\/span><\/b><br \/>\nABF erbjuder en bred och inkluderande musikverksamhet som omfattar allt fr\u00e5n band i replokaler till k\u00f6rer, orkestrar, musikproduktion, arrang\u00f6rscirklar och konserter. Verksamheten finns \u00f6ver hela landet, i glesbygd och storstad med \u00f6ver 20,000 deltagare i v\u00e5ra musikcirklar.<span data-ccp-props=\"{&quot;134233117&quot;:false,&quot;134233118&quot;:false,&quot;201341983&quot;:0,&quot;335559738&quot;:0,&quot;335559739&quot;:0,&quot;335559740&quot;:257}\">\u00a0<\/span><\/li>\n<li><b><span data-contrast=\"auto\">En del av arbetarr\u00f6relsen<br \/>\n<\/span><\/b><span style=\"font-size: 16px;\" data-contrast=\"auto\">ABF (Arbetarnas Bildningsf\u00f6rbund) arbetar f\u00f6r att motverka klassamh\u00e4llet och skapa tillg\u00e5ng till kultur och bildning oavsett bakgrund, \u00e5lder eller k\u00f6n. N\u00e4r du samverkar med ABF \u00e4r du en del av en st\u00f6rre r\u00f6relse med m\u00e4nniskor och f\u00f6reningar som str\u00e4var efter ett j\u00e4mlikt Sverige.<\/span><span style=\"font-size: 16px;\" data-ccp-props=\"{&quot;134233117&quot;:false,&quot;134233118&quot;:false,&quot;201341983&quot;:0,&quot;335559738&quot;:0,&quot;335559739&quot;:0,&quot;335559740&quot;:257}\">\u00a0<\/span><\/li>\n<li aria-setsize=\"-1\" data-leveltext=\"\uf0b7\" data-font=\"Symbol\" data-listid=\"5\" data-list-defn-props=\"{&quot;335552541&quot;:1,&quot;335559685&quot;:720,&quot;335559991&quot;:360,&quot;469769226&quot;:&quot;Symbol&quot;,&quot;469769242&quot;:[8226],&quot;469777803&quot;:&quot;left&quot;,&quot;469777804&quot;:&quot;\uf0b7&quot;,&quot;469777815&quot;:&quot;hybridMultilevel&quot;}\" data-aria-posinset=\"3\" data-aria-level=\"1\"><b><span data-contrast=\"auto\">Demokratisk tillg\u00e5ng till kultur<\/span><\/b><br \/>\n<span data-contrast=\"auto\">N\u00e4r du deltar i eller leder en studiecirkel i musik via ABF \u00e4r du en del av en \u00f6ver 100-\u00e5rig tradition av folkbildning i Sverige. I en studiecirkel best\u00e4mmer ni sj\u00e4lva vad ni vill l\u00e4ra er och hur. ABF skapar m\u00f6jligheter f\u00f6r fler att f\u00e5 uttrycka sig konstn\u00e4rligt vilket st\u00e4rker demokratin och motverkar sociala och ekonomiska klyftor.<\/span><span data-ccp-props=\"{&quot;134233117&quot;:false,&quot;134233118&quot;:false,&quot;201341983&quot;:0,&quot;335559738&quot;:0,&quot;335559739&quot;:0,&quot;335559740&quot;:257}\">\u00a0<\/span><\/li>\n<li aria-setsize=\"-1\" data-leveltext=\"\uf0b7\" data-font=\"Symbol\" data-listid=\"5\" data-list-defn-props=\"{&quot;335552541&quot;:1,&quot;335559685&quot;:720,&quot;335559991&quot;:360,&quot;469769226&quot;:&quot;Symbol&quot;,&quot;469769242&quot;:[8226],&quot;469777803&quot;:&quot;left&quot;,&quot;469777804&quot;:&quot;\uf0b7&quot;,&quot;469777815&quot;:&quot;hybridMultilevel&quot;}\" data-aria-posinset=\"3\" data-aria-level=\"1\"><b><span data-contrast=\"auto\">K\u00e4rnan i Sveriges musikliv<\/span><\/b><br \/>\n<span data-contrast=\"auto\">ABFs musikverksamhet \u00e4r tillsammans med de andra studief\u00f6rbunden en central del av det svenska musiklivet \u2013 fr\u00e5n gr\u00e4srotsniv\u00e5 till professionell scen \u2013 och bidrar till det svenska musikundret.<\/span><span data-ccp-props=\"{&quot;134233117&quot;:false,&quot;134233118&quot;:false,&quot;201341983&quot;:0,&quot;335559738&quot;:0,&quot;335559739&quot;:0,&quot;335559740&quot;:257}\">\u00a0<\/span><\/li>\n<li aria-setsize=\"-1\" data-leveltext=\"\uf0b7\" data-font=\"Symbol\" data-listid=\"5\" data-list-defn-props=\"{&quot;335552541&quot;:1,&quot;335559685&quot;:720,&quot;335559991&quot;:360,&quot;469769226&quot;:&quot;Symbol&quot;,&quot;469769242&quot;:[8226],&quot;469777803&quot;:&quot;left&quot;,&quot;469777804&quot;:&quot;\uf0b7&quot;,&quot;469777815&quot;:&quot;hybridMultilevel&quot;}\" data-aria-posinset=\"3\" data-aria-level=\"1\"><b><span data-contrast=\"auto\">Bli en del av\u00a0ABFs\u00a0musikverksamhet<\/span><\/b><br \/>\n<span data-contrast=\"auto\">Hos ABF kan du f\u00e5 hj\u00e4lp i form av tillg\u00e5ng till lokaler, utrustning och pedagogiskt st\u00f6d samt hj\u00e4lp med arrang\u00f6rskap, liveframtr\u00e4danden och musikproduktion\u00a0m.m.\u00a0Brinner du f\u00f6r musik och har en id\u00e9 som du vill f\u00f6rverkliga? Kontakta ABF d\u00e4r du bor\u00a0f\u00f6r att starta en studiecirkel eller f\u00e5 veta mer om vad du kan g\u00f6ra!\u00a0<\/span><span data-contrast=\"none\">(l\u00e4nk till sida d\u00e4r man v\u00e4ljer ABF-avdelning)<\/span><span data-ccp-props=\"{&quot;134233117&quot;:false,&quot;134233118&quot;:false,&quot;201341983&quot;:0,&quot;335559738&quot;:0,&quot;335559739&quot;:0,&quot;335559740&quot;:257}\">\u00a0<\/span><\/li>\n<\/ul>\n\n    <\/div>\n<\/div>\n<div\n    class=\"acf-article-cta-link-block article-container my-8\"\n    data-block=\"article-cta-link-block\"\n>\n<div>\n    <a class=\"inline-flex flex-row items-center gap-4 text-link underline text-red-dark\"\n        href=\"https:\/\/www.abf.se\/lokala-abf\/\"\n            >\n        <span class=\"\">\n        Hitta din lokala ABF-avdelning h\u00e4r\n        <\/span>\n        <figure aria-hidden=\"true\" class=\"rounded-full bg-red-dark w-8 h-8 p-1 text-white\">\n            <svg width=\"20\" height=\"20\" viewBox=\"0 0 20 20\" fill=\"none\" class=\"SvgIconElement\">\n<path d=\"M4.16659 10L15.8333 10\" stroke=\"currentColor\"\/>\n<path d=\"M9.99992 4.1665L15.8333 9.99984L9.99992 15.8332\" stroke=\"currentColor\"\/>\n<\/svg>\n        <\/figure>\n    <\/a>\n<\/div>\n<\/div>\n<div\n    class=\"acf-article-text-block article-container my-12\"\n    data-block=\"article-text-block\"\n>\n    <div class=\"wysiwyg\">\n        <h2>Vad \u00e4r en studiecirkel?<\/h2>\n<p>En studiecirkel \u00e4r ett gemensamt l\u00e4rande d\u00e4r en grupp tillsammans beslutar b\u00e5de om vad de vill\u00a0l\u00e4ra sig\u00a0och hur cirkeln ska l\u00e4ggas upp. I varje grupp ing\u00e5r en cirkelledare, som \u00e4r den som har kontakten med\u00a0ABF. Det \u00e4r ledaren som \u00e4r ansvarig f\u00f6r att arbetsplanen f\u00f6ljs, men gruppen f\u00f6rv\u00e4ntas vara\u00a0delaktig i arbetet.<\/p>\n<h3>Cirkelledarutbildning<\/h3>\n<p>ABF erbjuder kostnadsfri utbildning f\u00f6r alla cirkelledare. P\u00e5 utbildningen f\u00e5r du l\u00e4ra dig om ledarskap, gruppdynamik och folkbildning. Utbildningar finns p\u00e5 b\u00e5de grund- och forts\u00e4ttningsniv\u00e5. V\u00e4nd er till er kontaktperson p\u00e5 ABF eller se avdelningens hemsida f\u00f6r kommande cirkelledarutbildningar.<\/p>\n<h3>Arbetsplan<\/h3>\n<p>Arbetsplanen \u00e4r det dokument som beskriver vad ni ska l\u00e4ra er i cirkeln och hur. Det \u00e4r cirkelledaren som ansvarar f\u00f6r att fylla i arbetsplanen tillsammans med deltagarna. Oavsett om ni startar\u00a0er f\u00f6rsta musikcirkel hos ABF eller har haft cirklar f\u00f6rut kan modulerna i Musikverkstan\u00a0utg\u00f6ra ett pedagogiskt st\u00f6d f\u00f6r ert l\u00e4rande i musikcirkeln.<\/p>\n<p>Inf\u00f6r uppstarten av en ny cirkel tar du som cirkelledare kontakt med ditt lokala ABF f\u00f6r att f\u00e5 tillg\u00e5ng till mallen f\u00f6r arbetsplan f\u00f6r musik och anger d\u00e4r vilken\/vilka delar av Musikverkstan\u00a0ni kommer att anv\u00e4nda er av som\u00a0kunskapsk\u00e4llor.<\/p>\n\n    <\/div>\n<\/div>\n<div\n    class=\"acf-article-text-block article-container my-12\"\n    data-block=\"article-text-block\"\n>\n    <div class=\"wysiwyg\">\n        <h2>Kulturkrock<\/h2>\n<p>\u00c4r ni mellan 15\u201325 \u00e5r, spelar musik och \u00e4r intresserade av att arrangera en spelning i din hemstad? Tillsammans med andra band\/artister? D\u00e5 \u00e4r Kulturkrock n\u00e5got f\u00f6r dig!<\/p>\n\n    <\/div>\n<\/div>\n<div\n    class=\"acf-article-cta-link-block article-container my-8\"\n    data-block=\"article-cta-link-block\"\n>\n<div>\n    <a class=\"inline-flex flex-row items-center gap-4 text-link underline text-red-dark\"\n        href=\"https:\/\/www.abf.se\/musikverkstan\/kulturkrock\/\"\n            >\n        <span class=\"\">\n        L\u00e4s mer om Kulturkrock\n        <\/span>\n        <figure aria-hidden=\"true\" class=\"rounded-full bg-red-dark w-8 h-8 p-1 text-white\">\n            <svg width=\"20\" height=\"20\" viewBox=\"0 0 20 20\" fill=\"none\" class=\"SvgIconElement\">\n<path d=\"M4.16659 10L15.8333 10\" stroke=\"currentColor\"\/>\n<path d=\"M9.99992 4.1665L15.8333 9.99984L9.99992 15.8332\" stroke=\"currentColor\"\/>\n<\/svg>\n        <\/figure>\n    <\/a>\n<\/div>\n<\/div>\n<div\n    class=\"acf-article-text-block article-container my-12\"\n    data-block=\"article-text-block\"\n>\n    <div class=\"wysiwyg\">\n        <h2 class=\"x_elementToProof\">Verktyg och resurser<\/h2>\n<div class=\"x_elementToProof\">H\u00e4r har vi samlat n\u00e5gra material p\u00e5 olika teman som tillh\u00f6r Musikverkstan.<\/div>\n<div><\/div>\n<div><a href=\"https:\/\/www.abf.se\/wp-content\/uploads\/sites\/94\/2026\/03\/Gor-det-tillsammans-Handbok-i-arrangorskap-ABF-Musikverkstan.pdf\" target=\"_blank\" rel=\"noopener\">G\u00f6r det tillsammans \u2013 Handbok i arrang\u00f6rskap ABF<\/a> (pdf)<\/div>\n<div><a href=\"https:\/\/www.abf.se\/wp-content\/uploads\/sites\/94\/2026\/03\/Vagen-till-ett-lyckat-arrangemang.pdf\" target=\"_blank\" rel=\"noopener\">V\u00e4gen till ett lyckat arrangemang<\/a> (pdf)<\/div>\n<div><a href=\"https:\/\/www.abf.se\/wp-content\/uploads\/sites\/94\/2026\/03\/Fran-ide-till-fardig-lat-ABF-Studiehandledning-Musikverkstan.pdf\" target=\"_blank\" rel=\"noopener\">Fr\u00e5n id\u00e9 till f\u00e4rdig l\u00e5t \u2013 Studiehandledning <\/a>(pdf)<\/div>\n\n    <\/div>\n<\/div>\n","protected":false},"excerpt":{"rendered":"","protected":false},"author":6,"featured_media":0,"parent":0,"menu_order":0,"comment_status":"closed","ping_status":"closed","template":"","meta":{"_acf_changed":false,"footnotes":""},"class_list":["post-3","page","type-page","status-publish","hentry"],"acf":[],"yoast_head":"<!-- This site is optimized with the Yoast SEO plugin v27.0 - https:\/\/yoast.com\/product\/yoast-seo-wordpress\/ -->\n<title>V\u00e4lkommen till Musikverkstan!<\/title>\n<meta name=\"description\" content=\"Musikverkstan \u00e4r ABFs digitala portal f\u00f6r er som har en musikstudiecirkel hos ABF eller \u00e4r nyfiken p\u00e5 att starta en.\" \/>\n<meta name=\"robots\" content=\"index, follow, max-snippet:-1, max-image-preview:large, max-video-preview:-1\" \/>\n<link rel=\"canonical\" href=\"https:\/\/www.abf.se\/musikverkstan\/\" \/>\n<meta property=\"og:locale\" content=\"en_US\" \/>\n<meta property=\"og:type\" content=\"article\" \/>\n<meta property=\"og:title\" content=\"V\u00e4lkommen till Musikverkstan!\" \/>\n<meta property=\"og:description\" content=\"Musikverkstan \u00e4r ABFs digitala portal f\u00f6r er som har en musikstudiecirkel hos ABF eller \u00e4r nyfiken p\u00e5 att starta en.\" \/>\n<meta property=\"og:url\" content=\"https:\/\/www.abf.se\/musikverkstan\/\" \/>\n<meta property=\"og:site_name\" content=\"Musikverkstan\" \/>\n<meta property=\"article:modified_time\" content=\"2026-03-09T08:55:02+00:00\" \/>\n<meta property=\"og:image\" content=\"https:\/\/www.abf.se\/wp-content\/uploads\/sites\/94\/2026\/03\/herobild-musikverkstan.png\" \/>\n\t<meta property=\"og:image:width\" content=\"1440\" \/>\n\t<meta property=\"og:image:height\" content=\"520\" \/>\n\t<meta property=\"og:image:type\" content=\"image\/png\" \/>\n<meta name=\"twitter:card\" content=\"summary_large_image\" \/>\n<script type=\"application\/ld+json\" class=\"yoast-schema-graph\">{\"@context\":\"https:\/\/schema.org\",\"@graph\":[{\"@type\":\"WebPage\",\"@id\":\"https:\/\/www.abf.se\/musikverkstan\/\",\"url\":\"https:\/\/www.abf.se\/musikverkstan\/\",\"name\":\"V\u00e4lkommen till Musikverkstan!\",\"isPartOf\":{\"@id\":\"https:\/\/www.abf.se\/musikverkstan\/#website\"},\"datePublished\":\"2026-03-03T12:36:44+00:00\",\"dateModified\":\"2026-03-09T08:55:02+00:00\",\"description\":\"Musikverkstan \u00e4r ABFs digitala portal f\u00f6r er som har en musikstudiecirkel hos ABF eller \u00e4r nyfiken p\u00e5 att starta en.\",\"breadcrumb\":{\"@id\":\"https:\/\/www.abf.se\/musikverkstan\/#breadcrumb\"},\"inLanguage\":\"en-US\",\"potentialAction\":[{\"@type\":\"ReadAction\",\"target\":[\"https:\/\/www.abf.se\/musikverkstan\/\"]}]},{\"@type\":\"BreadcrumbList\",\"@id\":\"https:\/\/www.abf.se\/musikverkstan\/#breadcrumb\",\"itemListElement\":[{\"@type\":\"ListItem\",\"position\":1,\"name\":\"Home\",\"item\":\"https:\/\/www.abf.se\/musikverkstan\/\"},{\"@type\":\"ListItem\",\"position\":2,\"name\":\"V\u00e4lkommen till\u00a0Musikverkstan!\u00a0\"}]},{\"@type\":\"WebSite\",\"@id\":\"https:\/\/www.abf.se\/musikverkstan\/#website\",\"url\":\"https:\/\/www.abf.se\/musikverkstan\/\",\"name\":\"Musikverkstan\",\"description\":\"\",\"potentialAction\":[{\"@type\":\"SearchAction\",\"target\":{\"@type\":\"EntryPoint\",\"urlTemplate\":\"https:\/\/www.abf.se\/musikverkstan\/?s={search_term_string}\"},\"query-input\":{\"@type\":\"PropertyValueSpecification\",\"valueRequired\":true,\"valueName\":\"search_term_string\"}}],\"inLanguage\":\"en-US\"}]}<\/script>\n<!-- \/ Yoast SEO plugin. -->","yoast_head_json":{"title":"V\u00e4lkommen till Musikverkstan!","description":"Musikverkstan \u00e4r ABFs digitala portal f\u00f6r er som har en musikstudiecirkel hos ABF eller \u00e4r nyfiken p\u00e5 att starta en.","robots":{"index":"index","follow":"follow","max-snippet":"max-snippet:-1","max-image-preview":"max-image-preview:large","max-video-preview":"max-video-preview:-1"},"canonical":"https:\/\/www.abf.se\/musikverkstan\/","og_locale":"en_US","og_type":"article","og_title":"V\u00e4lkommen till Musikverkstan!","og_description":"Musikverkstan \u00e4r ABFs digitala portal f\u00f6r er som har en musikstudiecirkel hos ABF eller \u00e4r nyfiken p\u00e5 att starta en.","og_url":"https:\/\/www.abf.se\/musikverkstan\/","og_site_name":"Musikverkstan","article_modified_time":"2026-03-09T08:55:02+00:00","og_image":[{"width":1440,"height":520,"url":"https:\/\/www.abf.se\/wp-content\/uploads\/sites\/94\/2026\/03\/herobild-musikverkstan.png","type":"image\/png"}],"twitter_card":"summary_large_image","schema":{"@context":"https:\/\/schema.org","@graph":[{"@type":"WebPage","@id":"https:\/\/www.abf.se\/musikverkstan\/","url":"https:\/\/www.abf.se\/musikverkstan\/","name":"V\u00e4lkommen till Musikverkstan!","isPartOf":{"@id":"https:\/\/www.abf.se\/musikverkstan\/#website"},"datePublished":"2026-03-03T12:36:44+00:00","dateModified":"2026-03-09T08:55:02+00:00","description":"Musikverkstan \u00e4r ABFs digitala portal f\u00f6r er som har en musikstudiecirkel hos ABF eller \u00e4r nyfiken p\u00e5 att starta en.","breadcrumb":{"@id":"https:\/\/www.abf.se\/musikverkstan\/#breadcrumb"},"inLanguage":"en-US","potentialAction":[{"@type":"ReadAction","target":["https:\/\/www.abf.se\/musikverkstan\/"]}]},{"@type":"BreadcrumbList","@id":"https:\/\/www.abf.se\/musikverkstan\/#breadcrumb","itemListElement":[{"@type":"ListItem","position":1,"name":"Home","item":"https:\/\/www.abf.se\/musikverkstan\/"},{"@type":"ListItem","position":2,"name":"V\u00e4lkommen till\u00a0Musikverkstan!\u00a0"}]},{"@type":"WebSite","@id":"https:\/\/www.abf.se\/musikverkstan\/#website","url":"https:\/\/www.abf.se\/musikverkstan\/","name":"Musikverkstan","description":"","potentialAction":[{"@type":"SearchAction","target":{"@type":"EntryPoint","urlTemplate":"https:\/\/www.abf.se\/musikverkstan\/?s={search_term_string}"},"query-input":{"@type":"PropertyValueSpecification","valueRequired":true,"valueName":"search_term_string"}}],"inLanguage":"en-US"}]}},"_links":{"self":[{"href":"https:\/\/www.abf.se\/musikverkstan\/wp-json\/wp\/v2\/pages\/3","targetHints":{"allow":["GET"]}}],"collection":[{"href":"https:\/\/www.abf.se\/musikverkstan\/wp-json\/wp\/v2\/pages"}],"about":[{"href":"https:\/\/www.abf.se\/musikverkstan\/wp-json\/wp\/v2\/types\/page"}],"author":[{"embeddable":true,"href":"https:\/\/www.abf.se\/musikverkstan\/wp-json\/wp\/v2\/users\/6"}],"replies":[{"embeddable":true,"href":"https:\/\/www.abf.se\/musikverkstan\/wp-json\/wp\/v2\/comments?post=3"}],"version-history":[{"count":36,"href":"https:\/\/www.abf.se\/musikverkstan\/wp-json\/wp\/v2\/pages\/3\/revisions"}],"predecessor-version":[{"id":533,"href":"https:\/\/www.abf.se\/musikverkstan\/wp-json\/wp\/v2\/pages\/3\/revisions\/533"}],"wp:attachment":[{"href":"https:\/\/www.abf.se\/musikverkstan\/wp-json\/wp\/v2\/media?parent=3"}],"curies":[{"name":"wp","href":"https:\/\/api.w.org\/{rel}","templated":true}]}}