{"id":44,"date":"2026-03-02T18:50:29","date_gmt":"2026-03-02T17:50:29","guid":{"rendered":"https:\/\/www.abf.se\/musikverkstan\/?page_id=44"},"modified":"2026-03-06T10:02:44","modified_gmt":"2026-03-06T09:02:44","slug":"sorj-inte-organisera-er","status":"publish","type":"page","link":"https:\/\/www.abf.se\/musikverkstan\/arrangera-och-organisera\/sorj-inte-organisera-er\/","title":{"rendered":"S\u00f6rj inte, organisera er"},"content":{"rendered":"<div\n    class=\"acf-hero-block container-lg no-padding mb-12 js-geolocation\"\n    data-block=\"hero-block\"\n    data-index=\"0\"\n>\n    <div class=\"h-[548px]  relative rounded-[32px] overflow-hidden flex bg-gray-light\">\n        <div class=\"relative z-10 mt-auto h-auto w-full md:h-full\">\n            <div class=\"flex w-full h-full flex-col flex-wrap justify-end w-full md:w-7\/12 lg:w-1\/2 md:justify-center\">\n                <div class=\"flex flex-col gap-3 md:gap-[18px] md:transparent pt-16 pb-36 md:py-8 px-4 w-full md:max-w-[620px] mx-auto px-8\">\n\n                    <h1 class=\"hero-heading\"><span>S\u00f6rj inte, <br \/>\r\norganisera er!<\/span><\/h1>\n\n                    \n                                    <\/div>\n            <\/div>\n        <\/div>\n\n                    <picture class=\"as-background-image mix-blend-multiply bg-black\/40\"><img decoding=\"async\" src=\"https:\/\/www.abf.se\/musikverkstan\/resized\/?url=https%3A%2F%2Fwww.abf.se%2Fwp-content%2Fuploads%2Fsites%2F94%2F2026%2F03%2Fdemonstration-foto-iStock.jpg&#038;fit=crop&#038;w=1440&#038;s=9926430b52955532d83ca4e7f0777fa7\" srcset=\"https:\/\/www.abf.se\/musikverkstan\/resized\/?url=https%3A%2F%2Fwww.abf.se%2Fwp-content%2Fuploads%2Fsites%2F94%2F2026%2F03%2Fdemonstration-foto-iStock.jpg&#038;fit=crop&#038;w=375&#038;h=540&#038;s=a9cf26042e05c512641925be645323c2 375w, https:\/\/www.abf.se\/musikverkstan\/resized\/?url=https%3A%2F%2Fwww.abf.se%2Fwp-content%2Fuploads%2Fsites%2F94%2F2026%2F03%2Fdemonstration-foto-iStock.jpg&#038;fit=crop&#038;w=447&#038;h=540&#038;s=02511317871e7e16cb5930674d08ab4d 447w, https:\/\/www.abf.se\/musikverkstan\/resized\/?url=https%3A%2F%2Fwww.abf.se%2Fwp-content%2Fuploads%2Fsites%2F94%2F2026%2F03%2Fdemonstration-foto-iStock.jpg&#038;fit=crop&#038;w=519&#038;h=540&#038;s=9204c96789fd368468a24c931910f5e9 519w, https:\/\/www.abf.se\/musikverkstan\/resized\/?url=https%3A%2F%2Fwww.abf.se%2Fwp-content%2Fuploads%2Fsites%2F94%2F2026%2F03%2Fdemonstration-foto-iStock.jpg&#038;fit=crop&#038;w=591&#038;h=540&#038;s=af7d54a9f71156cb95e861e43d68382d 591w, https:\/\/www.abf.se\/musikverkstan\/resized\/?url=https%3A%2F%2Fwww.abf.se%2Fwp-content%2Fuploads%2Fsites%2F94%2F2026%2F03%2Fdemonstration-foto-iStock.jpg&#038;fit=crop&#038;w=663&#038;h=540&#038;s=efb92c868d2a8cb3bf09f8986a0b5bdb 663w, https:\/\/www.abf.se\/musikverkstan\/resized\/?url=https%3A%2F%2Fwww.abf.se%2Fwp-content%2Fuploads%2Fsites%2F94%2F2026%2F03%2Fdemonstration-foto-iStock.jpg&#038;fit=crop&#038;w=750&#038;h=540&#038;s=078db4621ecb14239738cd89d4725f2f 750w, https:\/\/www.abf.se\/musikverkstan\/resized\/?url=https%3A%2F%2Fwww.abf.se%2Fwp-content%2Fuploads%2Fsites%2F94%2F2026%2F03%2Fdemonstration-foto-iStock.jpg&#038;fit=crop&#038;w=894&#038;h=540&#038;s=3b3d344906e8122c9555ba9ad544a5b2 894w, https:\/\/www.abf.se\/musikverkstan\/resized\/?url=https%3A%2F%2Fwww.abf.se%2Fwp-content%2Fuploads%2Fsites%2F94%2F2026%2F03%2Fdemonstration-foto-iStock.jpg&#038;fit=crop&#038;w=1038&#038;h=540&#038;s=9772dd801f619dd5cc7f20175a02055e 1038w, https:\/\/www.abf.se\/musikverkstan\/resized\/?url=https%3A%2F%2Fwww.abf.se%2Fwp-content%2Fuploads%2Fsites%2F94%2F2026%2F03%2Fdemonstration-foto-iStock.jpg&#038;fit=crop&#038;w=1182&#038;h=540&#038;s=591f93daa416d841cfa66971d5e46d00 1182w, https:\/\/www.abf.se\/musikverkstan\/resized\/?url=https%3A%2F%2Fwww.abf.se%2Fwp-content%2Fuploads%2Fsites%2F94%2F2026%2F03%2Fdemonstration-foto-iStock.jpg&#038;fit=crop&#038;w=1326&#038;h=540&#038;s=c56d4d80182fadadafb4d98146303c39 1326w, https:\/\/www.abf.se\/musikverkstan\/resized\/?url=https%3A%2F%2Fwww.abf.se%2Fwp-content%2Fuploads%2Fsites%2F94%2F2026%2F03%2Fdemonstration-foto-iStock.jpg&#038;fit=crop&#038;w=1440&#038;h=540&#038;s=9e277e356aafb9a806f3f400339fa961 1440w\" alt=\"\" height=\"540\" width=\"1440\" sizes=\"(max-width: 1440px) calc(100vw - 32px), 1440px\" loading=\"eager\" fetchpriority=\"high\" aria-hidden=\"true\" role=\"presentation\" \/><\/picture>\n        \n\n            <\/div>\n\n    <\/div>\n\n<div\n    class=\"acf-plain-heading-block container my-16\"\n    data-block=\"plain-heading-block\"\n>\n    <div class=\"max-w-[658px] mx-auto\">\n                            <p class=\"mt-8 body-xl text-black\">\n                Ett levande musikliv uppst\u00e5r inte av sig sj\u00e4lvt \u2013 det byggs, v\u00e5rdas och f\u00f6rsvaras. N\u00e4r scener l\u00e4ggs ned, replokaler pressas bort och oj\u00e4mlika strukturer s\u00e4tter ramarna, blir organisering ett s\u00e4tt att skapa motst\u00e5ndskraft. Genom att samla krafter, dela kunskap och skapa egna plattformar kan lokala musikakt\u00f6rer st\u00e5 starkare tillsammans. Att organisera handlar d\u00e4rf\u00f6r inte bara om praktiska l\u00f6sningar, utan om att h\u00e5lla det kulturella ekosystemet vid liv: att s\u00e4kra rum f\u00f6r kreativitet, f\u00f6rsvara r\u00e4tten att h\u00f6ras och st\u00e4rka musikens roll i samh\u00e4llet. Inom ABF tar vi avstamp i den kollektiva kraften \u2013 f\u00f6r ett musikliv som inte bara \u00f6verlever, utan blomstrar.  \n            <\/p>\n            <\/div>\n<\/div>\n<div\n    class=\"acf-article-text-block article-container my-12\"\n    data-block=\"article-text-block\"\n>\n    <div class=\"wysiwyg\">\n        <h2>Gr\u00e4v d\u00e4r ni st\u00e5r<\/h2>\n<p>L\u00e5t oss s\u00e4ga att ni \u00e4r ett band i mellanstor svensk stad. Ni har spelat ihop ett par \u00e5r och\u00a0giggat\u00a0p\u00e5 de flesta st\u00e4llena p\u00e5 orten, f\u00f6rst p\u00e5\u00a0fritidsg\u00e5rden och stadsfestivalen, sen p\u00e5\u00a0O\u2019learys\u00a0och\u00a0den nedlagda biografen.\u00a0Ni k\u00e4nner flera av de andra banden\/musikerna i staden och n\u00e4r ni tr\u00e4ffas pratar ni ofta om att det saknas st\u00e4llen att spela p\u00e5 f\u00f6r akter som v\u00e4xt ifr\u00e5n fritidsg\u00e5rden.\u00a0Det k\u00e4nns som att\u00a0n\u00e5n\u00a0borde g\u00f6ra n\u00e5got f\u00f6r alla vill ju ha en levande musikstad. Fr\u00e5gan \u00e4r bara\u00a0vem..?\u00a0Ni s\u00e5klart<\/p>\n<p><strong>H\u00e4r \u00e4r n\u00e5gra tips f\u00f6r att komma ig\u00e5ng med lokal organisering f\u00f6r ett levande musikliv:\u00a0<\/strong><\/p>\n<ul>\n<li>Bjud in alla musiker, arrang\u00f6rer och andra musikakt\u00f6rer ni k\u00e4nner till ett gemensamt sp\u00e5nm\u00f6te med m\u00e5let att formulera vad som beh\u00f6ver g\u00f6ras, be g\u00e4rna ABF om hj\u00e4lp!<\/li>\n<li>Testa att arrangera en egen spelning, p\u00e5 era villkor och p\u00e5 det s\u00e4tt som ni vill ha det och bygg vidare d\u00e4rifr\u00e5n. Ta ett steg i taget.<\/li>\n<li>Formulera f\u00f6rb\u00e4ttringsf\u00f6rslag till lokala politiker och be att f\u00e5 tr\u00e4ffa kulturn\u00e4mnden och presentera era f\u00f6rslag<\/li>\n<li>Skriv en ins\u00e4ndare i lokala tidningen eller g\u00f6r ett upprop p\u00e5 sociala medier f\u00f6r att v\u00e4cka uppm\u00e4rksamhet<\/li>\n<\/ul>\n\n    <\/div>\n<\/div>\n<div\n    class=\"acf-quick-link-block bg-red py-12 md:py-20\"\n    data-block=\"quick-link-block\"\n>\n    <div class=\"container\">\n                    <h2 class=\"heading-lg mb-7 text-center text-white\">\n                Alla avsnitt inom Modul 5: Arrangera och organisera\n            <\/h2>\n        \n        <div\n            class=\"px-5 content:px-0 grid grid-cols-1 gap-8 md:grid-cols-2\">\n            \n            <article\nclass=\"round-corners-sm p-6 relative group grid grid-rows-[subgrid] row-[span_3] gap-4 bg-white text-red\"\n>\n            <h3\n        class=\"heading-sm group-hover:underline text-red\">\n            <a href=\"https:\/\/www.abf.se\/musikverkstan\/arrangera-och-organisera\/\" class=\"expanded-hit-area\" target=\"\">\n                Avsnitt 1: Arrangera tillsammans\n            <\/a>\n        <\/h3>\n            <figure\n    class=\"w-[38px] h-[38px] rounded-full p-2 group-hover:scale-110 transition-transform duration-300 self-end pointer-events-none bg-red text-white\">\n        <svg width=\"20\" height=\"20\" viewBox=\"0 0 20 20\" fill=\"none\" class=\"SvgIconElement\">\n<path d=\"M4.16659 10L15.8333 10\" stroke=\"currentColor\"\/>\n<path d=\"M9.99992 4.1665L15.8333 9.99984L9.99992 15.8332\" stroke=\"currentColor\"\/>\n<\/svg>\n    <\/figure>\n<\/article>            \n            <article\nclass=\"round-corners-sm p-6 relative group grid grid-rows-[subgrid] row-[span_3] gap-4 bg-white text-red\"\n>\n            <h3\n        class=\"heading-sm group-hover:underline text-red\">\n            <a href=\"https:\/\/www.abf.se\/musikverkstan\/arrangera-och-organisera\/sorj-inte-organisera-er\/\" class=\"expanded-hit-area\" target=\"\">\n                Avsnitt 2: S\u00f6rj inte organisera er!\n            <\/a>\n        <\/h3>\n            <figure\n    class=\"w-[38px] h-[38px] rounded-full p-2 group-hover:scale-110 transition-transform duration-300 self-end pointer-events-none bg-red text-white\">\n        <svg width=\"20\" height=\"20\" viewBox=\"0 0 20 20\" fill=\"none\" class=\"SvgIconElement\">\n<path d=\"M4.16659 10L15.8333 10\" stroke=\"currentColor\"\/>\n<path d=\"M9.99992 4.1665L15.8333 9.99984L9.99992 15.8332\" stroke=\"currentColor\"\/>\n<\/svg>\n    <\/figure>\n<\/article>                    <\/div>\n    <\/div>\n<\/div>\n","protected":false},"excerpt":{"rendered":"","protected":false},"author":36,"featured_media":0,"parent":53,"menu_order":0,"comment_status":"closed","ping_status":"closed","template":"","meta":{"_acf_changed":false,"footnotes":""},"class_list":["post-44","page","type-page","status-publish","hentry"],"acf":[],"yoast_head":"<!-- This site is optimized with the Yoast SEO plugin v27.0 - https:\/\/yoast.com\/product\/yoast-seo-wordpress\/ -->\n<title>S\u00f6rj inte, organisera er - Musikverkstan<\/title>\n<meta name=\"robots\" content=\"index, follow, max-snippet:-1, max-image-preview:large, max-video-preview:-1\" \/>\n<link rel=\"canonical\" href=\"https:\/\/www.abf.se\/musikverkstan\/arrangera-och-organisera\/sorj-inte-organisera-er\/\" \/>\n<meta property=\"og:locale\" content=\"en_US\" \/>\n<meta property=\"og:type\" content=\"article\" \/>\n<meta property=\"og:title\" content=\"S\u00f6rj inte, organisera er - Musikverkstan\" \/>\n<meta property=\"og:url\" content=\"https:\/\/www.abf.se\/musikverkstan\/arrangera-och-organisera\/sorj-inte-organisera-er\/\" \/>\n<meta property=\"og:site_name\" content=\"Musikverkstan\" \/>\n<meta property=\"article:modified_time\" content=\"2026-03-06T09:02:44+00:00\" \/>\n<meta property=\"og:image\" content=\"https:\/\/www.abf.se\/wp-content\/uploads\/sites\/94\/2026\/03\/herobild-musikverkstan.png\" \/>\n\t<meta property=\"og:image:width\" content=\"1440\" \/>\n\t<meta property=\"og:image:height\" content=\"520\" \/>\n\t<meta property=\"og:image:type\" content=\"image\/png\" \/>\n<meta name=\"twitter:card\" content=\"summary_large_image\" \/>\n<script type=\"application\/ld+json\" class=\"yoast-schema-graph\">{\"@context\":\"https:\/\/schema.org\",\"@graph\":[{\"@type\":\"WebPage\",\"@id\":\"https:\/\/www.abf.se\/musikverkstan\/arrangera-och-organisera\/sorj-inte-organisera-er\/\",\"url\":\"https:\/\/www.abf.se\/musikverkstan\/arrangera-och-organisera\/sorj-inte-organisera-er\/\",\"name\":\"S\u00f6rj inte, organisera er - Musikverkstan\",\"isPartOf\":{\"@id\":\"https:\/\/www.abf.se\/musikverkstan\/#website\"},\"datePublished\":\"2026-03-02T17:50:29+00:00\",\"dateModified\":\"2026-03-06T09:02:44+00:00\",\"breadcrumb\":{\"@id\":\"https:\/\/www.abf.se\/musikverkstan\/arrangera-och-organisera\/sorj-inte-organisera-er\/#breadcrumb\"},\"inLanguage\":\"en-US\",\"potentialAction\":[{\"@type\":\"ReadAction\",\"target\":[\"https:\/\/www.abf.se\/musikverkstan\/arrangera-och-organisera\/sorj-inte-organisera-er\/\"]}]},{\"@type\":\"BreadcrumbList\",\"@id\":\"https:\/\/www.abf.se\/musikverkstan\/arrangera-och-organisera\/sorj-inte-organisera-er\/#breadcrumb\",\"itemListElement\":[{\"@type\":\"ListItem\",\"position\":1,\"name\":\"Home\",\"item\":\"https:\/\/www.abf.se\/musikverkstan\/\"},{\"@type\":\"ListItem\",\"position\":2,\"name\":\"Arrangera och organisera\",\"item\":\"https:\/\/www.abf.se\/musikverkstan\/arrangera-och-organisera\/\"},{\"@type\":\"ListItem\",\"position\":3,\"name\":\"S\u00f6rj inte, organisera er\"}]},{\"@type\":\"WebSite\",\"@id\":\"https:\/\/www.abf.se\/musikverkstan\/#website\",\"url\":\"https:\/\/www.abf.se\/musikverkstan\/\",\"name\":\"Musikverkstan\",\"description\":\"\",\"potentialAction\":[{\"@type\":\"SearchAction\",\"target\":{\"@type\":\"EntryPoint\",\"urlTemplate\":\"https:\/\/www.abf.se\/musikverkstan\/?s={search_term_string}\"},\"query-input\":{\"@type\":\"PropertyValueSpecification\",\"valueRequired\":true,\"valueName\":\"search_term_string\"}}],\"inLanguage\":\"en-US\"}]}<\/script>\n<!-- \/ Yoast SEO plugin. -->","yoast_head_json":{"title":"S\u00f6rj inte, organisera er - Musikverkstan","robots":{"index":"index","follow":"follow","max-snippet":"max-snippet:-1","max-image-preview":"max-image-preview:large","max-video-preview":"max-video-preview:-1"},"canonical":"https:\/\/www.abf.se\/musikverkstan\/arrangera-och-organisera\/sorj-inte-organisera-er\/","og_locale":"en_US","og_type":"article","og_title":"S\u00f6rj inte, organisera er - Musikverkstan","og_url":"https:\/\/www.abf.se\/musikverkstan\/arrangera-och-organisera\/sorj-inte-organisera-er\/","og_site_name":"Musikverkstan","article_modified_time":"2026-03-06T09:02:44+00:00","og_image":[{"width":1440,"height":520,"url":"https:\/\/www.abf.se\/wp-content\/uploads\/sites\/94\/2026\/03\/herobild-musikverkstan.png","type":"image\/png"}],"twitter_card":"summary_large_image","schema":{"@context":"https:\/\/schema.org","@graph":[{"@type":"WebPage","@id":"https:\/\/www.abf.se\/musikverkstan\/arrangera-och-organisera\/sorj-inte-organisera-er\/","url":"https:\/\/www.abf.se\/musikverkstan\/arrangera-och-organisera\/sorj-inte-organisera-er\/","name":"S\u00f6rj inte, organisera er - Musikverkstan","isPartOf":{"@id":"https:\/\/www.abf.se\/musikverkstan\/#website"},"datePublished":"2026-03-02T17:50:29+00:00","dateModified":"2026-03-06T09:02:44+00:00","breadcrumb":{"@id":"https:\/\/www.abf.se\/musikverkstan\/arrangera-och-organisera\/sorj-inte-organisera-er\/#breadcrumb"},"inLanguage":"en-US","potentialAction":[{"@type":"ReadAction","target":["https:\/\/www.abf.se\/musikverkstan\/arrangera-och-organisera\/sorj-inte-organisera-er\/"]}]},{"@type":"BreadcrumbList","@id":"https:\/\/www.abf.se\/musikverkstan\/arrangera-och-organisera\/sorj-inte-organisera-er\/#breadcrumb","itemListElement":[{"@type":"ListItem","position":1,"name":"Home","item":"https:\/\/www.abf.se\/musikverkstan\/"},{"@type":"ListItem","position":2,"name":"Arrangera och organisera","item":"https:\/\/www.abf.se\/musikverkstan\/arrangera-och-organisera\/"},{"@type":"ListItem","position":3,"name":"S\u00f6rj inte, organisera er"}]},{"@type":"WebSite","@id":"https:\/\/www.abf.se\/musikverkstan\/#website","url":"https:\/\/www.abf.se\/musikverkstan\/","name":"Musikverkstan","description":"","potentialAction":[{"@type":"SearchAction","target":{"@type":"EntryPoint","urlTemplate":"https:\/\/www.abf.se\/musikverkstan\/?s={search_term_string}"},"query-input":{"@type":"PropertyValueSpecification","valueRequired":true,"valueName":"search_term_string"}}],"inLanguage":"en-US"}]}},"_links":{"self":[{"href":"https:\/\/www.abf.se\/musikverkstan\/wp-json\/wp\/v2\/pages\/44","targetHints":{"allow":["GET"]}}],"collection":[{"href":"https:\/\/www.abf.se\/musikverkstan\/wp-json\/wp\/v2\/pages"}],"about":[{"href":"https:\/\/www.abf.se\/musikverkstan\/wp-json\/wp\/v2\/types\/page"}],"author":[{"embeddable":true,"href":"https:\/\/www.abf.se\/musikverkstan\/wp-json\/wp\/v2\/users\/36"}],"replies":[{"embeddable":true,"href":"https:\/\/www.abf.se\/musikverkstan\/wp-json\/wp\/v2\/comments?post=44"}],"version-history":[{"count":13,"href":"https:\/\/www.abf.se\/musikverkstan\/wp-json\/wp\/v2\/pages\/44\/revisions"}],"predecessor-version":[{"id":515,"href":"https:\/\/www.abf.se\/musikverkstan\/wp-json\/wp\/v2\/pages\/44\/revisions\/515"}],"up":[{"embeddable":true,"href":"https:\/\/www.abf.se\/musikverkstan\/wp-json\/wp\/v2\/pages\/53"}],"wp:attachment":[{"href":"https:\/\/www.abf.se\/musikverkstan\/wp-json\/wp\/v2\/media?parent=44"}],"curies":[{"name":"wp","href":"https:\/\/api.w.org\/{rel}","templated":true}]}}