{"id":55,"date":"2026-03-02T19:18:52","date_gmt":"2026-03-02T18:18:52","guid":{"rendered":"https:\/\/www.abf.se\/musikverkstan\/?page_id=55"},"modified":"2026-03-06T10:01:04","modified_gmt":"2026-03-06T09:01:04","slug":"arrangera-tillsammans","status":"publish","type":"page","link":"https:\/\/www.abf.se\/musikverkstan\/arrangera-och-organisera\/arrangera-tillsammans\/","title":{"rendered":"Arrangera\u00a0tillsammans"},"content":{"rendered":"<div\n    class=\"acf-hero-block container-lg no-padding mb-12 js-geolocation\"\n    data-block=\"hero-block\"\n    data-index=\"0\"\n>\n    <div class=\"h-[548px]  relative rounded-[32px] overflow-hidden flex bg-gray-light\">\n        <div class=\"relative z-10 mt-auto h-auto w-full md:h-full\">\n            <div class=\"flex w-full h-full flex-col flex-wrap justify-end w-full md:w-7\/12 lg:w-1\/2 md:justify-center\">\n                <div class=\"flex flex-col gap-3 md:gap-[18px] md:transparent pt-16 pb-36 md:py-8 px-4 w-full md:max-w-[620px] mx-auto px-8\">\n\n                    <h1 class=\"hero-heading\"><span>Arrangera tillsammans<\/span><\/h1>\n\n                    \n                                    <\/div>\n            <\/div>\n        <\/div>\n\n                    <picture class=\"as-background-image mix-blend-multiply bg-black\/40\"><img decoding=\"async\" src=\"https:\/\/www.abf.se\/musikverkstan\/resized\/?url=https%3A%2F%2Fwww.abf.se%2Fwp-content%2Fuploads%2Fsites%2F94%2F2026%2F03%2Fordet-fritt-2022_foto-Jonas-Forsberg-scaled.jpg&#038;fit=crop&#038;w=1440&#038;s=d8aa0a8a0778e69350162927d50aad28\" srcset=\"https:\/\/www.abf.se\/musikverkstan\/resized\/?url=https%3A%2F%2Fwww.abf.se%2Fwp-content%2Fuploads%2Fsites%2F94%2F2026%2F03%2Fordet-fritt-2022_foto-Jonas-Forsberg-scaled.jpg&#038;fit=crop&#038;w=375&#038;h=540&#038;s=3e90646484f9b2e59c26875d115b9f3c 375w, https:\/\/www.abf.se\/musikverkstan\/resized\/?url=https%3A%2F%2Fwww.abf.se%2Fwp-content%2Fuploads%2Fsites%2F94%2F2026%2F03%2Fordet-fritt-2022_foto-Jonas-Forsberg-scaled.jpg&#038;fit=crop&#038;w=447&#038;h=540&#038;s=1c3157c7d1ca3a6ff84c61265f30ce28 447w, https:\/\/www.abf.se\/musikverkstan\/resized\/?url=https%3A%2F%2Fwww.abf.se%2Fwp-content%2Fuploads%2Fsites%2F94%2F2026%2F03%2Fordet-fritt-2022_foto-Jonas-Forsberg-scaled.jpg&#038;fit=crop&#038;w=519&#038;h=540&#038;s=d48943c0c29623a3e797d4995831792d 519w, https:\/\/www.abf.se\/musikverkstan\/resized\/?url=https%3A%2F%2Fwww.abf.se%2Fwp-content%2Fuploads%2Fsites%2F94%2F2026%2F03%2Fordet-fritt-2022_foto-Jonas-Forsberg-scaled.jpg&#038;fit=crop&#038;w=591&#038;h=540&#038;s=c6e4869c5f83d9a4548a8a689d6165dc 591w, https:\/\/www.abf.se\/musikverkstan\/resized\/?url=https%3A%2F%2Fwww.abf.se%2Fwp-content%2Fuploads%2Fsites%2F94%2F2026%2F03%2Fordet-fritt-2022_foto-Jonas-Forsberg-scaled.jpg&#038;fit=crop&#038;w=663&#038;h=540&#038;s=98a3f2a41dc0197ca74dc679e88ea1dc 663w, https:\/\/www.abf.se\/musikverkstan\/resized\/?url=https%3A%2F%2Fwww.abf.se%2Fwp-content%2Fuploads%2Fsites%2F94%2F2026%2F03%2Fordet-fritt-2022_foto-Jonas-Forsberg-scaled.jpg&#038;fit=crop&#038;w=750&#038;h=540&#038;s=ca143449ce15a9aa6d71ad1fd217f814 750w, https:\/\/www.abf.se\/musikverkstan\/resized\/?url=https%3A%2F%2Fwww.abf.se%2Fwp-content%2Fuploads%2Fsites%2F94%2F2026%2F03%2Fordet-fritt-2022_foto-Jonas-Forsberg-scaled.jpg&#038;fit=crop&#038;w=894&#038;h=540&#038;s=25e797c75de218ad8387cc4411aec1b7 894w, https:\/\/www.abf.se\/musikverkstan\/resized\/?url=https%3A%2F%2Fwww.abf.se%2Fwp-content%2Fuploads%2Fsites%2F94%2F2026%2F03%2Fordet-fritt-2022_foto-Jonas-Forsberg-scaled.jpg&#038;fit=crop&#038;w=1038&#038;h=540&#038;s=e5b28f1c0aa1b9cadf914b0b2fedde9f 1038w, https:\/\/www.abf.se\/musikverkstan\/resized\/?url=https%3A%2F%2Fwww.abf.se%2Fwp-content%2Fuploads%2Fsites%2F94%2F2026%2F03%2Fordet-fritt-2022_foto-Jonas-Forsberg-scaled.jpg&#038;fit=crop&#038;w=1182&#038;h=540&#038;s=9c52914f763f8df3484cc2c961f8be55 1182w, https:\/\/www.abf.se\/musikverkstan\/resized\/?url=https%3A%2F%2Fwww.abf.se%2Fwp-content%2Fuploads%2Fsites%2F94%2F2026%2F03%2Fordet-fritt-2022_foto-Jonas-Forsberg-scaled.jpg&#038;fit=crop&#038;w=1326&#038;h=540&#038;s=1ca763a4e9dca7118c81d8edf1089e0c 1326w, https:\/\/www.abf.se\/musikverkstan\/resized\/?url=https%3A%2F%2Fwww.abf.se%2Fwp-content%2Fuploads%2Fsites%2F94%2F2026%2F03%2Fordet-fritt-2022_foto-Jonas-Forsberg-scaled.jpg&#038;fit=crop&#038;w=1440&#038;h=540&#038;s=85c729307f8992634ae54ebb86f994c5 1440w\" alt=\"\" height=\"540\" width=\"1440\" sizes=\"(max-width: 1440px) calc(100vw - 32px), 1440px\" loading=\"eager\" fetchpriority=\"high\" aria-hidden=\"true\" role=\"presentation\" \/><\/picture>\n        \n\n            <\/div>\n\n    <\/div>\n\n<div\n    class=\"acf-article-text-block article-container my-12\"\n    data-block=\"article-text-block\"\n>\n    <div class=\"wysiwyg\">\n        <h2>Engagera, organisera och skapa \u2013 att arrangera spelningar via ABF<\/h2>\n<p>Att arrangera spelningar handlar om mer \u00e4n musik. Det \u00e4r ett kraftfullt\u202fs\u00e4tt att samla m\u00e4nniskor, bygga lokala scener och skapa engagemang.\u202fGenom att g\u00f6ra det i samarbete med ABF f\u00e5r ni b\u00e5de\u202fstruktur och st\u00f6d utan att tappa den ideella och kreativa friheten.<\/p>\n<h2>Ett ramverk som g\u00f6r id\u00e9er m\u00f6jliga<\/h2>\n<p>ABF finns f\u00f6r att st\u00f6tta folkbildning och kultur. N\u00e4r du arrangerar spelningar via ett studief\u00f6rbund f\u00e5r ni tillg\u00e5ng till:<\/p>\n<ul>\n<li>Praktiskt st\u00f6d kring planering, ekonomi och administration.<\/li>\n<li>Lokaler och teknik eller hj\u00e4lp att hitta r\u00e4tt samarbeten.<\/li>\n<li>Kunskap och handledning f\u00f6r dig som vill utvecklas som arrang\u00f6r.<\/li>\n<li>Ett tryggt strukturellt st\u00f6d f\u00f6r ideellt engagemang.<\/li>\n<\/ul>\n<p>Det g\u00f6r det enklare att g\u00e5 fr\u00e5n id\u00e9 till genomf\u00f6rd spelning \u2013 oavsett om det handlar om punk i k\u00e4llaren, h\u00e5rdrock p\u00e5 fritidsg\u00e5rden eller en\u202fexperimentell konsert i en ovan milj\u00f6.<\/p>\n<h2>Bygg gemenskap och lokal kultur<\/h2>\n<p>Att arrangera spelningar \u00e4r ocks\u00e5 ett s\u00e4tt att organisera m\u00e4nniskor.\u202fBand, publik, volont\u00e4rer och arrang\u00f6rer m\u00f6ts kring ett gemensamt\u202fintresse. Studief\u00f6rbundens modell uppmuntrar till samarbete, delaktighet och\u202fl\u00e5ngsiktighet \u2013 vilket st\u00e4rker den lokala musikscenen och ger fler chansen att vara med.<\/p>\n<h2>F\u00f6r nya arrang\u00f6rer och erfarna eldsj\u00e4lar<\/h2>\n<p>Ni beh\u00f6ver inte vara proffs. Studief\u00f6rbundens st\u00f6d passar lika bra f\u00f6r:<\/p>\n<ul>\n<li>Unga som vill arrangera sin f\u00f6rsta spelning.<\/li>\n<li>Kollektiv och f\u00f6reningar som vill v\u00e4xa och strukturera sitt arbete.<\/li>\n<li>Erfarna arrang\u00f6rer som vill utveckla sin verksamhet utan kommersiell press.<\/li>\n<\/ul>\n<h2>Kultur p\u00e5 era villkor<\/h2>\n<p><strong>Det viktigaste:<\/strong> inneh\u00e5llet styrs av er. ABFs roll \u00e4r att\u202fm\u00f6jligg\u00f6ra \u2013 inte att best\u00e4mma. Vi vill ge utrymme f\u00f6r all slags musik, g\u00e4rna med fokus p\u00e5 att hj\u00e4lpa fram alternativa uttryck och initiativ som annars inte f\u00e5r plats.<\/p>\n<p><strong>Kort sagt:<\/strong> Att arrangera spelningar via ABF \u00e4r ett smart s\u00e4tt att\u202fkombinera engagemang, organisering och kreativ frihet. Du f\u00e5r st\u00f6d,\u202fkunskap och gemenskap \u2013 och bidrar samtidigt till ett levande kulturliv.<\/p>\n<h2>Verktyg och resurser:<\/h2>\n<p><a href=\"https:\/\/www.abf.se\/wp-content\/uploads\/sites\/94\/2026\/03\/Vagen-till-ett-lyckat-arrangemang.pdf\" target=\"_blank\" rel=\"noopener\">V\u00e4gen till ett lyckat arrangemang \u2013 checklista<\/a> (pdf)<\/p>\n<p>En checklista med det viktigaste att t\u00e4nka p\u00e5 som arrang\u00f6r av ett musikevent.<\/p>\n<p><a href=\"https:\/\/www.abf.se\/wp-content\/uploads\/sites\/94\/2026\/03\/Gor-det-tillsammans-Handbok-i-arrangorskap-ABF-Musikverkstan.pdf\" target=\"_blank\" rel=\"noopener\">G\u00f6r det tills ammans \u2013 Handbok i arrang\u00f6rskap<\/a> (pdf)<\/p>\n<p>ABFs handbok f\u00f6r arrang\u00f6rer som g\u00e5r igenom de olika stegen av arrang\u00f6rskapet; innan, under och efter. Handboken funkar utm\u00e4rkt att anv\u00e4nda som underlag f\u00f6r en studiecirkel d\u00e4r ni l\u00e4r er grunderna Engagera, organisera och skapa \u2013 att arrangera spelningar via ABF<br \/>\nAtt arrangera spelningar handlar om mer \u00e4n musik. Det \u00e4r ett kraftfullt\u202fs\u00e4tt att samla m\u00e4nniskor, bygga lokala scener och skapa engagemang.\u202fGenom att g\u00f6ra det i samarbete med ABF f\u00e5r du b\u00e5de\u202fstruktur och st\u00f6d utan att tappa den ideella och kreativa friheten.<\/p>\n<h2>Kulturkrock<\/h2>\n<p>Kulturkrock \u00e4r ett n\u00e4tverk som drivs av ABF tillsammans med olika kulturhus runt om i Sverige. Det riktar sig till er som \u00e4r mellan 15\u201325 \u00e5r och som kostnadsfritt vill sprida och framf\u00f6ra er musik till andra platser i Sverige. Vi \u00e4r ett n\u00e4tverk av arrang\u00f6rsst\u00e4llen med fullt utrustade scener och coacher.<\/p>\n<p>Arrangemangen planeras, marknadsf\u00f6rs och genomf\u00f6rs av och med er som arrang\u00f6r, med st\u00f6d av personal inom n\u00e4tverket Kulturkrock. Som arrang\u00f6r f\u00e5r du fullt ekonomiskt st\u00f6d till resor, marknadsf\u00f6ring, tillg\u00e5ng till lokal, teknik samt logi m.m. F\u00f6r mer info se l\u00e4nk i arrang\u00f6rskapet.<\/p>\n\n    <\/div>\n<\/div>\n<div\n    class=\"acf-article-cta-link-block article-container my-8\"\n    data-block=\"article-cta-link-block\"\n>\n<div>\n    <a class=\"inline-flex flex-row items-center gap-4 text-link underline text-red-dark\"\n        href=\"https:\/\/www.abf.se\/musikverkstan\/kulturkrock\/\"\n            >\n        <span class=\"\">\n        Kulturkrock\n        <\/span>\n        <figure aria-hidden=\"true\" class=\"rounded-full bg-red-dark w-8 h-8 p-1 text-white\">\n            <svg width=\"20\" height=\"20\" viewBox=\"0 0 20 20\" fill=\"none\" class=\"SvgIconElement\">\n<path d=\"M4.16659 10L15.8333 10\" stroke=\"currentColor\"\/>\n<path d=\"M9.99992 4.1665L15.8333 9.99984L9.99992 15.8332\" stroke=\"currentColor\"\/>\n<\/svg>\n        <\/figure>\n    <\/a>\n<\/div>\n<\/div>\n<div\n    class=\"acf-quick-link-block bg-red py-12 md:py-20\"\n    data-block=\"quick-link-block\"\n>\n    <div class=\"container\">\n                    <h2 class=\"heading-lg mb-7 text-center text-white\">\n                Alla avsnitt inom Modul 5: Arrangera och organisera\n            <\/h2>\n        \n        <div\n            class=\"px-5 content:px-0 grid grid-cols-1 gap-8 md:grid-cols-2\">\n            \n            <article\nclass=\"round-corners-sm p-6 relative group grid grid-rows-[subgrid] row-[span_3] gap-4 bg-white text-red\"\n>\n            <h3\n        class=\"heading-sm group-hover:underline text-red\">\n            <a href=\"https:\/\/www.abf.se\/musikverkstan\/arrangera-och-organisera\/\" class=\"expanded-hit-area\" target=\"\">\n                Avsnitt 1: Arrangera tillsammans\n            <\/a>\n        <\/h3>\n            <figure\n    class=\"w-[38px] h-[38px] rounded-full p-2 group-hover:scale-110 transition-transform duration-300 self-end pointer-events-none bg-red text-white\">\n        <svg width=\"20\" height=\"20\" viewBox=\"0 0 20 20\" fill=\"none\" class=\"SvgIconElement\">\n<path d=\"M4.16659 10L15.8333 10\" stroke=\"currentColor\"\/>\n<path d=\"M9.99992 4.1665L15.8333 9.99984L9.99992 15.8332\" stroke=\"currentColor\"\/>\n<\/svg>\n    <\/figure>\n<\/article>            \n            <article\nclass=\"round-corners-sm p-6 relative group grid grid-rows-[subgrid] row-[span_3] gap-4 bg-white text-red\"\n>\n            <h3\n        class=\"heading-sm group-hover:underline text-red\">\n            <a href=\"https:\/\/www.abf.se\/musikverkstan\/arrangera-och-organisera\/sorj-inte-organisera-er\/\" class=\"expanded-hit-area\" target=\"\">\n                Avsnitt 2: S\u00f6rj inte organisera er!\n            <\/a>\n        <\/h3>\n            <figure\n    class=\"w-[38px] h-[38px] rounded-full p-2 group-hover:scale-110 transition-transform duration-300 self-end pointer-events-none bg-red text-white\">\n        <svg width=\"20\" height=\"20\" viewBox=\"0 0 20 20\" fill=\"none\" class=\"SvgIconElement\">\n<path d=\"M4.16659 10L15.8333 10\" stroke=\"currentColor\"\/>\n<path d=\"M9.99992 4.1665L15.8333 9.99984L9.99992 15.8332\" stroke=\"currentColor\"\/>\n<\/svg>\n    <\/figure>\n<\/article>                    <\/div>\n    <\/div>\n<\/div>\n","protected":false},"excerpt":{"rendered":"","protected":false},"author":36,"featured_media":0,"parent":53,"menu_order":0,"comment_status":"closed","ping_status":"closed","template":"","meta":{"_acf_changed":false,"footnotes":""},"class_list":["post-55","page","type-page","status-publish","hentry"],"acf":[],"yoast_head":"<!-- This site is optimized with the Yoast SEO plugin v27.0 - https:\/\/yoast.com\/product\/yoast-seo-wordpress\/ -->\n<title>Arrangera\u00a0tillsammans - Musikverkstan<\/title>\n<meta name=\"robots\" content=\"index, follow, max-snippet:-1, max-image-preview:large, max-video-preview:-1\" \/>\n<link rel=\"canonical\" href=\"https:\/\/www.abf.se\/musikverkstan\/arrangera-och-organisera\/arrangera-tillsammans\/\" \/>\n<meta property=\"og:locale\" content=\"en_US\" \/>\n<meta property=\"og:type\" content=\"article\" \/>\n<meta property=\"og:title\" content=\"Arrangera\u00a0tillsammans - Musikverkstan\" \/>\n<meta property=\"og:url\" content=\"https:\/\/www.abf.se\/musikverkstan\/arrangera-och-organisera\/arrangera-tillsammans\/\" \/>\n<meta property=\"og:site_name\" content=\"Musikverkstan\" \/>\n<meta property=\"article:modified_time\" content=\"2026-03-06T09:01:04+00:00\" \/>\n<meta property=\"og:image\" content=\"https:\/\/www.abf.se\/wp-content\/uploads\/sites\/94\/2026\/03\/herobild-musikverkstan.png\" \/>\n\t<meta property=\"og:image:width\" content=\"1440\" \/>\n\t<meta property=\"og:image:height\" content=\"520\" \/>\n\t<meta property=\"og:image:type\" content=\"image\/png\" \/>\n<meta name=\"twitter:card\" content=\"summary_large_image\" \/>\n<script type=\"application\/ld+json\" class=\"yoast-schema-graph\">{\"@context\":\"https:\/\/schema.org\",\"@graph\":[{\"@type\":\"WebPage\",\"@id\":\"https:\/\/www.abf.se\/musikverkstan\/arrangera-och-organisera\/arrangera-tillsammans\/\",\"url\":\"https:\/\/www.abf.se\/musikverkstan\/arrangera-och-organisera\/arrangera-tillsammans\/\",\"name\":\"Arrangera\u00a0tillsammans - Musikverkstan\",\"isPartOf\":{\"@id\":\"https:\/\/www.abf.se\/musikverkstan\/#website\"},\"datePublished\":\"2026-03-02T18:18:52+00:00\",\"dateModified\":\"2026-03-06T09:01:04+00:00\",\"breadcrumb\":{\"@id\":\"https:\/\/www.abf.se\/musikverkstan\/arrangera-och-organisera\/arrangera-tillsammans\/#breadcrumb\"},\"inLanguage\":\"en-US\",\"potentialAction\":[{\"@type\":\"ReadAction\",\"target\":[\"https:\/\/www.abf.se\/musikverkstan\/arrangera-och-organisera\/arrangera-tillsammans\/\"]}]},{\"@type\":\"BreadcrumbList\",\"@id\":\"https:\/\/www.abf.se\/musikverkstan\/arrangera-och-organisera\/arrangera-tillsammans\/#breadcrumb\",\"itemListElement\":[{\"@type\":\"ListItem\",\"position\":1,\"name\":\"Home\",\"item\":\"https:\/\/www.abf.se\/musikverkstan\/\"},{\"@type\":\"ListItem\",\"position\":2,\"name\":\"Arrangera och organisera\",\"item\":\"https:\/\/www.abf.se\/musikverkstan\/arrangera-och-organisera\/\"},{\"@type\":\"ListItem\",\"position\":3,\"name\":\"Arrangera\u00a0tillsammans\"}]},{\"@type\":\"WebSite\",\"@id\":\"https:\/\/www.abf.se\/musikverkstan\/#website\",\"url\":\"https:\/\/www.abf.se\/musikverkstan\/\",\"name\":\"Musikverkstan\",\"description\":\"\",\"potentialAction\":[{\"@type\":\"SearchAction\",\"target\":{\"@type\":\"EntryPoint\",\"urlTemplate\":\"https:\/\/www.abf.se\/musikverkstan\/?s={search_term_string}\"},\"query-input\":{\"@type\":\"PropertyValueSpecification\",\"valueRequired\":true,\"valueName\":\"search_term_string\"}}],\"inLanguage\":\"en-US\"}]}<\/script>\n<!-- \/ Yoast SEO plugin. -->","yoast_head_json":{"title":"Arrangera\u00a0tillsammans - Musikverkstan","robots":{"index":"index","follow":"follow","max-snippet":"max-snippet:-1","max-image-preview":"max-image-preview:large","max-video-preview":"max-video-preview:-1"},"canonical":"https:\/\/www.abf.se\/musikverkstan\/arrangera-och-organisera\/arrangera-tillsammans\/","og_locale":"en_US","og_type":"article","og_title":"Arrangera\u00a0tillsammans - Musikverkstan","og_url":"https:\/\/www.abf.se\/musikverkstan\/arrangera-och-organisera\/arrangera-tillsammans\/","og_site_name":"Musikverkstan","article_modified_time":"2026-03-06T09:01:04+00:00","og_image":[{"width":1440,"height":520,"url":"https:\/\/www.abf.se\/wp-content\/uploads\/sites\/94\/2026\/03\/herobild-musikverkstan.png","type":"image\/png"}],"twitter_card":"summary_large_image","schema":{"@context":"https:\/\/schema.org","@graph":[{"@type":"WebPage","@id":"https:\/\/www.abf.se\/musikverkstan\/arrangera-och-organisera\/arrangera-tillsammans\/","url":"https:\/\/www.abf.se\/musikverkstan\/arrangera-och-organisera\/arrangera-tillsammans\/","name":"Arrangera\u00a0tillsammans - Musikverkstan","isPartOf":{"@id":"https:\/\/www.abf.se\/musikverkstan\/#website"},"datePublished":"2026-03-02T18:18:52+00:00","dateModified":"2026-03-06T09:01:04+00:00","breadcrumb":{"@id":"https:\/\/www.abf.se\/musikverkstan\/arrangera-och-organisera\/arrangera-tillsammans\/#breadcrumb"},"inLanguage":"en-US","potentialAction":[{"@type":"ReadAction","target":["https:\/\/www.abf.se\/musikverkstan\/arrangera-och-organisera\/arrangera-tillsammans\/"]}]},{"@type":"BreadcrumbList","@id":"https:\/\/www.abf.se\/musikverkstan\/arrangera-och-organisera\/arrangera-tillsammans\/#breadcrumb","itemListElement":[{"@type":"ListItem","position":1,"name":"Home","item":"https:\/\/www.abf.se\/musikverkstan\/"},{"@type":"ListItem","position":2,"name":"Arrangera och organisera","item":"https:\/\/www.abf.se\/musikverkstan\/arrangera-och-organisera\/"},{"@type":"ListItem","position":3,"name":"Arrangera\u00a0tillsammans"}]},{"@type":"WebSite","@id":"https:\/\/www.abf.se\/musikverkstan\/#website","url":"https:\/\/www.abf.se\/musikverkstan\/","name":"Musikverkstan","description":"","potentialAction":[{"@type":"SearchAction","target":{"@type":"EntryPoint","urlTemplate":"https:\/\/www.abf.se\/musikverkstan\/?s={search_term_string}"},"query-input":{"@type":"PropertyValueSpecification","valueRequired":true,"valueName":"search_term_string"}}],"inLanguage":"en-US"}]}},"_links":{"self":[{"href":"https:\/\/www.abf.se\/musikverkstan\/wp-json\/wp\/v2\/pages\/55","targetHints":{"allow":["GET"]}}],"collection":[{"href":"https:\/\/www.abf.se\/musikverkstan\/wp-json\/wp\/v2\/pages"}],"about":[{"href":"https:\/\/www.abf.se\/musikverkstan\/wp-json\/wp\/v2\/types\/page"}],"author":[{"embeddable":true,"href":"https:\/\/www.abf.se\/musikverkstan\/wp-json\/wp\/v2\/users\/36"}],"replies":[{"embeddable":true,"href":"https:\/\/www.abf.se\/musikverkstan\/wp-json\/wp\/v2\/comments?post=55"}],"version-history":[{"count":12,"href":"https:\/\/www.abf.se\/musikverkstan\/wp-json\/wp\/v2\/pages\/55\/revisions"}],"predecessor-version":[{"id":513,"href":"https:\/\/www.abf.se\/musikverkstan\/wp-json\/wp\/v2\/pages\/55\/revisions\/513"}],"up":[{"embeddable":true,"href":"https:\/\/www.abf.se\/musikverkstan\/wp-json\/wp\/v2\/pages\/53"}],"wp:attachment":[{"href":"https:\/\/www.abf.se\/musikverkstan\/wp-json\/wp\/v2\/media?parent=55"}],"curies":[{"name":"wp","href":"https:\/\/api.w.org\/{rel}","templated":true}]}}