{"id":95,"date":"2026-03-03T10:22:42","date_gmt":"2026-03-03T09:22:42","guid":{"rendered":"https:\/\/www.abf.se\/musikverkstan\/?page_id=95"},"modified":"2026-03-06T09:20:59","modified_gmt":"2026-03-06T08:20:59","slug":"satt-ord-pa-musiken","status":"publish","type":"page","link":"https:\/\/www.abf.se\/musikverkstan\/skapa-musik-tillsammans\/satt-ord-pa-musiken\/","title":{"rendered":"S\u00e4tt ord p\u00e5 musiken"},"content":{"rendered":"<div\n    class=\"acf-hero-block container-lg no-padding mb-12 js-geolocation\"\n    data-block=\"hero-block\"\n    data-index=\"0\"\n>\n    <div class=\"h-[548px]  relative rounded-[32px] overflow-hidden flex bg-gray-light\">\n        <div class=\"relative z-10 mt-auto h-auto w-full md:h-full\">\n            <div class=\"flex w-full h-full flex-col flex-wrap justify-end w-full md:w-7\/12 lg:w-1\/2 md:justify-center\">\n                <div class=\"flex flex-col gap-3 md:gap-[18px] md:transparent pt-16 pb-36 md:py-8 px-4 w-full md:max-w-[620px] mx-auto px-8\">\n\n                    <h1 class=\"hero-heading\"><span>S\u00e4tt ord p\u00e5 <br \/>\r\nmusiken<\/span><\/h1>\n\n                    \n                                    <\/div>\n            <\/div>\n        <\/div>\n\n                    <picture class=\"as-background-image mix-blend-multiply bg-black\/40\"><img decoding=\"async\" src=\"https:\/\/www.abf.se\/musikverkstan\/resized\/?url=https%3A%2F%2Fwww.abf.se%2Fwp-content%2Fuploads%2Fsites%2F94%2F2026%2F03%2FKvinna-som-sjunger-scaled.jpg&#038;fit=crop&#038;w=1440&#038;s=98625e93028e9b021e794ee4d8d29b78\" srcset=\"https:\/\/www.abf.se\/musikverkstan\/resized\/?url=https%3A%2F%2Fwww.abf.se%2Fwp-content%2Fuploads%2Fsites%2F94%2F2026%2F03%2FKvinna-som-sjunger-scaled.jpg&#038;fit=crop&#038;w=375&#038;h=540&#038;s=bc6e1058483ee57a3443010e9887fab7 375w, https:\/\/www.abf.se\/musikverkstan\/resized\/?url=https%3A%2F%2Fwww.abf.se%2Fwp-content%2Fuploads%2Fsites%2F94%2F2026%2F03%2FKvinna-som-sjunger-scaled.jpg&#038;fit=crop&#038;w=447&#038;h=540&#038;s=37d2a965142950bb8c47878e06331d02 447w, https:\/\/www.abf.se\/musikverkstan\/resized\/?url=https%3A%2F%2Fwww.abf.se%2Fwp-content%2Fuploads%2Fsites%2F94%2F2026%2F03%2FKvinna-som-sjunger-scaled.jpg&#038;fit=crop&#038;w=519&#038;h=540&#038;s=79b6590dd0da320ebb85b54d81631710 519w, https:\/\/www.abf.se\/musikverkstan\/resized\/?url=https%3A%2F%2Fwww.abf.se%2Fwp-content%2Fuploads%2Fsites%2F94%2F2026%2F03%2FKvinna-som-sjunger-scaled.jpg&#038;fit=crop&#038;w=591&#038;h=540&#038;s=7afebced9b515d4c6b24e032245a3f45 591w, https:\/\/www.abf.se\/musikverkstan\/resized\/?url=https%3A%2F%2Fwww.abf.se%2Fwp-content%2Fuploads%2Fsites%2F94%2F2026%2F03%2FKvinna-som-sjunger-scaled.jpg&#038;fit=crop&#038;w=663&#038;h=540&#038;s=1ab12ccfa70ffe408a1de89880435789 663w, https:\/\/www.abf.se\/musikverkstan\/resized\/?url=https%3A%2F%2Fwww.abf.se%2Fwp-content%2Fuploads%2Fsites%2F94%2F2026%2F03%2FKvinna-som-sjunger-scaled.jpg&#038;fit=crop&#038;w=750&#038;h=540&#038;s=cbe5808a4fc4cb0edb20084e9325a2e2 750w, https:\/\/www.abf.se\/musikverkstan\/resized\/?url=https%3A%2F%2Fwww.abf.se%2Fwp-content%2Fuploads%2Fsites%2F94%2F2026%2F03%2FKvinna-som-sjunger-scaled.jpg&#038;fit=crop&#038;w=894&#038;h=540&#038;s=cce8a0210a2d7d83a28410d48498b9e6 894w, https:\/\/www.abf.se\/musikverkstan\/resized\/?url=https%3A%2F%2Fwww.abf.se%2Fwp-content%2Fuploads%2Fsites%2F94%2F2026%2F03%2FKvinna-som-sjunger-scaled.jpg&#038;fit=crop&#038;w=1038&#038;h=540&#038;s=c0574ca0a944f89479de89f1d81b389b 1038w, https:\/\/www.abf.se\/musikverkstan\/resized\/?url=https%3A%2F%2Fwww.abf.se%2Fwp-content%2Fuploads%2Fsites%2F94%2F2026%2F03%2FKvinna-som-sjunger-scaled.jpg&#038;fit=crop&#038;w=1182&#038;h=540&#038;s=b682c9039495cb2f07fb7bf15010f998 1182w, https:\/\/www.abf.se\/musikverkstan\/resized\/?url=https%3A%2F%2Fwww.abf.se%2Fwp-content%2Fuploads%2Fsites%2F94%2F2026%2F03%2FKvinna-som-sjunger-scaled.jpg&#038;fit=crop&#038;w=1326&#038;h=540&#038;s=dfc4c8f5c8db5dac2cdbf8bb357b5efa 1326w, https:\/\/www.abf.se\/musikverkstan\/resized\/?url=https%3A%2F%2Fwww.abf.se%2Fwp-content%2Fuploads%2Fsites%2F94%2F2026%2F03%2FKvinna-som-sjunger-scaled.jpg&#038;fit=crop&#038;w=1440&#038;h=540&#038;s=3457ed93601a66d1f7ce71c5e75cab9c 1440w\" alt=\"\" height=\"540\" width=\"1440\" sizes=\"(max-width: 1440px) calc(100vw - 32px), 1440px\" loading=\"eager\" fetchpriority=\"high\" aria-hidden=\"true\" role=\"presentation\" \/><\/picture>\n        \n\n            <\/div>\n\n    <\/div>\n\n<div\n    class=\"acf-plain-heading-block container my-16\"\n    data-block=\"plain-heading-block\"\n>\n    <div class=\"max-w-[658px] mx-auto\">\n                            <p class=\"mt-8 body-xl text-black\">\n                Att prata om musik kan vara sv\u00e5rt. Det finns egentligen inget r\u00e4tt eller fel eftersom musik \u00e4r konst och konst \u00e4r subjektivt, vi har alla olika smak och preferenser. I en studiecirkel d\u00e4r m\u00e5let \u00e4r att skapa musik tillsammans kommer ni onekligen att beh\u00f6va kommunicera med varandra om musiken ni skapar. Vad gillar jag och vad gillar jag inte? Vad \u00e4r det med det just det h\u00e4r beatet som funkar f\u00f6r mig? Hur skulle jag vilja att det l\u00e4t ist\u00e4llet? \n            <\/p>\n            <\/div>\n<\/div>\n<div\n    class=\"acf-plain-heading-block container my-16\"\n    data-block=\"plain-heading-block\"\n>\n    <div class=\"max-w-[658px] mx-auto\">\n                <h1 class=\"hero-heading\"><span>\u00d6vningar<\/span><\/h1>\n                    <\/div>\n<\/div>\n<div\n    class=\"acf-article-text-block article-container my-12\"\n    data-block=\"article-text-block\"\n>\n    <div class=\"wysiwyg\">\n        <p><span data-contrast=\"auto\">H\u00e4r \u00e4r n\u00e5gra \u00f6vningar som ni kan g\u00f6ra tillsammans i gruppen d\u00e4r fokus ligger p\u00e5 att lyssna p\u00e5 musik och s\u00e4tta ord p\u00e5 det ni h\u00f6r.\u00a0Dessa \u00f6vningar g\u00e5r att g\u00f6ra oavsett hur vana ni \u00e4r att prata om musik sen innan, kanske f\u00e5r ni med er n\u00e5got nytt perspektiv?<\/span><span data-ccp-props=\"{}\">\u00a0<\/span><\/p>\n<h2 aria-level=\"2\"><span data-contrast=\"none\">Punctum<\/span><span data-ccp-props=\"{&quot;134245418&quot;:true,&quot;134245529&quot;:true,&quot;335559738&quot;:160,&quot;335559739&quot;:80}\">\u00a0<\/span><\/h2>\n<p><span data-contrast=\"none\">Punctum\u00a0\u00e4r ett begrepp som myntades av den franske f\u00f6rfattaren Roland Barthes som<\/span><span data-contrast=\"none\">\u00a0<\/span><span data-contrast=\"none\">beskriver\u00a0det\u00a0som k\u00e4nslan av att n\u00e5gonting i ett konstn\u00e4rligt verk\u00a0<\/span><strong>\u201dattackerar medvetandet, och skjuter pilar genom den annars sl\u00e4ta bildytan\u201d.<\/strong><span data-contrast=\"none\"><strong>\u00a0<\/strong>Vad som \u00e4r\u00a0punctum\u00a0i ett konstn\u00e4rligt verk \u00e4r personligt och subjektivt och\u00a0\u00e4r baserat p\u00e5 k\u00e4nslor och associationer snarare \u00e4n tankem\u00e4ssig analys.\u00a0V\u00e4lj ut varsin l\u00e5t och beskriv f\u00f6r\u00a0varandra\u00a0vad i l\u00e5ten som \u00e4r\u00a0punctum\u00a0f\u00f6r dig och varf\u00f6r.\u00a0G\u00e5 en runda\u00a0d\u00e4r\u00a0var och en ber\u00e4ttar om sin l\u00e5t och sedan spelar upp den.<\/span><span data-ccp-props=\"{&quot;335559739&quot;:0}\">\u00a0<\/span><span data-ccp-props=\"{&quot;335559739&quot;:0}\">\u00a0<\/span><\/p>\n<h3 aria-level=\"2\"><span data-contrast=\"none\">Aktivt lyssnande\u00a0(beskriva + tycka)<\/span><span data-ccp-props=\"{&quot;134245418&quot;:true,&quot;134245529&quot;:true,&quot;335559738&quot;:160,&quot;335559739&quot;:80}\">\u00a0<\/span><\/h3>\n<p><span data-contrast=\"none\">Det b\u00e4sta s\u00e4ttet att l\u00e4ra sig att prata om musik \u00e4r att lyssna p\u00e5 musik, g\u00e4rna i olika genrer och fr\u00e5n olika tider. En enkel \u00f6vning som g\u00e5r att g\u00f6ra i grupp \u00e4r aktivt lyssnande. Ni s\u00e4tter helt enkelt p\u00e5 en l\u00e5t som ni sedan under tystnad lyssnar p\u00e5 tillsammans\u00a0med er fulla uppm\u00e4rksamhet.<\/span><span data-ccp-props=\"{&quot;335559739&quot;:0}\">\u00a0<\/span><span data-ccp-props=\"{&quot;335559739&quot;:0}\">\u00a0<\/span><\/p>\n<h3>Runda 1 &#8211; Beskriva<\/h3>\n<p><span data-contrast=\"none\">B\u00f6rja med att lyssna p\u00e5 l\u00e5ten en g\u00e5ng tillsammans och g\u00f6r st\u00f6danteckningar var f\u00f6r sig om vad ni h\u00f6r, vad som sker rent objektivt i l\u00e5ten. D\u00e5 kan ni\u00a0t.ex.\u00a0notera saker som:<\/span><span data-ccp-props=\"{&quot;335559739&quot;:0}\">\u00a0<\/span><\/p>\n<ul>\n<li><span data-contrast=\"none\">Tempo<\/span><span data-ccp-props=\"{&quot;335559739&quot;:0}\">\u00a0<\/span><\/li>\n<li><span data-contrast=\"none\">Ton<\/span><span data-ccp-props=\"{&quot;335559739&quot;:0}\">\u00a0<\/span><\/li>\n<li><span data-contrast=\"none\">Genre<\/span><span data-ccp-props=\"{&quot;335559739&quot;:0}\">\u00a0<\/span><\/li>\n<li><span data-contrast=\"none\">Ljudniv\u00e5er i mixen<\/span><span data-ccp-props=\"{&quot;335559739&quot;:0}\">\u00a0<\/span><\/li>\n<li><span data-contrast=\"none\">Instrument<\/span><span data-ccp-props=\"{&quot;335559739&quot;:0}\">\u00a0<\/span><\/li>\n<li><span data-contrast=\"none\">K\u00e4nsla<\/span><span data-ccp-props=\"{&quot;335559739&quot;:0}\">\u00a0<\/span><\/li>\n<li><span data-contrast=\"none\">Volym<\/span><span data-ccp-props=\"{&quot;335559739&quot;:0}\">\u00a0<\/span><\/li>\n<li><span data-contrast=\"none\">Dynamik<\/span><span data-ccp-props=\"{&quot;335559739&quot;:0}\">\u00a0<\/span><\/li>\n<\/ul>\n<p><span data-ccp-props=\"{&quot;335559685&quot;:720,&quot;335559739&quot;:0}\">\u00a0<\/span><span data-contrast=\"none\">N\u00e4r ni lyssnat f\u00f6rsta en g\u00e5ng g\u00e5r ni en runda i gruppen och beskriver vad ni h\u00f6rt. Ni beh\u00f6ver inte h\u00e5lla med varandra utan f\u00f6rs\u00f6k att notera s\u00e5 m\u00e5nga olika saker som m\u00f6jligt som ni h\u00f6rde i l\u00e5ten ni lyssnade p\u00e5 oavsett vad ni tyckte om det eller inte.<\/span><span data-ccp-props=\"{&quot;335559739&quot;:0}\">\u00a0<\/span><span data-ccp-props=\"{&quot;335559739&quot;:0}\">\u00a0<\/span><\/p>\n<h3>Runda 2 \u2013 Tycka<\/h3>\n<p><span data-contrast=\"none\">Lyssna p\u00e5 l\u00e5ten en g\u00e5ng till och notera denna g\u00e5ng vad du tycker om det du h\u00f6r och vilka associationer du f\u00e5r n\u00e4r du h\u00f6r musiken.\u00a0Kanske \u00e4r det n\u00e5got som p\u00e5minner dig om n\u00e5got? Ett instrument eller ljud som du tycker ligger bra\u00a0i mixen? N\u00e5gon s\u00e4rskild passage eller \u00f6verg\u00e5ng i l\u00e5ten som du tycker extra mycket om?\u00a0N\u00e5got du saknar\/\u00f6nskar skulle h\u00e4nda som inte h\u00e4nder?\u00a0Notera det du uppfattar medan du lyssnar.<\/span><span data-ccp-props=\"{&quot;335559739&quot;:0}\">\u00a0<\/span><span data-ccp-props=\"{&quot;335559739&quot;:0}\">\u00a0<\/span><\/p>\n<p><span data-contrast=\"none\">N\u00e4r ni lyssnat igenom l\u00e5ten\u00a0en andra g\u00e5ng\u00a0kan ni g\u00e5 en runda d\u00e4r alla f\u00e5r dela med sig av vad de tog med sig fr\u00e5n det aktiva lyssnande.\u00a0Kom ih\u00e5g att det inte finns n\u00e5got r\u00e4tt eller fel h\u00e4r, alla associationer \u00e4r\u00a0subjektiva.\u00a0L\u00e5t alla prata till punkt under rundan och l\u00e4gg m\u00e4rke till vad ni tyckte likadant respektive annorlunda om.<\/span><span data-ccp-props=\"{&quot;335559739&quot;:0}\">\u00a0<\/span><span data-ccp-props=\"{&quot;335559739&quot;:0}\">\u00a0<\/span><\/p>\n<h2 aria-level=\"2\"><span data-contrast=\"none\">L\u00e5tuppbyggnad och arrangemang<\/span><span data-ccp-props=\"{&quot;134245418&quot;:true,&quot;134245529&quot;:true,&quot;335559738&quot;:160,&quot;335559739&quot;:80}\">\u00a0<\/span><\/h2>\n<p><span data-contrast=\"auto\">V\u00e4lj ut en l\u00e5t tillsammans som ni tycker om och ta ut ackordf\u00f6ljden. S\u00f6k efter l\u00e5tens ackord p\u00e5 n\u00e4tet eller lyssna p\u00e5 l\u00e5ten och ta ut ackorden p\u00e5 geh\u00f6r.\u00a0Skriv g\u00e4rna upp ackorden p\u00e5 ett bl\u00e4dderblock eller tavla s\u00e5 att alla kan se. Prova att spela l\u00e5ten tillsammans\u00a0f\u00f6r att s\u00e4kerst\u00e4llda att alla instrument h\u00f6rs bra.\u00a0Lyssna sen p\u00e5 l\u00e5ten\u00a0igen och\u00a0var uppm\u00e4rksamma p\u00e5 vad varje instrument g\u00f6r under l\u00e5ten. Vad g\u00f6r trummorna? Vad g\u00f6r gitarren?\u00a0Hur \u00e4r dynamiken i l\u00e5ten? Spelar alla\u00a0instrument samtidigt och vad \u00e4r det som g\u00f6r att l\u00e5tens intensitet och struktur f\u00f6r\u00e4ndras under l\u00e5tens g\u00e5ng?<\/span><span data-ccp-props=\"{}\">\u00a0<\/span><\/p>\n\n    <\/div>\n<\/div>\n<div\n    class=\"acf-quick-link-block bg-red py-12 md:py-20\"\n    data-block=\"quick-link-block\"\n>\n    <div class=\"container\">\n                    <h2 class=\"heading-lg mb-7 text-center text-white\">\n                Alla avsnitt inom Modul 3: Skapa musik tillsammans\n            <\/h2>\n        \n        <div\n            class=\"px-5 content:px-0 grid grid-cols-1 gap-8 lg:grid-cols-3\">\n            \n            <article\nclass=\"round-corners-sm p-6 relative group grid grid-rows-[subgrid] row-[span_3] gap-4 bg-white text-red\"\n>\n            <h3\n        class=\"heading-sm group-hover:underline text-red\">\n            <a href=\"https:\/\/www.abf.se\/musikverkstan\/skapa-musik-tillsammans\/satt-ord-pa-musiken\/\" class=\"expanded-hit-area\" target=\"\">\n                Avsnitt 1: S\u00e4tta ord p\u00e5 musiken\n            <\/a>\n        <\/h3>\n            <figure\n    class=\"w-[38px] h-[38px] rounded-full p-2 group-hover:scale-110 transition-transform duration-300 self-end pointer-events-none bg-red text-white\">\n        <svg width=\"20\" height=\"20\" viewBox=\"0 0 20 20\" fill=\"none\" class=\"SvgIconElement\">\n<path d=\"M4.16659 10L15.8333 10\" stroke=\"currentColor\"\/>\n<path d=\"M9.99992 4.1665L15.8333 9.99984L9.99992 15.8332\" stroke=\"currentColor\"\/>\n<\/svg>\n    <\/figure>\n<\/article>            \n            <article\nclass=\"round-corners-sm p-6 relative group grid grid-rows-[subgrid] row-[span_3] gap-4 bg-white text-red\"\n>\n            <h3\n        class=\"heading-sm group-hover:underline text-red\">\n            <a href=\"https:\/\/www.abf.se\/musikverkstan\/skapa-musik-tillsammans\/fran-ide-till-fardig-lat\/\" class=\"expanded-hit-area\" target=\"\">\n                Avsnitt 2: Fr\u00e5n id\u00e9 till f\u00e4rdig l\u00e5t\n            <\/a>\n        <\/h3>\n            <figure\n    class=\"w-[38px] h-[38px] rounded-full p-2 group-hover:scale-110 transition-transform duration-300 self-end pointer-events-none bg-red text-white\">\n        <svg width=\"20\" height=\"20\" viewBox=\"0 0 20 20\" fill=\"none\" class=\"SvgIconElement\">\n<path d=\"M4.16659 10L15.8333 10\" stroke=\"currentColor\"\/>\n<path d=\"M9.99992 4.1665L15.8333 9.99984L9.99992 15.8332\" stroke=\"currentColor\"\/>\n<\/svg>\n    <\/figure>\n<\/article>            \n            <article\nclass=\"round-corners-sm p-6 relative group grid grid-rows-[subgrid] row-[span_3] gap-4 bg-white text-red\"\n>\n            <h3\n        class=\"heading-sm group-hover:underline text-red\">\n            <a href=\"https:\/\/www.abf.se\/musikverkstan\/skapa-musik-tillsammans\/ideer-for-samverkan\/\" class=\"expanded-hit-area\" target=\"\">\n                Avsnitt 3: Id\u00e9er f\u00f6r inspiration\n            <\/a>\n        <\/h3>\n            <figure\n    class=\"w-[38px] h-[38px] rounded-full p-2 group-hover:scale-110 transition-transform duration-300 self-end pointer-events-none bg-red text-white\">\n        <svg width=\"20\" height=\"20\" viewBox=\"0 0 20 20\" fill=\"none\" class=\"SvgIconElement\">\n<path d=\"M4.16659 10L15.8333 10\" stroke=\"currentColor\"\/>\n<path d=\"M9.99992 4.1665L15.8333 9.99984L9.99992 15.8332\" stroke=\"currentColor\"\/>\n<\/svg>\n    <\/figure>\n<\/article>                    <\/div>\n    <\/div>\n<\/div>\n<div\n    class=\"acf-quick-link-block bg-red py-12 md:py-20\"\n    data-block=\"quick-link-block\"\n>\n    <div class=\"container\">\n        \n        <div\n            class=\"px-5 content:px-0 grid grid-cols-1 gap-8 md:grid-cols-2\">\n            \n            <article\nclass=\"round-corners-sm p-6 relative group grid grid-rows-[subgrid] row-[span_3] gap-4 bg-white text-red\"\n>\n            <h3\n        class=\"heading-sm group-hover:underline text-red\">\n            <a href=\"https:\/\/www.abf.se\/musikverkstan\/skapa-musik-tillsammans\/digital-musikverksamhet\/\" class=\"expanded-hit-area\" target=\"\">\n                Avsnitt 4: Digital musikverksamhet\n            <\/a>\n        <\/h3>\n            <figure\n    class=\"w-[38px] h-[38px] rounded-full p-2 group-hover:scale-110 transition-transform duration-300 self-end pointer-events-none bg-red text-white\">\n        <svg width=\"20\" height=\"20\" viewBox=\"0 0 20 20\" fill=\"none\" class=\"SvgIconElement\">\n<path d=\"M4.16659 10L15.8333 10\" stroke=\"currentColor\"\/>\n<path d=\"M9.99992 4.1665L15.8333 9.99984L9.99992 15.8332\" stroke=\"currentColor\"\/>\n<\/svg>\n    <\/figure>\n<\/article>            \n            <article\nclass=\"round-corners-sm p-6 relative group grid grid-rows-[subgrid] row-[span_3] gap-4 bg-white text-red\"\n>\n            <h3\n        class=\"heading-sm group-hover:underline text-red\">\n            <a href=\"\" class=\"expanded-hit-area\" target=\"\">\n                Avsnitt 5: Skapa musik med AI\n            <\/a>\n        <\/h3>\n            <figure\n    class=\"w-[38px] h-[38px] rounded-full p-2 group-hover:scale-110 transition-transform duration-300 self-end pointer-events-none bg-red text-white\">\n        <svg width=\"20\" height=\"20\" viewBox=\"0 0 20 20\" fill=\"none\" class=\"SvgIconElement\">\n<path d=\"M4.16659 10L15.8333 10\" stroke=\"currentColor\"\/>\n<path d=\"M9.99992 4.1665L15.8333 9.99984L9.99992 15.8332\" stroke=\"currentColor\"\/>\n<\/svg>\n    <\/figure>\n<\/article>                    <\/div>\n    <\/div>\n<\/div>\n","protected":false},"excerpt":{"rendered":"","protected":false},"author":36,"featured_media":0,"parent":93,"menu_order":0,"comment_status":"closed","ping_status":"closed","template":"","meta":{"_acf_changed":false,"footnotes":""},"class_list":["post-95","page","type-page","status-publish","hentry"],"acf":[],"yoast_head":"<!-- This site is optimized with the Yoast SEO plugin v27.0 - https:\/\/yoast.com\/product\/yoast-seo-wordpress\/ -->\n<title>S\u00e4tt ord p\u00e5 musiken - Musikverkstan<\/title>\n<meta name=\"robots\" content=\"index, follow, max-snippet:-1, max-image-preview:large, max-video-preview:-1\" \/>\n<link rel=\"canonical\" href=\"https:\/\/www.abf.se\/musikverkstan\/skapa-musik-tillsammans\/satt-ord-pa-musiken\/\" \/>\n<meta property=\"og:locale\" content=\"en_US\" \/>\n<meta property=\"og:type\" content=\"article\" \/>\n<meta property=\"og:title\" content=\"S\u00e4tt ord p\u00e5 musiken - Musikverkstan\" \/>\n<meta property=\"og:url\" content=\"https:\/\/www.abf.se\/musikverkstan\/skapa-musik-tillsammans\/satt-ord-pa-musiken\/\" \/>\n<meta property=\"og:site_name\" content=\"Musikverkstan\" \/>\n<meta property=\"article:modified_time\" content=\"2026-03-06T08:20:59+00:00\" \/>\n<meta property=\"og:image\" content=\"https:\/\/www.abf.se\/wp-content\/uploads\/sites\/94\/2026\/03\/herobild-musikverkstan.png\" \/>\n\t<meta property=\"og:image:width\" content=\"1440\" \/>\n\t<meta property=\"og:image:height\" content=\"520\" \/>\n\t<meta property=\"og:image:type\" content=\"image\/png\" \/>\n<meta name=\"twitter:card\" content=\"summary_large_image\" \/>\n<script type=\"application\/ld+json\" class=\"yoast-schema-graph\">{\"@context\":\"https:\/\/schema.org\",\"@graph\":[{\"@type\":\"WebPage\",\"@id\":\"https:\/\/www.abf.se\/musikverkstan\/skapa-musik-tillsammans\/satt-ord-pa-musiken\/\",\"url\":\"https:\/\/www.abf.se\/musikverkstan\/skapa-musik-tillsammans\/satt-ord-pa-musiken\/\",\"name\":\"S\u00e4tt ord p\u00e5 musiken - Musikverkstan\",\"isPartOf\":{\"@id\":\"https:\/\/www.abf.se\/musikverkstan\/#website\"},\"datePublished\":\"2026-03-03T09:22:42+00:00\",\"dateModified\":\"2026-03-06T08:20:59+00:00\",\"breadcrumb\":{\"@id\":\"https:\/\/www.abf.se\/musikverkstan\/skapa-musik-tillsammans\/satt-ord-pa-musiken\/#breadcrumb\"},\"inLanguage\":\"en-US\",\"potentialAction\":[{\"@type\":\"ReadAction\",\"target\":[\"https:\/\/www.abf.se\/musikverkstan\/skapa-musik-tillsammans\/satt-ord-pa-musiken\/\"]}]},{\"@type\":\"BreadcrumbList\",\"@id\":\"https:\/\/www.abf.se\/musikverkstan\/skapa-musik-tillsammans\/satt-ord-pa-musiken\/#breadcrumb\",\"itemListElement\":[{\"@type\":\"ListItem\",\"position\":1,\"name\":\"Home\",\"item\":\"https:\/\/www.abf.se\/musikverkstan\/\"},{\"@type\":\"ListItem\",\"position\":2,\"name\":\"Skapa musik tillsammans\",\"item\":\"https:\/\/www.abf.se\/musikverkstan\/skapa-musik-tillsammans\/\"},{\"@type\":\"ListItem\",\"position\":3,\"name\":\"S\u00e4tt ord p\u00e5 musiken\"}]},{\"@type\":\"WebSite\",\"@id\":\"https:\/\/www.abf.se\/musikverkstan\/#website\",\"url\":\"https:\/\/www.abf.se\/musikverkstan\/\",\"name\":\"Musikverkstan\",\"description\":\"\",\"potentialAction\":[{\"@type\":\"SearchAction\",\"target\":{\"@type\":\"EntryPoint\",\"urlTemplate\":\"https:\/\/www.abf.se\/musikverkstan\/?s={search_term_string}\"},\"query-input\":{\"@type\":\"PropertyValueSpecification\",\"valueRequired\":true,\"valueName\":\"search_term_string\"}}],\"inLanguage\":\"en-US\"}]}<\/script>\n<!-- \/ Yoast SEO plugin. -->","yoast_head_json":{"title":"S\u00e4tt ord p\u00e5 musiken - Musikverkstan","robots":{"index":"index","follow":"follow","max-snippet":"max-snippet:-1","max-image-preview":"max-image-preview:large","max-video-preview":"max-video-preview:-1"},"canonical":"https:\/\/www.abf.se\/musikverkstan\/skapa-musik-tillsammans\/satt-ord-pa-musiken\/","og_locale":"en_US","og_type":"article","og_title":"S\u00e4tt ord p\u00e5 musiken - Musikverkstan","og_url":"https:\/\/www.abf.se\/musikverkstan\/skapa-musik-tillsammans\/satt-ord-pa-musiken\/","og_site_name":"Musikverkstan","article_modified_time":"2026-03-06T08:20:59+00:00","og_image":[{"width":1440,"height":520,"url":"https:\/\/www.abf.se\/wp-content\/uploads\/sites\/94\/2026\/03\/herobild-musikverkstan.png","type":"image\/png"}],"twitter_card":"summary_large_image","schema":{"@context":"https:\/\/schema.org","@graph":[{"@type":"WebPage","@id":"https:\/\/www.abf.se\/musikverkstan\/skapa-musik-tillsammans\/satt-ord-pa-musiken\/","url":"https:\/\/www.abf.se\/musikverkstan\/skapa-musik-tillsammans\/satt-ord-pa-musiken\/","name":"S\u00e4tt ord p\u00e5 musiken - Musikverkstan","isPartOf":{"@id":"https:\/\/www.abf.se\/musikverkstan\/#website"},"datePublished":"2026-03-03T09:22:42+00:00","dateModified":"2026-03-06T08:20:59+00:00","breadcrumb":{"@id":"https:\/\/www.abf.se\/musikverkstan\/skapa-musik-tillsammans\/satt-ord-pa-musiken\/#breadcrumb"},"inLanguage":"en-US","potentialAction":[{"@type":"ReadAction","target":["https:\/\/www.abf.se\/musikverkstan\/skapa-musik-tillsammans\/satt-ord-pa-musiken\/"]}]},{"@type":"BreadcrumbList","@id":"https:\/\/www.abf.se\/musikverkstan\/skapa-musik-tillsammans\/satt-ord-pa-musiken\/#breadcrumb","itemListElement":[{"@type":"ListItem","position":1,"name":"Home","item":"https:\/\/www.abf.se\/musikverkstan\/"},{"@type":"ListItem","position":2,"name":"Skapa musik tillsammans","item":"https:\/\/www.abf.se\/musikverkstan\/skapa-musik-tillsammans\/"},{"@type":"ListItem","position":3,"name":"S\u00e4tt ord p\u00e5 musiken"}]},{"@type":"WebSite","@id":"https:\/\/www.abf.se\/musikverkstan\/#website","url":"https:\/\/www.abf.se\/musikverkstan\/","name":"Musikverkstan","description":"","potentialAction":[{"@type":"SearchAction","target":{"@type":"EntryPoint","urlTemplate":"https:\/\/www.abf.se\/musikverkstan\/?s={search_term_string}"},"query-input":{"@type":"PropertyValueSpecification","valueRequired":true,"valueName":"search_term_string"}}],"inLanguage":"en-US"}]}},"_links":{"self":[{"href":"https:\/\/www.abf.se\/musikverkstan\/wp-json\/wp\/v2\/pages\/95","targetHints":{"allow":["GET"]}}],"collection":[{"href":"https:\/\/www.abf.se\/musikverkstan\/wp-json\/wp\/v2\/pages"}],"about":[{"href":"https:\/\/www.abf.se\/musikverkstan\/wp-json\/wp\/v2\/types\/page"}],"author":[{"embeddable":true,"href":"https:\/\/www.abf.se\/musikverkstan\/wp-json\/wp\/v2\/users\/36"}],"replies":[{"embeddable":true,"href":"https:\/\/www.abf.se\/musikverkstan\/wp-json\/wp\/v2\/comments?post=95"}],"version-history":[{"count":6,"href":"https:\/\/www.abf.se\/musikverkstan\/wp-json\/wp\/v2\/pages\/95\/revisions"}],"predecessor-version":[{"id":475,"href":"https:\/\/www.abf.se\/musikverkstan\/wp-json\/wp\/v2\/pages\/95\/revisions\/475"}],"up":[{"embeddable":true,"href":"https:\/\/www.abf.se\/musikverkstan\/wp-json\/wp\/v2\/pages\/93"}],"wp:attachment":[{"href":"https:\/\/www.abf.se\/musikverkstan\/wp-json\/wp\/v2\/media?parent=95"}],"curies":[{"name":"wp","href":"https:\/\/api.w.org\/{rel}","templated":true}]}}