{"id":112,"date":"2024-03-11T14:06:38","date_gmt":"2024-03-11T13:06:38","guid":{"rendered":"https:\/\/www.abf.se\/norr\/?page_id=112"},"modified":"2026-04-07T15:18:27","modified_gmt":"2026-04-07T13:18:27","slug":"om-oss","status":"publish","type":"page","link":"https:\/\/www.abf.se\/norr\/om-oss\/","title":{"rendered":"Om oss"},"content":{"rendered":"<div\n    class=\"acf-hero-block container-lg no-padding mb-12 js-geolocation\"\n    data-block=\"hero-block\"\n    data-index=\"0\"\n>\n    <div class=\"h-[548px]  relative rounded-[32px] overflow-hidden flex bg-gray-light\">\n        <div class=\"relative z-10 mt-auto h-auto w-full md:h-full\">\n            <div class=\"flex w-full h-full flex-col flex-wrap justify-end w-full md:w-7\/12 lg:w-1\/2 md:justify-center\">\n                <div class=\"flex flex-col gap-3 md:gap-[18px] md:transparent pt-16 pb-36 md:py-8 px-4 w-full md:max-w-[620px] mx-auto px-8\">\n\n                    <h1 class=\"hero-heading hero-heading--red-text\"><span>Uppt\u00e4ck m\u00f6jligheterna med ABF Norr<\/span><\/h1>\n\n                    \n                                    <\/div>\n            <\/div>\n        <\/div>\n\n        \n\n                    <figure class=\"absolute bottom-0  md:w-1\/2 transform right-0 translate-x-10 md:translate-x-32\">\n                <img decoding=\"async\"\n                    alt=\"\"\n                    aria-hidden=\"true\"\n                    class=\"h-auto w-full\"\n                    role=\"presentation\"\n                    src=\"\/assets\/images\/two_circles_bottom.svg\"\n                >\n            <\/figure>\n            <\/div>\n\n    <\/div>\n\n<div\n    class=\"acf-article-text-block article-container my-12\"\n    data-block=\"article-text-block\"\n>\n    <div class=\"wysiwyg\">\n        <p>V\u00e4lkommen till ABF Norr \u2013 en m\u00f6tesplats f\u00f6r l\u00e4rande, kultur och demokrati i Norrbotten! Hos oss f\u00e5r du m\u00f6jlighet att utforska nya intressen, f\u00f6rdjupa dina kunskaper och bli en del av en levande gemenskap. Med verksamhet i alla 14 kommuner i Norrbotten erbjuder vi studiecirklar, kurser och kulturarrangemang.<\/p>\n<p>Vi \u00e4r stolta \u00f6ver att arbeta f\u00f6r j\u00e4mlikhet, delaktighet och erbjuder folkbildning f\u00f6r alla. V\u00e5ra studiecirklar \u00e4r hj\u00e4rtat i v\u00e5r verksamhet, d\u00e4r deltagare l\u00e4r av varandra och bidrar med sina unika erfarenheter. Vi erbjuder studiecirklar inom en m\u00e4ngd olika \u00e4mnen \u2013 exempelvis spr\u00e5k, keramik, demokraticirklar och dans.<\/p>\n<p><strong>Vi st\u00e4rker demokrati och kultur i Norrbotten<\/strong><\/p>\n<p>ABF Norr arbetar aktivt f\u00f6r att st\u00e4rka det lokala demokratiarbetet, fr\u00e4mja kulturella upplevelser och skapande i hela regionen. Tillsammans med v\u00e5ra medlemsorganisationer och samverkanspartners arrangerar vi kulturevenemang och utbildningar som breddar kulturintresset samt \u00f6kar delaktigheten i samh\u00e4llet.<\/p>\n<p><strong>En del av arbetarr\u00f6relsen<\/strong><\/p>\n<p>ABF Norr \u00e4r en del av arbetarr\u00f6relsen. Vi delar dess grundl\u00e4ggande v\u00e4rderingar om j\u00e4mlikhet, solidaritet och allas r\u00e4tt till utbildning. Tillsammans med v\u00e5ra medlemsorganisationer och samverkanspartners str\u00e4var vi efter att skapa ett inkluderande samh\u00e4lle d\u00e4r varje individ f\u00e5r m\u00f6jlighet att v\u00e4xa utifr\u00e5n sina egna behov och f\u00f6ruts\u00e4ttningar.<\/p>\n<p><strong>Bli medlem<\/strong><\/p>\n<p>\u00c4r din f\u00f6rening intresserad av att bli medlem i ABF Norr? Delar er f\u00f6rening v\u00e5ra v\u00e4rderingar och grundsyn, skicka in en ans\u00f6kan.<\/p>\n<p>Ta kontakt med ditt <a href=\"https:\/\/www.abf.se\/norr\/kontakt\/\">lokala ABF-kontor<\/a> s\u00e5 hj\u00e4lper dom er med ans\u00f6kan.<\/p>\n<p>Anm\u00e4l dig till en studiecirkel eller delta i v\u00e5ra kulturarrangemang och uppt\u00e4ck allt ABF Norr har att erbjuda!<\/p>\n\n    <\/div>\n<\/div>\n<div\n    class=\"acf-plain-heading-block container my-16\"\n    data-block=\"plain-heading-block\"\n>\n    <div class=\"max-w-[658px] mx-auto\">\n                <h1 class=\"hero-heading\"><span>ABF Norr<\/span><\/h1>\n                            <p class=\"mt-8 body-xl text-black\">\n                Innefattar alla 14 kommuner i Norrbottens l\u00e4n och \u00e4r indelade i tv\u00e5 omr\u00e5den.<br \/>\r\nNorra Norrbotten och S\u00f6dra Norrbotten\n            <\/p>\n            <\/div>\n<\/div>\n<div\n    class=\"acf-article-image-block mb-12 article-container-lg\"\n    data-block=\"article-image-block\"\n>\n<div class=\"\">\n\n        <figure>\n        \n            <picture class=\"round-corners-lg w-full\"><img decoding=\"async\" src=\"https:\/\/www.abf.se\/norr\/resized\/?url=https%3A%2F%2Fwww.abf.se%2Fwp-content%2Fuploads%2Fsites%2F37%2F2026%2F04%2FOrganisationskarta-2.0-scaled.png&#038;fit=contain&#038;w=788&#038;s=82dfce4784344f650c9df5b7294d1e83\" srcset=\"https:\/\/www.abf.se\/norr\/resized\/?url=https%3A%2F%2Fwww.abf.se%2Fwp-content%2Fuploads%2Fsites%2F37%2F2026%2F04%2FOrganisationskarta-2.0-scaled.png&#038;fit=contain&#038;w=375&#038;h=265&#038;s=43a402c2fccefc6c4c6c0dfaef257dd5 375w, https:\/\/www.abf.se\/norr\/resized\/?url=https%3A%2F%2Fwww.abf.se%2Fwp-content%2Fuploads%2Fsites%2F37%2F2026%2F04%2FOrganisationskarta-2.0-scaled.png&#038;fit=contain&#038;w=447&#038;h=315&#038;s=9a51bd4f50f28c7455970bc64d8ad045 447w, https:\/\/www.abf.se\/norr\/resized\/?url=https%3A%2F%2Fwww.abf.se%2Fwp-content%2Fuploads%2Fsites%2F37%2F2026%2F04%2FOrganisationskarta-2.0-scaled.png&#038;fit=contain&#038;w=519&#038;h=366&#038;s=0cf3c8bb684d797022704af2797c87a9 519w, https:\/\/www.abf.se\/norr\/resized\/?url=https%3A%2F%2Fwww.abf.se%2Fwp-content%2Fuploads%2Fsites%2F37%2F2026%2F04%2FOrganisationskarta-2.0-scaled.png&#038;fit=contain&#038;w=591&#038;h=417&#038;s=01d4d28e5d220b0f57a4718e4277a060 591w, https:\/\/www.abf.se\/norr\/resized\/?url=https%3A%2F%2Fwww.abf.se%2Fwp-content%2Fuploads%2Fsites%2F37%2F2026%2F04%2FOrganisationskarta-2.0-scaled.png&#038;fit=contain&#038;w=663&#038;h=468&#038;s=5dc7259fc54cbfaa3c08a944fbec5003 663w, https:\/\/www.abf.se\/norr\/resized\/?url=https%3A%2F%2Fwww.abf.se%2Fwp-content%2Fuploads%2Fsites%2F37%2F2026%2F04%2FOrganisationskarta-2.0-scaled.png&#038;fit=contain&#038;w=735&#038;h=519&#038;s=b3c50d260018ee990933c4e50366b0e9 735w, https:\/\/www.abf.se\/norr\/resized\/?url=https%3A%2F%2Fwww.abf.se%2Fwp-content%2Fuploads%2Fsites%2F37%2F2026%2F04%2FOrganisationskarta-2.0-scaled.png&#038;fit=contain&#038;w=750&#038;h=530&#038;s=0189200a68f8849dfbe4ebfd6c4c0cdf 750w, https:\/\/www.abf.se\/norr\/resized\/?url=https%3A%2F%2Fwww.abf.se%2Fwp-content%2Fuploads%2Fsites%2F37%2F2026%2F04%2FOrganisationskarta-2.0-scaled.png&#038;fit=contain&#038;w=788&#038;s=82dfce4784344f650c9df5b7294d1e83 788w, https:\/\/www.abf.se\/norr\/resized\/?url=https%3A%2F%2Fwww.abf.se%2Fwp-content%2Fuploads%2Fsites%2F37%2F2026%2F04%2FOrganisationskarta-2.0-scaled.png&#038;fit=contain&#038;w=894&#038;h=631&#038;s=7f74d338e9e739f924879cf08af14ac6 894w, https:\/\/www.abf.se\/norr\/resized\/?url=https%3A%2F%2Fwww.abf.se%2Fwp-content%2Fuploads%2Fsites%2F37%2F2026%2F04%2FOrganisationskarta-2.0-scaled.png&#038;fit=contain&#038;w=1038&#038;h=733&#038;s=86ab72b074a950829287616e190e33d9 1038w, https:\/\/www.abf.se\/norr\/resized\/?url=https%3A%2F%2Fwww.abf.se%2Fwp-content%2Fuploads%2Fsites%2F37%2F2026%2F04%2FOrganisationskarta-2.0-scaled.png&#038;fit=contain&#038;w=1182&#038;h=835&#038;s=b38713ed5261e9047cf4d9284b959753 1182w, https:\/\/www.abf.se\/norr\/resized\/?url=https%3A%2F%2Fwww.abf.se%2Fwp-content%2Fuploads%2Fsites%2F37%2F2026%2F04%2FOrganisationskarta-2.0-scaled.png&#038;fit=contain&#038;w=1326&#038;h=937&#038;s=e0d19a5150281aaafffc5cf9a7504464 1326w, https:\/\/www.abf.se\/norr\/resized\/?url=https%3A%2F%2Fwww.abf.se%2Fwp-content%2Fuploads%2Fsites%2F37%2F2026%2F04%2FOrganisationskarta-2.0-scaled.png&#038;fit=contain&#038;w=1470&#038;h=1039&#038;s=5878b8803cb77dae97df3cffa460a0af 1470w\" alt=\"organisationskarta ABF Norr\" height=\"557\" width=\"788\" sizes=\"auto, (max-width: 768px) calc(100vw - 40px), 788px\" loading=\"lazy\" fetchpriority=\"low\" class=\"round-corners-lg w-full\" \/><\/picture>\n                        <\/figure>\n        <\/div>\n\n<\/div>\n<div\n    class=\"acf-article-text-block article-container my-12\"\n    data-block=\"article-text-block\"\n>\n    <div class=\"wysiwyg\">\n        <p>Vi st\u00e4rker och utvecklar folkbildningen i Norrbotten utifr\u00e5n Arbetarnas Bildningsf\u00f6rbunds id\u00e9program, grundv\u00e4rderingar samt pedagogiska och metodiska f\u00f6rh\u00e5llningss\u00e4tt.<\/p>\n\n    <\/div>\n<\/div>\n<div\n    class=\"acf-quick-link-block bg-red py-12 md:py-20\"\n    data-block=\"quick-link-block\"\n>\n    <div class=\"container\">\n        \n        <div\n            class=\"px-5 content:px-0 grid grid-cols-1 gap-8 md:grid-cols-2 lg:grid-cols-4\">\n            \n            <article\nclass=\"round-corners-sm p-6 relative group grid grid-rows-[subgrid] row-[span_3] gap-4 bg-white text-red\"\n>\n            <h3\n        class=\"heading-sm group-hover:underline text-red\">\n            <a href=\"https:\/\/www.abf.se\/norr\/samarbete\/\" class=\"expanded-hit-area\" target=\"\">\n                Ans\u00f6kan om medlemskap i ABF Norr\n            <\/a>\n        <\/h3>\n                <p class=\"body-md text-gray-text\">\n            B\u00e4sta s\u00e4ttet f\u00f6r ett samarbete \u00e4r att kontakta oss med en intresseanm\u00e4lan s\u00e5 tar vi kontakt med er. \r\nL\u00e4s mer om samarbete h\u00e4r!\n        <\/p>\n        <figure\n    class=\"w-[38px] h-[38px] rounded-full p-2 group-hover:scale-110 transition-transform duration-300 self-end pointer-events-none bg-red text-white\">\n        <svg width=\"20\" height=\"20\" viewBox=\"0 0 20 20\" fill=\"none\" class=\"SvgIconElement\">\n<path d=\"M4.16659 10L15.8333 10\" stroke=\"currentColor\"\/>\n<path d=\"M9.99992 4.1665L15.8333 9.99984L9.99992 15.8332\" stroke=\"currentColor\"\/>\n<\/svg>\n    <\/figure>\n<\/article>            \n            <article\nclass=\"round-corners-sm p-6 relative group grid grid-rows-[subgrid] row-[span_3] gap-4 bg-white text-red\"\n>\n            <h3\n        class=\"heading-sm group-hover:underline text-red\">\n            <a href=\"https:\/\/www.abf.se\/norr\/fortroendevalda\/\" class=\"expanded-hit-area\" target=\"\">\n                F\u00f6rtroendevalda i ABF Norr\n            <\/a>\n        <\/h3>\n                <p class=\"body-md text-gray-text\">\n            H\u00e4r hittar du v\u00e5ra styrelseledam\u00f6ter, ers\u00e4ttare, revisorer och valberedning.\n        <\/p>\n        <figure\n    class=\"w-[38px] h-[38px] rounded-full p-2 group-hover:scale-110 transition-transform duration-300 self-end pointer-events-none bg-red text-white\">\n        <svg width=\"20\" height=\"20\" viewBox=\"0 0 20 20\" fill=\"none\" class=\"SvgIconElement\">\n<path d=\"M4.16659 10L15.8333 10\" stroke=\"currentColor\"\/>\n<path d=\"M9.99992 4.1665L15.8333 9.99984L9.99992 15.8332\" stroke=\"currentColor\"\/>\n<\/svg>\n    <\/figure>\n<\/article>            \n            <article\nclass=\"round-corners-sm p-6 relative group grid grid-rows-[subgrid] row-[span_3] gap-4 bg-white text-red\"\n>\n            <h3\n        class=\"heading-sm group-hover:underline text-red\">\n            <a href=\"https:\/\/www.abf.se\/norr\/lediga-tjanster\/\" class=\"expanded-hit-area\" target=\"\">\n                Lediga tj\u00e4nster hos ABF Norr \n            <\/a>\n        <\/h3>\n                <p class=\"body-md text-gray-text\">\n            H\u00e4r annonseras lediga tj\u00e4nster som finns just nu hos ABF Norr. \n        <\/p>\n        <figure\n    class=\"w-[38px] h-[38px] rounded-full p-2 group-hover:scale-110 transition-transform duration-300 self-end pointer-events-none bg-red text-white\">\n        <svg width=\"20\" height=\"20\" viewBox=\"0 0 20 20\" fill=\"none\" class=\"SvgIconElement\">\n<path d=\"M4.16659 10L15.8333 10\" stroke=\"currentColor\"\/>\n<path d=\"M9.99992 4.1665L15.8333 9.99984L9.99992 15.8332\" stroke=\"currentColor\"\/>\n<\/svg>\n    <\/figure>\n<\/article>            \n            <article\nclass=\"round-corners-sm p-6 relative group grid grid-rows-[subgrid] row-[span_3] gap-4 bg-white text-red\"\n>\n            <h3\n        class=\"heading-sm group-hover:underline text-red\">\n            <a href=\"https:\/\/www.abf.se\/norr\/om-oss\/abf-norrs-fackligt-politiska-arbete\/\" class=\"expanded-hit-area\" target=\"\">\n                ABF Norrs fackligt\/politiska arbete\n            <\/a>\n        <\/h3>\n                <p class=\"body-md text-gray-text\">\n            H\u00e4r kan du l\u00e4sa mer om utbildningar f\u00f6r medlemmar och f\u00f6rtroendevalda.\n        <\/p>\n        <figure\n    class=\"w-[38px] h-[38px] rounded-full p-2 group-hover:scale-110 transition-transform duration-300 self-end pointer-events-none bg-red text-white\">\n        <svg width=\"20\" height=\"20\" viewBox=\"0 0 20 20\" fill=\"none\" class=\"SvgIconElement\">\n<path d=\"M4.16659 10L15.8333 10\" stroke=\"currentColor\"\/>\n<path d=\"M9.99992 4.1665L15.8333 9.99984L9.99992 15.8332\" stroke=\"currentColor\"\/>\n<\/svg>\n    <\/figure>\n<\/article>                    <\/div>\n    <\/div>\n<\/div>\n","protected":false},"excerpt":{"rendered":"","protected":false},"author":27,"featured_media":0,"parent":0,"menu_order":0,"comment_status":"closed","ping_status":"closed","template":"","meta":{"_acf_changed":false,"footnotes":""},"class_list":["post-112","page","type-page","status-publish","hentry"],"acf":[],"yoast_head":"<!-- This site is optimized with the Yoast SEO plugin v27.0 - https:\/\/yoast.com\/product\/yoast-seo-wordpress\/ -->\n<title>Om oss - Norr<\/title>\n<meta name=\"description\" content=\"ABF Norr innefattar alla 14 kommuner i Norrbottens l\u00e4n. Vi st\u00e4rker och utvecklar folkbildningen i Norrbotten.\" \/>\n<meta name=\"robots\" content=\"index, follow, max-snippet:-1, max-image-preview:large, max-video-preview:-1\" \/>\n<link rel=\"canonical\" href=\"https:\/\/www.abf.se\/norr\/om-oss\/\" \/>\n<meta property=\"og:locale\" content=\"sv_SE\" \/>\n<meta property=\"og:type\" content=\"article\" \/>\n<meta property=\"og:title\" content=\"Om oss - Norr\" \/>\n<meta property=\"og:description\" content=\"ABF Norr innefattar alla 14 kommuner i Norrbottens l\u00e4n. Vi st\u00e4rker och utvecklar folkbildningen i Norrbotten.\" \/>\n<meta property=\"og:url\" content=\"https:\/\/www.abf.se\/norr\/om-oss\/\" \/>\n<meta property=\"og:site_name\" content=\"Norr\" \/>\n<meta property=\"article:modified_time\" content=\"2026-04-07T13:18:27+00:00\" \/>\n<meta property=\"og:image\" content=\"https:\/\/www.abf.se\/wp-content\/uploads\/sites\/37\/2024\/03\/5-1.png\" \/>\n\t<meta property=\"og:image:width\" content=\"682\" \/>\n\t<meta property=\"og:image:height\" content=\"601\" \/>\n\t<meta property=\"og:image:type\" content=\"image\/png\" \/>\n<meta name=\"twitter:card\" content=\"summary_large_image\" \/>\n<script type=\"application\/ld+json\" class=\"yoast-schema-graph\">{\"@context\":\"https:\/\/schema.org\",\"@graph\":[{\"@type\":\"WebPage\",\"@id\":\"https:\/\/www.abf.se\/norr\/om-oss\/\",\"url\":\"https:\/\/www.abf.se\/norr\/om-oss\/\",\"name\":\"Om oss - Norr\",\"isPartOf\":{\"@id\":\"https:\/\/www.abf.se\/norr\/#website\"},\"datePublished\":\"2024-03-11T13:06:38+00:00\",\"dateModified\":\"2026-04-07T13:18:27+00:00\",\"description\":\"ABF Norr innefattar alla 14 kommuner i Norrbottens l\u00e4n. Vi st\u00e4rker och utvecklar folkbildningen i Norrbotten.\",\"breadcrumb\":{\"@id\":\"https:\/\/www.abf.se\/norr\/om-oss\/#breadcrumb\"},\"inLanguage\":\"sv-SE\",\"potentialAction\":[{\"@type\":\"ReadAction\",\"target\":[\"https:\/\/www.abf.se\/norr\/om-oss\/\"]}]},{\"@type\":\"BreadcrumbList\",\"@id\":\"https:\/\/www.abf.se\/norr\/om-oss\/#breadcrumb\",\"itemListElement\":[{\"@type\":\"ListItem\",\"position\":1,\"name\":\"Home\",\"item\":\"https:\/\/www.abf.se\/norr\/\"},{\"@type\":\"ListItem\",\"position\":2,\"name\":\"Om oss\"}]},{\"@type\":\"WebSite\",\"@id\":\"https:\/\/www.abf.se\/norr\/#website\",\"url\":\"https:\/\/www.abf.se\/norr\/\",\"name\":\"Norr\",\"description\":\"\",\"potentialAction\":[{\"@type\":\"SearchAction\",\"target\":{\"@type\":\"EntryPoint\",\"urlTemplate\":\"https:\/\/www.abf.se\/norr\/?s={search_term_string}\"},\"query-input\":{\"@type\":\"PropertyValueSpecification\",\"valueRequired\":true,\"valueName\":\"search_term_string\"}}],\"inLanguage\":\"sv-SE\"}]}<\/script>\n<!-- \/ Yoast SEO plugin. -->","yoast_head_json":{"title":"Om oss - Norr","description":"ABF Norr innefattar alla 14 kommuner i Norrbottens l\u00e4n. Vi st\u00e4rker och utvecklar folkbildningen i Norrbotten.","robots":{"index":"index","follow":"follow","max-snippet":"max-snippet:-1","max-image-preview":"max-image-preview:large","max-video-preview":"max-video-preview:-1"},"canonical":"https:\/\/www.abf.se\/norr\/om-oss\/","og_locale":"sv_SE","og_type":"article","og_title":"Om oss - Norr","og_description":"ABF Norr innefattar alla 14 kommuner i Norrbottens l\u00e4n. Vi st\u00e4rker och utvecklar folkbildningen i Norrbotten.","og_url":"https:\/\/www.abf.se\/norr\/om-oss\/","og_site_name":"Norr","article_modified_time":"2026-04-07T13:18:27+00:00","og_image":[{"width":682,"height":601,"url":"https:\/\/www.abf.se\/wp-content\/uploads\/sites\/37\/2024\/03\/5-1.png","type":"image\/png"}],"twitter_card":"summary_large_image","schema":{"@context":"https:\/\/schema.org","@graph":[{"@type":"WebPage","@id":"https:\/\/www.abf.se\/norr\/om-oss\/","url":"https:\/\/www.abf.se\/norr\/om-oss\/","name":"Om oss - Norr","isPartOf":{"@id":"https:\/\/www.abf.se\/norr\/#website"},"datePublished":"2024-03-11T13:06:38+00:00","dateModified":"2026-04-07T13:18:27+00:00","description":"ABF Norr innefattar alla 14 kommuner i Norrbottens l\u00e4n. Vi st\u00e4rker och utvecklar folkbildningen i Norrbotten.","breadcrumb":{"@id":"https:\/\/www.abf.se\/norr\/om-oss\/#breadcrumb"},"inLanguage":"sv-SE","potentialAction":[{"@type":"ReadAction","target":["https:\/\/www.abf.se\/norr\/om-oss\/"]}]},{"@type":"BreadcrumbList","@id":"https:\/\/www.abf.se\/norr\/om-oss\/#breadcrumb","itemListElement":[{"@type":"ListItem","position":1,"name":"Home","item":"https:\/\/www.abf.se\/norr\/"},{"@type":"ListItem","position":2,"name":"Om oss"}]},{"@type":"WebSite","@id":"https:\/\/www.abf.se\/norr\/#website","url":"https:\/\/www.abf.se\/norr\/","name":"Norr","description":"","potentialAction":[{"@type":"SearchAction","target":{"@type":"EntryPoint","urlTemplate":"https:\/\/www.abf.se\/norr\/?s={search_term_string}"},"query-input":{"@type":"PropertyValueSpecification","valueRequired":true,"valueName":"search_term_string"}}],"inLanguage":"sv-SE"}]}},"_links":{"self":[{"href":"https:\/\/www.abf.se\/norr\/wp-json\/wp\/v2\/pages\/112","targetHints":{"allow":["GET"]}}],"collection":[{"href":"https:\/\/www.abf.se\/norr\/wp-json\/wp\/v2\/pages"}],"about":[{"href":"https:\/\/www.abf.se\/norr\/wp-json\/wp\/v2\/types\/page"}],"author":[{"embeddable":true,"href":"https:\/\/www.abf.se\/norr\/wp-json\/wp\/v2\/users\/27"}],"replies":[{"embeddable":true,"href":"https:\/\/www.abf.se\/norr\/wp-json\/wp\/v2\/comments?post=112"}],"version-history":[{"count":107,"href":"https:\/\/www.abf.se\/norr\/wp-json\/wp\/v2\/pages\/112\/revisions"}],"predecessor-version":[{"id":2781,"href":"https:\/\/www.abf.se\/norr\/wp-json\/wp\/v2\/pages\/112\/revisions\/2781"}],"wp:attachment":[{"href":"https:\/\/www.abf.se\/norr\/wp-json\/wp\/v2\/media?parent=112"}],"curies":[{"name":"wp","href":"https:\/\/api.w.org\/{rel}","templated":true}]}}