{"id":46,"date":"2024-04-23T10:36:45","date_gmt":"2024-04-23T08:36:45","guid":{"rendered":"https:\/\/www.abf.se\/norra-stockholms-lan\/?page_id=46"},"modified":"2025-04-07T20:20:40","modified_gmt":"2025-04-07T18:20:40","slug":"om-abf","status":"publish","type":"page","link":"https:\/\/www.abf.se\/norra-stockholms-lan\/om-abf\/","title":{"rendered":"Om Arbetarnas Bildningsf\u00f6rbund (ABF)"},"content":{"rendered":"<div\n    class=\"acf-hero-block container-lg no-padding mb-12 js-geolocation\"\n    data-block=\"hero-block\"\n    data-index=\"0\"\n>\n    <div class=\"h-[548px]  relative rounded-[32px] overflow-hidden flex bg-gray-light\">\n        <div class=\"relative z-10 mt-auto h-auto w-full md:h-full\">\n            <div class=\"flex w-full h-full flex-col flex-wrap justify-end w-full md:w-7\/12 lg:w-1\/2 md:justify-center\">\n                <div class=\"flex flex-col gap-3 md:gap-[18px] md:transparent pt-16 pb-36 md:py-8 px-4 w-full md:max-w-[620px] mx-auto px-8\">\n\n                    <h1 class=\"hero-heading\"><span>Om ABF<\/span><\/h1>\n\n                    \n                                    <\/div>\n            <\/div>\n        <\/div>\n\n        \n\n                    <figure class=\"absolute bottom-0  md:w-1\/2 transform right-0 translate-x-10 md:translate-x-32\">\n                <img decoding=\"async\"\n                    alt=\"\"\n                    aria-hidden=\"true\"\n                    class=\"h-auto w-full\"\n                    role=\"presentation\"\n                    src=\"\/assets\/images\/two_circles_bottom.svg\"\n                >\n            <\/figure>\n            <\/div>\n\n    <\/div>\n\n<div\n    class=\"acf-plain-heading-block container my-16\"\n    data-block=\"plain-heading-block\"\n>\n    <div class=\"max-w-[658px] mx-auto\">\n                <h1 class=\"hero-heading\"><span>Det h\u00e4r \u00e4r ABF<\/span><\/h1>\n                            <p class=\"mt-8 body-xl text-black\">\n                Arbetarnas Bildningsf\u00f6rbund (ABF) \u00e4r Sveriges st\u00f6rsta studief\u00f6rbund som erbjuder studiecirklar, kurser, f\u00f6rel\u00e4sningar och kulturarrangemang i Sveriges alla kommuner. \n            <\/p>\n            <\/div>\n<\/div>\n\n\n<div\n    class=\"acf-article-text-block article-container my-12\"\n    data-block=\"article-text-block\"\n>\n    <div class=\"wysiwyg\">\n        <h2>Sveriges st\u00f6rsta m\u00f6jligg\u00f6rare<\/h2>\n<p>Hos ABF m\u00f6ts m\u00e5ngfald och m\u00f6jligheter. Vi skapar m\u00f6tesplatser b\u00e5de i det fysiska och digitala rummet, d\u00e4r vi tillsammans utforskar l\u00e4rande, kultur och demokrati. Med en stark lokal n\u00e4rvaro och ett \u00f6ppet digitalt landskap str\u00e4cker vi oss ut till alla h\u00f6rn av landet i en str\u00e4van att inte l\u00e4mna n\u00e5gon utanf\u00f6r. ABF utg\u00f6r ofta motorn i det lokala f\u00f6reningslivet och samverkar med nya r\u00f6relser och n\u00e5r nya deltagare.<\/p>\n<p>V\u00e5rt arbete har sina r\u00f6tter i arbetarr\u00f6relsens v\u00e4rderingar om j\u00e4mlikhet och solidaritet, f\u00f6r att bidra till ett samh\u00e4lle d\u00e4r varje individ kan v\u00e4xa och bidra. Tillsammans skapar vi en inkluderande gemenskap d\u00e4r vi bidrar till det lokala f\u00f6reningslivet samtidigt som vi f\u00e5r kultur tillg\u00e4ngligt f\u00f6r fler.<\/p>\n<h3>Vi \u00e4r ABF<\/h3>\n<p>ABF \u00e4r en sammanslutning av b\u00e5de stora och sm\u00e5 organisationer som delar ABFs v\u00e4rdegrund. Tillsammans st\u00e5r vi upp f\u00f6r allas lika v\u00e4rde, ett starkt demokratiskt samh\u00e4lle och allas r\u00e4tt till l\u00e4rande.<\/p>\n<p>ABF best\u00e5r av n\u00e4rmare 50 medlemsorganisationer, 51 lokala ABF-avdelningar, 21 ABF-distrikt samt en f\u00f6rbundsexpedition. F\u00f6rbundet beslutande organ \u00e4r f\u00f6rbundsst\u00e4mman och f\u00f6rbundsstyrelsen. ABF centralt har \u00e4ven n\u00e4rmare 40 organisationer med samverkansavtal.<\/p>\n<h3>Studiecirkeln i centrum<\/h3>\n<p>V\u00e5r metod bygger p\u00e5 att deltagarna bildar sig tillsammans och bidrar med olika erfarenheter p\u00e5 lika villkor. Studiecirkeln \u00e4r v\u00e5rt fr\u00e4msta pedagogiska verktyg.<\/p>\n\n    <\/div>\n<\/div>\n\n\n<div\n    class=\"acf-article-cta-link-block article-container my-8\"\n    data-block=\"article-cta-link-block\"\n>\n<div>\n    <a class=\"inline-flex flex-row items-center gap-4 text-link underline text-red-dark\"\n        href=\"https:\/\/www.abf.se\/wp-content\/uploads\/2024\/04\/abf-stadgar-2018_nytryck_sep2019.pdf\"\n                target=\"_blank\"\n            >\n        <span class=\"\">\n        ABFs stadgar (PDF)\n        <\/span>\n        <figure aria-hidden=\"true\" class=\"rounded-full bg-red-dark w-8 h-8 p-1 text-white\">\n            <svg width=\"20\" height=\"20\" viewBox=\"0 0 20 20\" fill=\"none\" class=\"SvgIconElement\">\n<path d=\"M4.16659 10L15.8333 10\" stroke=\"currentColor\"\/>\n<path d=\"M9.99992 4.1665L15.8333 9.99984L9.99992 15.8332\" stroke=\"currentColor\"\/>\n<\/svg>\n        <\/figure>\n    <\/a>\n<\/div>\n<\/div>\n\n\n<div\n    class=\"acf-article-image-block mb-12 container\"\n    data-block=\"article-image-block\"\n>\n<div class=\"grid md:grid-cols-2 gap-4\">\n\n        <figure>\n        \n            <picture class=\"round-corners-lg w-full\"><img decoding=\"async\" src=\"https:\/\/www.abf.se\/resized\/wp-content\/uploads\/2024\/04\/ABF_header_1805-5753.jpg?fit=contain&#038;w=578&#038;s=40b99b8eeb90feb2ebfcc9eea759a66a\" srcset=\"https:\/\/www.abf.se\/resized\/wp-content\/uploads\/2024\/04\/ABF_header_1805-5753.jpg?fit=contain&#038;w=375&#038;h=249&#038;s=591da0df09335202e40d5e58433bff42 375w, https:\/\/www.abf.se\/resized\/wp-content\/uploads\/2024\/04\/ABF_header_1805-5753.jpg?fit=contain&#038;w=423&#038;h=281&#038;s=d292bfbd654e9cea2d61c1422acd2f47 423w, https:\/\/www.abf.se\/resized\/wp-content\/uploads\/2024\/04\/ABF_header_1805-5753.jpg?fit=contain&#038;w=471&#038;h=313&#038;s=d30c3ddb14163f32e847dbfbc53dae4a 471w, https:\/\/www.abf.se\/resized\/wp-content\/uploads\/2024\/04\/ABF_header_1805-5753.jpg?fit=contain&#038;w=519&#038;h=345&#038;s=30afb0cf569d212cc2fe412462060cb5 519w, https:\/\/www.abf.se\/resized\/wp-content\/uploads\/2024\/04\/ABF_header_1805-5753.jpg?fit=contain&#038;w=567&#038;h=377&#038;s=f8aea7cbd6b9d9ebb20732754b9b9f86 567w, https:\/\/www.abf.se\/resized\/wp-content\/uploads\/2024\/04\/ABF_header_1805-5753.jpg?fit=contain&#038;w=578&#038;s=40b99b8eeb90feb2ebfcc9eea759a66a 578w, https:\/\/www.abf.se\/resized\/wp-content\/uploads\/2024\/04\/ABF_header_1805-5753.jpg?fit=contain&#038;w=750&#038;h=499&#038;s=d119ab5c8f3ba6c79e47cab873e7406b 750w, https:\/\/www.abf.se\/resized\/wp-content\/uploads\/2024\/04\/ABF_header_1805-5753.jpg?fit=contain&#038;w=846&#038;h=563&#038;s=25628f66cf68b2e070adc791aca1b4ec 846w, https:\/\/www.abf.se\/resized\/wp-content\/uploads\/2024\/04\/ABF_header_1805-5753.jpg?fit=contain&#038;w=942&#038;h=627&#038;s=567f9ad3000edca44e3f451cdce0aee6 942w, https:\/\/www.abf.se\/resized\/wp-content\/uploads\/2024\/04\/ABF_header_1805-5753.jpg?fit=contain&#038;w=1038&#038;h=691&#038;s=95a78ea107b8b38219d1fb0a391fb750 1038w, https:\/\/www.abf.se\/resized\/wp-content\/uploads\/2024\/04\/ABF_header_1805-5753.jpg?fit=contain&#038;w=1134&#038;h=755&#038;s=2c41bce4bb3d4f18346f0c6f1f29298d 1134w\" alt=\"sju personer i trappa mot en samlingslokal de diskuterar i sm&aring;grupper\" height=\"385\" width=\"578\" sizes=\"auto, (max-width: 768px) calc(100vw - 40px), (min-width: 768px) and (max-width: 1156px) calc(50vw - 56px), calc((1156px \/ 2) - 16px)\" loading=\"lazy\" fetchpriority=\"low\" class=\"round-corners-lg w-full\" \/><\/picture>\n                        <\/figure>\n        <figure>\n        \n            <picture class=\"round-corners-lg w-full\"><img decoding=\"async\" src=\"https:\/\/www.abf.se\/resized\/wp-content\/uploads\/2024\/04\/ABF_header_1805-6594.jpg?fit=contain&#038;w=578&#038;s=04f1c63aede7f4fb4348b1f4fc09c58c\" srcset=\"https:\/\/www.abf.se\/resized\/wp-content\/uploads\/2024\/04\/ABF_header_1805-6594.jpg?fit=contain&#038;w=375&#038;h=249&#038;s=76ca0e86e1ddd4888c79f8374d1a24dc 375w, https:\/\/www.abf.se\/resized\/wp-content\/uploads\/2024\/04\/ABF_header_1805-6594.jpg?fit=contain&#038;w=423&#038;h=281&#038;s=219ece74e5b0508ddde29f80908ec793 423w, https:\/\/www.abf.se\/resized\/wp-content\/uploads\/2024\/04\/ABF_header_1805-6594.jpg?fit=contain&#038;w=471&#038;h=313&#038;s=0b7b3f83aa71f820e0805446892a1ac0 471w, https:\/\/www.abf.se\/resized\/wp-content\/uploads\/2024\/04\/ABF_header_1805-6594.jpg?fit=contain&#038;w=519&#038;h=345&#038;s=0140fc2f65d84ca4089da53fca8ec235 519w, https:\/\/www.abf.se\/resized\/wp-content\/uploads\/2024\/04\/ABF_header_1805-6594.jpg?fit=contain&#038;w=567&#038;h=377&#038;s=04b5923b5ec4205119ad888c083e147d 567w, https:\/\/www.abf.se\/resized\/wp-content\/uploads\/2024\/04\/ABF_header_1805-6594.jpg?fit=contain&#038;w=578&#038;s=04f1c63aede7f4fb4348b1f4fc09c58c 578w, https:\/\/www.abf.se\/resized\/wp-content\/uploads\/2024\/04\/ABF_header_1805-6594.jpg?fit=contain&#038;w=750&#038;h=499&#038;s=4b9a3ca1ac338c855e271618fc49147f 750w, https:\/\/www.abf.se\/resized\/wp-content\/uploads\/2024\/04\/ABF_header_1805-6594.jpg?fit=contain&#038;w=846&#038;h=563&#038;s=f6ad0edbff22cc55f560eb91951927ed 846w, https:\/\/www.abf.se\/resized\/wp-content\/uploads\/2024\/04\/ABF_header_1805-6594.jpg?fit=contain&#038;w=942&#038;h=627&#038;s=051b961e571f30e958236b8a29e596dd 942w, https:\/\/www.abf.se\/resized\/wp-content\/uploads\/2024\/04\/ABF_header_1805-6594.jpg?fit=contain&#038;w=1038&#038;h=691&#038;s=4bccf64558534128dab497e18b105366 1038w, https:\/\/www.abf.se\/resized\/wp-content\/uploads\/2024\/04\/ABF_header_1805-6594.jpg?fit=contain&#038;w=1134&#038;h=755&#038;s=d50512233b9a5d780121f86b8ffc65a2 1134w\" alt=\"ABFs cirkelledare visar granskott f&ouml;r tv&aring; cirkeldeltagare\" height=\"385\" width=\"578\" sizes=\"auto, (max-width: 768px) calc(100vw - 40px), (min-width: 768px) and (max-width: 1156px) calc(50vw - 56px), calc((1156px \/ 2) - 16px)\" loading=\"lazy\" fetchpriority=\"low\" class=\"round-corners-lg w-full\" \/><\/picture>\n                        <\/figure>\n        <\/div>\n\n<\/div>\n\n\n<div\n    class=\"acf-plain-heading-block container my-16\"\n    data-block=\"plain-heading-block\"\n>\n    <div class=\"max-w-[658px] mx-auto\">\n                <h1 class=\"hero-heading\"><span>V\u00e4rdegrund<\/span><\/h1>\n                    <\/div>\n<\/div>\n\n\n<div\n    class=\"acf-article-text-block article-container my-12\"\n    data-block=\"article-text-block\"\n>\n    <div class=\"wysiwyg\">\n        <h3>ABF \u2013 en del av arbetarr\u00f6relsen<\/h3>\n<p>ABF \u00e4r politiskt oberoende men delar v\u00e4rderingar med arbetarr\u00f6relsen. Medlemsorganisationer inkluderar Socialdemokraterna (S), V\u00e4nsterpartiet (V), Landsorganisationen (LO), Sveriges Socialdemokratiska Ungdomsf\u00f6rbund (SSU) och Ung V\u00e4nster. Grundat 1912 av S, LO och Kooperativa f\u00f6rbundet under ledning av Rickard Sandler f\u00f6r att fr\u00e4mja bildning inom arbetarr\u00f6relsen. Trots samh\u00e4llets f\u00f6r\u00e4ndringar forts\u00e4tter ABF att arbeta f\u00f6r demokrati och j\u00e4mlikhet.<\/p>\n<h3>ABFs v\u00e4rdegrund med utg\u00e5ngspunkt i id\u00e9programmet<\/h3>\n<p>ABFs id\u00e9program \u201cG\u00f6r en annan v\u00e4rld m\u00f6jlig!\u201d \u00e4r ABFs ideologiska kompass i vardagen och fungerar som en grund f\u00f6r planering, prioriteringar och beslut i all v\u00e5r verksamhet. Alla som representerar ABF (anst\u00e4llda, f\u00f6rtroendevalda och cirkelledare) ska st\u00e5 bakom v\u00e5rt id\u00e9program och dela v\u00e5ra v\u00e4rderingar. Att \u00f6ppet ta st\u00e4llning f\u00f6r en organisation som har v\u00e4rderingar som st\u00e5r i konflikt med v\u00e5rt id\u00e9program \u00e4r inte f\u00f6renligt med att vara en representant f\u00f6r ABF.<\/p>\n<h3>ABF \u00e4r en ideell organisation<\/h3>\n<p>ABF \u00e4r en ideell organisation och d\u00e4rmed en del av civilsamh\u00e4llet, ocks\u00e5 kallat ideell sektor eller f\u00f6reningslivet. ABF styrs av v\u00e5ra f\u00f6rtroendevalda som fattar sj\u00e4lvst\u00e4ndiga beslut utifr\u00e5n v\u00e5rt id\u00e9program. ABF samverkar dock ofta med den offentliga sektorn och, i likhet med stora delar av f\u00f6reningslivet, tar vi del av bidrag och st\u00f6d fr\u00e5n stat, regioner och kommuner.<\/p>\n<p>I Sverige finns det nio studief\u00f6rbund d\u00e4r alla har sin egen profil och ideologiska s\u00e4rart. ABF \u00e4r arbetarr\u00f6relsens studief\u00f6rbund, och bland v\u00e5ra mer \u00e4n 50 medlemsorganisationer finns bland annat flera partier, fackf\u00f6rbund och intresseorganisationer representerade.<\/p>\n\n    <\/div>\n<\/div>\n\n\n<div\n    class=\"acf-article-cta-link-block article-container my-8\"\n    data-block=\"article-cta-link-block\"\n>\n<div>\n    <a class=\"inline-flex flex-row items-center gap-4 text-link underline text-red-dark\"\n        href=\"https:\/\/www.abf.se\/wp-content\/uploads\/2024\/04\/abf-ideprogram-2023-aug-a4.pdf\"\n                target=\"_blank\"\n            >\n        <span class=\"\">\n        ABFs Id\u00e9program (PDF)\n        <\/span>\n        <figure aria-hidden=\"true\" class=\"rounded-full bg-red-dark w-8 h-8 p-1 text-white\">\n            <svg width=\"20\" height=\"20\" viewBox=\"0 0 20 20\" fill=\"none\" class=\"SvgIconElement\">\n<path d=\"M4.16659 10L15.8333 10\" stroke=\"currentColor\"\/>\n<path d=\"M9.99992 4.1665L15.8333 9.99984L9.99992 15.8332\" stroke=\"currentColor\"\/>\n<\/svg>\n        <\/figure>\n    <\/a>\n<\/div>\n<\/div>\n","protected":false},"excerpt":{"rendered":"","protected":false},"author":6,"featured_media":0,"parent":0,"menu_order":0,"comment_status":"closed","ping_status":"closed","template":"","meta":{"_acf_changed":false,"footnotes":""},"class_list":["post-46","page","type-page","status-publish","hentry"],"acf":[],"yoast_head":"<!-- This site is optimized with the Yoast SEO plugin v27.0 - https:\/\/yoast.com\/product\/yoast-seo-wordpress\/ -->\n<title>Om Arbetarnas Bildningsf\u00f6rbund (ABF) - Norra Stockholms l\u00e4n<\/title>\n<meta name=\"robots\" content=\"index, follow, max-snippet:-1, max-image-preview:large, max-video-preview:-1\" \/>\n<link rel=\"canonical\" href=\"https:\/\/www.abf.se\/norra-stockholms-lan\/om-abf\/\" \/>\n<meta property=\"og:locale\" content=\"sv_SE\" \/>\n<meta property=\"og:type\" content=\"article\" \/>\n<meta property=\"og:title\" content=\"Om Arbetarnas Bildningsf\u00f6rbund (ABF) - Norra Stockholms l\u00e4n\" \/>\n<meta property=\"og:url\" content=\"https:\/\/www.abf.se\/norra-stockholms-lan\/om-abf\/\" \/>\n<meta property=\"og:site_name\" content=\"Norra Stockholms l\u00e4n\" \/>\n<meta property=\"article:modified_time\" content=\"2025-04-07T18:20:40+00:00\" \/>\n<meta name=\"twitter:card\" content=\"summary_large_image\" \/>\n<script type=\"application\/ld+json\" class=\"yoast-schema-graph\">{\"@context\":\"https:\/\/schema.org\",\"@graph\":[{\"@type\":\"WebPage\",\"@id\":\"https:\/\/www.abf.se\/norra-stockholms-lan\/om-abf\/\",\"url\":\"https:\/\/www.abf.se\/norra-stockholms-lan\/om-abf\/\",\"name\":\"Om Arbetarnas Bildningsf\u00f6rbund (ABF) - Norra Stockholms l\u00e4n\",\"isPartOf\":{\"@id\":\"https:\/\/www.abf.se\/norra-stockholms-lan\/#website\"},\"datePublished\":\"2024-04-23T08:36:45+00:00\",\"dateModified\":\"2025-04-07T18:20:40+00:00\",\"breadcrumb\":{\"@id\":\"https:\/\/www.abf.se\/norra-stockholms-lan\/om-abf\/#breadcrumb\"},\"inLanguage\":\"sv-SE\",\"potentialAction\":[{\"@type\":\"ReadAction\",\"target\":[\"https:\/\/www.abf.se\/norra-stockholms-lan\/om-abf\/\"]}]},{\"@type\":\"BreadcrumbList\",\"@id\":\"https:\/\/www.abf.se\/norra-stockholms-lan\/om-abf\/#breadcrumb\",\"itemListElement\":[{\"@type\":\"ListItem\",\"position\":1,\"name\":\"Home\",\"item\":\"https:\/\/www.abf.se\/norra-stockholms-lan\/\"},{\"@type\":\"ListItem\",\"position\":2,\"name\":\"Om Arbetarnas Bildningsf\u00f6rbund (ABF)\"}]},{\"@type\":\"WebSite\",\"@id\":\"https:\/\/www.abf.se\/norra-stockholms-lan\/#website\",\"url\":\"https:\/\/www.abf.se\/norra-stockholms-lan\/\",\"name\":\"Norra Stockholms l\u00e4n\",\"description\":\"\",\"potentialAction\":[{\"@type\":\"SearchAction\",\"target\":{\"@type\":\"EntryPoint\",\"urlTemplate\":\"https:\/\/www.abf.se\/norra-stockholms-lan\/?s={search_term_string}\"},\"query-input\":{\"@type\":\"PropertyValueSpecification\",\"valueRequired\":true,\"valueName\":\"search_term_string\"}}],\"inLanguage\":\"sv-SE\"}]}<\/script>\n<!-- \/ Yoast SEO plugin. -->","yoast_head_json":{"title":"Om Arbetarnas Bildningsf\u00f6rbund (ABF) - Norra Stockholms l\u00e4n","robots":{"index":"index","follow":"follow","max-snippet":"max-snippet:-1","max-image-preview":"max-image-preview:large","max-video-preview":"max-video-preview:-1"},"canonical":"https:\/\/www.abf.se\/norra-stockholms-lan\/om-abf\/","og_locale":"sv_SE","og_type":"article","og_title":"Om Arbetarnas Bildningsf\u00f6rbund (ABF) - Norra Stockholms l\u00e4n","og_url":"https:\/\/www.abf.se\/norra-stockholms-lan\/om-abf\/","og_site_name":"Norra Stockholms l\u00e4n","article_modified_time":"2025-04-07T18:20:40+00:00","twitter_card":"summary_large_image","schema":{"@context":"https:\/\/schema.org","@graph":[{"@type":"WebPage","@id":"https:\/\/www.abf.se\/norra-stockholms-lan\/om-abf\/","url":"https:\/\/www.abf.se\/norra-stockholms-lan\/om-abf\/","name":"Om Arbetarnas Bildningsf\u00f6rbund (ABF) - Norra Stockholms l\u00e4n","isPartOf":{"@id":"https:\/\/www.abf.se\/norra-stockholms-lan\/#website"},"datePublished":"2024-04-23T08:36:45+00:00","dateModified":"2025-04-07T18:20:40+00:00","breadcrumb":{"@id":"https:\/\/www.abf.se\/norra-stockholms-lan\/om-abf\/#breadcrumb"},"inLanguage":"sv-SE","potentialAction":[{"@type":"ReadAction","target":["https:\/\/www.abf.se\/norra-stockholms-lan\/om-abf\/"]}]},{"@type":"BreadcrumbList","@id":"https:\/\/www.abf.se\/norra-stockholms-lan\/om-abf\/#breadcrumb","itemListElement":[{"@type":"ListItem","position":1,"name":"Home","item":"https:\/\/www.abf.se\/norra-stockholms-lan\/"},{"@type":"ListItem","position":2,"name":"Om Arbetarnas Bildningsf\u00f6rbund (ABF)"}]},{"@type":"WebSite","@id":"https:\/\/www.abf.se\/norra-stockholms-lan\/#website","url":"https:\/\/www.abf.se\/norra-stockholms-lan\/","name":"Norra Stockholms l\u00e4n","description":"","potentialAction":[{"@type":"SearchAction","target":{"@type":"EntryPoint","urlTemplate":"https:\/\/www.abf.se\/norra-stockholms-lan\/?s={search_term_string}"},"query-input":{"@type":"PropertyValueSpecification","valueRequired":true,"valueName":"search_term_string"}}],"inLanguage":"sv-SE"}]}},"_links":{"self":[{"href":"https:\/\/www.abf.se\/norra-stockholms-lan\/wp-json\/wp\/v2\/pages\/46","targetHints":{"allow":["GET"]}}],"collection":[{"href":"https:\/\/www.abf.se\/norra-stockholms-lan\/wp-json\/wp\/v2\/pages"}],"about":[{"href":"https:\/\/www.abf.se\/norra-stockholms-lan\/wp-json\/wp\/v2\/types\/page"}],"author":[{"embeddable":true,"href":"https:\/\/www.abf.se\/norra-stockholms-lan\/wp-json\/wp\/v2\/users\/6"}],"replies":[{"embeddable":true,"href":"https:\/\/www.abf.se\/norra-stockholms-lan\/wp-json\/wp\/v2\/comments?post=46"}],"version-history":[{"count":3,"href":"https:\/\/www.abf.se\/norra-stockholms-lan\/wp-json\/wp\/v2\/pages\/46\/revisions"}],"predecessor-version":[{"id":292,"href":"https:\/\/www.abf.se\/norra-stockholms-lan\/wp-json\/wp\/v2\/pages\/46\/revisions\/292"}],"wp:attachment":[{"href":"https:\/\/www.abf.se\/norra-stockholms-lan\/wp-json\/wp\/v2\/media?parent=46"}],"curies":[{"name":"wp","href":"https:\/\/api.w.org\/{rel}","templated":true}]}}