{"id":1056,"date":"2024-04-18T14:18:11","date_gmt":"2024-04-18T12:18:11","guid":{"rendered":"https:\/\/www.abf.se\/orebro-lan\/?page_id=1056"},"modified":"2025-09-24T16:00:18","modified_gmt":"2025-09-24T14:00:18","slug":"information-till-cirkelledare","status":"publish","type":"page","link":"https:\/\/www.abf.se\/orebro-lan\/samarbeta-med-oss\/information-till-cirkelledare\/","title":{"rendered":"Information till cirkelledare"},"content":{"rendered":"<div\n    class=\"acf-hero-block container-lg no-padding mb-12 js-geolocation\"\n    data-block=\"hero-block\"\n    data-index=\"0\"\n>\n    <div class=\"h-[548px]  relative rounded-[32px] overflow-hidden flex bg-gray-light\">\n        <div class=\"relative z-10 mt-auto h-auto w-full md:h-full\">\n            <div class=\"flex w-full h-full flex-col flex-wrap justify-end w-full md:w-7\/12 lg:w-1\/2 md:justify-center\">\n                <div class=\"flex flex-col gap-3 md:gap-[18px] md:transparent pt-16 pb-36 md:py-8 px-4 w-full md:max-w-[620px] mx-auto px-8\">\n\n                    <h1 class=\"hero-heading hero-heading--red-text\"><span>Information till cirkelledare<\/span><\/h1>\n\n                    \n                                    <\/div>\n            <\/div>\n        <\/div>\n\n                    <picture class=\"as-background-image mix-blend-multiply bg-black\/40\"><img decoding=\"async\" src=\"https:\/\/www.abf.se\/orebro-lan\/resized\/?url=https%3A%2F%2Fwww.abf.se%2Fwp-content%2Fuploads%2F2023%2F11%2FABF-cirkel-utomhus_foto-Richard-Hammarskiold_IMGP.jpg&#038;fit=crop&#038;w=1440&#038;s=a52514dbc24b6c7f6188dc9f678da899\" srcset=\"https:\/\/www.abf.se\/orebro-lan\/resized\/?url=https%3A%2F%2Fwww.abf.se%2Fwp-content%2Fuploads%2F2023%2F11%2FABF-cirkel-utomhus_foto-Richard-Hammarskiold_IMGP.jpg&#038;fit=crop&#038;w=375&#038;h=540&#038;s=b0d7a4db13e49530c259a6d8ef867d08 375w, https:\/\/www.abf.se\/orebro-lan\/resized\/?url=https%3A%2F%2Fwww.abf.se%2Fwp-content%2Fuploads%2F2023%2F11%2FABF-cirkel-utomhus_foto-Richard-Hammarskiold_IMGP.jpg&#038;fit=crop&#038;w=447&#038;h=540&#038;s=fc3ad1ff9a3d32ee02fcbbf3a8688054 447w, https:\/\/www.abf.se\/orebro-lan\/resized\/?url=https%3A%2F%2Fwww.abf.se%2Fwp-content%2Fuploads%2F2023%2F11%2FABF-cirkel-utomhus_foto-Richard-Hammarskiold_IMGP.jpg&#038;fit=crop&#038;w=519&#038;h=540&#038;s=de9f95b51fa33057b43ecff72dded707 519w, https:\/\/www.abf.se\/orebro-lan\/resized\/?url=https%3A%2F%2Fwww.abf.se%2Fwp-content%2Fuploads%2F2023%2F11%2FABF-cirkel-utomhus_foto-Richard-Hammarskiold_IMGP.jpg&#038;fit=crop&#038;w=591&#038;h=540&#038;s=91c39fd8ac967af9fb87d558b76fac5a 591w, https:\/\/www.abf.se\/orebro-lan\/resized\/?url=https%3A%2F%2Fwww.abf.se%2Fwp-content%2Fuploads%2F2023%2F11%2FABF-cirkel-utomhus_foto-Richard-Hammarskiold_IMGP.jpg&#038;fit=crop&#038;w=663&#038;h=540&#038;s=f28ff2a455f04b762ada299982cec808 663w, https:\/\/www.abf.se\/orebro-lan\/resized\/?url=https%3A%2F%2Fwww.abf.se%2Fwp-content%2Fuploads%2F2023%2F11%2FABF-cirkel-utomhus_foto-Richard-Hammarskiold_IMGP.jpg&#038;fit=crop&#038;w=750&#038;h=540&#038;s=3717b25efd34a648b02c1fc63538b0a2 750w, https:\/\/www.abf.se\/orebro-lan\/resized\/?url=https%3A%2F%2Fwww.abf.se%2Fwp-content%2Fuploads%2F2023%2F11%2FABF-cirkel-utomhus_foto-Richard-Hammarskiold_IMGP.jpg&#038;fit=crop&#038;w=894&#038;h=540&#038;s=01aee1e33aee666621f215b95c36a95d 894w, https:\/\/www.abf.se\/orebro-lan\/resized\/?url=https%3A%2F%2Fwww.abf.se%2Fwp-content%2Fuploads%2F2023%2F11%2FABF-cirkel-utomhus_foto-Richard-Hammarskiold_IMGP.jpg&#038;fit=crop&#038;w=1038&#038;h=540&#038;s=bf52325644ebe54a177596603f0e03c9 1038w, https:\/\/www.abf.se\/orebro-lan\/resized\/?url=https%3A%2F%2Fwww.abf.se%2Fwp-content%2Fuploads%2F2023%2F11%2FABF-cirkel-utomhus_foto-Richard-Hammarskiold_IMGP.jpg&#038;fit=crop&#038;w=1182&#038;h=540&#038;s=cd08e34d511d5d4471d14601d6e203e4 1182w, https:\/\/www.abf.se\/orebro-lan\/resized\/?url=https%3A%2F%2Fwww.abf.se%2Fwp-content%2Fuploads%2F2023%2F11%2FABF-cirkel-utomhus_foto-Richard-Hammarskiold_IMGP.jpg&#038;fit=crop&#038;w=1326&#038;h=540&#038;s=700d5deb7747ae326d703e6f9994d1b8 1326w, https:\/\/www.abf.se\/orebro-lan\/resized\/?url=https%3A%2F%2Fwww.abf.se%2Fwp-content%2Fuploads%2F2023%2F11%2FABF-cirkel-utomhus_foto-Richard-Hammarskiold_IMGP.jpg&#038;fit=crop&#038;w=1440&#038;h=540&#038;s=921ad0c882e980e23c251f7061134356 1440w\" alt=\"\" height=\"540\" width=\"1440\" sizes=\"(max-width: 1440px) calc(100vw - 32px), 1440px\" loading=\"eager\" fetchpriority=\"high\" aria-hidden=\"true\" role=\"presentation\" \/><\/picture>\n        \n\n            <\/div>\n\n    <\/div>\n\n<div\n    class=\"acf-plain-heading-block container my-16\"\n    data-block=\"plain-heading-block\"\n>\n    <div class=\"max-w-[658px] mx-auto\">\n                            <p class=\"mt-8 body-xl text-black\">\n                Som cirkelledare \u00e4r du en viktig kugge i det st\u00e4ndigt p\u00e5g\u00e5ende folkbildningsarbetet hos ABF. Folkbildningen \u00e4r ett s\u00e4tt att g\u00f6ra kunskap tillg\u00e4nglig f\u00f6r alla m\u00e4nniskor i v\u00e5rt samh\u00e4lle och \u00e4r en viktig del av cirkelledarrollen. \n            <\/p>\n            <\/div>\n<\/div>\n\n\n<div\n    class=\"acf-article-cta-link-block article-container my-8\"\n    data-block=\"article-cta-link-block\"\n>\n<div>\n    <a class=\"inline-flex flex-row items-center gap-4 text-link underline text-red-dark\"\n        href=\"https:\/\/www.abf.se\/wp-content\/uploads\/2024\/04\/abf-ideprogram-2023-aug-a4.pdf\"\n                target=\"_blank\"\n            >\n        <span class=\"\">\n        Du kan l\u00e4sa mer om ABF och v\u00e5r v\u00e4rdegrund i v\u00e5rt id\u00e9program (PDF)\n        <\/span>\n        <figure aria-hidden=\"true\" class=\"rounded-full bg-red-dark w-8 h-8 p-1 text-white\">\n            <svg width=\"20\" height=\"20\" viewBox=\"0 0 20 20\" fill=\"none\" class=\"SvgIconElement\">\n<path d=\"M4.16659 10L15.8333 10\" stroke=\"currentColor\"\/>\n<path d=\"M9.99992 4.1665L15.8333 9.99984L9.99992 15.8332\" stroke=\"currentColor\"\/>\n<\/svg>\n        <\/figure>\n    <\/a>\n<\/div>\n<\/div>\n\n\n<div\n    class=\"acf-article-text-block article-container my-12\"\n    data-block=\"article-text-block\"\n>\n    <div class=\"wysiwyg\">\n        <h2>Cirkelledarutbildning<\/h2>\n<p>Som cirkelledare \u00e4r du en ambassad\u00f6r f\u00f6r ABF och vi tycker att det \u00e4r viktigt att du har m\u00f6jlighet att forts\u00e4tta utvecklas som ledare.<\/p>\n<p>Du kommer att bjudas in till ABFs cirkelledarutbildning GRUND som \u00e4r f\u00f6rsta steget i v\u00e5r utbildningstrappa. Vi vill med utbildningen skapa ett intresse och en f\u00f6rst\u00e5else f\u00f6r vad ABF och folkbildning egentligen \u00e4r. H\u00e4r f\u00e5r du mer kunskap om folkbildning, studiecirkelpedagogik med mera.<\/p>\n<p>GRUND \u00e4r bara b\u00f6rjan och n\u00e4r du har g\u00e5tt den finns flera forts\u00e4ttnings och f\u00f6rdjupningsutbildningar som du kan delta i. H\u00e4r diskuteras sp\u00e4nnande \u00e4mnen som ledarskap, gruppdynamik, folkbildningshistoria, distanspedagogik, teknik f\u00f6r studiecirkeln med mera.<\/p>\n\n    <\/div>\n<\/div>\n\n\n<div\n    class=\"acf-text-image-block container bg-gray-light py-12 md:py-15\"\n    data-block=\"text-image-block\"\n>\n    <div\n    class=\"flex flex-col items-center md:flex-row gap-8 md:gap-0 justify-between\">\n                        <div class=\"w-full md:w-1\/2 md:order-2\">\n            <picture><img decoding=\"async\" src=\"https:\/\/www.abf.se\/resized\/wp-content\/uploads\/2024\/04\/Samhalle-Politik-Fackligt-01.jpg?fit=crop&#038;w=578&#038;s=6a3f46b599817225cc192f8cacce2d46\" srcset=\"https:\/\/www.abf.se\/resized\/wp-content\/uploads\/2024\/04\/Samhalle-Politik-Fackligt-01.jpg?fit=crop&#038;w=144&#038;h=126&#038;s=7460908a024b6720b93e64c9b3b25b48 144w, https:\/\/www.abf.se\/resized\/wp-content\/uploads\/2024\/04\/Samhalle-Politik-Fackligt-01.jpg?fit=crop&#038;w=240&#038;h=211&#038;s=04bfa91810b48c038f2523e5fbdf4891 240w, https:\/\/www.abf.se\/resized\/wp-content\/uploads\/2024\/04\/Samhalle-Politik-Fackligt-01.jpg?fit=crop&#038;w=288&#038;h=253&#038;s=0bdc031a4f3f032cd97f619d749a9bcf 288w, https:\/\/www.abf.se\/resized\/wp-content\/uploads\/2024\/04\/Samhalle-Politik-Fackligt-01.jpg?fit=crop&#038;w=336&#038;h=295&#038;s=9ba40b21ad47bfb16e0b7ca48b138e1f 336w, https:\/\/www.abf.se\/resized\/wp-content\/uploads\/2024\/04\/Samhalle-Politik-Fackligt-01.jpg?fit=crop&#038;w=432&#038;h=380&#038;s=aac2848652b90749bd7effd382fd38ff 432w, https:\/\/www.abf.se\/resized\/wp-content\/uploads\/2024\/04\/Samhalle-Politik-Fackligt-01.jpg?fit=crop&#038;w=480&#038;h=422&#038;s=5c9d3018c9fbae9e4b1aa34bc6932120 480w, https:\/\/www.abf.se\/resized\/wp-content\/uploads\/2024\/04\/Samhalle-Politik-Fackligt-01.jpg?fit=crop&#038;w=528&#038;h=464&#038;s=d68c3265da2935171142ba23b8f5892b 528w, https:\/\/www.abf.se\/resized\/wp-content\/uploads\/2024\/04\/Samhalle-Politik-Fackligt-01.jpg?fit=crop&#038;w=578&#038;h=509&#038;s=f449946504f089efdaef6a7c50e41f75 578w, https:\/\/www.abf.se\/resized\/wp-content\/uploads\/2024\/04\/Samhalle-Politik-Fackligt-01.jpg?fit=crop&#038;w=672&#038;h=591&#038;s=911a5478121ae8d41a807c4f954611f3 672w, https:\/\/www.abf.se\/resized\/wp-content\/uploads\/2024\/04\/Samhalle-Politik-Fackligt-01.jpg?fit=crop&#038;w=864&#038;h=760&#038;s=b1f109315fd528223e58dba472464934 864w, https:\/\/www.abf.se\/resized\/wp-content\/uploads\/2024\/04\/Samhalle-Politik-Fackligt-01.jpg?fit=crop&#038;w=1056&#038;h=929&#038;s=6c5b96abbf335dc494d2db7d7fba5aab 1056w\" alt=\"En persons hand som ser ut att argumentera syns i f&ouml;rgrunden, i bakgrunden fyra personer som lyssnar\" height=\"509\" width=\"578\" sizes=\"auto, (max-width: 768px) 100vw,\n                (max-width: 1280px) 50vw, 578px\" loading=\"lazy\" fetchpriority=\"low\" \/><\/picture>\n\n        <\/div>\n        \n        <div class=\"w-full md:w-1\/2 md:order-1\">\n        <div class=\"mx-auto md:max-w-[368px]\">\n            <h2 class=\"heading-lg\">Regler f\u00f6r studiecirklar<\/h2>\n            <div class=\"mb-6 mt-4 wysiwyg\">\n                <p>ABF rapporterar varje \u00e5r tusentals studiecirklar, kulturprogram och kurser. Dessa finansieras av statsbidrag. Det \u00e4r ABF som har ansvaret f\u00f6r att dessa rapporteras enligt regelverket men du som cirkelledare har en viktig roll i v\u00e5rt kvalitetsarbete.<\/p>\n\n            <\/div>\n                    <\/div>\n        <\/div>\n    <\/div>\n<\/div>\n\n<div\n    class=\"acf-article-text-block article-container my-12\"\n    data-block=\"article-text-block\"\n>\n    <div class=\"wysiwyg\">\n        <h2>Du som cirkelledare har en viktig roll i ABFs kvalitetsarbete<\/h2>\n<p>Det \u00e4r viktigt att all verksamhet som rapporteras som underlag f\u00f6r statsbidrag sker s\u00e5 som den rapporteras. Det betyder att det \u00e4r viktigt att du meddelar ABF om ni g\u00f6r n\u00e5gra f\u00f6r\u00e4ndringar i er studiecirkel. Det kan exempelvis handla om en deltagare som slutar eller tillkommer, ni kanske best\u00e4mmer er f\u00f6r att byta dag, tid eller lokal. Oavsett vilket m\u00e5ste ABF informeras om alla \u00e4ndringar.<\/p>\n\n    <\/div>\n<\/div>\n<div\n    class=\"acf-article-text-block article-container my-12\"\n    data-block=\"article-text-block\"\n>\n    <div class=\"wysiwyg\">\n        <p>N\u00e4r du leder en studiecirkel eller en kurs hos ABF ska du rapportera n\u00e4rvaro f\u00f6r dig och dina cirkeldeltagare.<\/p>\n\n    <\/div>\n<\/div>\n<div\n    class=\"acf-article-cta-link-block article-container my-8\"\n    data-block=\"article-cta-link-block\"\n>\n<div>\n    <a class=\"inline-flex flex-row items-center gap-4 text-link underline text-red-dark\"\n        href=\"https:\/\/www.abf.se\/orebro-lan\/samarbeta-med-abf\/narvarorapportering\/\"\n            >\n        <span class=\"\">\n        L\u00e4s mer om v\u00e5r n\u00e4rvarorapportering h\u00e4r\n        <\/span>\n        <figure aria-hidden=\"true\" class=\"rounded-full bg-red-dark w-8 h-8 p-1 text-white\">\n            <svg width=\"20\" height=\"20\" viewBox=\"0 0 20 20\" fill=\"none\" class=\"SvgIconElement\">\n<path d=\"M4.16659 10L15.8333 10\" stroke=\"currentColor\"\/>\n<path d=\"M9.99992 4.1665L15.8333 9.99984L9.99992 15.8332\" stroke=\"currentColor\"\/>\n<\/svg>\n        <\/figure>\n    <\/a>\n<\/div>\n<\/div>\n","protected":false},"excerpt":{"rendered":"","protected":false},"author":72,"featured_media":0,"parent":260,"menu_order":0,"comment_status":"closed","ping_status":"closed","template":"","meta":{"_acf_changed":false,"footnotes":""},"class_list":["post-1056","page","type-page","status-publish","hentry"],"acf":[],"yoast_head":"<!-- This site is optimized with the Yoast SEO plugin v27.0 - https:\/\/yoast.com\/product\/yoast-seo-wordpress\/ -->\n<title>Information till cirkelledare - ABF \u00d6rebro l\u00e4n<\/title>\n<meta name=\"description\" content=\"Information till cirkelledare. Du \u00e4r en viktig kugge i det st\u00e4ndigt p\u00e5g\u00e5ende folkbildningsarbetet och tillg\u00e4ngligg\u00f6r kunskap \u00e5t alla!\" \/>\n<meta name=\"robots\" content=\"index, follow, max-snippet:-1, max-image-preview:large, max-video-preview:-1\" \/>\n<link rel=\"canonical\" href=\"https:\/\/www.abf.se\/orebro-lan\/samarbeta-med-oss\/information-till-cirkelledare\/\" \/>\n<meta property=\"og:locale\" content=\"sv_SE\" \/>\n<meta property=\"og:type\" content=\"article\" \/>\n<meta property=\"og:title\" content=\"Information till cirkelledare - ABF \u00d6rebro l\u00e4n\" \/>\n<meta property=\"og:description\" content=\"Information till cirkelledare. Du \u00e4r en viktig kugge i det st\u00e4ndigt p\u00e5g\u00e5ende folkbildningsarbetet och tillg\u00e4ngligg\u00f6r kunskap \u00e5t alla!\" \/>\n<meta property=\"og:url\" content=\"https:\/\/www.abf.se\/orebro-lan\/samarbeta-med-oss\/information-till-cirkelledare\/\" \/>\n<meta property=\"og:site_name\" content=\"\u00d6rebro l\u00e4n\" \/>\n<meta property=\"article:modified_time\" content=\"2025-09-24T14:00:18+00:00\" \/>\n<meta property=\"og:image\" content=\"https:\/\/www.abf.se\/wp-content\/uploads\/sites\/63\/2024\/04\/Nyckeln-liggande-scaled.jpg\" \/>\n\t<meta property=\"og:image:width\" content=\"2560\" \/>\n\t<meta property=\"og:image:height\" content=\"1440\" \/>\n\t<meta property=\"og:image:type\" content=\"image\/jpeg\" \/>\n<meta name=\"twitter:card\" content=\"summary_large_image\" \/>\n<script type=\"application\/ld+json\" class=\"yoast-schema-graph\">{\"@context\":\"https:\/\/schema.org\",\"@graph\":[{\"@type\":\"WebPage\",\"@id\":\"https:\/\/www.abf.se\/orebro-lan\/samarbeta-med-oss\/information-till-cirkelledare\/\",\"url\":\"https:\/\/www.abf.se\/orebro-lan\/samarbeta-med-oss\/information-till-cirkelledare\/\",\"name\":\"Information till cirkelledare - ABF \u00d6rebro l\u00e4n\",\"isPartOf\":{\"@id\":\"https:\/\/www.abf.se\/orebro-lan\/#website\"},\"datePublished\":\"2024-04-18T12:18:11+00:00\",\"dateModified\":\"2025-09-24T14:00:18+00:00\",\"description\":\"Information till cirkelledare. Du \u00e4r en viktig kugge i det st\u00e4ndigt p\u00e5g\u00e5ende folkbildningsarbetet och tillg\u00e4ngligg\u00f6r kunskap \u00e5t alla!\",\"breadcrumb\":{\"@id\":\"https:\/\/www.abf.se\/orebro-lan\/samarbeta-med-oss\/information-till-cirkelledare\/#breadcrumb\"},\"inLanguage\":\"sv-SE\",\"potentialAction\":[{\"@type\":\"ReadAction\",\"target\":[\"https:\/\/www.abf.se\/orebro-lan\/samarbeta-med-oss\/information-till-cirkelledare\/\"]}]},{\"@type\":\"BreadcrumbList\",\"@id\":\"https:\/\/www.abf.se\/orebro-lan\/samarbeta-med-oss\/information-till-cirkelledare\/#breadcrumb\",\"itemListElement\":[{\"@type\":\"ListItem\",\"position\":1,\"name\":\"Home\",\"item\":\"https:\/\/www.abf.se\/orebro-lan\/\"},{\"@type\":\"ListItem\",\"position\":2,\"name\":\"Samarbeta med ABF\",\"item\":\"https:\/\/www.abf.se\/orebro-lan\/samarbeta-med-oss\/\"},{\"@type\":\"ListItem\",\"position\":3,\"name\":\"Information till cirkelledare\"}]},{\"@type\":\"WebSite\",\"@id\":\"https:\/\/www.abf.se\/orebro-lan\/#website\",\"url\":\"https:\/\/www.abf.se\/orebro-lan\/\",\"name\":\"\u00d6rebro l\u00e4n\",\"description\":\"\",\"potentialAction\":[{\"@type\":\"SearchAction\",\"target\":{\"@type\":\"EntryPoint\",\"urlTemplate\":\"https:\/\/www.abf.se\/orebro-lan\/?s={search_term_string}\"},\"query-input\":{\"@type\":\"PropertyValueSpecification\",\"valueRequired\":true,\"valueName\":\"search_term_string\"}}],\"inLanguage\":\"sv-SE\"}]}<\/script>\n<!-- \/ Yoast SEO plugin. -->","yoast_head_json":{"title":"Information till cirkelledare - ABF \u00d6rebro l\u00e4n","description":"Information till cirkelledare. Du \u00e4r en viktig kugge i det st\u00e4ndigt p\u00e5g\u00e5ende folkbildningsarbetet och tillg\u00e4ngligg\u00f6r kunskap \u00e5t alla!","robots":{"index":"index","follow":"follow","max-snippet":"max-snippet:-1","max-image-preview":"max-image-preview:large","max-video-preview":"max-video-preview:-1"},"canonical":"https:\/\/www.abf.se\/orebro-lan\/samarbeta-med-oss\/information-till-cirkelledare\/","og_locale":"sv_SE","og_type":"article","og_title":"Information till cirkelledare - ABF \u00d6rebro l\u00e4n","og_description":"Information till cirkelledare. Du \u00e4r en viktig kugge i det st\u00e4ndigt p\u00e5g\u00e5ende folkbildningsarbetet och tillg\u00e4ngligg\u00f6r kunskap \u00e5t alla!","og_url":"https:\/\/www.abf.se\/orebro-lan\/samarbeta-med-oss\/information-till-cirkelledare\/","og_site_name":"\u00d6rebro l\u00e4n","article_modified_time":"2025-09-24T14:00:18+00:00","og_image":[{"width":2560,"height":1440,"url":"https:\/\/www.abf.se\/wp-content\/uploads\/sites\/63\/2024\/04\/Nyckeln-liggande-scaled.jpg","type":"image\/jpeg"}],"twitter_card":"summary_large_image","schema":{"@context":"https:\/\/schema.org","@graph":[{"@type":"WebPage","@id":"https:\/\/www.abf.se\/orebro-lan\/samarbeta-med-oss\/information-till-cirkelledare\/","url":"https:\/\/www.abf.se\/orebro-lan\/samarbeta-med-oss\/information-till-cirkelledare\/","name":"Information till cirkelledare - ABF \u00d6rebro l\u00e4n","isPartOf":{"@id":"https:\/\/www.abf.se\/orebro-lan\/#website"},"datePublished":"2024-04-18T12:18:11+00:00","dateModified":"2025-09-24T14:00:18+00:00","description":"Information till cirkelledare. Du \u00e4r en viktig kugge i det st\u00e4ndigt p\u00e5g\u00e5ende folkbildningsarbetet och tillg\u00e4ngligg\u00f6r kunskap \u00e5t alla!","breadcrumb":{"@id":"https:\/\/www.abf.se\/orebro-lan\/samarbeta-med-oss\/information-till-cirkelledare\/#breadcrumb"},"inLanguage":"sv-SE","potentialAction":[{"@type":"ReadAction","target":["https:\/\/www.abf.se\/orebro-lan\/samarbeta-med-oss\/information-till-cirkelledare\/"]}]},{"@type":"BreadcrumbList","@id":"https:\/\/www.abf.se\/orebro-lan\/samarbeta-med-oss\/information-till-cirkelledare\/#breadcrumb","itemListElement":[{"@type":"ListItem","position":1,"name":"Home","item":"https:\/\/www.abf.se\/orebro-lan\/"},{"@type":"ListItem","position":2,"name":"Samarbeta med ABF","item":"https:\/\/www.abf.se\/orebro-lan\/samarbeta-med-oss\/"},{"@type":"ListItem","position":3,"name":"Information till cirkelledare"}]},{"@type":"WebSite","@id":"https:\/\/www.abf.se\/orebro-lan\/#website","url":"https:\/\/www.abf.se\/orebro-lan\/","name":"\u00d6rebro l\u00e4n","description":"","potentialAction":[{"@type":"SearchAction","target":{"@type":"EntryPoint","urlTemplate":"https:\/\/www.abf.se\/orebro-lan\/?s={search_term_string}"},"query-input":{"@type":"PropertyValueSpecification","valueRequired":true,"valueName":"search_term_string"}}],"inLanguage":"sv-SE"}]}},"_links":{"self":[{"href":"https:\/\/www.abf.se\/orebro-lan\/wp-json\/wp\/v2\/pages\/1056","targetHints":{"allow":["GET"]}}],"collection":[{"href":"https:\/\/www.abf.se\/orebro-lan\/wp-json\/wp\/v2\/pages"}],"about":[{"href":"https:\/\/www.abf.se\/orebro-lan\/wp-json\/wp\/v2\/types\/page"}],"author":[{"embeddable":true,"href":"https:\/\/www.abf.se\/orebro-lan\/wp-json\/wp\/v2\/users\/72"}],"replies":[{"embeddable":true,"href":"https:\/\/www.abf.se\/orebro-lan\/wp-json\/wp\/v2\/comments?post=1056"}],"version-history":[{"count":11,"href":"https:\/\/www.abf.se\/orebro-lan\/wp-json\/wp\/v2\/pages\/1056\/revisions"}],"predecessor-version":[{"id":1074,"href":"https:\/\/www.abf.se\/orebro-lan\/wp-json\/wp\/v2\/pages\/1056\/revisions\/1074"}],"up":[{"embeddable":true,"href":"https:\/\/www.abf.se\/orebro-lan\/wp-json\/wp\/v2\/pages\/260"}],"wp:attachment":[{"href":"https:\/\/www.abf.se\/orebro-lan\/wp-json\/wp\/v2\/media?parent=1056"}],"curies":[{"name":"wp","href":"https:\/\/api.w.org\/{rel}","templated":true}]}}