{"id":1187,"date":"2024-09-04T10:48:24","date_gmt":"2024-09-04T08:48:24","guid":{"rendered":"https:\/\/www.abf.se\/orebro-lan\/?page_id=1187"},"modified":"2025-09-24T16:31:32","modified_gmt":"2025-09-24T14:31:32","slug":"krisberedskap","status":"publish","type":"page","link":"https:\/\/www.abf.se\/orebro-lan\/var-verksamhet\/vara-projekt\/krisberedskap\/","title":{"rendered":"Krisberedskap"},"content":{"rendered":"<div\n    class=\"acf-hero-block container-lg no-padding mb-12 js-geolocation\"\n    data-block=\"hero-block\"\n    data-index=\"0\"\n>\n    <div class=\"h-[548px]  relative rounded-[32px] overflow-hidden flex bg-gray-light\">\n        <div class=\"relative z-10 mt-auto h-auto w-full md:h-full\">\n            <div class=\"flex w-full h-full flex-col flex-wrap justify-end w-full md:w-7\/12 lg:w-1\/2 md:justify-center\">\n                <div class=\"flex flex-col gap-3 md:gap-[18px] md:transparent pt-16 pb-36 md:py-8 px-4 w-full md:max-w-[620px] mx-auto px-8\">\n\n                    <h1 class=\"hero-heading hero-heading--red-text\"><span>Krisberedskap<\/span><\/h1>\n\n                    \n                                    <\/div>\n            <\/div>\n        <\/div>\n\n                    <picture class=\"as-background-image mix-blend-multiply bg-black\/40\"><img decoding=\"async\" src=\"https:\/\/www.abf.se\/orebro-lan\/resized\/?url=https%3A%2F%2Fwww.abf.se%2Fwp-content%2Fuploads%2Fsites%2F63%2F2024%2F09%2FAvsnitt-3-Elavbrott-Michael-Fredman-MSB.jpeg&#038;fit=crop&#038;w=1440&#038;s=f50b4660806795d645df0f63fec01928\" srcset=\"https:\/\/www.abf.se\/orebro-lan\/resized\/?url=https%3A%2F%2Fwww.abf.se%2Fwp-content%2Fuploads%2Fsites%2F63%2F2024%2F09%2FAvsnitt-3-Elavbrott-Michael-Fredman-MSB.jpeg&#038;fit=crop&#038;w=375&#038;h=540&#038;s=733b77694751deda982db9d3e81d6b72 375w, https:\/\/www.abf.se\/orebro-lan\/resized\/?url=https%3A%2F%2Fwww.abf.se%2Fwp-content%2Fuploads%2Fsites%2F63%2F2024%2F09%2FAvsnitt-3-Elavbrott-Michael-Fredman-MSB.jpeg&#038;fit=crop&#038;w=447&#038;h=540&#038;s=a6a3486aecf2efa2cca9bab5791b0d29 447w, https:\/\/www.abf.se\/orebro-lan\/resized\/?url=https%3A%2F%2Fwww.abf.se%2Fwp-content%2Fuploads%2Fsites%2F63%2F2024%2F09%2FAvsnitt-3-Elavbrott-Michael-Fredman-MSB.jpeg&#038;fit=crop&#038;w=519&#038;h=540&#038;s=414d140c0201ebcc7fb47e778fdeab0c 519w, https:\/\/www.abf.se\/orebro-lan\/resized\/?url=https%3A%2F%2Fwww.abf.se%2Fwp-content%2Fuploads%2Fsites%2F63%2F2024%2F09%2FAvsnitt-3-Elavbrott-Michael-Fredman-MSB.jpeg&#038;fit=crop&#038;w=591&#038;h=540&#038;s=1dd9567d369aa79614fc6973b34fbd99 591w, https:\/\/www.abf.se\/orebro-lan\/resized\/?url=https%3A%2F%2Fwww.abf.se%2Fwp-content%2Fuploads%2Fsites%2F63%2F2024%2F09%2FAvsnitt-3-Elavbrott-Michael-Fredman-MSB.jpeg&#038;fit=crop&#038;w=663&#038;h=540&#038;s=b30bd8d8b961f72692d14999e0e5bf50 663w, https:\/\/www.abf.se\/orebro-lan\/resized\/?url=https%3A%2F%2Fwww.abf.se%2Fwp-content%2Fuploads%2Fsites%2F63%2F2024%2F09%2FAvsnitt-3-Elavbrott-Michael-Fredman-MSB.jpeg&#038;fit=crop&#038;w=750&#038;h=540&#038;s=1db75a0652ec830080fc3be97d096a64 750w, https:\/\/www.abf.se\/orebro-lan\/resized\/?url=https%3A%2F%2Fwww.abf.se%2Fwp-content%2Fuploads%2Fsites%2F63%2F2024%2F09%2FAvsnitt-3-Elavbrott-Michael-Fredman-MSB.jpeg&#038;fit=crop&#038;w=894&#038;h=540&#038;s=2fa039c35e1be64e06bcd1b9a5ef6504 894w, https:\/\/www.abf.se\/orebro-lan\/resized\/?url=https%3A%2F%2Fwww.abf.se%2Fwp-content%2Fuploads%2Fsites%2F63%2F2024%2F09%2FAvsnitt-3-Elavbrott-Michael-Fredman-MSB.jpeg&#038;fit=crop&#038;w=1038&#038;h=540&#038;s=8059c5c2b04bc81c532105f02cfc56fc 1038w, https:\/\/www.abf.se\/orebro-lan\/resized\/?url=https%3A%2F%2Fwww.abf.se%2Fwp-content%2Fuploads%2Fsites%2F63%2F2024%2F09%2FAvsnitt-3-Elavbrott-Michael-Fredman-MSB.jpeg&#038;fit=crop&#038;w=1182&#038;h=540&#038;s=e4262e50e1da6569f8dc939733cd3ea4 1182w, https:\/\/www.abf.se\/orebro-lan\/resized\/?url=https%3A%2F%2Fwww.abf.se%2Fwp-content%2Fuploads%2Fsites%2F63%2F2024%2F09%2FAvsnitt-3-Elavbrott-Michael-Fredman-MSB.jpeg&#038;fit=crop&#038;w=1326&#038;h=540&#038;s=f40d30309b1551726d0626265e9c4340 1326w, https:\/\/www.abf.se\/orebro-lan\/resized\/?url=https%3A%2F%2Fwww.abf.se%2Fwp-content%2Fuploads%2Fsites%2F63%2F2024%2F09%2FAvsnitt-3-Elavbrott-Michael-Fredman-MSB.jpeg&#038;fit=crop&#038;w=1440&#038;h=540&#038;s=2477fca3c9820e04d230a211ee8be216 1440w\" alt=\"\" height=\"540\" width=\"1440\" sizes=\"(max-width: 1440px) calc(100vw - 32px), 1440px\" loading=\"eager\" fetchpriority=\"high\" aria-hidden=\"true\" role=\"presentation\" \/><\/picture>\n        \n\n            <\/div>\n\n    <\/div>\n\n<div\n    class=\"acf-plain-heading-block container my-16\"\n    data-block=\"plain-heading-block\"\n>\n    <div class=\"max-w-[658px] mx-auto\">\n                <h1 class=\"hero-heading\"><span>Visste du att&#8230;<\/span><\/h1>\n                            <p class=\"mt-8 body-xl text-black\">\n                krisberedskap \u00e4r viktigt b\u00e5de f\u00f6r dig, din familj, anh\u00f6riga, v\u00e4nner, p\u00e5 arbetsplatsen samt f\u00f6r \u00f6vriga samh\u00e4llet? Tillsammans g\u00f6r vi alla samh\u00e4llet mer motst\u00e5ndskraftigare f\u00f6r olika krissituationer som kan t\u00e4nkas uppst\u00e5.  \n            <\/p>\n            <\/div>\n<\/div>\n<div\n    class=\"acf-article-text-block article-container my-12\"\n    data-block=\"article-text-block\"\n>\n    <div class=\"wysiwyg\">\n        <p>Myndigheten f\u00f6r samh\u00e4llsskydd och beredskap (MSB) beskriver det som f\u00f6ljande:<br \/>\n\u201dSamh\u00e4llsskydd och beredskap handlar om att hela samh\u00e4llet ska kunna klara av s\u00e5v\u00e4l sm\u00e5 som stora olyckor och kriser. Krisberedskapen syftar till att skydda m\u00e4nniskors liv och h\u00e4lsa, samh\u00e4llets funktionalitet, samt f\u00f6rm\u00e5gan att uppr\u00e4tth\u00e5lla grundl\u00e4ggande v\u00e4rden som demokrati, r\u00e4ttss\u00e4kerhet och m\u00e4nskliga r\u00e4ttigheter.\u201d &#8211; MSB, 2024-08-26<\/p>\n<p>Du och varje svensk medborgare \u00e4r en del av civilsamh\u00e4llet. Civilsamh\u00e4llet \u00e4r i sin tur del av det civila f\u00f6rsvaret som tillsammans med det svenska milit\u00e4ra f\u00f6rsvaret utg\u00f6r Sveriges totalf\u00f6rsvar. Varje medborgare kan bidra till totalf\u00f6rsvaret genom att vara f\u00f6rberedd f\u00f6r olika krissituationer! <\/p>\n<p>Ofta uppkommer krissituationer helt ov\u00e4ntat. \u00c4r du d\u00e4remot f\u00f6rberedd s\u00e5 bem\u00f6ter och hanterar du krissituationer p\u00e5 ett betryggande s\u00e4tt och hj\u00e4lper d\u00e5 till att avlasta samh\u00e4llet s\u00e5 att det kan fokusera p\u00e5 det som \u00e4r viktigast under en krissituation. <\/p>\n\n    <\/div>\n<\/div>\n<div\n    class=\"acf-text-image-block container my-12 md:my-15\"\n    data-block=\"text-image-block\"\n>\n    <div\n    class=\"flex flex-col items-center md:flex-row gap-8 md:gap-0 justify-between\">\n                        <div class=\"w-full md:w-1\/2 md:order-2\">\n            <picture><img decoding=\"async\" src=\"https:\/\/www.abf.se\/orebro-lan\/resized\/?url=https%3A%2F%2Fwww.abf.se%2Fwp-content%2Fuploads%2Fsites%2F63%2F2024%2F09%2FAvsnitt-2-Krislada-2-Thomas-Henrikson-MSB-scaled-e1725436610470.jpg&#038;fit=crop&#038;w=578&#038;s=a4dd3ab991645707079eea66bd31ea18\" srcset=\"https:\/\/www.abf.se\/orebro-lan\/resized\/?url=https%3A%2F%2Fwww.abf.se%2Fwp-content%2Fuploads%2Fsites%2F63%2F2024%2F09%2FAvsnitt-2-Krislada-2-Thomas-Henrikson-MSB-scaled-e1725436610470.jpg&#038;fit=crop&#038;w=144&#038;h=126&#038;s=a750088a862f7a83544f21a5e65694bc 144w, https:\/\/www.abf.se\/orebro-lan\/resized\/?url=https%3A%2F%2Fwww.abf.se%2Fwp-content%2Fuploads%2Fsites%2F63%2F2024%2F09%2FAvsnitt-2-Krislada-2-Thomas-Henrikson-MSB-scaled-e1725436610470.jpg&#038;fit=crop&#038;w=240&#038;h=211&#038;s=3955d73ab3eac86a6288e606b2d6e317 240w, https:\/\/www.abf.se\/orebro-lan\/resized\/?url=https%3A%2F%2Fwww.abf.se%2Fwp-content%2Fuploads%2Fsites%2F63%2F2024%2F09%2FAvsnitt-2-Krislada-2-Thomas-Henrikson-MSB-scaled-e1725436610470.jpg&#038;fit=crop&#038;w=288&#038;h=253&#038;s=526711cb986ffdd19d246a5523cf6747 288w, https:\/\/www.abf.se\/orebro-lan\/resized\/?url=https%3A%2F%2Fwww.abf.se%2Fwp-content%2Fuploads%2Fsites%2F63%2F2024%2F09%2FAvsnitt-2-Krislada-2-Thomas-Henrikson-MSB-scaled-e1725436610470.jpg&#038;fit=crop&#038;w=336&#038;h=295&#038;s=9b00a5670765d65dabc1d29edb91fb94 336w, https:\/\/www.abf.se\/orebro-lan\/resized\/?url=https%3A%2F%2Fwww.abf.se%2Fwp-content%2Fuploads%2Fsites%2F63%2F2024%2F09%2FAvsnitt-2-Krislada-2-Thomas-Henrikson-MSB-scaled-e1725436610470.jpg&#038;fit=crop&#038;w=432&#038;h=380&#038;s=f912d520b73560b384148c90d7d10cab 432w, https:\/\/www.abf.se\/orebro-lan\/resized\/?url=https%3A%2F%2Fwww.abf.se%2Fwp-content%2Fuploads%2Fsites%2F63%2F2024%2F09%2FAvsnitt-2-Krislada-2-Thomas-Henrikson-MSB-scaled-e1725436610470.jpg&#038;fit=crop&#038;w=480&#038;h=422&#038;s=fbbe72eb5cb61ba02c30288b5fce229a 480w, https:\/\/www.abf.se\/orebro-lan\/resized\/?url=https%3A%2F%2Fwww.abf.se%2Fwp-content%2Fuploads%2Fsites%2F63%2F2024%2F09%2FAvsnitt-2-Krislada-2-Thomas-Henrikson-MSB-scaled-e1725436610470.jpg&#038;fit=crop&#038;w=528&#038;h=464&#038;s=290dd9aa136f4190b708c45079af7365 528w, https:\/\/www.abf.se\/orebro-lan\/resized\/?url=https%3A%2F%2Fwww.abf.se%2Fwp-content%2Fuploads%2Fsites%2F63%2F2024%2F09%2FAvsnitt-2-Krislada-2-Thomas-Henrikson-MSB-scaled-e1725436610470.jpg&#038;fit=crop&#038;w=578&#038;h=509&#038;s=ebaf7595bd20c3f65d2bef2ad59b31ce 578w, https:\/\/www.abf.se\/orebro-lan\/resized\/?url=https%3A%2F%2Fwww.abf.se%2Fwp-content%2Fuploads%2Fsites%2F63%2F2024%2F09%2FAvsnitt-2-Krislada-2-Thomas-Henrikson-MSB-scaled-e1725436610470.jpg&#038;fit=crop&#038;w=672&#038;h=591&#038;s=7abb70f663d351ee87875db6c86d197a 672w, https:\/\/www.abf.se\/orebro-lan\/resized\/?url=https%3A%2F%2Fwww.abf.se%2Fwp-content%2Fuploads%2Fsites%2F63%2F2024%2F09%2FAvsnitt-2-Krislada-2-Thomas-Henrikson-MSB-scaled-e1725436610470.jpg&#038;fit=crop&#038;w=864&#038;h=760&#038;s=99877674c792243c2c5a2c9952179659 864w, https:\/\/www.abf.se\/orebro-lan\/resized\/?url=https%3A%2F%2Fwww.abf.se%2Fwp-content%2Fuploads%2Fsites%2F63%2F2024%2F09%2FAvsnitt-2-Krislada-2-Thomas-Henrikson-MSB-scaled-e1725436610470.jpg&#038;fit=crop&#038;w=1056&#038;h=929&#038;s=73a727e0ac74db79f7573865873c936b 1056w\" alt=\"\" height=\"509\" width=\"578\" sizes=\"auto, (max-width: 768px) 100vw,\n                (max-width: 1280px) 50vw, 578px\" loading=\"lazy\" fetchpriority=\"low\" \/><\/picture>\n\n        <\/div>\n        \n        <div class=\"w-full md:w-1\/2 md:order-1\">\n        <div class=\"mx-auto md:max-w-[368px]\">\n            <h2 class=\"heading-lg\"><\/h2>\n            <div class=\"mb-6 mt-4 wysiwyg\">\n                <p>Vill du l\u00e4ra dig mer om vad du kan g\u00f6ra?<br \/>\nVi har materialet f\u00f6r dig!<\/p>\n<p>Genom att delta i studiecirklar i krisberedskap tar du sj\u00e4lvklart del av v\u00e5rt eminenta material p\u00e5 olika s\u00e4tt: som en bok med studiehandledning, lyssnar p\u00e5 Beredsam-podden eller s\u00e5 tar du del av elva stycken poddavsnitt samt tillh\u00f6rande studiehandledning p\u00e5 svenskt teckenspr\u00e5k.<\/p>\n<p>Ni l\u00e4ser i, tittar p\u00e5 eller lyssnar p\u00e5 materialet p\u00e5 det s\u00e4tt ni \u00f6nskar i er studiecirkel och tar del av studiehandledningen f\u00f6r att f\u00e5 tips och id\u00e9er p\u00e5 vad ni kan diskutera till varje cirkeltr\u00e4ff. Kanske l\u00e4gger ni in studiebes\u00f6k hos kommunens beredskapssamordnare eller bes\u00f6ker ett skyddsrum mellan era tr\u00e4ffar?!<\/p>\n\n            <\/div>\n                    <\/div>\n        <\/div>\n    <\/div>\n<\/div><div\n    class=\"acf-plain-heading-block container my-16\"\n    data-block=\"plain-heading-block\"\n>\n    <div class=\"max-w-[658px] mx-auto\">\n                            <p class=\"mt-8 body-xl text-black\">\n                \u00c4r du teckenspr\u00e5kig och nyfiken p\u00e5 hur du ut\u00f6kar dina kunskaper inom krisberedskap och klara av olika krissituationer eller kanske \u00e4r du intresserad av att g\u00e5 med i en studiecirkel i krisberedskap?<br \/>\r\nVi har materialet f\u00f6r dig! \n            <\/p>\n            <\/div>\n<\/div>\n<div\n    class=\"acf-quick-link-block bg-red py-12 md:py-20\"\n    data-block=\"quick-link-block\"\n>\n    <div class=\"container\">\n                    <h2 class=\"heading-lg mb-7 text-center text-white\">\n                H\u00e4r hittar du Beredsampodden\n            <\/h2>\n        \n        <div\n            class=\"px-5 content:px-0 grid grid-cols-1 gap-8\">\n            \n            <article\nclass=\"round-corners-sm p-6 relative group grid grid-rows-[subgrid] row-[span_3] gap-4 bg-white text-red\"\n>\n            <h3\n        class=\"heading-sm group-hover:underline text-red\">\n            <a href=\"https:\/\/www.abf.se\/orebro-lan\/var-verksamhet\/vara-projekt\/krisberedskap\/beredsampodden\/\" class=\"expanded-hit-area\" target=\"_blank\">\n                Beredsampodden\n            <\/a>\n        <\/h3>\n                <p class=\"body-md text-gray-text\">\n            H\u00e4r hittar du avsnitt nr 1 till 11 av Beredsampodden och tillh\u00f6rande handledning till varje avsnitt \u2013 \u00f6versatt till svenskt teckenspr\u00e5k.\n        <\/p>\n        <figure\n    class=\"w-[38px] h-[38px] rounded-full p-2 group-hover:scale-110 transition-transform duration-300 self-end pointer-events-none bg-red text-white\">\n        <svg width=\"20\" height=\"20\" viewBox=\"0 0 20 20\" fill=\"none\" class=\"SvgIconElement\">\n<path d=\"M4.16659 10L15.8333 10\" stroke=\"currentColor\"\/>\n<path d=\"M9.99992 4.1665L15.8333 9.99984L9.99992 15.8332\" stroke=\"currentColor\"\/>\n<\/svg>\n    <\/figure>\n<\/article>                    <\/div>\n    <\/div>\n<\/div>\n<div\n    class=\"acf-plain-heading-block container my-16\"\n    data-block=\"plain-heading-block\"\n>\n    <div class=\"max-w-[658px] mx-auto\">\n                            <p class=\"mt-8 body-xl text-black\">\n                Har ni fr\u00e5gor eller \u00f6nskar ni f\u00e5 mer input och bolla id\u00e9er? Tveka inte att ta kontakt med ABF \u00d6rebro l\u00e4n s\u00e5 hj\u00e4lper vi er att komma ig\u00e5ng!  \n            <\/p>\n            <\/div>\n<\/div>\n<ul\n    class=\"acf-article-accordion-block accordion-group grid gap-4 my-12 article-container\"\n    data-block=\"article-accordion-block \"\n    data-ui-accordion-group\n>\n\n            <li class=\"accordion\" data-ui-accordion data-ui-accordion-open=\"false\">\n        <h3>\n        <button data-ui-accordion-button class=\"accordion-toggle font-bold\" aria-expanded=\"false\" aria-controls=\"row-kontakt-0\" id=\"kontakt-0\">\n            Kontakt\n            \n            <figure class=\"w-4.5 h-4.5\" aria-hidden=\"true\">\n            <svg width=\"20\" height=\"20\" viewBox=\"0 0 20 20\" fill=\"none\"\nclass=\"SvgIconElement\">\n<path d=\"M15.8333 7.16667L9.99992 13L4.16659 7.16667\" stroke=\"currentColor\"\/>\n<\/svg>\n            <\/figure>\n        <\/button>\n        \n                <\/h3>\n        <div class=\"accordion-content\">\n            <div id=\"row-kontakt-0\" role=\"region\" class=\"accordion-content-wrap\" aria-labelledby=\"kontakt-0\">\n                                                <div class=\"grid md:grid-cols-3 gap-y-10 mt-10\">\n                        \n                                                        <div class=\"contact flex flex-col gap-3\">\n                                <div class=\"md:max-w-[160px]\">\n                                    <picture><source media=\"(max-width:767px)\" srcset=\"https:\/\/www.abf.se\/orebro-lan\/resized\/?url=https%3A%2F%2Fwww.abf.se%2Fwp-content%2Fuploads%2Fsites%2F63%2F2024%2F03%2F20230130_093808-scaled.jpg&#038;fit=crop&#038;w=800&#038;h=800&#038;s=13bbce4ba3423de0e92247f78183540e 1x, https:\/\/www.abf.se\/orebro-lan\/resized\/?url=https%3A%2F%2Fwww.abf.se%2Fwp-content%2Fuploads%2Fsites%2F63%2F2024%2F03%2F20230130_093808-scaled.jpg&#038;fit=crop&#038;w=1600&#038;h=1600&#038;s=793e07a1df1a3155cbda120819dc699c 2x\"><img decoding=\"async\" src=\"https:\/\/www.abf.se\/orebro-lan\/resized\/?url=https%3A%2F%2Fwww.abf.se%2Fwp-content%2Fuploads%2Fsites%2F63%2F2024%2F03%2F20230130_093808-scaled.jpg&#038;fit=crop&#038;w=160&#038;s=95cad22626a86780ce8f914b56f50baa\" srcset=\"https:\/\/www.abf.se\/orebro-lan\/resized\/?url=https%3A%2F%2Fwww.abf.se%2Fwp-content%2Fuploads%2Fsites%2F63%2F2024%2F03%2F20230130_093808-scaled.jpg&#038;fit=crop&#038;w=320&#038;h=440&#038;s=c7bf2a87973286945e62c8764c22b6d2 1x, https:\/\/www.abf.se\/orebro-lan\/resized\/?url=https%3A%2F%2Fwww.abf.se%2Fwp-content%2Fuploads%2Fsites%2F63%2F2024%2F03%2F20230130_093808-scaled.jpg&#038;fit=crop&#038;w=320&#038;h=440&#038;s=c7bf2a87973286945e62c8764c22b6d2 2x\" alt=\"\" \/><\/picture>\n                                <\/div>\n                                <div class=\"\">\n                                    <h4 class=\"heading-lg\">Thomas Ljungberg<\/h4>\n                                    <p class=\"body-md\">Verksamhetsutvecklare teckenspr\u00e5kig folkbildning<\/p>\n                                                                    <\/div>\n                                                                <div class=\"flex gap flex-col label-md gap-1\">\n                                                                        <div class=\"flex gap-3\">\n                                        <svg width=\"20\" height=\"20\" viewBox=\"0 0 20 20\" fill=\"none\" xmlns=\"http:\/\/www.w3.org\/2000\/svg\">\n<path d=\"M16.625 17.5C14.8333 17.5 13.0868 17.1007 11.3854 16.3021C9.68403 15.5035 8.17708 14.4479 6.86458 13.1354C5.55208 11.8229 4.49653 10.316 3.69792 8.61458C2.89931 6.91319 2.5 5.16667 2.5 3.375C2.5 3.125 2.58333 2.91667 2.75 2.75C2.91667 2.58333 3.125 2.5 3.375 2.5H6.75C6.94444 2.5 7.11806 2.5625 7.27083 2.6875C7.42361 2.8125 7.51389 2.97222 7.54167 3.16667L8.08333 6.08333C8.11111 6.27778 8.10764 6.45486 8.07292 6.61458C8.03819 6.77431 7.95833 6.91667 7.83333 7.04167L5.8125 9.08333C6.39583 10.0833 7.12847 11.0208 8.01042 11.8958C8.89236 12.7708 9.86111 13.5278 10.9167 14.1667L12.875 12.2083C13 12.0833 13.1632 11.9896 13.3646 11.9271C13.566 11.8646 13.7639 11.8472 13.9583 11.875L16.8333 12.4583C17.0278 12.5 17.1875 12.5938 17.3125 12.7396C17.4375 12.8854 17.5 13.0556 17.5 13.25V16.625C17.5 16.875 17.4167 17.0833 17.25 17.25C17.0833 17.4167 16.875 17.5 16.625 17.5ZM5.02083 7.5L6.39583 6.125L6.04167 4.16667H4.1875C4.25694 4.73611 4.35417 5.29861 4.47917 5.85417C4.60417 6.40972 4.78472 6.95833 5.02083 7.5ZM15.8333 15.7917V13.9583L13.875 13.5625L12.4792 14.9583C13.0208 15.1944 13.5729 15.3819 14.1354 15.5208C14.6979 15.6597 15.2639 15.75 15.8333 15.7917Z\" fill=\"black\"\/>\n<\/svg>\n                                        <p>\n                                                                                                                               <a href=\"callto:070-601 13 12 (SMS)\">070-601 13 12 (SMS)<\/a>\n                                                                                                                                     <\/p>\n                                    <\/div>\n                                                                                                            <div class=\"flex gap-3\">\n                                        <svg width=\"20\" height=\"20\" viewBox=\"0 0 20 20\" fill=\"none\" xmlns=\"http:\/\/www.w3.org\/2000\/svg\">\n<path d=\"M3.33366 16.6666C2.87533 16.6666 2.48296 16.5035 2.15658 16.1771C1.83019 15.8507 1.66699 15.4583 1.66699 15V4.99998C1.66699 4.54165 1.83019 4.14929 2.15658 3.8229C2.48296 3.49651 2.87533 3.33331 3.33366 3.33331H16.667C17.1253 3.33331 17.5177 3.49651 17.8441 3.8229C18.1705 4.14929 18.3337 4.54165 18.3337 4.99998V15C18.3337 15.4583 18.1705 15.8507 17.8441 16.1771C17.5177 16.5035 17.1253 16.6666 16.667 16.6666H3.33366ZM16.667 6.66665L10.4378 10.5625C10.3684 10.6041 10.2955 10.6354 10.2191 10.6562C10.1427 10.6771 10.0698 10.6875 10.0003 10.6875C9.93088 10.6875 9.85797 10.6771 9.78158 10.6562C9.70519 10.6354 9.63227 10.6041 9.56283 10.5625L3.33366 6.66665V15H16.667V6.66665ZM10.0003 9.16665L16.667 4.99998H3.33366L10.0003 9.16665ZM3.33366 6.87498V5.64581V5.66665V5.65623V6.87498Z\" fill=\"black\"\/>\n<\/svg>\n                                        <p><a href=\"mailto:thomas.ljungberg@abf.se\">thomas.ljungberg@abf.se<\/a><\/p>\n                                    <\/div>\n                                                                    <\/div>\n                                                            <\/div>\n                                            <\/div>\n                                        <\/div>\n        <\/div>\n    <\/li>\n    <\/ul>\n","protected":false},"excerpt":{"rendered":"","protected":false},"author":72,"featured_media":0,"parent":263,"menu_order":0,"comment_status":"closed","ping_status":"closed","template":"","meta":{"_acf_changed":false,"footnotes":""},"class_list":["post-1187","page","type-page","status-publish","hentry"],"acf":[],"yoast_head":"<!-- This site is optimized with the Yoast SEO plugin v27.0 - https:\/\/yoast.com\/product\/yoast-seo-wordpress\/ -->\n<title>Krisberedskap - ABF \u00d6rebro l\u00e4n<\/title>\n<meta name=\"description\" content=\"Visste du att krisberedskap \u00e4r viktigt b\u00e5de f\u00f6r dig, din familj, anh\u00f6riga, v\u00e4nner, p\u00e5 arbetsplatsen samt f\u00f6r \u00f6vriga samh\u00e4llet?\" \/>\n<meta name=\"robots\" content=\"index, follow, max-snippet:-1, max-image-preview:large, max-video-preview:-1\" \/>\n<link rel=\"canonical\" href=\"https:\/\/www.abf.se\/orebro-lan\/var-verksamhet\/vara-projekt\/krisberedskap\/\" \/>\n<meta property=\"og:locale\" content=\"sv_SE\" \/>\n<meta property=\"og:type\" content=\"article\" \/>\n<meta property=\"og:title\" content=\"Krisberedskap - ABF \u00d6rebro l\u00e4n\" \/>\n<meta property=\"og:description\" content=\"Visste du att krisberedskap \u00e4r viktigt b\u00e5de f\u00f6r dig, din familj, anh\u00f6riga, v\u00e4nner, p\u00e5 arbetsplatsen samt f\u00f6r \u00f6vriga samh\u00e4llet?\" \/>\n<meta property=\"og:url\" content=\"https:\/\/www.abf.se\/orebro-lan\/var-verksamhet\/vara-projekt\/krisberedskap\/\" \/>\n<meta property=\"og:site_name\" content=\"\u00d6rebro l\u00e4n\" \/>\n<meta property=\"article:modified_time\" content=\"2025-09-24T14:31:32+00:00\" \/>\n<meta property=\"og:image\" content=\"https:\/\/www.abf.se\/wp-content\/uploads\/sites\/63\/2024\/04\/Nyckeln-liggande-scaled.jpg\" \/>\n\t<meta property=\"og:image:width\" content=\"2560\" \/>\n\t<meta property=\"og:image:height\" content=\"1440\" \/>\n\t<meta property=\"og:image:type\" content=\"image\/jpeg\" \/>\n<meta name=\"twitter:card\" content=\"summary_large_image\" \/>\n<script type=\"application\/ld+json\" class=\"yoast-schema-graph\">{\"@context\":\"https:\/\/schema.org\",\"@graph\":[{\"@type\":\"WebPage\",\"@id\":\"https:\/\/www.abf.se\/orebro-lan\/var-verksamhet\/vara-projekt\/krisberedskap\/\",\"url\":\"https:\/\/www.abf.se\/orebro-lan\/var-verksamhet\/vara-projekt\/krisberedskap\/\",\"name\":\"Krisberedskap - ABF \u00d6rebro l\u00e4n\",\"isPartOf\":{\"@id\":\"https:\/\/www.abf.se\/orebro-lan\/#website\"},\"datePublished\":\"2024-09-04T08:48:24+00:00\",\"dateModified\":\"2025-09-24T14:31:32+00:00\",\"description\":\"Visste du att krisberedskap \u00e4r viktigt b\u00e5de f\u00f6r dig, din familj, anh\u00f6riga, v\u00e4nner, p\u00e5 arbetsplatsen samt f\u00f6r \u00f6vriga samh\u00e4llet?\",\"breadcrumb\":{\"@id\":\"https:\/\/www.abf.se\/orebro-lan\/var-verksamhet\/vara-projekt\/krisberedskap\/#breadcrumb\"},\"inLanguage\":\"sv-SE\",\"potentialAction\":[{\"@type\":\"ReadAction\",\"target\":[\"https:\/\/www.abf.se\/orebro-lan\/var-verksamhet\/vara-projekt\/krisberedskap\/\"]}]},{\"@type\":\"BreadcrumbList\",\"@id\":\"https:\/\/www.abf.se\/orebro-lan\/var-verksamhet\/vara-projekt\/krisberedskap\/#breadcrumb\",\"itemListElement\":[{\"@type\":\"ListItem\",\"position\":1,\"name\":\"Home\",\"item\":\"https:\/\/www.abf.se\/orebro-lan\/\"},{\"@type\":\"ListItem\",\"position\":2,\"name\":\"V\u00e5r verksamhet\",\"item\":\"https:\/\/www.abf.se\/orebro-lan\/var-verksamhet\/\"},{\"@type\":\"ListItem\",\"position\":3,\"name\":\"V\u00e5ra projekt\",\"item\":\"https:\/\/www.abf.se\/orebro-lan\/var-verksamhet\/vara-projekt\/\"},{\"@type\":\"ListItem\",\"position\":4,\"name\":\"Krisberedskap\"}]},{\"@type\":\"WebSite\",\"@id\":\"https:\/\/www.abf.se\/orebro-lan\/#website\",\"url\":\"https:\/\/www.abf.se\/orebro-lan\/\",\"name\":\"\u00d6rebro l\u00e4n\",\"description\":\"\",\"potentialAction\":[{\"@type\":\"SearchAction\",\"target\":{\"@type\":\"EntryPoint\",\"urlTemplate\":\"https:\/\/www.abf.se\/orebro-lan\/?s={search_term_string}\"},\"query-input\":{\"@type\":\"PropertyValueSpecification\",\"valueRequired\":true,\"valueName\":\"search_term_string\"}}],\"inLanguage\":\"sv-SE\"}]}<\/script>\n<!-- \/ Yoast SEO plugin. -->","yoast_head_json":{"title":"Krisberedskap - ABF \u00d6rebro l\u00e4n","description":"Visste du att krisberedskap \u00e4r viktigt b\u00e5de f\u00f6r dig, din familj, anh\u00f6riga, v\u00e4nner, p\u00e5 arbetsplatsen samt f\u00f6r \u00f6vriga samh\u00e4llet?","robots":{"index":"index","follow":"follow","max-snippet":"max-snippet:-1","max-image-preview":"max-image-preview:large","max-video-preview":"max-video-preview:-1"},"canonical":"https:\/\/www.abf.se\/orebro-lan\/var-verksamhet\/vara-projekt\/krisberedskap\/","og_locale":"sv_SE","og_type":"article","og_title":"Krisberedskap - ABF \u00d6rebro l\u00e4n","og_description":"Visste du att krisberedskap \u00e4r viktigt b\u00e5de f\u00f6r dig, din familj, anh\u00f6riga, v\u00e4nner, p\u00e5 arbetsplatsen samt f\u00f6r \u00f6vriga samh\u00e4llet?","og_url":"https:\/\/www.abf.se\/orebro-lan\/var-verksamhet\/vara-projekt\/krisberedskap\/","og_site_name":"\u00d6rebro l\u00e4n","article_modified_time":"2025-09-24T14:31:32+00:00","og_image":[{"width":2560,"height":1440,"url":"https:\/\/www.abf.se\/wp-content\/uploads\/sites\/63\/2024\/04\/Nyckeln-liggande-scaled.jpg","type":"image\/jpeg"}],"twitter_card":"summary_large_image","schema":{"@context":"https:\/\/schema.org","@graph":[{"@type":"WebPage","@id":"https:\/\/www.abf.se\/orebro-lan\/var-verksamhet\/vara-projekt\/krisberedskap\/","url":"https:\/\/www.abf.se\/orebro-lan\/var-verksamhet\/vara-projekt\/krisberedskap\/","name":"Krisberedskap - ABF \u00d6rebro l\u00e4n","isPartOf":{"@id":"https:\/\/www.abf.se\/orebro-lan\/#website"},"datePublished":"2024-09-04T08:48:24+00:00","dateModified":"2025-09-24T14:31:32+00:00","description":"Visste du att krisberedskap \u00e4r viktigt b\u00e5de f\u00f6r dig, din familj, anh\u00f6riga, v\u00e4nner, p\u00e5 arbetsplatsen samt f\u00f6r \u00f6vriga samh\u00e4llet?","breadcrumb":{"@id":"https:\/\/www.abf.se\/orebro-lan\/var-verksamhet\/vara-projekt\/krisberedskap\/#breadcrumb"},"inLanguage":"sv-SE","potentialAction":[{"@type":"ReadAction","target":["https:\/\/www.abf.se\/orebro-lan\/var-verksamhet\/vara-projekt\/krisberedskap\/"]}]},{"@type":"BreadcrumbList","@id":"https:\/\/www.abf.se\/orebro-lan\/var-verksamhet\/vara-projekt\/krisberedskap\/#breadcrumb","itemListElement":[{"@type":"ListItem","position":1,"name":"Home","item":"https:\/\/www.abf.se\/orebro-lan\/"},{"@type":"ListItem","position":2,"name":"V\u00e5r verksamhet","item":"https:\/\/www.abf.se\/orebro-lan\/var-verksamhet\/"},{"@type":"ListItem","position":3,"name":"V\u00e5ra projekt","item":"https:\/\/www.abf.se\/orebro-lan\/var-verksamhet\/vara-projekt\/"},{"@type":"ListItem","position":4,"name":"Krisberedskap"}]},{"@type":"WebSite","@id":"https:\/\/www.abf.se\/orebro-lan\/#website","url":"https:\/\/www.abf.se\/orebro-lan\/","name":"\u00d6rebro l\u00e4n","description":"","potentialAction":[{"@type":"SearchAction","target":{"@type":"EntryPoint","urlTemplate":"https:\/\/www.abf.se\/orebro-lan\/?s={search_term_string}"},"query-input":{"@type":"PropertyValueSpecification","valueRequired":true,"valueName":"search_term_string"}}],"inLanguage":"sv-SE"}]}},"_links":{"self":[{"href":"https:\/\/www.abf.se\/orebro-lan\/wp-json\/wp\/v2\/pages\/1187","targetHints":{"allow":["GET"]}}],"collection":[{"href":"https:\/\/www.abf.se\/orebro-lan\/wp-json\/wp\/v2\/pages"}],"about":[{"href":"https:\/\/www.abf.se\/orebro-lan\/wp-json\/wp\/v2\/types\/page"}],"author":[{"embeddable":true,"href":"https:\/\/www.abf.se\/orebro-lan\/wp-json\/wp\/v2\/users\/72"}],"replies":[{"embeddable":true,"href":"https:\/\/www.abf.se\/orebro-lan\/wp-json\/wp\/v2\/comments?post=1187"}],"version-history":[{"count":35,"href":"https:\/\/www.abf.se\/orebro-lan\/wp-json\/wp\/v2\/pages\/1187\/revisions"}],"predecessor-version":[{"id":1336,"href":"https:\/\/www.abf.se\/orebro-lan\/wp-json\/wp\/v2\/pages\/1187\/revisions\/1336"}],"up":[{"embeddable":true,"href":"https:\/\/www.abf.se\/orebro-lan\/wp-json\/wp\/v2\/pages\/263"}],"wp:attachment":[{"href":"https:\/\/www.abf.se\/orebro-lan\/wp-json\/wp\/v2\/media?parent=1187"}],"curies":[{"name":"wp","href":"https:\/\/api.w.org\/{rel}","templated":true}]}}