{"id":1421,"date":"2024-10-17T09:15:54","date_gmt":"2024-10-17T07:15:54","guid":{"rendered":"https:\/\/www.abf.se\/orebro-lan\/?page_id=1421"},"modified":"2025-09-24T15:34:07","modified_gmt":"2025-09-24T13:34:07","slug":"bam-battre-arbetsmiljo","status":"publish","type":"page","link":"https:\/\/www.abf.se\/orebro-lan\/kurser-for-fackligt-anslutna-och-foreningar\/bam-battre-arbetsmiljo\/","title":{"rendered":"BAM &#8211; B\u00e4ttre arbetsmilj\u00f6"},"content":{"rendered":"<div\n    class=\"acf-hero-block container-lg no-padding mb-12 js-geolocation\"\n    data-block=\"hero-block\"\n    data-index=\"0\"\n>\n    <div class=\"h-[548px]  relative rounded-[32px] overflow-hidden flex bg-gray-light\">\n        <div class=\"relative z-10 mt-auto h-auto w-full md:h-full\">\n            <div class=\"flex w-full h-full flex-col flex-wrap justify-end w-full md:w-7\/12 lg:w-1\/2 md:justify-center\">\n                <div class=\"flex flex-col gap-3 md:gap-[18px] md:transparent pt-16 pb-36 md:py-8 px-4 w-full md:max-w-[620px] mx-auto px-8\">\n\n                    <h1 class=\"hero-heading hero-heading--red-text\"><span>BAM &#8211; B\u00e4ttre arbetsmilj\u00f6<\/span><\/h1>\n\n                    \n                                    <\/div>\n            <\/div>\n        <\/div>\n\n                    <picture class=\"as-background-image mix-blend-multiply bg-black\/40\"><img decoding=\"async\" src=\"https:\/\/www.abf.se\/orebro-lan\/resized\/?url=https%3A%2F%2Fwww.abf.se%2Fwp-content%2Fuploads%2Fsites%2F63%2F2024%2F10%2FBam.png&#038;fit=crop&#038;w=1440&#038;s=16c44d3ea3c5ccb8dd0d0caf28b55d36\" srcset=\"https:\/\/www.abf.se\/orebro-lan\/resized\/?url=https%3A%2F%2Fwww.abf.se%2Fwp-content%2Fuploads%2Fsites%2F63%2F2024%2F10%2FBam.png&#038;fit=crop&#038;w=375&#038;h=540&#038;s=b8d13ec48d599958944136b472edef6e 375w, https:\/\/www.abf.se\/orebro-lan\/resized\/?url=https%3A%2F%2Fwww.abf.se%2Fwp-content%2Fuploads%2Fsites%2F63%2F2024%2F10%2FBam.png&#038;fit=crop&#038;w=447&#038;h=540&#038;s=fb54e2e04ea327cfc0830f96ac12a078 447w, https:\/\/www.abf.se\/orebro-lan\/resized\/?url=https%3A%2F%2Fwww.abf.se%2Fwp-content%2Fuploads%2Fsites%2F63%2F2024%2F10%2FBam.png&#038;fit=crop&#038;w=519&#038;h=540&#038;s=f0dd0bbf388d16b97b68ccfcd6851401 519w, https:\/\/www.abf.se\/orebro-lan\/resized\/?url=https%3A%2F%2Fwww.abf.se%2Fwp-content%2Fuploads%2Fsites%2F63%2F2024%2F10%2FBam.png&#038;fit=crop&#038;w=591&#038;h=540&#038;s=47d856609b05a269258f17029dbb87f6 591w, https:\/\/www.abf.se\/orebro-lan\/resized\/?url=https%3A%2F%2Fwww.abf.se%2Fwp-content%2Fuploads%2Fsites%2F63%2F2024%2F10%2FBam.png&#038;fit=crop&#038;w=663&#038;h=540&#038;s=dbc3956c46dde4e77180070200e0ef43 663w, https:\/\/www.abf.se\/orebro-lan\/resized\/?url=https%3A%2F%2Fwww.abf.se%2Fwp-content%2Fuploads%2Fsites%2F63%2F2024%2F10%2FBam.png&#038;fit=crop&#038;w=750&#038;h=540&#038;s=a4795dec24686be5740ae23e23eb4ef5 750w, https:\/\/www.abf.se\/orebro-lan\/resized\/?url=https%3A%2F%2Fwww.abf.se%2Fwp-content%2Fuploads%2Fsites%2F63%2F2024%2F10%2FBam.png&#038;fit=crop&#038;w=894&#038;h=540&#038;s=2d0a89af4700dc6ed66d689dc5aa146a 894w, https:\/\/www.abf.se\/orebro-lan\/resized\/?url=https%3A%2F%2Fwww.abf.se%2Fwp-content%2Fuploads%2Fsites%2F63%2F2024%2F10%2FBam.png&#038;fit=crop&#038;w=1038&#038;h=540&#038;s=0f962bff37b181e9987d62279c8ec2af 1038w, https:\/\/www.abf.se\/orebro-lan\/resized\/?url=https%3A%2F%2Fwww.abf.se%2Fwp-content%2Fuploads%2Fsites%2F63%2F2024%2F10%2FBam.png&#038;fit=crop&#038;w=1182&#038;h=540&#038;s=af115fb56c1a4a1f8958cd67563ee58a 1182w, https:\/\/www.abf.se\/orebro-lan\/resized\/?url=https%3A%2F%2Fwww.abf.se%2Fwp-content%2Fuploads%2Fsites%2F63%2F2024%2F10%2FBam.png&#038;fit=crop&#038;w=1326&#038;h=540&#038;s=27c509bb8f9560a4e2a87d7a9dcafcf2 1326w, https:\/\/www.abf.se\/orebro-lan\/resized\/?url=https%3A%2F%2Fwww.abf.se%2Fwp-content%2Fuploads%2Fsites%2F63%2F2024%2F10%2FBam.png&#038;fit=crop&#038;w=1440&#038;h=540&#038;s=d07a0a2e0061140142eaba9248d3ed5a 1440w\" alt=\"\" height=\"540\" width=\"1440\" sizes=\"(max-width: 1440px) calc(100vw - 32px), 1440px\" loading=\"eager\" fetchpriority=\"high\" aria-hidden=\"true\" role=\"presentation\" \/><\/picture>\n        \n\n            <\/div>\n\n    <\/div>\n\n<div\n    class=\"acf-plain-heading-block container my-16\"\n    data-block=\"plain-heading-block\"\n>\n    <div class=\"max-w-[658px] mx-auto\">\n                <h1 class=\"hero-heading\"><span>F\u00f6r en b\u00e4ttre arbetsmilj\u00f6!<\/span><\/h1>\n                            <p class=\"mt-8 body-xl text-black\">\n                En god arbetsmilj\u00f6 \u00e4r n\u00e5got vi alla f\u00f6rtj\u00e4nar, men det sker inte automatiskt. F\u00f6r att skapa en s\u00e4ker och h\u00e4lsosam arbetsplats kr\u00e4vs ett medvetet och strukturerat arbetsmilj\u00f6arbete \u2013 en process som \u00e4r viktig f\u00f6r alla f\u00f6retag och organisationer idag. Att inte f\u00f6lja arbetsmilj\u00f6lagen kan f\u00e5 allvarliga konsekvenser, b\u00e5de ekonomiska och h\u00e4lsom\u00e4ssiga.\n            <\/p>\n            <\/div>\n<\/div>\n<div\n    class=\"acf-article-text-block article-container my-12\"\n    data-block=\"article-text-block\"\n>\n    <div class=\"wysiwyg\">\n        <p><strong>Efter utbildningen kommer du som deltagare att:<\/strong><\/p>\n<ul>\n<li>Inneha grundl\u00e4ggande kunskaper om lagar, regelverk, avtal och f\u00f6reskrifter<\/li>\n<li>Kunna samverka i arbetsmilj\u00f6fr\u00e5gor<\/li>\n<li>F\u00f6rst\u00e5 hur ett f\u00f6r\u00e4ndringsarbete kan p\u00e5verka individ, grupp och organisation<\/li>\n<li>F\u00f6rst\u00e5 hur bra arbetsmilj\u00f6 bidrar till verksamheten<\/li>\n<li>Kunna g\u00f6ra en riskbed\u00f6mning<\/li>\n<li>Veta var du s\u00f6ker den information du beh\u00f6ver f\u00f6r det dagliga arbetsmilj\u00f6arbetet<\/li>\n<\/ul>\n\n    <\/div>\n<\/div>\n<div\n    class=\"acf-text-image-block container my-12 md:my-15\"\n    data-block=\"text-image-block\"\n>\n    <div\n    class=\"flex flex-col items-center md:flex-row gap-8 md:gap-0 justify-between\">\n                        <div class=\"w-full md:w-1\/2 md:order-1\">\n            <picture><img decoding=\"async\" src=\"https:\/\/www.abf.se\/orebro-lan\/resized\/?url=https%3A%2F%2Fwww.abf.se%2Fwp-content%2Fuploads%2F2024%2F05%2Fkvinna-gul.png&#038;fit=crop&#038;w=578&#038;s=191ea955e81a1ffa0c74278df7a95cf8\" srcset=\"https:\/\/www.abf.se\/orebro-lan\/resized\/?url=https%3A%2F%2Fwww.abf.se%2Fwp-content%2Fuploads%2F2024%2F05%2Fkvinna-gul.png&#038;fit=crop&#038;w=144&#038;h=126&#038;s=92be23a7ac49eddac2612e0999f09320 144w, https:\/\/www.abf.se\/orebro-lan\/resized\/?url=https%3A%2F%2Fwww.abf.se%2Fwp-content%2Fuploads%2F2024%2F05%2Fkvinna-gul.png&#038;fit=crop&#038;w=240&#038;h=211&#038;s=669c375c08f52688eda9c93c7d3f2836 240w, https:\/\/www.abf.se\/orebro-lan\/resized\/?url=https%3A%2F%2Fwww.abf.se%2Fwp-content%2Fuploads%2F2024%2F05%2Fkvinna-gul.png&#038;fit=crop&#038;w=288&#038;h=253&#038;s=fe2a5c08a77c756623ddf70d00aae8ba 288w, https:\/\/www.abf.se\/orebro-lan\/resized\/?url=https%3A%2F%2Fwww.abf.se%2Fwp-content%2Fuploads%2F2024%2F05%2Fkvinna-gul.png&#038;fit=crop&#038;w=336&#038;h=295&#038;s=89036ebf2c4c79a46745dc83367d4bc5 336w, https:\/\/www.abf.se\/orebro-lan\/resized\/?url=https%3A%2F%2Fwww.abf.se%2Fwp-content%2Fuploads%2F2024%2F05%2Fkvinna-gul.png&#038;fit=crop&#038;w=432&#038;h=380&#038;s=a6eeedbf26cefc95681b79aa715f8ecb 432w, https:\/\/www.abf.se\/orebro-lan\/resized\/?url=https%3A%2F%2Fwww.abf.se%2Fwp-content%2Fuploads%2F2024%2F05%2Fkvinna-gul.png&#038;fit=crop&#038;w=480&#038;h=422&#038;s=635d52f25015e16a207468ad8300e554 480w, https:\/\/www.abf.se\/orebro-lan\/resized\/?url=https%3A%2F%2Fwww.abf.se%2Fwp-content%2Fuploads%2F2024%2F05%2Fkvinna-gul.png&#038;fit=crop&#038;w=528&#038;h=464&#038;s=b160b8a5e8fb59fce2f7c7db49ee9fc7 528w, https:\/\/www.abf.se\/orebro-lan\/resized\/?url=https%3A%2F%2Fwww.abf.se%2Fwp-content%2Fuploads%2F2024%2F05%2Fkvinna-gul.png&#038;fit=crop&#038;w=578&#038;h=509&#038;s=f67e9109e709c88e268e47bb37175220 578w, https:\/\/www.abf.se\/orebro-lan\/resized\/?url=https%3A%2F%2Fwww.abf.se%2Fwp-content%2Fuploads%2F2024%2F05%2Fkvinna-gul.png&#038;fit=crop&#038;w=672&#038;h=591&#038;s=e55eddf3804066e37280a2210bf0010f 672w, https:\/\/www.abf.se\/orebro-lan\/resized\/?url=https%3A%2F%2Fwww.abf.se%2Fwp-content%2Fuploads%2F2024%2F05%2Fkvinna-gul.png&#038;fit=crop&#038;w=864&#038;h=760&#038;s=b12a2b36976e999a392f97c982867251 864w, https:\/\/www.abf.se\/orebro-lan\/resized\/?url=https%3A%2F%2Fwww.abf.se%2Fwp-content%2Fuploads%2F2024%2F05%2Fkvinna-gul.png&#038;fit=crop&#038;w=1056&#038;h=929&#038;s=fe0d55ab0f98f594f178ac09984734fc 1056w\" alt=\"Kvinna i gul blus, i rullstol har en turkos och beige bakgrund\" height=\"509\" width=\"578\" sizes=\"auto, (max-width: 768px) 100vw,\n                (max-width: 1280px) 50vw, 578px\" loading=\"lazy\" fetchpriority=\"low\" \/><\/picture>\n\n        <\/div>\n        \n        <div class=\"w-full md:w-1\/2 md:order-2\">\n        <div class=\"mx-auto md:max-w-[368px]\">\n            <h2 class=\"heading-lg\"><\/h2>\n            <div class=\"mb-6 mt-4 wysiwyg\">\n                <p>Vi erbjuder utbildningen &#8221;B\u00e4ttre arbetsmilj\u00f6 (BAM)&#8221; som riktar sig till chefer, ledare och skyddsombud. Under tre inneh\u00e5llsrika dagar f\u00e5r du m\u00f6jlighet att f\u00f6rdjupa dig i de viktigaste lagarna och regelverken som styr arbetsmilj\u00f6n. Du f\u00e5r ocks\u00e5 kunskaper om hur du identifierar och hanterar risker, samt insikt i varf\u00f6r en god arbetsmilj\u00f6 \u00e4r avg\u00f6rande f\u00f6r individen, organisationen och hela samh\u00e4llet.<\/p>\n<p>Utbildningen omfattar \u00e4ven Arbetsmilj\u00f6verkets senaste f\u00f6reskrifter om organisatorisk och social arbetsmilj\u00f6, vilket inkluderar viktiga aspekter som mobbning och kr\u00e4nkande s\u00e4rbehandling. M\u00e5let \u00e4r att du ska kunna arbeta systematiskt med arbetsmilj\u00f6n \u2013 att l\u00e4ra dig att praktiskt unders\u00f6ka, genomf\u00f6ra och f\u00f6lja upp arbetsmilj\u00f6arbetet i din egen organisation. L\u00e5t oss tillsammans bygga en b\u00e4ttre arbetsmilj\u00f6!<\/p>\n\n            <\/div>\n                    <\/div>\n        <\/div>\n    <\/div>\n<\/div><div\n    class=\"acf-article-text-block article-container my-12\"\n    data-block=\"article-text-block\"\n>\n    <div class=\"wysiwyg\">\n        <h2><strong>V\u00e5ra utbildningar tar h\u00e4nsyn till Arbetsmilj\u00f6verkets nya regelstruktur<\/strong><br \/>\n<strong>som tr\u00e4der i kraft 1 januari 2025!<\/strong><\/h2>\n<p>Denna utbildning g\u00e5r att anpassa efter er organisations behov.<br \/>\nVi utg\u00e5r fr\u00e5n en fullv\u00e4rdig BAM (40 timmars utbildning under 5 dagar)<br \/>\nmen kan sj\u00e4lvklart skr\u00e4ddarsy ett uppl\u00e4gg efter just ert behov!<\/p>\n<p><strong>Kostnad:<\/strong><br \/>\n3 dagars BAM utbildning 8700kr exkl. Moms.<br \/>\n5 dagars BAM utbildning 11 000kr exkl. Moms.<\/p>\n<p><strong>Vad ing\u00e5r?<\/strong><br \/>\nKursmaterial, f\u00f6rmiddagsfika, lunch, eftermiddagsfika samt kursintyg efter genomf\u00f6rd utbildning. Vill just er organisation skr\u00e4ddarsy en specialutbildning s\u00e5 kommer vi tillsammans fram till den b\u00e4sta l\u00f6sningen f\u00f6r just er bransch (kostnaden varierar d\u00e5 efter vad vi kommer \u00f6verens om).<\/p>\n<p>Vi kan utf\u00f6ra utbildningen i n\u00e5gon av ABFs lokaler i \u00d6rebro l\u00e4n (vi finns p\u00e5 m\u00e5nga orter), eller i best\u00e4llande organisations lokaler. Vi anpassar oss efter just era \u00f6nskem\u00e5l!<\/p>\n\n    <\/div>\n<\/div>\n<ul\n    class=\"acf-article-accordion-block accordion-group grid gap-4 my-12 article-container\"\n    data-block=\"article-accordion-block \"\n    data-ui-accordion-group\n>\n\n            <li class=\"accordion\" data-ui-accordion data-ui-accordion-open=\"false\">\n        <h3>\n        <button data-ui-accordion-button class=\"accordion-toggle font-bold\" aria-expanded=\"false\" aria-controls=\"row-hardufragorellervillbokainenutbildning?kontaktaoss!-0\" id=\"hardufragorellervillbokainenutbildning?kontaktaoss!-0\">\n            Har du fr\u00e5gor eller vill boka in en utbildning? Kontakta oss!\n            \n            <figure class=\"w-4.5 h-4.5\" aria-hidden=\"true\">\n            <svg width=\"20\" height=\"20\" viewBox=\"0 0 20 20\" fill=\"none\"\nclass=\"SvgIconElement\">\n<path d=\"M15.8333 7.16667L9.99992 13L4.16659 7.16667\" stroke=\"currentColor\"\/>\n<\/svg>\n            <\/figure>\n        <\/button>\n        \n                <\/h3>\n        <div class=\"accordion-content\">\n            <div id=\"row-hardufragorellervillbokainenutbildning?kontaktaoss!-0\" role=\"region\" class=\"accordion-content-wrap\" aria-labelledby=\"hardufragorellervillbokainenutbildning?kontaktaoss!-0\">\n                                                <div class=\"grid md:grid-cols-3 gap-y-10 mt-10\">\n                        \n                                                        <div class=\"contact flex flex-col gap-3\">\n                                <div class=\"md:max-w-[160px]\">\n                                    <picture><source media=\"(max-width:767px)\" srcset=\"https:\/\/www.abf.se\/orebro-lan\/resized\/?url=https%3A%2F%2Fwww.abf.se%2Fwp-content%2Fuploads%2Fsites%2F63%2F2024%2F03%2F20230130_104348-scaled.jpg&#038;fit=crop&#038;w=800&#038;h=800&#038;s=a89b82e2e59c65b3ee1d7268e21f3b74 1x, https:\/\/www.abf.se\/orebro-lan\/resized\/?url=https%3A%2F%2Fwww.abf.se%2Fwp-content%2Fuploads%2Fsites%2F63%2F2024%2F03%2F20230130_104348-scaled.jpg&#038;fit=crop&#038;w=1600&#038;h=1600&#038;s=51446c5dff6bca987b7cef2e2a11936d 2x\"><img decoding=\"async\" src=\"https:\/\/www.abf.se\/orebro-lan\/resized\/?url=https%3A%2F%2Fwww.abf.se%2Fwp-content%2Fuploads%2Fsites%2F63%2F2024%2F03%2F20230130_104348-scaled.jpg&#038;fit=crop&#038;w=160&#038;s=c869f480a89f0a892d66534ef16dfd85\" srcset=\"https:\/\/www.abf.se\/orebro-lan\/resized\/?url=https%3A%2F%2Fwww.abf.se%2Fwp-content%2Fuploads%2Fsites%2F63%2F2024%2F03%2F20230130_104348-scaled.jpg&#038;fit=crop&#038;w=320&#038;h=440&#038;s=557af80411dde9ea46ade128e587d269 1x, https:\/\/www.abf.se\/orebro-lan\/resized\/?url=https%3A%2F%2Fwww.abf.se%2Fwp-content%2Fuploads%2Fsites%2F63%2F2024%2F03%2F20230130_104348-scaled.jpg&#038;fit=crop&#038;w=320&#038;h=440&#038;s=557af80411dde9ea46ade128e587d269 2x\" alt=\"\" \/><\/picture>\n                                <\/div>\n                                <div class=\"\">\n                                    <h4 class=\"heading-lg\">Andreas M\u00e4kel\u00e4<\/h4>\n                                    <p class=\"body-md\"><\/p>\n                                                                    <\/div>\n                                                                <div class=\"flex gap flex-col label-md gap-1\">\n                                                                        <div class=\"flex gap-3\">\n                                        <svg width=\"20\" height=\"20\" viewBox=\"0 0 20 20\" fill=\"none\" xmlns=\"http:\/\/www.w3.org\/2000\/svg\">\n<path d=\"M16.625 17.5C14.8333 17.5 13.0868 17.1007 11.3854 16.3021C9.68403 15.5035 8.17708 14.4479 6.86458 13.1354C5.55208 11.8229 4.49653 10.316 3.69792 8.61458C2.89931 6.91319 2.5 5.16667 2.5 3.375C2.5 3.125 2.58333 2.91667 2.75 2.75C2.91667 2.58333 3.125 2.5 3.375 2.5H6.75C6.94444 2.5 7.11806 2.5625 7.27083 2.6875C7.42361 2.8125 7.51389 2.97222 7.54167 3.16667L8.08333 6.08333C8.11111 6.27778 8.10764 6.45486 8.07292 6.61458C8.03819 6.77431 7.95833 6.91667 7.83333 7.04167L5.8125 9.08333C6.39583 10.0833 7.12847 11.0208 8.01042 11.8958C8.89236 12.7708 9.86111 13.5278 10.9167 14.1667L12.875 12.2083C13 12.0833 13.1632 11.9896 13.3646 11.9271C13.566 11.8646 13.7639 11.8472 13.9583 11.875L16.8333 12.4583C17.0278 12.5 17.1875 12.5938 17.3125 12.7396C17.4375 12.8854 17.5 13.0556 17.5 13.25V16.625C17.5 16.875 17.4167 17.0833 17.25 17.25C17.0833 17.4167 16.875 17.5 16.625 17.5ZM5.02083 7.5L6.39583 6.125L6.04167 4.16667H4.1875C4.25694 4.73611 4.35417 5.29861 4.47917 5.85417C4.60417 6.40972 4.78472 6.95833 5.02083 7.5ZM15.8333 15.7917V13.9583L13.875 13.5625L12.4792 14.9583C13.0208 15.1944 13.5729 15.3819 14.1354 15.5208C14.6979 15.6597 15.2639 15.75 15.8333 15.7917Z\" fill=\"black\"\/>\n<\/svg>\n                                        <p>\n                                                                                                                               <a href=\"callto:010-206 69 18\">010-206 69 18<\/a>\n                                                                                                                                     <\/p>\n                                    <\/div>\n                                                                                                            <div class=\"flex gap-3\">\n                                        <svg width=\"20\" height=\"20\" viewBox=\"0 0 20 20\" fill=\"none\" xmlns=\"http:\/\/www.w3.org\/2000\/svg\">\n<path d=\"M3.33366 16.6666C2.87533 16.6666 2.48296 16.5035 2.15658 16.1771C1.83019 15.8507 1.66699 15.4583 1.66699 15V4.99998C1.66699 4.54165 1.83019 4.14929 2.15658 3.8229C2.48296 3.49651 2.87533 3.33331 3.33366 3.33331H16.667C17.1253 3.33331 17.5177 3.49651 17.8441 3.8229C18.1705 4.14929 18.3337 4.54165 18.3337 4.99998V15C18.3337 15.4583 18.1705 15.8507 17.8441 16.1771C17.5177 16.5035 17.1253 16.6666 16.667 16.6666H3.33366ZM16.667 6.66665L10.4378 10.5625C10.3684 10.6041 10.2955 10.6354 10.2191 10.6562C10.1427 10.6771 10.0698 10.6875 10.0003 10.6875C9.93088 10.6875 9.85797 10.6771 9.78158 10.6562C9.70519 10.6354 9.63227 10.6041 9.56283 10.5625L3.33366 6.66665V15H16.667V6.66665ZM10.0003 9.16665L16.667 4.99998H3.33366L10.0003 9.16665ZM3.33366 6.87498V5.64581V5.66665V5.65623V6.87498Z\" fill=\"black\"\/>\n<\/svg>\n                                        <p><a href=\"mailto:andreas.makela@abf.se\">andreas.makela@abf.se<\/a><\/p>\n                                    <\/div>\n                                                                    <\/div>\n                                                            <\/div>\n                                            <\/div>\n                                        <\/div>\n        <\/div>\n    <\/li>\n    <\/ul>\n<div\n    class=\"acf-plain-heading-block container my-16\"\n    data-block=\"plain-heading-block\"\n>\n    <div class=\"max-w-[658px] mx-auto\">\n                <h1 class=\"hero-heading\"><span>Ju mer kunskap du har om arbetsmilj\u00f6, desto l\u00e4ttare<br \/>\r\n\u00e4r det att f\u00f6rb\u00e4ttra den!<\/span><\/h1>\n                    <\/div>\n<\/div>\n<div\n    class=\"acf-article-text-block article-container my-12\"\n    data-block=\"article-text-block\"\n>\n    <div class=\"wysiwyg\">\n        <p><strong>Via AFA F\u00f6rs\u00e4kringar kan ni erh\u00e5lla:<\/strong><br \/>\nErs\u00e4ttningsbelopp f\u00f6r chefer som g\u00e5r grund\u00adl\u00e4ggande utbildning sj\u00e4lva: 50% av utbildningskostnaden.<\/p>\n<p>Ers\u00e4ttningsbelopp f\u00f6r chef som g\u00e5r grund\u00adl\u00e4ggande utbildning gemensamt med<br \/>\narbetsmilj\u00f6- eller skydds\u00adombud: 70% av utbildningskostnaden (vi ers\u00e4tter endast chef).<\/p>\n\n    <\/div>\n<\/div>\n","protected":false},"excerpt":{"rendered":"","protected":false},"author":72,"featured_media":0,"parent":271,"menu_order":0,"comment_status":"closed","ping_status":"closed","template":"","meta":{"_acf_changed":false,"footnotes":""},"class_list":["post-1421","page","type-page","status-publish","hentry"],"acf":[],"yoast_head":"<!-- This site is optimized with the Yoast SEO plugin v27.0 - https:\/\/yoast.com\/product\/yoast-seo-wordpress\/ -->\n<title>BAM - B\u00e4ttre arbetsmilj\u00f6 - \u00d6rebro l\u00e4n<\/title>\n<meta name=\"description\" content=\"ABF \u00d6rebro l\u00e4n erbjuder utbildningen BAM - B\u00e4ttre arbetsmilj\u00f6. Under tre dagar f\u00e5r du f\u00f6rdjupa dig i de lagar och regelverk som finns.\" \/>\n<meta name=\"robots\" content=\"index, follow, max-snippet:-1, max-image-preview:large, max-video-preview:-1\" \/>\n<link rel=\"canonical\" href=\"https:\/\/www.abf.se\/orebro-lan\/kurser-for-fackligt-anslutna-och-foreningar\/bam-battre-arbetsmiljo\/\" \/>\n<meta property=\"og:locale\" content=\"sv_SE\" \/>\n<meta property=\"og:type\" content=\"article\" \/>\n<meta property=\"og:title\" content=\"BAM - B\u00e4ttre arbetsmilj\u00f6 - \u00d6rebro l\u00e4n\" \/>\n<meta property=\"og:description\" content=\"ABF \u00d6rebro l\u00e4n erbjuder utbildningen BAM - B\u00e4ttre arbetsmilj\u00f6. Under tre dagar f\u00e5r du f\u00f6rdjupa dig i de lagar och regelverk som finns.\" \/>\n<meta property=\"og:url\" content=\"https:\/\/www.abf.se\/orebro-lan\/kurser-for-fackligt-anslutna-och-foreningar\/bam-battre-arbetsmiljo\/\" \/>\n<meta property=\"og:site_name\" content=\"\u00d6rebro l\u00e4n\" \/>\n<meta property=\"article:modified_time\" content=\"2025-09-24T13:34:07+00:00\" \/>\n<meta property=\"og:image\" content=\"https:\/\/www.abf.se\/wp-content\/uploads\/sites\/63\/2024\/04\/Nyckeln-liggande-scaled.jpg\" \/>\n\t<meta property=\"og:image:width\" content=\"2560\" \/>\n\t<meta property=\"og:image:height\" content=\"1440\" \/>\n\t<meta property=\"og:image:type\" content=\"image\/jpeg\" \/>\n<meta name=\"twitter:card\" content=\"summary_large_image\" \/>\n<script type=\"application\/ld+json\" class=\"yoast-schema-graph\">{\"@context\":\"https:\/\/schema.org\",\"@graph\":[{\"@type\":\"WebPage\",\"@id\":\"https:\/\/www.abf.se\/orebro-lan\/kurser-for-fackligt-anslutna-och-foreningar\/bam-battre-arbetsmiljo\/\",\"url\":\"https:\/\/www.abf.se\/orebro-lan\/kurser-for-fackligt-anslutna-och-foreningar\/bam-battre-arbetsmiljo\/\",\"name\":\"BAM - B\u00e4ttre arbetsmilj\u00f6 - \u00d6rebro l\u00e4n\",\"isPartOf\":{\"@id\":\"https:\/\/www.abf.se\/orebro-lan\/#website\"},\"datePublished\":\"2024-10-17T07:15:54+00:00\",\"dateModified\":\"2025-09-24T13:34:07+00:00\",\"description\":\"ABF \u00d6rebro l\u00e4n erbjuder utbildningen BAM - B\u00e4ttre arbetsmilj\u00f6. Under tre dagar f\u00e5r du f\u00f6rdjupa dig i de lagar och regelverk som finns.\",\"breadcrumb\":{\"@id\":\"https:\/\/www.abf.se\/orebro-lan\/kurser-for-fackligt-anslutna-och-foreningar\/bam-battre-arbetsmiljo\/#breadcrumb\"},\"inLanguage\":\"sv-SE\",\"potentialAction\":[{\"@type\":\"ReadAction\",\"target\":[\"https:\/\/www.abf.se\/orebro-lan\/kurser-for-fackligt-anslutna-och-foreningar\/bam-battre-arbetsmiljo\/\"]}]},{\"@type\":\"BreadcrumbList\",\"@id\":\"https:\/\/www.abf.se\/orebro-lan\/kurser-for-fackligt-anslutna-och-foreningar\/bam-battre-arbetsmiljo\/#breadcrumb\",\"itemListElement\":[{\"@type\":\"ListItem\",\"position\":1,\"name\":\"Home\",\"item\":\"https:\/\/www.abf.se\/orebro-lan\/\"},{\"@type\":\"ListItem\",\"position\":2,\"name\":\"Kurser f\u00f6r fackligt anslutna, f\u00f6reningar och arbetsgivare\",\"item\":\"https:\/\/www.abf.se\/orebro-lan\/kurser-for-fackligt-anslutna-och-foreningar\/\"},{\"@type\":\"ListItem\",\"position\":3,\"name\":\"BAM &#8211; B\u00e4ttre arbetsmilj\u00f6\"}]},{\"@type\":\"WebSite\",\"@id\":\"https:\/\/www.abf.se\/orebro-lan\/#website\",\"url\":\"https:\/\/www.abf.se\/orebro-lan\/\",\"name\":\"\u00d6rebro l\u00e4n\",\"description\":\"\",\"potentialAction\":[{\"@type\":\"SearchAction\",\"target\":{\"@type\":\"EntryPoint\",\"urlTemplate\":\"https:\/\/www.abf.se\/orebro-lan\/?s={search_term_string}\"},\"query-input\":{\"@type\":\"PropertyValueSpecification\",\"valueRequired\":true,\"valueName\":\"search_term_string\"}}],\"inLanguage\":\"sv-SE\"}]}<\/script>\n<!-- \/ Yoast SEO plugin. -->","yoast_head_json":{"title":"BAM - B\u00e4ttre arbetsmilj\u00f6 - \u00d6rebro l\u00e4n","description":"ABF \u00d6rebro l\u00e4n erbjuder utbildningen BAM - B\u00e4ttre arbetsmilj\u00f6. Under tre dagar f\u00e5r du f\u00f6rdjupa dig i de lagar och regelverk som finns.","robots":{"index":"index","follow":"follow","max-snippet":"max-snippet:-1","max-image-preview":"max-image-preview:large","max-video-preview":"max-video-preview:-1"},"canonical":"https:\/\/www.abf.se\/orebro-lan\/kurser-for-fackligt-anslutna-och-foreningar\/bam-battre-arbetsmiljo\/","og_locale":"sv_SE","og_type":"article","og_title":"BAM - B\u00e4ttre arbetsmilj\u00f6 - \u00d6rebro l\u00e4n","og_description":"ABF \u00d6rebro l\u00e4n erbjuder utbildningen BAM - B\u00e4ttre arbetsmilj\u00f6. Under tre dagar f\u00e5r du f\u00f6rdjupa dig i de lagar och regelverk som finns.","og_url":"https:\/\/www.abf.se\/orebro-lan\/kurser-for-fackligt-anslutna-och-foreningar\/bam-battre-arbetsmiljo\/","og_site_name":"\u00d6rebro l\u00e4n","article_modified_time":"2025-09-24T13:34:07+00:00","og_image":[{"width":2560,"height":1440,"url":"https:\/\/www.abf.se\/wp-content\/uploads\/sites\/63\/2024\/04\/Nyckeln-liggande-scaled.jpg","type":"image\/jpeg"}],"twitter_card":"summary_large_image","schema":{"@context":"https:\/\/schema.org","@graph":[{"@type":"WebPage","@id":"https:\/\/www.abf.se\/orebro-lan\/kurser-for-fackligt-anslutna-och-foreningar\/bam-battre-arbetsmiljo\/","url":"https:\/\/www.abf.se\/orebro-lan\/kurser-for-fackligt-anslutna-och-foreningar\/bam-battre-arbetsmiljo\/","name":"BAM - B\u00e4ttre arbetsmilj\u00f6 - \u00d6rebro l\u00e4n","isPartOf":{"@id":"https:\/\/www.abf.se\/orebro-lan\/#website"},"datePublished":"2024-10-17T07:15:54+00:00","dateModified":"2025-09-24T13:34:07+00:00","description":"ABF \u00d6rebro l\u00e4n erbjuder utbildningen BAM - B\u00e4ttre arbetsmilj\u00f6. Under tre dagar f\u00e5r du f\u00f6rdjupa dig i de lagar och regelverk som finns.","breadcrumb":{"@id":"https:\/\/www.abf.se\/orebro-lan\/kurser-for-fackligt-anslutna-och-foreningar\/bam-battre-arbetsmiljo\/#breadcrumb"},"inLanguage":"sv-SE","potentialAction":[{"@type":"ReadAction","target":["https:\/\/www.abf.se\/orebro-lan\/kurser-for-fackligt-anslutna-och-foreningar\/bam-battre-arbetsmiljo\/"]}]},{"@type":"BreadcrumbList","@id":"https:\/\/www.abf.se\/orebro-lan\/kurser-for-fackligt-anslutna-och-foreningar\/bam-battre-arbetsmiljo\/#breadcrumb","itemListElement":[{"@type":"ListItem","position":1,"name":"Home","item":"https:\/\/www.abf.se\/orebro-lan\/"},{"@type":"ListItem","position":2,"name":"Kurser f\u00f6r fackligt anslutna, f\u00f6reningar och arbetsgivare","item":"https:\/\/www.abf.se\/orebro-lan\/kurser-for-fackligt-anslutna-och-foreningar\/"},{"@type":"ListItem","position":3,"name":"BAM &#8211; B\u00e4ttre arbetsmilj\u00f6"}]},{"@type":"WebSite","@id":"https:\/\/www.abf.se\/orebro-lan\/#website","url":"https:\/\/www.abf.se\/orebro-lan\/","name":"\u00d6rebro l\u00e4n","description":"","potentialAction":[{"@type":"SearchAction","target":{"@type":"EntryPoint","urlTemplate":"https:\/\/www.abf.se\/orebro-lan\/?s={search_term_string}"},"query-input":{"@type":"PropertyValueSpecification","valueRequired":true,"valueName":"search_term_string"}}],"inLanguage":"sv-SE"}]}},"_links":{"self":[{"href":"https:\/\/www.abf.se\/orebro-lan\/wp-json\/wp\/v2\/pages\/1421","targetHints":{"allow":["GET"]}}],"collection":[{"href":"https:\/\/www.abf.se\/orebro-lan\/wp-json\/wp\/v2\/pages"}],"about":[{"href":"https:\/\/www.abf.se\/orebro-lan\/wp-json\/wp\/v2\/types\/page"}],"author":[{"embeddable":true,"href":"https:\/\/www.abf.se\/orebro-lan\/wp-json\/wp\/v2\/users\/72"}],"replies":[{"embeddable":true,"href":"https:\/\/www.abf.se\/orebro-lan\/wp-json\/wp\/v2\/comments?post=1421"}],"version-history":[{"count":19,"href":"https:\/\/www.abf.se\/orebro-lan\/wp-json\/wp\/v2\/pages\/1421\/revisions"}],"predecessor-version":[{"id":1465,"href":"https:\/\/www.abf.se\/orebro-lan\/wp-json\/wp\/v2\/pages\/1421\/revisions\/1465"}],"up":[{"embeddable":true,"href":"https:\/\/www.abf.se\/orebro-lan\/wp-json\/wp\/v2\/pages\/271"}],"wp:attachment":[{"href":"https:\/\/www.abf.se\/orebro-lan\/wp-json\/wp\/v2\/media?parent=1421"}],"curies":[{"name":"wp","href":"https:\/\/api.w.org\/{rel}","templated":true}]}}