{"id":1445,"date":"2024-10-17T09:31:53","date_gmt":"2024-10-17T07:31:53","guid":{"rendered":"https:\/\/www.abf.se\/orebro-lan\/?page_id=1445"},"modified":"2025-10-02T11:08:36","modified_gmt":"2025-10-02T09:08:36","slug":"grundutbildning-for-framgang-pa-dagens-arbetsmarknad","status":"publish","type":"page","link":"https:\/\/www.abf.se\/orebro-lan\/kurser-for-fackligt-anslutna-och-foreningar\/grundutbildning-for-framgang-pa-dagens-arbetsmarknad\/","title":{"rendered":"Grundutbildning f\u00f6r framg\u00e5ng p\u00e5 dagens arbetsmarknad"},"content":{"rendered":"<div\n    class=\"acf-hero-block container-lg no-padding mb-12 js-geolocation\"\n    data-block=\"hero-block\"\n    data-index=\"0\"\n>\n    <div class=\"h-[548px]  relative rounded-[32px] overflow-hidden flex bg-gray-light\">\n        <div class=\"relative z-10 mt-auto h-auto w-full md:h-full\">\n            <div class=\"flex w-full h-full flex-col flex-wrap justify-end w-full md:w-7\/12 lg:w-1\/2 md:justify-center\">\n                <div class=\"flex flex-col gap-3 md:gap-[18px] md:transparent pt-16 pb-36 md:py-8 px-4 w-full md:max-w-[620px] mx-auto px-8\">\n\n                    <h1 class=\"hero-heading hero-heading--red-text\"><span>Grundutbildning f\u00f6r framg\u00e5ng p\u00e5 dagens arbetsmarknad<\/span><\/h1>\n\n                    \n                                    <\/div>\n            <\/div>\n        <\/div>\n\n                    <picture class=\"as-background-image mix-blend-multiply bg-black\/40\"><img decoding=\"async\" src=\"https:\/\/www.abf.se\/orebro-lan\/resized\/?url=https%3A%2F%2Fwww.abf.se%2Fwp-content%2Fuploads%2F2024%2F04%2FData-IT-Mobil-02.jpg&#038;fit=crop&#038;w=1440&#038;s=4da0bf39890c1e91c78e770bd713c41a\" srcset=\"https:\/\/www.abf.se\/orebro-lan\/resized\/?url=https%3A%2F%2Fwww.abf.se%2Fwp-content%2Fuploads%2F2024%2F04%2FData-IT-Mobil-02.jpg&#038;fit=crop&#038;w=375&#038;h=540&#038;s=c85ad0dffb9171f3bf5b664921064280 375w, https:\/\/www.abf.se\/orebro-lan\/resized\/?url=https%3A%2F%2Fwww.abf.se%2Fwp-content%2Fuploads%2F2024%2F04%2FData-IT-Mobil-02.jpg&#038;fit=crop&#038;w=447&#038;h=540&#038;s=625add57beba6c0e1e563842949b36c2 447w, https:\/\/www.abf.se\/orebro-lan\/resized\/?url=https%3A%2F%2Fwww.abf.se%2Fwp-content%2Fuploads%2F2024%2F04%2FData-IT-Mobil-02.jpg&#038;fit=crop&#038;w=519&#038;h=540&#038;s=ec7561b232d7d649faecba182992b5da 519w, https:\/\/www.abf.se\/orebro-lan\/resized\/?url=https%3A%2F%2Fwww.abf.se%2Fwp-content%2Fuploads%2F2024%2F04%2FData-IT-Mobil-02.jpg&#038;fit=crop&#038;w=591&#038;h=540&#038;s=b3c7ad24c04f2480e06f41909926143d 591w, https:\/\/www.abf.se\/orebro-lan\/resized\/?url=https%3A%2F%2Fwww.abf.se%2Fwp-content%2Fuploads%2F2024%2F04%2FData-IT-Mobil-02.jpg&#038;fit=crop&#038;w=663&#038;h=540&#038;s=6113a4ae541e5ece5edda8e758d6ff50 663w, https:\/\/www.abf.se\/orebro-lan\/resized\/?url=https%3A%2F%2Fwww.abf.se%2Fwp-content%2Fuploads%2F2024%2F04%2FData-IT-Mobil-02.jpg&#038;fit=crop&#038;w=750&#038;h=540&#038;s=c49c490975361e8406a797cddb431a36 750w, https:\/\/www.abf.se\/orebro-lan\/resized\/?url=https%3A%2F%2Fwww.abf.se%2Fwp-content%2Fuploads%2F2024%2F04%2FData-IT-Mobil-02.jpg&#038;fit=crop&#038;w=894&#038;h=540&#038;s=12d3d33a663b8a0793597f4cdc2da263 894w, https:\/\/www.abf.se\/orebro-lan\/resized\/?url=https%3A%2F%2Fwww.abf.se%2Fwp-content%2Fuploads%2F2024%2F04%2FData-IT-Mobil-02.jpg&#038;fit=crop&#038;w=1038&#038;h=540&#038;s=fbdb04f93980acdaca234e643d8ad042 1038w, https:\/\/www.abf.se\/orebro-lan\/resized\/?url=https%3A%2F%2Fwww.abf.se%2Fwp-content%2Fuploads%2F2024%2F04%2FData-IT-Mobil-02.jpg&#038;fit=crop&#038;w=1182&#038;h=540&#038;s=5e35bab3d93b8c2d71aaa00c5ef001af 1182w, https:\/\/www.abf.se\/orebro-lan\/resized\/?url=https%3A%2F%2Fwww.abf.se%2Fwp-content%2Fuploads%2F2024%2F04%2FData-IT-Mobil-02.jpg&#038;fit=crop&#038;w=1326&#038;h=540&#038;s=062ea876ad05b62cfb5f7e830695322f 1326w, https:\/\/www.abf.se\/orebro-lan\/resized\/?url=https%3A%2F%2Fwww.abf.se%2Fwp-content%2Fuploads%2F2024%2F04%2FData-IT-Mobil-02.jpg&#038;fit=crop&#038;w=1440&#038;h=540&#038;s=3bc144802ada2265cc7976152642cecf 1440w\" alt=\"\" height=\"540\" width=\"1440\" sizes=\"(max-width: 1440px) calc(100vw - 32px), 1440px\" loading=\"eager\" fetchpriority=\"high\" aria-hidden=\"true\" role=\"presentation\" \/><\/picture>\n        \n\n            <\/div>\n\n    <\/div>\n\n<div\n    class=\"acf-plain-heading-block container my-16\"\n    data-block=\"plain-heading-block\"\n>\n    <div class=\"max-w-[658px] mx-auto\">\n                <h1 class=\"hero-heading\"><span>Rusta era medarbetare inf\u00f6r att navigera i dagens arbetsmarknad!<\/span><\/h1>\n                            <p class=\"mt-8 body-xl text-black\">\n                Genom att st\u00e4rka sj\u00e4lvf\u00f6rtroendet och ge praktiska verktyg hj\u00e4lper vi era anst\u00e4llda att ta n\u00e4sta steg i karri\u00e4ren och bidra till f\u00f6retagets framg\u00e5ng! Med v\u00e5r utbildning f\u00e5r ni den kunskap och insikt som beh\u00f6vs f\u00f6r att navigera i dagens f\u00f6r\u00e4nderliga arbetsmarknad. L\u00e5t oss hj\u00e4lpa eratt bygga en mer informerad och strategisk organisation, redo att m\u00f6ta framtidens utmaningar och m\u00f6jligheter!\n            <\/p>\n            <\/div>\n<\/div>\n<div\n    class=\"acf-article-text-block article-container my-12\"\n    data-block=\"article-text-block\"\n>\n    <div class=\"wysiwyg\">\n        <p><strong>Efter utbildningen kommer du som deltagare att ha kunskap kring:<\/strong><\/p>\n<ul>\n<li>Fackets betydelse<\/li>\n<li>Hur arbetsmarknaden fungerar<\/li>\n<li>Arbetsf\u00f6rmedlingen, yrkesutbildningar, komvux och universitet<\/li>\n<li>Hitta lediga tj\u00e4nster<\/li>\n<li>Starta eget f\u00f6retag<\/li>\n<li>Ditt eget n\u00e4tverks betydelse<\/li>\n<li>Hur man skriver ett bra CV och personligt brev<\/li>\n<li>Hur man genomf\u00f6r en bra anst\u00e4llningsintervju<\/li>\n<\/ul>\n\n    <\/div>\n<\/div>\n<div\n    class=\"acf-text-image-block container my-12 md:my-15\"\n    data-block=\"text-image-block\"\n>\n    <div\n    class=\"flex flex-col items-center md:flex-row gap-8 md:gap-0 justify-between\">\n                        <div class=\"w-full md:w-1\/2 md:order-1\">\n            <picture><img decoding=\"async\" src=\"https:\/\/www.abf.se\/orebro-lan\/resized\/?url=https%3A%2F%2Fwww.abf.se%2Fwp-content%2Fuploads%2F2024%2F05%2Ftjej2.png&#038;fit=crop&#038;w=578&#038;s=3243c2f0594a877a57e60a3e3c0fc489\" srcset=\"https:\/\/www.abf.se\/orebro-lan\/resized\/?url=https%3A%2F%2Fwww.abf.se%2Fwp-content%2Fuploads%2F2024%2F05%2Ftjej2.png&#038;fit=crop&#038;w=144&#038;h=126&#038;s=f6a096ad8b53e629375f467aa9a03429 144w, https:\/\/www.abf.se\/orebro-lan\/resized\/?url=https%3A%2F%2Fwww.abf.se%2Fwp-content%2Fuploads%2F2024%2F05%2Ftjej2.png&#038;fit=crop&#038;w=240&#038;h=211&#038;s=928fd13f38ffe4a06da9f178a346d076 240w, https:\/\/www.abf.se\/orebro-lan\/resized\/?url=https%3A%2F%2Fwww.abf.se%2Fwp-content%2Fuploads%2F2024%2F05%2Ftjej2.png&#038;fit=crop&#038;w=288&#038;h=253&#038;s=427d3e77b52447bb57e69709cab724c4 288w, https:\/\/www.abf.se\/orebro-lan\/resized\/?url=https%3A%2F%2Fwww.abf.se%2Fwp-content%2Fuploads%2F2024%2F05%2Ftjej2.png&#038;fit=crop&#038;w=336&#038;h=295&#038;s=4bf6688194d23da3db042dd854f472a7 336w, https:\/\/www.abf.se\/orebro-lan\/resized\/?url=https%3A%2F%2Fwww.abf.se%2Fwp-content%2Fuploads%2F2024%2F05%2Ftjej2.png&#038;fit=crop&#038;w=432&#038;h=380&#038;s=3062f22d7ecf7f73fd0115790ef445a0 432w, https:\/\/www.abf.se\/orebro-lan\/resized\/?url=https%3A%2F%2Fwww.abf.se%2Fwp-content%2Fuploads%2F2024%2F05%2Ftjej2.png&#038;fit=crop&#038;w=480&#038;h=422&#038;s=3bf555e163c8efc63058713f0b6da4df 480w, https:\/\/www.abf.se\/orebro-lan\/resized\/?url=https%3A%2F%2Fwww.abf.se%2Fwp-content%2Fuploads%2F2024%2F05%2Ftjej2.png&#038;fit=crop&#038;w=528&#038;h=464&#038;s=7c382e9e20ef0096fbfe3061b66c2793 528w, https:\/\/www.abf.se\/orebro-lan\/resized\/?url=https%3A%2F%2Fwww.abf.se%2Fwp-content%2Fuploads%2F2024%2F05%2Ftjej2.png&#038;fit=crop&#038;w=578&#038;h=509&#038;s=76d932cd121663ba906dd7f03b08a1b0 578w, https:\/\/www.abf.se\/orebro-lan\/resized\/?url=https%3A%2F%2Fwww.abf.se%2Fwp-content%2Fuploads%2F2024%2F05%2Ftjej2.png&#038;fit=crop&#038;w=672&#038;h=591&#038;s=a9bc9ea6ca58e593ef07740a75774126 672w, https:\/\/www.abf.se\/orebro-lan\/resized\/?url=https%3A%2F%2Fwww.abf.se%2Fwp-content%2Fuploads%2F2024%2F05%2Ftjej2.png&#038;fit=crop&#038;w=864&#038;h=760&#038;s=94098d385eb16336e506f85b2e83db19 864w, https:\/\/www.abf.se\/orebro-lan\/resized\/?url=https%3A%2F%2Fwww.abf.se%2Fwp-content%2Fuploads%2F2024%2F05%2Ftjej2.png&#038;fit=crop&#038;w=1056&#038;h=929&#038;s=d2407dfd46ecbf217641b377d27b3682 1056w\" alt=\"Ung kvinna i gr&aring; t-shirt och svart sjal st&aring;r mot en r&ouml;d och turkos bakgrund\" height=\"509\" width=\"578\" sizes=\"auto, (max-width: 768px) 100vw,\n                (max-width: 1280px) 50vw, 578px\" loading=\"lazy\" fetchpriority=\"low\" \/><\/picture>\n\n        <\/div>\n        \n        <div class=\"w-full md:w-1\/2 md:order-2\">\n        <div class=\"mx-auto md:max-w-[368px]\">\n            <h2 class=\"heading-lg\"><\/h2>\n            <div class=\"mb-6 mt-4 wysiwyg\">\n                <p>Utbildningen passar perfekt f\u00f6r HR-personal som vill f\u00f6rdjupa sin f\u00f6rst\u00e5else av arbetsmarknaden och f\u00f6r medarbetare som \u00e4r redo att ta n\u00e4sta steg i sin yrkesutveckling. Vi anpassar utbildningen efter era specifika behov och erbjuder m\u00f6jligheten att kombinera den med BAM Grundutbildning, utbildningar i Office-paketet, digital kommunikation, och mer. Resultatet blir en helt\u00e4ckande kurs som b\u00e5de st\u00e4rker era medarbetares kompetens och f\u00f6rb\u00e4ttrar f\u00f6retagets arbetsmilj\u00f6 och produktivitet.<br \/>\nV\u00e5r kurs inkluderar inspirerande f\u00f6rel\u00e4sningar, engagerande grupparbeten och praktiska \u00f6vningar som ger varaktiga resultat. Investera i er personal idag och se framg\u00e5ngen i morgon!<\/p>\n\n            <\/div>\n                    <\/div>\n        <\/div>\n    <\/div>\n<\/div><div\n    class=\"acf-article-text-block article-container my-12\"\n    data-block=\"article-text-block\"\n>\n    <div class=\"wysiwyg\">\n        <h2>Med v\u00e5r utbildning f\u00e5r ni den kunskap och insikt som beh\u00f6vs f\u00f6r att navigera i dagens f\u00f6r\u00e4nderliga arbetsmarknad!<\/h2>\n<p>Denna utbildning g\u00e5r att anpassa efter er organisations behov!<br \/>\nVi utg\u00e5r fr\u00e5n 40 timmars utbildning under 5 dagar<br \/>\neller skr\u00e4ddarsyr ett uppl\u00e4gg efter just ert behov.<\/p>\n<p><strong>Kostnad:<\/strong><br \/>\n3 dagars utbildning 8700kr exkl. Moms.<br \/>\n5 dagars utbildning 11 000kr exkl. Moms.<\/p>\n<p><strong>Vad ing\u00e5r?<\/strong><br \/>\nKursmaterial, f\u00f6rmiddagsfika, lunch, eftermiddagsfika samt kursintyg efter genomf\u00f6rd utbildning. Vill just er organisation skr\u00e4ddarsy en specialutbildning s\u00e5 kommer vi tillsammans fram till den b\u00e4sta l\u00f6sningen f\u00f6r just er bransch<br \/>\n(kostnaden varierar d\u00e5 efter vad vi kommer \u00f6verens om).<\/p>\n<p>Vi kan utf\u00f6ra utbildningen i n\u00e5gon av ABFs lokaler i \u00d6rebro l\u00e4n (vi finns p\u00e5 m\u00e5nga orter), eller i best\u00e4llande organisations lokaler. Vi anpassar oss efter just era \u00f6nskem\u00e5l!<\/p>\n\n    <\/div>\n<\/div>\n<ul\n    class=\"acf-article-accordion-block accordion-group grid gap-4 my-12 article-container\"\n    data-block=\"article-accordion-block \"\n    data-ui-accordion-group\n>\n\n            <li class=\"accordion\" data-ui-accordion data-ui-accordion-open=\"false\">\n        <h3>\n        <button data-ui-accordion-button class=\"accordion-toggle font-bold\" aria-expanded=\"false\" aria-controls=\"row-hardufragorellervillbokainenutbildning?kontaktaoss!-0\" id=\"hardufragorellervillbokainenutbildning?kontaktaoss!-0\">\n            Har du fr\u00e5gor eller vill boka in en utbildning? Kontakta oss!\n            \n            <figure class=\"w-4.5 h-4.5\" aria-hidden=\"true\">\n            <svg width=\"20\" height=\"20\" viewBox=\"0 0 20 20\" fill=\"none\"\nclass=\"SvgIconElement\">\n<path d=\"M15.8333 7.16667L9.99992 13L4.16659 7.16667\" stroke=\"currentColor\"\/>\n<\/svg>\n            <\/figure>\n        <\/button>\n        \n                <\/h3>\n        <div class=\"accordion-content\">\n            <div id=\"row-hardufragorellervillbokainenutbildning?kontaktaoss!-0\" role=\"region\" class=\"accordion-content-wrap\" aria-labelledby=\"hardufragorellervillbokainenutbildning?kontaktaoss!-0\">\n                                                <div class=\"grid md:grid-cols-3 gap-y-10 mt-10\">\n                        \n                                                        <div class=\"contact flex flex-col gap-3\">\n                                <div class=\"md:max-w-[160px]\">\n                                    \n                                <\/div>\n                                <div class=\"\">\n                                    <h4 class=\"heading-lg\">Carina Oskarsson<\/h4>\n                                    <p class=\"body-md\"><\/p>\n                                                                    <\/div>\n                                                                <div class=\"flex gap flex-col label-md gap-1\">\n                                                                        <div class=\"flex gap-3\">\n                                        <svg width=\"20\" height=\"20\" viewBox=\"0 0 20 20\" fill=\"none\" xmlns=\"http:\/\/www.w3.org\/2000\/svg\">\n<path d=\"M16.625 17.5C14.8333 17.5 13.0868 17.1007 11.3854 16.3021C9.68403 15.5035 8.17708 14.4479 6.86458 13.1354C5.55208 11.8229 4.49653 10.316 3.69792 8.61458C2.89931 6.91319 2.5 5.16667 2.5 3.375C2.5 3.125 2.58333 2.91667 2.75 2.75C2.91667 2.58333 3.125 2.5 3.375 2.5H6.75C6.94444 2.5 7.11806 2.5625 7.27083 2.6875C7.42361 2.8125 7.51389 2.97222 7.54167 3.16667L8.08333 6.08333C8.11111 6.27778 8.10764 6.45486 8.07292 6.61458C8.03819 6.77431 7.95833 6.91667 7.83333 7.04167L5.8125 9.08333C6.39583 10.0833 7.12847 11.0208 8.01042 11.8958C8.89236 12.7708 9.86111 13.5278 10.9167 14.1667L12.875 12.2083C13 12.0833 13.1632 11.9896 13.3646 11.9271C13.566 11.8646 13.7639 11.8472 13.9583 11.875L16.8333 12.4583C17.0278 12.5 17.1875 12.5938 17.3125 12.7396C17.4375 12.8854 17.5 13.0556 17.5 13.25V16.625C17.5 16.875 17.4167 17.0833 17.25 17.25C17.0833 17.4167 16.875 17.5 16.625 17.5ZM5.02083 7.5L6.39583 6.125L6.04167 4.16667H4.1875C4.25694 4.73611 4.35417 5.29861 4.47917 5.85417C4.60417 6.40972 4.78472 6.95833 5.02083 7.5ZM15.8333 15.7917V13.9583L13.875 13.5625L12.4792 14.9583C13.0208 15.1944 13.5729 15.3819 14.1354 15.5208C14.6979 15.6597 15.2639 15.75 15.8333 15.7917Z\" fill=\"black\"\/>\n<\/svg>\n                                        <p>\n                                                                                                                               <a href=\"callto:070-722 55 17\">070-722 55 17<\/a>\n                                                                                                                                     <\/p>\n                                    <\/div>\n                                                                                                            <div class=\"flex gap-3\">\n                                        <svg width=\"20\" height=\"20\" viewBox=\"0 0 20 20\" fill=\"none\" xmlns=\"http:\/\/www.w3.org\/2000\/svg\">\n<path d=\"M3.33366 16.6666C2.87533 16.6666 2.48296 16.5035 2.15658 16.1771C1.83019 15.8507 1.66699 15.4583 1.66699 15V4.99998C1.66699 4.54165 1.83019 4.14929 2.15658 3.8229C2.48296 3.49651 2.87533 3.33331 3.33366 3.33331H16.667C17.1253 3.33331 17.5177 3.49651 17.8441 3.8229C18.1705 4.14929 18.3337 4.54165 18.3337 4.99998V15C18.3337 15.4583 18.1705 15.8507 17.8441 16.1771C17.5177 16.5035 17.1253 16.6666 16.667 16.6666H3.33366ZM16.667 6.66665L10.4378 10.5625C10.3684 10.6041 10.2955 10.6354 10.2191 10.6562C10.1427 10.6771 10.0698 10.6875 10.0003 10.6875C9.93088 10.6875 9.85797 10.6771 9.78158 10.6562C9.70519 10.6354 9.63227 10.6041 9.56283 10.5625L3.33366 6.66665V15H16.667V6.66665ZM10.0003 9.16665L16.667 4.99998H3.33366L10.0003 9.16665ZM3.33366 6.87498V5.64581V5.66665V5.65623V6.87498Z\" fill=\"black\"\/>\n<\/svg>\n                                        <p><a href=\"mailto:carina.oskarsson@abf.se\">carina.oskarsson@abf.se<\/a><\/p>\n                                    <\/div>\n                                                                    <\/div>\n                                                            <\/div>\n                                            <\/div>\n                                        <\/div>\n        <\/div>\n    <\/li>\n    <\/ul>\n<div\n    class=\"acf-plain-heading-block container my-16\"\n    data-block=\"plain-heading-block\"\n>\n    <div class=\"max-w-[658px] mx-auto\">\n                <h1 class=\"hero-heading\"><span>\u00c4r ert f\u00f6retag redo att st\u00e4rka sin f\u00f6rst\u00e5else f\u00f6r arbetsmarknaden och ligga steget f\u00f6re?<\/span><\/h1>\n                    <\/div>\n<\/div>\n","protected":false},"excerpt":{"rendered":"","protected":false},"author":72,"featured_media":0,"parent":271,"menu_order":0,"comment_status":"closed","ping_status":"closed","template":"","meta":{"_acf_changed":false,"footnotes":""},"class_list":["post-1445","page","type-page","status-publish","hentry"],"acf":[],"yoast_head":"<!-- This site is optimized with the Yoast SEO plugin v27.0 - https:\/\/yoast.com\/product\/yoast-seo-wordpress\/ -->\n<title>Grundutbildning f\u00f6r framg\u00e5ng p\u00e5 dagens arbetsmarknad - \u00d6rebro l\u00e4n<\/title>\n<meta name=\"robots\" content=\"index, follow, max-snippet:-1, max-image-preview:large, max-video-preview:-1\" \/>\n<link rel=\"canonical\" href=\"https:\/\/www.abf.se\/orebro-lan\/kurser-for-fackligt-anslutna-och-foreningar\/grundutbildning-for-framgang-pa-dagens-arbetsmarknad\/\" \/>\n<meta property=\"og:locale\" content=\"sv_SE\" \/>\n<meta property=\"og:type\" content=\"article\" \/>\n<meta property=\"og:title\" content=\"Grundutbildning f\u00f6r framg\u00e5ng p\u00e5 dagens arbetsmarknad - \u00d6rebro l\u00e4n\" \/>\n<meta property=\"og:url\" content=\"https:\/\/www.abf.se\/orebro-lan\/kurser-for-fackligt-anslutna-och-foreningar\/grundutbildning-for-framgang-pa-dagens-arbetsmarknad\/\" \/>\n<meta property=\"og:site_name\" content=\"\u00d6rebro l\u00e4n\" \/>\n<meta property=\"article:modified_time\" content=\"2025-10-02T09:08:36+00:00\" \/>\n<meta property=\"og:image\" content=\"https:\/\/www.abf.se\/wp-content\/uploads\/sites\/63\/2024\/04\/Nyckeln-liggande-scaled.jpg\" \/>\n\t<meta property=\"og:image:width\" content=\"2560\" \/>\n\t<meta property=\"og:image:height\" content=\"1440\" \/>\n\t<meta property=\"og:image:type\" content=\"image\/jpeg\" \/>\n<meta name=\"twitter:card\" content=\"summary_large_image\" \/>\n<script type=\"application\/ld+json\" class=\"yoast-schema-graph\">{\"@context\":\"https:\/\/schema.org\",\"@graph\":[{\"@type\":\"WebPage\",\"@id\":\"https:\/\/www.abf.se\/orebro-lan\/kurser-for-fackligt-anslutna-och-foreningar\/grundutbildning-for-framgang-pa-dagens-arbetsmarknad\/\",\"url\":\"https:\/\/www.abf.se\/orebro-lan\/kurser-for-fackligt-anslutna-och-foreningar\/grundutbildning-for-framgang-pa-dagens-arbetsmarknad\/\",\"name\":\"Grundutbildning f\u00f6r framg\u00e5ng p\u00e5 dagens arbetsmarknad - \u00d6rebro l\u00e4n\",\"isPartOf\":{\"@id\":\"https:\/\/www.abf.se\/orebro-lan\/#website\"},\"datePublished\":\"2024-10-17T07:31:53+00:00\",\"dateModified\":\"2025-10-02T09:08:36+00:00\",\"breadcrumb\":{\"@id\":\"https:\/\/www.abf.se\/orebro-lan\/kurser-for-fackligt-anslutna-och-foreningar\/grundutbildning-for-framgang-pa-dagens-arbetsmarknad\/#breadcrumb\"},\"inLanguage\":\"sv-SE\",\"potentialAction\":[{\"@type\":\"ReadAction\",\"target\":[\"https:\/\/www.abf.se\/orebro-lan\/kurser-for-fackligt-anslutna-och-foreningar\/grundutbildning-for-framgang-pa-dagens-arbetsmarknad\/\"]}]},{\"@type\":\"BreadcrumbList\",\"@id\":\"https:\/\/www.abf.se\/orebro-lan\/kurser-for-fackligt-anslutna-och-foreningar\/grundutbildning-for-framgang-pa-dagens-arbetsmarknad\/#breadcrumb\",\"itemListElement\":[{\"@type\":\"ListItem\",\"position\":1,\"name\":\"Home\",\"item\":\"https:\/\/www.abf.se\/orebro-lan\/\"},{\"@type\":\"ListItem\",\"position\":2,\"name\":\"Kurser f\u00f6r fackligt anslutna, f\u00f6reningar och arbetsgivare\",\"item\":\"https:\/\/www.abf.se\/orebro-lan\/kurser-for-fackligt-anslutna-och-foreningar\/\"},{\"@type\":\"ListItem\",\"position\":3,\"name\":\"Grundutbildning f\u00f6r framg\u00e5ng p\u00e5 dagens arbetsmarknad\"}]},{\"@type\":\"WebSite\",\"@id\":\"https:\/\/www.abf.se\/orebro-lan\/#website\",\"url\":\"https:\/\/www.abf.se\/orebro-lan\/\",\"name\":\"\u00d6rebro l\u00e4n\",\"description\":\"\",\"potentialAction\":[{\"@type\":\"SearchAction\",\"target\":{\"@type\":\"EntryPoint\",\"urlTemplate\":\"https:\/\/www.abf.se\/orebro-lan\/?s={search_term_string}\"},\"query-input\":{\"@type\":\"PropertyValueSpecification\",\"valueRequired\":true,\"valueName\":\"search_term_string\"}}],\"inLanguage\":\"sv-SE\"}]}<\/script>\n<!-- \/ Yoast SEO plugin. -->","yoast_head_json":{"title":"Grundutbildning f\u00f6r framg\u00e5ng p\u00e5 dagens arbetsmarknad - \u00d6rebro l\u00e4n","robots":{"index":"index","follow":"follow","max-snippet":"max-snippet:-1","max-image-preview":"max-image-preview:large","max-video-preview":"max-video-preview:-1"},"canonical":"https:\/\/www.abf.se\/orebro-lan\/kurser-for-fackligt-anslutna-och-foreningar\/grundutbildning-for-framgang-pa-dagens-arbetsmarknad\/","og_locale":"sv_SE","og_type":"article","og_title":"Grundutbildning f\u00f6r framg\u00e5ng p\u00e5 dagens arbetsmarknad - \u00d6rebro l\u00e4n","og_url":"https:\/\/www.abf.se\/orebro-lan\/kurser-for-fackligt-anslutna-och-foreningar\/grundutbildning-for-framgang-pa-dagens-arbetsmarknad\/","og_site_name":"\u00d6rebro l\u00e4n","article_modified_time":"2025-10-02T09:08:36+00:00","og_image":[{"width":2560,"height":1440,"url":"https:\/\/www.abf.se\/wp-content\/uploads\/sites\/63\/2024\/04\/Nyckeln-liggande-scaled.jpg","type":"image\/jpeg"}],"twitter_card":"summary_large_image","schema":{"@context":"https:\/\/schema.org","@graph":[{"@type":"WebPage","@id":"https:\/\/www.abf.se\/orebro-lan\/kurser-for-fackligt-anslutna-och-foreningar\/grundutbildning-for-framgang-pa-dagens-arbetsmarknad\/","url":"https:\/\/www.abf.se\/orebro-lan\/kurser-for-fackligt-anslutna-och-foreningar\/grundutbildning-for-framgang-pa-dagens-arbetsmarknad\/","name":"Grundutbildning f\u00f6r framg\u00e5ng p\u00e5 dagens arbetsmarknad - \u00d6rebro l\u00e4n","isPartOf":{"@id":"https:\/\/www.abf.se\/orebro-lan\/#website"},"datePublished":"2024-10-17T07:31:53+00:00","dateModified":"2025-10-02T09:08:36+00:00","breadcrumb":{"@id":"https:\/\/www.abf.se\/orebro-lan\/kurser-for-fackligt-anslutna-och-foreningar\/grundutbildning-for-framgang-pa-dagens-arbetsmarknad\/#breadcrumb"},"inLanguage":"sv-SE","potentialAction":[{"@type":"ReadAction","target":["https:\/\/www.abf.se\/orebro-lan\/kurser-for-fackligt-anslutna-och-foreningar\/grundutbildning-for-framgang-pa-dagens-arbetsmarknad\/"]}]},{"@type":"BreadcrumbList","@id":"https:\/\/www.abf.se\/orebro-lan\/kurser-for-fackligt-anslutna-och-foreningar\/grundutbildning-for-framgang-pa-dagens-arbetsmarknad\/#breadcrumb","itemListElement":[{"@type":"ListItem","position":1,"name":"Home","item":"https:\/\/www.abf.se\/orebro-lan\/"},{"@type":"ListItem","position":2,"name":"Kurser f\u00f6r fackligt anslutna, f\u00f6reningar och arbetsgivare","item":"https:\/\/www.abf.se\/orebro-lan\/kurser-for-fackligt-anslutna-och-foreningar\/"},{"@type":"ListItem","position":3,"name":"Grundutbildning f\u00f6r framg\u00e5ng p\u00e5 dagens arbetsmarknad"}]},{"@type":"WebSite","@id":"https:\/\/www.abf.se\/orebro-lan\/#website","url":"https:\/\/www.abf.se\/orebro-lan\/","name":"\u00d6rebro l\u00e4n","description":"","potentialAction":[{"@type":"SearchAction","target":{"@type":"EntryPoint","urlTemplate":"https:\/\/www.abf.se\/orebro-lan\/?s={search_term_string}"},"query-input":{"@type":"PropertyValueSpecification","valueRequired":true,"valueName":"search_term_string"}}],"inLanguage":"sv-SE"}]}},"_links":{"self":[{"href":"https:\/\/www.abf.se\/orebro-lan\/wp-json\/wp\/v2\/pages\/1445","targetHints":{"allow":["GET"]}}],"collection":[{"href":"https:\/\/www.abf.se\/orebro-lan\/wp-json\/wp\/v2\/pages"}],"about":[{"href":"https:\/\/www.abf.se\/orebro-lan\/wp-json\/wp\/v2\/types\/page"}],"author":[{"embeddable":true,"href":"https:\/\/www.abf.se\/orebro-lan\/wp-json\/wp\/v2\/users\/72"}],"replies":[{"embeddable":true,"href":"https:\/\/www.abf.se\/orebro-lan\/wp-json\/wp\/v2\/comments?post=1445"}],"version-history":[{"count":16,"href":"https:\/\/www.abf.se\/orebro-lan\/wp-json\/wp\/v2\/pages\/1445\/revisions"}],"predecessor-version":[{"id":1479,"href":"https:\/\/www.abf.se\/orebro-lan\/wp-json\/wp\/v2\/pages\/1445\/revisions\/1479"}],"up":[{"embeddable":true,"href":"https:\/\/www.abf.se\/orebro-lan\/wp-json\/wp\/v2\/pages\/271"}],"wp:attachment":[{"href":"https:\/\/www.abf.se\/orebro-lan\/wp-json\/wp\/v2\/media?parent=1445"}],"curies":[{"name":"wp","href":"https:\/\/api.w.org\/{rel}","templated":true}]}}