{"id":1483,"date":"2024-11-04T13:38:45","date_gmt":"2024-11-04T12:38:45","guid":{"rendered":"https:\/\/www.abf.se\/orebro-lan\/?page_id=1483"},"modified":"2025-03-13T14:11:44","modified_gmt":"2025-03-13T13:11:44","slug":"just4all-for-en-rattvis-overgang-i-europa","status":"publish","type":"page","link":"https:\/\/www.abf.se\/orebro-lan\/var-verksamhet\/vara-projekt\/just4all-for-en-rattvis-overgang-i-europa\/","title":{"rendered":"Just4All \u2013 F\u00f6r en R\u00e4ttvis \u00d6verg\u00e5ng i Europa"},"content":{"rendered":"<div\n    class=\"acf-hero-block container-lg no-padding mb-12 js-geolocation\"\n    data-block=\"hero-block\"\n    data-index=\"0\"\n>\n    <div class=\"h-[548px]  relative rounded-[32px] overflow-hidden flex bg-gray-light\">\n        <div class=\"relative z-10 mt-auto h-auto w-full md:h-full\">\n            <div class=\"flex w-full h-full flex-col flex-wrap justify-end w-full md:w-7\/12 lg:w-1\/2 md:justify-center\">\n                <div class=\"flex flex-col gap-3 md:gap-[18px] md:transparent pt-16 pb-36 md:py-8 px-4 w-full md:max-w-[620px] mx-auto px-8\">\n\n                    <h1 class=\"hero-heading hero-heading--red-text\"><span>Just4All \u2013 F\u00f6r en r\u00e4ttvis \u00f6verg\u00e5ng i Europa<\/span><\/h1>\n\n                    \n                                    <\/div>\n            <\/div>\n        <\/div>\n\n                    <picture class=\"as-background-image mix-blend-multiply bg-black\/40\"><img decoding=\"async\" src=\"https:\/\/www.abf.se\/orebro-lan\/resized\/?url=https%3A%2F%2Fwww.abf.se%2Fwp-content%2Fuploads%2F2023%2F11%2FAsikter-och-opinion-liggande_IMGP.jpg&#038;fit=crop&#038;w=1440&#038;s=66f4a15e333479889659c281fd395dfc\" srcset=\"https:\/\/www.abf.se\/orebro-lan\/resized\/?url=https%3A%2F%2Fwww.abf.se%2Fwp-content%2Fuploads%2F2023%2F11%2FAsikter-och-opinion-liggande_IMGP.jpg&#038;fit=crop&#038;w=375&#038;h=540&#038;s=863f1ce7fb00720fee1ffbc14790c7a6 375w, https:\/\/www.abf.se\/orebro-lan\/resized\/?url=https%3A%2F%2Fwww.abf.se%2Fwp-content%2Fuploads%2F2023%2F11%2FAsikter-och-opinion-liggande_IMGP.jpg&#038;fit=crop&#038;w=447&#038;h=540&#038;s=adac5b6eb28036637353ae52862ca2b3 447w, https:\/\/www.abf.se\/orebro-lan\/resized\/?url=https%3A%2F%2Fwww.abf.se%2Fwp-content%2Fuploads%2F2023%2F11%2FAsikter-och-opinion-liggande_IMGP.jpg&#038;fit=crop&#038;w=519&#038;h=540&#038;s=49f1099d40361df0b5b1b215d49e275c 519w, https:\/\/www.abf.se\/orebro-lan\/resized\/?url=https%3A%2F%2Fwww.abf.se%2Fwp-content%2Fuploads%2F2023%2F11%2FAsikter-och-opinion-liggande_IMGP.jpg&#038;fit=crop&#038;w=591&#038;h=540&#038;s=f3e68a322809919c365b9bd8bedf3a5f 591w, https:\/\/www.abf.se\/orebro-lan\/resized\/?url=https%3A%2F%2Fwww.abf.se%2Fwp-content%2Fuploads%2F2023%2F11%2FAsikter-och-opinion-liggande_IMGP.jpg&#038;fit=crop&#038;w=663&#038;h=540&#038;s=7195f35ad783a665984074874dfae8b6 663w, https:\/\/www.abf.se\/orebro-lan\/resized\/?url=https%3A%2F%2Fwww.abf.se%2Fwp-content%2Fuploads%2F2023%2F11%2FAsikter-och-opinion-liggande_IMGP.jpg&#038;fit=crop&#038;w=750&#038;h=540&#038;s=af7ddcdafcaae5a5bbf43c4c426a7bfe 750w, https:\/\/www.abf.se\/orebro-lan\/resized\/?url=https%3A%2F%2Fwww.abf.se%2Fwp-content%2Fuploads%2F2023%2F11%2FAsikter-och-opinion-liggande_IMGP.jpg&#038;fit=crop&#038;w=894&#038;h=540&#038;s=2d96f76fddd872d0341560aac7fa9c8c 894w, https:\/\/www.abf.se\/orebro-lan\/resized\/?url=https%3A%2F%2Fwww.abf.se%2Fwp-content%2Fuploads%2F2023%2F11%2FAsikter-och-opinion-liggande_IMGP.jpg&#038;fit=crop&#038;w=1038&#038;h=540&#038;s=b10d89a6172ef50a73a6813177230768 1038w, https:\/\/www.abf.se\/orebro-lan\/resized\/?url=https%3A%2F%2Fwww.abf.se%2Fwp-content%2Fuploads%2F2023%2F11%2FAsikter-och-opinion-liggande_IMGP.jpg&#038;fit=crop&#038;w=1182&#038;h=540&#038;s=c22b505a3db45d126194d51cef0da2e3 1182w, https:\/\/www.abf.se\/orebro-lan\/resized\/?url=https%3A%2F%2Fwww.abf.se%2Fwp-content%2Fuploads%2F2023%2F11%2FAsikter-och-opinion-liggande_IMGP.jpg&#038;fit=crop&#038;w=1326&#038;h=540&#038;s=27a68a82f5abf0780b44b2884d5ee9bf 1326w, https:\/\/www.abf.se\/orebro-lan\/resized\/?url=https%3A%2F%2Fwww.abf.se%2Fwp-content%2Fuploads%2F2023%2F11%2FAsikter-och-opinion-liggande_IMGP.jpg&#038;fit=crop&#038;w=1440&#038;h=540&#038;s=130cf5f39272e7091881003f6085eea3 1440w\" alt=\"\" height=\"540\" width=\"1440\" sizes=\"(max-width: 1440px) calc(100vw - 32px), 1440px\" loading=\"eager\" fetchpriority=\"high\" aria-hidden=\"true\" role=\"presentation\" \/><\/picture>\n        \n\n            <\/div>\n\n    <\/div>\n\n<div\n    class=\"acf-plain-heading-block container my-16\"\n    data-block=\"plain-heading-block\"\n>\n    <div class=\"max-w-[658px] mx-auto\">\n                            <p class=\"mt-8 body-xl text-black\">\n                Just4All \u00e4r ett EU-finansierat initiativ som st\u00e4rker vuxenutbildningen f\u00f6r en r\u00e4ttvis \u00f6verg\u00e5ng i Europa. Genom inkluderande och innovativa utbildningsmetoder str\u00e4var projektet efter att underl\u00e4tta den gr\u00f6na och digitala omst\u00e4llningen, i linje med EU: m\u00e5l f\u00f6r den Gr\u00f6na omst\u00e4llningen. Fokus ligger s\u00e4rskilt p\u00e5 att st\u00f6dja migranter, kvinnor och l\u00e5gutbildade vuxna.<br \/>\r\n<br \/>\r\n\n            <\/p>\n            <\/div>\n<\/div>\n<div\n    class=\"acf-article-text-block article-container my-12\"\n    data-block=\"article-text-block\"\n>\n    <div class=\"wysiwyg\">\n        <p>Med hj\u00e4lp av en Massive Open Online Course (MOOC) och st\u00f6d till utsatta grupper, syftar Just4All till att f\u00f6rb\u00e4ttra l\u00e4roplaner, fr\u00e4mja inkluderande debatter och st\u00e4rka nationell och EU-politik f\u00f6r en h\u00e5llbar framtid.<\/p>\n<h3><strong>Partners projektet genomf\u00f6rs av:<\/strong><\/h3>\n<ul>\n<li>SOLIDAR \u2013 Projektkoordinator, Belgien<\/li>\n<li>European Association for Adult Education (EAEA) , Belgien<\/li>\n<li>Internationella r\u00e5det f\u00f6r vuxenutbildning (ICAE) , Serbien<\/li>\n<li>Arbetarnas bildningsf\u00f6rbund (ABF) , Sverige<\/li>\n<li>Irlands National Adult Learning Organisation (AONTAS) , Irland<\/li>\n<li>CARDET , Cypern<\/li>\n<li>Ligue de l&#8217;Enseignement , Frankrike<\/li>\n<\/ul>\n<p>&nbsp;<\/p>\n<p>Tillsammans arbetar dessa organisationer f\u00f6r att sprida projektets resultat och st\u00e4rka vuxenutbildningen f\u00f6r en r\u00e4ttvis \u00f6verg\u00e5ng som bidrar till EU arbete med den Gr\u00f6na omst\u00e4llningen.<\/p>\n\n    <\/div>\n<\/div>\n<div\n    class=\"acf-quick-link-block bg-red py-12 md:py-20\"\n    data-block=\"quick-link-block\"\n>\n    <div class=\"container\">\n                    <h2 class=\"heading-lg mb-7 text-center text-white\">\n                L\u00e4s mer om projektet \n            <\/h2>\n        \n        <div\n            class=\"px-5 content:px-0 grid grid-cols-1 gap-8 md:grid-cols-2\">\n            \n            <article\nclass=\"round-corners-sm p-6 relative group grid grid-rows-[subgrid] row-[span_3] gap-4 bg-white text-red\"\n>\n            <h3\n        class=\"heading-sm group-hover:underline text-red\">\n            <a href=\"https:\/\/www.solidar.org\/project\/just4all-adult-education-for-a-just-transition\/\" class=\"expanded-hit-area\" target=\"\">\n                Projekt\u00e4gare Solidars hemsida\n            <\/a>\n        <\/h3>\n            <figure\n    class=\"w-[38px] h-[38px] rounded-full p-2 group-hover:scale-110 transition-transform duration-300 self-end pointer-events-none bg-red text-white\">\n        <svg width=\"20\" height=\"20\" viewBox=\"0 0 20 20\" fill=\"none\" class=\"SvgIconElement\">\n<path d=\"M4.16659 10L15.8333 10\" stroke=\"currentColor\"\/>\n<path d=\"M9.99992 4.1665L15.8333 9.99984L9.99992 15.8332\" stroke=\"currentColor\"\/>\n<\/svg>\n    <\/figure>\n<\/article>            \n            <article\nclass=\"round-corners-sm p-6 relative group grid grid-rows-[subgrid] row-[span_3] gap-4 bg-white text-red\"\n>\n            <h3\n        class=\"heading-sm group-hover:underline text-red\">\n            <a href=\"https:\/\/eaea.org\/our-work\/projects\/just4all-adult-education-for-a-just-transition\/ \" class=\"expanded-hit-area\" target=\"\">\n                EAEA:s l\u00e4rplattform f\u00f6r Just4All-kursen\n            <\/a>\n        <\/h3>\n            <figure\n    class=\"w-[38px] h-[38px] rounded-full p-2 group-hover:scale-110 transition-transform duration-300 self-end pointer-events-none bg-red text-white\">\n        <svg width=\"20\" height=\"20\" viewBox=\"0 0 20 20\" fill=\"none\" class=\"SvgIconElement\">\n<path d=\"M4.16659 10L15.8333 10\" stroke=\"currentColor\"\/>\n<path d=\"M9.99992 4.1665L15.8333 9.99984L9.99992 15.8332\" stroke=\"currentColor\"\/>\n<\/svg>\n    <\/figure>\n<\/article>                    <\/div>\n    <\/div>\n<\/div>\n<div class=\"my-8 container-lg acf-link-block\" data-block=\"link-block\" class=\"acf-link-block\" data-block=\"link-block\">\n    <div class=\"w-full bg-red  round-corners-lg px-4 md:px-8 py-11 md:py-16\">\n        <h2 class=\"heading-lg mb-7 text-center text-white\">\n            B\u00e4sta metoderna\n        <\/h2>\n            <ul class=\"grid grid-cols-1 gap-x-4 gap-y-3 md:grid-cols-2\">\n                                                        <li>\n                        <a\n    class=\"large-button-link\"\n    href=\"https:\/\/www.solidar.org\/training-material\/just4all-best-practices-1-neet-low-qualifications-low-literacy-adults\/\"\n    target=\"_blank\"\n>\n    <span class=\"flex-1\">Best Practices #1: NEET\/Low Qualifications\/Low Literacy Adults<\/span>\n\n    <figure\n        aria-hidden=\"true\"\n        class=\"w-5\"\n    >\n                    <svg width=\"20\" height=\"20\" viewBox=\"0 0 20 20\" fill=\"none\" class=\"SvgIconElement\">\n<path d=\"M4.16659 10L15.8333 10\" stroke=\"currentColor\"\/>\n<path d=\"M9.99992 4.1665L15.8333 9.99984L9.99992 15.8332\" stroke=\"currentColor\"\/>\n<\/svg>\n            <\/figure>\n<\/a>\n                    <\/li>\n                                                        <li>\n                        <a\n    class=\"large-button-link\"\n    href=\"https:\/\/www.solidar.org\/training-material\/just4all-best-practices-2-women\/\"\n    target=\"_blank\"\n>\n    <span class=\"flex-1\">Best Practices #2: Women<\/span>\n\n    <figure\n        aria-hidden=\"true\"\n        class=\"w-5\"\n    >\n                    <svg width=\"20\" height=\"20\" viewBox=\"0 0 20 20\" fill=\"none\" class=\"SvgIconElement\">\n<path d=\"M4.16659 10L15.8333 10\" stroke=\"currentColor\"\/>\n<path d=\"M9.99992 4.1665L15.8333 9.99984L9.99992 15.8332\" stroke=\"currentColor\"\/>\n<\/svg>\n            <\/figure>\n<\/a>\n                    <\/li>\n                                                        <li>\n                        <a\n    class=\"large-button-link\"\n    href=\"https:\/\/www.solidar.org\/training-material\/just4all-best-practices-3-people-with-disabilities\/\"\n    target=\"_blank\"\n>\n    <span class=\"flex-1\">Best Practices #3: People with Disabilities<\/span>\n\n    <figure\n        aria-hidden=\"true\"\n        class=\"w-5\"\n    >\n                    <svg width=\"20\" height=\"20\" viewBox=\"0 0 20 20\" fill=\"none\" class=\"SvgIconElement\">\n<path d=\"M4.16659 10L15.8333 10\" stroke=\"currentColor\"\/>\n<path d=\"M9.99992 4.1665L15.8333 9.99984L9.99992 15.8332\" stroke=\"currentColor\"\/>\n<\/svg>\n            <\/figure>\n<\/a>\n                    <\/li>\n                                                        <li>\n                        <a\n    class=\"large-button-link\"\n    href=\"https:\/\/www.solidar.org\/training-material\/just4all-best-practices-4-migrants\/\"\n    target=\"_blank\"\n>\n    <span class=\"flex-1\">Best Practices #4: Migrants<\/span>\n\n    <figure\n        aria-hidden=\"true\"\n        class=\"w-5\"\n    >\n                    <svg width=\"20\" height=\"20\" viewBox=\"0 0 20 20\" fill=\"none\" class=\"SvgIconElement\">\n<path d=\"M4.16659 10L15.8333 10\" stroke=\"currentColor\"\/>\n<path d=\"M9.99992 4.1665L15.8333 9.99984L9.99992 15.8332\" stroke=\"currentColor\"\/>\n<\/svg>\n            <\/figure>\n<\/a>\n                    <\/li>\n                                                        <li>\n                        <a\n    class=\"large-button-link\"\n    href=\"https:\/\/www.solidar.org\/training-material\/just4all-best-practices-5-disadvantaged-communities\/\"\n    target=\"_blank\"\n>\n    <span class=\"flex-1\">Best Practices #5: Disadvantaged Communities<\/span>\n\n    <figure\n        aria-hidden=\"true\"\n        class=\"w-5\"\n    >\n                    <svg width=\"20\" height=\"20\" viewBox=\"0 0 20 20\" fill=\"none\" class=\"SvgIconElement\">\n<path d=\"M4.16659 10L15.8333 10\" stroke=\"currentColor\"\/>\n<path d=\"M9.99992 4.1665L15.8333 9.99984L9.99992 15.8332\" stroke=\"currentColor\"\/>\n<\/svg>\n            <\/figure>\n<\/a>\n                    <\/li>\n                                                        <li>\n                        <a\n    class=\"large-button-link\"\n    href=\"https:\/\/www.solidar.org\/training-material\/just4all-best-practices-6-general-public-and-other-stakeholders\/\"\n    target=\"_blank\"\n>\n    <span class=\"flex-1\">Best Practices #6: General Public and Other Stakeholders<\/span>\n\n    <figure\n        aria-hidden=\"true\"\n        class=\"w-5\"\n    >\n                    <svg width=\"20\" height=\"20\" viewBox=\"0 0 20 20\" fill=\"none\" class=\"SvgIconElement\">\n<path d=\"M4.16659 10L15.8333 10\" stroke=\"currentColor\"\/>\n<path d=\"M9.99992 4.1665L15.8333 9.99984L9.99992 15.8332\" stroke=\"currentColor\"\/>\n<\/svg>\n            <\/figure>\n<\/a>\n                    <\/li>\n                            <\/ul>\n        <\/ul>\n    <\/div>\n<\/div><div\n    class=\"acf-article-text-block article-container my-12\"\n    data-block=\"article-text-block\"\n>\n    <div class=\"wysiwyg\">\n        <p>&nbsp;<\/p>\n<p>&nbsp;<\/p>\n\n    <\/div>\n<\/div>\n<div\n    class=\"acf-article-image-block mb-12 container\"\n    data-block=\"article-image-block\"\n>\n<div class=\"grid md:grid-cols-2 gap-4\">\n\n        <figure>\n        \n            <picture class=\"round-corners-lg w-full\"><img decoding=\"async\" src=\"https:\/\/www.abf.se\/orebro-lan\/resized\/?url=https%3A%2F%2Fwww.abf.se%2Fwp-content%2Fuploads%2Fsites%2F63%2F2024%2F11%2FNamnlos-design.png&#038;fit=contain&#038;w=578&#038;s=1b109139095d6d05c9e8c0d6bd6de91b\" srcset=\"https:\/\/www.abf.se\/orebro-lan\/resized\/?url=https%3A%2F%2Fwww.abf.se%2Fwp-content%2Fuploads%2Fsites%2F63%2F2024%2F11%2FNamnlos-design.png&#038;fit=contain&#038;w=375&#038;h=70&#038;s=a2aea6175e0054f7ca6da07d4683ab3f 375w, https:\/\/www.abf.se\/orebro-lan\/resized\/?url=https%3A%2F%2Fwww.abf.se%2Fwp-content%2Fuploads%2Fsites%2F63%2F2024%2F11%2FNamnlos-design.png&#038;fit=contain&#038;w=423&#038;h=79&#038;s=c41f79da9175e4c3c9d62fc90d780640 423w, https:\/\/www.abf.se\/orebro-lan\/resized\/?url=https%3A%2F%2Fwww.abf.se%2Fwp-content%2Fuploads%2Fsites%2F63%2F2024%2F11%2FNamnlos-design.png&#038;fit=contain&#038;w=471&#038;h=88&#038;s=688cd37834682647a8bfc106249b3df5 471w, https:\/\/www.abf.se\/orebro-lan\/resized\/?url=https%3A%2F%2Fwww.abf.se%2Fwp-content%2Fuploads%2Fsites%2F63%2F2024%2F11%2FNamnlos-design.png&#038;fit=contain&#038;w=519&#038;h=96&#038;s=11b2a2641d113f8a28901c4b50187b79 519w, https:\/\/www.abf.se\/orebro-lan\/resized\/?url=https%3A%2F%2Fwww.abf.se%2Fwp-content%2Fuploads%2Fsites%2F63%2F2024%2F11%2FNamnlos-design.png&#038;fit=contain&#038;w=567&#038;h=105&#038;s=6c53bbb645ac066794b7105219b2c07b 567w, https:\/\/www.abf.se\/orebro-lan\/resized\/?url=https%3A%2F%2Fwww.abf.se%2Fwp-content%2Fuploads%2Fsites%2F63%2F2024%2F11%2FNamnlos-design.png&#038;fit=contain&#038;w=578&#038;s=1b109139095d6d05c9e8c0d6bd6de91b 578w, https:\/\/www.abf.se\/orebro-lan\/resized\/?url=https%3A%2F%2Fwww.abf.se%2Fwp-content%2Fuploads%2Fsites%2F63%2F2024%2F11%2FNamnlos-design.png&#038;fit=contain&#038;w=750&#038;h=140&#038;s=9e0c7dcd6c0c73ba9fe3fa49b1debe7c 750w, https:\/\/www.abf.se\/orebro-lan\/resized\/?url=https%3A%2F%2Fwww.abf.se%2Fwp-content%2Fuploads%2Fsites%2F63%2F2024%2F11%2FNamnlos-design.png&#038;fit=contain&#038;w=846&#038;h=158&#038;s=969899702e639ee45a99067496304271 846w, https:\/\/www.abf.se\/orebro-lan\/resized\/?url=https%3A%2F%2Fwww.abf.se%2Fwp-content%2Fuploads%2Fsites%2F63%2F2024%2F11%2FNamnlos-design.png&#038;fit=contain&#038;w=942&#038;h=176&#038;s=982fd51561df6d1c4ddd7b88ffe3ad24 942w, https:\/\/www.abf.se\/orebro-lan\/resized\/?url=https%3A%2F%2Fwww.abf.se%2Fwp-content%2Fuploads%2Fsites%2F63%2F2024%2F11%2FNamnlos-design.png&#038;fit=contain&#038;w=1038&#038;h=193&#038;s=140d28b20253c0c509deb075b6d7be57 1038w, https:\/\/www.abf.se\/orebro-lan\/resized\/?url=https%3A%2F%2Fwww.abf.se%2Fwp-content%2Fuploads%2Fsites%2F63%2F2024%2F11%2FNamnlos-design.png&#038;fit=contain&#038;w=1134&#038;h=211&#038;s=0793680db27d0c3c01e9f885bf457079 1134w\" alt=\"\" height=\"108\" width=\"578\" sizes=\"auto, (max-width: 768px) calc(100vw - 40px), (min-width: 768px) and (max-width: 1156px) calc(50vw - 56px), calc((1156px \/ 2) - 16px)\" loading=\"lazy\" fetchpriority=\"low\" class=\"round-corners-lg w-full\" \/><\/picture>\n                        <\/figure>\n        <figure>\n        \n            <picture class=\"round-corners-lg w-full\"><img decoding=\"async\" src=\"https:\/\/www.abf.se\/orebro-lan\/resized\/?url=https%3A%2F%2Fwww.abf.se%2Fwp-content%2Fuploads%2Fsites%2F63%2F2024%2F11%2Fjust4all.jpg&#038;fit=contain&#038;w=578&#038;s=fffd999e949a662eccb9554675d4690e\" srcset=\"https:\/\/www.abf.se\/orebro-lan\/resized\/?url=https%3A%2F%2Fwww.abf.se%2Fwp-content%2Fuploads%2Fsites%2F63%2F2024%2F11%2Fjust4all.jpg&#038;fit=contain&#038;w=375&#038;h=125&#038;s=b51aef604140991230d7765b229d4abc 375w, https:\/\/www.abf.se\/orebro-lan\/resized\/?url=https%3A%2F%2Fwww.abf.se%2Fwp-content%2Fuploads%2Fsites%2F63%2F2024%2F11%2Fjust4all.jpg&#038;fit=contain&#038;w=423&#038;h=141&#038;s=e6a3a41d2ca6fd327def21c5e6247ac6 423w, https:\/\/www.abf.se\/orebro-lan\/resized\/?url=https%3A%2F%2Fwww.abf.se%2Fwp-content%2Fuploads%2Fsites%2F63%2F2024%2F11%2Fjust4all.jpg&#038;fit=contain&#038;w=471&#038;h=158&#038;s=edf4aad79ed2351c96e969e8d5f5b2c9 471w, https:\/\/www.abf.se\/orebro-lan\/resized\/?url=https%3A%2F%2Fwww.abf.se%2Fwp-content%2Fuploads%2Fsites%2F63%2F2024%2F11%2Fjust4all.jpg&#038;fit=contain&#038;w=519&#038;h=174&#038;s=ed5aa4d96933f0546368dfbb76d0fccd 519w, https:\/\/www.abf.se\/orebro-lan\/resized\/?url=https%3A%2F%2Fwww.abf.se%2Fwp-content%2Fuploads%2Fsites%2F63%2F2024%2F11%2Fjust4all.jpg&#038;fit=contain&#038;w=567&#038;h=190&#038;s=349da0b8dd55d33bee0236ed032fa31b 567w, https:\/\/www.abf.se\/orebro-lan\/resized\/?url=https%3A%2F%2Fwww.abf.se%2Fwp-content%2Fuploads%2Fsites%2F63%2F2024%2F11%2Fjust4all.jpg&#038;fit=contain&#038;w=578&#038;s=fffd999e949a662eccb9554675d4690e 578w, https:\/\/www.abf.se\/orebro-lan\/resized\/?url=https%3A%2F%2Fwww.abf.se%2Fwp-content%2Fuploads%2Fsites%2F63%2F2024%2F11%2Fjust4all.jpg&#038;fit=contain&#038;w=750&#038;h=251&#038;s=99bade7943a24828ad93f722ae5bc7b1 750w, https:\/\/www.abf.se\/orebro-lan\/resized\/?url=https%3A%2F%2Fwww.abf.se%2Fwp-content%2Fuploads%2Fsites%2F63%2F2024%2F11%2Fjust4all.jpg&#038;fit=contain&#038;w=846&#038;h=283&#038;s=6dd5ff1965dba626e481147531ce0df3 846w, https:\/\/www.abf.se\/orebro-lan\/resized\/?url=https%3A%2F%2Fwww.abf.se%2Fwp-content%2Fuploads%2Fsites%2F63%2F2024%2F11%2Fjust4all.jpg&#038;fit=contain&#038;w=942&#038;h=316&#038;s=2bd7120bc446e0130a5b4c772ad0757f 942w, https:\/\/www.abf.se\/orebro-lan\/resized\/?url=https%3A%2F%2Fwww.abf.se%2Fwp-content%2Fuploads%2Fsites%2F63%2F2024%2F11%2Fjust4all.jpg&#038;fit=contain&#038;w=1038&#038;h=348&#038;s=9cc40336d0eb75a25d3d1a49aa0a648b 1038w, https:\/\/www.abf.se\/orebro-lan\/resized\/?url=https%3A%2F%2Fwww.abf.se%2Fwp-content%2Fuploads%2Fsites%2F63%2F2024%2F11%2Fjust4all.jpg&#038;fit=contain&#038;w=1134&#038;h=380&#038;s=0e17cf0d51103449315e04d7e04947f6 1134w\" alt=\"\" height=\"194\" width=\"578\" sizes=\"auto, (max-width: 768px) calc(100vw - 40px), (min-width: 768px) and (max-width: 1156px) calc(50vw - 56px), calc((1156px \/ 2) - 16px)\" loading=\"lazy\" fetchpriority=\"low\" class=\"round-corners-lg w-full\" \/><\/picture>\n                        <\/figure>\n        <\/div>\n\n<\/div>\n","protected":false},"excerpt":{"rendered":"","protected":false},"author":72,"featured_media":0,"parent":263,"menu_order":0,"comment_status":"closed","ping_status":"closed","template":"","meta":{"_acf_changed":false,"footnotes":""},"class_list":["post-1483","page","type-page","status-publish","hentry"],"acf":[],"yoast_head":"<!-- This site is optimized with the Yoast SEO plugin v27.0 - https:\/\/yoast.com\/product\/yoast-seo-wordpress\/ -->\n<title>Just4All \u2013 F\u00f6r en R\u00e4ttvis \u00d6verg\u00e5ng i Europa - \u00d6rebro l\u00e4n<\/title>\n<meta name=\"robots\" content=\"index, follow, max-snippet:-1, max-image-preview:large, max-video-preview:-1\" \/>\n<link rel=\"canonical\" href=\"https:\/\/www.abf.se\/orebro-lan\/var-verksamhet\/vara-projekt\/just4all-for-en-rattvis-overgang-i-europa\/\" \/>\n<meta property=\"og:locale\" content=\"sv_SE\" \/>\n<meta property=\"og:type\" content=\"article\" \/>\n<meta property=\"og:title\" content=\"Just4All \u2013 F\u00f6r en R\u00e4ttvis \u00d6verg\u00e5ng i Europa - \u00d6rebro l\u00e4n\" \/>\n<meta property=\"og:url\" content=\"https:\/\/www.abf.se\/orebro-lan\/var-verksamhet\/vara-projekt\/just4all-for-en-rattvis-overgang-i-europa\/\" \/>\n<meta property=\"og:site_name\" content=\"\u00d6rebro l\u00e4n\" \/>\n<meta property=\"article:modified_time\" content=\"2025-03-13T13:11:44+00:00\" \/>\n<meta property=\"og:image\" content=\"https:\/\/www.abf.se\/wp-content\/uploads\/sites\/63\/2024\/04\/Nyckeln-liggande-scaled.jpg\" \/>\n\t<meta property=\"og:image:width\" content=\"2560\" \/>\n\t<meta property=\"og:image:height\" content=\"1440\" \/>\n\t<meta property=\"og:image:type\" content=\"image\/jpeg\" \/>\n<meta name=\"twitter:card\" content=\"summary_large_image\" \/>\n<script type=\"application\/ld+json\" class=\"yoast-schema-graph\">{\"@context\":\"https:\/\/schema.org\",\"@graph\":[{\"@type\":\"WebPage\",\"@id\":\"https:\/\/www.abf.se\/orebro-lan\/var-verksamhet\/vara-projekt\/just4all-for-en-rattvis-overgang-i-europa\/\",\"url\":\"https:\/\/www.abf.se\/orebro-lan\/var-verksamhet\/vara-projekt\/just4all-for-en-rattvis-overgang-i-europa\/\",\"name\":\"Just4All \u2013 F\u00f6r en R\u00e4ttvis \u00d6verg\u00e5ng i Europa - \u00d6rebro l\u00e4n\",\"isPartOf\":{\"@id\":\"https:\/\/www.abf.se\/orebro-lan\/#website\"},\"datePublished\":\"2024-11-04T12:38:45+00:00\",\"dateModified\":\"2025-03-13T13:11:44+00:00\",\"breadcrumb\":{\"@id\":\"https:\/\/www.abf.se\/orebro-lan\/var-verksamhet\/vara-projekt\/just4all-for-en-rattvis-overgang-i-europa\/#breadcrumb\"},\"inLanguage\":\"sv-SE\",\"potentialAction\":[{\"@type\":\"ReadAction\",\"target\":[\"https:\/\/www.abf.se\/orebro-lan\/var-verksamhet\/vara-projekt\/just4all-for-en-rattvis-overgang-i-europa\/\"]}]},{\"@type\":\"BreadcrumbList\",\"@id\":\"https:\/\/www.abf.se\/orebro-lan\/var-verksamhet\/vara-projekt\/just4all-for-en-rattvis-overgang-i-europa\/#breadcrumb\",\"itemListElement\":[{\"@type\":\"ListItem\",\"position\":1,\"name\":\"Home\",\"item\":\"https:\/\/www.abf.se\/orebro-lan\/\"},{\"@type\":\"ListItem\",\"position\":2,\"name\":\"V\u00e5r verksamhet\",\"item\":\"https:\/\/www.abf.se\/orebro-lan\/var-verksamhet\/\"},{\"@type\":\"ListItem\",\"position\":3,\"name\":\"V\u00e5ra projekt\",\"item\":\"https:\/\/www.abf.se\/orebro-lan\/var-verksamhet\/vara-projekt\/\"},{\"@type\":\"ListItem\",\"position\":4,\"name\":\"Just4All \u2013 F\u00f6r en R\u00e4ttvis \u00d6verg\u00e5ng i Europa\"}]},{\"@type\":\"WebSite\",\"@id\":\"https:\/\/www.abf.se\/orebro-lan\/#website\",\"url\":\"https:\/\/www.abf.se\/orebro-lan\/\",\"name\":\"\u00d6rebro l\u00e4n\",\"description\":\"\",\"potentialAction\":[{\"@type\":\"SearchAction\",\"target\":{\"@type\":\"EntryPoint\",\"urlTemplate\":\"https:\/\/www.abf.se\/orebro-lan\/?s={search_term_string}\"},\"query-input\":{\"@type\":\"PropertyValueSpecification\",\"valueRequired\":true,\"valueName\":\"search_term_string\"}}],\"inLanguage\":\"sv-SE\"}]}<\/script>\n<!-- \/ Yoast SEO plugin. -->","yoast_head_json":{"title":"Just4All \u2013 F\u00f6r en R\u00e4ttvis \u00d6verg\u00e5ng i Europa - \u00d6rebro l\u00e4n","robots":{"index":"index","follow":"follow","max-snippet":"max-snippet:-1","max-image-preview":"max-image-preview:large","max-video-preview":"max-video-preview:-1"},"canonical":"https:\/\/www.abf.se\/orebro-lan\/var-verksamhet\/vara-projekt\/just4all-for-en-rattvis-overgang-i-europa\/","og_locale":"sv_SE","og_type":"article","og_title":"Just4All \u2013 F\u00f6r en R\u00e4ttvis \u00d6verg\u00e5ng i Europa - \u00d6rebro l\u00e4n","og_url":"https:\/\/www.abf.se\/orebro-lan\/var-verksamhet\/vara-projekt\/just4all-for-en-rattvis-overgang-i-europa\/","og_site_name":"\u00d6rebro l\u00e4n","article_modified_time":"2025-03-13T13:11:44+00:00","og_image":[{"width":2560,"height":1440,"url":"https:\/\/www.abf.se\/wp-content\/uploads\/sites\/63\/2024\/04\/Nyckeln-liggande-scaled.jpg","type":"image\/jpeg"}],"twitter_card":"summary_large_image","schema":{"@context":"https:\/\/schema.org","@graph":[{"@type":"WebPage","@id":"https:\/\/www.abf.se\/orebro-lan\/var-verksamhet\/vara-projekt\/just4all-for-en-rattvis-overgang-i-europa\/","url":"https:\/\/www.abf.se\/orebro-lan\/var-verksamhet\/vara-projekt\/just4all-for-en-rattvis-overgang-i-europa\/","name":"Just4All \u2013 F\u00f6r en R\u00e4ttvis \u00d6verg\u00e5ng i Europa - \u00d6rebro l\u00e4n","isPartOf":{"@id":"https:\/\/www.abf.se\/orebro-lan\/#website"},"datePublished":"2024-11-04T12:38:45+00:00","dateModified":"2025-03-13T13:11:44+00:00","breadcrumb":{"@id":"https:\/\/www.abf.se\/orebro-lan\/var-verksamhet\/vara-projekt\/just4all-for-en-rattvis-overgang-i-europa\/#breadcrumb"},"inLanguage":"sv-SE","potentialAction":[{"@type":"ReadAction","target":["https:\/\/www.abf.se\/orebro-lan\/var-verksamhet\/vara-projekt\/just4all-for-en-rattvis-overgang-i-europa\/"]}]},{"@type":"BreadcrumbList","@id":"https:\/\/www.abf.se\/orebro-lan\/var-verksamhet\/vara-projekt\/just4all-for-en-rattvis-overgang-i-europa\/#breadcrumb","itemListElement":[{"@type":"ListItem","position":1,"name":"Home","item":"https:\/\/www.abf.se\/orebro-lan\/"},{"@type":"ListItem","position":2,"name":"V\u00e5r verksamhet","item":"https:\/\/www.abf.se\/orebro-lan\/var-verksamhet\/"},{"@type":"ListItem","position":3,"name":"V\u00e5ra projekt","item":"https:\/\/www.abf.se\/orebro-lan\/var-verksamhet\/vara-projekt\/"},{"@type":"ListItem","position":4,"name":"Just4All \u2013 F\u00f6r en R\u00e4ttvis \u00d6verg\u00e5ng i Europa"}]},{"@type":"WebSite","@id":"https:\/\/www.abf.se\/orebro-lan\/#website","url":"https:\/\/www.abf.se\/orebro-lan\/","name":"\u00d6rebro l\u00e4n","description":"","potentialAction":[{"@type":"SearchAction","target":{"@type":"EntryPoint","urlTemplate":"https:\/\/www.abf.se\/orebro-lan\/?s={search_term_string}"},"query-input":{"@type":"PropertyValueSpecification","valueRequired":true,"valueName":"search_term_string"}}],"inLanguage":"sv-SE"}]}},"_links":{"self":[{"href":"https:\/\/www.abf.se\/orebro-lan\/wp-json\/wp\/v2\/pages\/1483","targetHints":{"allow":["GET"]}}],"collection":[{"href":"https:\/\/www.abf.se\/orebro-lan\/wp-json\/wp\/v2\/pages"}],"about":[{"href":"https:\/\/www.abf.se\/orebro-lan\/wp-json\/wp\/v2\/types\/page"}],"author":[{"embeddable":true,"href":"https:\/\/www.abf.se\/orebro-lan\/wp-json\/wp\/v2\/users\/72"}],"replies":[{"embeddable":true,"href":"https:\/\/www.abf.se\/orebro-lan\/wp-json\/wp\/v2\/comments?post=1483"}],"version-history":[{"count":12,"href":"https:\/\/www.abf.se\/orebro-lan\/wp-json\/wp\/v2\/pages\/1483\/revisions"}],"predecessor-version":[{"id":1658,"href":"https:\/\/www.abf.se\/orebro-lan\/wp-json\/wp\/v2\/pages\/1483\/revisions\/1658"}],"up":[{"embeddable":true,"href":"https:\/\/www.abf.se\/orebro-lan\/wp-json\/wp\/v2\/pages\/263"}],"wp:attachment":[{"href":"https:\/\/www.abf.se\/orebro-lan\/wp-json\/wp\/v2\/media?parent=1483"}],"curies":[{"name":"wp","href":"https:\/\/api.w.org\/{rel}","templated":true}]}}